{"id":10494,"date":"2024-05-22T17:17:39","date_gmt":"2024-05-22T15:17:39","guid":{"rendered":"https:\/\/www.uni.lu\/fdef-en\/?post_type=events&#038;p=10494"},"modified":"2024-06-05T16:28:15","modified_gmt":"2024-06-05T14:28:15","slug":"the-interplay-between-judges-and-arbitrators","status":"publish","type":"events","link":"https:\/\/www.uni.lu\/fdef-en\/events\/the-interplay-between-judges-and-arbitrators\/","title":{"rendered":"The interplay between judges and arbitrators"},"content":{"rendered":"\n<section class=\"wp-block-unilux-blocks-free-section section\"><div class=\"container xl:max-w-screen-xl\">\n<ul class=\"wp-block-unilux-blocks-custom-buttons btn-list\"><li class=\"wp-block-unilux-blocks-custom-button\"    aria-disabled=\"false\"\n    >\n    <a\n        role=\"link\"\n        aria-disabled=\"false\"\n                    href=\"https:\/\/www.eventbrite.fr\/e\/the-interplay-between-judges-and-arbitrators-registration-910363861817?aff=oddtdtcreator&#038;utm_campaign=post_publish&#038;utm_medium=email&#038;utm_source=eventbrite&#038;utm_content=shortLinkNewEmail\"\n                target=\"_blank\"\n        class=\"btn btn--primary\"\n            >Register<\/a>\n<\/li>\n\n\n<li class=\"wp-block-unilux-blocks-custom-button\"    aria-disabled=\"false\"\n    >\n    <a\n        role=\"link\"\n        aria-disabled=\"false\"\n                    href=\"https:\/\/www.uni.lu\/fdef-en\/events\/the-interplay-between-judges-and-arbitrators\/calendar\"\n                target=\"_self\"\n        class=\"btn btn--secondary\"\n            >Add to calendar<\/a>\n<\/li>\n<\/ul>\n\n\n<div class=\"wp-block-unilux-blocks-spacer is-spacer-size-sm\"><\/div>\n\n\n<p><strong><strong><strong>Launch Conference of the Luxembourg Chapter of the Spanish and Ibero-American Arbitration Club (CEIA)<\/strong><\/strong><\/strong><\/p>\n\n\n\n<p><strong>Abstract:<\/strong><\/p>\n\n\n\n<p>The founding members of the CEIA Luxembourg Chapter (<a href=\"https:\/\/www.uni.lu\/fdef-en\/people\/javier-garcia-olmedo\/\">Javier Garc\u00eda Olmedo<\/a>, Jana Lamas de Mesa, Laure-H\u00e9l\u00e8ne Gaicio-Fievez, Fabio Trevisan, Thierry Hoscheit, <a href=\"https:\/\/www.uni.lu\/fdef-en\/people\/matthew-happold\/\">Matthew Happold<\/a>, Ignacio Signes de Mesa, Paschalis Paschalidis and Andrea Zumbado) are pleased to invite you to a two-panel hybrid launch conference on the interplay between judges and arbitrators. Arbitration is often described as a \u201cdelocalized\u201d dispute resolution process, which suggests that arbitral practice should operate autonomously from national courts. Judges are, however, unlikely to give up entirely the right to police arbitral inputs and outputs. Courts will intervene, but when should they intervene? How should they intervene? After a keynote address on best practices in international arbitration, the panelists will discuss issues relating to judicial engagement pre-award and post-award, such as whether, when, and how courts should issue interim measures and address allegations of arbitral misconduct, and whether, when, and how courts should issue anti-suit injunctions aimed at preventing parties from enforcing arbitral agreements or awards, and other issues relating to enforcement.<\/p>\n\n\n<div class=\"wp-block-unilux-blocks-spacer is-spacer-size-sm\"><\/div>\n\n\n<p><strong>Language:<\/strong> English<\/p>\n\n\n\n<p>This is a free conference. Registration is mandatory.<\/p>\n\n\n<div class=\"wp-block-unilux-blocks-spacer is-spacer-size-sm\"><\/div>\n\n\n<h3 class=\"has-text-align-left wp-block-unilux-blocks-heading\"        id=\"programme\"\n    >\nProgramme<\/h3>\n\n\n\n<ul class=\"wp-block-unilux-blocks-highlighted-list list-highlighted list-highlighted--architectural\"><li class=\"list-highlighted__item  wp-block-unilux-blocks-highlighted-list-item\">\n    <header class=\"list-highlighted__header wp-block-unilux-blocks-highlighted-list-item-header\">\n    \n<h4 class=\"title text-18 font-bold has-text-align-left wp-block-unilux-blocks-heading\"        id=\"13-45-14-15\"\n    >\n13.45 &#8211; 14.15<\/h4>\n<div class=\"wp-block-unilux-blocks-bigtext\">\n    <span>\n        \n    <\/span>\n<\/div><\/header><div class=\"list-highlighted__body wp-block-unilux-blocks-highlighted-list-item-body\">\n    <div class=\"wp-block-unilux-blocks-highlighted-list-item-free-content-area\">\n    \n<p><strong>Registration &amp; Welcome<\/strong><\/p>\n<\/div><\/div><\/li>\n\n<li class=\"list-highlighted__item  wp-block-unilux-blocks-highlighted-list-item\">\n    <header class=\"list-highlighted__header wp-block-unilux-blocks-highlighted-list-item-header\">\n    \n<h4 class=\"title text-18 font-bold has-text-align-left wp-block-unilux-blocks-heading\"        id=\"14-15-14-30\"\n    >\n14.15 &#8211; 14.30<\/h4>\n<div class=\"wp-block-unilux-blocks-bigtext\">\n    <span>\n        \n    <\/span>\n<\/div><\/header><div class=\"list-highlighted__body wp-block-unilux-blocks-highlighted-list-item-body\">\n    <div class=\"wp-block-unilux-blocks-highlighted-list-item-free-content-area\">\n    \n<p><strong>Opening Remarks<\/strong><\/p>\n\n<ul class=\"ulux-list\">\n<li class=\"ulux-list-item\">H.E. Jos\u00e9 Mar\u00eda Rodr\u00edguez Coso (Spanish Ambassador to Luxembourg)<\/li>\n\n\n\n<li class=\"ulux-list-item\"><a href=\"https:\/\/www.uni.lu\/fdef-en\/people\/herwig-c-h-hofmann\/\">Prof. Herwig Hofmann<\/a><strong> <\/strong>(Head of Department of Law, University of Luxembourg)<\/li>\n\n\n\n<li class=\"ulux-list-item\">Dr. Javier Garc\u00eda Olmedo<strong> <\/strong>(President CEIA Luxembourg Chapter)<\/li>\n<\/ul>\n<\/div><\/div><\/li>\n\n<li class=\"list-highlighted__item  wp-block-unilux-blocks-highlighted-list-item\">\n    <header class=\"list-highlighted__header wp-block-unilux-blocks-highlighted-list-item-header\">\n    \n<h4 class=\"title text-18 font-bold has-text-align-left wp-block-unilux-blocks-heading\"        id=\"14-30-15-00\"\n    >\n14.30 &#8211; 15.00<\/h4>\n<div class=\"wp-block-unilux-blocks-bigtext\">\n    <span>\n        \n    <\/span>\n<\/div><\/header><div class=\"list-highlighted__body wp-block-unilux-blocks-highlighted-list-item-body\">\n    <div class=\"wp-block-unilux-blocks-highlighted-list-item-free-content-area\">\n    \n<p><strong><strong>Keynote: Best Practices in Arbitration<\/strong><\/strong><\/p>\n\n<p>Juan Fern\u00e1ndez Armesto (Honorary President CEIA)<\/p>\n<\/div><\/div><\/li>\n\n<li class=\"list-highlighted__item  wp-block-unilux-blocks-highlighted-list-item\">\n    <header class=\"list-highlighted__header wp-block-unilux-blocks-highlighted-list-item-header\">\n    \n<h4 class=\"title text-18 font-bold has-text-align-left wp-block-unilux-blocks-heading\"        id=\"15-00-16-15\"\n    >\n15.00 &#8211; 16.15<\/h4>\n<div class=\"wp-block-unilux-blocks-bigtext\">\n    <span>\n        \n    <\/span>\n<\/div><\/header><div class=\"list-highlighted__body wp-block-unilux-blocks-highlighted-list-item-body\">\n    <div class=\"wp-block-unilux-blocks-highlighted-list-item-free-content-area\">\n    \n<p><strong><strong><strong>Panel 1: Courts and Pre-Award Supervision<\/strong><\/strong><\/strong><\/p>\n\n<p>Moderator: Krystle Baptista (KBarbitration, Madrid)<\/p>\n\n<p>Panelists:<\/p>\n\n<ul class=\"ulux-list\">\n<li class=\"ulux-list-item\">Nicolina Bordian (Cour de cassation, Luxembourg)<\/li>\n\n\n\n<li class=\"ulux-list-item\">Estelle Brisson (Arendt, Luxembourg)<\/li>\n\n\n\n<li class=\"ulux-list-item\">Ricardo Cuesta Casti\u00f1eyra (Dragados, Madrid)<\/li>\n<\/ul>\n<\/div><\/div><\/li>\n\n<li class=\"list-highlighted__item  wp-block-unilux-blocks-highlighted-list-item\">\n    <header class=\"list-highlighted__header wp-block-unilux-blocks-highlighted-list-item-header\">\n    \n<h4 class=\"title text-18 font-bold has-text-align-left wp-block-unilux-blocks-heading\"        id=\"16-15-16-30\"\n    >\n16.15 &#8211; 16.30<\/h4>\n<div class=\"wp-block-unilux-blocks-bigtext\">\n    <span>\n        \n    <\/span>\n<\/div><\/header><div class=\"list-highlighted__body wp-block-unilux-blocks-highlighted-list-item-body\">\n    <div class=\"wp-block-unilux-blocks-highlighted-list-item-free-content-area\">\n    \n<p><strong><strong>Coffee break<\/strong><\/strong><\/p>\n<\/div><\/div><\/li>\n\n<li class=\"list-highlighted__item  wp-block-unilux-blocks-highlighted-list-item\">\n    <header class=\"list-highlighted__header wp-block-unilux-blocks-highlighted-list-item-header\">\n    \n<h4 class=\"title text-18 font-bold has-text-align-left wp-block-unilux-blocks-heading\"        id=\"16-30-17-45\"\n    >\n16.30 &#8211; 17.45<\/h4>\n<div class=\"wp-block-unilux-blocks-bigtext\">\n    <span>\n        \n    <\/span>\n<\/div><\/header><div class=\"list-highlighted__body wp-block-unilux-blocks-highlighted-list-item-body\">\n    <div class=\"wp-block-unilux-blocks-highlighted-list-item-free-content-area\">\n    \n<p><strong><strong><strong>Panel 2: Courts and Post-Award Supervision<\/strong><\/strong><\/strong><\/p>\n\n<p>Moderator: <a href=\"https:\/\/www.uni.lu\/fdef-en\/people\/andre-prum\/\">Prof. Andr\u00e9 Pr\u00fcm<\/a> (University of Luxembourg)<\/p>\n\n<p>Panelists:<\/p>\n\n<ul class=\"ulux-list\">\n<li class=\"ulux-list-item\">Olivier Marquais (Loyens &amp; Loeff, Luxembourg)<\/li>\n\n\n\n<li class=\"ulux-list-item\">Isabel San Mart\u00edn (Lalive, London)<\/li>\n\n\n\n<li class=\"ulux-list-item\">Iuliana Iancu (Hanotiau &amp; van den Berg, Brussels)<\/li>\n<\/ul>\n<\/div><\/div><\/li>\n\n<li class=\"list-highlighted__item  wp-block-unilux-blocks-highlighted-list-item\">\n    <header class=\"list-highlighted__header wp-block-unilux-blocks-highlighted-list-item-header\">\n    \n<h4 class=\"title text-18 font-bold has-text-align-left wp-block-unilux-blocks-heading\"        id=\"17-45-18-00\"\n    >\n17.45 &#8211; 18.00<\/h4>\n<div class=\"wp-block-unilux-blocks-bigtext\">\n    <span>\n        \n    <\/span>\n<\/div><\/header><div class=\"list-highlighted__body wp-block-unilux-blocks-highlighted-list-item-body\">\n    <div class=\"wp-block-unilux-blocks-highlighted-list-item-free-content-area\">\n    \n<p><strong><strong>Concluding Remarks<\/strong><\/strong><\/p>\n\n<ul class=\"ulux-list\">\n<li class=\"ulux-list-item\">Thierry Hoscheit (Cour de cassation, Luxembourg)<\/li>\n\n\n\n<li class=\"ulux-list-item\">Prof. Andr\u00e9 Pr\u00fcm (President Luxembourg Arbitration Association)<\/li>\n<\/ul>\n<\/div><\/div><\/li>\n\n<li class=\"list-highlighted__item  wp-block-unilux-blocks-highlighted-list-item\">\n    <header class=\"list-highlighted__header wp-block-unilux-blocks-highlighted-list-item-header\">\n    \n<h4 class=\"title text-18 font-bold has-text-align-left wp-block-unilux-blocks-heading\"        id=\"18-00-19-00\"\n    >\n18.00 &#8211; 19.00<\/h4>\n<div class=\"wp-block-unilux-blocks-bigtext\">\n    <span>\n        \n    <\/span>\n<\/div><\/header><div class=\"list-highlighted__body wp-block-unilux-blocks-highlighted-list-item-body\">\n    <div class=\"wp-block-unilux-blocks-highlighted-list-item-free-content-area\">\n    \n<p><strong><strong>Cocktail Reception<\/strong><\/strong><\/p>\n<\/div><\/div><\/li><\/ul>\n\n\n<div class=\"wp-block-unilux-blocks-spacer is-spacer-size-sm\"><\/div>\n\n\n<div class=\"wp-block-columns is-layout-flex wp-block-columns-is-layout-flex\">\n<div class=\"wp-block-column is-layout-flow wp-block-column-is-layout-flow\" style=\"flex-basis:33.33%\">\n<p>Co-organised by:<\/p>\n\n\n<figure class=\"wp-block-dev4-reusable-blocks-image  object-fit--contain\">\n    \n<img decoding=\"async\" class=\"wp-block-image unilux-custom-image-block\"\n                alt=\"\"\n            src=\"https:\/\/www.uni.lu\/wp-content\/uploads\/sites\/3\/2024\/05\/Screenshot_2024-05-23_at_14.15.13-removebg-preview.png\"\n                srcset=\"https:\/\/www.uni.lu\/wp-content\/uploads\/sites\/3\/2024\/05\/Screenshot_2024-05-23_at_14.15.13-removebg-preview-300x109.png 300w, https:\/\/www.uni.lu\/wp-content\/uploads\/sites\/3\/2024\/05\/Screenshot_2024-05-23_at_14.15.13-removebg-preview-768x279.png 768w, https:\/\/www.uni.lu\/wp-content\/uploads\/sites\/3\/2024\/05\/Screenshot_2024-05-23_at_14.15.13-removebg-preview.png 828w\"\n                style=\"object-position: 50.00% 50.00%; font-family: &quot;object-fit: contain; object-position: 50.00% 50.00%;&quot;; aspect-ratio: 16\/9; object-fit: contain; width: 100%;\"\n        loading=\"lazy\"\n\/>    <\/figure><\/div>\n\n\n\n<div class=\"wp-block-column is-layout-flow wp-block-column-is-layout-flow\" style=\"flex-basis:66.66%\">\n<p>Supported by:<\/p>\n\n\n<figure class=\"wp-block-dev4-reusable-blocks-image  object-fit--contain\">\n    \n<img decoding=\"async\" class=\"wp-block-image unilux-custom-image-block\"\n                alt=\"\"\n            src=\"https:\/\/www.uni.lu\/wp-content\/uploads\/sites\/3\/2024\/05\/Eventbrite-bottom-logos1.png\"\n                srcset=\"https:\/\/www.uni.lu\/wp-content\/uploads\/sites\/3\/2024\/05\/Eventbrite-bottom-logos1-300x92.png 300w, https:\/\/www.uni.lu\/wp-content\/uploads\/sites\/3\/2024\/05\/Eventbrite-bottom-logos1-1024x315.png 1024w, https:\/\/www.uni.lu\/wp-content\/uploads\/sites\/3\/2024\/05\/Eventbrite-bottom-logos1-768x236.png 768w, https:\/\/www.uni.lu\/wp-content\/uploads\/sites\/3\/2024\/05\/Eventbrite-bottom-logos1-1536x473.png 1536w, https:\/\/www.uni.lu\/wp-content\/uploads\/sites\/3\/2024\/05\/Eventbrite-bottom-logos1-2048x630.png 2048w\"\n                style=\"object-position: 50.00% 50.00%; font-family: &quot;object-fit: contain; object-position: 50.00% 50.00%;&quot;; aspect-ratio: 32\/9; object-fit: contain; width: 100%;\"\n        loading=\"lazy\"\n\/>    <\/figure><\/div>\n<\/div>\n<\/div><\/section>\n","protected":false},"excerpt":{"rendered":"","protected":false},"author":85,"featured_media":10753,"parent":0,"menu_order":0,"comment_status":"open","ping_status":"closed","template":"","format":"standard","meta":{"featured_image_focal_point":[],"show_featured_caption":false,"ulux_newsletter_groups":"","uluxPostTitle":"","uluxPrePostTitle":"","_trash_the_other_posts":false,"_price":"","_stock":"","_tribe_ticket_header":"","_tribe_default_ticket_provider":"","_tribe_ticket_capacity":"0","_ticket_start_date":"","_ticket_end_date":"","_tribe_ticket_show_description":"","_tribe_ticket_show_not_going":false,"_tribe_ticket_use_global_stock":"","_tribe_ticket_global_stock_level":"","_global_stock_mode":"","_global_stock_cap":"","_tribe_rsvp_for_event":"","_tribe_ticket_going_count":"","_tribe_ticket_not_going_count":"","_tribe_tickets_list":"[]","_tribe_ticket_has_attendee_info_fields":false,"event_start_date":"2024-07-05 13:45:00","event_end_date":"2024-07-05 19:00:00","event_speaker_name":"","event_speaker_link":"","event_is_online":false,"event_location":"Weicker Building","event_street":"4, rue Alphonse Weicker","event_location_link":"https:\/\/www.uni.lu\/en\/about\/campuses\/weicker-building\/","event_zip_code":"2721","event_city":"Luxembourg","event_country":"Luxembourg"},"events-topic":[305],"events-type":[317,323,322],"organisation":[104,101],"authorship":[85],"acf":[],"yoast_head":"<!-- This site is optimized with the Yoast SEO Premium plugin v22.3 (Yoast SEO v22.3) - https:\/\/yoast.com\/wordpress\/plugins\/seo\/ -->\n<title>The interplay between judges and arbitrators - FDEF events I Uni.lu<\/title>\n<meta name=\"description\" content=\"Launch Conference of the Luxembourg Chapter of the Spanish and Ibero-American Arbitration Club (CEIA) Abstract: The founding members of the CEIA\" \/>\n<meta name=\"robots\" content=\"index, follow, max-snippet:-1, max-image-preview:large, max-video-preview:-1\" \/>\n<link rel=\"canonical\" href=\"https:\/\/www.uni.lu\/fdef-en\/events\/the-interplay-between-judges-and-arbitrators\/\" \/>\n<meta property=\"og:locale\" content=\"en_GB\" \/>\n<meta property=\"og:type\" content=\"article\" \/>\n<meta property=\"og:title\" content=\"The interplay between judges and arbitrators\" \/>\n<meta property=\"og:description\" content=\"Launch Conference of the Luxembourg Chapter of the Spanish and Ibero-American Arbitration Club (CEIA) Abstract: The founding members of the CEIA\" \/>\n<meta property=\"og:url\" content=\"https:\/\/www.uni.lu\/fdef-en\/events\/the-interplay-between-judges-and-arbitrators\/\" \/>\n<meta property=\"og:site_name\" content=\"FDEF EN\" \/>\n<meta property=\"article:publisher\" content=\"https:\/\/www.facebook.com\/uni.FDEF.lu\" \/>\n<meta property=\"article:modified_time\" content=\"2024-06-05T14:28:15+00:00\" \/>\n<meta property=\"og:image\" content=\"https:\/\/www.uni.lu\/wp-content\/uploads\/sites\/3\/2024\/05\/Conference-Departement-of-Law3.png\" \/>\n\t<meta property=\"og:image:width\" content=\"650\" \/>\n\t<meta property=\"og:image:height\" content=\"665\" \/>\n\t<meta property=\"og:image:type\" content=\"image\/png\" \/>\n<meta name=\"twitter:card\" content=\"summary_large_image\" \/>\n<meta name=\"twitter:label1\" content=\"Estimated reading time\" \/>\n\t<meta name=\"twitter:data1\" content=\"2 minutes\" \/>\n<script type=\"application\/ld+json\" class=\"yoast-schema-graph\">{\"@context\":\"https:\/\/schema.org\",\"@graph\":[{\"@type\":\"WebPage\",\"@id\":\"https:\/\/www.uni.lu\/fdef-en\/events\/the-interplay-between-judges-and-arbitrators\/\",\"url\":\"https:\/\/www.uni.lu\/fdef-en\/events\/the-interplay-between-judges-and-arbitrators\/\",\"name\":\"The interplay between judges and arbitrators - FDEF events I Uni.lu\",\"isPartOf\":{\"@id\":\"https:\/\/www.uni.lu\/fdef-en\/#website\"},\"primaryImageOfPage\":{\"@id\":\"https:\/\/www.uni.lu\/fdef-en\/events\/the-interplay-between-judges-and-arbitrators\/#primaryimage\"},\"image\":{\"@id\":\"https:\/\/www.uni.lu\/fdef-en\/events\/the-interplay-between-judges-and-arbitrators\/#primaryimage\"},\"thumbnailUrl\":\"https:\/\/www.uni.lu\/wp-content\/uploads\/sites\/3\/2024\/05\/Conference-Departement-of-Law3.png\",\"datePublished\":\"2024-05-22T15:17:39+00:00\",\"dateModified\":\"2024-06-05T14:28:15+00:00\",\"description\":\"Launch Conference of the Luxembourg Chapter of the Spanish and Ibero-American Arbitration Club (CEIA) Abstract: The founding members of the CEIA\",\"breadcrumb\":{\"@id\":\"https:\/\/www.uni.lu\/fdef-en\/events\/the-interplay-between-judges-and-arbitrators\/#breadcrumb\"},\"inLanguage\":\"en-GB\",\"potentialAction\":[{\"@type\":\"ReadAction\",\"target\":[\"https:\/\/www.uni.lu\/fdef-en\/events\/the-interplay-between-judges-and-arbitrators\/\"]}]},{\"@type\":\"ImageObject\",\"inLanguage\":\"en-GB\",\"@id\":\"https:\/\/www.uni.lu\/fdef-en\/events\/the-interplay-between-judges-and-arbitrators\/#primaryimage\",\"url\":\"https:\/\/www.uni.lu\/wp-content\/uploads\/sites\/3\/2024\/05\/Conference-Departement-of-Law3.png\",\"contentUrl\":\"https:\/\/www.uni.lu\/wp-content\/uploads\/sites\/3\/2024\/05\/Conference-Departement-of-Law3.png\",\"width\":650,\"height\":665},{\"@type\":\"BreadcrumbList\",\"@id\":\"https:\/\/www.uni.lu\/fdef-en\/events\/the-interplay-between-judges-and-arbitrators\/#breadcrumb\",\"itemListElement\":[{\"@type\":\"ListItem\",\"position\":1,\"name\":\"Home\",\"item\":\"https:\/\/www.uni.lu\/en\"},{\"@type\":\"ListItem\",\"position\":2,\"name\":\"Faculty of Law, Economics and Finance\",\"item\":\"https:\/\/www.uni.lu\/fdef-en\/\"},{\"@type\":\"ListItem\",\"position\":3,\"name\":\"Events\",\"item\":\"https:\/\/www.uni.lu\/fdef-en\/events\/\"},{\"@type\":\"ListItem\",\"position\":4,\"name\":\"The interplay between judges and arbitrators\"}]},{\"@type\":\"WebSite\",\"@id\":\"https:\/\/www.uni.lu\/fdef-en\/#website\",\"url\":\"https:\/\/www.uni.lu\/fdef-en\/\",\"name\":\"FDEF\",\"description\":\"Faculty of Law, Economics and Finance I Uni.lu\",\"publisher\":{\"@id\":\"https:\/\/www.uni.lu\/fdef-en\/#organization\"},\"alternateName\":\"Faculty of Law, Economics and Finance I University of Luxembourg\",\"potentialAction\":[{\"@type\":\"SearchAction\",\"target\":{\"@type\":\"EntryPoint\",\"urlTemplate\":\"https:\/\/www.uni.lu\/fdef-en\/?s={search_term_string}\"},\"query-input\":\"required name=search_term_string\"}],\"inLanguage\":\"en-GB\"},{\"@type\":\"Organization\",\"@id\":\"https:\/\/www.uni.lu\/fdef-en\/#organization\",\"name\":\"FDEF - University of Luxembourg I Uni.lu\",\"alternateName\":\"Faculty of Law, Economics and Finance\",\"url\":\"https:\/\/www.uni.lu\/fdef-en\/\",\"logo\":{\"@type\":\"ImageObject\",\"inLanguage\":\"en-GB\",\"@id\":\"https:\/\/www.uni.lu\/fdef-en\/#\/schema\/logo\/image\/\",\"url\":\"https:\/\/www.uni.lu\/wp-content\/uploads\/sites\/3\/2026\/03\/03111918\/FDEF_SM-Profile_1600x1600px-scaled.jpg\",\"contentUrl\":\"https:\/\/www.uni.lu\/wp-content\/uploads\/sites\/3\/2026\/03\/03111918\/FDEF_SM-Profile_1600x1600px-scaled.jpg\",\"width\":2560,\"height\":2560,\"caption\":\"FDEF - University of Luxembourg I Uni.lu\"},\"image\":\"https:\/\/www.uni.lu\/wp-content\/uploads\/sites\/3\/2026\/04\/24144328\/20200609-Belval-Campus_Henri-Goergen-23.jpg\",\"sameAs\":[\"https:\/\/www.facebook.com\/uni.FDEF.lu\",\"https:\/\/www.linkedin.com\/showcase\/fdef-uni-lu\/\"],\"email\":\"communication@uni.lu\",\"telephone\":\"+3524666441\",\"address\":{\"@type\":\"PostalAddress\",\"streetAddress\":\"2, place de l\u2019Universit\u00e9\",\"addressLocality\":\"Esch-sur-Alzette\",\"postalCode\":\"4365\",\"addressCountry\":\"LU\"},\"description\":\"Faculty of Law, Economics and Finance I Uni.lu\"}]}<\/script>\n<!-- \/ Yoast SEO Premium plugin. -->","yoast_head_json":{"title":"The interplay between judges and arbitrators - FDEF events I Uni.lu","description":"Launch Conference of the Luxembourg Chapter of the Spanish and Ibero-American Arbitration Club (CEIA) Abstract: The founding members of the CEIA","robots":{"index":"index","follow":"follow","max-snippet":"max-snippet:-1","max-image-preview":"max-image-preview:large","max-video-preview":"max-video-preview:-1"},"canonical":"https:\/\/www.uni.lu\/fdef-en\/events\/the-interplay-between-judges-and-arbitrators\/","og_locale":"en_GB","og_type":"article","og_title":"The interplay between judges and arbitrators","og_description":"Launch Conference of the Luxembourg Chapter of the Spanish and Ibero-American Arbitration Club (CEIA) Abstract: The founding members of the CEIA","og_url":"https:\/\/www.uni.lu\/fdef-en\/events\/the-interplay-between-judges-and-arbitrators\/","og_site_name":"FDEF EN","article_publisher":"https:\/\/www.facebook.com\/uni.FDEF.lu","article_modified_time":"2024-06-05T14:28:15+00:00","og_image":[{"width":650,"height":665,"url":"https:\/\/www.uni.lu\/wp-content\/uploads\/sites\/3\/2024\/05\/Conference-Departement-of-Law3.png","type":"image\/png"}],"twitter_card":"summary_large_image","twitter_misc":{"Estimated reading time":"2 minutes"},"schema":{"@context":"https:\/\/schema.org","@graph":[{"@type":"WebPage","@id":"https:\/\/www.uni.lu\/fdef-en\/events\/the-interplay-between-judges-and-arbitrators\/","url":"https:\/\/www.uni.lu\/fdef-en\/events\/the-interplay-between-judges-and-arbitrators\/","name":"The interplay between judges and arbitrators - FDEF events I Uni.lu","isPartOf":{"@id":"https:\/\/www.uni.lu\/fdef-en\/#website"},"primaryImageOfPage":{"@id":"https:\/\/www.uni.lu\/fdef-en\/events\/the-interplay-between-judges-and-arbitrators\/#primaryimage"},"image":{"@id":"https:\/\/www.uni.lu\/fdef-en\/events\/the-interplay-between-judges-and-arbitrators\/#primaryimage"},"thumbnailUrl":"https:\/\/www.uni.lu\/wp-content\/uploads\/sites\/3\/2024\/05\/Conference-Departement-of-Law3.png","datePublished":"2024-05-22T15:17:39+00:00","dateModified":"2024-06-05T14:28:15+00:00","description":"Launch Conference of the Luxembourg Chapter of the Spanish and Ibero-American Arbitration Club (CEIA) Abstract: The founding members of the CEIA","breadcrumb":{"@id":"https:\/\/www.uni.lu\/fdef-en\/events\/the-interplay-between-judges-and-arbitrators\/#breadcrumb"},"inLanguage":"en-GB","potentialAction":[{"@type":"ReadAction","target":["https:\/\/www.uni.lu\/fdef-en\/events\/the-interplay-between-judges-and-arbitrators\/"]}]},{"@type":"ImageObject","inLanguage":"en-GB","@id":"https:\/\/www.uni.lu\/fdef-en\/events\/the-interplay-between-judges-and-arbitrators\/#primaryimage","url":"https:\/\/www.uni.lu\/wp-content\/uploads\/sites\/3\/2024\/05\/Conference-Departement-of-Law3.png","contentUrl":"https:\/\/www.uni.lu\/wp-content\/uploads\/sites\/3\/2024\/05\/Conference-Departement-of-Law3.png","width":650,"height":665},{"@type":"BreadcrumbList","@id":"https:\/\/www.uni.lu\/fdef-en\/events\/the-interplay-between-judges-and-arbitrators\/#breadcrumb","itemListElement":[{"@type":"ListItem","position":1,"name":"Home","item":"https:\/\/www.uni.lu\/en"},{"@type":"ListItem","position":2,"name":"Faculty of Law, Economics and Finance","item":"https:\/\/www.uni.lu\/fdef-en\/"},{"@type":"ListItem","position":3,"name":"Events","item":"https:\/\/www.uni.lu\/fdef-en\/events\/"},{"@type":"ListItem","position":4,"name":"The interplay between judges and arbitrators"}]},{"@type":"WebSite","@id":"https:\/\/www.uni.lu\/fdef-en\/#website","url":"https:\/\/www.uni.lu\/fdef-en\/","name":"FDEF","description":"Faculty of Law, Economics and Finance I Uni.lu","publisher":{"@id":"https:\/\/www.uni.lu\/fdef-en\/#organization"},"alternateName":"Faculty of Law, Economics and Finance I University of Luxembourg","potentialAction":[{"@type":"SearchAction","target":{"@type":"EntryPoint","urlTemplate":"https:\/\/www.uni.lu\/fdef-en\/?s={search_term_string}"},"query-input":"required name=search_term_string"}],"inLanguage":"en-GB"},{"@type":"Organization","@id":"https:\/\/www.uni.lu\/fdef-en\/#organization","name":"FDEF - University of Luxembourg I Uni.lu","alternateName":"Faculty of Law, Economics and Finance","url":"https:\/\/www.uni.lu\/fdef-en\/","logo":{"@type":"ImageObject","inLanguage":"en-GB","@id":"https:\/\/www.uni.lu\/fdef-en\/#\/schema\/logo\/image\/","url":"https:\/\/www.uni.lu\/wp-content\/uploads\/sites\/3\/2026\/03\/03111918\/FDEF_SM-Profile_1600x1600px-scaled.jpg","contentUrl":"https:\/\/www.uni.lu\/wp-content\/uploads\/sites\/3\/2026\/03\/03111918\/FDEF_SM-Profile_1600x1600px-scaled.jpg","width":2560,"height":2560,"caption":"FDEF - University of Luxembourg I Uni.lu"},"image":"https:\/\/www.uni.lu\/wp-content\/uploads\/sites\/3\/2026\/04\/24144328\/20200609-Belval-Campus_Henri-Goergen-23.jpg","sameAs":["https:\/\/www.facebook.com\/uni.FDEF.lu","https:\/\/www.linkedin.com\/showcase\/fdef-uni-lu\/"],"email":"communication@uni.lu","telephone":"+3524666441","address":{"@type":"PostalAddress","streetAddress":"2, place de l\u2019Universit\u00e9","addressLocality":"Esch-sur-Alzette","postalCode":"4365","addressCountry":"LU"},"description":"Faculty of Law, Economics and Finance I Uni.lu"}]}},"_links":{"self":[{"href":"https:\/\/www.uni.lu\/fdef-en\/wp-json\/wp\/v2\/events\/10494"}],"collection":[{"href":"https:\/\/www.uni.lu\/fdef-en\/wp-json\/wp\/v2\/events"}],"about":[{"href":"https:\/\/www.uni.lu\/fdef-en\/wp-json\/wp\/v2\/types\/events"}],"author":[{"embeddable":true,"href":"https:\/\/www.uni.lu\/fdef-en\/wp-json\/wp\/v2\/users\/85"}],"replies":[{"embeddable":true,"href":"https:\/\/www.uni.lu\/fdef-en\/wp-json\/wp\/v2\/comments?post=10494"}],"version-history":[{"count":5,"href":"https:\/\/www.uni.lu\/fdef-en\/wp-json\/wp\/v2\/events\/10494\/revisions"}],"predecessor-version":[{"id":10516,"href":"https:\/\/www.uni.lu\/fdef-en\/wp-json\/wp\/v2\/events\/10494\/revisions\/10516"}],"wp:authorship":[{"embeddable":true,"href":"https:\/\/www.uni.lu\/fdef-en\/wp-json\/wp\/v2\/users\/85"}],"wp:featuredmedia":[{"embeddable":true,"href":"https:\/\/www.uni.lu\/fdef-en\/wp-json\/wp\/v2\/media\/10753"}],"wp:attachment":[{"href":"https:\/\/www.uni.lu\/fdef-en\/wp-json\/wp\/v2\/media?parent=10494"}],"wp:term":[{"taxonomy":"events-topic","embeddable":true,"href":"https:\/\/www.uni.lu\/fdef-en\/wp-json\/wp\/v2\/events-topic?post=10494"},{"taxonomy":"events-type","embeddable":true,"href":"https:\/\/www.uni.lu\/fdef-en\/wp-json\/wp\/v2\/events-type?post=10494"},{"taxonomy":"organisation","embeddable":true,"href":"https:\/\/www.uni.lu\/fdef-en\/wp-json\/wp\/v2\/organisation?post=10494"}],"curies":[{"name":"wp","href":"https:\/\/api.w.org\/{rel}","templated":true}]}}