{"id":10375,"date":"2024-05-13T10:41:24","date_gmt":"2024-05-13T08:41:24","guid":{"rendered":"https:\/\/www.uni.lu\/fdef-en\/?post_type=events&#038;p=10375"},"modified":"2024-06-05T16:26:01","modified_gmt":"2024-06-05T14:26:01","slug":"global-minimum-tax-and-investment-treaty-arbitration","status":"publish","type":"events","link":"https:\/\/www.uni.lu\/fdef-en\/events\/global-minimum-tax-and-investment-treaty-arbitration\/","title":{"rendered":"Global Minimum Tax and Investment Treaty Arbitration"},"content":{"rendered":"\n<section class=\"wp-block-unilux-blocks-free-section section\"><div class=\"container xl:max-w-screen-xl\">\n<ul class=\"wp-block-unilux-blocks-custom-buttons btn-list\"><li class=\"wp-block-unilux-blocks-custom-button\"    aria-disabled=\"false\"\n    >\n    <a\n        role=\"link\"\n        aria-disabled=\"false\"\n                    href=\"https:\/\/www.eventbrite.fr\/e\/global-minimum-tax-and-investment-treaty-arbitration-registration-898990263077?aff=oddtdtcreator&#038;utm_campaign=post_publish&#038;utm_medium=email&#038;utm_source=eventbrite&#038;utm_content=shortLinkNewEmail\"\n                target=\"_blank\"\n        class=\"btn btn--primary\"\n            >Register<\/a>\n<\/li>\n\n\n<li class=\"wp-block-unilux-blocks-custom-button\"    aria-disabled=\"false\"\n    >\n    <a\n        role=\"link\"\n        aria-disabled=\"false\"\n                    href=\"https:\/\/www.uni.lu\/fdef-en\/events\/global-minimum-tax-and-investment-treaty-arbitration\/calendar\"\n                target=\"_self\"\n        class=\"btn btn--secondary\"\n            >Add to calendar<\/a>\n<\/li>\n<\/ul>\n\n\n<div class=\"wp-block-unilux-blocks-spacer is-spacer-size-sm\"><\/div>\n\n\n<p><strong><strong>The Department of Law of the Faculty of Law, Economics and Finance is pleased to invite you to a seminar on Global Minimum Tax<\/strong><\/strong><\/p>\n\n\n\n<p><strong>Abstract:<\/strong><\/p>\n\n\n\n<p>The Seminar is a result of the participation of many authors from different countries in a special issue of Intertax \u201cGlobal Minimum Tax and Investment Treaty Arbitration\u201d under the guest editorship Prof. Stef van Weeghel, <a href=\"https:\/\/www.uni.lu\/fdef-en\/people\/werner-haslehner\/\">Prof. Werner Haslehner<\/a>, and Dr. Hab. B\u0142a\u017cej Ku\u017aniacki and the general editorship of Prof. Ana Paula Dourado.<\/p>\n\n\n\n<p>During the Seminar, the authors will present and discuss selected articles in order to spot their strongest and weakest points. A lively and dynamic discussion aims to help the authors in improving their articles for the final submission subject to double blind peer-review process at the Intertax.<\/p>\n\n\n\n<p>The selected articles present the interplay between Pillar 2 and investment treaty arbitration (ITA) from various angles, including more general and more narrowly technical ones, as listed in the detailed agenda below.<\/p>\n\n\n<div class=\"wp-block-unilux-blocks-spacer is-spacer-size-sm\"><\/div>\n\n\n<p><strong>Language:<\/strong> English<\/p>\n\n\n\n<p>This is a free seminar. Registration is mandatory.<\/p>\n\n\n<div class=\"wp-block-unilux-blocks-spacer is-spacer-size-md\"><\/div>\n\n\n<h3 class=\"has-text-align-left wp-block-unilux-blocks-heading\"        id=\"programme\"\n    >\nProgramme<\/h3>\n\n\n\n<ul class=\"wp-block-unilux-blocks-highlighted-list list-highlighted list-highlighted--architectural\"><li class=\"list-highlighted__item  wp-block-unilux-blocks-highlighted-list-item\">\n    <header class=\"list-highlighted__header wp-block-unilux-blocks-highlighted-list-item-header\">\n    \n<h4 class=\"title text-18 font-bold has-text-align-left wp-block-unilux-blocks-heading\"        id=\"08-30-09-00\"\n    >\n08.30 &#8211; 09.00<\/h4>\n<div class=\"wp-block-unilux-blocks-bigtext\">\n    <span>\n        \n    <\/span>\n<\/div><\/header><div class=\"list-highlighted__body wp-block-unilux-blocks-highlighted-list-item-body\">\n    <div class=\"wp-block-unilux-blocks-highlighted-list-item-free-content-area\">\n    \n<p><strong>Coffee and registration<\/strong><\/p>\n<\/div><\/div><\/li>\n\n<li class=\"list-highlighted__item  wp-block-unilux-blocks-highlighted-list-item\">\n    <header class=\"list-highlighted__header wp-block-unilux-blocks-highlighted-list-item-header\">\n    \n<h4 class=\"title text-18 font-bold has-text-align-left wp-block-unilux-blocks-heading\"        id=\"09-00-09-15\"\n    >\n09.00 &#8211; 09.15<\/h4>\n<div class=\"wp-block-unilux-blocks-bigtext\">\n    <span>\n        \n    <\/span>\n<\/div><\/header><div class=\"list-highlighted__body wp-block-unilux-blocks-highlighted-list-item-body\">\n    <div class=\"wp-block-unilux-blocks-highlighted-list-item-free-content-area\">\n    \n<p><strong>Introduction<\/strong><\/p>\n\n<ul class=\"ulux-list\">\n<li class=\"ulux-list-item\">Werner Haslehner, University of Luxembourg<\/li>\n\n\n\n<li class=\"ulux-list-item\">Ana Paula Dourado, University of Lisbon<\/li>\n<\/ul>\n<\/div><\/div><\/li><\/ul>\n\n\n<div class=\"wp-block-unilux-blocks-spacer is-spacer-size-sm\"><\/div>\n\n\n<h6 class=\"has-text-align-left wp-block-unilux-blocks-heading\"        id=\"panel-ichair-blazej-kuzniacki-lazarski-university-singapore-management-university-pwc-netherlands\"\n    >\nPanel I<br><strong>Chair: B\u0142a\u017cej Ku\u017aniacki, Lazarski University, Singapore Management University, PwC Netherlands<\/strong><\/h6>\n\n\n\n<ul class=\"wp-block-unilux-blocks-highlighted-list list-highlighted list-highlighted--architectural\"><li class=\"list-highlighted__item  wp-block-unilux-blocks-highlighted-list-item\">\n    <header class=\"list-highlighted__header wp-block-unilux-blocks-highlighted-list-item-header\">\n    \n<h4 class=\"title text-18 font-bold has-text-align-left wp-block-unilux-blocks-heading\"        id=\"09-15-09-55\"\n    >\n09.15 &#8211; 09.55<\/h4>\n<div class=\"wp-block-unilux-blocks-bigtext\">\n    <span>\n        \n    <\/span>\n<\/div><\/header><div class=\"list-highlighted__body wp-block-unilux-blocks-highlighted-list-item-body\">\n    <div class=\"wp-block-unilux-blocks-highlighted-list-item-free-content-area\">\n    \n<p><strong>The Application of International Investment Agreements to the Implementation of Pillar Two: Options for Developing Countries<\/strong><\/p>\n\n<p>Jarrod Hepburn, Melbourne Law School, Australia and Sunita Jogarajan, Melbourne Law School, Australia [online]<\/p>\n\n<p><strong>Discussant:<\/strong> B\u0142a\u017cej Ku\u017aniacki<\/p>\n<\/div><\/div><\/li>\n\n<li class=\"list-highlighted__item  wp-block-unilux-blocks-highlighted-list-item\">\n    <header class=\"list-highlighted__header wp-block-unilux-blocks-highlighted-list-item-header\">\n    \n<h4 class=\"title text-18 font-bold has-text-align-left wp-block-unilux-blocks-heading\"        id=\"09-55-10-40\"\n    >\n09.55 &#8211; 10.40<\/h4>\n<div class=\"wp-block-unilux-blocks-bigtext\">\n    <span>\n        \n    <\/span>\n<\/div><\/header><div class=\"list-highlighted__body wp-block-unilux-blocks-highlighted-list-item-body\">\n    <div class=\"wp-block-unilux-blocks-highlighted-list-item-free-content-area\">\n    \n<p><strong>Preferential Tax Treatment as an Enforceable Commitment? Navigating Potential Investment Treaty Claims Arising from the BEPS Pillar Two Implementation<\/strong><\/p>\n\n<ul class=\"ulux-list\">\n<li class=\"ulux-list-item\">Vid Prislan, University of Amsterdam<\/li>\n\n\n\n<li class=\"ulux-list-item\">Kacper Maksymczuk, LLM, University of Amsterdam<\/li>\n<\/ul>\n\n<p><strong>Discussants:<\/strong> <\/p>\n\n<ul class=\"ulux-list\">\n<li class=\"ulux-list-item\">Jarrod Hepburn [online]<\/li>\n\n\n\n<li class=\"ulux-list-item\">Sunita Jogarajan [online]<\/li>\n<\/ul>\n<\/div><\/div><\/li>\n\n<li class=\"list-highlighted__item  wp-block-unilux-blocks-highlighted-list-item\">\n    <header class=\"list-highlighted__header wp-block-unilux-blocks-highlighted-list-item-header\">\n    \n<h4 class=\"title text-18 font-bold has-text-align-left wp-block-unilux-blocks-heading\"        id=\"10-40-11-00\"\n    >\n10.40 &#8211; 11.00<\/h4>\n<div class=\"wp-block-unilux-blocks-bigtext\">\n    <span>\n        \n    <\/span>\n<\/div><\/header><div class=\"list-highlighted__body wp-block-unilux-blocks-highlighted-list-item-body\">\n    <div class=\"wp-block-unilux-blocks-highlighted-list-item-free-content-area\">\n    \n<p><strong>Coffee break<\/strong><\/p>\n<\/div><\/div><\/li>\n\n<li class=\"list-highlighted__item  wp-block-unilux-blocks-highlighted-list-item\">\n    <header class=\"list-highlighted__header wp-block-unilux-blocks-highlighted-list-item-header\">\n    \n<h4 class=\"title text-18 font-bold has-text-align-left wp-block-unilux-blocks-heading\"        id=\"11-00-11-40\"\n    >\n11.00 &#8211; 11.40<\/h4>\n<div class=\"wp-block-unilux-blocks-bigtext\">\n    <span>\n        \n    <\/span>\n<\/div><\/header><div class=\"list-highlighted__body wp-block-unilux-blocks-highlighted-list-item-body\">\n    <div class=\"wp-block-unilux-blocks-highlighted-list-item-free-content-area\">\n    \n<p><strong>The QDMTT\u2019s Alignment with International Obligations Amidst Potential Deviations<\/strong><\/p>\n\n<ul class=\"ulux-list\">\n<li class=\"ulux-list-item\">Gabriella Erdos, Associate Professor, Corvinus University of Budapest<\/li>\n\n\n\n<li class=\"ulux-list-item\">Gergely Czoboly, Associate Professor, Corvinus University of Budapest<\/li>\n<\/ul>\n\n<p><strong>Discussant:<\/strong> Paloma Garcia C\u00f3rdoba, Universitat Pompeu Fabra<\/p>\n<\/div><\/div><\/li>\n\n<li class=\"list-highlighted__item  wp-block-unilux-blocks-highlighted-list-item\">\n    <header class=\"list-highlighted__header wp-block-unilux-blocks-highlighted-list-item-header\">\n    \n<h4 class=\"title text-18 font-bold has-text-align-left wp-block-unilux-blocks-heading\"        id=\"11-40-12-20\"\n    >\n11.40 &#8211; 12.20<\/h4>\n<div class=\"wp-block-unilux-blocks-bigtext\">\n    <span>\n        \n    <\/span>\n<\/div><\/header><div class=\"list-highlighted__body wp-block-unilux-blocks-highlighted-list-item-body\">\n    <div class=\"wp-block-unilux-blocks-highlighted-list-item-free-content-area\">\n    \n<p><strong>Escaping minimum taxation through investor-state arbitration? \u2013 A closer look at the robustness of the GloBE Directive<\/strong><\/p>\n\n<ul class=\"ulux-list\">\n<li class=\"ulux-list-item\">Fabian Kratzlmeier, Senior Research Fellow, Max Planck Institute for Tax Law and Public Finance<\/li>\n\n\n\n<li class=\"ulux-list-item\">Aitor Navarro, Senior Research Fellow, Max Planck Institute for Tax Law and Public Finance<\/li>\n<\/ul>\n\n<p><strong>Discussants:<\/strong> <\/p>\n\n<ul class=\"ulux-list\">\n<li class=\"ulux-list-item\">Gabriella Erdos<\/li>\n\n\n\n<li class=\"ulux-list-item\">Gergely Czoboly<\/li>\n<\/ul>\n<\/div><\/div><\/li>\n\n<li class=\"list-highlighted__item  wp-block-unilux-blocks-highlighted-list-item\">\n    <header class=\"list-highlighted__header wp-block-unilux-blocks-highlighted-list-item-header\">\n    \n<h4 class=\"title text-18 font-bold has-text-align-left wp-block-unilux-blocks-heading\"        id=\"12-20-13-30\"\n    >\n12.20 &#8211; 13.30<\/h4>\n<div class=\"wp-block-unilux-blocks-bigtext\">\n    <span>\n        \n    <\/span>\n<\/div><\/header><div class=\"list-highlighted__body wp-block-unilux-blocks-highlighted-list-item-body\">\n    <div class=\"wp-block-unilux-blocks-highlighted-list-item-free-content-area\">\n    \n<p><strong>Lunch break<\/strong><\/p>\n<\/div><\/div><\/li><\/ul>\n\n\n<div class=\"wp-block-unilux-blocks-spacer is-spacer-size-sm\"><\/div>\n\n\n<h6 class=\"has-text-align-left wp-block-unilux-blocks-heading\"        id=\"panel-iichair-stef-van-weeghel-university-of-amsterdam\"\n    >\nPanel II<br>Chair: Stef van Weeghel, University of Amsterdam<\/h6>\n\n\n\n<ul class=\"wp-block-unilux-blocks-highlighted-list list-highlighted list-highlighted--architectural\"><li class=\"list-highlighted__item  wp-block-unilux-blocks-highlighted-list-item\">\n    <header class=\"list-highlighted__header wp-block-unilux-blocks-highlighted-list-item-header\">\n    \n<h4 class=\"title text-18 font-bold has-text-align-left wp-block-unilux-blocks-heading\"        id=\"13-30-14-10\"\n    >\n13.30 &#8211; 14.10<\/h4>\n<div class=\"wp-block-unilux-blocks-bigtext\">\n    <span>\n        \n    <\/span>\n<\/div><\/header><div class=\"list-highlighted__body wp-block-unilux-blocks-highlighted-list-item-body\">\n    <div class=\"wp-block-unilux-blocks-highlighted-list-item-free-content-area\">\n    \n<p><strong>The Impact of Pillar 2 Rules on International Investment Treaties: An Assessment of Tax Carve-Out Provisions<\/strong><\/p>\n\n<p>Paloma Garcia C\u00f3rdoba<\/p>\n\n<p><strong>Discussant:<\/strong> Stef van Weeghel<\/p>\n<\/div><\/div><\/li>\n\n<li class=\"list-highlighted__item  wp-block-unilux-blocks-highlighted-list-item\">\n    <header class=\"list-highlighted__header wp-block-unilux-blocks-highlighted-list-item-header\">\n    \n<h4 class=\"title text-18 font-bold has-text-align-left wp-block-unilux-blocks-heading\"        id=\"14-10-14-50\"\n    >\n14.10 &#8211; 14.50<\/h4>\n<div class=\"wp-block-unilux-blocks-bigtext\">\n    <span>\n        \n    <\/span>\n<\/div><\/header><div class=\"list-highlighted__body wp-block-unilux-blocks-highlighted-list-item-body\">\n    <div class=\"wp-block-unilux-blocks-highlighted-list-item-free-content-area\">\n    \n<p><strong>The interaction between broad NT treatment provisions in BITs and Pillar Two policy options<\/strong><\/p>\n\n<p>Svetislav Kostic, University of Belgrade, Faculty of Law<\/p>\n\n<p><strong>Discussant:<\/strong> Werner Haslehner<\/p>\n<\/div><\/div><\/li>\n\n<li class=\"list-highlighted__item  wp-block-unilux-blocks-highlighted-list-item\">\n    <header class=\"list-highlighted__header wp-block-unilux-blocks-highlighted-list-item-header\">\n    \n<h4 class=\"title text-18 font-bold has-text-align-left wp-block-unilux-blocks-heading\"        id=\"14-50-15-30\"\n    >\n14.50 &#8211; 15.30<\/h4>\n<div class=\"wp-block-unilux-blocks-bigtext\">\n    <span>\n        \n    <\/span>\n<\/div><\/header><div class=\"list-highlighted__body wp-block-unilux-blocks-highlighted-list-item-body\">\n    <div class=\"wp-block-unilux-blocks-highlighted-list-item-free-content-area\">\n    \n<p><strong>Does Top-up Tax under Pillar Two Amount to Expropriation under Investment Treaties?<\/strong><\/p>\n\n<p>Xiaorong Li, Kyushu University, Faculty of Law<\/p>\n\n<p><strong>Discussant:<\/strong> Svetislav Kostic<\/p>\n<\/div><\/div><\/li>\n\n<li class=\"list-highlighted__item  wp-block-unilux-blocks-highlighted-list-item\">\n    <header class=\"list-highlighted__header wp-block-unilux-blocks-highlighted-list-item-header\">\n    \n<h4 class=\"title text-18 font-bold has-text-align-left wp-block-unilux-blocks-heading\"        id=\"15-30-16-00\"\n    >\n15.30 &#8211; 16.00<\/h4>\n<div class=\"wp-block-unilux-blocks-bigtext\">\n    <span>\n        \n    <\/span>\n<\/div><\/header><div class=\"list-highlighted__body wp-block-unilux-blocks-highlighted-list-item-body\">\n    <div class=\"wp-block-unilux-blocks-highlighted-list-item-free-content-area\">\n    \n<p><strong>Break for refreshments and snacks<\/strong><\/p>\n<\/div><\/div><\/li><\/ul>\n\n\n<div class=\"wp-block-unilux-blocks-spacer is-spacer-size-sm\"><\/div>\n\n\n<h6 class=\"has-text-align-left wp-block-unilux-blocks-heading\"        id=\"panel-iiichair-werner-haslehner-university-of-luxembourg\"\n    >\nPanel III<br>Chair: Werner Haslehner, University of Luxembourg<\/h6>\n\n\n\n<ul class=\"wp-block-unilux-blocks-highlighted-list list-highlighted list-highlighted--architectural\"><li class=\"list-highlighted__item  wp-block-unilux-blocks-highlighted-list-item\">\n    <header class=\"list-highlighted__header wp-block-unilux-blocks-highlighted-list-item-header\">\n    \n<h4 class=\"title text-18 font-bold has-text-align-left wp-block-unilux-blocks-heading\"        id=\"16-00-16-40\"\n    >\n16.00 &#8211; 16.40<\/h4>\n<div class=\"wp-block-unilux-blocks-bigtext\">\n    <span>\n        \n    <\/span>\n<\/div><\/header><div class=\"list-highlighted__body wp-block-unilux-blocks-highlighted-list-item-body\">\n    <div class=\"wp-block-unilux-blocks-highlighted-list-item-free-content-area\">\n    \n<p><strong>Good faith and investment treaties [online]<\/strong><\/p>\n\n<p>Vanessa Arruda Ferreira, IBFD (non-presenting co-author Luzius Cavelti, University of Basel)<\/p>\n\n<p><strong>Discussants:<\/strong> <\/p>\n\n<ul class=\"ulux-list\">\n<li class=\"ulux-list-item\">Stef van Weeghel <\/li>\n\n\n\n<li class=\"ulux-list-item\">B\u0142a\u017cej Ku\u017aniacki<\/li>\n<\/ul>\n<\/div><\/div><\/li>\n\n<li class=\"list-highlighted__item  wp-block-unilux-blocks-highlighted-list-item\">\n    <header class=\"list-highlighted__header wp-block-unilux-blocks-highlighted-list-item-header\">\n    \n<h4 class=\"title text-18 font-bold has-text-align-left wp-block-unilux-blocks-heading\"        id=\"16-40-17-20\"\n    >\n16.40 &#8211; 17.20<\/h4>\n<div class=\"wp-block-unilux-blocks-bigtext\">\n    <span>\n        \n    <\/span>\n<\/div><\/header><div class=\"list-highlighted__body wp-block-unilux-blocks-highlighted-list-item-body\">\n    <div class=\"wp-block-unilux-blocks-highlighted-list-item-free-content-area\">\n    \n<p><strong>Quantitative Frameworks and Legal Analysis for Assessing Economic Damages in Conflicts between Pillar 2 Taxation and International Investment Agreements<\/strong><\/p>\n\n<p>Martinez Antonio Lopo, Faculty of Law at the University of Coimbra<\/p>\n\n<p><strong>Discussants:<\/strong> <\/p>\n\n<ul class=\"ulux-list\">\n<li class=\"ulux-list-item\">Vid Prislan<\/li>\n\n\n\n<li class=\"ulux-list-item\">Kacper Maksymczuk<\/li>\n<\/ul>\n<\/div><\/div><\/li>\n\n<li class=\"list-highlighted__item  wp-block-unilux-blocks-highlighted-list-item\">\n    <header class=\"list-highlighted__header wp-block-unilux-blocks-highlighted-list-item-header\">\n    \n<h4 class=\"title text-18 font-bold has-text-align-left wp-block-unilux-blocks-heading\"        id=\"17-20-18-00\"\n    >\n17.20 &#8211; 18.00<\/h4>\n<div class=\"wp-block-unilux-blocks-bigtext\">\n    <span>\n        \n    <\/span>\n<\/div><\/header><div class=\"list-highlighted__body wp-block-unilux-blocks-highlighted-list-item-body\">\n    <div class=\"wp-block-unilux-blocks-highlighted-list-item-free-content-area\">\n    \n<p><strong>Assessing damages in Investment Treaty Arbitration: Pillar Two as treaty violation and the Equalization of Benefits<\/strong><\/p>\n\n<ul class=\"ulux-list\">\n<li class=\"ulux-list-item\">Joao Vitor Gomes Martins, Deloitte &amp; Touche (M.E.)<\/li>\n\n\n\n<li class=\"ulux-list-item\">Thatiane Cristina Pires, Deloitte &amp; Touche (M.E.), University of Santa Catarina<\/li>\n<\/ul>\n\n<p><strong>Discussant:<\/strong> Martinez Antonio Lopo<\/p>\n<\/div><\/div><\/li>\n\n<li class=\"list-highlighted__item  wp-block-unilux-blocks-highlighted-list-item\">\n    <header class=\"list-highlighted__header wp-block-unilux-blocks-highlighted-list-item-header\">\n    \n<h4 class=\"title text-18 font-bold has-text-align-left wp-block-unilux-blocks-heading\"        id=\"18-00-18-15\"\n    >\n18.00 &#8211; 18.15<\/h4>\n<div class=\"wp-block-unilux-blocks-bigtext\">\n    <span>\n        \n    <\/span>\n<\/div><\/header><div class=\"list-highlighted__body wp-block-unilux-blocks-highlighted-list-item-body\">\n    <div class=\"wp-block-unilux-blocks-highlighted-list-item-free-content-area\">\n    \n<p><strong>Final remarks<\/strong><\/p>\n\n<ul class=\"ulux-list\">\n<li class=\"ulux-list-item\">Stef van Weeghel <\/li>\n\n\n\n<li class=\"ulux-list-item\">B\u0142a\u017cej Ku\u017aniacki<\/li>\n<\/ul>\n<\/div><\/div><\/li><\/ul>\n\n\n<div class=\"wp-block-unilux-blocks-spacer is-spacer-size-md\"><\/div>\n\n\n<div class=\"wp-block-columns is-layout-flex wp-block-columns-is-layout-flex\">\n<div class=\"wp-block-column is-vertically-aligned-top is-layout-flow wp-block-column-is-layout-flow\" style=\"flex-basis:33.33%\">\n<p class=\"has-text-align-left\"><em>In partnership with:<\/em><\/p>\n\n\n<figure class=\"wp-block-dev4-reusable-blocks-image  object-fit--contain\">\n    \n<img decoding=\"async\" class=\"wp-block-image unilux-custom-image-block\"\n                alt=\"\"\n            src=\"https:\/\/www.uni.lu\/wp-content\/uploads\/sites\/3\/2023\/08\/Logo_ATOZ_Foundation_x5.png\"\n                srcset=\"https:\/\/www.uni.lu\/wp-content\/uploads\/sites\/3\/2023\/08\/Logo_ATOZ_Foundation_x5-300x300.png 300w, https:\/\/www.uni.lu\/wp-content\/uploads\/sites\/3\/2023\/08\/Logo_ATOZ_Foundation_x5-150x150.png 150w, https:\/\/www.uni.lu\/wp-content\/uploads\/sites\/3\/2023\/08\/Logo_ATOZ_Foundation_x5.png 750w\"\n                style=\"object-position: 50.00% 50.00%; font-family: &quot;object-fit: contain; object-position: 50.00% 50.00%;&quot;; aspect-ratio: 16\/9; object-fit: contain; width: 100%;\"\n        loading=\"lazy\"\n\/>    <\/figure><\/div>\n\n\n\n<div class=\"wp-block-column is-vertically-aligned-center is-layout-flow wp-block-column-is-layout-flow\" style=\"flex-basis:66.66%\"><\/div>\n<\/div>\n<\/div><\/section>\n","protected":false},"excerpt":{"rendered":"","protected":false},"author":85,"featured_media":10750,"parent":0,"menu_order":0,"comment_status":"open","ping_status":"closed","template":"","format":"standard","meta":{"featured_image_focal_point":[],"show_featured_caption":false,"ulux_newsletter_groups":"","uluxPostTitle":"","uluxPrePostTitle":"","_trash_the_other_posts":false,"_price":"","_stock":"","_tribe_ticket_header":"","_tribe_default_ticket_provider":"","_tribe_ticket_capacity":"0","_ticket_start_date":"","_ticket_end_date":"","_tribe_ticket_show_description":"","_tribe_ticket_show_not_going":false,"_tribe_ticket_use_global_stock":"","_tribe_ticket_global_stock_level":"","_global_stock_mode":"","_global_stock_cap":"","_tribe_rsvp_for_event":"","_tribe_ticket_going_count":"","_tribe_ticket_not_going_count":"","_tribe_tickets_list":"[]","_tribe_ticket_has_attendee_info_fields":false,"event_start_date":"2024-06-28 08:30:00","event_end_date":"2024-06-28 18:15:00","event_speaker_name":"","event_speaker_link":"","event_is_online":false,"event_location":"Weicker Building","event_street":"4, rue Alphonse Weicker","event_location_link":"https:\/\/www.uni.lu\/en\/about\/campuses\/weicker-building\/","event_zip_code":"2721","event_city":"Luxembourg","event_country":"Luxembourg"},"events-topic":[305],"events-type":[323,322,315,321],"organisation":[376,104,101],"authorship":[85],"acf":[],"yoast_head":"<!-- This site is optimized with the Yoast SEO Premium plugin v22.3 (Yoast SEO v22.3) - https:\/\/yoast.com\/wordpress\/plugins\/seo\/ -->\n<title>Global Minimum Tax and Investment Treaty Arbitration - FDEF events I Uni.lu<\/title>\n<meta name=\"description\" content=\"The Department of Law of the Faculty of Law, Economics and Finance is pleased to invite you to a seminar on Global Minimum Tax Abstract: The Seminar is a\" \/>\n<meta name=\"robots\" content=\"index, follow, max-snippet:-1, max-image-preview:large, max-video-preview:-1\" \/>\n<link rel=\"canonical\" href=\"https:\/\/www.uni.lu\/fdef-en\/events\/global-minimum-tax-and-investment-treaty-arbitration\/\" \/>\n<meta property=\"og:locale\" content=\"en_GB\" \/>\n<meta property=\"og:type\" content=\"article\" \/>\n<meta property=\"og:title\" content=\"Global Minimum Tax and Investment Treaty Arbitration\" \/>\n<meta property=\"og:description\" content=\"The Department of Law of the Faculty of Law, Economics and Finance is pleased to invite you to a seminar on Global Minimum Tax Abstract: The Seminar is a\" \/>\n<meta property=\"og:url\" content=\"https:\/\/www.uni.lu\/fdef-en\/events\/global-minimum-tax-and-investment-treaty-arbitration\/\" \/>\n<meta property=\"og:site_name\" content=\"FDEF EN\" \/>\n<meta property=\"article:publisher\" content=\"https:\/\/www.facebook.com\/uni.FDEF.lu\" \/>\n<meta property=\"article:modified_time\" content=\"2024-06-05T14:26:01+00:00\" \/>\n<meta property=\"og:image\" content=\"https:\/\/www.uni.lu\/wp-content\/uploads\/sites\/3\/2024\/05\/Seminar-Departement-of-Law1.png\" \/>\n\t<meta property=\"og:image:width\" content=\"650\" \/>\n\t<meta property=\"og:image:height\" content=\"665\" \/>\n\t<meta property=\"og:image:type\" content=\"image\/png\" \/>\n<meta name=\"twitter:card\" content=\"summary_large_image\" \/>\n<meta name=\"twitter:label1\" content=\"Estimated reading time\" \/>\n\t<meta name=\"twitter:data1\" content=\"3 minutes\" \/>\n<script type=\"application\/ld+json\" class=\"yoast-schema-graph\">{\"@context\":\"https:\/\/schema.org\",\"@graph\":[{\"@type\":\"WebPage\",\"@id\":\"https:\/\/www.uni.lu\/fdef-en\/events\/global-minimum-tax-and-investment-treaty-arbitration\/\",\"url\":\"https:\/\/www.uni.lu\/fdef-en\/events\/global-minimum-tax-and-investment-treaty-arbitration\/\",\"name\":\"Global Minimum Tax and Investment Treaty Arbitration - FDEF events I Uni.lu\",\"isPartOf\":{\"@id\":\"https:\/\/www.uni.lu\/fdef-en\/#website\"},\"primaryImageOfPage\":{\"@id\":\"https:\/\/www.uni.lu\/fdef-en\/events\/global-minimum-tax-and-investment-treaty-arbitration\/#primaryimage\"},\"image\":{\"@id\":\"https:\/\/www.uni.lu\/fdef-en\/events\/global-minimum-tax-and-investment-treaty-arbitration\/#primaryimage\"},\"thumbnailUrl\":\"https:\/\/www.uni.lu\/wp-content\/uploads\/sites\/3\/2024\/05\/Seminar-Departement-of-Law1.png\",\"datePublished\":\"2024-05-13T08:41:24+00:00\",\"dateModified\":\"2024-06-05T14:26:01+00:00\",\"description\":\"The Department of Law of the Faculty of Law, Economics and Finance is pleased to invite you to a seminar on Global Minimum Tax Abstract: The Seminar is a\",\"breadcrumb\":{\"@id\":\"https:\/\/www.uni.lu\/fdef-en\/events\/global-minimum-tax-and-investment-treaty-arbitration\/#breadcrumb\"},\"inLanguage\":\"en-GB\",\"potentialAction\":[{\"@type\":\"ReadAction\",\"target\":[\"https:\/\/www.uni.lu\/fdef-en\/events\/global-minimum-tax-and-investment-treaty-arbitration\/\"]}]},{\"@type\":\"ImageObject\",\"inLanguage\":\"en-GB\",\"@id\":\"https:\/\/www.uni.lu\/fdef-en\/events\/global-minimum-tax-and-investment-treaty-arbitration\/#primaryimage\",\"url\":\"https:\/\/www.uni.lu\/wp-content\/uploads\/sites\/3\/2024\/05\/Seminar-Departement-of-Law1.png\",\"contentUrl\":\"https:\/\/www.uni.lu\/wp-content\/uploads\/sites\/3\/2024\/05\/Seminar-Departement-of-Law1.png\",\"width\":650,\"height\":665},{\"@type\":\"BreadcrumbList\",\"@id\":\"https:\/\/www.uni.lu\/fdef-en\/events\/global-minimum-tax-and-investment-treaty-arbitration\/#breadcrumb\",\"itemListElement\":[{\"@type\":\"ListItem\",\"position\":1,\"name\":\"Home\",\"item\":\"https:\/\/www.uni.lu\/en\"},{\"@type\":\"ListItem\",\"position\":2,\"name\":\"Faculty of Law, Economics and Finance\",\"item\":\"https:\/\/www.uni.lu\/fdef-en\/\"},{\"@type\":\"ListItem\",\"position\":3,\"name\":\"Events\",\"item\":\"https:\/\/www.uni.lu\/fdef-en\/events\/\"},{\"@type\":\"ListItem\",\"position\":4,\"name\":\"Global Minimum Tax and Investment Treaty Arbitration\"}]},{\"@type\":\"WebSite\",\"@id\":\"https:\/\/www.uni.lu\/fdef-en\/#website\",\"url\":\"https:\/\/www.uni.lu\/fdef-en\/\",\"name\":\"FDEF\",\"description\":\"Faculty of Law, Economics and Finance I Uni.lu\",\"publisher\":{\"@id\":\"https:\/\/www.uni.lu\/fdef-en\/#organization\"},\"alternateName\":\"Faculty of Law, Economics and Finance I University of Luxembourg\",\"potentialAction\":[{\"@type\":\"SearchAction\",\"target\":{\"@type\":\"EntryPoint\",\"urlTemplate\":\"https:\/\/www.uni.lu\/fdef-en\/?s={search_term_string}\"},\"query-input\":\"required name=search_term_string\"}],\"inLanguage\":\"en-GB\"},{\"@type\":\"Organization\",\"@id\":\"https:\/\/www.uni.lu\/fdef-en\/#organization\",\"name\":\"FDEF - University of Luxembourg I Uni.lu\",\"alternateName\":\"Faculty of Law, Economics and Finance\",\"url\":\"https:\/\/www.uni.lu\/fdef-en\/\",\"logo\":{\"@type\":\"ImageObject\",\"inLanguage\":\"en-GB\",\"@id\":\"https:\/\/www.uni.lu\/fdef-en\/#\/schema\/logo\/image\/\",\"url\":\"https:\/\/www.uni.lu\/wp-content\/uploads\/sites\/3\/2026\/03\/03111918\/FDEF_SM-Profile_1600x1600px-scaled.jpg\",\"contentUrl\":\"https:\/\/www.uni.lu\/wp-content\/uploads\/sites\/3\/2026\/03\/03111918\/FDEF_SM-Profile_1600x1600px-scaled.jpg\",\"width\":2560,\"height\":2560,\"caption\":\"FDEF - University of Luxembourg I Uni.lu\"},\"image\":\"https:\/\/www.uni.lu\/wp-content\/uploads\/sites\/3\/2026\/04\/24144328\/20200609-Belval-Campus_Henri-Goergen-23.jpg\",\"sameAs\":[\"https:\/\/www.facebook.com\/uni.FDEF.lu\",\"https:\/\/www.linkedin.com\/showcase\/fdef-uni-lu\/\"],\"email\":\"communication@uni.lu\",\"telephone\":\"+3524666441\",\"address\":{\"@type\":\"PostalAddress\",\"streetAddress\":\"2, place de l\u2019Universit\u00e9\",\"addressLocality\":\"Esch-sur-Alzette\",\"postalCode\":\"4365\",\"addressCountry\":\"LU\"},\"description\":\"Faculty of Law, Economics and Finance I Uni.lu\"}]}<\/script>\n<!-- \/ Yoast SEO Premium plugin. -->","yoast_head_json":{"title":"Global Minimum Tax and Investment Treaty Arbitration - FDEF events I Uni.lu","description":"The Department of Law of the Faculty of Law, Economics and Finance is pleased to invite you to a seminar on Global Minimum Tax Abstract: The Seminar is a","robots":{"index":"index","follow":"follow","max-snippet":"max-snippet:-1","max-image-preview":"max-image-preview:large","max-video-preview":"max-video-preview:-1"},"canonical":"https:\/\/www.uni.lu\/fdef-en\/events\/global-minimum-tax-and-investment-treaty-arbitration\/","og_locale":"en_GB","og_type":"article","og_title":"Global Minimum Tax and Investment Treaty Arbitration","og_description":"The Department of Law of the Faculty of Law, Economics and Finance is pleased to invite you to a seminar on Global Minimum Tax Abstract: The Seminar is a","og_url":"https:\/\/www.uni.lu\/fdef-en\/events\/global-minimum-tax-and-investment-treaty-arbitration\/","og_site_name":"FDEF EN","article_publisher":"https:\/\/www.facebook.com\/uni.FDEF.lu","article_modified_time":"2024-06-05T14:26:01+00:00","og_image":[{"width":650,"height":665,"url":"https:\/\/www.uni.lu\/wp-content\/uploads\/sites\/3\/2024\/05\/Seminar-Departement-of-Law1.png","type":"image\/png"}],"twitter_card":"summary_large_image","twitter_misc":{"Estimated reading time":"3 minutes"},"schema":{"@context":"https:\/\/schema.org","@graph":[{"@type":"WebPage","@id":"https:\/\/www.uni.lu\/fdef-en\/events\/global-minimum-tax-and-investment-treaty-arbitration\/","url":"https:\/\/www.uni.lu\/fdef-en\/events\/global-minimum-tax-and-investment-treaty-arbitration\/","name":"Global Minimum Tax and Investment Treaty Arbitration - FDEF events I Uni.lu","isPartOf":{"@id":"https:\/\/www.uni.lu\/fdef-en\/#website"},"primaryImageOfPage":{"@id":"https:\/\/www.uni.lu\/fdef-en\/events\/global-minimum-tax-and-investment-treaty-arbitration\/#primaryimage"},"image":{"@id":"https:\/\/www.uni.lu\/fdef-en\/events\/global-minimum-tax-and-investment-treaty-arbitration\/#primaryimage"},"thumbnailUrl":"https:\/\/www.uni.lu\/wp-content\/uploads\/sites\/3\/2024\/05\/Seminar-Departement-of-Law1.png","datePublished":"2024-05-13T08:41:24+00:00","dateModified":"2024-06-05T14:26:01+00:00","description":"The Department of Law of the Faculty of Law, Economics and Finance is pleased to invite you to a seminar on Global Minimum Tax Abstract: The Seminar is a","breadcrumb":{"@id":"https:\/\/www.uni.lu\/fdef-en\/events\/global-minimum-tax-and-investment-treaty-arbitration\/#breadcrumb"},"inLanguage":"en-GB","potentialAction":[{"@type":"ReadAction","target":["https:\/\/www.uni.lu\/fdef-en\/events\/global-minimum-tax-and-investment-treaty-arbitration\/"]}]},{"@type":"ImageObject","inLanguage":"en-GB","@id":"https:\/\/www.uni.lu\/fdef-en\/events\/global-minimum-tax-and-investment-treaty-arbitration\/#primaryimage","url":"https:\/\/www.uni.lu\/wp-content\/uploads\/sites\/3\/2024\/05\/Seminar-Departement-of-Law1.png","contentUrl":"https:\/\/www.uni.lu\/wp-content\/uploads\/sites\/3\/2024\/05\/Seminar-Departement-of-Law1.png","width":650,"height":665},{"@type":"BreadcrumbList","@id":"https:\/\/www.uni.lu\/fdef-en\/events\/global-minimum-tax-and-investment-treaty-arbitration\/#breadcrumb","itemListElement":[{"@type":"ListItem","position":1,"name":"Home","item":"https:\/\/www.uni.lu\/en"},{"@type":"ListItem","position":2,"name":"Faculty of Law, Economics and Finance","item":"https:\/\/www.uni.lu\/fdef-en\/"},{"@type":"ListItem","position":3,"name":"Events","item":"https:\/\/www.uni.lu\/fdef-en\/events\/"},{"@type":"ListItem","position":4,"name":"Global Minimum Tax and Investment Treaty Arbitration"}]},{"@type":"WebSite","@id":"https:\/\/www.uni.lu\/fdef-en\/#website","url":"https:\/\/www.uni.lu\/fdef-en\/","name":"FDEF","description":"Faculty of Law, Economics and Finance I Uni.lu","publisher":{"@id":"https:\/\/www.uni.lu\/fdef-en\/#organization"},"alternateName":"Faculty of Law, Economics and Finance I University of Luxembourg","potentialAction":[{"@type":"SearchAction","target":{"@type":"EntryPoint","urlTemplate":"https:\/\/www.uni.lu\/fdef-en\/?s={search_term_string}"},"query-input":"required name=search_term_string"}],"inLanguage":"en-GB"},{"@type":"Organization","@id":"https:\/\/www.uni.lu\/fdef-en\/#organization","name":"FDEF - University of Luxembourg I Uni.lu","alternateName":"Faculty of Law, Economics and Finance","url":"https:\/\/www.uni.lu\/fdef-en\/","logo":{"@type":"ImageObject","inLanguage":"en-GB","@id":"https:\/\/www.uni.lu\/fdef-en\/#\/schema\/logo\/image\/","url":"https:\/\/www.uni.lu\/wp-content\/uploads\/sites\/3\/2026\/03\/03111918\/FDEF_SM-Profile_1600x1600px-scaled.jpg","contentUrl":"https:\/\/www.uni.lu\/wp-content\/uploads\/sites\/3\/2026\/03\/03111918\/FDEF_SM-Profile_1600x1600px-scaled.jpg","width":2560,"height":2560,"caption":"FDEF - University of Luxembourg I Uni.lu"},"image":"https:\/\/www.uni.lu\/wp-content\/uploads\/sites\/3\/2026\/04\/24144328\/20200609-Belval-Campus_Henri-Goergen-23.jpg","sameAs":["https:\/\/www.facebook.com\/uni.FDEF.lu","https:\/\/www.linkedin.com\/showcase\/fdef-uni-lu\/"],"email":"communication@uni.lu","telephone":"+3524666441","address":{"@type":"PostalAddress","streetAddress":"2, place de l\u2019Universit\u00e9","addressLocality":"Esch-sur-Alzette","postalCode":"4365","addressCountry":"LU"},"description":"Faculty of Law, Economics and Finance I Uni.lu"}]}},"_links":{"self":[{"href":"https:\/\/www.uni.lu\/fdef-en\/wp-json\/wp\/v2\/events\/10375"}],"collection":[{"href":"https:\/\/www.uni.lu\/fdef-en\/wp-json\/wp\/v2\/events"}],"about":[{"href":"https:\/\/www.uni.lu\/fdef-en\/wp-json\/wp\/v2\/types\/events"}],"author":[{"embeddable":true,"href":"https:\/\/www.uni.lu\/fdef-en\/wp-json\/wp\/v2\/users\/85"}],"replies":[{"embeddable":true,"href":"https:\/\/www.uni.lu\/fdef-en\/wp-json\/wp\/v2\/comments?post=10375"}],"version-history":[{"count":5,"href":"https:\/\/www.uni.lu\/fdef-en\/wp-json\/wp\/v2\/events\/10375\/revisions"}],"predecessor-version":[{"id":10749,"href":"https:\/\/www.uni.lu\/fdef-en\/wp-json\/wp\/v2\/events\/10375\/revisions\/10749"}],"wp:authorship":[{"embeddable":true,"href":"https:\/\/www.uni.lu\/fdef-en\/wp-json\/wp\/v2\/users\/85"}],"wp:featuredmedia":[{"embeddable":true,"href":"https:\/\/www.uni.lu\/fdef-en\/wp-json\/wp\/v2\/media\/10750"}],"wp:attachment":[{"href":"https:\/\/www.uni.lu\/fdef-en\/wp-json\/wp\/v2\/media?parent=10375"}],"wp:term":[{"taxonomy":"events-topic","embeddable":true,"href":"https:\/\/www.uni.lu\/fdef-en\/wp-json\/wp\/v2\/events-topic?post=10375"},{"taxonomy":"events-type","embeddable":true,"href":"https:\/\/www.uni.lu\/fdef-en\/wp-json\/wp\/v2\/events-type?post=10375"},{"taxonomy":"organisation","embeddable":true,"href":"https:\/\/www.uni.lu\/fdef-en\/wp-json\/wp\/v2\/organisation?post=10375"}],"curies":[{"name":"wp","href":"https:\/\/api.w.org\/{rel}","templated":true}]}}