{"id":4822,"date":"2023-06-06T17:21:18","date_gmt":"2023-06-06T17:21:18","guid":{"rendered":"https:\/\/website.prod.unilu.spikeseed.cloud\/en\/?page_id=4822"},"modified":"2025-11-17T12:02:19","modified_gmt":"2025-11-17T11:02:19","slug":"gender-equality-committee","status":"publish","type":"page","link":"https:\/\/www.uni.lu\/en\/about\/governance\/gender-equality-committee\/","title":{"rendered":"Gender Equality Committee\u00a0"},"content":{"rendered":"\n<section class=\"py-0 wp-block-unilux-blocks-free-section section\"><div class=\"container xl:max-w-screen-xl\">\n<h1 class=\"has-text-align-left wp-block-unilux-blocks-heading\"        id=\"gender-equality-committee\"\n    >\nGender Equality Committee<\/h1>\n<\/div><\/section>\n\n\n\n<section class=\"wp-block-unilux-blocks-free-section section\"><div class=\"container xl:max-w-screen-xl\">\n<p>The Gender Equality Delegate Prof. Dr Skerdilajda Zanaj collaborates with employees of the University of Luxembourg to identify and address barriers to gender equality. She assists the rectorate in building and implementing a gender equality policy. As part of her work, the Gender Equality Delegate contributes to discussions within national and international organisations.<\/p>\n\n\n\n<p>The position of the Gender Equality Delegate is established by Article 10 of the law on the organisation of the University of Luxembourg. As per the University Regulations (<em>R\u00e8glement d&#8217;Ordre Int\u00e9rieur<\/em>), the Gender Equality Delegate chairs the Gender Equality Committee, composed of the chairperson and nine other members. This is a gender-balanced team that represents university employees as well as students from the student delegation. The University council nominates the committee members.<\/p>\n\n\n<div class=\"py-48 first:pt-0 last:pb-0 wp-block-unilux-blocks-people-list\">\n    \n<h2 class=\"has-text-align-left wp-block-unilux-blocks-heading\"        id=\"gender-equality-delegate\"\n    >\nGender Equality Delegate<\/h2>\n<ul class=\"flex flex-wrap -mx-16 wp-block-unilux-blocks-people-item-wrapper\">\n    <li class=\"w-full md:w-1\/2 p-16 wp-block-unilux-blocks-people-item-automated\"><div class=\"ulux-card card-people bg-theme\"><div class=\"list-people bg-theme\">\n    <div class=\"list-people__container\">\n        <div class=\"list-people__visual\">\n            <figure class=\"wp-block-dev4-reusable-blocks-image\">\n                <!-- Template Image Component: default -->\n<img decoding=\"async\" class=\"w-full\" width=\"\" height=\"\" rel=\"\" alt=\"Prof Skerdilajda ZANAJ\" src=\"https:\/\/www.uni.lu\/en\/person-image\/NTAwMDMzNTRfX1NrZXJkaWxhamRhIFpBTkFK\" srcset=\"https:\/\/www.uni.lu\/en\/person-image\/NTAwMDMzNTRfX1NrZXJkaWxhamRhIFpBTkFK--thumbnail 150w,https:\/\/www.uni.lu\/en\/person-image\/NTAwMDMzNTRfX1NrZXJkaWxhamRhIFpBTkFK--medium 300w,https:\/\/www.uni.lu\/en\/person-image\/NTAwMDMzNTRfX1NrZXJkaWxhamRhIFpBTkFK--medium_large 768w,https:\/\/www.uni.lu\/en\/person-image\/NTAwMDMzNTRfX1NrZXJkaWxhamRhIFpBTkFK--large 1024w,https:\/\/www.uni.lu\/en\/person-image\/NTAwMDMzNTRfX1NrZXJkaWxhamRhIFpBTkFK--1536x1536 1536w,https:\/\/www.uni.lu\/en\/person-image\/NTAwMDMzNTRfX1NrZXJkaWxhamRhIFpBTkFK--2048x2048 2048w\" loading=\"lazy\" \/><!-- end Image Component -->\n            <\/figure>\n        <\/div>\n        <div class=\"list-people__body\">\n            <h3 class=\"list-people__title\">Prof Skerdilajda ZANAJ<\/h3>\n            <p class=\"list-people__description\">Full professor in Economics<\/p>\n            <div class=\"wp-block-unilux-blocks-simple-cta wp-block-unilux-blocks-people-item-automated\">\n    <a\n        href=\"https:\/\/www.uni.lu\/fdef-en\/people\/skerdilajda-zanaj\/\"\n        title=\"Prof Skerdilajda ZANAJ\"\n        class=\"link-text link-text--icon list-people__link link-absolute\"\n        target=\"\"\n    >\n        <span class=\"link-text__body\">\n            <span class=\"link-text__name\">Learn more<\/span>\n        <\/span>\n        <svg aria-hidden=\"true\" focusable=\"false\" class=\"icon icon-outline icon--arrow-right \"><use xlink:href=\"https:\/\/www.uni.lu\/wp-content\/themes\/unilux-theme\/assets\/images\/icons\/icons-outline.svg#icon--arrow-right\"><\/use><\/svg>    <\/a>\n<\/div>\n        <\/div>\n    <\/div>\n<\/div>\n<\/div><\/li><\/ul>\n\n<\/div>\n\n\n\n<div class=\"wp-block-unilux-blocks-spacer is-spacer-size-sm\"><\/div>\n\n\n<p>The committee is composed as follows:<\/p>\n\n\n\n<ul class=\"ulux-list\">\n<li class=\"ulux-list-item\">Skerdilajda Zanaj (Gender Equality Delegate (FDEF))<\/li>\n\n\n\n<li class=\"ulux-list-item\">Anne Gr\u00fcnewald (teacher\/researcher&nbsp;LCSB)<\/li>\n\n\n\n<li class=\"ulux-list-item\">Jean-Baptiste Habourdin (AFT staff representative)<\/li>\n\n\n\n<li class=\"ulux-list-item\">Jos\u00e9 Luis S\u00e1nchez L\u00f3pez (teacher\/researcher SnT)<\/li>\n\n\n\n<li class=\"ulux-list-item\">Immaculada Peral Alonso&nbsp;(teacher\/researcher FSTM)<\/li>\n\n\n\n<li class=\"ulux-list-item\">Agn\u00e8s Pr\u00fcm (teacher\/researcher FHSE)<\/li>\n\n\n\n<li class=\"ulux-list-item\">Stefan Vladimir Capitanescu (student FSTM)<\/li>\n\n\n\n<li class=\"ulux-list-item\">Alexandra Some\u015fan (student FHSE)<\/li>\n\n\n\n<li class=\"ulux-list-item\">Laetitia Richard (student FSTM)<\/li>\n\n\n\n<li class=\"ulux-list-item\">Christian Walter (AFT staff representative)<\/li>\n<\/ul>\n\n\n\n<p>The gender equality representative of the staff delegation, is also a member of the Gender Equality Committee with no voting rights.\u00a0<\/p>\n\n\n\n<p>The Gender Equality Office Team participates in the meetings (with no voting rights), as well as other representatives of who have shown a commitment to supporting the Gender Equality Committee, such as C\u00e9cile Duval (the gender delegate of C2DH), Oliver Glassl (FSTM), Camille Goffin (FDEF) and Christine Homolko (SnT).<\/p>\n\n\n<ul class=\"wp-block-unilux-blocks-button-list\">\n    <li class=\"wp-block-unilux-blocks-button-list-item\">\n    <a\n            href=\"https:\/\/www.uni.lu\/en\/about\/gender-equality\/#\"\n            class=\"quick-link wp-block-unilux-blocks-anchor\"        target=\"\"\n>\n    \n<span class=\"wp-block-unilux-blocks-wrapper quick-link__container\"><figure class=\"wp-block-dev4-reusable-blocks-image quick-link__img object-fit--scale-down\">\n        <\/figure>\n\n\n<span class=\"quick-link__name wp-block-unilux-blocks-plain-text\">Gender Equality at the University of Luxembourg<\/span>\n\n<svg aria-hidden=\"true\" focusable=\"false\" class=\"icon icon-outline icon--arrow-right \"><use xlink:href=\"https:\/\/www.uni.lu\/wp-content\/themes\/unilux-theme\/assets\/images\/icons\/icons-outline.svg#icon--arrow-right\"><\/use><\/svg><\/span>\n<\/a>\n<\/li><li class=\"wp-block-unilux-blocks-button-list-item\">\n    <a\n            href=\"https:\/\/www.uni.lu\/wp-content\/uploads\/sites\/9\/2023\/07\/Gender_Equality_Policy_Measures_2021-09.pdf\"\n            class=\"quick-link wp-block-unilux-blocks-anchor\"        target=\"_blank\"\n>\n    \n<span class=\"wp-block-unilux-blocks-wrapper quick-link__container\"><figure class=\"wp-block-dev4-reusable-blocks-image quick-link__img object-fit--scale-down\">\n        <\/figure>\n\n\n<span class=\"quick-link__name wp-block-unilux-blocks-plain-text\">Provisional implementation measures of the gender equality policy<\/span>\n\n<svg aria-hidden=\"true\" focusable=\"false\" class=\"icon icon-outline icon--download \"><use xlink:href=\"https:\/\/www.uni.lu\/wp-content\/themes\/unilux-theme\/assets\/images\/icons\/icons-outline.svg#icon--download\"><\/use><\/svg><\/span>\n<\/a>\n<\/li><\/ul>\n<\/div><\/section>\n","protected":false},"excerpt":{"rendered":"","protected":false},"author":33,"featured_media":22965,"parent":4446,"menu_order":7,"comment_status":"closed","ping_status":"closed","template":"","meta":{"featured_image_focal_point":[],"show_featured_caption":false,"ulux_newsletter_groups":"","uluxPostTitle":"","uluxPrePostTitle":"","_trash_the_other_posts":false,"_price":"","_stock":"","_tribe_ticket_header":"","_tribe_default_ticket_provider":"","_tribe_ticket_capacity":"0","_ticket_start_date":"","_ticket_end_date":"","_tribe_ticket_show_description":"","_tribe_ticket_show_not_going":false,"_tribe_ticket_use_global_stock":"","_tribe_ticket_global_stock_level":"","_global_stock_mode":"","_global_stock_cap":"","_tribe_rsvp_for_event":"","_tribe_ticket_going_count":"","_tribe_ticket_not_going_count":"","_tribe_tickets_list":"[]","_tribe_ticket_has_attendee_info_fields":false,"footnotes":""},"field-of-interest":[],"organisation":[],"authorship":[33],"acf":[],"yoast_head":"<!-- This site is optimized with the Yoast SEO Premium plugin v22.3 (Yoast SEO v22.3) - https:\/\/yoast.com\/wordpress\/plugins\/seo\/ -->\n<title>Gender Equality Committee\u00a0 - University of Luxembourg<\/title>\n<meta name=\"description\" content=\"The Gender Equality Delegate Prof. Dr Skerdilajda Zanaj collaborates to identify and address barriers to gender equality.\" \/>\n<meta name=\"robots\" content=\"index, follow, max-snippet:-1, max-image-preview:large, max-video-preview:-1\" \/>\n<link rel=\"canonical\" href=\"https:\/\/www.uni.lu\/en\/about\/governance\/gender-equality-committee\/\" \/>\n<meta property=\"og:locale\" content=\"en_GB\" \/>\n<meta property=\"og:type\" content=\"article\" \/>\n<meta property=\"og:title\" content=\"Gender Equality Committee\u00a0\" \/>\n<meta property=\"og:description\" content=\"The Gender Equality Delegate Prof. Dr Skerdilajda Zanaj collaborates to identify and address barriers to gender equality.\" \/>\n<meta property=\"og:url\" content=\"https:\/\/www.uni.lu\/en\/about\/governance\/gender-equality-committee\/\" \/>\n<meta property=\"og:site_name\" content=\"UNI EN\" \/>\n<meta property=\"article:publisher\" content=\"https:\/\/www.facebook.com\/uni.lu\" \/>\n<meta property=\"article:modified_time\" content=\"2025-11-17T11:02:19+00:00\" \/>\n<meta property=\"og:image\" content=\"https:\/\/www.uni.lu\/wp-content\/uploads\/sites\/9\/2024\/02\/University-of-Luxembourg-logo.png\" \/>\n\t<meta property=\"og:image:width\" content=\"181\" \/>\n\t<meta property=\"og:image:height\" content=\"179\" \/>\n\t<meta property=\"og:image:type\" content=\"image\/png\" \/>\n<meta name=\"twitter:card\" content=\"summary_large_image\" \/>\n<meta name=\"twitter:label1\" content=\"Estimated reading time\" \/>\n\t<meta name=\"twitter:data1\" content=\"2 minutes\" \/>\n<script type=\"application\/ld+json\" class=\"yoast-schema-graph\">{\"@context\":\"https:\/\/schema.org\",\"@graph\":[{\"@type\":\"WebPage\",\"@id\":\"https:\/\/www.uni.lu\/en\/about\/governance\/gender-equality-committee\/\",\"url\":\"https:\/\/www.uni.lu\/en\/about\/governance\/gender-equality-committee\/\",\"name\":\"Gender Equality Committee\u00a0 - University of Luxembourg\",\"isPartOf\":{\"@id\":\"https:\/\/www.uni.lu\/en\/#website\"},\"primaryImageOfPage\":{\"@id\":\"https:\/\/www.uni.lu\/en\/about\/governance\/gender-equality-committee\/#primaryimage\"},\"image\":{\"@id\":\"https:\/\/www.uni.lu\/en\/about\/governance\/gender-equality-committee\/#primaryimage\"},\"thumbnailUrl\":\"https:\/\/www.uni.lu\/wp-content\/uploads\/sites\/9\/2024\/02\/University-of-Luxembourg-logo.png\",\"datePublished\":\"2023-06-06T17:21:18+00:00\",\"dateModified\":\"2025-11-17T11:02:19+00:00\",\"description\":\"The Gender Equality Delegate Prof. Dr Skerdilajda Zanaj collaborates to identify and address barriers to gender equality.\",\"breadcrumb\":{\"@id\":\"https:\/\/www.uni.lu\/en\/about\/governance\/gender-equality-committee\/#breadcrumb\"},\"inLanguage\":\"en-GB\",\"potentialAction\":[{\"@type\":\"ReadAction\",\"target\":[\"https:\/\/www.uni.lu\/en\/about\/governance\/gender-equality-committee\/\"]}]},{\"@type\":\"ImageObject\",\"inLanguage\":\"en-GB\",\"@id\":\"https:\/\/www.uni.lu\/en\/about\/governance\/gender-equality-committee\/#primaryimage\",\"url\":\"https:\/\/www.uni.lu\/wp-content\/uploads\/sites\/9\/2024\/02\/University-of-Luxembourg-logo.png\",\"contentUrl\":\"https:\/\/www.uni.lu\/wp-content\/uploads\/sites\/9\/2024\/02\/University-of-Luxembourg-logo.png\",\"width\":181,\"height\":179,\"caption\":\"University of Luxembourg, logo\"},{\"@type\":\"BreadcrumbList\",\"@id\":\"https:\/\/www.uni.lu\/en\/about\/governance\/gender-equality-committee\/#breadcrumb\",\"itemListElement\":[{\"@type\":\"ListItem\",\"position\":1,\"name\":\"Home\",\"item\":\"https:\/\/www.uni.lu\/en\/\"},{\"@type\":\"ListItem\",\"position\":2,\"name\":\"About\",\"item\":\"https:\/\/www.uni.lu\/en\/about\/\"},{\"@type\":\"ListItem\",\"position\":3,\"name\":\"Governance\",\"item\":\"https:\/\/www.uni.lu\/en\/about\/governance\/\"},{\"@type\":\"ListItem\",\"position\":4,\"name\":\"Gender Equality Committee\u00a0\"}]},{\"@type\":\"WebSite\",\"@id\":\"https:\/\/www.uni.lu\/en\/#website\",\"url\":\"https:\/\/www.uni.lu\/en\/\",\"name\":\"Uni.lu\",\"description\":\"University of Luxembourg\",\"publisher\":{\"@id\":\"https:\/\/www.uni.lu\/en\/#organization\"},\"alternateName\":\"University of Luxembourg\",\"potentialAction\":[{\"@type\":\"SearchAction\",\"target\":{\"@type\":\"EntryPoint\",\"urlTemplate\":\"https:\/\/www.uni.lu\/en\/?s={search_term_string}\"},\"query-input\":\"required name=search_term_string\"}],\"inLanguage\":\"en-GB\"},{\"@type\":\"Organization\",\"@id\":\"https:\/\/www.uni.lu\/en\/#organization\",\"name\":\"University of Luxembourg\",\"alternateName\":\"Uni.lu\",\"url\":\"https:\/\/www.uni.lu\/en\/\",\"logo\":{\"@type\":\"ImageObject\",\"inLanguage\":\"en-GB\",\"@id\":\"https:\/\/www.uni.lu\/en\/#\/schema\/logo\/image\/\",\"url\":\"https:\/\/www.uni.lu\/wp-content\/uploads\/sites\/9\/2026\/03\/03120157\/UNIV_SM-Profile_1600x1600px-scaled.jpg\",\"contentUrl\":\"https:\/\/www.uni.lu\/wp-content\/uploads\/sites\/9\/2026\/03\/03120157\/UNIV_SM-Profile_1600x1600px-scaled.jpg\",\"width\":2560,\"height\":2560,\"caption\":\"University of Luxembourg\"},\"image\":\"https:\/\/www.uni.lu\/wp-content\/uploads\/sites\/9\/2023\/06\/virtual.jpg\",\"sameAs\":[\"https:\/\/www.facebook.com\/uni.lu\",\"https:\/\/www.linkedin.com\/school\/university-of-luxembourg\/\",\"https:\/\/www.instagram.com\/uni.lu\",\"https:\/\/www.youtube.com\/@uni_lu\",\"https:\/\/en.wikipedia.org\/wiki\/University_of_Luxembourg\"],\"email\":\"communication@uni.lu\",\"telephone\":\"+352 46 66 44 1\",\"address\":{\"@type\":\"PostalAddress\",\"streetAddress\":\"2, place de l\u2019Universit\u00e9\",\"addressLocality\":\"Esch-sur-Alzette\",\"postalCode\":\"4365\",\"addressCountry\":\"LU\"},\"description\":\"University of Luxembourg\"}]}<\/script>\n<!-- \/ Yoast SEO Premium plugin. -->","yoast_head_json":{"title":"Gender Equality Committee\u00a0 - University of Luxembourg","description":"The Gender Equality Delegate Prof. Dr Skerdilajda Zanaj collaborates to identify and address barriers to gender equality.","robots":{"index":"index","follow":"follow","max-snippet":"max-snippet:-1","max-image-preview":"max-image-preview:large","max-video-preview":"max-video-preview:-1"},"canonical":"https:\/\/www.uni.lu\/en\/about\/governance\/gender-equality-committee\/","og_locale":"en_GB","og_type":"article","og_title":"Gender Equality Committee\u00a0","og_description":"The Gender Equality Delegate Prof. Dr Skerdilajda Zanaj collaborates to identify and address barriers to gender equality.","og_url":"https:\/\/www.uni.lu\/en\/about\/governance\/gender-equality-committee\/","og_site_name":"UNI EN","article_publisher":"https:\/\/www.facebook.com\/uni.lu","article_modified_time":"2025-11-17T11:02:19+00:00","og_image":[{"width":181,"height":179,"url":"https:\/\/www.uni.lu\/wp-content\/uploads\/sites\/9\/2024\/02\/University-of-Luxembourg-logo.png","type":"image\/png"}],"twitter_card":"summary_large_image","twitter_misc":{"Estimated reading time":"2 minutes"},"schema":{"@context":"https:\/\/schema.org","@graph":[{"@type":"WebPage","@id":"https:\/\/www.uni.lu\/en\/about\/governance\/gender-equality-committee\/","url":"https:\/\/www.uni.lu\/en\/about\/governance\/gender-equality-committee\/","name":"Gender Equality Committee\u00a0 - University of Luxembourg","isPartOf":{"@id":"https:\/\/www.uni.lu\/en\/#website"},"primaryImageOfPage":{"@id":"https:\/\/www.uni.lu\/en\/about\/governance\/gender-equality-committee\/#primaryimage"},"image":{"@id":"https:\/\/www.uni.lu\/en\/about\/governance\/gender-equality-committee\/#primaryimage"},"thumbnailUrl":"https:\/\/www.uni.lu\/wp-content\/uploads\/sites\/9\/2024\/02\/University-of-Luxembourg-logo.png","datePublished":"2023-06-06T17:21:18+00:00","dateModified":"2025-11-17T11:02:19+00:00","description":"The Gender Equality Delegate Prof. Dr Skerdilajda Zanaj collaborates to identify and address barriers to gender equality.","breadcrumb":{"@id":"https:\/\/www.uni.lu\/en\/about\/governance\/gender-equality-committee\/#breadcrumb"},"inLanguage":"en-GB","potentialAction":[{"@type":"ReadAction","target":["https:\/\/www.uni.lu\/en\/about\/governance\/gender-equality-committee\/"]}]},{"@type":"ImageObject","inLanguage":"en-GB","@id":"https:\/\/www.uni.lu\/en\/about\/governance\/gender-equality-committee\/#primaryimage","url":"https:\/\/www.uni.lu\/wp-content\/uploads\/sites\/9\/2024\/02\/University-of-Luxembourg-logo.png","contentUrl":"https:\/\/www.uni.lu\/wp-content\/uploads\/sites\/9\/2024\/02\/University-of-Luxembourg-logo.png","width":181,"height":179,"caption":"University of Luxembourg, logo"},{"@type":"BreadcrumbList","@id":"https:\/\/www.uni.lu\/en\/about\/governance\/gender-equality-committee\/#breadcrumb","itemListElement":[{"@type":"ListItem","position":1,"name":"Home","item":"https:\/\/www.uni.lu\/en\/"},{"@type":"ListItem","position":2,"name":"About","item":"https:\/\/www.uni.lu\/en\/about\/"},{"@type":"ListItem","position":3,"name":"Governance","item":"https:\/\/www.uni.lu\/en\/about\/governance\/"},{"@type":"ListItem","position":4,"name":"Gender Equality Committee\u00a0"}]},{"@type":"WebSite","@id":"https:\/\/www.uni.lu\/en\/#website","url":"https:\/\/www.uni.lu\/en\/","name":"Uni.lu","description":"University of Luxembourg","publisher":{"@id":"https:\/\/www.uni.lu\/en\/#organization"},"alternateName":"University of Luxembourg","potentialAction":[{"@type":"SearchAction","target":{"@type":"EntryPoint","urlTemplate":"https:\/\/www.uni.lu\/en\/?s={search_term_string}"},"query-input":"required name=search_term_string"}],"inLanguage":"en-GB"},{"@type":"Organization","@id":"https:\/\/www.uni.lu\/en\/#organization","name":"University of Luxembourg","alternateName":"Uni.lu","url":"https:\/\/www.uni.lu\/en\/","logo":{"@type":"ImageObject","inLanguage":"en-GB","@id":"https:\/\/www.uni.lu\/en\/#\/schema\/logo\/image\/","url":"https:\/\/www.uni.lu\/wp-content\/uploads\/sites\/9\/2026\/03\/03120157\/UNIV_SM-Profile_1600x1600px-scaled.jpg","contentUrl":"https:\/\/www.uni.lu\/wp-content\/uploads\/sites\/9\/2026\/03\/03120157\/UNIV_SM-Profile_1600x1600px-scaled.jpg","width":2560,"height":2560,"caption":"University of Luxembourg"},"image":"https:\/\/www.uni.lu\/wp-content\/uploads\/sites\/9\/2023\/06\/virtual.jpg","sameAs":["https:\/\/www.facebook.com\/uni.lu","https:\/\/www.linkedin.com\/school\/university-of-luxembourg\/","https:\/\/www.instagram.com\/uni.lu","https:\/\/www.youtube.com\/@uni_lu","https:\/\/en.wikipedia.org\/wiki\/University_of_Luxembourg"],"email":"communication@uni.lu","telephone":"+352 46 66 44 1","address":{"@type":"PostalAddress","streetAddress":"2, place de l\u2019Universit\u00e9","addressLocality":"Esch-sur-Alzette","postalCode":"4365","addressCountry":"LU"},"description":"University of Luxembourg"}]}},"ticketed":false,"_links":{"self":[{"href":"https:\/\/www.uni.lu\/en\/wp-json\/wp\/v2\/pages\/4822"}],"collection":[{"href":"https:\/\/www.uni.lu\/en\/wp-json\/wp\/v2\/pages"}],"about":[{"href":"https:\/\/www.uni.lu\/en\/wp-json\/wp\/v2\/types\/page"}],"author":[{"embeddable":true,"href":"https:\/\/www.uni.lu\/en\/wp-json\/wp\/v2\/users\/33"}],"replies":[{"embeddable":true,"href":"https:\/\/www.uni.lu\/en\/wp-json\/wp\/v2\/comments?post=4822"}],"version-history":[{"count":4,"href":"https:\/\/www.uni.lu\/en\/wp-json\/wp\/v2\/pages\/4822\/revisions"}],"predecessor-version":[{"id":53930,"href":"https:\/\/www.uni.lu\/en\/wp-json\/wp\/v2\/pages\/4822\/revisions\/53930"}],"up":[{"embeddable":true,"href":"https:\/\/www.uni.lu\/en\/wp-json\/wp\/v2\/pages\/4446"}],"wp:authorship":[{"embeddable":true,"href":"https:\/\/www.uni.lu\/en\/wp-json\/wp\/v2\/users\/33"}],"wp:featuredmedia":[{"embeddable":true,"href":"https:\/\/www.uni.lu\/en\/wp-json\/wp\/v2\/media\/22965"}],"wp:attachment":[{"href":"https:\/\/www.uni.lu\/en\/wp-json\/wp\/v2\/media?parent=4822"}],"wp:term":[{"taxonomy":"field-of-interest","embeddable":true,"href":"https:\/\/www.uni.lu\/en\/wp-json\/wp\/v2\/field-of-interest?post=4822"},{"taxonomy":"organisation","embeddable":true,"href":"https:\/\/www.uni.lu\/en\/wp-json\/wp\/v2\/organisation?post=4822"}],"curies":[{"name":"wp","href":"https:\/\/api.w.org\/{rel}","templated":true}]}}