{"id":17031,"date":"2023-10-04T15:56:48","date_gmt":"2023-10-04T13:56:48","guid":{"rendered":"https:\/\/www.uni.lu\/en\/?page_id=17031"},"modified":"2026-04-24T14:50:39","modified_gmt":"2026-04-24T12:50:39","slug":"fairs","status":"publish","type":"page","link":"https:\/\/www.uni.lu\/en\/education\/discover-the-university\/fairs\/","title":{"rendered":"Fairs"},"content":{"rendered":"\n<section class=\"section no-padding-y wp-block-unilux-blocks-hero\">\n    <div class=\"hero hero--2  \">\n        \n<header class=\"wp-block-unilux-blocks-wrapper hero__header\">\n<div class=\"wp-block-unilux-blocks-wrapper hero__container\">\n<span class=\"hero__title__subject wp-block-unilux-blocks-plain-text\"><\/span>\n\n\n<h1 class=\"has-text-align-left wp-block-unilux-blocks-heading\"        id=\"meet-us-at-student-fairs\"\n    >\n<strong>Meet us at student fairs<\/strong><\/h1>\n<\/div>\n<\/header>\n<figure class=\"wp-block-dev4-reusable-blocks-image hero__visual object-fit--cover\">\n    \n<img decoding=\"async\" class=\"wp-block-image unilux-custom-image-block\"\n                alt=\"Foire de l&#039;\u00e9tudiant\"\n            src=\"https:\/\/www.uni.lu\/wp-content\/uploads\/sites\/9\/2023\/10\/foire_de_l_etudiant_stand-scaled.jpg\"\n                srcset=\"https:\/\/www.uni.lu\/wp-content\/uploads\/sites\/9\/2023\/10\/foire_de_l_etudiant_stand-300x225.jpg 300w, https:\/\/www.uni.lu\/wp-content\/uploads\/sites\/9\/2023\/10\/foire_de_l_etudiant_stand-1024x768.jpg 1024w, https:\/\/www.uni.lu\/wp-content\/uploads\/sites\/9\/2023\/10\/foire_de_l_etudiant_stand-768x576.jpg 768w, https:\/\/www.uni.lu\/wp-content\/uploads\/sites\/9\/2023\/10\/foire_de_l_etudiant_stand-1536x1152.jpg 1536w, https:\/\/www.uni.lu\/wp-content\/uploads\/sites\/9\/2023\/10\/foire_de_l_etudiant_stand-2048x1536.jpg 2048w\"\n                style=\"object-position: 50.00% 50.00%; font-family: &quot;object-fit: cover; object-position: 50.00% 50.00%;&quot;; aspect-ratio: 16\/9; object-fit: cover; width: 100%;\"\n        loading=\"lazy\"\n\/>    <\/figure>\n<div class=\"wp-block-unilux-blocks-wrapper hero__body\">\n<div class=\"wp-block-unilux-blocks-wrapper hero__container\">\n<p class=\"wp-block-unilux-blocks-plain-text\">Throughout the year, our team and student ambassadors take part in student fairs in Luxembourg and abroad. These events are the perfect opportunity to ask your questions, explore our programmes, discover campus life, and find out what makes our university truly unique.<br>Check the list below to see where you can meet us next. We look forward to getting to know you!<\/p>\n\n\n<ul class=\"wp-block-unilux-blocks-custom-buttons btn-list\">\n\n<\/ul>\n<\/div>\n<\/div>\n    <\/div>\n<\/section>\n\n\n<section class=\"wp-block-unilux-blocks-free-section section\"><div class=\"container xl:max-w-screen-xl\">\n<p>You can find us at:<\/p>\n\n\n<ul class=\"flex flex-wrap mt-24 -mx-16  wp-block-unilux-blocks-free-content-card\">\n    <li class=\"w-full sm:w-1\/2 lg:w-1\/3 px-16  wp-block-unilux-blocks-free-content-card-item\">\n    <div class=\"ulux-card card-spin-offs bg-gray-300\">\n        <div class=\"ulux-card__container card__container\">\n                        <div class=\"ulux-card__visual wp-block-unilux-blocks-free-content-card-item-visual\">\n    \n<div class=\"wp-block-unilux-blocks-image-video-wrapper\">\n    <figure class=\"wp-block-dev4-reusable-blocks-image  object-fit--cover\">\n    \n<img decoding=\"async\" class=\"wp-block-image unilux-custom-image-block\"\n                alt=\"\"\n            src=\"https:\/\/www.uni.lu\/wp-content\/uploads\/sites\/11\/2025\/06\/02140237\/studyrama.jpg\"\n                    style=\"object-position: 50.00% 50.00%; font-family: &quot;object-fit: cover; object-position: 50.00% 50.00%;&quot;; aspect-ratio: 4\/3; object-fit: cover; width: 100%;\"\n        loading=\"lazy\"\n\/>    <\/figure><\/div><\/div><div class=\"ulux-card__body wp-block-unilux-blocks-free-content-card-item-body\">\n    \n<h3 class=\"ulux-card__title has-text-align-left wp-block-unilux-blocks-heading\"        id=\"salon-des-formations-internationales-paris-france\"\n    >\nSalon des formations internationales <br>(Paris, France)<\/h3>\n<div class=\"ulux-card__description wp-block-unilux-blocks-free-content-card-item-free-content-area\">\n    \n<ul class=\"ulux-list\">\n<li class=\"ulux-list-item\">27 September 2025<\/li>\n\n\n\n<li class=\"ulux-list-item\">Levels: Bachelor \/ Master<\/li>\n\n\n\n<li class=\"ulux-list-item\">Organisation: Studyrama<\/li>\n<\/ul>\n<\/div><div class=\"wp-block-unilux-blocks-simple-cta\">\n    <a\n        href=\"https:\/\/www.studyrama.com\/salons\/salon-studyrama-formations-internationales-251072#:~:text=Le%20salon%20Studyrama%20des%20Formations%20Internationales%20de%20Paris%20vous%20donne,des%20professeurs%20et%20des%20%C3%A9tudiants.\"\n        title=\"Learn more\"\n        class=\"link-text link-text--icon ulux-card__link link-text link-absolute\"\n        target=\"_blank\"\n    >\n        <span class=\"link-text__body\">\n            <span class=\"link-text__name\">More about this fair<\/span>\n        <\/span>\n        <svg aria-hidden=\"true\" focusable=\"false\" class=\"icon icon-outline icon--external-link \"><use xlink:href=\"https:\/\/www.uni.lu\/wp-content\/themes\/unilux-theme\/assets\/images\/icons\/icons-outline.svg#icon--external-link\"><\/use><\/svg>    <\/a>\n<\/div>\n<\/div>        <\/div>\n    <\/div>\n<\/li><li class=\"w-full sm:w-1\/2 lg:w-1\/3 px-16  wp-block-unilux-blocks-free-content-card-item\">\n    <div class=\"ulux-card card-spin-offs bg-gray-300\">\n        <div class=\"ulux-card__container card__container\">\n                        <div class=\"ulux-card__visual wp-block-unilux-blocks-free-content-card-item-visual\">\n    \n<div class=\"wp-block-unilux-blocks-image-video-wrapper\">\n    <figure class=\"wp-block-dev4-reusable-blocks-image  object-fit--cover\">\n    \n<img decoding=\"async\" class=\"wp-block-image unilux-custom-image-block\"\n                alt=\"\"\n            src=\"https:\/\/www.uni.lu\/wp-content\/uploads\/sites\/9\/2024\/10\/01163321\/0024_MER_STUDENTEFOIRE2025_A2-scaled.jpg\"\n                srcset=\"https:\/\/www.uni.lu\/wp-content\/uploads\/sites\/9\/2024\/10\/01163321\/0024_MER_STUDENTEFOIRE2025_A2-212x300.jpg 212w, https:\/\/www.uni.lu\/wp-content\/uploads\/sites\/9\/2024\/10\/01163321\/0024_MER_STUDENTEFOIRE2025_A2-725x1024.jpg 725w, https:\/\/www.uni.lu\/wp-content\/uploads\/sites\/9\/2024\/10\/01163321\/0024_MER_STUDENTEFOIRE2025_A2-768x1085.jpg 768w, https:\/\/www.uni.lu\/wp-content\/uploads\/sites\/9\/2024\/10\/01163321\/0024_MER_STUDENTEFOIRE2025_A2-1087x1536.jpg 1087w, https:\/\/www.uni.lu\/wp-content\/uploads\/sites\/9\/2024\/10\/01163321\/0024_MER_STUDENTEFOIRE2025_A2-1449x2048.jpg 1449w, https:\/\/www.uni.lu\/wp-content\/uploads\/sites\/9\/2024\/10\/01163321\/0024_MER_STUDENTEFOIRE2025_A2-scaled.jpg 1812w\"\n                style=\"object-position: 50.00% 50.00%; font-family: &quot;object-fit: cover; object-position: 50.00% 50.00%;&quot;; aspect-ratio: 4\/3; object-fit: cover; width: 100%;\"\n        loading=\"lazy\"\n\/>    <\/figure><\/div><\/div><div class=\"ulux-card__body wp-block-unilux-blocks-free-content-card-item-body\">\n    \n<h3 class=\"ulux-card__title has-text-align-left wp-block-unilux-blocks-heading\"        id=\"student-fair-luxembourg\"\n    >\nStudent Fair (Luxembourg)<\/h3>\n<div class=\"ulux-card__description wp-block-unilux-blocks-free-content-card-item-free-content-area\">\n    \n<ul class=\"ulux-list\">\n<li class=\"ulux-list-item\">30 &amp; 31 October 2025<\/li>\n\n\n\n<li class=\"ulux-list-item\">Level: Bachelor<\/li>\n\n\n\n<li class=\"ulux-list-item\">Organisation: Ministry of Research and Higher Education in close collaboration with ACEL<\/li>\n<\/ul>\n<\/div><div class=\"wp-block-unilux-blocks-simple-cta\">\n    <a\n        href=\"https:\/\/www.uni.lu\/en\/events\/student-fair\/\"\n        title=\"Learn more\"\n        class=\"link-text link-text--icon ulux-card__link link-text link-absolute\"\n        target=\"\"\n    >\n        <span class=\"link-text__body\">\n            <span class=\"link-text__name\">More about this fair<\/span>\n        <\/span>\n        <svg aria-hidden=\"true\" focusable=\"false\" class=\"icon icon-outline icon--arrow-right \"><use xlink:href=\"https:\/\/www.uni.lu\/wp-content\/themes\/unilux-theme\/assets\/images\/icons\/icons-outline.svg#icon--arrow-right\"><\/use><\/svg>    <\/a>\n<\/div>\n<\/div>        <\/div>\n    <\/div>\n<\/li><li class=\"w-full sm:w-1\/2 lg:w-1\/3 px-16  wp-block-unilux-blocks-free-content-card-item\">\n    <div class=\"ulux-card card-spin-offs bg-gray-300\">\n        <div class=\"ulux-card__container card__container\">\n                        <div class=\"ulux-card__visual wp-block-unilux-blocks-free-content-card-item-visual\">\n    \n<div class=\"wp-block-unilux-blocks-image-video-wrapper\">\n    <figure class=\"wp-block-dev4-reusable-blocks-image  object-fit--cover\">\n    \n<img decoding=\"async\" class=\"wp-block-image unilux-custom-image-block\"\n                alt=\"\"\n            src=\"https:\/\/www.uni.lu\/wp-content\/uploads\/sites\/11\/2025\/06\/02140726\/forum-franco-allemand.jpg\"\n                    style=\"object-position: 50.00% 50.00%; font-family: &quot;object-fit: cover; object-position: 50.00% 50.00%;&quot;; aspect-ratio: 4\/3; object-fit: cover; width: 100%;\"\n        loading=\"lazy\"\n\/>    <\/figure><\/div><\/div><div class=\"ulux-card__body wp-block-unilux-blocks-free-content-card-item-body\">\n    \n<h3 class=\"ulux-card__title has-text-align-left wp-block-unilux-blocks-heading\"        id=\"forum-franco-allemand-strasbourg-france\"\n    >\nForum franco-allemand (Strasbourg, France)<\/h3>\n<div class=\"ulux-card__description wp-block-unilux-blocks-free-content-card-item-free-content-area\">\n    \n<ul class=\"ulux-list\">\n<li class=\"ulux-list-item\">14 &amp; 15 November 2025<\/li>\n\n\n\n<li class=\"ulux-list-item\">Levels: Bachelor \/ Master<\/li>\n\n\n\n<li class=\"ulux-list-item\">Organisation: Forum Franco-Allemand<\/li>\n<\/ul>\n<\/div><div class=\"wp-block-unilux-blocks-simple-cta\">\n    <a\n        href=\"https:\/\/www.ffa-dff.org\/fr\/accueil\"\n        title=\"Learn more\"\n        class=\"link-text link-text--icon ulux-card__link link-text link-absolute\"\n        target=\"_blank\"\n    >\n        <span class=\"link-text__body\">\n            <span class=\"link-text__name\">More about this fair<\/span>\n        <\/span>\n        <svg aria-hidden=\"true\" focusable=\"false\" class=\"icon icon-outline icon--external-link \"><use xlink:href=\"https:\/\/www.uni.lu\/wp-content\/themes\/unilux-theme\/assets\/images\/icons\/icons-outline.svg#icon--external-link\"><\/use><\/svg>    <\/a>\n<\/div>\n<\/div>        <\/div>\n    <\/div>\n<\/li><li class=\"w-full sm:w-1\/2 lg:w-1\/3 px-16  wp-block-unilux-blocks-free-content-card-item\">\n    <div class=\"ulux-card card-spin-offs bg-gray-300\">\n        <div class=\"ulux-card__container card__container\">\n                        <div class=\"ulux-card__visual wp-block-unilux-blocks-free-content-card-item-visual\">\n    \n<div class=\"wp-block-unilux-blocks-image-video-wrapper\">\n    <figure class=\"wp-block-dev4-reusable-blocks-image  object-fit--cover\">\n    \n<img decoding=\"async\" class=\"wp-block-image unilux-custom-image-block\"\n                alt=\"\"\n            src=\"https:\/\/www.uni.lu\/wp-content\/uploads\/sites\/11\/2025\/06\/02141119\/oriaction.jpg\"\n                    style=\"object-position: 50.00% 50.00%; font-family: &quot;object-fit: cover; object-position: 50.00% 50.00%;&quot;; aspect-ratio: 4\/3; object-fit: cover; width: 100%;\"\n        loading=\"lazy\"\n\/>    <\/figure><\/div><\/div><div class=\"ulux-card__body wp-block-unilux-blocks-free-content-card-item-body\">\n    \n<h3 class=\"ulux-card__title has-text-align-left wp-block-unilux-blocks-heading\"        id=\"oriaction-nancy-france\"\n    >\nOriaction <br>(Nancy, France)<\/h3>\n<div class=\"ulux-card__description wp-block-unilux-blocks-free-content-card-item-free-content-area\">\n    \n<ul class=\"ulux-list\">\n<li class=\"ulux-list-item\">20, 21 &amp; 22 November 2025<\/li>\n\n\n\n<li class=\"ulux-list-item\">Levels: Bachelor \/ Master<\/li>\n\n\n\n<li class=\"ulux-list-item\">Organisation: L&#8217;Etudiant<\/li>\n<\/ul>\n<\/div><div class=\"wp-block-unilux-blocks-simple-cta\">\n    <a\n        href=\"https:\/\/www.oriaction.com\/\"\n        title=\"Learn more\"\n        class=\"link-text link-text--icon ulux-card__link link-text link-absolute\"\n        target=\"_blank\"\n    >\n        <span class=\"link-text__body\">\n            <span class=\"link-text__name\">More about this fair<\/span>\n        <\/span>\n        <svg aria-hidden=\"true\" focusable=\"false\" class=\"icon icon-outline icon--external-link \"><use xlink:href=\"https:\/\/www.uni.lu\/wp-content\/themes\/unilux-theme\/assets\/images\/icons\/icons-outline.svg#icon--external-link\"><\/use><\/svg>    <\/a>\n<\/div>\n<\/div>        <\/div>\n    <\/div>\n<\/li><li class=\"w-full sm:w-1\/2 lg:w-1\/3 px-16  wp-block-unilux-blocks-free-content-card-item\">\n    <div class=\"ulux-card card-spin-offs bg-gray-300\">\n        <div class=\"ulux-card__container card__container\">\n                        <div class=\"ulux-card__visual wp-block-unilux-blocks-free-content-card-item-visual\">\n    \n<div class=\"wp-block-unilux-blocks-image-video-wrapper\">\n    <figure class=\"wp-block-dev4-reusable-blocks-image  object-fit--cover\">\n    \n<img decoding=\"async\" class=\"wp-block-image unilux-custom-image-block\"\n                alt=\"\"\n            src=\"https:\/\/www.uni.lu\/wp-content\/uploads\/sites\/9\/2025\/10\/14083356\/LETUDIANT.png\"\n                srcset=\"https:\/\/www.uni.lu\/wp-content\/uploads\/sites\/9\/2025\/10\/14083356\/LETUDIANT-300x58.png 300w, https:\/\/www.uni.lu\/wp-content\/uploads\/sites\/9\/2025\/10\/14083356\/LETUDIANT-1024x197.png 1024w, https:\/\/www.uni.lu\/wp-content\/uploads\/sites\/9\/2025\/10\/14083356\/LETUDIANT-768x147.png 768w, https:\/\/www.uni.lu\/wp-content\/uploads\/sites\/9\/2025\/10\/14083356\/LETUDIANT.png 1500w\"\n                style=\"object-position: 50.00% 50.00%; font-family: &quot;object-fit: cover; object-position: 50.00% 50.00%;&quot;; aspect-ratio: 4\/3; object-fit: cover; width: 100%;\"\n        loading=\"lazy\"\n\/>    <\/figure><\/div><\/div><div class=\"ulux-card__body wp-block-unilux-blocks-free-content-card-item-body\">\n    \n<h3 class=\"ulux-card__title has-text-align-left wp-block-unilux-blocks-heading\"        id=\"le-salon-de-letudiant-masters-masteres-specialises-et-mba-france-et-international-nancy-france\"\n    >\nLe Salon de l&#8217;\u00e9tudiant Masters, mast\u00e8res sp\u00e9cialis\u00e9s et MBA France et international (Nancy, France)<\/h3>\n<div class=\"ulux-card__description wp-block-unilux-blocks-free-content-card-item-free-content-area\">\n    \n<ul class=\"ulux-list\">\n<li class=\"ulux-list-item\">6 December 2025<\/li>\n\n\n\n<li class=\"ulux-list-item\">Levels: Master<\/li>\n\n\n\n<li class=\"ulux-list-item\">Organisation: L&#8217;Etudiant<\/li>\n<\/ul>\n<\/div><div class=\"wp-block-unilux-blocks-simple-cta\">\n    <a\n        href=\"https:\/\/salon-masters-ms-et-mba-nancy.salon.letudiant.fr\/\"\n        title=\"Learn more\"\n        class=\"link-text link-text--icon ulux-card__link link-text link-absolute\"\n        target=\"_blank\"\n    >\n        <span class=\"link-text__body\">\n            <span class=\"link-text__name\">More about this fair<\/span>\n        <\/span>\n        <svg aria-hidden=\"true\" focusable=\"false\" class=\"icon icon-outline icon--external-link \"><use xlink:href=\"https:\/\/www.uni.lu\/wp-content\/themes\/unilux-theme\/assets\/images\/icons\/icons-outline.svg#icon--external-link\"><\/use><\/svg>    <\/a>\n<\/div>\n<\/div>        <\/div>\n    <\/div>\n<\/li><li class=\"w-full sm:w-1\/2 lg:w-1\/3 px-16  wp-block-unilux-blocks-free-content-card-item\">\n    <div class=\"ulux-card card-spin-offs bg-gray-300\">\n        <div class=\"ulux-card__container card__container\">\n                        <div class=\"ulux-card__visual wp-block-unilux-blocks-free-content-card-item-visual\">\n    \n<div class=\"wp-block-unilux-blocks-image-video-wrapper\">\n    <figure class=\"wp-block-dev4-reusable-blocks-image  object-fit--cover\">\n    \n<img decoding=\"async\" class=\"wp-block-image unilux-custom-image-block\"\n                alt=\"\"\n            src=\"https:\/\/www.uni.lu\/wp-content\/uploads\/sites\/11\/2025\/06\/02141552\/vocatium.jpg\"\n                    style=\"object-position: 50.00% 50.00%; font-family: &quot;object-fit: cover; object-position: 50.00% 50.00%;&quot;; aspect-ratio: 4\/3; object-fit: cover; width: 100%;\"\n        loading=\"lazy\"\n\/>    <\/figure><\/div><\/div><div class=\"ulux-card__body wp-block-unilux-blocks-free-content-card-item-body\">\n    \n<h3 class=\"ulux-card__title has-text-align-left wp-block-unilux-blocks-heading\"        id=\"vocatium-saarbruckensarrebruck-allemagne\"\n    >\nVocatium Saarbr\u00fccken<br>(Sarrebruck, Allemagne)<\/h3>\n<div class=\"ulux-card__description wp-block-unilux-blocks-free-content-card-item-free-content-area\">\n    \n<ul class=\"ulux-list\">\n<li class=\"ulux-list-item\">31 March &amp; 1 April 2026<\/li>\n\n\n\n<li class=\"ulux-list-item\">Level: Bachelor<\/li>\n\n\n\n<li class=\"ulux-list-item\">Organisation: Institut f\u00fcr Talententwicklung<\/li>\n<\/ul>\n<\/div><div class=\"wp-block-unilux-blocks-simple-cta\">\n    <a\n        href=\"https:\/\/www.vocatium.de\/messen\/info\/vocatium-saarbruecken\"\n        title=\"Learn more\"\n        class=\"link-text link-text--icon ulux-card__link link-text link-absolute\"\n        target=\"_blank\"\n    >\n        <span class=\"link-text__body\">\n            <span class=\"link-text__name\">More about this fair<\/span>\n        <\/span>\n        <svg aria-hidden=\"true\" focusable=\"false\" class=\"icon icon-outline icon--external-link \"><use xlink:href=\"https:\/\/www.uni.lu\/wp-content\/themes\/unilux-theme\/assets\/images\/icons\/icons-outline.svg#icon--external-link\"><\/use><\/svg>    <\/a>\n<\/div>\n<\/div>        <\/div>\n    <\/div>\n<\/li><li class=\"w-full sm:w-1\/2 lg:w-1\/3 px-16  wp-block-unilux-blocks-free-content-card-item\">\n    <div class=\"ulux-card card-spin-offs bg-gray-300\">\n        <div class=\"ulux-card__container card__container\">\n                        <div class=\"ulux-card__visual wp-block-unilux-blocks-free-content-card-item-visual\">\n    \n<div class=\"wp-block-unilux-blocks-image-video-wrapper\">\n    <figure class=\"wp-block-dev4-reusable-blocks-image  object-fit--cover\">\n    \n<img decoding=\"async\" class=\"wp-block-image unilux-custom-image-block\"\n                alt=\"\"\n            src=\"https:\/\/www.uni.lu\/wp-content\/uploads\/sites\/11\/2025\/06\/02141552\/vocatium.jpg\"\n                    style=\"object-position: 50.00% 50.00%; font-family: &quot;object-fit: cover; object-position: 50.00% 50.00%;&quot;; aspect-ratio: 4\/3; object-fit: cover; width: 100%;\"\n        loading=\"lazy\"\n\/>    <\/figure><\/div><\/div><div class=\"ulux-card__body wp-block-unilux-blocks-free-content-card-item-body\">\n    \n<h3 class=\"ulux-card__title has-text-align-left wp-block-unilux-blocks-heading\"        id=\"vocatium-trier-grossregiontreves-allemagne\"\n    >\nVocatium Trier + Grossregion<br>(Tr\u00eaves, Allemagne)<\/h3>\n<div class=\"ulux-card__description wp-block-unilux-blocks-free-content-card-item-free-content-area\">\n    \n<ul class=\"ulux-list\">\n<li class=\"ulux-list-item\">16 &amp; 17 June 2026<\/li>\n\n\n\n<li class=\"ulux-list-item\">Level: Bachelor<\/li>\n\n\n\n<li class=\"ulux-list-item\">Organisation: Institut f\u00fcr Talententwicklung<\/li>\n<\/ul>\n<\/div><div class=\"wp-block-unilux-blocks-simple-cta\">\n    <a\n        href=\"https:\/\/www.vocatium.de\/messen\/info\/vocatium-trier-grossregion\"\n        title=\"Learn more\"\n        class=\"link-text link-text--icon ulux-card__link link-text link-absolute\"\n        target=\"_blank\"\n    >\n        <span class=\"link-text__body\">\n            <span class=\"link-text__name\">More about this fair<\/span>\n        <\/span>\n        <svg aria-hidden=\"true\" focusable=\"false\" class=\"icon icon-outline icon--external-link \"><use xlink:href=\"https:\/\/www.uni.lu\/wp-content\/themes\/unilux-theme\/assets\/images\/icons\/icons-outline.svg#icon--external-link\"><\/use><\/svg>    <\/a>\n<\/div>\n<\/div>        <\/div>\n    <\/div>\n<\/li><\/ul><\/div><\/section>\n\n\n<section class=\"section section wp-block-unilux-blocks-quick-link-discover-section\">\n    <div class=\"container xl:max-w-screen-xl\">\n        \n<h2 class=\"has-text-align-left wp-block-unilux-blocks-heading\"        id=\"discover-more\"\n    >\nDiscover more<\/h2>\n\n<ul class=\"wp-block-unilux-blocks-quick-link-discover quick-link-list\">\n<li class=\"wp-block-unilux-blocks-quick-link-discover-item\">\n    <a\n                    href=\"https:\/\/www.uni.lu\/en\/admissions\/bachelor-master\/\"\n                    class=\"quick-link\"\n            target=\"\"\n    >\n            <span class=\"quick-link__container\">\n                <span class=\"quick-link__text\">\n                    Admissions &#8211; Bachelor and Master programmes                <\/span>\n                <svg aria-hidden=\"true\" focusable=\"false\" class=\"icon icon-outline icon--arrow-right \"><use xlink:href=\"https:\/\/www.uni.lu\/wp-content\/themes\/unilux-theme\/assets\/images\/icons\/icons-outline.svg#icon--arrow-right\"><\/use><\/svg>            <\/span>\n    <\/a>\n<\/li>\n\n\n\n<li class=\"wp-block-unilux-blocks-quick-link-discover-item\">\n    <a\n                    href=\"https:\/\/www.uni.lu\/en\/for-prospective-students-and-doctoral-candidates\/\"\n                    class=\"quick-link\"\n            target=\"\"\n    >\n            <span class=\"quick-link__container\">\n                <span class=\"quick-link__text\">\n                    Information for prospective students                <\/span>\n                <svg aria-hidden=\"true\" focusable=\"false\" class=\"icon icon-outline icon--arrow-right \"><use xlink:href=\"https:\/\/www.uni.lu\/wp-content\/themes\/unilux-theme\/assets\/images\/icons\/icons-outline.svg#icon--arrow-right\"><\/use><\/svg>            <\/span>\n    <\/a>\n<\/li>\n<\/ul>\n    <\/div>\n<\/section>","protected":false},"excerpt":{"rendered":"","protected":false},"author":343,"featured_media":0,"parent":16988,"menu_order":0,"comment_status":"closed","ping_status":"closed","template":"","meta":{"featured_image_focal_point":[],"show_featured_caption":false,"ulux_newsletter_groups":"","uluxPostTitle":"","uluxPrePostTitle":"","_trash_the_other_posts":false,"_price":"","_stock":"","_tribe_ticket_header":"","_tribe_default_ticket_provider":"","_tribe_ticket_capacity":"0","_ticket_start_date":"","_ticket_end_date":"","_tribe_ticket_show_description":"","_tribe_ticket_show_not_going":false,"_tribe_ticket_use_global_stock":"","_tribe_ticket_global_stock_level":"","_global_stock_mode":"","_global_stock_cap":"","_tribe_rsvp_for_event":"","_tribe_ticket_going_count":"","_tribe_ticket_not_going_count":"","_tribe_tickets_list":"[]","_tribe_ticket_has_attendee_info_fields":false,"footnotes":""},"field-of-interest":[],"organisation":[],"authorship":[123,343,124,33],"acf":[],"yoast_head":"<!-- This site is optimized with the Yoast SEO Premium plugin v22.3 (Yoast SEO v22.3) - https:\/\/yoast.com\/wordpress\/plugins\/seo\/ -->\n<title>Fairs - University of Luxembourg<\/title>\n<meta name=\"description\" content=\"Come and meet the University of Luxembourg at its booth during events and fairs throughout the year.\" \/>\n<meta name=\"robots\" content=\"index, follow, max-snippet:-1, max-image-preview:large, max-video-preview:-1\" \/>\n<link rel=\"canonical\" href=\"https:\/\/www.uni.lu\/en\/education\/discover-the-university\/fairs\/\" \/>\n<meta property=\"og:locale\" content=\"en_GB\" \/>\n<meta property=\"og:type\" content=\"article\" \/>\n<meta property=\"og:title\" content=\"Fairs\" \/>\n<meta property=\"og:description\" content=\"Come and meet the University of Luxembourg at its booth during events and fairs throughout the year.\" \/>\n<meta property=\"og:url\" content=\"https:\/\/www.uni.lu\/en\/education\/discover-the-university\/fairs\/\" \/>\n<meta property=\"og:site_name\" content=\"UNI EN\" \/>\n<meta property=\"article:publisher\" content=\"https:\/\/www.facebook.com\/uni.lu\" \/>\n<meta property=\"article:modified_time\" content=\"2026-04-24T12:50:39+00:00\" \/>\n<meta property=\"og:image\" content=\"https:\/\/www.uni.lu\/wp-content\/uploads\/sites\/9\/2026\/03\/03120157\/UNIV_SM-Profile_1600x1600px-scaled.jpg\" \/>\n\t<meta property=\"og:image:width\" content=\"2560\" \/>\n\t<meta property=\"og:image:height\" content=\"2560\" \/>\n\t<meta property=\"og:image:type\" content=\"image\/jpeg\" \/>\n<meta name=\"twitter:card\" content=\"summary_large_image\" \/>\n<meta name=\"twitter:label1\" content=\"Estimated reading time\" \/>\n\t<meta name=\"twitter:data1\" content=\"1 minute\" \/>\n<script type=\"application\/ld+json\" class=\"yoast-schema-graph\">{\"@context\":\"https:\/\/schema.org\",\"@graph\":[{\"@type\":\"WebPage\",\"@id\":\"https:\/\/www.uni.lu\/en\/education\/discover-the-university\/fairs\/\",\"url\":\"https:\/\/www.uni.lu\/en\/education\/discover-the-university\/fairs\/\",\"name\":\"Fairs - University of Luxembourg\",\"isPartOf\":{\"@id\":\"https:\/\/www.uni.lu\/en\/#website\"},\"datePublished\":\"2023-10-04T13:56:48+00:00\",\"dateModified\":\"2026-04-24T12:50:39+00:00\",\"description\":\"Come and meet the University of Luxembourg at its booth during events and fairs throughout the year.\",\"breadcrumb\":{\"@id\":\"https:\/\/www.uni.lu\/en\/education\/discover-the-university\/fairs\/#breadcrumb\"},\"inLanguage\":\"en-GB\",\"potentialAction\":[{\"@type\":\"ReadAction\",\"target\":[\"https:\/\/www.uni.lu\/en\/education\/discover-the-university\/fairs\/\"]}]},{\"@type\":\"BreadcrumbList\",\"@id\":\"https:\/\/www.uni.lu\/en\/education\/discover-the-university\/fairs\/#breadcrumb\",\"itemListElement\":[{\"@type\":\"ListItem\",\"position\":1,\"name\":\"Home\",\"item\":\"https:\/\/www.uni.lu\/en\/\"},{\"@type\":\"ListItem\",\"position\":2,\"name\":\"Education\",\"item\":\"https:\/\/www.uni.lu\/en\/education\/\"},{\"@type\":\"ListItem\",\"position\":3,\"name\":\"Discover the University\",\"item\":\"https:\/\/www.uni.lu\/en\/education\/discover-the-university\/\"},{\"@type\":\"ListItem\",\"position\":4,\"name\":\"Fairs\"}]},{\"@type\":\"WebSite\",\"@id\":\"https:\/\/www.uni.lu\/en\/#website\",\"url\":\"https:\/\/www.uni.lu\/en\/\",\"name\":\"Uni.lu\",\"description\":\"University of Luxembourg\",\"publisher\":{\"@id\":\"https:\/\/www.uni.lu\/en\/#organization\"},\"alternateName\":\"University of Luxembourg\",\"potentialAction\":[{\"@type\":\"SearchAction\",\"target\":{\"@type\":\"EntryPoint\",\"urlTemplate\":\"https:\/\/www.uni.lu\/en\/?s={search_term_string}\"},\"query-input\":\"required name=search_term_string\"}],\"inLanguage\":\"en-GB\"},{\"@type\":\"Organization\",\"@id\":\"https:\/\/www.uni.lu\/en\/#organization\",\"name\":\"University of Luxembourg\",\"alternateName\":\"Uni.lu\",\"url\":\"https:\/\/www.uni.lu\/en\/\",\"logo\":{\"@type\":\"ImageObject\",\"inLanguage\":\"en-GB\",\"@id\":\"https:\/\/www.uni.lu\/en\/#\/schema\/logo\/image\/\",\"url\":\"https:\/\/www.uni.lu\/wp-content\/uploads\/sites\/9\/2026\/03\/03120157\/UNIV_SM-Profile_1600x1600px-scaled.jpg\",\"contentUrl\":\"https:\/\/www.uni.lu\/wp-content\/uploads\/sites\/9\/2026\/03\/03120157\/UNIV_SM-Profile_1600x1600px-scaled.jpg\",\"width\":2560,\"height\":2560,\"caption\":\"University of Luxembourg\"},\"image\":\"https:\/\/www.uni.lu\/wp-content\/uploads\/sites\/9\/2023\/06\/virtual.jpg\",\"sameAs\":[\"https:\/\/www.facebook.com\/uni.lu\",\"https:\/\/www.linkedin.com\/school\/university-of-luxembourg\/\",\"https:\/\/www.instagram.com\/uni.lu\",\"https:\/\/www.youtube.com\/@uni_lu\",\"https:\/\/en.wikipedia.org\/wiki\/University_of_Luxembourg\"],\"email\":\"communication@uni.lu\",\"telephone\":\"+352 46 66 44 1\",\"address\":{\"@type\":\"PostalAddress\",\"streetAddress\":\"2, place de l\u2019Universit\u00e9\",\"addressLocality\":\"Esch-sur-Alzette\",\"postalCode\":\"4365\",\"addressCountry\":\"LU\"},\"description\":\"University of Luxembourg\"}]}<\/script>\n<!-- \/ Yoast SEO Premium plugin. -->","yoast_head_json":{"title":"Fairs - University of Luxembourg","description":"Come and meet the University of Luxembourg at its booth during events and fairs throughout the year.","robots":{"index":"index","follow":"follow","max-snippet":"max-snippet:-1","max-image-preview":"max-image-preview:large","max-video-preview":"max-video-preview:-1"},"canonical":"https:\/\/www.uni.lu\/en\/education\/discover-the-university\/fairs\/","og_locale":"en_GB","og_type":"article","og_title":"Fairs","og_description":"Come and meet the University of Luxembourg at its booth during events and fairs throughout the year.","og_url":"https:\/\/www.uni.lu\/en\/education\/discover-the-university\/fairs\/","og_site_name":"UNI EN","article_publisher":"https:\/\/www.facebook.com\/uni.lu","article_modified_time":"2026-04-24T12:50:39+00:00","og_image":[{"width":2560,"height":2560,"url":"https:\/\/www.uni.lu\/wp-content\/uploads\/sites\/9\/2026\/03\/03120157\/UNIV_SM-Profile_1600x1600px-scaled.jpg","type":"image\/jpeg"}],"twitter_card":"summary_large_image","twitter_misc":{"Estimated reading time":"1 minute"},"schema":{"@context":"https:\/\/schema.org","@graph":[{"@type":"WebPage","@id":"https:\/\/www.uni.lu\/en\/education\/discover-the-university\/fairs\/","url":"https:\/\/www.uni.lu\/en\/education\/discover-the-university\/fairs\/","name":"Fairs - University of Luxembourg","isPartOf":{"@id":"https:\/\/www.uni.lu\/en\/#website"},"datePublished":"2023-10-04T13:56:48+00:00","dateModified":"2026-04-24T12:50:39+00:00","description":"Come and meet the University of Luxembourg at its booth during events and fairs throughout the year.","breadcrumb":{"@id":"https:\/\/www.uni.lu\/en\/education\/discover-the-university\/fairs\/#breadcrumb"},"inLanguage":"en-GB","potentialAction":[{"@type":"ReadAction","target":["https:\/\/www.uni.lu\/en\/education\/discover-the-university\/fairs\/"]}]},{"@type":"BreadcrumbList","@id":"https:\/\/www.uni.lu\/en\/education\/discover-the-university\/fairs\/#breadcrumb","itemListElement":[{"@type":"ListItem","position":1,"name":"Home","item":"https:\/\/www.uni.lu\/en\/"},{"@type":"ListItem","position":2,"name":"Education","item":"https:\/\/www.uni.lu\/en\/education\/"},{"@type":"ListItem","position":3,"name":"Discover the University","item":"https:\/\/www.uni.lu\/en\/education\/discover-the-university\/"},{"@type":"ListItem","position":4,"name":"Fairs"}]},{"@type":"WebSite","@id":"https:\/\/www.uni.lu\/en\/#website","url":"https:\/\/www.uni.lu\/en\/","name":"Uni.lu","description":"University of Luxembourg","publisher":{"@id":"https:\/\/www.uni.lu\/en\/#organization"},"alternateName":"University of Luxembourg","potentialAction":[{"@type":"SearchAction","target":{"@type":"EntryPoint","urlTemplate":"https:\/\/www.uni.lu\/en\/?s={search_term_string}"},"query-input":"required name=search_term_string"}],"inLanguage":"en-GB"},{"@type":"Organization","@id":"https:\/\/www.uni.lu\/en\/#organization","name":"University of Luxembourg","alternateName":"Uni.lu","url":"https:\/\/www.uni.lu\/en\/","logo":{"@type":"ImageObject","inLanguage":"en-GB","@id":"https:\/\/www.uni.lu\/en\/#\/schema\/logo\/image\/","url":"https:\/\/www.uni.lu\/wp-content\/uploads\/sites\/9\/2026\/03\/03120157\/UNIV_SM-Profile_1600x1600px-scaled.jpg","contentUrl":"https:\/\/www.uni.lu\/wp-content\/uploads\/sites\/9\/2026\/03\/03120157\/UNIV_SM-Profile_1600x1600px-scaled.jpg","width":2560,"height":2560,"caption":"University of Luxembourg"},"image":"https:\/\/www.uni.lu\/wp-content\/uploads\/sites\/9\/2023\/06\/virtual.jpg","sameAs":["https:\/\/www.facebook.com\/uni.lu","https:\/\/www.linkedin.com\/school\/university-of-luxembourg\/","https:\/\/www.instagram.com\/uni.lu","https:\/\/www.youtube.com\/@uni_lu","https:\/\/en.wikipedia.org\/wiki\/University_of_Luxembourg"],"email":"communication@uni.lu","telephone":"+352 46 66 44 1","address":{"@type":"PostalAddress","streetAddress":"2, place de l\u2019Universit\u00e9","addressLocality":"Esch-sur-Alzette","postalCode":"4365","addressCountry":"LU"},"description":"University of Luxembourg"}]}},"ticketed":false,"_links":{"self":[{"href":"https:\/\/www.uni.lu\/en\/wp-json\/wp\/v2\/pages\/17031"}],"collection":[{"href":"https:\/\/www.uni.lu\/en\/wp-json\/wp\/v2\/pages"}],"about":[{"href":"https:\/\/www.uni.lu\/en\/wp-json\/wp\/v2\/types\/page"}],"author":[{"embeddable":true,"href":"https:\/\/www.uni.lu\/en\/wp-json\/wp\/v2\/users\/343"}],"replies":[{"embeddable":true,"href":"https:\/\/www.uni.lu\/en\/wp-json\/wp\/v2\/comments?post=17031"}],"version-history":[{"count":5,"href":"https:\/\/www.uni.lu\/en\/wp-json\/wp\/v2\/pages\/17031\/revisions"}],"predecessor-version":[{"id":59617,"href":"https:\/\/www.uni.lu\/en\/wp-json\/wp\/v2\/pages\/17031\/revisions\/59617"}],"up":[{"embeddable":true,"href":"https:\/\/www.uni.lu\/en\/wp-json\/wp\/v2\/pages\/16988"}],"wp:authorship":[{"embeddable":true,"href":"https:\/\/www.uni.lu\/en\/wp-json\/wp\/v2\/users\/123"},{"embeddable":true,"href":"https:\/\/www.uni.lu\/en\/wp-json\/wp\/v2\/users\/343"},{"embeddable":true,"href":"https:\/\/www.uni.lu\/en\/wp-json\/wp\/v2\/users\/124"},{"embeddable":true,"href":"https:\/\/www.uni.lu\/en\/wp-json\/wp\/v2\/users\/33"}],"wp:attachment":[{"href":"https:\/\/www.uni.lu\/en\/wp-json\/wp\/v2\/media?parent=17031"}],"wp:term":[{"taxonomy":"field-of-interest","embeddable":true,"href":"https:\/\/www.uni.lu\/en\/wp-json\/wp\/v2\/field-of-interest?post=17031"},{"taxonomy":"organisation","embeddable":true,"href":"https:\/\/www.uni.lu\/en\/wp-json\/wp\/v2\/organisation?post=17031"}],"curies":[{"name":"wp","href":"https:\/\/api.w.org\/{rel}","templated":true}]}}