{"id":56382,"date":"2026-01-22T16:16:54","date_gmt":"2026-01-22T15:16:54","guid":{"rendered":"https:\/\/www.uni.lu\/en\/?post_type=events&#038;p=56382"},"modified":"2026-01-22T16:16:55","modified_gmt":"2026-01-22T15:16:55","slug":"certificat-universitaire-comprendre-lautisme-en-vue-dune-meilleure-inclusion-seance-dinformation","status":"publish","type":"events","link":"https:\/\/www.uni.lu\/en\/events\/certificat-universitaire-comprendre-lautisme-en-vue-dune-meilleure-inclusion-seance-dinformation\/","title":{"rendered":"Certificat universitaire : Comprendre l\u2019autisme en vue d\u2019une meilleure inclusion &#8211; S\u00e9ance d&#8217;information\u00a0"},"content":{"rendered":"\n<section class=\"wp-block-unilux-blocks-free-section section\"><div class=\"container xl:max-w-screen-xl\">\n<p>Vous pouvez \u00eatre amen\u00e9 \u00e0 travailler avec des personnes autistes dans la cadre de vos activit\u00e9s ?&nbsp;<\/p>\n\n\n\n<p>L&#8217;inclusion et la prise en charge des personnes avec des besoins sp\u00e9cifiques, notamment les personnes autistes, est un enjeu majeur de la soci\u00e9t\u00e9, qui n\u00e9cessite une approche respectueuse de la diversit\u00e9 humaine. Pour vous aider \u00e0 explore les diff\u00e9rentes facettes de l&#8217;autisme, allant des caract\u00e9ristiques cliniques aux besoins sp\u00e9cifiques des enfants et adultes autistes, nous avons d\u00e9velopp\u00e9 un certificat universitaire (\u00e9quivalent \u00e0 10 ECTS), propos\u00e9 \u00e0 partir d&#8217;octobre 2026.\u00a0<\/p>\n\n\n\n<p>Pour en savoir plus, participez \u00e0 nos s\u00e9ances d\u2019information :&nbsp;<\/p>\n\n\n\n<ul class=\"ulux-list\">\n<li class=\"ulux-list-item\">Mercredi 29 avril de 17h \u00e0 18h (pr\u00e9sentiel Belval)<\/li>\n\n\n\n<li class=\"ulux-list-item\">Jeudi 07 mai de 12h \u00e0 13h (visio)<\/li>\n\n\n\n<li class=\"ulux-list-item\">Mercredi 20 mai de 17h \u00e0 18h (visio)<\/li>\n<\/ul>\n\n\n\n<p>L&#8217;occasion pour vous de d\u00e9couvrir le programme, le planning et les modalit\u00e9s p\u00e9dagogiques de ce certificat, de rencontrer l&#8217;\u00e9quipe et de pouvoir poser toutes vos questions.<\/p>\n\n\n\n<p>Pour des raisons d&#8217;organisation, nous vous demandons de bien vouloir vous inscrire en cliquant sur le lien ci-dessous.<\/p>\n\n\n\n<ul class=\"wp-block-unilux-blocks-custom-buttons btn-list\"><li class=\"wp-block-unilux-blocks-custom-button\"    aria-disabled=\"false\"\n    >\n    <a\n        role=\"link\"\n        aria-disabled=\"false\"\n                    href=\"https:\/\/forms.office.com\/e\/c08i19v911\"\n                target=\"_self\"\n        class=\"btn btn--primary\"\n            >Sessions d&#8217;information<\/a>\n<\/li>\n<\/ul>\n<\/div><\/section>\n","protected":false},"excerpt":{"rendered":"","protected":false},"author":344,"featured_media":56383,"parent":0,"menu_order":0,"comment_status":"closed","ping_status":"closed","template":"","format":"standard","meta":{"featured_image_focal_point":[],"show_featured_caption":false,"ulux_newsletter_groups":"","uluxPostTitle":"","uluxPrePostTitle":"","_trash_the_other_posts":false,"_price":"","_stock":"","_tribe_ticket_header":"","_tribe_default_ticket_provider":"","_tribe_ticket_capacity":"0","_ticket_start_date":"","_ticket_end_date":"","_tribe_ticket_show_description":"","_tribe_ticket_show_not_going":false,"_tribe_ticket_use_global_stock":"","_tribe_ticket_global_stock_level":"","_global_stock_mode":"","_global_stock_cap":"","_tribe_rsvp_for_event":"","_tribe_ticket_going_count":"","_tribe_ticket_not_going_count":"","_tribe_tickets_list":"[]","_tribe_ticket_has_attendee_info_fields":false,"event_start_date":"2026-04-29 17:00:00","event_end_date":"2026-04-29 18:00:00","event_speaker_name":"Andreia Costa","event_speaker_link":"https:\/\/www.uni.lu\/fhse-en\/people\/andreia-costa\/","event_is_online":false,"event_location":"Maison du Savoir - Belval ","event_street":"2, place de l'Universit\u00e9 ","event_location_link":"","event_zip_code":"4365","event_city":"Esch_belval","event_country":"Luxembourg"},"events-topic":[318],"events-type":[335,334,331],"organisation":[456],"authorship":[344],"acf":[],"yoast_head":"<!-- This site is optimized with the Yoast SEO Premium plugin v22.3 (Yoast SEO v22.3) - https:\/\/yoast.com\/wordpress\/plugins\/seo\/ -->\n<title>Certificat universitaire : Comprendre l\u2019autisme en vue d\u2019une meilleure inclusion - S\u00e9ance d&#039;information\u00a0 - University of Luxembourg<\/title>\n<meta name=\"description\" content=\"Vous pouvez \u00eatre amen\u00e9 \u00e0 travailler avec des personnes autistes dans la cadre de vos activit\u00e9s ?&nbsp; L&#039;inclusion et la prise en charge des personnes\" \/>\n<meta name=\"robots\" content=\"index, follow, max-snippet:-1, max-image-preview:large, max-video-preview:-1\" \/>\n<link rel=\"canonical\" href=\"https:\/\/www.uni.lu\/en\/events\/certificat-universitaire-comprendre-lautisme-en-vue-dune-meilleure-inclusion-seance-dinformation\/\" \/>\n<meta property=\"og:locale\" content=\"en_GB\" \/>\n<meta property=\"og:type\" content=\"article\" \/>\n<meta property=\"og:title\" content=\"Certificat universitaire : Comprendre l\u2019autisme en vue d\u2019une meilleure inclusion - S\u00e9ance d&#039;information\u00a0\" \/>\n<meta property=\"og:description\" content=\"Vous pouvez \u00eatre amen\u00e9 \u00e0 travailler avec des personnes autistes dans la cadre de vos activit\u00e9s ?&nbsp; L&#039;inclusion et la prise en charge des personnes\" \/>\n<meta property=\"og:url\" content=\"https:\/\/www.uni.lu\/en\/events\/certificat-universitaire-comprendre-lautisme-en-vue-dune-meilleure-inclusion-seance-dinformation\/\" \/>\n<meta property=\"og:site_name\" content=\"UNI EN\" \/>\n<meta property=\"article:publisher\" content=\"https:\/\/www.facebook.com\/uni.lu\" \/>\n<meta property=\"article:modified_time\" content=\"2026-01-22T15:16:55+00:00\" \/>\n<meta property=\"og:image\" content=\"https:\/\/www.uni.lu\/wp-content\/uploads\/sites\/9\/2026\/01\/22161434\/closeup-two-young-lovers-holding-hands-table-scaled.jpg\" \/>\n\t<meta property=\"og:image:width\" content=\"2560\" \/>\n\t<meta property=\"og:image:height\" content=\"1707\" \/>\n\t<meta property=\"og:image:type\" content=\"image\/jpeg\" \/>\n<meta name=\"twitter:card\" content=\"summary_large_image\" \/>\n<meta name=\"twitter:label1\" content=\"Estimated reading time\" \/>\n\t<meta name=\"twitter:data1\" content=\"1 minute\" \/>\n<script type=\"application\/ld+json\" class=\"yoast-schema-graph\">{\"@context\":\"https:\/\/schema.org\",\"@graph\":[{\"@type\":\"WebPage\",\"@id\":\"https:\/\/www.uni.lu\/en\/events\/certificat-universitaire-comprendre-lautisme-en-vue-dune-meilleure-inclusion-seance-dinformation\/\",\"url\":\"https:\/\/www.uni.lu\/en\/events\/certificat-universitaire-comprendre-lautisme-en-vue-dune-meilleure-inclusion-seance-dinformation\/\",\"name\":\"Certificat universitaire : Comprendre l\u2019autisme en vue d\u2019une meilleure inclusion - S\u00e9ance d'information\u00a0 - University of Luxembourg\",\"isPartOf\":{\"@id\":\"https:\/\/www.uni.lu\/en\/#website\"},\"primaryImageOfPage\":{\"@id\":\"https:\/\/www.uni.lu\/en\/events\/certificat-universitaire-comprendre-lautisme-en-vue-dune-meilleure-inclusion-seance-dinformation\/#primaryimage\"},\"image\":{\"@id\":\"https:\/\/www.uni.lu\/en\/events\/certificat-universitaire-comprendre-lautisme-en-vue-dune-meilleure-inclusion-seance-dinformation\/#primaryimage\"},\"thumbnailUrl\":\"https:\/\/www.uni.lu\/wp-content\/uploads\/sites\/9\/2026\/01\/22161434\/closeup-two-young-lovers-holding-hands-table-scaled.jpg\",\"datePublished\":\"2026-01-22T15:16:54+00:00\",\"dateModified\":\"2026-01-22T15:16:55+00:00\",\"description\":\"Vous pouvez \u00eatre amen\u00e9 \u00e0 travailler avec des personnes autistes dans la cadre de vos activit\u00e9s ?&nbsp; L'inclusion et la prise en charge des personnes\",\"breadcrumb\":{\"@id\":\"https:\/\/www.uni.lu\/en\/events\/certificat-universitaire-comprendre-lautisme-en-vue-dune-meilleure-inclusion-seance-dinformation\/#breadcrumb\"},\"inLanguage\":\"en-GB\",\"potentialAction\":[{\"@type\":\"ReadAction\",\"target\":[\"https:\/\/www.uni.lu\/en\/events\/certificat-universitaire-comprendre-lautisme-en-vue-dune-meilleure-inclusion-seance-dinformation\/\"]}]},{\"@type\":\"ImageObject\",\"inLanguage\":\"en-GB\",\"@id\":\"https:\/\/www.uni.lu\/en\/events\/certificat-universitaire-comprendre-lautisme-en-vue-dune-meilleure-inclusion-seance-dinformation\/#primaryimage\",\"url\":\"https:\/\/www.uni.lu\/wp-content\/uploads\/sites\/9\/2026\/01\/22161434\/closeup-two-young-lovers-holding-hands-table-scaled.jpg\",\"contentUrl\":\"https:\/\/www.uni.lu\/wp-content\/uploads\/sites\/9\/2026\/01\/22161434\/closeup-two-young-lovers-holding-hands-table-scaled.jpg\",\"width\":2560,\"height\":1707,\"caption\":\"Closeup on two young lovers holding hands at a table.\"},{\"@type\":\"BreadcrumbList\",\"@id\":\"https:\/\/www.uni.lu\/en\/events\/certificat-universitaire-comprendre-lautisme-en-vue-dune-meilleure-inclusion-seance-dinformation\/#breadcrumb\",\"itemListElement\":[{\"@type\":\"ListItem\",\"position\":1,\"name\":\"Home\",\"item\":\"https:\/\/www.uni.lu\/en\/\"},{\"@type\":\"ListItem\",\"position\":2,\"name\":\"Events\",\"item\":\"https:\/\/www.uni.lu\/en\/events\/\"},{\"@type\":\"ListItem\",\"position\":3,\"name\":\"Certificat universitaire : Comprendre l\u2019autisme en vue d\u2019une meilleure inclusion - S\u00e9ance d'information\u00a0\"}]},{\"@type\":\"WebSite\",\"@id\":\"https:\/\/www.uni.lu\/en\/#website\",\"url\":\"https:\/\/www.uni.lu\/en\/\",\"name\":\"Uni.lu\",\"description\":\"University of Luxembourg\",\"publisher\":{\"@id\":\"https:\/\/www.uni.lu\/en\/#organization\"},\"alternateName\":\"University of Luxembourg\",\"potentialAction\":[{\"@type\":\"SearchAction\",\"target\":{\"@type\":\"EntryPoint\",\"urlTemplate\":\"https:\/\/www.uni.lu\/en\/?s={search_term_string}\"},\"query-input\":\"required name=search_term_string\"}],\"inLanguage\":\"en-GB\"},{\"@type\":\"Organization\",\"@id\":\"https:\/\/www.uni.lu\/en\/#organization\",\"name\":\"University of Luxembourg\",\"alternateName\":\"Uni.lu\",\"url\":\"https:\/\/www.uni.lu\/en\/\",\"logo\":{\"@type\":\"ImageObject\",\"inLanguage\":\"en-GB\",\"@id\":\"https:\/\/www.uni.lu\/en\/#\/schema\/logo\/image\/\",\"url\":\"https:\/\/www.uni.lu\/wp-content\/uploads\/sites\/9\/2026\/03\/03120157\/UNIV_SM-Profile_1600x1600px-scaled.jpg\",\"contentUrl\":\"https:\/\/www.uni.lu\/wp-content\/uploads\/sites\/9\/2026\/03\/03120157\/UNIV_SM-Profile_1600x1600px-scaled.jpg\",\"width\":2560,\"height\":2560,\"caption\":\"University of Luxembourg\"},\"image\":\"https:\/\/www.uni.lu\/wp-content\/uploads\/sites\/9\/2023\/06\/virtual.jpg\",\"sameAs\":[\"https:\/\/www.facebook.com\/uni.lu\",\"https:\/\/www.linkedin.com\/school\/university-of-luxembourg\/\",\"https:\/\/www.instagram.com\/uni.lu\",\"https:\/\/www.youtube.com\/@uni_lu\",\"https:\/\/en.wikipedia.org\/wiki\/University_of_Luxembourg\"],\"email\":\"communication@uni.lu\",\"telephone\":\"+352 46 66 44 1\",\"address\":{\"@type\":\"PostalAddress\",\"streetAddress\":\"2, place de l\u2019Universit\u00e9\",\"addressLocality\":\"Esch-sur-Alzette\",\"postalCode\":\"4365\",\"addressCountry\":\"LU\"},\"description\":\"University of Luxembourg\"}]}<\/script>\n<!-- \/ Yoast SEO Premium plugin. -->","yoast_head_json":{"title":"Certificat universitaire : Comprendre l\u2019autisme en vue d\u2019une meilleure inclusion - S\u00e9ance d'information\u00a0 - University of Luxembourg","description":"Vous pouvez \u00eatre amen\u00e9 \u00e0 travailler avec des personnes autistes dans la cadre de vos activit\u00e9s ?&nbsp; L'inclusion et la prise en charge des personnes","robots":{"index":"index","follow":"follow","max-snippet":"max-snippet:-1","max-image-preview":"max-image-preview:large","max-video-preview":"max-video-preview:-1"},"canonical":"https:\/\/www.uni.lu\/en\/events\/certificat-universitaire-comprendre-lautisme-en-vue-dune-meilleure-inclusion-seance-dinformation\/","og_locale":"en_GB","og_type":"article","og_title":"Certificat universitaire : Comprendre l\u2019autisme en vue d\u2019une meilleure inclusion - S\u00e9ance d'information\u00a0","og_description":"Vous pouvez \u00eatre amen\u00e9 \u00e0 travailler avec des personnes autistes dans la cadre de vos activit\u00e9s ?&nbsp; L'inclusion et la prise en charge des personnes","og_url":"https:\/\/www.uni.lu\/en\/events\/certificat-universitaire-comprendre-lautisme-en-vue-dune-meilleure-inclusion-seance-dinformation\/","og_site_name":"UNI EN","article_publisher":"https:\/\/www.facebook.com\/uni.lu","article_modified_time":"2026-01-22T15:16:55+00:00","og_image":[{"width":2560,"height":1707,"url":"https:\/\/www.uni.lu\/wp-content\/uploads\/sites\/9\/2026\/01\/22161434\/closeup-two-young-lovers-holding-hands-table-scaled.jpg","type":"image\/jpeg"}],"twitter_card":"summary_large_image","twitter_misc":{"Estimated reading time":"1 minute"},"schema":{"@context":"https:\/\/schema.org","@graph":[{"@type":"WebPage","@id":"https:\/\/www.uni.lu\/en\/events\/certificat-universitaire-comprendre-lautisme-en-vue-dune-meilleure-inclusion-seance-dinformation\/","url":"https:\/\/www.uni.lu\/en\/events\/certificat-universitaire-comprendre-lautisme-en-vue-dune-meilleure-inclusion-seance-dinformation\/","name":"Certificat universitaire : Comprendre l\u2019autisme en vue d\u2019une meilleure inclusion - S\u00e9ance d'information\u00a0 - University of Luxembourg","isPartOf":{"@id":"https:\/\/www.uni.lu\/en\/#website"},"primaryImageOfPage":{"@id":"https:\/\/www.uni.lu\/en\/events\/certificat-universitaire-comprendre-lautisme-en-vue-dune-meilleure-inclusion-seance-dinformation\/#primaryimage"},"image":{"@id":"https:\/\/www.uni.lu\/en\/events\/certificat-universitaire-comprendre-lautisme-en-vue-dune-meilleure-inclusion-seance-dinformation\/#primaryimage"},"thumbnailUrl":"https:\/\/www.uni.lu\/wp-content\/uploads\/sites\/9\/2026\/01\/22161434\/closeup-two-young-lovers-holding-hands-table-scaled.jpg","datePublished":"2026-01-22T15:16:54+00:00","dateModified":"2026-01-22T15:16:55+00:00","description":"Vous pouvez \u00eatre amen\u00e9 \u00e0 travailler avec des personnes autistes dans la cadre de vos activit\u00e9s ?&nbsp; L'inclusion et la prise en charge des personnes","breadcrumb":{"@id":"https:\/\/www.uni.lu\/en\/events\/certificat-universitaire-comprendre-lautisme-en-vue-dune-meilleure-inclusion-seance-dinformation\/#breadcrumb"},"inLanguage":"en-GB","potentialAction":[{"@type":"ReadAction","target":["https:\/\/www.uni.lu\/en\/events\/certificat-universitaire-comprendre-lautisme-en-vue-dune-meilleure-inclusion-seance-dinformation\/"]}]},{"@type":"ImageObject","inLanguage":"en-GB","@id":"https:\/\/www.uni.lu\/en\/events\/certificat-universitaire-comprendre-lautisme-en-vue-dune-meilleure-inclusion-seance-dinformation\/#primaryimage","url":"https:\/\/www.uni.lu\/wp-content\/uploads\/sites\/9\/2026\/01\/22161434\/closeup-two-young-lovers-holding-hands-table-scaled.jpg","contentUrl":"https:\/\/www.uni.lu\/wp-content\/uploads\/sites\/9\/2026\/01\/22161434\/closeup-two-young-lovers-holding-hands-table-scaled.jpg","width":2560,"height":1707,"caption":"Closeup on two young lovers holding hands at a table."},{"@type":"BreadcrumbList","@id":"https:\/\/www.uni.lu\/en\/events\/certificat-universitaire-comprendre-lautisme-en-vue-dune-meilleure-inclusion-seance-dinformation\/#breadcrumb","itemListElement":[{"@type":"ListItem","position":1,"name":"Home","item":"https:\/\/www.uni.lu\/en\/"},{"@type":"ListItem","position":2,"name":"Events","item":"https:\/\/www.uni.lu\/en\/events\/"},{"@type":"ListItem","position":3,"name":"Certificat universitaire : Comprendre l\u2019autisme en vue d\u2019une meilleure inclusion - S\u00e9ance d'information\u00a0"}]},{"@type":"WebSite","@id":"https:\/\/www.uni.lu\/en\/#website","url":"https:\/\/www.uni.lu\/en\/","name":"Uni.lu","description":"University of Luxembourg","publisher":{"@id":"https:\/\/www.uni.lu\/en\/#organization"},"alternateName":"University of Luxembourg","potentialAction":[{"@type":"SearchAction","target":{"@type":"EntryPoint","urlTemplate":"https:\/\/www.uni.lu\/en\/?s={search_term_string}"},"query-input":"required name=search_term_string"}],"inLanguage":"en-GB"},{"@type":"Organization","@id":"https:\/\/www.uni.lu\/en\/#organization","name":"University of Luxembourg","alternateName":"Uni.lu","url":"https:\/\/www.uni.lu\/en\/","logo":{"@type":"ImageObject","inLanguage":"en-GB","@id":"https:\/\/www.uni.lu\/en\/#\/schema\/logo\/image\/","url":"https:\/\/www.uni.lu\/wp-content\/uploads\/sites\/9\/2026\/03\/03120157\/UNIV_SM-Profile_1600x1600px-scaled.jpg","contentUrl":"https:\/\/www.uni.lu\/wp-content\/uploads\/sites\/9\/2026\/03\/03120157\/UNIV_SM-Profile_1600x1600px-scaled.jpg","width":2560,"height":2560,"caption":"University of Luxembourg"},"image":"https:\/\/www.uni.lu\/wp-content\/uploads\/sites\/9\/2023\/06\/virtual.jpg","sameAs":["https:\/\/www.facebook.com\/uni.lu","https:\/\/www.linkedin.com\/school\/university-of-luxembourg\/","https:\/\/www.instagram.com\/uni.lu","https:\/\/www.youtube.com\/@uni_lu","https:\/\/en.wikipedia.org\/wiki\/University_of_Luxembourg"],"email":"communication@uni.lu","telephone":"+352 46 66 44 1","address":{"@type":"PostalAddress","streetAddress":"2, place de l\u2019Universit\u00e9","addressLocality":"Esch-sur-Alzette","postalCode":"4365","addressCountry":"LU"},"description":"University of Luxembourg"}]}},"_links":{"self":[{"href":"https:\/\/www.uni.lu\/en\/wp-json\/wp\/v2\/events\/56382"}],"collection":[{"href":"https:\/\/www.uni.lu\/en\/wp-json\/wp\/v2\/events"}],"about":[{"href":"https:\/\/www.uni.lu\/en\/wp-json\/wp\/v2\/types\/events"}],"author":[{"embeddable":true,"href":"https:\/\/www.uni.lu\/en\/wp-json\/wp\/v2\/users\/344"}],"replies":[{"embeddable":true,"href":"https:\/\/www.uni.lu\/en\/wp-json\/wp\/v2\/comments?post=56382"}],"version-history":[{"count":1,"href":"https:\/\/www.uni.lu\/en\/wp-json\/wp\/v2\/events\/56382\/revisions"}],"predecessor-version":[{"id":56384,"href":"https:\/\/www.uni.lu\/en\/wp-json\/wp\/v2\/events\/56382\/revisions\/56384"}],"wp:authorship":[{"embeddable":true,"href":"https:\/\/www.uni.lu\/en\/wp-json\/wp\/v2\/users\/344"}],"wp:featuredmedia":[{"embeddable":true,"href":"https:\/\/www.uni.lu\/en\/wp-json\/wp\/v2\/media\/56383"}],"wp:attachment":[{"href":"https:\/\/www.uni.lu\/en\/wp-json\/wp\/v2\/media?parent=56382"}],"wp:term":[{"taxonomy":"events-topic","embeddable":true,"href":"https:\/\/www.uni.lu\/en\/wp-json\/wp\/v2\/events-topic?post=56382"},{"taxonomy":"events-type","embeddable":true,"href":"https:\/\/www.uni.lu\/en\/wp-json\/wp\/v2\/events-type?post=56382"},{"taxonomy":"organisation","embeddable":true,"href":"https:\/\/www.uni.lu\/en\/wp-json\/wp\/v2\/organisation?post=56382"}],"curies":[{"name":"wp","href":"https:\/\/api.w.org\/{rel}","templated":true}]}}