{"id":20635,"date":"2022-09-19T10:23:49","date_gmt":"2022-09-19T08:23:49","guid":{"rendered":"https:\/\/www.uni.lu\/en\/events\/voices-from-the-war-path-to-peace-ukrainian-and-international-insights\/"},"modified":"2022-09-19T10:23:49","modified_gmt":"2022-09-19T08:23:49","slug":"voices-from-the-war-path-to-peace-ukrainian-and-international-insights","status":"publish","type":"events","link":"https:\/\/www.uni.lu\/en\/events\/voices-from-the-war-path-to-peace-ukrainian-and-international-insights\/","title":{"rendered":"Voices from the War \u2013 Path to Peace : Ukrainian and international insights"},"content":{"rendered":"<section class=\"wp-block-unilux-blocks-free-section section\"><div class=\"container xl:max-w-screen-xl\"><p>Europe Direct University of Luxembourg, in collaboration with\u00a0Polska.lu,\u00a0LUkraine, the\u00a0C\u00b2DH, the\u00a0Polish Institute of Brussels\u00a0and the\u00a0Polish Embassy in Luxembourg, are pleased to invite you to a\u00a0conference on 20 October 2022\u00a0at the auditorium in the\u00a0Cercle Cit\u00e9 in Luxembourg.<\/p><figure class=\"wp-block-dev4-reusable-blocks-image  object-fit--contain\">\n    \n<img decoding=\"async\" class=\"wp-block-image unilux-custom-image-block\"\n                alt=\"\"\n            src=\"https:\/\/www.uni.lu\/wp-content\/uploads\/sites\/9\/2024\/01\/stand_with_ukraine.png\"\n                srcset=\"https:\/\/www.uni.lu\/wp-content\/uploads\/sites\/9\/2024\/01\/stand_with_ukraine-300x157.png 300w, https:\/\/www.uni.lu\/wp-content\/uploads\/sites\/9\/2024\/01\/stand_with_ukraine.png 500w\"\n                style=\"object-position: 50.00% 50.00%; font-family: &quot;object-fit: contain; object-position: 50.00% 50.00%;&quot;; aspect-ratio: 16\/9; object-fit: contain; width: 100%;\"\n        loading=\"lazy\"\n\/>    <\/figure><p>\u00a9 European Union, 2022. Photographer: Lukasz Kobus. Source: EC &#8211; Audiovisual Service. ID: P-055580\/00-09<\/p><p>The military offensive launched by the Russian Federation against Ukraine in the early hours of 24 February 2022 and the ensuing war on Ukrainian territory have resulted in immense human suffering, a humanitarian tragedy and incalculable material damage. The violation of a country\u2019s territorial integrity and sovereignty \u2013 an act in clear breach of the United Nations Charter \u2013 has shattered the shared framework of values and principles fostered by multilateralism after the Second World War in the hope of achieving world peace, while leading to an unprecedented outpouring of solidarity for Ukraine and the plight of its people from Western democracies and European and international organisations, including NATO, the UN, the European Union and the Council of Europe, and their Member States and private initiatives. As contemporary history is turned on its head, historians, driven by the duty of memory, are stepping up to explain the origins of the conflict, identify the various players, provide an objective analysis of the consequences, record the memories of eyewitnesses and victims \u2013 with oral history proving a precious tool \u2013, preserve historical sources and, above all, reflect on the role that intellectual effort can play in paving the way for a return to peace in the new world order taking shape before our eyes.<\/p><p>In this context, Europe Direct University of Luxembourg, in collaboration with Polska.lu, LUkraine and\u00a0the C\u00b2DH, are pleased to invite you to a conference entitled\u00a0<strong>\u201cVoices from the War \u2013 Path to Peace? Ukrainian and international insights\u201d<\/strong>, which will take place on 20 October 2022 from 6PM to 8PM in the Auditorium Cercle Cit\u00e9.<\/p>\n<h3 class=\"has-text-align-left wp-block-unilux-blocks-heading\"        id=\"programme\"\n    >\nProgramme<\/h3>\n\n<h4 class=\"has-text-align-left wp-block-unilux-blocks-heading\"        id=\"18-00-19-00-speaking-up-ukrainian-testimonies-on-the-war-presentations\"\n    >\n18.00-19.00: Speaking up &#8211; Ukrainian testimonies on the war (presentations).\u00a0<\/h4>\n<p><i>Why do historians collect new sources?<\/i><\/p><p><strong>Nina Janz (C\u00b2DH)<\/strong>: War Experiences in Luxembourg. The Second World War and Today<\/p><p><strong>Machteld Venken (C\u00b2DH)<\/strong>: Testimonies from the Russian Invasion of Ukraine<\/p><p><i>How do researchers collect new sources?<\/i>\u00a0<\/p><p><strong>Kateryna Zakharchuk (C\u00b2DH)<\/strong>: Recruiting Interviewees and pre-interview meeting<\/p><p><strong>Svitlana Mizherni (C\u00b2DH)<\/strong>: The questionnaire<\/p><p><strong>Inna Ganschow (C\u00b2DH)<\/strong>: Transcription, Indexing and Analysis<\/p><p><strong>Iryna Kaschtalian (University of Bremen)<\/strong>: The Belarussian oral history archives and digital enclosure<\/p><p>\u00a0<\/p>\n<h4 class=\"has-text-align-left wp-block-unilux-blocks-heading\"        id=\"19-00-20-00-contextualising-the-war-in-ukraine-insights-from-international-research-roundtable\"\n    >\n19.00-20.00: Contextualising the war in Ukraine: insights from international research (roundtable).<\/h4>\n<p><strong>Ambassador Hubert Wurth<\/strong>: The Russian invasion of Ukraine: a historical introduction<\/p><p><strong>Prof. Andrzej Szeptycki (University of Warsaw)<\/strong>: Contemporary Relations between Poland and Ukraine\u00a0<\/p><p><strong>Prof. Mykola Riabchuk (Academy of Sciences of Ukraine)<\/strong>: The \u2018Ukraine Crisis\u2019 Revisited: Values, Interests, and a Rebirth of the \u2018Geopolitics\u2019<\/p><p><strong>Dr Suzana Anghel<\/strong> (European Parliament Research Service): East-West relations at a new crossroads and Euro-Atlantic policy challenges for Europe.<\/p><p><i>Moderator:<\/i><strong>Philippe Schockweiler\u00a0<\/strong>(L\u00ebtzebuerger Journal)<\/p><p><\/p>\n<h3 class=\"has-text-align-left wp-block-unilux-blocks-heading\"        id=\"biographies\"\n    >\nBiographies<\/h3>\n<p><strong>Hubert Wurth\u00a0<\/strong>holds a Master\u2019s in Law from Paris II University and a diploma in international\u00a0relations from Sciences Po Paris. In 1978, he joined the Luxembourg Foreign Ministry, where he held\u00a0various positions, including Deputy Permanent Representative of Luxembourg to the Council of Europe and Head of the Private Office of the Deputy Prime Minister and Minister for Foreign Affairs,\u00a0Economic Affairs and Justice. In 1986, he was appointed as Deputy Political Director with special responsibility for security. From 1989 onwards, Hubert Wurth served as Ambassador in several\u00a0countries. In 1989, he became Ambassador of Luxembourg to the Soviet Union, Poland, Finland and Mongolia. In 1992, he became Luxembourg Ambassador to the Netherlands and was also\u00a0appointed as Ambassador on Special Mission to the former Yugoslavia (1996-1997). Hubert Wurth also served as Ambassador of Luxembourg to France, to the United Kingdom, Ireland and\u00a0Iceland, and to Austria, Slovakia and Slovenia. Alongside his role as Ambassador, Hubert Wurth was appointed as Permanent Representative of Luxembourg to the OPCW and Head of Mission\u00a0and Permanent Representative of Luxembourg to the UN in New York. He also chaired the High-Level Task Force for donor countries and was a board member for UNDP and UNICEF. In 2003, he\u00a0became Permanent Representative to the OECD and UNESCO, and in 2007, he became Permanent Representative to the IMO. In 2011, he was appointed as Permanent Representative to the\u00a0International Organisations in Vienna and to the OSCE. During the Luxembourg Presidencies of the European Communities\/European Union in 1980, 1985, 1991, 1997 and 2005, Hubert Wurth\u00a0chaired various European bodies.<\/p><p><strong>Andrzej Szeptycki<\/strong>\u00a0is a full professor\u00a0of Political Science, as of 2021\u00a0at the Faculty of History and International Relations of the Vasyl Stus Donetsk National\u00a0University in Vinnytsia (Ukraine) and with the\u00a0Department of Strategic Studies and International Security, University of Warsaw. He is also\u00a0co-director of the Centre for Polish and European Studies at the Institute of International Relations of the Taras Shevchenko National University of Kyiv,\u00a0as of 2016 and member of the editorial board of \u201cVisnyk Lvivs\u2019koho Universytetu. Seriia\u00a0mizhnarodni vidnosyny\u201d (Bulletin of Lviv University. Series International Relations),\u00a0as of 2014\u00a0and \u201cThe Bulletin of Odesa National University. Sociology and Political Science\u201d as of 2018. Previously, he was visiting professor at the Paris 2 Panth\u00e9on-Assas University (2016\u20132017), Taras Shevchenko\u00a0National University of Kyiv (2015\u20132017) and Ivan Franko National University of Lviv (2017\u20132018).<\/p><p>His\u00a0research interests entail\u00a0Ukrainian internal and foreign policy; international relations in the post-Soviet area; French foreign policy; selected aspects of European integration; Polish foreign policy; postcolonial studies.<\/p><p><strong>Mykola Riabchuk<\/strong>\u00a0is a Ukrainian poet, translator, prose writer and essayist, the president of\u00a0Ukrainian PEN-center and a senior research fellow at the Institute of Political and Nationalities\u2019\u00a0Studies of the Academy of Sciences of Ukraine. In 1970-1973, he studied in the Lviv\u00a0Polytechnic\u00a0Institute but was expelled for the unauthorised literary activity, and had to take\u00a0various odd jobs.\u00a0In the 1980s, as perestroika advanced, he made his M.A. in the Gorky\u00a0Literary Institute in Moscow, and took position of an editor in the Kyiv-based journal of\u00a0international literature &#8220;Vsesvit&#8221; where he was promoted eventually to the rank of a section editor\u00a0and the deputy editor-in-chief. His numerous articles in the best Ukrainian and Russian\u00a0journals brought him a fame of the leading Ukrainian literary critic and publicist. At that\u00a0time, he received a number of awards for the best articles of a year.\u00a0In 1997, he co-founded\u00a0(with the Harvard professor George Grabowicz) the Krytyka monthly and managed it as\u00a0the executive editor till 2000. Since then, he was increasingly engaged in the academic work as\u00a0both a lecturer and researcher, defended his Ph.D. in political sciences, and\u00a0published a\u00a0number of scholarly works \u2013 primarily in Ukrainian but also in Polish, English, Russian.<\/p><p>His many books include a collection of poetry, literary criticism, short stories,\u00a0scholarly\u00a0monographs and many collections of essays.\u00a0He taught at Pen State University\u00a0in 1994-95, University of Texas at Austin in 1996, and carried out research at George\u00a0Washington University in 2016. He was a visiting professor at Columbia University in 2006\u00a0and University of Alberta in 2007-2008, and recurrently, since 2002 at the\u00a0University of\u00a0Warsaw, 2021-2022 at L\u2019Institut d\u2019\u00e9tudes avanc\u00e9es de Paris and now in Princeton University.<\/p><p><strong>Suzana Anghel<\/strong>\u00a0is a Policy Analyst in the European Council Oversight Unit (ECOS) in the European Parliamentary Research Service (EPRS), where her research focuses on the European Council and foreign and security policy.\u00a0Prior to joining EPRS, she was a project coordinator at the Geneva Centre for the Democratic Control of Armed Forces (DCAF) and a Marie Curie fellow at the University of East Anglia, where her research focused on\u00a0parliamentary oversight of common security and defence policy. She has a Ph.D. in political\u00a0science from the University of Geneva.<\/p><figure class=\"wp-block-dev4-reusable-blocks-image  object-fit--contain\">\n    \n<img decoding=\"async\" class=\"wp-block-image unilux-custom-image-block\"\n                alt=\"\"\n            src=\"https:\/\/www.uni.lu\/wp-content\/uploads\/sites\/9\/2024\/01\/logos.png\"\n                srcset=\"https:\/\/www.uni.lu\/wp-content\/uploads\/sites\/9\/2024\/01\/logos-300x37.png 300w, https:\/\/www.uni.lu\/wp-content\/uploads\/sites\/9\/2024\/01\/logos.png 500w\"\n                style=\"object-position: 50.00% 50.00%; font-family: &quot;object-fit: contain; object-position: 50.00% 50.00%;&quot;; aspect-ratio: 16\/9; object-fit: contain; width: 100%;\"\n        loading=\"lazy\"\n\/>    <\/figure><\/div><\/section>","protected":false},"excerpt":{"rendered":"<p>Europe Direct University of Luxembourg, in collaboration with\u00a0Polska.lu,\u00a0LUkraine, the\u00a0C\u00b2DH, the\u00a0Polish Institute of Brussels\u00a0and the\u00a0Polish Embassy in Luxembourg, are pleased to invite you to a\u00a0conference on 20 October 2022\u00a0at the auditorium in the\u00a0Cercle Cit\u00e9 in Luxembourg.<\/p>\n","protected":false},"author":0,"featured_media":20636,"parent":0,"menu_order":0,"comment_status":"open","ping_status":"closed","template":"","format":"standard","meta":{"featured_image_focal_point":[],"show_featured_caption":false,"ulux_newsletter_groups":"","uluxPostTitle":"","uluxPrePostTitle":"","_trash_the_other_posts":false,"_price":"","_stock":"","_tribe_ticket_header":"","_tribe_default_ticket_provider":"","_tribe_ticket_capacity":"0","_ticket_start_date":"","_ticket_end_date":"","_tribe_ticket_show_description":"","_tribe_ticket_show_not_going":false,"_tribe_ticket_use_global_stock":"","_tribe_ticket_global_stock_level":"","_global_stock_mode":"","_global_stock_cap":"","_tribe_rsvp_for_event":"","_tribe_ticket_going_count":"","_tribe_ticket_not_going_count":"","_tribe_tickets_list":"[]","_tribe_ticket_has_attendee_info_fields":false,"event_start_date":"2022-10-20 18:00:00","event_end_date":"2022-10-20 20:00:00","event_speaker_name":"Ambassador Hubert Wurth, Dr Suzana Anghel, Prof. Andrzej Szeptycki, Prof. Mykola Riabchuk, Kateryna Zakharchuk, Svitlana Mizherni, Inna Ganschow, Iryna Kaschtalian, Nina Janz, Machteld Venken","event_speaker_link":"","event_is_online":false,"event_location":"Cercle Cit\u00e9, Auditorium 2\u00e8me \u00e9tage","event_street":"Cercle Cit\u00e9 - 3, rue Genistre","event_location_link":"","event_zip_code":"L-1632 ","event_city":"Luxembourg ","event_country":"LU"},"events-topic":[316,326],"events-type":[],"organisation":[228,233],"authorship":[],"acf":[],"yoast_head":"<!-- This site is optimized with the Yoast SEO Premium plugin v22.3 (Yoast SEO v22.3) - https:\/\/yoast.com\/wordpress\/plugins\/seo\/ -->\n<title>Voices from the War \u2013 Path to Peace : Ukrainian and international insights - University of Luxembourg<\/title>\n<meta name=\"description\" content=\"Europe Direct University of Luxembourg, in collaboration with\u00a0Polska.lu,\u00a0LUkraine, the\u00a0C\u00b2DH, the\u00a0Polish Institute of Brussels\u00a0and the\u00a0Polish Embassy in Luxembourg, are pleased to invite you to a\u00a0conference on 20 October 2022\u00a0at the auditorium in the\u00a0Cercle Cit\u00e9 in Luxembourg.\" \/>\n<meta name=\"robots\" content=\"index, follow, max-snippet:-1, max-image-preview:large, max-video-preview:-1\" \/>\n<link rel=\"canonical\" href=\"https:\/\/www.uni.lu\/en\/events\/voices-from-the-war-path-to-peace-ukrainian-and-international-insights\/\" \/>\n<meta property=\"og:locale\" content=\"en_GB\" \/>\n<meta property=\"og:type\" content=\"article\" \/>\n<meta property=\"og:title\" content=\"Voices from the War \u2013 Path to Peace : Ukrainian and international insights\" \/>\n<meta property=\"og:description\" content=\"Europe Direct University of Luxembourg, in collaboration with\u00a0Polska.lu,\u00a0LUkraine, the\u00a0C\u00b2DH, the\u00a0Polish Institute of Brussels\u00a0and the\u00a0Polish Embassy in Luxembourg, are pleased to invite you to a\u00a0conference on 20 October 2022\u00a0at the auditorium in the\u00a0Cercle Cit\u00e9 in Luxembourg.\" \/>\n<meta property=\"og:url\" content=\"https:\/\/www.uni.lu\/en\/events\/voices-from-the-war-path-to-peace-ukrainian-and-international-insights\/\" \/>\n<meta property=\"og:site_name\" content=\"UNI EN\" \/>\n<meta property=\"article:publisher\" content=\"https:\/\/www.facebook.com\/uni.lu\" \/>\n<meta property=\"og:image\" content=\"https:\/\/www.uni.lu\/wp-content\/uploads\/sites\/9\/2022\/09\/voices_from_the_war_path_to_peace_ukrainian_and_international_insights.jpg\" \/>\n\t<meta property=\"og:image:width\" content=\"800\" \/>\n\t<meta property=\"og:image:height\" content=\"600\" \/>\n\t<meta property=\"og:image:type\" content=\"image\/jpeg\" \/>\n<meta name=\"twitter:card\" content=\"summary_large_image\" \/>\n<meta name=\"twitter:label1\" content=\"Estimated reading time\" \/>\n\t<meta name=\"twitter:data1\" content=\"6 minutes\" \/>\n<script type=\"application\/ld+json\" class=\"yoast-schema-graph\">{\"@context\":\"https:\/\/schema.org\",\"@graph\":[{\"@type\":\"WebPage\",\"@id\":\"https:\/\/www.uni.lu\/en\/events\/voices-from-the-war-path-to-peace-ukrainian-and-international-insights\/\",\"url\":\"https:\/\/www.uni.lu\/en\/events\/voices-from-the-war-path-to-peace-ukrainian-and-international-insights\/\",\"name\":\"Voices from the War \u2013 Path to Peace : Ukrainian and international insights - University of Luxembourg\",\"isPartOf\":{\"@id\":\"https:\/\/www.uni.lu\/en\/#website\"},\"primaryImageOfPage\":{\"@id\":\"https:\/\/www.uni.lu\/en\/events\/voices-from-the-war-path-to-peace-ukrainian-and-international-insights\/#primaryimage\"},\"image\":{\"@id\":\"https:\/\/www.uni.lu\/en\/events\/voices-from-the-war-path-to-peace-ukrainian-and-international-insights\/#primaryimage\"},\"thumbnailUrl\":\"https:\/\/www.uni.lu\/wp-content\/uploads\/sites\/9\/2022\/09\/voices_from_the_war_path_to_peace_ukrainian_and_international_insights.jpg\",\"datePublished\":\"2022-09-19T08:23:49+00:00\",\"dateModified\":\"2022-09-19T08:23:49+00:00\",\"description\":\"Europe Direct University of Luxembourg, in collaboration with\u00a0Polska.lu,\u00a0LUkraine, the\u00a0C\u00b2DH, the\u00a0Polish Institute of Brussels\u00a0and the\u00a0Polish Embassy in Luxembourg, are pleased to invite you to a\u00a0conference on 20 October 2022\u00a0at the auditorium in the\u00a0Cercle Cit\u00e9 in Luxembourg.\",\"breadcrumb\":{\"@id\":\"https:\/\/www.uni.lu\/en\/events\/voices-from-the-war-path-to-peace-ukrainian-and-international-insights\/#breadcrumb\"},\"inLanguage\":\"en-GB\",\"potentialAction\":[{\"@type\":\"ReadAction\",\"target\":[\"https:\/\/www.uni.lu\/en\/events\/voices-from-the-war-path-to-peace-ukrainian-and-international-insights\/\"]}]},{\"@type\":\"ImageObject\",\"inLanguage\":\"en-GB\",\"@id\":\"https:\/\/www.uni.lu\/en\/events\/voices-from-the-war-path-to-peace-ukrainian-and-international-insights\/#primaryimage\",\"url\":\"https:\/\/www.uni.lu\/wp-content\/uploads\/sites\/9\/2022\/09\/voices_from_the_war_path_to_peace_ukrainian_and_international_insights.jpg\",\"contentUrl\":\"https:\/\/www.uni.lu\/wp-content\/uploads\/sites\/9\/2022\/09\/voices_from_the_war_path_to_peace_ukrainian_and_international_insights.jpg\",\"width\":800,\"height\":600},{\"@type\":\"BreadcrumbList\",\"@id\":\"https:\/\/www.uni.lu\/en\/events\/voices-from-the-war-path-to-peace-ukrainian-and-international-insights\/#breadcrumb\",\"itemListElement\":[{\"@type\":\"ListItem\",\"position\":1,\"name\":\"Home\",\"item\":\"https:\/\/www.uni.lu\/en\/\"},{\"@type\":\"ListItem\",\"position\":2,\"name\":\"Events\",\"item\":\"https:\/\/www.uni.lu\/en\/events\/\"},{\"@type\":\"ListItem\",\"position\":3,\"name\":\"Voices from the War \u2013 Path to Peace : Ukrainian and international insights\"}]},{\"@type\":\"WebSite\",\"@id\":\"https:\/\/www.uni.lu\/en\/#website\",\"url\":\"https:\/\/www.uni.lu\/en\/\",\"name\":\"Uni.lu\",\"description\":\"University of Luxembourg\",\"publisher\":{\"@id\":\"https:\/\/www.uni.lu\/en\/#organization\"},\"alternateName\":\"University of Luxembourg\",\"potentialAction\":[{\"@type\":\"SearchAction\",\"target\":{\"@type\":\"EntryPoint\",\"urlTemplate\":\"https:\/\/www.uni.lu\/en\/?s={search_term_string}\"},\"query-input\":\"required name=search_term_string\"}],\"inLanguage\":\"en-GB\"},{\"@type\":\"Organization\",\"@id\":\"https:\/\/www.uni.lu\/en\/#organization\",\"name\":\"University of Luxembourg\",\"alternateName\":\"Uni.lu\",\"url\":\"https:\/\/www.uni.lu\/en\/\",\"logo\":{\"@type\":\"ImageObject\",\"inLanguage\":\"en-GB\",\"@id\":\"https:\/\/www.uni.lu\/en\/#\/schema\/logo\/image\/\",\"url\":\"https:\/\/www.uni.lu\/wp-content\/uploads\/sites\/9\/2026\/03\/03120157\/UNIV_SM-Profile_1600x1600px-scaled.jpg\",\"contentUrl\":\"https:\/\/www.uni.lu\/wp-content\/uploads\/sites\/9\/2026\/03\/03120157\/UNIV_SM-Profile_1600x1600px-scaled.jpg\",\"width\":2560,\"height\":2560,\"caption\":\"University of Luxembourg\"},\"image\":\"https:\/\/www.uni.lu\/wp-content\/uploads\/sites\/9\/2023\/06\/virtual.jpg\",\"sameAs\":[\"https:\/\/www.facebook.com\/uni.lu\",\"https:\/\/www.linkedin.com\/school\/university-of-luxembourg\/\",\"https:\/\/www.instagram.com\/uni.lu\",\"https:\/\/www.youtube.com\/@uni_lu\",\"https:\/\/en.wikipedia.org\/wiki\/University_of_Luxembourg\"],\"email\":\"communication@uni.lu\",\"telephone\":\"+352 46 66 44 1\",\"address\":{\"@type\":\"PostalAddress\",\"streetAddress\":\"2, place de l\u2019Universit\u00e9\",\"addressLocality\":\"Esch-sur-Alzette\",\"postalCode\":\"4365\",\"addressCountry\":\"LU\"},\"description\":\"University of Luxembourg\"}]}<\/script>\n<!-- \/ Yoast SEO Premium plugin. -->","yoast_head_json":{"title":"Voices from the War \u2013 Path to Peace : Ukrainian and international insights - University of Luxembourg","description":"Europe Direct University of Luxembourg, in collaboration with\u00a0Polska.lu,\u00a0LUkraine, the\u00a0C\u00b2DH, the\u00a0Polish Institute of Brussels\u00a0and the\u00a0Polish Embassy in Luxembourg, are pleased to invite you to a\u00a0conference on 20 October 2022\u00a0at the auditorium in the\u00a0Cercle Cit\u00e9 in Luxembourg.","robots":{"index":"index","follow":"follow","max-snippet":"max-snippet:-1","max-image-preview":"max-image-preview:large","max-video-preview":"max-video-preview:-1"},"canonical":"https:\/\/www.uni.lu\/en\/events\/voices-from-the-war-path-to-peace-ukrainian-and-international-insights\/","og_locale":"en_GB","og_type":"article","og_title":"Voices from the War \u2013 Path to Peace : Ukrainian and international insights","og_description":"Europe Direct University of Luxembourg, in collaboration with\u00a0Polska.lu,\u00a0LUkraine, the\u00a0C\u00b2DH, the\u00a0Polish Institute of Brussels\u00a0and the\u00a0Polish Embassy in Luxembourg, are pleased to invite you to a\u00a0conference on 20 October 2022\u00a0at the auditorium in the\u00a0Cercle Cit\u00e9 in Luxembourg.","og_url":"https:\/\/www.uni.lu\/en\/events\/voices-from-the-war-path-to-peace-ukrainian-and-international-insights\/","og_site_name":"UNI EN","article_publisher":"https:\/\/www.facebook.com\/uni.lu","og_image":[{"width":800,"height":600,"url":"https:\/\/www.uni.lu\/wp-content\/uploads\/sites\/9\/2022\/09\/voices_from_the_war_path_to_peace_ukrainian_and_international_insights.jpg","type":"image\/jpeg"}],"twitter_card":"summary_large_image","twitter_misc":{"Estimated reading time":"6 minutes"},"schema":{"@context":"https:\/\/schema.org","@graph":[{"@type":"WebPage","@id":"https:\/\/www.uni.lu\/en\/events\/voices-from-the-war-path-to-peace-ukrainian-and-international-insights\/","url":"https:\/\/www.uni.lu\/en\/events\/voices-from-the-war-path-to-peace-ukrainian-and-international-insights\/","name":"Voices from the War \u2013 Path to Peace : Ukrainian and international insights - University of Luxembourg","isPartOf":{"@id":"https:\/\/www.uni.lu\/en\/#website"},"primaryImageOfPage":{"@id":"https:\/\/www.uni.lu\/en\/events\/voices-from-the-war-path-to-peace-ukrainian-and-international-insights\/#primaryimage"},"image":{"@id":"https:\/\/www.uni.lu\/en\/events\/voices-from-the-war-path-to-peace-ukrainian-and-international-insights\/#primaryimage"},"thumbnailUrl":"https:\/\/www.uni.lu\/wp-content\/uploads\/sites\/9\/2022\/09\/voices_from_the_war_path_to_peace_ukrainian_and_international_insights.jpg","datePublished":"2022-09-19T08:23:49+00:00","dateModified":"2022-09-19T08:23:49+00:00","description":"Europe Direct University of Luxembourg, in collaboration with\u00a0Polska.lu,\u00a0LUkraine, the\u00a0C\u00b2DH, the\u00a0Polish Institute of Brussels\u00a0and the\u00a0Polish Embassy in Luxembourg, are pleased to invite you to a\u00a0conference on 20 October 2022\u00a0at the auditorium in the\u00a0Cercle Cit\u00e9 in Luxembourg.","breadcrumb":{"@id":"https:\/\/www.uni.lu\/en\/events\/voices-from-the-war-path-to-peace-ukrainian-and-international-insights\/#breadcrumb"},"inLanguage":"en-GB","potentialAction":[{"@type":"ReadAction","target":["https:\/\/www.uni.lu\/en\/events\/voices-from-the-war-path-to-peace-ukrainian-and-international-insights\/"]}]},{"@type":"ImageObject","inLanguage":"en-GB","@id":"https:\/\/www.uni.lu\/en\/events\/voices-from-the-war-path-to-peace-ukrainian-and-international-insights\/#primaryimage","url":"https:\/\/www.uni.lu\/wp-content\/uploads\/sites\/9\/2022\/09\/voices_from_the_war_path_to_peace_ukrainian_and_international_insights.jpg","contentUrl":"https:\/\/www.uni.lu\/wp-content\/uploads\/sites\/9\/2022\/09\/voices_from_the_war_path_to_peace_ukrainian_and_international_insights.jpg","width":800,"height":600},{"@type":"BreadcrumbList","@id":"https:\/\/www.uni.lu\/en\/events\/voices-from-the-war-path-to-peace-ukrainian-and-international-insights\/#breadcrumb","itemListElement":[{"@type":"ListItem","position":1,"name":"Home","item":"https:\/\/www.uni.lu\/en\/"},{"@type":"ListItem","position":2,"name":"Events","item":"https:\/\/www.uni.lu\/en\/events\/"},{"@type":"ListItem","position":3,"name":"Voices from the War \u2013 Path to Peace : Ukrainian and international insights"}]},{"@type":"WebSite","@id":"https:\/\/www.uni.lu\/en\/#website","url":"https:\/\/www.uni.lu\/en\/","name":"Uni.lu","description":"University of Luxembourg","publisher":{"@id":"https:\/\/www.uni.lu\/en\/#organization"},"alternateName":"University of Luxembourg","potentialAction":[{"@type":"SearchAction","target":{"@type":"EntryPoint","urlTemplate":"https:\/\/www.uni.lu\/en\/?s={search_term_string}"},"query-input":"required name=search_term_string"}],"inLanguage":"en-GB"},{"@type":"Organization","@id":"https:\/\/www.uni.lu\/en\/#organization","name":"University of Luxembourg","alternateName":"Uni.lu","url":"https:\/\/www.uni.lu\/en\/","logo":{"@type":"ImageObject","inLanguage":"en-GB","@id":"https:\/\/www.uni.lu\/en\/#\/schema\/logo\/image\/","url":"https:\/\/www.uni.lu\/wp-content\/uploads\/sites\/9\/2026\/03\/03120157\/UNIV_SM-Profile_1600x1600px-scaled.jpg","contentUrl":"https:\/\/www.uni.lu\/wp-content\/uploads\/sites\/9\/2026\/03\/03120157\/UNIV_SM-Profile_1600x1600px-scaled.jpg","width":2560,"height":2560,"caption":"University of Luxembourg"},"image":"https:\/\/www.uni.lu\/wp-content\/uploads\/sites\/9\/2023\/06\/virtual.jpg","sameAs":["https:\/\/www.facebook.com\/uni.lu","https:\/\/www.linkedin.com\/school\/university-of-luxembourg\/","https:\/\/www.instagram.com\/uni.lu","https:\/\/www.youtube.com\/@uni_lu","https:\/\/en.wikipedia.org\/wiki\/University_of_Luxembourg"],"email":"communication@uni.lu","telephone":"+352 46 66 44 1","address":{"@type":"PostalAddress","streetAddress":"2, place de l\u2019Universit\u00e9","addressLocality":"Esch-sur-Alzette","postalCode":"4365","addressCountry":"LU"},"description":"University of Luxembourg"}]}},"_links":{"self":[{"href":"https:\/\/www.uni.lu\/en\/wp-json\/wp\/v2\/events\/20635"}],"collection":[{"href":"https:\/\/www.uni.lu\/en\/wp-json\/wp\/v2\/events"}],"about":[{"href":"https:\/\/www.uni.lu\/en\/wp-json\/wp\/v2\/types\/events"}],"replies":[{"embeddable":true,"href":"https:\/\/www.uni.lu\/en\/wp-json\/wp\/v2\/comments?post=20635"}],"version-history":[{"count":0,"href":"https:\/\/www.uni.lu\/en\/wp-json\/wp\/v2\/events\/20635\/revisions"}],"wp:featuredmedia":[{"embeddable":true,"href":"https:\/\/www.uni.lu\/en\/wp-json\/wp\/v2\/media\/20636"}],"wp:attachment":[{"href":"https:\/\/www.uni.lu\/en\/wp-json\/wp\/v2\/media?parent=20635"}],"wp:term":[{"taxonomy":"events-topic","embeddable":true,"href":"https:\/\/www.uni.lu\/en\/wp-json\/wp\/v2\/events-topic?post=20635"},{"taxonomy":"events-type","embeddable":true,"href":"https:\/\/www.uni.lu\/en\/wp-json\/wp\/v2\/events-type?post=20635"},{"taxonomy":"organisation","embeddable":true,"href":"https:\/\/www.uni.lu\/en\/wp-json\/wp\/v2\/organisation?post=20635"}],"curies":[{"name":"wp","href":"https:\/\/api.w.org\/{rel}","templated":true}]}}