{"id":20579,"date":"2022-04-07T08:36:54","date_gmt":"2022-04-07T06:36:54","guid":{"rendered":"https:\/\/www.uni.lu\/en\/events\/producing-historiography-in-a-changing-world-practices-of-historians-in-analog-and-digital-contexts\/"},"modified":"2022-04-07T08:36:54","modified_gmt":"2022-04-07T06:36:54","slug":"producing-historiography-in-a-changing-world-practices-of-historians-in-analog-and-digital-contexts","status":"publish","type":"events","link":"https:\/\/www.uni.lu\/en\/events\/producing-historiography-in-a-changing-world-practices-of-historians-in-analog-and-digital-contexts\/","title":{"rendered":"Producing Historiography in a Changing World: Practices of Historians in Analog and Digital Contexts"},"content":{"rendered":"<section class=\"wp-block-unilux-blocks-free-section section\"><div class=\"container xl:max-w-screen-xl\"><p>International conference organised within the framework of the &#8216;Gilbert Trausch&#8217; research project at the University of Luxembourg.<\/p><p>The aim of this conference is to study the material and intellectual conditions of the historian&#8217;s work by proposing an anthropological approach to historical practices. The conference takes place within the framework of a <a href=\"https:\/\/www.c2dh.uni.lu\/projects\/gilbert-trausch\" target=\"_blank\" title=\"\" rel=\"noopener\">research project<\/a> at the University of Luxembourg focussing on the work and research library of the Luxembourgish historian Gilbert Trausch.<\/p><p><\/p>\n<h2 class=\"has-text-align-left wp-block-unilux-blocks-heading\"        id=\"programme\"\n    >\nProgramme<\/h2>\n\n<h3 class=\"has-text-align-left wp-block-unilux-blocks-heading\"        id=\"part-1\"\n    >\nPart 1<\/h3>\n<p><strong>Thursday, 5 May 2022, 14.00 &#8211; 18.00<\/strong><\/p><p><strong>Biblioth\u00e8que nationale du Luxembourg<\/strong><\/p><p>Please register for Part 1 using the corresponding <a href=\"https:\/\/www.eventbrite.fr\/e\/producing-historiography-in-a-changing-world-part-1-tickets-315184042957\" target=\"_blank\" title=\"\" rel=\"noopener\">Eventbrite page<\/a>.<\/p><p>14.15\u00a0\u00a0\u00a0\u00a0<\/p><p>Arrival<\/p><p>14.30<\/p><p>Welcome\u00a0\u00a0 \u00a0<\/p><p><strong>Claude Conter<\/strong>, Directeur BNL &#8211; <strong>Andreas Fickers<\/strong>, Directeur C\u00b2DH<\/p>\n<h4 class=\"has-text-align-left wp-block-unilux-blocks-heading\"        id=\"panel-1-the-historian-gilbert-trausch\"\n    >\nPanel 1: The Historian Gilbert Trausch<\/h4>\n<p>Chair: <strong>Beno\u00eet Majerus<\/strong>, Professor for European History at the Luxembourg Centre for Contemporary and Digital History (C\u00b2DH)<\/p><p>14.40\u00a0\u00a0\u00a0\u00a0<\/p><p><i>\u00c9crire le r\u00e9cit national : une approche mat\u00e9rielle de l\u2019\u0153uvre de Gilbert Trausch<\/i><\/p><p><strong>Michel Margue<\/strong>, Institut d\u2019Histoire, Universit\u00e9 du Luxembourg<\/p><p>15.00<\/p><p><i>Gilbert Trausch and the European Union Liaison Committee of Historians<\/i><\/p><p><strong>Kiran Patel<\/strong>, Ludwig-Maximilians-Universit\u00e4t M\u00fcnchen<\/p><p>15.20<\/p><p><i>Small is beautiful? Trausch on Luxembourg as \u201esmall power\u201c in Europe<\/i><\/p><p><strong>Ren\u00e9e Wagener<\/strong>, Institut d\u2019Histoire, Universit\u00e9 de Luxembourg<\/p><p>15.40<\/p><p>Discussion<\/p><p>16.10<\/p><p>Break<\/p><p>16.30<\/p><p><i>Gilbert Trausch as Public Historian<\/i><\/p><p><strong>Wolfgang Freund<\/strong>, C\u00b2DH, University of Luxembourg<\/p><p>16.50<\/p><p><i>Scanning the past: A 3D model of Trausch\u2019s library<\/i><\/p><p><strong>Norman Teferle<\/strong>, FSTM, University of Luxembourg &#8211;\u00a0 <strong>Lars Wieneke<\/strong>, C\u00b2DH, University of<\/p><p>Luxembourg<\/p><p>17.20<\/p><p>Discussion<\/p><p><\/p>\n<h3 class=\"has-text-align-left wp-block-unilux-blocks-heading\"        id=\"public-conference\"\n    >\nPublic conference<\/h3>\n<p><strong>Thursday, 5 May 2022, starting at 19.00<\/strong><\/p><p><strong>Biblioth\u00e8que nationale du Luxembourg<\/strong><\/p><p>Please register via <a href=\"https:\/\/www.tickettailor.com\/events\/bnl\/657903\/\" target=\"_blank\" title=\"\" rel=\"noopener\">Tickettailor<\/a>.<\/p>\n<h4 class=\"has-text-align-left wp-block-unilux-blocks-heading\"        id=\"une-bibliotheque-pour-les-curieux\"\n    >\n&quot;Une biblioth\u00e8que pour les curieux&quot;<\/h4>\n<p><strong>Alberto Manguel<\/strong>, CEHL &#8211; Centro de Estudos da Hist\u00f3ria da Leitura<\/p><p>\u00ab Puisque nous donnons un nom \u00e0 tout ce que nous savons exister dans l&#8217;univers, ce nom peut facilement devenir une m\u00e9taphore pour autre chose. Une biblioth\u00e8que, c&#8217;est beaucoup de choses, et peut-\u00eatre une fa\u00e7on de comprendre ces identit\u00e9s passe par le biais de m\u00e9taphores. Sous le nom d&#8217;archive, m\u00e9moire, labyrinthe, monde, la biblioth\u00e8que est (ou peut devenir) un espace d&#8217;exploration pour les curieux. \u00bb<\/p><p>Alberto Manguel est un citoyen canadien n\u00e9 \u00e0 Buenos Aires. Il est l\u2019auteur de cinq romans et de plusieurs essais, parmi lesquels Le Dictionnaire des lieux imaginaires (avec Gianni Guadalupi) ; Une Histoire de la lecture et La Biblioth\u00e8que la nuit. En France, Alberto Manguel est, entre autres, le laur\u00e9at du prix M\u00e9dicis essai et du prix France Culture. Manguel a \u00e9t\u00e9 directeur de la Biblioth\u00e8que nationale d\u2019Argentine de 2015 \u00e0 2018. Il dirige actuellement le centre de recherche sur l\u2019histoire de la lecture (CEHL) \u00e0 Lisbonne.<\/p><p><\/p>\n<h3 class=\"has-text-align-left wp-block-unilux-blocks-heading\"        id=\"part-2\"\n    >\nPart 2<\/h3>\n<p><strong>Friday, 6 May 2022, 09.15 &#8211; 17.00<\/strong><\/p><p><strong>Luxembourg Learning Centre, Belval Campus<\/strong><\/p><p>Please register for Part 2 using the corresponding <a href=\"https:\/\/www.eventbrite.fr\/e\/producing-historiography-in-a-changing-world-part-2-tickets-315192578487\" target=\"_blank\" title=\"\" rel=\"noopener\">Eventbrite page<\/a>.<\/p>\n<h4 class=\"has-text-align-left wp-block-unilux-blocks-heading\"        id=\"panel-2-anthropology-of-the-historian-at-work\"\n    >\nPanel 2: Anthropology of the Historian at Work<\/h4>\n<p>Chair : <strong>Andreas Fickers<\/strong>, Director of the Luxembourg Centre for Contemporary and Digital History, University of Luxembourg (C\u00b2DH)<\/p><p>09.30\u00a0\u00a0\u00a0\u00a0<\/p><p><i>De la vie en biblioth\u00e8que \u00e0 la biblioth\u00e8que priv\u00e9e. La conqu\u00eate progressive de l\u2019ind\u00e9pendance<\/i>\u00a0\u00a0 \u00a0<\/p><p><strong>John Scheid<\/strong>, Coll\u00e8ge de France \/ Universit\u00e9 du Luxembourg<\/p><p>09.55<\/p><p><i>Derri\u00e8re l\u2019\u0153uvre, l\u2019historien au travail<\/i><\/p><p><strong>Fran\u00e7oise Waquet<\/strong>, CNRS<\/p><p>10.20<\/p><p>Discussion<\/p><p>10.50<\/p><p>Break<\/p><p>11.10<\/p><p><i>Droysen at Work. A Praxeological Perspective on Historical Scholarship<\/i>\u00a0\u00a0 \u00a0<\/p><p><strong>Philipp M\u00fcller<\/strong>, Georg-August-Universit\u00e4t G\u00f6ttingen<\/p><p>11.35<\/p><p>Discussion<\/p><p>12.00<\/p><p>Guided tour of the Luxembourg Learning Centre<\/p><p>12.45<\/p><p>Lunch break<\/p><p><\/p>\n<h4 class=\"has-text-align-left wp-block-unilux-blocks-heading\"        id=\"panel-3-analog-machine-based-reading-and-writing\"\n    >\nPanel 3 : Analog\/machine-based reading and writing<\/h4>\n<p>Chair: <strong>John Scheid<\/strong>, Coll\u00e8ge de France \/ Universit\u00e9 du Luxembourg<\/p><p>14.00\u00a0\u00a0\u00a0\u00a0<\/p><p><i>Writing Work and Authorship in Historiography<\/i><\/p><p><strong>Henning Tr\u00fcper<\/strong>, Universit\u00e4t Z\u00fcrich &#8211;\u00a0 Leibniz-Zentrum f\u00fcr Literatur- und Kulturforschung Berlin<\/p><p>14.25<\/p><p><i>R\u00e9inventer le d\u00e9pouillement<\/i><\/p><p><strong>Philippe Arti\u00e8res<\/strong>, Institut de recherche interdisciplinaire sur les enjeux sociaux (IRIS), CNRS<\/p><p>14.50<\/p><p>Discussion<\/p><p>15.20<\/p><p>Break<\/p><p>15.40<\/p><p><i>Savoirs : a Digital Tool for Comparative History of Knowledge<\/i><\/p><p><strong>Christian Jacob<\/strong>, CNRS, EHESS<\/p><p>16.05<\/p><p>Discussion<\/p><p>16.20<\/p><p>Conclusions<\/p><p><strong>Beno\u00eet Majerus<\/strong>, Luxembourg Centre for Contemporary and Digital History, University of Luxembourg (C\u00b2DH)<\/p><p><\/p><p>Conference organisers:<\/p><ul class=\"ulux-list\"><li class=\"ulux-list-item\">Centre for Contemporary and Digital History (C\u00b2DH)<\/li><li class=\"ulux-list-item\">Institute of History (IHIST), University of Luxembourg<\/li><li class=\"ulux-list-item\">with the support of Fondation Andr\u00e9 Losch<\/li><\/ul><p><\/p><figure class=\"wp-block-dev4-reusable-blocks-image  object-fit--contain\">\n    \n<img decoding=\"async\" class=\"wp-block-image unilux-custom-image-block\"\n                alt=\"\"\n            src=\"https:\/\/www.uni.lu\/wp-content\/uploads\/sites\/9\/2024\/01\/logos_partners_trausch_conference.png\"\n                srcset=\"https:\/\/www.uni.lu\/wp-content\/uploads\/sites\/9\/2024\/01\/logos_partners_trausch_conference-300x112.png 300w, https:\/\/www.uni.lu\/wp-content\/uploads\/sites\/9\/2024\/01\/logos_partners_trausch_conference.png 367w\"\n                style=\"object-position: 50.00% 50.00%; font-family: &quot;object-fit: contain; object-position: 50.00% 50.00%;&quot;; aspect-ratio: 21\/9; object-fit: contain; width: 100%;\"\n        loading=\"lazy\"\n\/>    <\/figure><p><\/p><p>Conference language: English and French.<\/p><p><\/p>\n<h5 class=\"has-text-align-left wp-block-unilux-blocks-heading\"        id=\"photo-sophie-margue\"\n    >\nPhoto: \u00a9 Sophie Margue<\/h5>\n<\/div><\/section>","protected":false},"excerpt":{"rendered":"<p>International conference organised within the framework of the &#8216;Gilbert Trausch&#8217; research project at the University of Luxembourg.<\/p>\n","protected":false},"author":0,"featured_media":20580,"parent":0,"menu_order":0,"comment_status":"open","ping_status":"closed","template":"","format":"standard","meta":{"featured_image_focal_point":[],"show_featured_caption":false,"ulux_newsletter_groups":"","uluxPostTitle":"","uluxPrePostTitle":"","_trash_the_other_posts":false,"_price":"","_stock":"","_tribe_ticket_header":"","_tribe_default_ticket_provider":"","_tribe_ticket_capacity":"0","_ticket_start_date":"","_ticket_end_date":"","_tribe_ticket_show_description":"","_tribe_ticket_show_not_going":false,"_tribe_ticket_use_global_stock":"","_tribe_ticket_global_stock_level":"","_global_stock_mode":"","_global_stock_cap":"","_tribe_rsvp_for_event":"","_tribe_ticket_going_count":"","_tribe_ticket_not_going_count":"","_tribe_tickets_list":"[]","_tribe_ticket_has_attendee_info_fields":false,"event_start_date":"2022-05-05 14:15:00","event_end_date":"2022-05-06 16:30:00","event_speaker_name":"","event_speaker_link":"","event_is_online":false,"event_location":"Biblioth\u00e8que nationale du Luxembourg & Luxembourg Learning Centre","event_street":"","event_location_link":"","event_zip_code":"","event_city":"","event_country":"LU"},"events-topic":[316],"events-type":[],"organisation":[228,233],"authorship":[],"acf":[],"yoast_head":"<!-- This site is optimized with the Yoast SEO Premium plugin v22.3 (Yoast SEO v22.3) - https:\/\/yoast.com\/wordpress\/plugins\/seo\/ -->\n<title>Producing Historiography in a Changing World: Practices of Historians in Analog and Digital Contexts - University of Luxembourg<\/title>\n<meta name=\"description\" content=\"International conference organised within the framework of the &#039;Gilbert Trausch&#039; research project at the University of Luxembourg.\" \/>\n<meta name=\"robots\" content=\"index, follow, max-snippet:-1, max-image-preview:large, max-video-preview:-1\" \/>\n<link rel=\"canonical\" href=\"https:\/\/www.uni.lu\/en\/events\/producing-historiography-in-a-changing-world-practices-of-historians-in-analog-and-digital-contexts\/\" \/>\n<meta property=\"og:locale\" content=\"en_GB\" \/>\n<meta property=\"og:type\" content=\"article\" \/>\n<meta property=\"og:title\" content=\"Producing Historiography in a Changing World: Practices of Historians in Analog and Digital Contexts\" \/>\n<meta property=\"og:description\" content=\"International conference organised within the framework of the &#039;Gilbert Trausch&#039; research project at the University of Luxembourg.\" \/>\n<meta property=\"og:url\" content=\"https:\/\/www.uni.lu\/en\/events\/producing-historiography-in-a-changing-world-practices-of-historians-in-analog-and-digital-contexts\/\" \/>\n<meta property=\"og:site_name\" content=\"UNI EN\" \/>\n<meta property=\"article:publisher\" content=\"https:\/\/www.facebook.com\/uni.lu\" \/>\n<meta property=\"og:image\" content=\"https:\/\/www.uni.lu\/wp-content\/uploads\/sites\/9\/2022\/04\/producing_historiography_in_a_changing_world_practices_of_historians_in_analog_and_digital_contexts.jpg\" \/>\n\t<meta property=\"og:image:width\" content=\"800\" \/>\n\t<meta property=\"og:image:height\" content=\"600\" \/>\n\t<meta property=\"og:image:type\" content=\"image\/jpeg\" \/>\n<meta name=\"twitter:card\" content=\"summary_large_image\" \/>\n<meta name=\"twitter:label1\" content=\"Estimated reading time\" \/>\n\t<meta name=\"twitter:data1\" content=\"3 minutes\" \/>\n<script type=\"application\/ld+json\" class=\"yoast-schema-graph\">{\"@context\":\"https:\/\/schema.org\",\"@graph\":[{\"@type\":\"WebPage\",\"@id\":\"https:\/\/www.uni.lu\/en\/events\/producing-historiography-in-a-changing-world-practices-of-historians-in-analog-and-digital-contexts\/\",\"url\":\"https:\/\/www.uni.lu\/en\/events\/producing-historiography-in-a-changing-world-practices-of-historians-in-analog-and-digital-contexts\/\",\"name\":\"Producing Historiography in a Changing World: Practices of Historians in Analog and Digital Contexts - University of Luxembourg\",\"isPartOf\":{\"@id\":\"https:\/\/www.uni.lu\/en\/#website\"},\"primaryImageOfPage\":{\"@id\":\"https:\/\/www.uni.lu\/en\/events\/producing-historiography-in-a-changing-world-practices-of-historians-in-analog-and-digital-contexts\/#primaryimage\"},\"image\":{\"@id\":\"https:\/\/www.uni.lu\/en\/events\/producing-historiography-in-a-changing-world-practices-of-historians-in-analog-and-digital-contexts\/#primaryimage\"},\"thumbnailUrl\":\"https:\/\/www.uni.lu\/wp-content\/uploads\/sites\/9\/2022\/04\/producing_historiography_in_a_changing_world_practices_of_historians_in_analog_and_digital_contexts.jpg\",\"datePublished\":\"2022-04-07T06:36:54+00:00\",\"dateModified\":\"2022-04-07T06:36:54+00:00\",\"description\":\"International conference organised within the framework of the 'Gilbert Trausch' research project at the University of Luxembourg.\",\"breadcrumb\":{\"@id\":\"https:\/\/www.uni.lu\/en\/events\/producing-historiography-in-a-changing-world-practices-of-historians-in-analog-and-digital-contexts\/#breadcrumb\"},\"inLanguage\":\"en-GB\",\"potentialAction\":[{\"@type\":\"ReadAction\",\"target\":[\"https:\/\/www.uni.lu\/en\/events\/producing-historiography-in-a-changing-world-practices-of-historians-in-analog-and-digital-contexts\/\"]}]},{\"@type\":\"ImageObject\",\"inLanguage\":\"en-GB\",\"@id\":\"https:\/\/www.uni.lu\/en\/events\/producing-historiography-in-a-changing-world-practices-of-historians-in-analog-and-digital-contexts\/#primaryimage\",\"url\":\"https:\/\/www.uni.lu\/wp-content\/uploads\/sites\/9\/2022\/04\/producing_historiography_in_a_changing_world_practices_of_historians_in_analog_and_digital_contexts.jpg\",\"contentUrl\":\"https:\/\/www.uni.lu\/wp-content\/uploads\/sites\/9\/2022\/04\/producing_historiography_in_a_changing_world_practices_of_historians_in_analog_and_digital_contexts.jpg\",\"width\":800,\"height\":600},{\"@type\":\"BreadcrumbList\",\"@id\":\"https:\/\/www.uni.lu\/en\/events\/producing-historiography-in-a-changing-world-practices-of-historians-in-analog-and-digital-contexts\/#breadcrumb\",\"itemListElement\":[{\"@type\":\"ListItem\",\"position\":1,\"name\":\"Home\",\"item\":\"https:\/\/www.uni.lu\/en\/\"},{\"@type\":\"ListItem\",\"position\":2,\"name\":\"Events\",\"item\":\"https:\/\/www.uni.lu\/en\/events\/\"},{\"@type\":\"ListItem\",\"position\":3,\"name\":\"Producing Historiography in a Changing World: Practices of Historians in Analog and Digital Contexts\"}]},{\"@type\":\"WebSite\",\"@id\":\"https:\/\/www.uni.lu\/en\/#website\",\"url\":\"https:\/\/www.uni.lu\/en\/\",\"name\":\"Uni.lu\",\"description\":\"University of Luxembourg\",\"publisher\":{\"@id\":\"https:\/\/www.uni.lu\/en\/#organization\"},\"alternateName\":\"University of Luxembourg\",\"potentialAction\":[{\"@type\":\"SearchAction\",\"target\":{\"@type\":\"EntryPoint\",\"urlTemplate\":\"https:\/\/www.uni.lu\/en\/?s={search_term_string}\"},\"query-input\":\"required name=search_term_string\"}],\"inLanguage\":\"en-GB\"},{\"@type\":\"Organization\",\"@id\":\"https:\/\/www.uni.lu\/en\/#organization\",\"name\":\"University of Luxembourg\",\"alternateName\":\"Uni.lu\",\"url\":\"https:\/\/www.uni.lu\/en\/\",\"logo\":{\"@type\":\"ImageObject\",\"inLanguage\":\"en-GB\",\"@id\":\"https:\/\/www.uni.lu\/en\/#\/schema\/logo\/image\/\",\"url\":\"https:\/\/www.uni.lu\/wp-content\/uploads\/sites\/9\/2026\/03\/03120157\/UNIV_SM-Profile_1600x1600px-scaled.jpg\",\"contentUrl\":\"https:\/\/www.uni.lu\/wp-content\/uploads\/sites\/9\/2026\/03\/03120157\/UNIV_SM-Profile_1600x1600px-scaled.jpg\",\"width\":2560,\"height\":2560,\"caption\":\"University of Luxembourg\"},\"image\":\"https:\/\/www.uni.lu\/wp-content\/uploads\/sites\/9\/2023\/06\/virtual.jpg\",\"sameAs\":[\"https:\/\/www.facebook.com\/uni.lu\",\"https:\/\/www.linkedin.com\/school\/university-of-luxembourg\/\",\"https:\/\/www.instagram.com\/uni.lu\",\"https:\/\/www.youtube.com\/@uni_lu\",\"https:\/\/en.wikipedia.org\/wiki\/University_of_Luxembourg\"],\"email\":\"communication@uni.lu\",\"telephone\":\"+352 46 66 44 1\",\"address\":{\"@type\":\"PostalAddress\",\"streetAddress\":\"2, place de l\u2019Universit\u00e9\",\"addressLocality\":\"Esch-sur-Alzette\",\"postalCode\":\"4365\",\"addressCountry\":\"LU\"},\"description\":\"University of Luxembourg\"}]}<\/script>\n<!-- \/ Yoast SEO Premium plugin. -->","yoast_head_json":{"title":"Producing Historiography in a Changing World: Practices of Historians in Analog and Digital Contexts - University of Luxembourg","description":"International conference organised within the framework of the 'Gilbert Trausch' research project at the University of Luxembourg.","robots":{"index":"index","follow":"follow","max-snippet":"max-snippet:-1","max-image-preview":"max-image-preview:large","max-video-preview":"max-video-preview:-1"},"canonical":"https:\/\/www.uni.lu\/en\/events\/producing-historiography-in-a-changing-world-practices-of-historians-in-analog-and-digital-contexts\/","og_locale":"en_GB","og_type":"article","og_title":"Producing Historiography in a Changing World: Practices of Historians in Analog and Digital Contexts","og_description":"International conference organised within the framework of the 'Gilbert Trausch' research project at the University of Luxembourg.","og_url":"https:\/\/www.uni.lu\/en\/events\/producing-historiography-in-a-changing-world-practices-of-historians-in-analog-and-digital-contexts\/","og_site_name":"UNI EN","article_publisher":"https:\/\/www.facebook.com\/uni.lu","og_image":[{"width":800,"height":600,"url":"https:\/\/www.uni.lu\/wp-content\/uploads\/sites\/9\/2022\/04\/producing_historiography_in_a_changing_world_practices_of_historians_in_analog_and_digital_contexts.jpg","type":"image\/jpeg"}],"twitter_card":"summary_large_image","twitter_misc":{"Estimated reading time":"3 minutes"},"schema":{"@context":"https:\/\/schema.org","@graph":[{"@type":"WebPage","@id":"https:\/\/www.uni.lu\/en\/events\/producing-historiography-in-a-changing-world-practices-of-historians-in-analog-and-digital-contexts\/","url":"https:\/\/www.uni.lu\/en\/events\/producing-historiography-in-a-changing-world-practices-of-historians-in-analog-and-digital-contexts\/","name":"Producing Historiography in a Changing World: Practices of Historians in Analog and Digital Contexts - University of Luxembourg","isPartOf":{"@id":"https:\/\/www.uni.lu\/en\/#website"},"primaryImageOfPage":{"@id":"https:\/\/www.uni.lu\/en\/events\/producing-historiography-in-a-changing-world-practices-of-historians-in-analog-and-digital-contexts\/#primaryimage"},"image":{"@id":"https:\/\/www.uni.lu\/en\/events\/producing-historiography-in-a-changing-world-practices-of-historians-in-analog-and-digital-contexts\/#primaryimage"},"thumbnailUrl":"https:\/\/www.uni.lu\/wp-content\/uploads\/sites\/9\/2022\/04\/producing_historiography_in_a_changing_world_practices_of_historians_in_analog_and_digital_contexts.jpg","datePublished":"2022-04-07T06:36:54+00:00","dateModified":"2022-04-07T06:36:54+00:00","description":"International conference organised within the framework of the 'Gilbert Trausch' research project at the University of Luxembourg.","breadcrumb":{"@id":"https:\/\/www.uni.lu\/en\/events\/producing-historiography-in-a-changing-world-practices-of-historians-in-analog-and-digital-contexts\/#breadcrumb"},"inLanguage":"en-GB","potentialAction":[{"@type":"ReadAction","target":["https:\/\/www.uni.lu\/en\/events\/producing-historiography-in-a-changing-world-practices-of-historians-in-analog-and-digital-contexts\/"]}]},{"@type":"ImageObject","inLanguage":"en-GB","@id":"https:\/\/www.uni.lu\/en\/events\/producing-historiography-in-a-changing-world-practices-of-historians-in-analog-and-digital-contexts\/#primaryimage","url":"https:\/\/www.uni.lu\/wp-content\/uploads\/sites\/9\/2022\/04\/producing_historiography_in_a_changing_world_practices_of_historians_in_analog_and_digital_contexts.jpg","contentUrl":"https:\/\/www.uni.lu\/wp-content\/uploads\/sites\/9\/2022\/04\/producing_historiography_in_a_changing_world_practices_of_historians_in_analog_and_digital_contexts.jpg","width":800,"height":600},{"@type":"BreadcrumbList","@id":"https:\/\/www.uni.lu\/en\/events\/producing-historiography-in-a-changing-world-practices-of-historians-in-analog-and-digital-contexts\/#breadcrumb","itemListElement":[{"@type":"ListItem","position":1,"name":"Home","item":"https:\/\/www.uni.lu\/en\/"},{"@type":"ListItem","position":2,"name":"Events","item":"https:\/\/www.uni.lu\/en\/events\/"},{"@type":"ListItem","position":3,"name":"Producing Historiography in a Changing World: Practices of Historians in Analog and Digital Contexts"}]},{"@type":"WebSite","@id":"https:\/\/www.uni.lu\/en\/#website","url":"https:\/\/www.uni.lu\/en\/","name":"Uni.lu","description":"University of Luxembourg","publisher":{"@id":"https:\/\/www.uni.lu\/en\/#organization"},"alternateName":"University of Luxembourg","potentialAction":[{"@type":"SearchAction","target":{"@type":"EntryPoint","urlTemplate":"https:\/\/www.uni.lu\/en\/?s={search_term_string}"},"query-input":"required name=search_term_string"}],"inLanguage":"en-GB"},{"@type":"Organization","@id":"https:\/\/www.uni.lu\/en\/#organization","name":"University of Luxembourg","alternateName":"Uni.lu","url":"https:\/\/www.uni.lu\/en\/","logo":{"@type":"ImageObject","inLanguage":"en-GB","@id":"https:\/\/www.uni.lu\/en\/#\/schema\/logo\/image\/","url":"https:\/\/www.uni.lu\/wp-content\/uploads\/sites\/9\/2026\/03\/03120157\/UNIV_SM-Profile_1600x1600px-scaled.jpg","contentUrl":"https:\/\/www.uni.lu\/wp-content\/uploads\/sites\/9\/2026\/03\/03120157\/UNIV_SM-Profile_1600x1600px-scaled.jpg","width":2560,"height":2560,"caption":"University of Luxembourg"},"image":"https:\/\/www.uni.lu\/wp-content\/uploads\/sites\/9\/2023\/06\/virtual.jpg","sameAs":["https:\/\/www.facebook.com\/uni.lu","https:\/\/www.linkedin.com\/school\/university-of-luxembourg\/","https:\/\/www.instagram.com\/uni.lu","https:\/\/www.youtube.com\/@uni_lu","https:\/\/en.wikipedia.org\/wiki\/University_of_Luxembourg"],"email":"communication@uni.lu","telephone":"+352 46 66 44 1","address":{"@type":"PostalAddress","streetAddress":"2, place de l\u2019Universit\u00e9","addressLocality":"Esch-sur-Alzette","postalCode":"4365","addressCountry":"LU"},"description":"University of Luxembourg"}]}},"_links":{"self":[{"href":"https:\/\/www.uni.lu\/en\/wp-json\/wp\/v2\/events\/20579"}],"collection":[{"href":"https:\/\/www.uni.lu\/en\/wp-json\/wp\/v2\/events"}],"about":[{"href":"https:\/\/www.uni.lu\/en\/wp-json\/wp\/v2\/types\/events"}],"replies":[{"embeddable":true,"href":"https:\/\/www.uni.lu\/en\/wp-json\/wp\/v2\/comments?post=20579"}],"version-history":[{"count":0,"href":"https:\/\/www.uni.lu\/en\/wp-json\/wp\/v2\/events\/20579\/revisions"}],"wp:featuredmedia":[{"embeddable":true,"href":"https:\/\/www.uni.lu\/en\/wp-json\/wp\/v2\/media\/20580"}],"wp:attachment":[{"href":"https:\/\/www.uni.lu\/en\/wp-json\/wp\/v2\/media?parent=20579"}],"wp:term":[{"taxonomy":"events-topic","embeddable":true,"href":"https:\/\/www.uni.lu\/en\/wp-json\/wp\/v2\/events-topic?post=20579"},{"taxonomy":"events-type","embeddable":true,"href":"https:\/\/www.uni.lu\/en\/wp-json\/wp\/v2\/events-type?post=20579"},{"taxonomy":"organisation","embeddable":true,"href":"https:\/\/www.uni.lu\/en\/wp-json\/wp\/v2\/organisation?post=20579"}],"curies":[{"name":"wp","href":"https:\/\/api.w.org\/{rel}","templated":true}]}}