{"id":6246,"date":"2025-03-11T16:47:43","date_gmt":"2025-03-11T15:47:43","guid":{"rendered":"https:\/\/www.uni.lu\/de\/?page_id=6246"},"modified":"2026-04-16T08:43:26","modified_gmt":"2026-04-16T06:43:26","slug":"fonds-fuer-auslandsstudien","status":"publish","type":"page","link":"https:\/\/www.uni.lu\/de\/ueber-uns\/unterstuetzen-sie-die-universitaet\/unsere-forschung-unterstuetzen\/fonds-fuer-auslandsstudien\/","title":{"rendered":"Fonds f\u00fcr Auslandsstudien"},"content":{"rendered":"\n<section class=\"section no-padding-y wp-block-unilux-blocks-hero\">\n    <div class=\"hero hero--2  \">\n        \n<header class=\"wp-block-unilux-blocks-wrapper hero__header\">\n<div class=\"wp-block-unilux-blocks-wrapper hero__container\">\n<span class=\"hero__title__subject wp-block-unilux-blocks-plain-text\"><\/span>\n\n\n<h1 class=\"has-text-align-left wp-block-unilux-blocks-heading\"        id=\"unterstuetzen-sie-den-fonds-fuer-auslandsstudien\"\n    >\n<strong>Unterst\u00fctzen Sie den Fonds f\u00fcr Auslandsstudien<\/strong><\/h1>\n<\/div>\n<\/header>\n<figure class=\"wp-block-dev4-reusable-blocks-image hero__visual object-fit--cover\">\n    \n<img decoding=\"async\" class=\"wp-block-image unilux-custom-image-block\"\n                alt=\"Limpertsberg Students \u00a9 David Laurent\"\n            src=\"https:\/\/www.uni.lu\/wp-content\/uploads\/sites\/9\/2023\/08\/timeline-2008-1000-550px.jpg\"\n                    style=\"object-position: 0.00% 28.00%; font-family: &quot;object-fit: cover; object-position: 0.00% 28.00%;&quot;; aspect-ratio: 16\/9; object-fit: cover; width: 100%;\"\n        loading=\"lazy\"\n\/>    <\/figure>\n<div class=\"wp-block-unilux-blocks-wrapper hero__body\">\n<div class=\"wp-block-unilux-blocks-wrapper hero__container\">\n<p class=\"wp-block-unilux-blocks-plain-text\">Ein kultur\u00fcbergreifender und mehrsprachiger Lernansatz ist ein wesentlicher Bestandteil der Bildungsphilosophie der Universit\u00e4t Luxemburg. Wir sind der Meinung, dass jeder Studierende die M\u00f6glichkeit haben sollte, an transformativen Studienerfahrungen im Ausland teilzunehmen, die seine Ausbildung verbessern, seine Weltsicht erweitern und den Grundstein f\u00fcr lebenslangen beruflichen Erfolg legen.<\/p>\n\n\n<ul class=\"wp-block-unilux-blocks-custom-buttons btn-list\"><li class=\"wp-block-unilux-blocks-custom-button\"    aria-disabled=\"false\"\n    >\n    <a\n        role=\"link\"\n        aria-disabled=\"false\"\n                    href=\"#studien-spenden\"\n                target=\"_self\"\n        class=\"btn btn--primary\"\n            >Spenden<\/a>\n<\/li>\n\n\n<\/ul>\n<\/div>\n<\/div>\n    <\/div>\n<\/section>\n\n\n<section class=\"wp-block-unilux-blocks-free-section section\"><div class=\"container xl:max-w-screen-xl\">\n<p>Allzu oft hindern jedoch finanzielle Hindernisse verdiente Sch\u00fcler daran, die M\u00f6glichkeiten wahrzunehmen, die ihren Interessen und Ambitionen am besten entsprechen, und schr\u00e4nken so ihr Potenzial f\u00fcr eine wirklich globale Bildung ein. Mit Ihrer Unterst\u00fctzung k\u00f6nnen wir begabten Sch\u00fclern den Zugang zu neuen Kulturen, Ideen und Perspektiven erm\u00f6glichen, damit sie sich in einem vielf\u00e4ltigen Umfeld behaupten und in einer zunehmend vernetzten Welt erfolgreich sein k\u00f6nnen.<\/p>\n\n\n\n<h2 class=\"has-text-align-left wp-block-unilux-blocks-heading\"        id=\"ihre-unterstuetzung-wird-einen-unterschied-machen\"\n    >\nIhre Unterst\u00fctzung wird einen Unterschied machen<\/h2>\n\n\n\n<p>An der Universit\u00e4t Luxemburg wollen wir die T\u00fcren zu einer Bildung und Ausbildung von Weltklasse \u00f6ffnen und Absolventen vorbereiten, die global denken, vielseitig sind und bereit, komplexe Herausforderungen in ihren gew\u00e4hlten Berufsfeldern zu meistern. Doch die Finanzierung ist nach wie vor ein entscheidendes Hindernis, insbesondere f\u00fcr Studierende, die au\u00dferhalb Europas studieren m\u00f6chten. Bestehende Programme und Finanzierungsstrukturen decken zu oft nicht die tats\u00e4chlichen Kosten eines Auslandsstudiums ab und zwingen exzellente Studierende dazu, sich aufgrund finanzieller Engp\u00e4sse f\u00fcr ein Studium zu entscheiden, anstatt ihre wahren Ziele zu verfolgen.<\/p>\n\n\n\n<p>Um diese Herausforderungen zu meistern, bieten wir unseren Studierenden eine ma\u00dfgeschneiderte akademische Beratung und gezielte finanzielle Unterst\u00fctzung. In unserem strengen Auswahlverfahren werden die Studierenden anhand von Motivationsschreiben und Gespr\u00e4chen bewertet. Erfolgreiche Kandidaten erhalten eine pers\u00f6nliche Beratung, um Gasteinrichtungen zu finden, die ihren akademischen und beruflichen Zielen entsprechen. Gemeinsam mit diesen Einrichtungen erarbeiten wir detaillierte Lernvereinbarungen, die eine zielgerichtete und bereichernde Austauscherfahrung gew\u00e4hrleisten.<\/p>\n\n\n<div class=\"wp-block-unilux-blocks-spacer is-spacer-size-md\"><\/div>\n\n<ul class=\"flex flex-wrap mt-24 -mx-16  wp-block-unilux-blocks-free-content-card\">\n    <li class=\"w-full sm:w-1\/2 lg:w-1\/3 px-16  wp-block-unilux-blocks-free-content-card-item\">\n    <div class=\"ulux-card card-quote bg-theme\">\n        <div class=\"ulux-card__container card__container\">\n                            <span class=\"ulux-card__quote\">\u201f<\/span>\n                        <div class=\"ulux-card__visual wp-block-unilux-blocks-free-content-card-item-visual\">\n    \n<div class=\"wp-block-unilux-blocks-image-video-wrapper\">\n    <figure class=\"wp-block-dev4-reusable-blocks-image  object-fit--cover\">\n    \n<img decoding=\"async\" class=\"wp-block-image unilux-custom-image-block\"\n                alt=\"3 girls in kimonos, studying in Japan\"\n            src=\"https:\/\/www.uni.lu\/wp-content\/uploads\/sites\/9\/2025\/09\/04162028\/Sophia-University_2025.jpg\"\n                    style=\"object-position: 50.00% 50.00%; font-family: &quot;object-fit: cover; object-position: 50.00% 50.00%;&quot;; aspect-ratio: 4\/3; object-fit: cover; width: 100%;\"\n        loading=\"lazy\"\n\/>    <\/figure><\/div><\/div><div class=\"ulux-card__body wp-block-unilux-blocks-free-content-card-item-body\">\n    \n<h3 class=\"ulux-card__category has-text-align-left wp-block-unilux-blocks-heading\"        id=\"das-sommersemester-in-tokio-war-eine-einmalige-gelegenheit-im-leben-von-interessanten-kursen-ueber-ausserschulische-erkundungen-bis-hin-zu-dauerhaften-freundschaften-ich-kann-es-nur-empfehlen\"\n    >\nDas Sommersemester in Tokio war eine einmalige Gelegenheit im Leben. Von interessanten Kursen \u00fcber au\u00dferschulische Erkundungen bis hin zu dauerhaften Freundschaften &#8211; ich kann es nur empfehlen!<\/h3>\n\n<h4 class=\"ulux-card__title has-text-align-left wp-block-unilux-blocks-heading\"        id=\"jo\"\n    >\nJo<\/h4>\n\n<div class=\"ulux-card__name wp-block-unilux-blocks-plain-text\">Studium an der Sophia-Universit\u00e4t, Japan<\/div><div class=\"ulux-card__description wp-block-unilux-blocks-free-content-card-item-free-content-area\">\n    \n<p><\/p>\n<\/div><\/div>        <\/div>\n    <\/div>\n<\/li><li class=\"w-full sm:w-1\/2 lg:w-1\/3 px-16  wp-block-unilux-blocks-free-content-card-item\">\n    <div class=\"ulux-card card-quote bg-theme\">\n        <div class=\"ulux-card__container card__container\">\n                            <span class=\"ulux-card__quote\">\u201f<\/span>\n                        <div class=\"ulux-card__visual wp-block-unilux-blocks-free-content-card-item-visual\">\n    \n<div class=\"wp-block-unilux-blocks-image-video-wrapper\">\n    <figure class=\"wp-block-dev4-reusable-blocks-image  object-fit--cover\">\n    \n<img decoding=\"async\" class=\"wp-block-image unilux-custom-image-block\"\n                alt=\"\"\n            src=\"https:\/\/www.uni.lu\/wp-content\/uploads\/sites\/9\/2026\/04\/16083719\/rut-miit-oTglG1D4hRA-unsplash-scaled.jpg\"\n                    style=\"object-position: 52.00% 66.00%; font-family: &quot;object-fit: cover; object-position: 52.00% 66.00%;&quot;; aspect-ratio: 4\/3; object-fit: cover; width: 100%;\"\n        loading=\"lazy\"\n\/>    <\/figure><\/div><\/div><div class=\"ulux-card__body wp-block-unilux-blocks-free-content-card-item-body\">\n    \n<h3 class=\"ulux-card__category has-text-align-left wp-block-unilux-blocks-heading\"        id=\"meine-auslandserfahrung-hat-mein-leben-wirklich-veraendert-in-eine-neue-kultur-einzutauchen-unglaubliche-menschen-zu-treffen-und-unvergessliche-erinnerungen-zu-schaffen-war-mehr-als-nur-eine-reise\"\n    >\nMeine Auslandserfahrung hat mein Leben wirklich ver\u00e4ndert. In eine neue Kultur einzutauchen, unglaubliche Menschen zu treffen und unvergessliche Erinnerungen zu schaffen, war mehr als nur eine Reise. Es war eine Gelegenheit, zu wachsen und mehr \u00fcber mich selbst und die Welt um mich herum zu erfahren.<\/h3>\n\n<h4 class=\"ulux-card__title has-text-align-left wp-block-unilux-blocks-heading\"        id=\"marie\"\n    >\nMarie<\/h4>\n\n<div class=\"ulux-card__name wp-block-unilux-blocks-plain-text\">Studium an der Universit\u00e4t von Miami, USA<\/div><div class=\"ulux-card__description wp-block-unilux-blocks-free-content-card-item-free-content-area\">\n    \n<p><\/p>\n<\/div><\/div>        <\/div>\n    <\/div>\n<\/li><\/ul>\n\n<div class=\"wp-block-unilux-blocks-spacer is-spacer-size-md\"><\/div>\n\n\n<h2 class=\"has-text-align-left wp-block-unilux-blocks-heading\"        id=\"studien-donate\"\n    >\nSchenken Sie eine globale Ausbildung<\/h2>\n\n\n\n<p>Mit einer Spende an den Auslandsstudienfonds der Universit\u00e4t Luxemburg k\u00f6nnen Sie unseren begabtesten Studierenden helfen, finanzielle H\u00fcrden zu \u00fcberwinden und Zugang zu lebensver\u00e4ndernden globalen Bildungsm\u00f6glichkeiten zu erhalten. Ihre Unterst\u00fctzung erm\u00f6glicht es ihnen, ihren Horizont zu erweitern, ihre Widerstandsf\u00e4higkeit zu st\u00e4rken und die f\u00fcr den Erfolg notwendigen F\u00e4higkeiten zu entwickeln. Helfen Sie uns bei der Vorbereitung der n\u00e4chsten Generation von F\u00fchrungskr\u00e4ften, die die Zukunft Luxemburgs und dar\u00fcber hinaus gestalten werden.<\/p>\n\n\n\n<h3 class=\"has-text-align-left wp-block-unilux-blocks-heading\"        id=\"so-koennen-sie-eine-spende-leisten\"\n    >\nSo k\u00f6nnen Sie eine Spende leisten<\/h3>\n\n\n\n<p>Betr\u00e4ge unter 10.000 \u20ac k\u00f6nnen direkt an die Universit\u00e4t gespendet werden. Spenden \u00fcber 10.000 \u20ac richten Sie bitte an die Luxembourg University Foundation.<\/p>\n\n\n\n<div class=\"wp-block-columns is-layout-flex wp-block-columns-is-layout-flex\">\n<div class=\"wp-block-column is-layout-flow wp-block-column-is-layout-flow\">\n<div class=\"wp-block-unilux-blocks-accordion accordion accordion--theme accordion-standard\" data-reference=\"27cf35fb-6934-4c60-84d3-de5b5e9938aa\" data-accordion-type=\"standard\"><div class=\"accordion__item  wp-block-unilux-blocks-accordion-item\">\n    <h3 class=\"accordion__header\"\n                    id=\"spenden-unter-10-000-e\"\n        >\n        <button\n            type=\"button\"\n            id=\"accordion-labelledby-47d2f3c7-0618-4603-a9b9-05c666d40c94\"\n            class=\"accordion__button collapsed\"\n            aria-expanded=\"false\"\n            aria-controls=\"accordion-panel-47d2f3c7-0618-4603-a9b9-05c666d40c94\"\n            data-bs-toggle=\"collapse\"\n            data-bs-target=\"#accordion-panel-47d2f3c7-0618-4603-a9b9-05c666d40c94\"\n        >\n            <span class=\"accordion__title\">\n                                <strong><strong>Spenden unter 10.000 \u20ac<\/strong><\/strong>            <\/span>\n\n            <svg aria-hidden=\"true\" focusable=\"false\" class=\"icon icon-outline icon--arrow-down \"><use xlink:href=\"https:\/\/www.uni.lu\/wp-content\/themes\/unilux-theme\/assets\/images\/icons\/icons-outline.svg#icon--arrow-down\"><\/use><\/svg>        <\/button>\n    <\/h3>\n    <div id=\"accordion-panel-47d2f3c7-0618-4603-a9b9-05c666d40c94\"\n        class=\"accordion__collapse collapse\"\n        aria-labelledby=\"accordion-labelledby-47d2f3c7-0618-4603-a9b9-05c666d40c94\"\n        data-bs-parent=\"[data-reference=&quot;27cf35fb-6934-4c60-84d3-de5b5e9938aa&quot;]\"\n    >\n        <div class=\"accordion__body \">\n            \n<p>University of Luxembourg&nbsp;<br>IBAN: LU19 0019 2955 5270 5000&nbsp;<br>BIC: BCEELULL&nbsp;<\/p>\n        <\/div>\n    <\/div>\n<\/div><\/div>\n<\/div>\n\n\n\n<div class=\"wp-block-column is-layout-flow wp-block-column-is-layout-flow\">\n<div class=\"wp-block-unilux-blocks-accordion accordion accordion--theme accordion-standard\" data-reference=\"d3b4adb6-1e2c-40ad-a7d1-fca18b57390c\" data-accordion-type=\"standard\"><div class=\"accordion__item  wp-block-unilux-blocks-accordion-item\">\n    <h3 class=\"accordion__header\"\n                    id=\"spenden-ueber-10-000-e\"\n        >\n        <button\n            type=\"button\"\n            id=\"accordion-labelledby-a82937a4-52c7-46d6-9812-79b6e0491987\"\n            class=\"accordion__button collapsed\"\n            aria-expanded=\"false\"\n            aria-controls=\"accordion-panel-a82937a4-52c7-46d6-9812-79b6e0491987\"\n            data-bs-toggle=\"collapse\"\n            data-bs-target=\"#accordion-panel-a82937a4-52c7-46d6-9812-79b6e0491987\"\n        >\n            <span class=\"accordion__title\">\n                                <strong><strong>Spenden \u00fcber 10.000 \u20ac<\/strong><\/strong>            <\/span>\n\n            <svg aria-hidden=\"true\" focusable=\"false\" class=\"icon icon-outline icon--arrow-down \"><use xlink:href=\"https:\/\/www.uni.lu\/wp-content\/themes\/unilux-theme\/assets\/images\/icons\/icons-outline.svg#icon--arrow-down\"><\/use><\/svg>        <\/button>\n    <\/h3>\n    <div id=\"accordion-panel-a82937a4-52c7-46d6-9812-79b6e0491987\"\n        class=\"accordion__collapse collapse\"\n        aria-labelledby=\"accordion-labelledby-a82937a4-52c7-46d6-9812-79b6e0491987\"\n        data-bs-parent=\"[data-reference=&quot;d3b4adb6-1e2c-40ad-a7d1-fca18b57390c&quot;]\"\n    >\n        <div class=\"accordion__body \">\n            \n<p>University of Luxembourg&nbsp;Foundation<br>IBAN: LU34 0019 4055 4574 9000<br>BIC: BCEELULL&nbsp;<\/p>\n        <\/div>\n    <\/div>\n<\/div><\/div>\n<\/div>\n<\/div>\n\n\n\n<p>Bitte geben Sie bei Ihrer \u00dcberweisung die Mitteilung <strong>AUSLANDSSTUDIEN-FONDS<\/strong> und eine E-Mail-Adresse an, wenn Sie aktuelle Informationen erhalten m\u00f6chten. F\u00fcr jede erhaltene Spende wird von der Universit\u00e4t Luxemburg eine Steuerbescheinigung ausgestellt.<\/p>\n\n\n\n<ul class=\"wp-block-unilux-blocks-button-list-v2\">\n<li class=\"wp-block-unilux-blocks-button-list-item-v2\"><a class=\"quick-link\" href=\"https:\/\/www.uni.lu\/de\/ueber-uns\/unterstuetzen-sie-die-universitaet\/so-koennen-sie-eine-spende-leisten\/\" target=\"\" role=\"link\" rel=\"noopener\" tabindex=\"0\"><span class=\"quick-link__container\">\n<div class=\"wp-block-unilux-blocks-block-inserter quick-link__img\">\n<div class=\"icon--primary icon--secondary-2 icon--lg wp-block-unilux-blocks-icon-picker\">\n    <svg aria-hidden=\"true\" focusable=\"false\" class=\"icon icon-outline icon--funding \"><use xlink:href=\"https:\/\/www.uni.lu\/wp-content\/themes\/unilux-theme\/assets\/images\/icons\/icons-outline.svg#icon--funding\"><\/use><\/svg><\/div><\/div>\n\n\n\n<span class=\"quick-link__name wp-block-unilux-blocks-plain-text\">Weitere Informationen zum Spenden<\/span>\n\n<svg aria-hidden=\"true\" focusable=\"false\" class=\"icon icon-outline icon--arrow-right \"><use xlink:href=\"https:\/\/www.uni.lu\/wp-content\/themes\/unilux-theme\/assets\/images\/icons\/icons-outline.svg#icon--arrow-right\"><\/use><\/svg><\/span><\/a><\/li>\n<\/ul>\n<\/div><\/section>\n\n\n\n<section class=\"py-0 wp-block-unilux-blocks-free-section section\"><div class=\"container xl:max-w-screen-xl\">\n<h2 class=\"has-text-align-left wp-block-unilux-blocks-heading\"        id=\"erfahren-sie-mehr-ueber-unsere-anderen-fonds\"\n    >\nErfahren Sie mehr \u00fcber unsere anderen Fonds<\/h2>\n\n\n<ul class=\"flex flex-wrap mt-24 -mx-16  wp-block-unilux-blocks-free-content-card\">\n    <li class=\"w-full sm:w-1\/2 lg:w-1\/3 px-16  wp-block-unilux-blocks-free-content-card-item\">\n    <div class=\"ulux-card card-facilities bg-theme\">\n        <div class=\"ulux-card__container card__container\">\n                        <div class=\"ulux-card__visual wp-block-unilux-blocks-free-content-card-item-visual\">\n    \n<div class=\"wp-block-unilux-blocks-image-video-wrapper\">\n    <figure class=\"wp-block-dev4-reusable-blocks-image  object-fit--cover\">\n    \n<img decoding=\"async\" class=\"wp-block-image unilux-custom-image-block\"\n                alt=\"\"\n            src=\"https:\/\/www.uni.lu\/wp-content\/uploads\/sites\/10\/2025\/03\/LCSB_Support-Us_Alzheimers.png\"\n                srcset=\"https:\/\/www.uni.lu\/wp-content\/uploads\/sites\/10\/2025\/03\/LCSB_Support-Us_Alzheimers-300x173.png 300w, https:\/\/www.uni.lu\/wp-content\/uploads\/sites\/10\/2025\/03\/LCSB_Support-Us_Alzheimers-768x443.png 768w, https:\/\/www.uni.lu\/wp-content\/uploads\/sites\/10\/2025\/03\/LCSB_Support-Us_Alzheimers.png 1018w\"\n                style=\"object-position: 98.00% 47.00%; font-family: &quot;object-fit: cover; object-position: 98.00% 47.00%;&quot;; aspect-ratio: 4\/3; object-fit: cover; width: 100%;\"\n        loading=\"lazy\"\n\/>    <\/figure><\/div><\/div><div class=\"ulux-card__body wp-block-unilux-blocks-free-content-card-item-body\">\n    \n<h3 class=\"ulux-card__title has-text-align-left wp-block-unilux-blocks-heading\"        id=\"alzheimer-forschungsfonds\"\n    >\nAlzheimer-Forschungsfonds<\/h3>\n<div class=\"ulux-card__description wp-block-unilux-blocks-free-content-card-item-free-content-area\">\n    \n<p><\/p>\n<\/div><div class=\"wp-block-unilux-blocks-simple-cta\">\n    <a\n        href=\"https:\/\/www.uni.lu\/de\/ueber-uns\/unterstuetzen-sie-die-universitaet\/unsere-forschung-unterstuetzen\/alzheimer-forschungsfonds\/\"\n        title=\"Learn more\"\n        class=\"link-text link-text--icon ulux-card__link link-text link-absolute\"\n        target=\"\"\n    >\n        <span class=\"link-text__body\">\n            <span class=\"link-text__name\">Mehr erfahren<\/span>\n        <\/span>\n        <svg aria-hidden=\"true\" focusable=\"false\" class=\"icon icon-outline icon--arrow-right \"><use xlink:href=\"https:\/\/www.uni.lu\/wp-content\/themes\/unilux-theme\/assets\/images\/icons\/icons-outline.svg#icon--arrow-right\"><\/use><\/svg>    <\/a>\n<\/div>\n<\/div>        <\/div>\n    <\/div>\n<\/li><li class=\"w-full sm:w-1\/2 lg:w-1\/3 px-16  wp-block-unilux-blocks-free-content-card-item\">\n    <div class=\"ulux-card card-facilities bg-theme\">\n        <div class=\"ulux-card__container card__container\">\n                        <div class=\"ulux-card__visual wp-block-unilux-blocks-free-content-card-item-visual\">\n    \n<div class=\"wp-block-unilux-blocks-image-video-wrapper\">\n    <figure class=\"wp-block-dev4-reusable-blocks-image  object-fit--cover\">\n    \n<img decoding=\"async\" class=\"wp-block-image unilux-custom-image-block\"\n                alt=\"\"\n            src=\"https:\/\/www.uni.lu\/wp-content\/uploads\/sites\/10\/2025\/03\/LCSB_Support-Us_Rare-childhood-disease.jpg\"\n                srcset=\"https:\/\/www.uni.lu\/wp-content\/uploads\/sites\/10\/2025\/03\/LCSB_Support-Us_Rare-childhood-disease-300x173.jpg 300w, https:\/\/www.uni.lu\/wp-content\/uploads\/sites\/10\/2025\/03\/LCSB_Support-Us_Rare-childhood-disease-1024x590.jpg 1024w, https:\/\/www.uni.lu\/wp-content\/uploads\/sites\/10\/2025\/03\/LCSB_Support-Us_Rare-childhood-disease-768x442.jpg 768w, https:\/\/www.uni.lu\/wp-content\/uploads\/sites\/10\/2025\/03\/LCSB_Support-Us_Rare-childhood-disease.jpg 1440w\"\n                style=\"object-position: 50.00% 50.00%; font-family: &quot;object-fit: cover; object-position: 50.00% 50.00%;&quot;; aspect-ratio: 4\/3; object-fit: cover; width: 100%;\"\n        loading=\"lazy\"\n\/>    <\/figure><\/div><\/div><div class=\"ulux-card__body wp-block-unilux-blocks-free-content-card-item-body\">\n    \n<h3 class=\"ulux-card__title has-text-align-left wp-block-unilux-blocks-heading\"        id=\"fonds-fuer-seltene-kinderkrankheiten\"\n    >\nFonds f\u00fcr seltene Kinderkrankheiten<\/h3>\n<div class=\"ulux-card__description wp-block-unilux-blocks-free-content-card-item-free-content-area\">\n    \n<p><\/p>\n<\/div><div class=\"wp-block-unilux-blocks-simple-cta\">\n    <a\n        href=\"https:\/\/www.uni.lu\/de\/ueber-uns\/unterstuetzen-sie-die-universitaet\/unsere-forschung-unterstuetzen\/forschungsfonds-fuer-seltene-kinderkrankheiten\/\"\n        title=\"Learn more\"\n        class=\"link-text link-text--icon ulux-card__link link-text link-absolute\"\n        target=\"\"\n    >\n        <span class=\"link-text__body\">\n            <span class=\"link-text__name\">Mehr erfahren<\/span>\n        <\/span>\n        <svg aria-hidden=\"true\" focusable=\"false\" class=\"icon icon-outline icon--arrow-right \"><use xlink:href=\"https:\/\/www.uni.lu\/wp-content\/themes\/unilux-theme\/assets\/images\/icons\/icons-outline.svg#icon--arrow-right\"><\/use><\/svg>    <\/a>\n<\/div>\n<\/div>        <\/div>\n    <\/div>\n<\/li><li class=\"w-full sm:w-1\/2 lg:w-1\/3 px-16  wp-block-unilux-blocks-free-content-card-item\">\n    <div class=\"ulux-card card-facilities bg-theme\">\n        <div class=\"ulux-card__container card__container\">\n                        <div class=\"ulux-card__visual wp-block-unilux-blocks-free-content-card-item-visual\">\n    \n<div class=\"wp-block-unilux-blocks-image-video-wrapper\">\n    <figure class=\"wp-block-dev4-reusable-blocks-image  object-fit--cover\">\n    \n<img decoding=\"async\" class=\"wp-block-image unilux-custom-image-block\"\n                alt=\"\"\n            src=\"https:\/\/www.uni.lu\/wp-content\/uploads\/sites\/9\/2025\/03\/national-cancer-institute-XknuBmnjbKg-unsplash-scaled.jpg\"\n                    style=\"object-position: 50.00% 50.00%; font-family: &quot;object-fit: cover; object-position: 50.00% 50.00%;&quot;; aspect-ratio: 4\/3; object-fit: cover; width: 100%;\"\n        loading=\"lazy\"\n\/>    <\/figure><\/div><\/div><div class=\"ulux-card__body wp-block-unilux-blocks-free-content-card-item-body\">\n    \n<h3 class=\"ulux-card__title has-text-align-left wp-block-unilux-blocks-heading\"        id=\"krebsforschungsfonds\"\n    >\nKrebsforschungsfonds<\/h3>\n<div class=\"ulux-card__description wp-block-unilux-blocks-free-content-card-item-free-content-area\">\n    \n<p><\/p>\n<\/div><div class=\"wp-block-unilux-blocks-simple-cta\">\n    <a\n        href=\"https:\/\/www.uni.lu\/de\/ueber-uns\/unterstuetzen-sie-die-universitaet\/unsere-forschung-unterstuetzen\/krebsforschungsfonds\/\"\n        title=\"Learn more\"\n        class=\"link-text link-text--icon ulux-card__link link-text link-absolute\"\n        target=\"\"\n    >\n        <span class=\"link-text__body\">\n            <span class=\"link-text__name\">Mehr erfahren<\/span>\n        <\/span>\n        <svg aria-hidden=\"true\" focusable=\"false\" class=\"icon icon-outline icon--arrow-right \"><use xlink:href=\"https:\/\/www.uni.lu\/wp-content\/themes\/unilux-theme\/assets\/images\/icons\/icons-outline.svg#icon--arrow-right\"><\/use><\/svg>    <\/a>\n<\/div>\n<\/div>        <\/div>\n    <\/div>\n<\/li><li class=\"w-full sm:w-1\/2 lg:w-1\/3 px-16  wp-block-unilux-blocks-free-content-card-item\">\n    <div class=\"ulux-card card-facilities bg-theme\">\n        <div class=\"ulux-card__container card__container\">\n                        <div class=\"ulux-card__visual wp-block-unilux-blocks-free-content-card-item-visual\">\n    \n<div class=\"wp-block-unilux-blocks-image-video-wrapper\">\n    <figure class=\"wp-block-dev4-reusable-blocks-image  object-fit--cover\">\n    \n<img decoding=\"async\" class=\"wp-block-image unilux-custom-image-block\"\n                alt=\"\"\n            src=\"https:\/\/www.uni.lu\/wp-content\/uploads\/sites\/10\/2025\/03\/LCSB_Support-US_Parkinsons.png\"\n                srcset=\"https:\/\/www.uni.lu\/wp-content\/uploads\/sites\/10\/2025\/03\/LCSB_Support-US_Parkinsons-300x173.png 300w, https:\/\/www.uni.lu\/wp-content\/uploads\/sites\/10\/2025\/03\/LCSB_Support-US_Parkinsons-1024x590.png 1024w, https:\/\/www.uni.lu\/wp-content\/uploads\/sites\/10\/2025\/03\/LCSB_Support-US_Parkinsons-768x442.png 768w, https:\/\/www.uni.lu\/wp-content\/uploads\/sites\/10\/2025\/03\/LCSB_Support-US_Parkinsons.png 1528w\"\n                style=\"object-position: 50.00% 50.00%; font-family: &quot;object-fit: cover; object-position: 50.00% 50.00%;&quot;; aspect-ratio: 4\/3; object-fit: cover; width: 100%;\"\n        loading=\"lazy\"\n\/>    <\/figure><\/div><\/div><div class=\"ulux-card__body wp-block-unilux-blocks-free-content-card-item-body\">\n    \n<h3 class=\"ulux-card__title has-text-align-left wp-block-unilux-blocks-heading\"        id=\"parkinson-forschungsfonds\"\n    >\n<strong>Parkinson-Forschungsfond<\/strong>s<\/h3>\n<div class=\"ulux-card__description wp-block-unilux-blocks-free-content-card-item-free-content-area\">\n    \n<p><\/p>\n<\/div><div class=\"wp-block-unilux-blocks-simple-cta\">\n    <a\n        href=\"https:\/\/www.uni.lu\/de\/ueber-uns\/unterstuetzen-sie-die-universitaet\/unsere-forschung-unterstuetzen\/parkinson-forschungsfonds\/\"\n        title=\"Learn more\"\n        class=\"link-text link-text--icon ulux-card__link link-text link-absolute\"\n        target=\"\"\n    >\n        <span class=\"link-text__body\">\n            <span class=\"link-text__name\">Mehr erfahren<\/span>\n        <\/span>\n        <svg aria-hidden=\"true\" focusable=\"false\" class=\"icon icon-outline icon--arrow-right \"><use xlink:href=\"https:\/\/www.uni.lu\/wp-content\/themes\/unilux-theme\/assets\/images\/icons\/icons-outline.svg#icon--arrow-right\"><\/use><\/svg>    <\/a>\n<\/div>\n<\/div>        <\/div>\n    <\/div>\n<\/li><\/ul><\/div><\/section>\n\n\n<section class=\"section section wp-block-unilux-blocks-quick-link-discover-section \">\n    <div class=\"container xl:max-w-screen-xl\">\n        \n<h2 class=\"has-text-align-left wp-block-unilux-blocks-heading\"        id=\"entdecken-sie-auch\"\n    >\nEntdecken Sie auch<\/h2>\n\n<ul class=\"wp-block-unilux-blocks-quick-link-discover quick-link-list\">\n<li class=\"wp-block-unilux-blocks-quick-link-discover-item\">\n    <a\n                    href=\"https:\/\/www.uni.lu\/de\/ueber-uns\/organisation\/verwaltung\/buero-fuer-intenationale-beziehungen\/\"\n                    class=\"quick-link\"\n            target=\"\"\n    >\n            <span class=\"quick-link__container\">\n                <span class=\"quick-link__text\">\n                    B\u00fcro f\u00fcr internationale Beziehungen                <\/span>\n                <svg aria-hidden=\"true\" focusable=\"false\" class=\"icon icon-outline icon--arrow-right \"><use xlink:href=\"https:\/\/www.uni.lu\/wp-content\/themes\/unilux-theme\/assets\/images\/icons\/icons-outline.svg#icon--arrow-right\"><\/use><\/svg>            <\/span>\n    <\/a>\n<\/li>\n<\/ul>\n    <\/div>\n<\/section>","protected":false},"excerpt":{"rendered":"","protected":false},"author":195,"featured_media":6247,"parent":1723,"menu_order":0,"comment_status":"closed","ping_status":"closed","template":"","meta":{"featured_image_focal_point":[],"show_featured_caption":false,"ulux_newsletter_groups":"","uluxPostTitle":"Unterst\u00fctzen Sie die Universit\u00e4t","uluxPrePostTitle":"\u00dcber uns","_trash_the_other_posts":false,"_price":"","_stock":"","_tribe_ticket_header":"","_tribe_default_ticket_provider":"","_tribe_ticket_capacity":"0","_ticket_start_date":"","_ticket_end_date":"","_tribe_ticket_show_description":"","_tribe_ticket_show_not_going":false,"_tribe_ticket_use_global_stock":"","_tribe_ticket_global_stock_level":"","_global_stock_mode":"","_global_stock_cap":"","_tribe_rsvp_for_event":"","_tribe_ticket_going_count":"","_tribe_ticket_not_going_count":"","_tribe_tickets_list":"[]","_tribe_ticket_has_attendee_info_fields":false,"footnotes":""},"field-of-interest":[],"organisation":[],"authorship":[195,56,58,324],"acf":[],"yoast_head":"<!-- This site is optimized with the Yoast SEO Premium plugin v22.3 (Yoast SEO v22.3) - https:\/\/yoast.com\/wordpress\/plugins\/seo\/ -->\n<title>Fonds f\u00fcr Auslandsstudien - Universit\u00e4t Luxemburg<\/title>\n<meta name=\"description\" content=\"Allzu oft hindern jedoch finanzielle Hindernisse verdiente Sch\u00fcler daran, die M\u00f6glichkeiten wahrzunehmen, die ihren Interessen und Ambitionen am besten\" \/>\n<meta name=\"robots\" content=\"noindex, follow\" \/>\n<meta property=\"og:locale\" content=\"de_DE\" \/>\n<meta property=\"og:type\" content=\"article\" \/>\n<meta property=\"og:title\" content=\"Fonds f\u00fcr Auslandsstudien\" \/>\n<meta property=\"og:description\" content=\"Allzu oft hindern jedoch finanzielle Hindernisse verdiente Sch\u00fcler daran, die M\u00f6glichkeiten wahrzunehmen, die ihren Interessen und Ambitionen am besten\" \/>\n<meta property=\"og:url\" content=\"https:\/\/www.uni.lu\/de\/ueber-uns\/unterstuetzen-sie-die-universitaet\/unsere-forschung-unterstuetzen\/fonds-fuer-auslandsstudien\/\" \/>\n<meta property=\"og:site_name\" content=\"UNI DE\" \/>\n<meta property=\"article:publisher\" content=\"https:\/\/www.facebook.com\/uni.lu\" \/>\n<meta property=\"article:modified_time\" content=\"2026-04-16T06:43:26+00:00\" \/>\n<meta property=\"og:image\" content=\"https:\/\/www.uni.lu\/wp-content\/uploads\/sites\/10\/2025\/03\/students.jpg\" \/>\n\t<meta property=\"og:image:width\" content=\"1000\" \/>\n\t<meta property=\"og:image:height\" content=\"750\" \/>\n\t<meta property=\"og:image:type\" content=\"image\/jpeg\" \/>\n<meta name=\"twitter:card\" content=\"summary_large_image\" \/>\n<meta name=\"twitter:label1\" content=\"Gesch\u00e4tzte Lesezeit\" \/>\n\t<meta name=\"twitter:data1\" content=\"3 Minuten\" \/>\n<script type=\"application\/ld+json\" class=\"yoast-schema-graph\">{\"@context\":\"https:\/\/schema.org\",\"@graph\":[{\"@type\":\"WebPage\",\"@id\":\"https:\/\/www.uni.lu\/de\/ueber-uns\/unterstuetzen-sie-die-universitaet\/unsere-forschung-unterstuetzen\/fonds-fuer-auslandsstudien\/\",\"url\":\"https:\/\/www.uni.lu\/de\/ueber-uns\/unterstuetzen-sie-die-universitaet\/unsere-forschung-unterstuetzen\/fonds-fuer-auslandsstudien\/\",\"name\":\"Fonds f\u00fcr Auslandsstudien - Universit\u00e4t Luxemburg\",\"isPartOf\":{\"@id\":\"https:\/\/www.uni.lu\/de\/#website\"},\"primaryImageOfPage\":{\"@id\":\"https:\/\/www.uni.lu\/de\/ueber-uns\/unterstuetzen-sie-die-universitaet\/unsere-forschung-unterstuetzen\/fonds-fuer-auslandsstudien\/#primaryimage\"},\"image\":{\"@id\":\"https:\/\/www.uni.lu\/de\/ueber-uns\/unterstuetzen-sie-die-universitaet\/unsere-forschung-unterstuetzen\/fonds-fuer-auslandsstudien\/#primaryimage\"},\"thumbnailUrl\":\"https:\/\/www.uni.lu\/wp-content\/uploads\/sites\/10\/2025\/03\/students.jpg\",\"datePublished\":\"2025-03-11T15:47:43+00:00\",\"dateModified\":\"2026-04-16T06:43:26+00:00\",\"description\":\"Allzu oft hindern jedoch finanzielle Hindernisse verdiente Sch\u00fcler daran, die M\u00f6glichkeiten wahrzunehmen, die ihren Interessen und Ambitionen am besten\",\"breadcrumb\":{\"@id\":\"https:\/\/www.uni.lu\/de\/ueber-uns\/unterstuetzen-sie-die-universitaet\/unsere-forschung-unterstuetzen\/fonds-fuer-auslandsstudien\/#breadcrumb\"},\"inLanguage\":\"de-DE\",\"potentialAction\":[{\"@type\":\"ReadAction\",\"target\":[\"https:\/\/www.uni.lu\/de\/ueber-uns\/unterstuetzen-sie-die-universitaet\/unsere-forschung-unterstuetzen\/fonds-fuer-auslandsstudien\/\"]}]},{\"@type\":\"ImageObject\",\"inLanguage\":\"de-DE\",\"@id\":\"https:\/\/www.uni.lu\/de\/ueber-uns\/unterstuetzen-sie-die-universitaet\/unsere-forschung-unterstuetzen\/fonds-fuer-auslandsstudien\/#primaryimage\",\"url\":\"https:\/\/www.uni.lu\/wp-content\/uploads\/sites\/10\/2025\/03\/students.jpg\",\"contentUrl\":\"https:\/\/www.uni.lu\/wp-content\/uploads\/sites\/10\/2025\/03\/students.jpg\",\"width\":1000,\"height\":750},{\"@type\":\"BreadcrumbList\",\"@id\":\"https:\/\/www.uni.lu\/de\/ueber-uns\/unterstuetzen-sie-die-universitaet\/unsere-forschung-unterstuetzen\/fonds-fuer-auslandsstudien\/#breadcrumb\",\"itemListElement\":[{\"@type\":\"ListItem\",\"position\":1,\"name\":\"Home\",\"item\":\"https:\/\/www.uni.lu\/de\/\"},{\"@type\":\"ListItem\",\"position\":2,\"name\":\"\u00dcber uns\",\"item\":\"https:\/\/www.uni.lu\/de\/ueber-uns\/\"},{\"@type\":\"ListItem\",\"position\":3,\"name\":\"Unterst\u00fctzen Sie die Universit\u00e4t\",\"item\":\"https:\/\/www.uni.lu\/de\/ueber-uns\/unterstuetzen-sie-die-universitaet\/\"},{\"@type\":\"ListItem\",\"position\":4,\"name\":\"Unsere Forschung unterst\u00fctzen\",\"item\":\"https:\/\/www.uni.lu\/de\/ueber-uns\/unterstuetzen-sie-die-universitaet\/unsere-forschung-unterstuetzen\/\"},{\"@type\":\"ListItem\",\"position\":5,\"name\":\"Fonds f\u00fcr Auslandsstudien\"}]},{\"@type\":\"WebSite\",\"@id\":\"https:\/\/www.uni.lu\/de\/#website\",\"url\":\"https:\/\/www.uni.lu\/de\/\",\"name\":\"Uni.lu\",\"description\":\"Universit\u00e4t Luxemburg\",\"publisher\":{\"@id\":\"https:\/\/www.uni.lu\/de\/#organization\"},\"alternateName\":\"Universit\u00e4t Luxemburg\",\"potentialAction\":[{\"@type\":\"SearchAction\",\"target\":{\"@type\":\"EntryPoint\",\"urlTemplate\":\"https:\/\/www.uni.lu\/de\/?s={search_term_string}\"},\"query-input\":\"required name=search_term_string\"}],\"inLanguage\":\"de-DE\"},{\"@type\":\"Organization\",\"@id\":\"https:\/\/www.uni.lu\/de\/#organization\",\"name\":\"Universit\u00e4t Luxemburg\",\"alternateName\":\"Uni.lu\",\"url\":\"https:\/\/www.uni.lu\/de\/\",\"logo\":{\"@type\":\"ImageObject\",\"inLanguage\":\"de-DE\",\"@id\":\"https:\/\/www.uni.lu\/de\/#\/schema\/logo\/image\/\",\"url\":\"https:\/\/www.uni.lu\/wp-content\/uploads\/sites\/10\/2026\/03\/03120000\/UNIV_SM-Profile_1600x1600px-scaled.jpg\",\"contentUrl\":\"https:\/\/www.uni.lu\/wp-content\/uploads\/sites\/10\/2026\/03\/03120000\/UNIV_SM-Profile_1600x1600px-scaled.jpg\",\"width\":2560,\"height\":2560,\"caption\":\"Universit\u00e4t Luxemburg\"},\"image\":\"https:\/\/www.uni.lu\/wp-content\/uploads\/sites\/10\/2026\/04\/24144329\/20200609-Belval-Campus_Henri-Goergen-23.jpg\",\"sameAs\":[\"https:\/\/www.facebook.com\/uni.lu\",\"https:\/\/www.linkedin.com\/school\/university-of-luxembourg\/\",\"https:\/\/www.instagram.com\/uni.lu\",\"https:\/\/www.youtube.com\/@uni_lu\",\"https:\/\/en.wikipedia.org\/wiki\/University_of_Luxembourg\"],\"email\":\"communication@uni.lu\",\"telephone\":\"+3524666441\",\"address\":{\"@type\":\"PostalAddress\",\"streetAddress\":\"2, place de l\u2019Universit\u00e9\",\"addressLocality\":\"Esch-sur-Alzette\",\"postalCode\":\"4365\",\"addressCountry\":\"LU\"},\"description\":\"Universit\u00e4t Luxemburg\"}]}<\/script>\n<!-- \/ Yoast SEO Premium plugin. -->","yoast_head_json":{"title":"Fonds f\u00fcr Auslandsstudien - Universit\u00e4t Luxemburg","description":"Allzu oft hindern jedoch finanzielle Hindernisse verdiente Sch\u00fcler daran, die M\u00f6glichkeiten wahrzunehmen, die ihren Interessen und Ambitionen am besten","robots":{"index":"noindex","follow":"follow"},"og_locale":"de_DE","og_type":"article","og_title":"Fonds f\u00fcr Auslandsstudien","og_description":"Allzu oft hindern jedoch finanzielle Hindernisse verdiente Sch\u00fcler daran, die M\u00f6glichkeiten wahrzunehmen, die ihren Interessen und Ambitionen am besten","og_url":"https:\/\/www.uni.lu\/de\/ueber-uns\/unterstuetzen-sie-die-universitaet\/unsere-forschung-unterstuetzen\/fonds-fuer-auslandsstudien\/","og_site_name":"UNI DE","article_publisher":"https:\/\/www.facebook.com\/uni.lu","article_modified_time":"2026-04-16T06:43:26+00:00","og_image":[{"width":1000,"height":750,"url":"https:\/\/www.uni.lu\/wp-content\/uploads\/sites\/10\/2025\/03\/students.jpg","type":"image\/jpeg"}],"twitter_card":"summary_large_image","twitter_misc":{"Gesch\u00e4tzte Lesezeit":"3 Minuten"},"schema":{"@context":"https:\/\/schema.org","@graph":[{"@type":"WebPage","@id":"https:\/\/www.uni.lu\/de\/ueber-uns\/unterstuetzen-sie-die-universitaet\/unsere-forschung-unterstuetzen\/fonds-fuer-auslandsstudien\/","url":"https:\/\/www.uni.lu\/de\/ueber-uns\/unterstuetzen-sie-die-universitaet\/unsere-forschung-unterstuetzen\/fonds-fuer-auslandsstudien\/","name":"Fonds f\u00fcr Auslandsstudien - Universit\u00e4t Luxemburg","isPartOf":{"@id":"https:\/\/www.uni.lu\/de\/#website"},"primaryImageOfPage":{"@id":"https:\/\/www.uni.lu\/de\/ueber-uns\/unterstuetzen-sie-die-universitaet\/unsere-forschung-unterstuetzen\/fonds-fuer-auslandsstudien\/#primaryimage"},"image":{"@id":"https:\/\/www.uni.lu\/de\/ueber-uns\/unterstuetzen-sie-die-universitaet\/unsere-forschung-unterstuetzen\/fonds-fuer-auslandsstudien\/#primaryimage"},"thumbnailUrl":"https:\/\/www.uni.lu\/wp-content\/uploads\/sites\/10\/2025\/03\/students.jpg","datePublished":"2025-03-11T15:47:43+00:00","dateModified":"2026-04-16T06:43:26+00:00","description":"Allzu oft hindern jedoch finanzielle Hindernisse verdiente Sch\u00fcler daran, die M\u00f6glichkeiten wahrzunehmen, die ihren Interessen und Ambitionen am besten","breadcrumb":{"@id":"https:\/\/www.uni.lu\/de\/ueber-uns\/unterstuetzen-sie-die-universitaet\/unsere-forschung-unterstuetzen\/fonds-fuer-auslandsstudien\/#breadcrumb"},"inLanguage":"de-DE","potentialAction":[{"@type":"ReadAction","target":["https:\/\/www.uni.lu\/de\/ueber-uns\/unterstuetzen-sie-die-universitaet\/unsere-forschung-unterstuetzen\/fonds-fuer-auslandsstudien\/"]}]},{"@type":"ImageObject","inLanguage":"de-DE","@id":"https:\/\/www.uni.lu\/de\/ueber-uns\/unterstuetzen-sie-die-universitaet\/unsere-forschung-unterstuetzen\/fonds-fuer-auslandsstudien\/#primaryimage","url":"https:\/\/www.uni.lu\/wp-content\/uploads\/sites\/10\/2025\/03\/students.jpg","contentUrl":"https:\/\/www.uni.lu\/wp-content\/uploads\/sites\/10\/2025\/03\/students.jpg","width":1000,"height":750},{"@type":"BreadcrumbList","@id":"https:\/\/www.uni.lu\/de\/ueber-uns\/unterstuetzen-sie-die-universitaet\/unsere-forschung-unterstuetzen\/fonds-fuer-auslandsstudien\/#breadcrumb","itemListElement":[{"@type":"ListItem","position":1,"name":"Home","item":"https:\/\/www.uni.lu\/de\/"},{"@type":"ListItem","position":2,"name":"\u00dcber uns","item":"https:\/\/www.uni.lu\/de\/ueber-uns\/"},{"@type":"ListItem","position":3,"name":"Unterst\u00fctzen Sie die Universit\u00e4t","item":"https:\/\/www.uni.lu\/de\/ueber-uns\/unterstuetzen-sie-die-universitaet\/"},{"@type":"ListItem","position":4,"name":"Unsere Forschung unterst\u00fctzen","item":"https:\/\/www.uni.lu\/de\/ueber-uns\/unterstuetzen-sie-die-universitaet\/unsere-forschung-unterstuetzen\/"},{"@type":"ListItem","position":5,"name":"Fonds f\u00fcr Auslandsstudien"}]},{"@type":"WebSite","@id":"https:\/\/www.uni.lu\/de\/#website","url":"https:\/\/www.uni.lu\/de\/","name":"Uni.lu","description":"Universit\u00e4t Luxemburg","publisher":{"@id":"https:\/\/www.uni.lu\/de\/#organization"},"alternateName":"Universit\u00e4t Luxemburg","potentialAction":[{"@type":"SearchAction","target":{"@type":"EntryPoint","urlTemplate":"https:\/\/www.uni.lu\/de\/?s={search_term_string}"},"query-input":"required name=search_term_string"}],"inLanguage":"de-DE"},{"@type":"Organization","@id":"https:\/\/www.uni.lu\/de\/#organization","name":"Universit\u00e4t Luxemburg","alternateName":"Uni.lu","url":"https:\/\/www.uni.lu\/de\/","logo":{"@type":"ImageObject","inLanguage":"de-DE","@id":"https:\/\/www.uni.lu\/de\/#\/schema\/logo\/image\/","url":"https:\/\/www.uni.lu\/wp-content\/uploads\/sites\/10\/2026\/03\/03120000\/UNIV_SM-Profile_1600x1600px-scaled.jpg","contentUrl":"https:\/\/www.uni.lu\/wp-content\/uploads\/sites\/10\/2026\/03\/03120000\/UNIV_SM-Profile_1600x1600px-scaled.jpg","width":2560,"height":2560,"caption":"Universit\u00e4t Luxemburg"},"image":"https:\/\/www.uni.lu\/wp-content\/uploads\/sites\/10\/2026\/04\/24144329\/20200609-Belval-Campus_Henri-Goergen-23.jpg","sameAs":["https:\/\/www.facebook.com\/uni.lu","https:\/\/www.linkedin.com\/school\/university-of-luxembourg\/","https:\/\/www.instagram.com\/uni.lu","https:\/\/www.youtube.com\/@uni_lu","https:\/\/en.wikipedia.org\/wiki\/University_of_Luxembourg"],"email":"communication@uni.lu","telephone":"+3524666441","address":{"@type":"PostalAddress","streetAddress":"2, place de l\u2019Universit\u00e9","addressLocality":"Esch-sur-Alzette","postalCode":"4365","addressCountry":"LU"},"description":"Universit\u00e4t Luxemburg"}]}},"ticketed":false,"_links":{"self":[{"href":"https:\/\/www.uni.lu\/de\/wp-json\/wp\/v2\/pages\/6246"}],"collection":[{"href":"https:\/\/www.uni.lu\/de\/wp-json\/wp\/v2\/pages"}],"about":[{"href":"https:\/\/www.uni.lu\/de\/wp-json\/wp\/v2\/types\/page"}],"author":[{"embeddable":true,"href":"https:\/\/www.uni.lu\/de\/wp-json\/wp\/v2\/users\/195"}],"replies":[{"embeddable":true,"href":"https:\/\/www.uni.lu\/de\/wp-json\/wp\/v2\/comments?post=6246"}],"version-history":[{"count":5,"href":"https:\/\/www.uni.lu\/de\/wp-json\/wp\/v2\/pages\/6246\/revisions"}],"predecessor-version":[{"id":9261,"href":"https:\/\/www.uni.lu\/de\/wp-json\/wp\/v2\/pages\/6246\/revisions\/9261"}],"up":[{"embeddable":true,"href":"https:\/\/www.uni.lu\/de\/wp-json\/wp\/v2\/pages\/1723"}],"wp:authorship":[{"embeddable":true,"href":"https:\/\/www.uni.lu\/de\/wp-json\/wp\/v2\/users\/195"},{"embeddable":true,"href":"https:\/\/www.uni.lu\/de\/wp-json\/wp\/v2\/users\/56"},{"embeddable":true,"href":"https:\/\/www.uni.lu\/de\/wp-json\/wp\/v2\/users\/58"},{"embeddable":true,"href":"https:\/\/www.uni.lu\/de\/wp-json\/wp\/v2\/users\/324"}],"wp:featuredmedia":[{"embeddable":true,"href":"https:\/\/www.uni.lu\/de\/wp-json\/wp\/v2\/media\/6247"}],"wp:attachment":[{"href":"https:\/\/www.uni.lu\/de\/wp-json\/wp\/v2\/media?parent=6246"}],"wp:term":[{"taxonomy":"field-of-interest","embeddable":true,"href":"https:\/\/www.uni.lu\/de\/wp-json\/wp\/v2\/field-of-interest?post=6246"},{"taxonomy":"organisation","embeddable":true,"href":"https:\/\/www.uni.lu\/de\/wp-json\/wp\/v2\/organisation?post=6246"}],"curies":[{"name":"wp","href":"https:\/\/api.w.org\/{rel}","templated":true}]}}