{"id":6221,"date":"2025-03-10T16:16:59","date_gmt":"2025-03-10T15:16:59","guid":{"rendered":"https:\/\/www.uni.lu\/de\/?page_id=6221"},"modified":"2026-01-12T17:17:08","modified_gmt":"2026-01-12T16:17:08","slug":"forschungsfonds-fuer-seltene-kinderkrankheiten","status":"publish","type":"page","link":"https:\/\/www.uni.lu\/de\/ueber-uns\/unterstuetzen-sie-die-universitaet\/unsere-forschung-unterstuetzen\/forschungsfonds-fuer-seltene-kinderkrankheiten\/","title":{"rendered":"Forschungsfonds f\u00fcr seltene Kinderkrankheiten"},"content":{"rendered":"\n<section class=\"section no-padding-y wp-block-unilux-blocks-hero\">\n    <div class=\"hero hero--2  \">\n        \n<header class=\"wp-block-unilux-blocks-wrapper hero__header\">\n<div class=\"wp-block-unilux-blocks-wrapper hero__container\">\n<span class=\"hero__title__subject wp-block-unilux-blocks-plain-text\"><\/span>\n\n\n<h1 class=\"has-text-align-left wp-block-unilux-blocks-heading\"        id=\"unterstuetzen-sie-unseren-forschungsfonds-fuer-seltene-kinderkrankheiten\"\n    >\n<strong><strong>Unterst\u00fctzen Sie unseren Forschungsfonds f\u00fcr seltene Kinderkrankheiten<\/strong><\/strong><\/h1>\n<\/div>\n<\/header>\n<figure class=\"wp-block-dev4-reusable-blocks-image hero__visual object-fit--cover\">\n    \n<img decoding=\"async\" class=\"wp-block-image unilux-custom-image-block\"\n                alt=\"\"\n            src=\"https:\/\/www.uni.lu\/wp-content\/uploads\/sites\/10\/2025\/03\/LCSB_Support-Us_Rare-childhood-disease.jpg\"\n                srcset=\"https:\/\/www.uni.lu\/wp-content\/uploads\/sites\/10\/2025\/03\/LCSB_Support-Us_Rare-childhood-disease-300x173.jpg 300w, https:\/\/www.uni.lu\/wp-content\/uploads\/sites\/10\/2025\/03\/LCSB_Support-Us_Rare-childhood-disease-1024x590.jpg 1024w, https:\/\/www.uni.lu\/wp-content\/uploads\/sites\/10\/2025\/03\/LCSB_Support-Us_Rare-childhood-disease-768x442.jpg 768w, https:\/\/www.uni.lu\/wp-content\/uploads\/sites\/10\/2025\/03\/LCSB_Support-Us_Rare-childhood-disease.jpg 1440w\"\n                style=\"object-position: 35.00% 47.00%; font-family: &quot;object-fit: cover; object-position: 35.00% 47.00%;&quot;; aspect-ratio: 16\/9; object-fit: cover; width: 100%;\"\n        loading=\"lazy\"\n\/>    <\/figure>\n<div class=\"wp-block-unilux-blocks-wrapper hero__body\">\n<div class=\"wp-block-unilux-blocks-wrapper hero__container\">\n<p class=\"wp-block-unilux-blocks-plain-text\"><\/p>\n\n\n<ul class=\"wp-block-unilux-blocks-custom-buttons btn-list\"><li class=\"wp-block-unilux-blocks-custom-button\"    aria-disabled=\"false\"\n    >\n    <a\n        role=\"link\"\n        aria-disabled=\"false\"\n                    href=\"#wie-sie-spenden-koennen\"\n                target=\"_self\"\n        class=\"btn btn--primary\"\n            >Wie Sie spenden k\u00f6nnen<\/a>\n<\/li>\n\n\n<li class=\"wp-block-unilux-blocks-custom-button\"    aria-disabled=\"false\"\n    >\n    <a\n        role=\"link\"\n        aria-disabled=\"false\"\n                    href=\"#kontakt\"\n                target=\"_self\"\n        class=\"btn btn--secondary\"\n            >Kontaktieren Sie uns<\/a>\n<\/li>\n<\/ul>\n<\/div>\n<\/div>\n    <\/div>\n<\/section>\n\n\n<section class=\"wp-block-unilux-blocks-free-section section\"><div class=\"container xl:max-w-screen-xl\">\n<h2 class=\"has-text-align-left wp-block-unilux-blocks-heading\"        id=\"alles-in-allem-doch-nicht-so-selten\"\n    >\n<strong><strong><strong>Alles in allem doch nicht so selten!<\/strong><\/strong><\/strong><\/h2>\n\n\n\n<p>Seltene Krankheiten sind zwar ungew\u00f6hnlich, aber ihre Auswirkungen sind gravierend. Weltweit leben 300 Millionen Menschen mit einer seltenen Krankheit, davon 30.000 in Luxemburg. F\u00fcr Kinder, die an diesen Krankheiten leiden, ist der Weg zur Diagnose lang und schwierig, und es gibt nur wenige wirksame Behandlungsmethoden.&nbsp;<\/p>\n\n\n\n<p>Am Luxembourg Centre for Systems Biomedicine (LCSB) konzentriert sich einer unserer Forschungsbereiche auf seltene Kinderkrankheiten. Unsere Forschung ist gepr\u00e4gt von fortschrittlicher Wissenschaft und dem Engagement, das Leben der Menschen zu verbessern. Mit Ihrer Unterst\u00fctzung k\u00f6nnen wir Entdeckungen machen, die Kindern und ihren Familien Hoffnung und Chancen bringen.<\/p>\n\n\n\n<p><\/p>\n\n\n<div class=\"content-card content-card--right  wp-block-unilux-blocks-content-card\">\n    \n<h2 class=\"content-card__heading has-text-align-left wp-block-unilux-blocks-heading\"        id=\"interdisziplinaere-forschung-auf-hoechstem-niveau\"\n    >\n<strong><strong><strong><strong><strong>Interdisziplin\u00e4re Forschung auf h\u00f6chstem Niveau<\/strong><\/strong><\/strong><\/strong><\/strong><\/h2>\n<div class=\"content-card__visual wp-block-unilux-blocks-content-card-visual-area\">\n    \n<section class=\"wp-block-unilux-blocks-image-video-wrapper\">\n    <figure class=\"wp-block-dev4-reusable-blocks-image  object-fit--cover\">\n    \n<img decoding=\"async\" class=\"wp-block-image unilux-custom-image-block\"\n                alt=\"\"\n            src=\"https:\/\/www.uni.lu\/wp-content\/uploads\/sites\/6\/2025\/01\/IMG_1072-scaled.jpg\"\n                    style=\"object-position: 50.00% 50.00%; font-family: &quot;object-fit: cover; object-position: 50.00% 50.00%;&quot;; aspect-ratio: 3\/2; object-fit: cover; width: 100%;\"\n        loading=\"lazy\"\n\/>    <\/figure><\/section>\n<div class=\"wp-block-unilux-blocks-wrapper content-card__overlay\">\n<a class=\"wp-block-unilux-blocks-button-highlight-rounded bottom-left\" \n    href=\"https:\/\/www.uni.lu\/wp-content\/uploads\/sites\/21\/2025\/02\/2025-02-13_FundraisingSheet_RareChildhoodDiseaseResearchFund.pdf\"\n    target=\"_self\"\n>\n    \n<span class=\"btn-highlight-rounded__name wp-block-unilux-blocks-plain-text\">Der Forschungsfonds f\u00fcr seltene Kinderkrankheiten<\/span>    <span class=\"icon-rounded\">\n        <svg aria-hidden=\"true\" focusable=\"false\" class=\"icon icon-outline icon--arrow-right icon--lg\"><use xlink:href=\"https:\/\/www.uni.lu\/wp-content\/themes\/unilux-theme\/assets\/images\/icons\/icons-outline.svg#icon--arrow-right\"><\/use><\/svg>    <\/span>\n<\/a><\/div>\n<\/div><div class=\"content-card__body  wp-block-unilux-blocks-content-card-free-area\">\n    \n<ul class=\"ulux-list\">\n<li class=\"ulux-list-item\"><strong>Interdisziplin\u00e4re Spitzenforschung: <\/strong>Prof. Carole Linster und ihr Team erforschen seltene Kinderkrankheiten an mehreren Fronten \uf02d Genetik, Enzymdefekte, Molekularanalyse, Zellbiologie und mehr. Sie gehen das Problem der begrenzten Anzahl von Patientenproben an, indem sie innovative Wege zur Wiederverwendung von Medikamenten erforschen, die bereits f\u00fcr andere Krankheiten zugelassen sind. Ihr Ansatz hilft der gesamten Wissenschaftsgemeinschaft, den Mangel an Finanzmitteln f\u00fcr teure klinische Studien der Phase 1 zu \u00fcberwinden.<\/li>\n\n\n\n<li class=\"ulux-list-item\"><strong>Neue Techniken in der Genforschung:<\/strong> Von grundlegenden Zellstudien bis hin zu fortgeschrittenen menschlichen Zellmodellen nutzen unsere Forscher modernste Techniken, um seltene Kinderkrankheiten, die durch Genmutationen verursacht werden, besser zu verstehen. Der Einsatz von Modellen wie dem Zebrafisch zur Identifizierung wichtiger genetischer Mutationen tr\u00e4gt dazu bei, die Behandlung verheerender Krankheiten voranzutreiben.&nbsp;<\/li>\n\n\n\n<li class=\"ulux-list-item\">I<strong>nternationale Forschungskooperationen: <\/strong>Unsere Arbeit lebt von Kooperationen. Das LCSB tauscht sich mit Forschern, \u00c4rzten und Diagnostikern auf der ganzen Welt aus und empf\u00e4ngt regelm\u00e4\u00dfig Spezialisten f\u00fcr l\u00e4ngere Aufenthalte in Luxemburg. Dieses globale Netzwerk stellt sicher, dass wir bei der Erforschung seltener Krankheiten auf dem neuesten Stand sind.<\/li>\n<\/ul>\n<\/div><\/div>\n\n\n<h2 class=\"has-text-align-left wp-block-unilux-blocks-heading\"        id=\"hoffnung-beginnt-mit-ihrer-unterstuetzung\"\n    >\nHoffnung beginnt mit Ihrer Unterst\u00fctzung!<\/h2>\n\n\n\n<div class=\"wp-block-columns is-layout-flex wp-block-columns-is-layout-flex\">\n<div class=\"wp-block-column is-layout-flow wp-block-column-is-layout-flow\">\n<p>Die Universit\u00e4t Luxemburg f\u00f6rdert ein kollaboratives Umfeld, in dem sich Spitzenforscher den Herausforderungen seltener Kinderkrankheiten widmen. Ihre Unterst\u00fctzung tr\u00e4gt dazu bei, den wissenschaftlichen Fortschritt voranzutreiben, neue Behandlungsmethoden zu entwickeln und Kindern mit seltenen Krankheiten Hoffnung zu geben. Gemeinsam k\u00f6nnen wir etwas bewirken.&nbsp;<\/p>\n<\/div>\n\n\n\n<div class=\"wp-block-column is-layout-flow wp-block-column-is-layout-flow\"><figure class=\"wp-block-dev4-reusable-blocks-image  object-fit--cover\">\n    \n<img decoding=\"async\" class=\"wp-block-image unilux-custom-image-block\"\n                alt=\"\"\n            src=\"https:\/\/www.uni.lu\/wp-content\/uploads\/sites\/6\/2025\/01\/LA_5401-scaled.jpg\"\n                    style=\"object-position: 58.00% 50.00%; font-family: &quot;object-fit: cover; object-position: 58.00% 50.00%;&quot;; aspect-ratio: 16\/9; object-fit: cover; width: 100%;\"\n        loading=\"lazy\"\n\/>    <\/figure><\/div>\n<\/div>\n\n\n\n<section class=\"wp-block-unilux-blocks-quote-people\">\n    <div class=\"quote-people\" role=\"group\">\n        <figure class=\"quote-people__body\">\n            <blockquote class=\"quote-people__blockquote\">\n    <span class=\"quote-people__quote\">\u201f<\/span>\n    Ich habe gesehen, welch gro\u00dfen Unterschied private Spender machen k\u00f6nnen, um unsere gemeinsame Mission voranzubringen. Jede Entdeckung bringt Fortschritt, jede Behandlung ver\u00e4ndert Leben und jedes Kind verdient eine vielversprechende Zukunft. Am LCSB setzen wir uns daf\u00fcr ein, Hoffnung in konkrete L\u00f6sungen zu verwandeln und dauerhafte Ver\u00e4nderungen f\u00fcr Kinder und Familien in ganz Europa und dar\u00fcber hinaus zu schaffen.\u201d\n<\/blockquote>\n<div class=\"wp-block-unilux-blocks-wrapper quote-people__visual\"><figure class=\"wp-block-dev4-reusable-blocks-image  object-fit--cover\">\n    \n<img decoding=\"async\" class=\"wp-block-image unilux-custom-image-block\"\n                alt=\"\"\n            src=\"https:\/\/www.uni.lu\/wp-content\/uploads\/sites\/6\/2025\/01\/Carole-Linster-scaled.jpg\"\n                    style=\"object-position: 76.00% 32.00%; font-family: &quot;object-fit: cover; object-position: 76.00% 32.00%;&quot;; aspect-ratio: 1\/1; object-fit: cover; width: 100%;\"\n        loading=\"lazy\"\n\/>    <\/figure><\/div>\n\n<div class=\"wp-block-unilux-blocks-wrapper quote-people__figcaption\">\n<p class=\"quote-people__author wp-block-unilux-blocks-plain-text\">Associate Prof. Carole Linster<\/p>\n\n\n<p class=\"quote-people__position wp-block-unilux-blocks-plain-text\">Principle investigator desLCSB <br>Empf\u00e4nger des FNR Award for Outstanding Scientific Publication<br><\/p>\n\n<div class=\"wp-block-unilux-blocks-simple-cta\">\n    <a\n        href=\"https:\/\/www.uni.lu\/lcsb-en\/people\/carole-linster\/\"\n        title=\"View Profile\"\n        class=\"link-text link-text--icon quote-people__link\"\n        target=\"\"\n    >\n        <span class=\"link-text__body\">\n            <span class=\"link-text__name\">View profile<\/span>\n        <\/span>\n        <svg aria-hidden=\"true\" focusable=\"false\" class=\"icon icon-outline icon--arrow-right \"><use xlink:href=\"https:\/\/www.uni.lu\/wp-content\/themes\/unilux-theme\/assets\/images\/icons\/icons-outline.svg#icon--arrow-right\"><\/use><\/svg>    <\/a>\n<\/div>\n<\/div>\n        <\/figure>\n    <\/div>\n<\/section><\/div><\/section>\n\n\n\n<section class=\"py-0 wp-block-unilux-blocks-free-section section\"><div class=\"container xl:max-w-screen-xl\">\n<h2 class=\"has-text-align-left wp-block-unilux-blocks-heading\"        id=\"wie-sie-spenden-koennen\"\n    >\n<strong>Wie Sie spenden k\u00f6nnen<\/strong><\/h2>\n\n\n\n<p>Jeder Betrag unter 10.000 \u20ac kann direkt an die Universit\u00e4t gespendet werden. Wir empfehlen, Spenden \u00fcber 10.000 \u20ac an die Stiftung der Universit\u00e4t Luxemburg zu \u00fcberweisen.<\/p>\n\n\n\n<div class=\"wp-block-columns is-layout-flex wp-block-columns-is-layout-flex\">\n<div class=\"wp-block-column is-layout-flow wp-block-column-is-layout-flow\">\n<div class=\"wp-block-unilux-blocks-accordion accordion accordion--theme accordion-standard\" data-reference=\"2c80cbba-bf81-45f5-aa2d-4acef48c9c9b\" data-accordion-type=\"standard\"><div class=\"accordion__item  wp-block-unilux-blocks-accordion-item\">\n    <h3 class=\"accordion__header\"\n                    id=\"spenden-unter-10-000-e\"\n        >\n        <button\n            type=\"button\"\n            id=\"accordion-labelledby-825f120b-fa0e-4ae7-97cb-73445b2828e3\"\n            class=\"accordion__button collapsed\"\n            aria-expanded=\"false\"\n            aria-controls=\"accordion-panel-825f120b-fa0e-4ae7-97cb-73445b2828e3\"\n            data-bs-toggle=\"collapse\"\n            data-bs-target=\"#accordion-panel-825f120b-fa0e-4ae7-97cb-73445b2828e3\"\n        >\n            <span class=\"accordion__title\">\n                                <strong><strong>Spenden unter 10.000 \u20ac<\/strong><\/strong>            <\/span>\n\n            <svg aria-hidden=\"true\" focusable=\"false\" class=\"icon icon-outline icon--arrow-down \"><use xlink:href=\"https:\/\/www.uni.lu\/wp-content\/themes\/unilux-theme\/assets\/images\/icons\/icons-outline.svg#icon--arrow-down\"><\/use><\/svg>        <\/button>\n    <\/h3>\n    <div id=\"accordion-panel-825f120b-fa0e-4ae7-97cb-73445b2828e3\"\n        class=\"accordion__collapse collapse\"\n        aria-labelledby=\"accordion-labelledby-825f120b-fa0e-4ae7-97cb-73445b2828e3\"\n        data-bs-parent=\"[data-reference=&quot;2c80cbba-bf81-45f5-aa2d-4acef48c9c9b&quot;]\"\n    >\n        <div class=\"accordion__body \">\n            \n<p>University of Luxembourg&nbsp;<br>IBAN: LU19 0019 2955 5270 5000&nbsp;<br>BIC: BCEELULL<br>Vermerk: <strong><strong><strong>Fonds f\u00fcr seltene Kinderkrankheiten<\/strong><\/strong><\/strong><\/p>\n        <\/div>\n    <\/div>\n<\/div><\/div>\n<\/div>\n\n\n\n<div class=\"wp-block-column is-layout-flow wp-block-column-is-layout-flow\">\n<div class=\"wp-block-unilux-blocks-accordion accordion accordion--theme accordion-standard\" data-reference=\"1f661a64-018d-4efd-8d6f-62c8cbc6a69a\" data-accordion-type=\"standard\"><div class=\"accordion__item  wp-block-unilux-blocks-accordion-item\">\n    <h3 class=\"accordion__header\"\n                    id=\"spenden-ueber-10-000-e\"\n        >\n        <button\n            type=\"button\"\n            id=\"accordion-labelledby-0677b183-0788-48ef-bdcd-70f83168a5f5\"\n            class=\"accordion__button collapsed\"\n            aria-expanded=\"false\"\n            aria-controls=\"accordion-panel-0677b183-0788-48ef-bdcd-70f83168a5f5\"\n            data-bs-toggle=\"collapse\"\n            data-bs-target=\"#accordion-panel-0677b183-0788-48ef-bdcd-70f83168a5f5\"\n        >\n            <span class=\"accordion__title\">\n                                <strong><strong>Spenden \u00fcber 10.000 \u20ac<\/strong><\/strong>            <\/span>\n\n            <svg aria-hidden=\"true\" focusable=\"false\" class=\"icon icon-outline icon--arrow-down \"><use xlink:href=\"https:\/\/www.uni.lu\/wp-content\/themes\/unilux-theme\/assets\/images\/icons\/icons-outline.svg#icon--arrow-down\"><\/use><\/svg>        <\/button>\n    <\/h3>\n    <div id=\"accordion-panel-0677b183-0788-48ef-bdcd-70f83168a5f5\"\n        class=\"accordion__collapse collapse\"\n        aria-labelledby=\"accordion-labelledby-0677b183-0788-48ef-bdcd-70f83168a5f5\"\n        data-bs-parent=\"[data-reference=&quot;1f661a64-018d-4efd-8d6f-62c8cbc6a69a&quot;]\"\n    >\n        <div class=\"accordion__body \">\n            \n<p>University of Luxembourg&nbsp;Foundation<br>IBAN: LU34 0019 4055 4574 9000<br>BIC: BCEELULL&nbsp;<br>Vermerk: <strong><strong><strong>Fonds f\u00fcr seltene Kinderkrankheiten<\/strong><\/strong><\/strong><\/p>\n        <\/div>\n    <\/div>\n<\/div><\/div>\n<\/div>\n<\/div>\n\n\n\n<p><\/p>\n\n\n\n<div class=\"wp-block-unilux-blocks-accordion accordion accordion--theme accordion-standard\" data-reference=\"03de6e71-0d67-4c54-9351-be65a27c45bc\" data-accordion-type=\"standard\"><div class=\"accordion__item  wp-block-unilux-blocks-accordion-item\">\n    <h3 class=\"accordion__header\"\n        >\n        <button\n            type=\"button\"\n            id=\"accordion-labelledby-844c6ca1-e611-45b7-959e-6ebc383e75c5\"\n            class=\"accordion__button collapsed\"\n            aria-expanded=\"false\"\n            aria-controls=\"accordion-panel-844c6ca1-e611-45b7-959e-6ebc383e75c5\"\n            data-bs-toggle=\"collapse\"\n            data-bs-target=\"#accordion-panel-844c6ca1-e611-45b7-959e-6ebc383e75c5\"\n        >\n            <span class=\"accordion__title\">\n                                <strong>Spenden und Steuerverg\u00fcnstigungen<\/strong>            <\/span>\n\n            <svg aria-hidden=\"true\" focusable=\"false\" class=\"icon icon-outline icon--arrow-down \"><use xlink:href=\"https:\/\/www.uni.lu\/wp-content\/themes\/unilux-theme\/assets\/images\/icons\/icons-outline.svg#icon--arrow-down\"><\/use><\/svg>        <\/button>\n    <\/h3>\n    <div id=\"accordion-panel-844c6ca1-e611-45b7-959e-6ebc383e75c5\"\n        class=\"accordion__collapse collapse\"\n        aria-labelledby=\"accordion-labelledby-844c6ca1-e611-45b7-959e-6ebc383e75c5\"\n        data-bs-parent=\"[data-reference=&quot;03de6e71-0d67-4c54-9351-be65a27c45bc&quot;]\"\n    >\n        <div class=\"accordion__body \">\n            \n<p>Die Universit\u00e4t Luxemburg kann <a href=\"http:\/\/www.impotsdirects.public.lu\/az\/l\/libera_dons\/index.html\" target=\"_blank\" rel=\"noreferrer noopener\">Spenden<\/a> entgegennehmen, die in Luxemburg steuerlich absetzbar sind. Dies geschieht innerhalb bestimmter Grenzen, die in den Artikeln 109, 112 und 168 des luxemburgischen Einkommensteuergesetzes festgelegt sind.<\/p>\n\n<p>Sachspenden an die Universit\u00e4t sind in Luxemburg steuerlich nicht absetzbar.<\/p>\n\n<p>Die Universit\u00e4t Luxemburg stellt f\u00fcr jede Spende eine Steuerbescheinigung aus.<\/p>\n\n<p>NB: F\u00fcr die steuerliche Absetzbarkeit in anderen L\u00e4ndern wenden Sie sich bitte an einen ausl\u00e4ndischen Steuerexperten.<\/p>\n        <\/div>\n    <\/div>\n<\/div>\n\n<div class=\"accordion__item  wp-block-unilux-blocks-accordion-item\">\n    <h3 class=\"accordion__header\"\n        >\n        <button\n            type=\"button\"\n            id=\"accordion-labelledby-1a0b708b-6743-4e41-9899-97e3aced378f\"\n            class=\"accordion__button collapsed\"\n            aria-expanded=\"false\"\n            aria-controls=\"accordion-panel-1a0b708b-6743-4e41-9899-97e3aced378f\"\n            data-bs-toggle=\"collapse\"\n            data-bs-target=\"#accordion-panel-1a0b708b-6743-4e41-9899-97e3aced378f\"\n        >\n            <span class=\"accordion__title\">\n                                <strong><strong>Stiftung der Universit\u00e4t Luxemburg und Fondation de Luxembourg<\/strong><\/strong>            <\/span>\n\n            <svg aria-hidden=\"true\" focusable=\"false\" class=\"icon icon-outline icon--arrow-down \"><use xlink:href=\"https:\/\/www.uni.lu\/wp-content\/themes\/unilux-theme\/assets\/images\/icons\/icons-outline.svg#icon--arrow-down\"><\/use><\/svg>        <\/button>\n    <\/h3>\n    <div id=\"accordion-panel-1a0b708b-6743-4e41-9899-97e3aced378f\"\n        class=\"accordion__collapse collapse\"\n        aria-labelledby=\"accordion-labelledby-1a0b708b-6743-4e41-9899-97e3aced378f\"\n        data-bs-parent=\"[data-reference=&quot;03de6e71-0d67-4c54-9351-be65a27c45bc&quot;]\"\n    >\n        <div class=\"accordion__body \">\n            \n<p>Die <a href=\"https:\/\/www.fdlux.lu\/en\/foundation\/university-luxembourg-foundation\" target=\"_blank\" rel=\"noreferrer noopener\">University of Luxembourg Foundation<\/a> wurde im September 2013 gegr\u00fcndet. Ihr Ziel ist es, die akademischen und wissenschaftlichen Aktivit\u00e4ten sowie Initiativen von allgemeinem Interesse der Universit\u00e4t zu unterst\u00fctzen.<\/p>\n\n<p>Die Stiftung der Universit\u00e4t Luxemburg wurde mit einem Gr\u00fcndungskapital von einer Million Euro ausgestattet und der professionellen Verwaltung der Fondation de Luxembourg anvertraut, die f\u00fcr die finanzielle und operative Verwaltung sowie f\u00fcr die Aufsicht zust\u00e4ndig ist.<\/p>\n\n<p>Die Stiftung unterst\u00fctzt die Universit\u00e4t auch bei der Einwerbung zus\u00e4tzlicher internationaler Mittel.<\/p>\n        <\/div>\n    <\/div>\n<\/div>\n\n<div class=\"accordion__item  wp-block-unilux-blocks-accordion-item\">\n    <h3 class=\"accordion__header\"\n        >\n        <button\n            type=\"button\"\n            id=\"accordion-labelledby-cde8e2f3-c5c2-46bf-9fe7-f347a5a6a77c\"\n            class=\"accordion__button collapsed\"\n            aria-expanded=\"false\"\n            aria-controls=\"accordion-panel-cde8e2f3-c5c2-46bf-9fe7-f347a5a6a77c\"\n            data-bs-toggle=\"collapse\"\n            data-bs-target=\"#accordion-panel-cde8e2f3-c5c2-46bf-9fe7-f347a5a6a77c\"\n        >\n            <span class=\"accordion__title\">\n                                <strong><strong><strong>Unsere Fundraising-Charta<\/strong><\/strong><\/strong>            <\/span>\n\n            <svg aria-hidden=\"true\" focusable=\"false\" class=\"icon icon-outline icon--arrow-down \"><use xlink:href=\"https:\/\/www.uni.lu\/wp-content\/themes\/unilux-theme\/assets\/images\/icons\/icons-outline.svg#icon--arrow-down\"><\/use><\/svg>        <\/button>\n    <\/h3>\n    <div id=\"accordion-panel-cde8e2f3-c5c2-46bf-9fe7-f347a5a6a77c\"\n        class=\"accordion__collapse collapse\"\n        aria-labelledby=\"accordion-labelledby-cde8e2f3-c5c2-46bf-9fe7-f347a5a6a77c\"\n        data-bs-parent=\"[data-reference=&quot;03de6e71-0d67-4c54-9351-be65a27c45bc&quot;]\"\n    >\n        <div class=\"accordion__body \">\n            \n<p>Unsere&nbsp;<a href=\"https:\/\/www.uni.lu\/wp-content\/uploads\/sites\/6\/2023\/06\/Charte_sur_le_fundraising_2016.pdf\" target=\"_blank\" rel=\"noreferrer noopener\">Fundraising-Charta (auf Franz\u00f6sisch, PDF)<\/a>&nbsp;enth\u00e4lt zus\u00e4tzliche Informationen zum Thema Patronat und Unternehmensphilanthropie.<\/p>\n        <\/div>\n    <\/div>\n<\/div><\/div>\n<\/div><\/section>\n\n\n\n<section class=\"py-0 wp-block-unilux-blocks-free-section section\"><div class=\"container xl:max-w-screen-xl\">\n<h2 class=\"has-text-align-left wp-block-unilux-blocks-heading\"        id=\"luxemburger-fonds-fuer-neurowissenschaften\"\n    >\n<strong>Luxemburger Fonds f\u00fcr Neurowissenschaften<\/strong><\/h2>\n\n\n<ul class=\"flex flex-wrap mt-24 -mx-16  wp-block-unilux-blocks-free-content-card\">\n    <li class=\"w-full sm:w-1\/2 lg:w-1\/3 px-16  wp-block-unilux-blocks-free-content-card-item\">\n    <div class=\"ulux-card card-facilities bg-theme\">\n        <div class=\"ulux-card__container card__container\">\n                        <div class=\"ulux-card__visual wp-block-unilux-blocks-free-content-card-item-visual\">\n    \n<div class=\"wp-block-unilux-blocks-image-video-wrapper\">\n    <figure class=\"wp-block-dev4-reusable-blocks-image  object-fit--cover\">\n    \n<img decoding=\"async\" class=\"wp-block-image unilux-custom-image-block\"\n                alt=\"\"\n            src=\"https:\/\/www.uni.lu\/wp-content\/uploads\/sites\/10\/2025\/03\/LCSB_Support-US_Parkinsons.png\"\n                srcset=\"https:\/\/www.uni.lu\/wp-content\/uploads\/sites\/10\/2025\/03\/LCSB_Support-US_Parkinsons-300x173.png 300w, https:\/\/www.uni.lu\/wp-content\/uploads\/sites\/10\/2025\/03\/LCSB_Support-US_Parkinsons-1024x590.png 1024w, https:\/\/www.uni.lu\/wp-content\/uploads\/sites\/10\/2025\/03\/LCSB_Support-US_Parkinsons-768x442.png 768w, https:\/\/www.uni.lu\/wp-content\/uploads\/sites\/10\/2025\/03\/LCSB_Support-US_Parkinsons.png 1528w\"\n                style=\"object-position: 50.00% 50.00%; font-family: &quot;object-fit: cover; object-position: 50.00% 50.00%;&quot;; aspect-ratio: 4\/3; object-fit: cover; width: 100%;\"\n        loading=\"lazy\"\n\/>    <\/figure><\/div><\/div><div class=\"ulux-card__body wp-block-unilux-blocks-free-content-card-item-body\">\n    \n<h3 class=\"ulux-card__title has-text-align-left wp-block-unilux-blocks-heading\"        id=\"parkinson-fonds\"\n    >\nParkinson Fonds<\/h3>\n<div class=\"ulux-card__description wp-block-unilux-blocks-free-content-card-item-free-content-area\">\n    \n<p><\/p>\n<\/div><div class=\"wp-block-unilux-blocks-simple-cta\">\n    <a\n        href=\"https:\/\/www.uni.lu\/de\/ueber-uns\/unterstuetzen-sie-die-universitaet\/unsere-forschung-unterstuetzen\/parkinson-forschungsfonds\/\"\n        title=\"Learn more\"\n        class=\"link-text link-text--icon ulux-card__link link-text link-absolute\"\n        target=\"\"\n    >\n        <span class=\"link-text__body\">\n            <span class=\"link-text__name\">Mehr erfahren<\/span>\n        <\/span>\n        <svg aria-hidden=\"true\" focusable=\"false\" class=\"icon icon-outline icon--arrow-right \"><use xlink:href=\"https:\/\/www.uni.lu\/wp-content\/themes\/unilux-theme\/assets\/images\/icons\/icons-outline.svg#icon--arrow-right\"><\/use><\/svg>    <\/a>\n<\/div>\n<\/div>        <\/div>\n    <\/div>\n<\/li><li class=\"w-full sm:w-1\/2 lg:w-1\/3 px-16  wp-block-unilux-blocks-free-content-card-item\">\n    <div class=\"ulux-card card-facilities bg-theme\">\n        <div class=\"ulux-card__container card__container\">\n                        <div class=\"ulux-card__visual wp-block-unilux-blocks-free-content-card-item-visual\">\n    \n<div class=\"wp-block-unilux-blocks-image-video-wrapper\">\n    <figure class=\"wp-block-dev4-reusable-blocks-image  object-fit--cover\">\n    \n<img decoding=\"async\" class=\"wp-block-image unilux-custom-image-block\"\n                alt=\"\"\n            src=\"https:\/\/www.uni.lu\/wp-content\/uploads\/sites\/10\/2025\/03\/LCSB_Support-Us_Alzheimers.png\"\n                srcset=\"https:\/\/www.uni.lu\/wp-content\/uploads\/sites\/10\/2025\/03\/LCSB_Support-Us_Alzheimers-300x173.png 300w, https:\/\/www.uni.lu\/wp-content\/uploads\/sites\/10\/2025\/03\/LCSB_Support-Us_Alzheimers-768x443.png 768w, https:\/\/www.uni.lu\/wp-content\/uploads\/sites\/10\/2025\/03\/LCSB_Support-Us_Alzheimers.png 1018w\"\n                style=\"object-position: 50.00% 50.00%; font-family: &quot;object-fit: cover; object-position: 50.00% 50.00%;&quot;; aspect-ratio: 4\/3; object-fit: cover; width: 100%;\"\n        loading=\"lazy\"\n\/>    <\/figure><\/div><\/div><div class=\"ulux-card__body wp-block-unilux-blocks-free-content-card-item-body\">\n    \n<h3 class=\"ulux-card__title has-text-align-left wp-block-unilux-blocks-heading\"        id=\"alzheimer-fonds\"\n    >\nAlzheimer Fonds<\/h3>\n<div class=\"ulux-card__description wp-block-unilux-blocks-free-content-card-item-free-content-area\">\n    \n<p><\/p>\n<\/div><div class=\"wp-block-unilux-blocks-simple-cta\">\n    <a\n        href=\"https:\/\/www.uni.lu\/de\/ueber-uns\/unterstuetzen-sie-die-universitaet\/unsere-forschung-unterstuetzen\/alzheimer-forschungsfonds\/\"\n        title=\"Learn more\"\n        class=\"link-text link-text--icon ulux-card__link link-text link-absolute\"\n        target=\"\"\n    >\n        <span class=\"link-text__body\">\n            <span class=\"link-text__name\">Mehr erfahren<\/span>\n        <\/span>\n        <svg aria-hidden=\"true\" focusable=\"false\" class=\"icon icon-outline icon--arrow-right \"><use xlink:href=\"https:\/\/www.uni.lu\/wp-content\/themes\/unilux-theme\/assets\/images\/icons\/icons-outline.svg#icon--arrow-right\"><\/use><\/svg>    <\/a>\n<\/div>\n<\/div>        <\/div>\n    <\/div>\n<\/li><\/ul><\/div><\/section>\n\n\n\n<section class=\"py-0 wp-block-unilux-blocks-free-section section\"><div class=\"container xl:max-w-screen-xl\">\n<h2 class=\"has-text-align-left wp-block-unilux-blocks-heading\"        id=\"erfahren-sie-mehr-ueber-unsere-anderen-fonds\"\n    >\nErfahren Sie mehr \u00fcber unsere anderen Fonds<\/h2>\n\n\n<ul class=\"flex flex-wrap mt-24 -mx-16  wp-block-unilux-blocks-free-content-card\">\n    <li class=\"w-full sm:w-1\/2 lg:w-1\/3 px-16  wp-block-unilux-blocks-free-content-card-item\">\n    <div class=\"ulux-card card-facilities bg-theme\">\n        <div class=\"ulux-card__container card__container\">\n                        <div class=\"ulux-card__visual wp-block-unilux-blocks-free-content-card-item-visual\">\n    \n<div class=\"wp-block-unilux-blocks-image-video-wrapper\">\n    <figure class=\"wp-block-dev4-reusable-blocks-image  object-fit--cover\">\n    \n<img decoding=\"async\" class=\"wp-block-image unilux-custom-image-block\"\n                alt=\"\"\n            src=\"https:\/\/www.uni.lu\/wp-content\/uploads\/sites\/9\/2025\/03\/national-cancer-institute-XknuBmnjbKg-unsplash-scaled.jpg\"\n                    style=\"object-position: 50.00% 50.00%; font-family: &quot;object-fit: cover; object-position: 50.00% 50.00%;&quot;; aspect-ratio: 4\/3; object-fit: cover; width: 100%;\"\n        loading=\"lazy\"\n\/>    <\/figure><\/div><\/div><div class=\"ulux-card__body wp-block-unilux-blocks-free-content-card-item-body\">\n    \n<h3 class=\"ulux-card__title has-text-align-left wp-block-unilux-blocks-heading\"        id=\"krebsforschungsfonds\"\n    >\nKrebsforschungsfonds<\/h3>\n<div class=\"ulux-card__description wp-block-unilux-blocks-free-content-card-item-free-content-area\">\n    \n<p><\/p>\n<\/div><div class=\"wp-block-unilux-blocks-simple-cta\">\n    <a\n        href=\"https:\/\/www.uni.lu\/de\/ueber-uns\/unterstuetzen-sie-die-universitaet\/unsere-forschung-unterstuetzen\/krebsforschungsfonds\/\"\n        title=\"Learn more\"\n        class=\"link-text link-text--icon ulux-card__link link-text link-absolute\"\n        target=\"\"\n    >\n        <span class=\"link-text__body\">\n            <span class=\"link-text__name\">Mehr erfahren<\/span>\n        <\/span>\n        <svg aria-hidden=\"true\" focusable=\"false\" class=\"icon icon-outline icon--arrow-right \"><use xlink:href=\"https:\/\/www.uni.lu\/wp-content\/themes\/unilux-theme\/assets\/images\/icons\/icons-outline.svg#icon--arrow-right\"><\/use><\/svg>    <\/a>\n<\/div>\n<\/div>        <\/div>\n    <\/div>\n<\/li><li class=\"w-full sm:w-1\/2 lg:w-1\/3 px-16  wp-block-unilux-blocks-free-content-card-item\">\n    <div class=\"ulux-card card-facilities bg-theme\">\n        <div class=\"ulux-card__container card__container\">\n                        <div class=\"ulux-card__visual wp-block-unilux-blocks-free-content-card-item-visual\">\n    \n<div class=\"wp-block-unilux-blocks-image-video-wrapper\">\n    <figure class=\"wp-block-dev4-reusable-blocks-image  object-fit--cover\">\n    \n<img decoding=\"async\" class=\"wp-block-image unilux-custom-image-block\"\n                alt=\"Limpertsberg Students \u00a9 David Laurent\"\n            src=\"https:\/\/www.uni.lu\/wp-content\/uploads\/sites\/9\/2023\/08\/timeline-2008-1000-550px.jpg\"\n                    style=\"object-position: 50.00% 50.00%; font-family: &quot;object-fit: cover; object-position: 50.00% 50.00%;&quot;; aspect-ratio: 4\/3; object-fit: cover; width: 100%;\"\n        loading=\"lazy\"\n\/>    <\/figure><\/div><\/div><div class=\"ulux-card__body wp-block-unilux-blocks-free-content-card-item-body\">\n    \n<h3 class=\"ulux-card__title has-text-align-left wp-block-unilux-blocks-heading\"        id=\"fonds-fuer-auslandsstudien\"\n    >\nFonds f\u00fcr Auslandsstudien<\/h3>\n<div class=\"ulux-card__description wp-block-unilux-blocks-free-content-card-item-free-content-area\">\n    \n<p><\/p>\n<\/div><div class=\"wp-block-unilux-blocks-simple-cta\">\n    <a\n        href=\"https:\/\/www.uni.lu\/de\/ueber-uns\/unterstuetzen-sie-die-universitaet\/unsere-forschung-unterstuetzen\/fonds-fuer-auslandsstudien\/\"\n        title=\"Learn more\"\n        class=\"link-text link-text--icon ulux-card__link link-text link-absolute\"\n        target=\"\"\n    >\n        <span class=\"link-text__body\">\n            <span class=\"link-text__name\">Mehr erfahren<\/span>\n        <\/span>\n        <svg aria-hidden=\"true\" focusable=\"false\" class=\"icon icon-outline icon--arrow-right \"><use xlink:href=\"https:\/\/www.uni.lu\/wp-content\/themes\/unilux-theme\/assets\/images\/icons\/icons-outline.svg#icon--arrow-right\"><\/use><\/svg>    <\/a>\n<\/div>\n<\/div>        <\/div>\n    <\/div>\n<\/li><\/ul><\/div><\/section>\n\n\n<section class=\"section section wp-block-unilux-blocks-quick-link-discover-section \">\n    <div class=\"container xl:max-w-screen-xl\">\n        \n<h2 class=\"has-text-align-left wp-block-unilux-blocks-heading\"        id=\"entdecken-sie-auch\"\n    >\nEntdecken Sie auch<\/h2>\n\n<ul class=\"wp-block-unilux-blocks-quick-link-discover quick-link-list\">\n<li class=\"wp-block-unilux-blocks-quick-link-discover-item\">\n    <a\n                    href=\"https:\/\/www.uni.lu\/lcsb-de\/forschung\/\"\n                    class=\"quick-link\"\n            target=\"\"\n    >\n            <span class=\"quick-link__container\">\n                <span class=\"quick-link__text\">\n                    Unsere Forschung am Luxembourg Centre for Systems Biomedicine                <\/span>\n                <svg aria-hidden=\"true\" focusable=\"false\" class=\"icon icon-outline icon--arrow-right \"><use xlink:href=\"https:\/\/www.uni.lu\/wp-content\/themes\/unilux-theme\/assets\/images\/icons\/icons-outline.svg#icon--arrow-right\"><\/use><\/svg>            <\/span>\n    <\/a>\n<\/li>\n\n\n\n<li class=\"wp-block-unilux-blocks-quick-link-discover-item\">\n    <a\n                    href=\"https:\/\/www.uni.lu\/lcsb-de\/spenden\/\"\n                    class=\"quick-link\"\n            target=\"\"\n    >\n            <span class=\"quick-link__container\">\n                <span class=\"quick-link__text\">\n                    Unterst\u00fctzen Sie das LCSB                <\/span>\n                <svg aria-hidden=\"true\" focusable=\"false\" class=\"icon icon-outline icon--arrow-right \"><use xlink:href=\"https:\/\/www.uni.lu\/wp-content\/themes\/unilux-theme\/assets\/images\/icons\/icons-outline.svg#icon--arrow-right\"><\/use><\/svg>            <\/span>\n    <\/a>\n<\/li>\n<\/ul>\n    <\/div>\n<\/section>","protected":false},"excerpt":{"rendered":"","protected":false},"author":58,"featured_media":6326,"parent":1723,"menu_order":0,"comment_status":"closed","ping_status":"closed","template":"","meta":{"featured_image_focal_point":[],"show_featured_caption":false,"ulux_newsletter_groups":"","uluxPostTitle":"Unterst\u00fctzen Sie die Universit\u00e4t","uluxPrePostTitle":"\u00dcber uns","_trash_the_other_posts":false,"_price":"","_stock":"","_tribe_ticket_header":"","_tribe_default_ticket_provider":"","_tribe_ticket_capacity":"0","_ticket_start_date":"","_ticket_end_date":"","_tribe_ticket_show_description":"","_tribe_ticket_show_not_going":false,"_tribe_ticket_use_global_stock":"","_tribe_ticket_global_stock_level":"","_global_stock_mode":"","_global_stock_cap":"","_tribe_rsvp_for_event":"","_tribe_ticket_going_count":"","_tribe_ticket_not_going_count":"","_tribe_tickets_list":"[]","_tribe_ticket_has_attendee_info_fields":false,"footnotes":""},"field-of-interest":[],"organisation":[],"authorship":[195,56,58,324],"acf":[],"yoast_head":"<!-- This site is optimized with the Yoast SEO Premium plugin v22.3 (Yoast SEO v22.3) - https:\/\/yoast.com\/wordpress\/plugins\/seo\/ -->\n<title>Forschungsfonds f\u00fcr seltene Kinderkrankheiten - Universit\u00e4t Luxemburg<\/title>\n<meta name=\"description\" content=\"Seltene Krankheiten sind zwar ungew\u00f6hnlich, aber ihre Auswirkungen sind gravierend. Weltweit leben 300 Millionen Menschen mit einer seltenen Krankheit,\" \/>\n<meta name=\"robots\" content=\"index, follow, max-snippet:-1, max-image-preview:large, max-video-preview:-1\" \/>\n<link rel=\"canonical\" href=\"https:\/\/www.uni.lu\/de\/ueber-uns\/unterstuetzen-sie-die-universitaet\/unsere-forschung-unterstuetzen\/forschungsfonds-fuer-seltene-kinderkrankheiten\/\" \/>\n<meta property=\"og:locale\" content=\"de_DE\" \/>\n<meta property=\"og:type\" content=\"article\" \/>\n<meta property=\"og:title\" content=\"Forschungsfonds f\u00fcr seltene Kinderkrankheiten\" \/>\n<meta property=\"og:description\" content=\"Seltene Krankheiten sind zwar ungew\u00f6hnlich, aber ihre Auswirkungen sind gravierend. Weltweit leben 300 Millionen Menschen mit einer seltenen Krankheit,\" \/>\n<meta property=\"og:url\" content=\"https:\/\/www.uni.lu\/de\/ueber-uns\/unterstuetzen-sie-die-universitaet\/unsere-forschung-unterstuetzen\/forschungsfonds-fuer-seltene-kinderkrankheiten\/\" \/>\n<meta property=\"og:site_name\" content=\"UNI DE\" \/>\n<meta property=\"article:publisher\" content=\"https:\/\/www.facebook.com\/uni.lu\" \/>\n<meta property=\"article:modified_time\" content=\"2026-01-12T16:17:08+00:00\" \/>\n<meta property=\"og:image\" content=\"https:\/\/www.uni.lu\/wp-content\/uploads\/sites\/10\/2025\/03\/LCSB_Support-Us_Rare-childhood-disease.jpg\" \/>\n\t<meta property=\"og:image:width\" content=\"1440\" \/>\n\t<meta property=\"og:image:height\" content=\"829\" \/>\n\t<meta property=\"og:image:type\" content=\"image\/jpeg\" \/>\n<meta name=\"twitter:card\" content=\"summary_large_image\" \/>\n<meta name=\"twitter:label1\" content=\"Gesch\u00e4tzte Lesezeit\" \/>\n\t<meta name=\"twitter:data1\" content=\"4 Minuten\" \/>\n<script type=\"application\/ld+json\" class=\"yoast-schema-graph\">{\"@context\":\"https:\/\/schema.org\",\"@graph\":[{\"@type\":\"WebPage\",\"@id\":\"https:\/\/www.uni.lu\/de\/ueber-uns\/unterstuetzen-sie-die-universitaet\/unsere-forschung-unterstuetzen\/forschungsfonds-fuer-seltene-kinderkrankheiten\/\",\"url\":\"https:\/\/www.uni.lu\/de\/ueber-uns\/unterstuetzen-sie-die-universitaet\/unsere-forschung-unterstuetzen\/forschungsfonds-fuer-seltene-kinderkrankheiten\/\",\"name\":\"Forschungsfonds f\u00fcr seltene Kinderkrankheiten - Universit\u00e4t Luxemburg\",\"isPartOf\":{\"@id\":\"https:\/\/www.uni.lu\/de\/#website\"},\"primaryImageOfPage\":{\"@id\":\"https:\/\/www.uni.lu\/de\/ueber-uns\/unterstuetzen-sie-die-universitaet\/unsere-forschung-unterstuetzen\/forschungsfonds-fuer-seltene-kinderkrankheiten\/#primaryimage\"},\"image\":{\"@id\":\"https:\/\/www.uni.lu\/de\/ueber-uns\/unterstuetzen-sie-die-universitaet\/unsere-forschung-unterstuetzen\/forschungsfonds-fuer-seltene-kinderkrankheiten\/#primaryimage\"},\"thumbnailUrl\":\"https:\/\/www.uni.lu\/wp-content\/uploads\/sites\/10\/2025\/03\/LCSB_Support-Us_Rare-childhood-disease.jpg\",\"datePublished\":\"2025-03-10T15:16:59+00:00\",\"dateModified\":\"2026-01-12T16:17:08+00:00\",\"description\":\"Seltene Krankheiten sind zwar ungew\u00f6hnlich, aber ihre Auswirkungen sind gravierend. Weltweit leben 300 Millionen Menschen mit einer seltenen Krankheit,\",\"breadcrumb\":{\"@id\":\"https:\/\/www.uni.lu\/de\/ueber-uns\/unterstuetzen-sie-die-universitaet\/unsere-forschung-unterstuetzen\/forschungsfonds-fuer-seltene-kinderkrankheiten\/#breadcrumb\"},\"inLanguage\":\"de-DE\",\"potentialAction\":[{\"@type\":\"ReadAction\",\"target\":[\"https:\/\/www.uni.lu\/de\/ueber-uns\/unterstuetzen-sie-die-universitaet\/unsere-forschung-unterstuetzen\/forschungsfonds-fuer-seltene-kinderkrankheiten\/\"]}]},{\"@type\":\"ImageObject\",\"inLanguage\":\"de-DE\",\"@id\":\"https:\/\/www.uni.lu\/de\/ueber-uns\/unterstuetzen-sie-die-universitaet\/unsere-forschung-unterstuetzen\/forschungsfonds-fuer-seltene-kinderkrankheiten\/#primaryimage\",\"url\":\"https:\/\/www.uni.lu\/wp-content\/uploads\/sites\/10\/2025\/03\/LCSB_Support-Us_Rare-childhood-disease.jpg\",\"contentUrl\":\"https:\/\/www.uni.lu\/wp-content\/uploads\/sites\/10\/2025\/03\/LCSB_Support-Us_Rare-childhood-disease.jpg\",\"width\":1440,\"height\":829},{\"@type\":\"BreadcrumbList\",\"@id\":\"https:\/\/www.uni.lu\/de\/ueber-uns\/unterstuetzen-sie-die-universitaet\/unsere-forschung-unterstuetzen\/forschungsfonds-fuer-seltene-kinderkrankheiten\/#breadcrumb\",\"itemListElement\":[{\"@type\":\"ListItem\",\"position\":1,\"name\":\"Home\",\"item\":\"https:\/\/www.uni.lu\/de\/\"},{\"@type\":\"ListItem\",\"position\":2,\"name\":\"\u00dcber uns\",\"item\":\"https:\/\/www.uni.lu\/de\/ueber-uns\/\"},{\"@type\":\"ListItem\",\"position\":3,\"name\":\"Unterst\u00fctzen Sie die Universit\u00e4t\",\"item\":\"https:\/\/www.uni.lu\/de\/ueber-uns\/unterstuetzen-sie-die-universitaet\/\"},{\"@type\":\"ListItem\",\"position\":4,\"name\":\"Unsere Forschung unterst\u00fctzen\",\"item\":\"https:\/\/www.uni.lu\/de\/ueber-uns\/unterstuetzen-sie-die-universitaet\/unsere-forschung-unterstuetzen\/\"},{\"@type\":\"ListItem\",\"position\":5,\"name\":\"Forschungsfonds f\u00fcr seltene Kinderkrankheiten\"}]},{\"@type\":\"WebSite\",\"@id\":\"https:\/\/www.uni.lu\/de\/#website\",\"url\":\"https:\/\/www.uni.lu\/de\/\",\"name\":\"Uni.lu\",\"description\":\"Universit\u00e4t Luxemburg\",\"publisher\":{\"@id\":\"https:\/\/www.uni.lu\/de\/#organization\"},\"alternateName\":\"Universit\u00e4t Luxemburg\",\"potentialAction\":[{\"@type\":\"SearchAction\",\"target\":{\"@type\":\"EntryPoint\",\"urlTemplate\":\"https:\/\/www.uni.lu\/de\/?s={search_term_string}\"},\"query-input\":\"required name=search_term_string\"}],\"inLanguage\":\"de-DE\"},{\"@type\":\"Organization\",\"@id\":\"https:\/\/www.uni.lu\/de\/#organization\",\"name\":\"Universit\u00e4t Luxemburg\",\"alternateName\":\"Uni.lu\",\"url\":\"https:\/\/www.uni.lu\/de\/\",\"logo\":{\"@type\":\"ImageObject\",\"inLanguage\":\"de-DE\",\"@id\":\"https:\/\/www.uni.lu\/de\/#\/schema\/logo\/image\/\",\"url\":\"https:\/\/www.uni.lu\/wp-content\/uploads\/sites\/10\/2026\/03\/03120000\/UNIV_SM-Profile_1600x1600px-scaled.jpg\",\"contentUrl\":\"https:\/\/www.uni.lu\/wp-content\/uploads\/sites\/10\/2026\/03\/03120000\/UNIV_SM-Profile_1600x1600px-scaled.jpg\",\"width\":2560,\"height\":2560,\"caption\":\"Universit\u00e4t Luxemburg\"},\"image\":\"https:\/\/www.uni.lu\/wp-content\/uploads\/sites\/10\/2026\/04\/24144329\/20200609-Belval-Campus_Henri-Goergen-23.jpg\",\"sameAs\":[\"https:\/\/www.facebook.com\/uni.lu\",\"https:\/\/www.linkedin.com\/school\/university-of-luxembourg\/\",\"https:\/\/www.instagram.com\/uni.lu\",\"https:\/\/www.youtube.com\/@uni_lu\",\"https:\/\/en.wikipedia.org\/wiki\/University_of_Luxembourg\"],\"email\":\"communication@uni.lu\",\"telephone\":\"+3524666441\",\"address\":{\"@type\":\"PostalAddress\",\"streetAddress\":\"2, place de l\u2019Universit\u00e9\",\"addressLocality\":\"Esch-sur-Alzette\",\"postalCode\":\"4365\",\"addressCountry\":\"LU\"},\"description\":\"Universit\u00e4t Luxemburg\"}]}<\/script>\n<!-- \/ Yoast SEO Premium plugin. -->","yoast_head_json":{"title":"Forschungsfonds f\u00fcr seltene Kinderkrankheiten - Universit\u00e4t Luxemburg","description":"Seltene Krankheiten sind zwar ungew\u00f6hnlich, aber ihre Auswirkungen sind gravierend. Weltweit leben 300 Millionen Menschen mit einer seltenen Krankheit,","robots":{"index":"index","follow":"follow","max-snippet":"max-snippet:-1","max-image-preview":"max-image-preview:large","max-video-preview":"max-video-preview:-1"},"canonical":"https:\/\/www.uni.lu\/de\/ueber-uns\/unterstuetzen-sie-die-universitaet\/unsere-forschung-unterstuetzen\/forschungsfonds-fuer-seltene-kinderkrankheiten\/","og_locale":"de_DE","og_type":"article","og_title":"Forschungsfonds f\u00fcr seltene Kinderkrankheiten","og_description":"Seltene Krankheiten sind zwar ungew\u00f6hnlich, aber ihre Auswirkungen sind gravierend. Weltweit leben 300 Millionen Menschen mit einer seltenen Krankheit,","og_url":"https:\/\/www.uni.lu\/de\/ueber-uns\/unterstuetzen-sie-die-universitaet\/unsere-forschung-unterstuetzen\/forschungsfonds-fuer-seltene-kinderkrankheiten\/","og_site_name":"UNI DE","article_publisher":"https:\/\/www.facebook.com\/uni.lu","article_modified_time":"2026-01-12T16:17:08+00:00","og_image":[{"width":1440,"height":829,"url":"https:\/\/www.uni.lu\/wp-content\/uploads\/sites\/10\/2025\/03\/LCSB_Support-Us_Rare-childhood-disease.jpg","type":"image\/jpeg"}],"twitter_card":"summary_large_image","twitter_misc":{"Gesch\u00e4tzte Lesezeit":"4 Minuten"},"schema":{"@context":"https:\/\/schema.org","@graph":[{"@type":"WebPage","@id":"https:\/\/www.uni.lu\/de\/ueber-uns\/unterstuetzen-sie-die-universitaet\/unsere-forschung-unterstuetzen\/forschungsfonds-fuer-seltene-kinderkrankheiten\/","url":"https:\/\/www.uni.lu\/de\/ueber-uns\/unterstuetzen-sie-die-universitaet\/unsere-forschung-unterstuetzen\/forschungsfonds-fuer-seltene-kinderkrankheiten\/","name":"Forschungsfonds f\u00fcr seltene Kinderkrankheiten - Universit\u00e4t Luxemburg","isPartOf":{"@id":"https:\/\/www.uni.lu\/de\/#website"},"primaryImageOfPage":{"@id":"https:\/\/www.uni.lu\/de\/ueber-uns\/unterstuetzen-sie-die-universitaet\/unsere-forschung-unterstuetzen\/forschungsfonds-fuer-seltene-kinderkrankheiten\/#primaryimage"},"image":{"@id":"https:\/\/www.uni.lu\/de\/ueber-uns\/unterstuetzen-sie-die-universitaet\/unsere-forschung-unterstuetzen\/forschungsfonds-fuer-seltene-kinderkrankheiten\/#primaryimage"},"thumbnailUrl":"https:\/\/www.uni.lu\/wp-content\/uploads\/sites\/10\/2025\/03\/LCSB_Support-Us_Rare-childhood-disease.jpg","datePublished":"2025-03-10T15:16:59+00:00","dateModified":"2026-01-12T16:17:08+00:00","description":"Seltene Krankheiten sind zwar ungew\u00f6hnlich, aber ihre Auswirkungen sind gravierend. Weltweit leben 300 Millionen Menschen mit einer seltenen Krankheit,","breadcrumb":{"@id":"https:\/\/www.uni.lu\/de\/ueber-uns\/unterstuetzen-sie-die-universitaet\/unsere-forschung-unterstuetzen\/forschungsfonds-fuer-seltene-kinderkrankheiten\/#breadcrumb"},"inLanguage":"de-DE","potentialAction":[{"@type":"ReadAction","target":["https:\/\/www.uni.lu\/de\/ueber-uns\/unterstuetzen-sie-die-universitaet\/unsere-forschung-unterstuetzen\/forschungsfonds-fuer-seltene-kinderkrankheiten\/"]}]},{"@type":"ImageObject","inLanguage":"de-DE","@id":"https:\/\/www.uni.lu\/de\/ueber-uns\/unterstuetzen-sie-die-universitaet\/unsere-forschung-unterstuetzen\/forschungsfonds-fuer-seltene-kinderkrankheiten\/#primaryimage","url":"https:\/\/www.uni.lu\/wp-content\/uploads\/sites\/10\/2025\/03\/LCSB_Support-Us_Rare-childhood-disease.jpg","contentUrl":"https:\/\/www.uni.lu\/wp-content\/uploads\/sites\/10\/2025\/03\/LCSB_Support-Us_Rare-childhood-disease.jpg","width":1440,"height":829},{"@type":"BreadcrumbList","@id":"https:\/\/www.uni.lu\/de\/ueber-uns\/unterstuetzen-sie-die-universitaet\/unsere-forschung-unterstuetzen\/forschungsfonds-fuer-seltene-kinderkrankheiten\/#breadcrumb","itemListElement":[{"@type":"ListItem","position":1,"name":"Home","item":"https:\/\/www.uni.lu\/de\/"},{"@type":"ListItem","position":2,"name":"\u00dcber uns","item":"https:\/\/www.uni.lu\/de\/ueber-uns\/"},{"@type":"ListItem","position":3,"name":"Unterst\u00fctzen Sie die Universit\u00e4t","item":"https:\/\/www.uni.lu\/de\/ueber-uns\/unterstuetzen-sie-die-universitaet\/"},{"@type":"ListItem","position":4,"name":"Unsere Forschung unterst\u00fctzen","item":"https:\/\/www.uni.lu\/de\/ueber-uns\/unterstuetzen-sie-die-universitaet\/unsere-forschung-unterstuetzen\/"},{"@type":"ListItem","position":5,"name":"Forschungsfonds f\u00fcr seltene Kinderkrankheiten"}]},{"@type":"WebSite","@id":"https:\/\/www.uni.lu\/de\/#website","url":"https:\/\/www.uni.lu\/de\/","name":"Uni.lu","description":"Universit\u00e4t Luxemburg","publisher":{"@id":"https:\/\/www.uni.lu\/de\/#organization"},"alternateName":"Universit\u00e4t Luxemburg","potentialAction":[{"@type":"SearchAction","target":{"@type":"EntryPoint","urlTemplate":"https:\/\/www.uni.lu\/de\/?s={search_term_string}"},"query-input":"required name=search_term_string"}],"inLanguage":"de-DE"},{"@type":"Organization","@id":"https:\/\/www.uni.lu\/de\/#organization","name":"Universit\u00e4t Luxemburg","alternateName":"Uni.lu","url":"https:\/\/www.uni.lu\/de\/","logo":{"@type":"ImageObject","inLanguage":"de-DE","@id":"https:\/\/www.uni.lu\/de\/#\/schema\/logo\/image\/","url":"https:\/\/www.uni.lu\/wp-content\/uploads\/sites\/10\/2026\/03\/03120000\/UNIV_SM-Profile_1600x1600px-scaled.jpg","contentUrl":"https:\/\/www.uni.lu\/wp-content\/uploads\/sites\/10\/2026\/03\/03120000\/UNIV_SM-Profile_1600x1600px-scaled.jpg","width":2560,"height":2560,"caption":"Universit\u00e4t Luxemburg"},"image":"https:\/\/www.uni.lu\/wp-content\/uploads\/sites\/10\/2026\/04\/24144329\/20200609-Belval-Campus_Henri-Goergen-23.jpg","sameAs":["https:\/\/www.facebook.com\/uni.lu","https:\/\/www.linkedin.com\/school\/university-of-luxembourg\/","https:\/\/www.instagram.com\/uni.lu","https:\/\/www.youtube.com\/@uni_lu","https:\/\/en.wikipedia.org\/wiki\/University_of_Luxembourg"],"email":"communication@uni.lu","telephone":"+3524666441","address":{"@type":"PostalAddress","streetAddress":"2, place de l\u2019Universit\u00e9","addressLocality":"Esch-sur-Alzette","postalCode":"4365","addressCountry":"LU"},"description":"Universit\u00e4t Luxemburg"}]}},"ticketed":false,"_links":{"self":[{"href":"https:\/\/www.uni.lu\/de\/wp-json\/wp\/v2\/pages\/6221"}],"collection":[{"href":"https:\/\/www.uni.lu\/de\/wp-json\/wp\/v2\/pages"}],"about":[{"href":"https:\/\/www.uni.lu\/de\/wp-json\/wp\/v2\/types\/page"}],"author":[{"embeddable":true,"href":"https:\/\/www.uni.lu\/de\/wp-json\/wp\/v2\/users\/58"}],"replies":[{"embeddable":true,"href":"https:\/\/www.uni.lu\/de\/wp-json\/wp\/v2\/comments?post=6221"}],"version-history":[{"count":5,"href":"https:\/\/www.uni.lu\/de\/wp-json\/wp\/v2\/pages\/6221\/revisions"}],"predecessor-version":[{"id":8416,"href":"https:\/\/www.uni.lu\/de\/wp-json\/wp\/v2\/pages\/6221\/revisions\/8416"}],"up":[{"embeddable":true,"href":"https:\/\/www.uni.lu\/de\/wp-json\/wp\/v2\/pages\/1723"}],"wp:authorship":[{"embeddable":true,"href":"https:\/\/www.uni.lu\/de\/wp-json\/wp\/v2\/users\/195"},{"embeddable":true,"href":"https:\/\/www.uni.lu\/de\/wp-json\/wp\/v2\/users\/56"},{"embeddable":true,"href":"https:\/\/www.uni.lu\/de\/wp-json\/wp\/v2\/users\/58"},{"embeddable":true,"href":"https:\/\/www.uni.lu\/de\/wp-json\/wp\/v2\/users\/324"}],"wp:featuredmedia":[{"embeddable":true,"href":"https:\/\/www.uni.lu\/de\/wp-json\/wp\/v2\/media\/6326"}],"wp:attachment":[{"href":"https:\/\/www.uni.lu\/de\/wp-json\/wp\/v2\/media?parent=6221"}],"wp:term":[{"taxonomy":"field-of-interest","embeddable":true,"href":"https:\/\/www.uni.lu\/de\/wp-json\/wp\/v2\/field-of-interest?post=6221"},{"taxonomy":"organisation","embeddable":true,"href":"https:\/\/www.uni.lu\/de\/wp-json\/wp\/v2\/organisation?post=6221"}],"curies":[{"name":"wp","href":"https:\/\/api.w.org\/{rel}","templated":true}]}}