{"id":6214,"date":"2025-03-10T15:15:09","date_gmt":"2025-03-10T14:15:09","guid":{"rendered":"https:\/\/www.uni.lu\/de\/?page_id=6214"},"modified":"2026-01-12T17:16:17","modified_gmt":"2026-01-12T16:16:17","slug":"alzheimer-forschungsfonds","status":"publish","type":"page","link":"https:\/\/www.uni.lu\/de\/ueber-uns\/unterstuetzen-sie-die-universitaet\/unsere-forschung-unterstuetzen\/alzheimer-forschungsfonds\/","title":{"rendered":"Alzheimer-Forschungsfonds"},"content":{"rendered":"\n<section class=\"section no-padding-y wp-block-unilux-blocks-hero\">\n    <div class=\"hero hero--2  \">\n        \n<header class=\"wp-block-unilux-blocks-wrapper hero__header\">\n<div class=\"wp-block-unilux-blocks-wrapper hero__container\">\n<span class=\"hero__title__subject wp-block-unilux-blocks-plain-text\"><\/span>\n\n\n<h1 class=\"has-text-align-left wp-block-unilux-blocks-heading\"        id=\"unterstuetzen-sie-unseren-alzheimer-forschungsfonds\"\n    >\n<strong>Unterst\u00fctzen Sie unseren <strong>Alzheimer<\/strong> Forschungsfond<\/strong>s<\/h1>\n<\/div>\n<\/header>\n<figure class=\"wp-block-dev4-reusable-blocks-image hero__visual object-fit--cover\">\n    \n<img decoding=\"async\" class=\"wp-block-image unilux-custom-image-block\"\n                alt=\"\"\n            src=\"https:\/\/www.uni.lu\/wp-content\/uploads\/sites\/10\/2025\/03\/LCSB_Support-Us_Alzheimers.png\"\n                srcset=\"https:\/\/www.uni.lu\/wp-content\/uploads\/sites\/10\/2025\/03\/LCSB_Support-Us_Alzheimers-300x173.png 300w, https:\/\/www.uni.lu\/wp-content\/uploads\/sites\/10\/2025\/03\/LCSB_Support-Us_Alzheimers-768x443.png 768w, https:\/\/www.uni.lu\/wp-content\/uploads\/sites\/10\/2025\/03\/LCSB_Support-Us_Alzheimers.png 1018w\"\n                style=\"object-position: 35.00% 47.00%; font-family: &quot;object-fit: cover; object-position: 35.00% 47.00%;&quot;; aspect-ratio: 16\/9; object-fit: cover; width: 100%;\"\n        loading=\"lazy\"\n\/>    <\/figure>\n<div class=\"wp-block-unilux-blocks-wrapper hero__body\">\n<div class=\"wp-block-unilux-blocks-wrapper hero__container\">\n<p class=\"wp-block-unilux-blocks-plain-text\"><\/p>\n\n\n<ul class=\"wp-block-unilux-blocks-custom-buttons btn-list\"><li class=\"wp-block-unilux-blocks-custom-button\"    aria-disabled=\"false\"\n    >\n    <a\n        role=\"link\"\n        aria-disabled=\"false\"\n                    href=\"#wie-sie-spenden-koennen\"\n                target=\"_self\"\n        class=\"btn btn--primary\"\n            >Wie Sie spenden k\u00f6nnen<\/a>\n<\/li>\n\n\n<li class=\"wp-block-unilux-blocks-custom-button\"    aria-disabled=\"false\"\n    >\n    <a\n        role=\"link\"\n        aria-disabled=\"false\"\n                    href=\"#kontakt\"\n                target=\"_self\"\n        class=\"btn btn--secondary\"\n            >Kontaktieren Sie uns<\/a>\n<\/li>\n<\/ul>\n<\/div>\n<\/div>\n    <\/div>\n<\/section>\n\n\n<section class=\"wp-block-unilux-blocks-free-section section\"><div class=\"container xl:max-w-screen-xl\">\n<h2 class=\"has-text-align-left wp-block-unilux-blocks-heading\"        id=\"nicht-zu-vergessen-die-alzheimer-krankheit\"\n    >\n<strong><strong>Nicht zu vergessen: die Alzheimer-Krankheit<\/strong><\/strong><\/h2>\n\n\n\n<p><strong>Unterst\u00fctzen Sie die Alzheimer-Forschung an der Universit\u00e4t Luxemburg<\/strong><\/p>\n\n\n\n<p>Demenz ist ein globales Gesundheitsproblem. Weltweit leben mehr als 55 Millionen Menschen mit dieser Krankheit, und diese Zahl wird bis 2050 voraussichtlich auf 150 Millionen ansteigen. Die Alzheimer-Krankheit, die h\u00e4ufigste neurodegenerative Erkrankung, ist f\u00fcr 60-80% aller Demenzf\u00e4lle verantwortlich. Sie f\u00fchrt bei den Betroffenen zu Ged\u00e4chtnisverlust, kognitivem Abbau und tiefgreifenden Verhaltens\u00e4nderungen.<\/p>\n\n\n\n<p>Trotz intensiver Forschung sind die biologischen Mechanismen, die der Alzheimer-Krankheit zugrunde liegen, nach wie vor schwer zu verstehen. J\u00fcngste Erkenntnisse haben jedoch neue Wege zur Pr\u00e4vention und Risikominderung er\u00f6ffnet. Das Luxembourg Centre for Systems Biomedicine (LCSB) der Universit\u00e4t Luxemburg arbeitet an mehreren Fronten im Kampf gegen die Alzheimer-Krankheit, von der Fr\u00fcherkennung bis hin zu innovativen Behandlungsmethoden. Mit Ihrer Unterst\u00fctzung k\u00f6nnen unsere Forscher Durchbr\u00fcche erzielen, die Hoffnung auf eine wirksame Vorbeugung und eine bessere Betreuung der von dieser verheerenden Krankheit Betroffenen machen.<\/p>\n\n\n\n<p><\/p>\n\n\n<div class=\"content-card content-card--right  wp-block-unilux-blocks-content-card\">\n    \n<h2 class=\"content-card__heading has-text-align-left wp-block-unilux-blocks-heading\"        id=\"unsere-forschungsschwerpunkte\"\n    >\n<strong>Unsere Forschungsschwerpunkte<\/strong><\/h2>\n<div class=\"content-card__visual wp-block-unilux-blocks-content-card-visual-area\">\n    \n<section class=\"wp-block-unilux-blocks-image-video-wrapper\">\n    <figure class=\"wp-block-dev4-reusable-blocks-image  object-fit--cover\">\n    \n<img decoding=\"async\" class=\"wp-block-image unilux-custom-image-block\"\n                alt=\"\"\n            src=\"https:\/\/www.uni.lu\/wp-content\/uploads\/sites\/10\/2025\/03\/alzheimer.jpg\"\n                srcset=\"https:\/\/www.uni.lu\/wp-content\/uploads\/sites\/10\/2025\/03\/alzheimer-300x240.jpg 300w, https:\/\/www.uni.lu\/wp-content\/uploads\/sites\/10\/2025\/03\/alzheimer-1024x820.jpg 1024w, https:\/\/www.uni.lu\/wp-content\/uploads\/sites\/10\/2025\/03\/alzheimer-768x615.jpg 768w, https:\/\/www.uni.lu\/wp-content\/uploads\/sites\/10\/2025\/03\/alzheimer-1536x1230.jpg 1536w, https:\/\/www.uni.lu\/wp-content\/uploads\/sites\/10\/2025\/03\/alzheimer-2048x1640.jpg 2048w\"\n                style=\"object-position: 50.00% 50.00%; font-family: &quot;object-fit: cover; object-position: 50.00% 50.00%;&quot;; aspect-ratio: 3\/2; object-fit: cover; width: 100%;\"\n        loading=\"lazy\"\n\/>    <\/figure><\/section>\n<div class=\"wp-block-unilux-blocks-wrapper content-card__overlay\">\n<a class=\"wp-block-unilux-blocks-button-highlight-rounded bottom-left\" \n    href=\"https:\/\/www.uni.lu\/wp-content\/uploads\/sites\/21\/2025\/02\/2025-02-13_FundraisingSheet_AlzheimersResearchFund.pdf\"\n    target=\"_self\"\n>\n    \n<span class=\"btn-highlight-rounded__name wp-block-unilux-blocks-plain-text\">Der Alzheimer Forschungsfonds<\/span>    <span class=\"icon-rounded\">\n        <svg aria-hidden=\"true\" focusable=\"false\" class=\"icon icon-outline icon--arrow-right icon--lg\"><use xlink:href=\"https:\/\/www.uni.lu\/wp-content\/themes\/unilux-theme\/assets\/images\/icons\/icons-outline.svg#icon--arrow-right\"><\/use><\/svg>    <\/span>\n<\/a><\/div>\n<\/div><div class=\"content-card__body  wp-block-unilux-blocks-content-card-free-area\">\n    \n<ul class=\"ulux-list\">\n<li class=\"ulux-list-item\"><strong>Die Mechanismen der Alzheimer-Krankheit verstehen<\/strong>: Unsere Forscher decken die biologischen Prozesse auf, die der Alzheimer-Krankheit zugrunde liegen. Durch die Untersuchung der molekularen und zellul\u00e4ren Wege, die an der Dysfunktion des Gehirns beteiligt sind, wollen sie wichtige Angriffspunkte f\u00fcr die Behandlung identifizieren.<\/li>\n\n\n\n<li class=\"ulux-list-item\"><strong>Unterschiede zwischen M\u00e4nnern und Frauen erkennen<\/strong>: Frauen erkranken h\u00e4ufiger an Alzheimer als M\u00e4nner. Unsere Forscher untersuchen das alternde Gehirn, um geschlechtsspezifische genetische Unterschiede aufzudecken, die die Krankheit beeinflussen.<\/li>\n\n\n\n<li class=\"ulux-list-item\"><strong>Innovative Therapien finden<\/strong>: Die Forschung unseres Teams bildet eine solide Basis f\u00fcr die Entwicklung von Therapien, die das Fortschreiten der Alzheimer-Krankheit verlangsamen oder stoppen k\u00f6nnen. Diese neuen Therapien geben den Familien Hoffnung und haben das Potenzial, das Leben von Millionen von Menschen zu ver\u00e4ndern.<\/li>\n\n\n\n<li class=\"ulux-list-item\"><strong>Aufkl\u00e4rung und Pr\u00e4vention der Alzheimer-Krankheit<\/strong>: Pr\u00e4vention ist im Kampf gegen die Alzheimer-Krankheit von entscheidender Bedeutung. Unsere Forschung zeigt spezifische \u00c4nderungen des Lebensstils und Interventionen auf, die das Risiko, an der Krankheit zu erkranken, verringern. Auch Methoden zur Fr\u00fcherkennung werden erforscht. Dar\u00fcber hinaus engagieren sich die Wissenschaftlerinnen und Wissenschaftler des LCSB regelm\u00e4\u00dfig in der \u00d6ffentlichkeitsarbeit, um die Bev\u00f6lkerung zu informieren und f\u00fcr die Krankheit zu sensibilisieren.<\/li>\n<\/ul>\n<\/div><\/div>\n\n\n<h2 class=\"has-text-align-left wp-block-unilux-blocks-heading\"        id=\"begleiten-sie-uns-auf-diesem-weg\"\n    >\n<br><strong>Begleiten Sie uns auf diesem Weg!<\/strong><\/h2>\n\n\n\n<div class=\"wp-block-columns is-layout-flex wp-block-columns-is-layout-flex\">\n<div class=\"wp-block-column is-layout-flow wp-block-column-is-layout-flow\">\n<p>Mit einer Spende an den Alzheimer Forschungsfonds der Universit\u00e4t Luxemburg unterst\u00fctzen Sie die entscheidenden Bem\u00fchungen, die Ursachen der Alzheimer-Krankheit besser zu verstehen, neue Behandlungsmethoden zu entwickeln und das Leben der Patienten und ihrer Familien zu verbessern. Ihre Unterst\u00fctzung spielt eine Schl\u00fcsselrolle bei der F\u00f6rderung unserer Forschung und wir laden Sie ein, sich an unseren gemeinsamen Bem\u00fchungen zu beteiligen, um eine der dringendsten gesundheitlichen Herausforderungen unserer Zeit zu bew\u00e4ltigen.<\/p>\n<\/div>\n\n\n\n<div class=\"wp-block-column is-layout-flow wp-block-column-is-layout-flow\"><figure class=\"wp-block-dev4-reusable-blocks-image  object-fit--cover\">\n    \n<img decoding=\"async\" class=\"wp-block-image unilux-custom-image-block\"\n                alt=\"\"\n            src=\"https:\/\/www.uni.lu\/wp-content\/uploads\/sites\/6\/2025\/01\/LA_5313-scaled.jpg\"\n                    style=\"object-position: 56.00% 65.00%; font-family: &quot;object-fit: cover; object-position: 56.00% 65.00%;&quot;; aspect-ratio: 16\/9; object-fit: cover; width: 100%;\"\n        loading=\"lazy\"\n\/>    <\/figure><\/div>\n<\/div>\n\n\n\n<section class=\"wp-block-unilux-blocks-quote-people\">\n    <div class=\"quote-people\" role=\"group\">\n        <figure class=\"quote-people__body\">\n            <blockquote class=\"quote-people__blockquote\">\n    <span class=\"quote-people__quote\">\u201f<\/span>\n    Alzheimer ist eine verheerende Krankheit, aber durch die Forschung haben wir die M\u00f6glichkeit, ihren Verlauf zu ver\u00e4ndern. Jeder Fortschritt bringt uns dem Verst\u00e4ndnis und letztlich dem Sieg \u00fcber die Krankheit n\u00e4her. Die Unterst\u00fctzung durch gro\u00dfz\u00fcgige Spenden ist entscheidend f\u00fcr den wissenschaftlichen Fortschritt: Gemeinsam k\u00f6nnen wir die Hoffnung f\u00fcr die Betroffenen Wirklichkeit werden lassen.\u201d\n<\/blockquote>\n<div class=\"wp-block-unilux-blocks-wrapper quote-people__visual\"><figure class=\"wp-block-dev4-reusable-blocks-image  object-fit--cover\">\n    \n<img decoding=\"async\" class=\"wp-block-image unilux-custom-image-block\"\n                alt=\"Prof Michael Heneka, director of the Luxembourg Centre for Systems Biomedicine\"\n            src=\"https:\/\/www.uni.lu\/wp-content\/uploads\/sites\/6\/2023\/10\/MICHAEL-HENEKA.jpg\"\n                    style=\"object-position: 51.00% 26.00%; font-family: &quot;object-fit: cover; object-position: 51.00% 26.00%;&quot;; aspect-ratio: 1\/1; object-fit: cover; width: 100%;\"\n        loading=\"lazy\"\n\/>    <\/figure><\/div>\n\n<div class=\"wp-block-unilux-blocks-wrapper quote-people__figcaption\">\n<p class=\"quote-people__author wp-block-unilux-blocks-plain-text\">Prof. Michael Heneka<\/p>\n\n\n<p class=\"quote-people__position wp-block-unilux-blocks-plain-text\">Direktor des LCSB <br>Empf\u00e4nger des FNR PEARL Chair <br><\/p>\n\n<div class=\"wp-block-unilux-blocks-simple-cta\">\n    <a\n        href=\"https:\/\/www.uni.lu\/lcsb-en\/people\/michael-heneka\/\"\n        title=\"View Profile\"\n        class=\"link-text link-text--icon quote-people__link\"\n        target=\"\"\n    >\n        <span class=\"link-text__body\">\n            <span class=\"link-text__name\">View profile<\/span>\n        <\/span>\n        <svg aria-hidden=\"true\" focusable=\"false\" class=\"icon icon-outline icon--arrow-right \"><use xlink:href=\"https:\/\/www.uni.lu\/wp-content\/themes\/unilux-theme\/assets\/images\/icons\/icons-outline.svg#icon--arrow-right\"><\/use><\/svg>    <\/a>\n<\/div>\n<\/div>\n        <\/figure>\n    <\/div>\n<\/section><\/div><\/section>\n\n\n\n<section class=\"py-0 wp-block-unilux-blocks-free-section section\"><div class=\"container xl:max-w-screen-xl\">\n<h2 class=\"has-text-align-left wp-block-unilux-blocks-heading\"        id=\"wie-sie-spenden-koennen\"\n    >\n<strong>Wie Sie spenden k\u00f6nnen<\/strong><\/h2>\n\n\n\n<p>Jeder Betrag unter 10.000 \u20ac kann direkt an die Universit\u00e4t gespendet werden. Wir empfehlen, Spenden \u00fcber 10.000 \u20ac an die Stiftung der Universit\u00e4t Luxemburg zu \u00fcberweisen.<\/p>\n\n\n\n<div class=\"wp-block-columns is-layout-flex wp-block-columns-is-layout-flex\">\n<div class=\"wp-block-column is-layout-flow wp-block-column-is-layout-flow\">\n<div class=\"wp-block-unilux-blocks-accordion accordion accordion--theme accordion-standard\" data-reference=\"2c80cbba-bf81-45f5-aa2d-4acef48c9c9b\" data-accordion-type=\"standard\"><div class=\"accordion__item  wp-block-unilux-blocks-accordion-item\">\n    <h3 class=\"accordion__header\"\n                    id=\"spenden-unter-10-000-e\"\n        >\n        <button\n            type=\"button\"\n            id=\"accordion-labelledby-825f120b-fa0e-4ae7-97cb-73445b2828e3\"\n            class=\"accordion__button collapsed\"\n            aria-expanded=\"false\"\n            aria-controls=\"accordion-panel-825f120b-fa0e-4ae7-97cb-73445b2828e3\"\n            data-bs-toggle=\"collapse\"\n            data-bs-target=\"#accordion-panel-825f120b-fa0e-4ae7-97cb-73445b2828e3\"\n        >\n            <span class=\"accordion__title\">\n                                <strong><strong>Spenden unter 10.000 \u20ac<\/strong><\/strong>            <\/span>\n\n            <svg aria-hidden=\"true\" focusable=\"false\" class=\"icon icon-outline icon--arrow-down \"><use xlink:href=\"https:\/\/www.uni.lu\/wp-content\/themes\/unilux-theme\/assets\/images\/icons\/icons-outline.svg#icon--arrow-down\"><\/use><\/svg>        <\/button>\n    <\/h3>\n    <div id=\"accordion-panel-825f120b-fa0e-4ae7-97cb-73445b2828e3\"\n        class=\"accordion__collapse collapse\"\n        aria-labelledby=\"accordion-labelledby-825f120b-fa0e-4ae7-97cb-73445b2828e3\"\n        data-bs-parent=\"[data-reference=&quot;2c80cbba-bf81-45f5-aa2d-4acef48c9c9b&quot;]\"\n    >\n        <div class=\"accordion__body \">\n            \n<p>University of Luxembourg&nbsp;<br>IBAN: LU19 0019 2955 5270 5000&nbsp;<br>BIC: BCEELULL<br>Vermerk: <strong>Alzheimer Forschungsfonds<\/strong><\/p>\n        <\/div>\n    <\/div>\n<\/div><\/div>\n<\/div>\n\n\n\n<div class=\"wp-block-column is-layout-flow wp-block-column-is-layout-flow\">\n<div class=\"wp-block-unilux-blocks-accordion accordion accordion--theme accordion-standard\" data-reference=\"1f661a64-018d-4efd-8d6f-62c8cbc6a69a\" data-accordion-type=\"standard\"><div class=\"accordion__item  wp-block-unilux-blocks-accordion-item\">\n    <h3 class=\"accordion__header\"\n                    id=\"spenden-ueber-10-000-e\"\n        >\n        <button\n            type=\"button\"\n            id=\"accordion-labelledby-0677b183-0788-48ef-bdcd-70f83168a5f5\"\n            class=\"accordion__button collapsed\"\n            aria-expanded=\"false\"\n            aria-controls=\"accordion-panel-0677b183-0788-48ef-bdcd-70f83168a5f5\"\n            data-bs-toggle=\"collapse\"\n            data-bs-target=\"#accordion-panel-0677b183-0788-48ef-bdcd-70f83168a5f5\"\n        >\n            <span class=\"accordion__title\">\n                                <strong><strong>Spenden \u00fcber 10.000 \u20ac<\/strong><\/strong>            <\/span>\n\n            <svg aria-hidden=\"true\" focusable=\"false\" class=\"icon icon-outline icon--arrow-down \"><use xlink:href=\"https:\/\/www.uni.lu\/wp-content\/themes\/unilux-theme\/assets\/images\/icons\/icons-outline.svg#icon--arrow-down\"><\/use><\/svg>        <\/button>\n    <\/h3>\n    <div id=\"accordion-panel-0677b183-0788-48ef-bdcd-70f83168a5f5\"\n        class=\"accordion__collapse collapse\"\n        aria-labelledby=\"accordion-labelledby-0677b183-0788-48ef-bdcd-70f83168a5f5\"\n        data-bs-parent=\"[data-reference=&quot;1f661a64-018d-4efd-8d6f-62c8cbc6a69a&quot;]\"\n    >\n        <div class=\"accordion__body \">\n            \n<p>University of Luxembourg&nbsp;Foundation<br>IBAN: LU34 0019 4055 4574 9000<br>BIC: BCEELULL&nbsp;<br>Vermerk: <strong>Alzheimer Forschungsfonds<\/strong><\/p>\n        <\/div>\n    <\/div>\n<\/div><\/div>\n<\/div>\n<\/div>\n\n\n\n<p><\/p>\n\n\n\n<div class=\"wp-block-unilux-blocks-accordion accordion accordion--theme accordion-standard\" data-reference=\"d672a965-9d0d-42fd-829d-03714f6f9ba1\" data-accordion-type=\"standard\"><div class=\"accordion__item  wp-block-unilux-blocks-accordion-item\">\n    <h3 class=\"accordion__header\"\n        >\n        <button\n            type=\"button\"\n            id=\"accordion-labelledby-bd344776-333e-4cc0-9f3d-4a147c074540\"\n            class=\"accordion__button collapsed\"\n            aria-expanded=\"false\"\n            aria-controls=\"accordion-panel-bd344776-333e-4cc0-9f3d-4a147c074540\"\n            data-bs-toggle=\"collapse\"\n            data-bs-target=\"#accordion-panel-bd344776-333e-4cc0-9f3d-4a147c074540\"\n        >\n            <span class=\"accordion__title\">\n                                <strong>Spenden und Steuerverg\u00fcnstigungen<\/strong>            <\/span>\n\n            <svg aria-hidden=\"true\" focusable=\"false\" class=\"icon icon-outline icon--arrow-down \"><use xlink:href=\"https:\/\/www.uni.lu\/wp-content\/themes\/unilux-theme\/assets\/images\/icons\/icons-outline.svg#icon--arrow-down\"><\/use><\/svg>        <\/button>\n    <\/h3>\n    <div id=\"accordion-panel-bd344776-333e-4cc0-9f3d-4a147c074540\"\n        class=\"accordion__collapse collapse\"\n        aria-labelledby=\"accordion-labelledby-bd344776-333e-4cc0-9f3d-4a147c074540\"\n        data-bs-parent=\"[data-reference=&quot;d672a965-9d0d-42fd-829d-03714f6f9ba1&quot;]\"\n    >\n        <div class=\"accordion__body \">\n            \n<p>Die Universit\u00e4t Luxemburg kann <a href=\"http:\/\/www.impotsdirects.public.lu\/az\/l\/libera_dons\/index.html\" target=\"_blank\" rel=\"noreferrer noopener\">Spenden<\/a> entgegennehmen, die in Luxemburg steuerlich absetzbar sind. Dies geschieht innerhalb bestimmter Grenzen, die in den Artikeln 109, 112 und 168 des luxemburgischen Einkommensteuergesetzes festgelegt sind.<\/p>\n\n<p>Sachspenden an die Universit\u00e4t sind in Luxemburg steuerlich nicht absetzbar.<\/p>\n\n<p>Die Universit\u00e4t Luxemburg stellt f\u00fcr jede Spende eine Steuerbescheinigung aus.<\/p>\n\n<p>NB: F\u00fcr die steuerliche Absetzbarkeit in anderen L\u00e4ndern wenden Sie sich bitte an einen ausl\u00e4ndischen Steuerexperten.<\/p>\n        <\/div>\n    <\/div>\n<\/div>\n\n<div class=\"accordion__item  wp-block-unilux-blocks-accordion-item\">\n    <h3 class=\"accordion__header\"\n        >\n        <button\n            type=\"button\"\n            id=\"accordion-labelledby-6df352ab-cef2-4cfa-a3df-bf36f349bb7c\"\n            class=\"accordion__button collapsed\"\n            aria-expanded=\"false\"\n            aria-controls=\"accordion-panel-6df352ab-cef2-4cfa-a3df-bf36f349bb7c\"\n            data-bs-toggle=\"collapse\"\n            data-bs-target=\"#accordion-panel-6df352ab-cef2-4cfa-a3df-bf36f349bb7c\"\n        >\n            <span class=\"accordion__title\">\n                                <strong><strong>Stiftung der Universit\u00e4t Luxemburg und Fondation de Luxembourg<\/strong><\/strong>            <\/span>\n\n            <svg aria-hidden=\"true\" focusable=\"false\" class=\"icon icon-outline icon--arrow-down \"><use xlink:href=\"https:\/\/www.uni.lu\/wp-content\/themes\/unilux-theme\/assets\/images\/icons\/icons-outline.svg#icon--arrow-down\"><\/use><\/svg>        <\/button>\n    <\/h3>\n    <div id=\"accordion-panel-6df352ab-cef2-4cfa-a3df-bf36f349bb7c\"\n        class=\"accordion__collapse collapse\"\n        aria-labelledby=\"accordion-labelledby-6df352ab-cef2-4cfa-a3df-bf36f349bb7c\"\n        data-bs-parent=\"[data-reference=&quot;d672a965-9d0d-42fd-829d-03714f6f9ba1&quot;]\"\n    >\n        <div class=\"accordion__body \">\n            \n<p>Die <a href=\"https:\/\/www.fdlux.lu\/en\/foundation\/university-luxembourg-foundation\" target=\"_blank\" rel=\"noreferrer noopener\">University of Luxembourg Foundation<\/a> wurde im September 2013 gegr\u00fcndet. Ihr Ziel ist es, die akademischen und wissenschaftlichen Aktivit\u00e4ten sowie Initiativen von allgemeinem Interesse der Universit\u00e4t zu unterst\u00fctzen.<\/p>\n\n<p>Die Stiftung der Universit\u00e4t Luxemburg wurde mit einem Gr\u00fcndungskapital von einer Million Euro ausgestattet und der professionellen Verwaltung der Fondation de Luxembourg anvertraut, die f\u00fcr die finanzielle und operative Verwaltung sowie f\u00fcr die Aufsicht zust\u00e4ndig ist.<\/p>\n\n<p>Die Stiftung unterst\u00fctzt die Universit\u00e4t auch bei der Einwerbung zus\u00e4tzlicher internationaler Mittel.<\/p>\n        <\/div>\n    <\/div>\n<\/div>\n\n<div class=\"accordion__item  wp-block-unilux-blocks-accordion-item\">\n    <h3 class=\"accordion__header\"\n        >\n        <button\n            type=\"button\"\n            id=\"accordion-labelledby-9a196f59-94c2-437d-afe6-ce91a5aad4fd\"\n            class=\"accordion__button collapsed\"\n            aria-expanded=\"false\"\n            aria-controls=\"accordion-panel-9a196f59-94c2-437d-afe6-ce91a5aad4fd\"\n            data-bs-toggle=\"collapse\"\n            data-bs-target=\"#accordion-panel-9a196f59-94c2-437d-afe6-ce91a5aad4fd\"\n        >\n            <span class=\"accordion__title\">\n                                <strong><strong><strong>Unsere Fundraising-Charta<\/strong><\/strong><\/strong>            <\/span>\n\n            <svg aria-hidden=\"true\" focusable=\"false\" class=\"icon icon-outline icon--arrow-down \"><use xlink:href=\"https:\/\/www.uni.lu\/wp-content\/themes\/unilux-theme\/assets\/images\/icons\/icons-outline.svg#icon--arrow-down\"><\/use><\/svg>        <\/button>\n    <\/h3>\n    <div id=\"accordion-panel-9a196f59-94c2-437d-afe6-ce91a5aad4fd\"\n        class=\"accordion__collapse collapse\"\n        aria-labelledby=\"accordion-labelledby-9a196f59-94c2-437d-afe6-ce91a5aad4fd\"\n        data-bs-parent=\"[data-reference=&quot;d672a965-9d0d-42fd-829d-03714f6f9ba1&quot;]\"\n    >\n        <div class=\"accordion__body \">\n            \n<p>Unsere&nbsp;<a href=\"https:\/\/www.uni.lu\/wp-content\/uploads\/sites\/6\/2023\/06\/Charte_sur_le_fundraising_2016.pdf\" target=\"_blank\" rel=\"noreferrer noopener\">Fundraising-Charta (auf Franz\u00f6sisch, PDF)<\/a>&nbsp;enth\u00e4lt zus\u00e4tzliche Informationen zum Thema Patronat und Unternehmensphilanthropie.<\/p>\n        <\/div>\n    <\/div>\n<\/div><\/div>\n<\/div><\/section>\n\n\n\n<section class=\"py-0 wp-block-unilux-blocks-free-section section\"><div class=\"container xl:max-w-screen-xl\">\n<h2 class=\"has-text-align-left wp-block-unilux-blocks-heading\"        id=\"luxemburger-fonds-fuer-neurowissenschaften\"\n    >\n<strong>Luxemburger Fonds f\u00fcr Neurowissenschaften<\/strong><\/h2>\n\n\n<ul class=\"flex flex-wrap mt-24 -mx-16  wp-block-unilux-blocks-free-content-card\">\n    <li class=\"w-full sm:w-1\/2 lg:w-1\/3 px-16  wp-block-unilux-blocks-free-content-card-item\">\n    <div class=\"ulux-card card-facilities bg-theme\">\n        <div class=\"ulux-card__container card__container\">\n                        <div class=\"ulux-card__visual wp-block-unilux-blocks-free-content-card-item-visual\">\n    \n<div class=\"wp-block-unilux-blocks-image-video-wrapper\">\n    <figure class=\"wp-block-dev4-reusable-blocks-image  object-fit--cover\">\n    \n<img decoding=\"async\" class=\"wp-block-image unilux-custom-image-block\"\n                alt=\"\"\n            src=\"https:\/\/www.uni.lu\/wp-content\/uploads\/sites\/10\/2025\/03\/LCSB_Support-US_Parkinsons.png\"\n                srcset=\"https:\/\/www.uni.lu\/wp-content\/uploads\/sites\/10\/2025\/03\/LCSB_Support-US_Parkinsons-300x173.png 300w, https:\/\/www.uni.lu\/wp-content\/uploads\/sites\/10\/2025\/03\/LCSB_Support-US_Parkinsons-1024x590.png 1024w, https:\/\/www.uni.lu\/wp-content\/uploads\/sites\/10\/2025\/03\/LCSB_Support-US_Parkinsons-768x442.png 768w, https:\/\/www.uni.lu\/wp-content\/uploads\/sites\/10\/2025\/03\/LCSB_Support-US_Parkinsons.png 1528w\"\n                style=\"object-position: 50.00% 50.00%; font-family: &quot;object-fit: cover; object-position: 50.00% 50.00%;&quot;; aspect-ratio: 4\/3; object-fit: cover; width: 100%;\"\n        loading=\"lazy\"\n\/>    <\/figure><\/div><\/div><div class=\"ulux-card__body wp-block-unilux-blocks-free-content-card-item-body\">\n    \n<h3 class=\"ulux-card__title has-text-align-left wp-block-unilux-blocks-heading\"        id=\"parkinson-forschungsfonds\"\n    >\nParkinson Forschungsfonds<\/h3>\n<div class=\"ulux-card__description wp-block-unilux-blocks-free-content-card-item-free-content-area\">\n    \n<p><\/p>\n<\/div><div class=\"wp-block-unilux-blocks-simple-cta\">\n    <a\n        href=\"https:\/\/www.uni.lu\/de\/ueber-uns\/unterstuetzen-sie-die-universitaet\/unsere-forschung-unterstuetzen\/parkinson-forschungsfonds\/\"\n        title=\"Learn more\"\n        class=\"link-text link-text--icon ulux-card__link link-text link-absolute\"\n        target=\"\"\n    >\n        <span class=\"link-text__body\">\n            <span class=\"link-text__name\">Mehr erfahren<\/span>\n        <\/span>\n        <svg aria-hidden=\"true\" focusable=\"false\" class=\"icon icon-outline icon--arrow-right \"><use xlink:href=\"https:\/\/www.uni.lu\/wp-content\/themes\/unilux-theme\/assets\/images\/icons\/icons-outline.svg#icon--arrow-right\"><\/use><\/svg>    <\/a>\n<\/div>\n<\/div>        <\/div>\n    <\/div>\n<\/li><li class=\"w-full sm:w-1\/2 lg:w-1\/3 px-16  wp-block-unilux-blocks-free-content-card-item\">\n    <div class=\"ulux-card card-facilities bg-theme\">\n        <div class=\"ulux-card__container card__container\">\n                        <div class=\"ulux-card__visual wp-block-unilux-blocks-free-content-card-item-visual\">\n    \n<div class=\"wp-block-unilux-blocks-image-video-wrapper\">\n    <figure class=\"wp-block-dev4-reusable-blocks-image  object-fit--cover\">\n    \n<img decoding=\"async\" class=\"wp-block-image unilux-custom-image-block\"\n                alt=\"\"\n            src=\"https:\/\/www.uni.lu\/wp-content\/uploads\/sites\/10\/2025\/03\/LCSB_Support-Us_Rare-childhood-disease.jpg\"\n                srcset=\"https:\/\/www.uni.lu\/wp-content\/uploads\/sites\/10\/2025\/03\/LCSB_Support-Us_Rare-childhood-disease-300x173.jpg 300w, https:\/\/www.uni.lu\/wp-content\/uploads\/sites\/10\/2025\/03\/LCSB_Support-Us_Rare-childhood-disease-1024x590.jpg 1024w, https:\/\/www.uni.lu\/wp-content\/uploads\/sites\/10\/2025\/03\/LCSB_Support-Us_Rare-childhood-disease-768x442.jpg 768w, https:\/\/www.uni.lu\/wp-content\/uploads\/sites\/10\/2025\/03\/LCSB_Support-Us_Rare-childhood-disease.jpg 1440w\"\n                style=\"object-position: 50.00% 50.00%; font-family: &quot;object-fit: cover; object-position: 50.00% 50.00%;&quot;; aspect-ratio: 4\/3; object-fit: cover; width: 100%;\"\n        loading=\"lazy\"\n\/>    <\/figure><\/div><\/div><div class=\"ulux-card__body wp-block-unilux-blocks-free-content-card-item-body\">\n    \n<h3 class=\"ulux-card__title has-text-align-left wp-block-unilux-blocks-heading\"        id=\"forschungsfonds-fuer-seltene-kinderkrankheiten\"\n    >\nForschungsfonds f\u00fcr seltene Kinderkrankheiten<\/h3>\n<div class=\"ulux-card__description wp-block-unilux-blocks-free-content-card-item-free-content-area\">\n    \n<p><\/p>\n<\/div><div class=\"wp-block-unilux-blocks-simple-cta\">\n    <a\n        href=\"https:\/\/www.uni.lu\/de\/ueber-uns\/unterstuetzen-sie-die-universitaet\/unsere-forschung-unterstuetzen\/forschungsfonds-fuer-seltene-kinderkrankheiten\/\"\n        title=\"Learn more\"\n        class=\"link-text link-text--icon ulux-card__link link-text link-absolute\"\n        target=\"\"\n    >\n        <span class=\"link-text__body\">\n            <span class=\"link-text__name\">Mehr erfahren<\/span>\n        <\/span>\n        <svg aria-hidden=\"true\" focusable=\"false\" class=\"icon icon-outline icon--arrow-right \"><use xlink:href=\"https:\/\/www.uni.lu\/wp-content\/themes\/unilux-theme\/assets\/images\/icons\/icons-outline.svg#icon--arrow-right\"><\/use><\/svg>    <\/a>\n<\/div>\n<\/div>        <\/div>\n    <\/div>\n<\/li><\/ul><\/div><\/section>\n\n\n\n<section class=\"py-0 wp-block-unilux-blocks-free-section section\"><div class=\"container xl:max-w-screen-xl\">\n<h2 class=\"has-text-align-left wp-block-unilux-blocks-heading\"        id=\"erfahren-sie-mehr-ueber-unsere-anderen-fonds\"\n    >\nErfahren Sie mehr \u00fcber unsere anderen Fonds<\/h2>\n\n\n<ul class=\"flex flex-wrap mt-24 -mx-16  wp-block-unilux-blocks-free-content-card\">\n    <li class=\"w-full sm:w-1\/2 lg:w-1\/3 px-16  wp-block-unilux-blocks-free-content-card-item\">\n    <div class=\"ulux-card card-facilities bg-theme\">\n        <div class=\"ulux-card__container card__container\">\n                        <div class=\"ulux-card__visual wp-block-unilux-blocks-free-content-card-item-visual\">\n    \n<div class=\"wp-block-unilux-blocks-image-video-wrapper\">\n    <figure class=\"wp-block-dev4-reusable-blocks-image  object-fit--cover\">\n    \n<img decoding=\"async\" class=\"wp-block-image unilux-custom-image-block\"\n                alt=\"\"\n            src=\"https:\/\/www.uni.lu\/wp-content\/uploads\/sites\/9\/2025\/03\/national-cancer-institute-XknuBmnjbKg-unsplash-scaled.jpg\"\n                    style=\"object-position: 50.00% 50.00%; font-family: &quot;object-fit: cover; object-position: 50.00% 50.00%;&quot;; aspect-ratio: 4\/3; object-fit: cover; width: 100%;\"\n        loading=\"lazy\"\n\/>    <\/figure><\/div><\/div><div class=\"ulux-card__body wp-block-unilux-blocks-free-content-card-item-body\">\n    \n<h3 class=\"ulux-card__title has-text-align-left wp-block-unilux-blocks-heading\"        id=\"krebsforschungsfonds\"\n    >\nKrebsforschungsfonds<\/h3>\n<div class=\"ulux-card__description wp-block-unilux-blocks-free-content-card-item-free-content-area\">\n    \n<p><\/p>\n<\/div><div class=\"wp-block-unilux-blocks-simple-cta\">\n    <a\n        href=\"https:\/\/www.uni.lu\/de\/ueber-uns\/unterstuetzen-sie-die-universitaet\/unsere-forschung-unterstuetzen\/krebsforschungsfonds\/\"\n        title=\"Learn more\"\n        class=\"link-text link-text--icon ulux-card__link link-text link-absolute\"\n        target=\"\"\n    >\n        <span class=\"link-text__body\">\n            <span class=\"link-text__name\">Mehr erfahren<\/span>\n        <\/span>\n        <svg aria-hidden=\"true\" focusable=\"false\" class=\"icon icon-outline icon--arrow-right \"><use xlink:href=\"https:\/\/www.uni.lu\/wp-content\/themes\/unilux-theme\/assets\/images\/icons\/icons-outline.svg#icon--arrow-right\"><\/use><\/svg>    <\/a>\n<\/div>\n<\/div>        <\/div>\n    <\/div>\n<\/li><li class=\"w-full sm:w-1\/2 lg:w-1\/3 px-16  wp-block-unilux-blocks-free-content-card-item\">\n    <div class=\"ulux-card card-facilities bg-theme\">\n        <div class=\"ulux-card__container card__container\">\n                        <div class=\"ulux-card__visual wp-block-unilux-blocks-free-content-card-item-visual\">\n    \n<div class=\"wp-block-unilux-blocks-image-video-wrapper\">\n    <figure class=\"wp-block-dev4-reusable-blocks-image  object-fit--cover\">\n    \n<img decoding=\"async\" class=\"wp-block-image unilux-custom-image-block\"\n                alt=\"Limpertsberg Students \u00a9 David Laurent\"\n            src=\"https:\/\/www.uni.lu\/wp-content\/uploads\/sites\/9\/2023\/08\/timeline-2008-1000-550px.jpg\"\n                    style=\"object-position: 50.00% 50.00%; font-family: &quot;object-fit: cover; object-position: 50.00% 50.00%;&quot;; aspect-ratio: 4\/3; object-fit: cover; width: 100%;\"\n        loading=\"lazy\"\n\/>    <\/figure><\/div><\/div><div class=\"ulux-card__body wp-block-unilux-blocks-free-content-card-item-body\">\n    \n<h3 class=\"ulux-card__title has-text-align-left wp-block-unilux-blocks-heading\"        id=\"fonds-fuer-auslandsstudien\"\n    >\nFonds f\u00fcr Auslandsstudien<\/h3>\n<div class=\"ulux-card__description wp-block-unilux-blocks-free-content-card-item-free-content-area\">\n    \n<p><\/p>\n<\/div><div class=\"wp-block-unilux-blocks-simple-cta\">\n    <a\n        href=\"https:\/\/www.uni.lu\/de\/ueber-uns\/unterstuetzen-sie-die-universitaet\/unsere-forschung-unterstuetzen\/fonds-fuer-auslandsstudien\/\"\n        title=\"Learn more\"\n        class=\"link-text link-text--icon ulux-card__link link-text link-absolute\"\n        target=\"\"\n    >\n        <span class=\"link-text__body\">\n            <span class=\"link-text__name\">Mehr erfahren<\/span>\n        <\/span>\n        <svg aria-hidden=\"true\" focusable=\"false\" class=\"icon icon-outline icon--arrow-right \"><use xlink:href=\"https:\/\/www.uni.lu\/wp-content\/themes\/unilux-theme\/assets\/images\/icons\/icons-outline.svg#icon--arrow-right\"><\/use><\/svg>    <\/a>\n<\/div>\n<\/div>        <\/div>\n    <\/div>\n<\/li><\/ul><\/div><\/section>\n\n\n<section class=\"section section wp-block-unilux-blocks-quick-link-discover-section \">\n    <div class=\"container xl:max-w-screen-xl\">\n        \n<h2 class=\"has-text-align-left wp-block-unilux-blocks-heading\"        id=\"entdecken-sie-auch\"\n    >\nEntdecken Sie auch<\/h2>\n\n<ul class=\"wp-block-unilux-blocks-quick-link-discover quick-link-list\">\n<li class=\"wp-block-unilux-blocks-quick-link-discover-item\">\n    <a\n                    href=\"https:\/\/www.uni.lu\/lcsb-de\/forschung\/\"\n                    class=\"quick-link\"\n            target=\"\"\n    >\n            <span class=\"quick-link__container\">\n                <span class=\"quick-link__text\">\n                    Unsere Forschung am Luxembourg Centre for Systems Biomedicine                <\/span>\n                <svg aria-hidden=\"true\" focusable=\"false\" class=\"icon icon-outline icon--arrow-right \"><use xlink:href=\"https:\/\/www.uni.lu\/wp-content\/themes\/unilux-theme\/assets\/images\/icons\/icons-outline.svg#icon--arrow-right\"><\/use><\/svg>            <\/span>\n    <\/a>\n<\/li>\n\n\n\n<li class=\"wp-block-unilux-blocks-quick-link-discover-item\">\n    <a\n                    href=\"https:\/\/www.uni.lu\/lcsb-de\/spenden\/\"\n                    class=\"quick-link\"\n            target=\"\"\n    >\n            <span class=\"quick-link__container\">\n                <span class=\"quick-link__text\">\n                    Unterst\u00fctzen Sie das LCSB                <\/span>\n                <svg aria-hidden=\"true\" focusable=\"false\" class=\"icon icon-outline icon--arrow-right \"><use xlink:href=\"https:\/\/www.uni.lu\/wp-content\/themes\/unilux-theme\/assets\/images\/icons\/icons-outline.svg#icon--arrow-right\"><\/use><\/svg>            <\/span>\n    <\/a>\n<\/li>\n<\/ul>\n    <\/div>\n<\/section>","protected":false},"excerpt":{"rendered":"","protected":false},"author":195,"featured_media":0,"parent":1723,"menu_order":0,"comment_status":"closed","ping_status":"closed","template":"","meta":{"featured_image_focal_point":[],"show_featured_caption":false,"ulux_newsletter_groups":"","uluxPostTitle":"Unterst\u00fctzen Sie die Universit\u00e4t","uluxPrePostTitle":"\u00dcber uns","_trash_the_other_posts":false,"_price":"","_stock":"","_tribe_ticket_header":"","_tribe_default_ticket_provider":"","_tribe_ticket_capacity":"0","_ticket_start_date":"","_ticket_end_date":"","_tribe_ticket_show_description":"","_tribe_ticket_show_not_going":false,"_tribe_ticket_use_global_stock":"","_tribe_ticket_global_stock_level":"","_global_stock_mode":"","_global_stock_cap":"","_tribe_rsvp_for_event":"","_tribe_ticket_going_count":"","_tribe_ticket_not_going_count":"","_tribe_tickets_list":"[]","_tribe_ticket_has_attendee_info_fields":false,"footnotes":""},"field-of-interest":[],"organisation":[],"authorship":[195,56,58,324],"acf":[],"yoast_head":"<!-- This site is optimized with the Yoast SEO Premium plugin v22.3 (Yoast SEO v22.3) - https:\/\/yoast.com\/wordpress\/plugins\/seo\/ -->\n<title>Alzheimer-Forschungsfonds - Universit\u00e4t Luxemburg<\/title>\n<meta name=\"description\" content=\"Unterst\u00fctzen Sie die Alzheimer-Forschung an der Universit\u00e4t Luxemburg Demenz ist ein globales Gesundheitsproblem. Weltweit leben mehr als 55 Millionen\" \/>\n<meta name=\"robots\" content=\"index, follow, max-snippet:-1, max-image-preview:large, max-video-preview:-1\" \/>\n<link rel=\"canonical\" href=\"https:\/\/www.uni.lu\/de\/ueber-uns\/unterstuetzen-sie-die-universitaet\/unsere-forschung-unterstuetzen\/alzheimer-forschungsfonds\/\" \/>\n<meta property=\"og:locale\" content=\"de_DE\" \/>\n<meta property=\"og:type\" content=\"article\" \/>\n<meta property=\"og:title\" content=\"Alzheimer-Forschungsfonds\" \/>\n<meta property=\"og:description\" content=\"Unterst\u00fctzen Sie die Alzheimer-Forschung an der Universit\u00e4t Luxemburg Demenz ist ein globales Gesundheitsproblem. Weltweit leben mehr als 55 Millionen\" \/>\n<meta property=\"og:url\" content=\"https:\/\/www.uni.lu\/de\/ueber-uns\/unterstuetzen-sie-die-universitaet\/unsere-forschung-unterstuetzen\/alzheimer-forschungsfonds\/\" \/>\n<meta property=\"og:site_name\" content=\"UNI DE\" \/>\n<meta property=\"article:publisher\" content=\"https:\/\/www.facebook.com\/uni.lu\" \/>\n<meta property=\"article:modified_time\" content=\"2026-01-12T16:16:17+00:00\" \/>\n<meta property=\"og:image\" content=\"https:\/\/www.uni.lu\/wp-content\/uploads\/sites\/10\/2026\/03\/03120000\/UNIV_SM-Profile_1600x1600px-scaled.jpg\" \/>\n\t<meta property=\"og:image:width\" content=\"2560\" \/>\n\t<meta property=\"og:image:height\" content=\"2560\" \/>\n\t<meta property=\"og:image:type\" content=\"image\/jpeg\" \/>\n<meta name=\"twitter:card\" content=\"summary_large_image\" \/>\n<meta name=\"twitter:label1\" content=\"Gesch\u00e4tzte Lesezeit\" \/>\n\t<meta name=\"twitter:data1\" content=\"5 Minuten\" \/>\n<script type=\"application\/ld+json\" class=\"yoast-schema-graph\">{\"@context\":\"https:\/\/schema.org\",\"@graph\":[{\"@type\":\"WebPage\",\"@id\":\"https:\/\/www.uni.lu\/de\/ueber-uns\/unterstuetzen-sie-die-universitaet\/unsere-forschung-unterstuetzen\/alzheimer-forschungsfonds\/\",\"url\":\"https:\/\/www.uni.lu\/de\/ueber-uns\/unterstuetzen-sie-die-universitaet\/unsere-forschung-unterstuetzen\/alzheimer-forschungsfonds\/\",\"name\":\"Alzheimer-Forschungsfonds - Universit\u00e4t Luxemburg\",\"isPartOf\":{\"@id\":\"https:\/\/www.uni.lu\/de\/#website\"},\"datePublished\":\"2025-03-10T14:15:09+00:00\",\"dateModified\":\"2026-01-12T16:16:17+00:00\",\"description\":\"Unterst\u00fctzen Sie die Alzheimer-Forschung an der Universit\u00e4t Luxemburg Demenz ist ein globales Gesundheitsproblem. Weltweit leben mehr als 55 Millionen\",\"breadcrumb\":{\"@id\":\"https:\/\/www.uni.lu\/de\/ueber-uns\/unterstuetzen-sie-die-universitaet\/unsere-forschung-unterstuetzen\/alzheimer-forschungsfonds\/#breadcrumb\"},\"inLanguage\":\"de-DE\",\"potentialAction\":[{\"@type\":\"ReadAction\",\"target\":[\"https:\/\/www.uni.lu\/de\/ueber-uns\/unterstuetzen-sie-die-universitaet\/unsere-forschung-unterstuetzen\/alzheimer-forschungsfonds\/\"]}]},{\"@type\":\"BreadcrumbList\",\"@id\":\"https:\/\/www.uni.lu\/de\/ueber-uns\/unterstuetzen-sie-die-universitaet\/unsere-forschung-unterstuetzen\/alzheimer-forschungsfonds\/#breadcrumb\",\"itemListElement\":[{\"@type\":\"ListItem\",\"position\":1,\"name\":\"Home\",\"item\":\"https:\/\/www.uni.lu\/de\/\"},{\"@type\":\"ListItem\",\"position\":2,\"name\":\"\u00dcber uns\",\"item\":\"https:\/\/www.uni.lu\/de\/ueber-uns\/\"},{\"@type\":\"ListItem\",\"position\":3,\"name\":\"Unterst\u00fctzen Sie die Universit\u00e4t\",\"item\":\"https:\/\/www.uni.lu\/de\/ueber-uns\/unterstuetzen-sie-die-universitaet\/\"},{\"@type\":\"ListItem\",\"position\":4,\"name\":\"Unsere Forschung unterst\u00fctzen\",\"item\":\"https:\/\/www.uni.lu\/de\/ueber-uns\/unterstuetzen-sie-die-universitaet\/unsere-forschung-unterstuetzen\/\"},{\"@type\":\"ListItem\",\"position\":5,\"name\":\"Alzheimer-Forschungsfonds\"}]},{\"@type\":\"WebSite\",\"@id\":\"https:\/\/www.uni.lu\/de\/#website\",\"url\":\"https:\/\/www.uni.lu\/de\/\",\"name\":\"Uni.lu\",\"description\":\"Universit\u00e4t Luxemburg\",\"publisher\":{\"@id\":\"https:\/\/www.uni.lu\/de\/#organization\"},\"alternateName\":\"Universit\u00e4t Luxemburg\",\"potentialAction\":[{\"@type\":\"SearchAction\",\"target\":{\"@type\":\"EntryPoint\",\"urlTemplate\":\"https:\/\/www.uni.lu\/de\/?s={search_term_string}\"},\"query-input\":\"required name=search_term_string\"}],\"inLanguage\":\"de-DE\"},{\"@type\":\"Organization\",\"@id\":\"https:\/\/www.uni.lu\/de\/#organization\",\"name\":\"Universit\u00e4t Luxemburg\",\"alternateName\":\"Uni.lu\",\"url\":\"https:\/\/www.uni.lu\/de\/\",\"logo\":{\"@type\":\"ImageObject\",\"inLanguage\":\"de-DE\",\"@id\":\"https:\/\/www.uni.lu\/de\/#\/schema\/logo\/image\/\",\"url\":\"https:\/\/www.uni.lu\/wp-content\/uploads\/sites\/10\/2026\/03\/03120000\/UNIV_SM-Profile_1600x1600px-scaled.jpg\",\"contentUrl\":\"https:\/\/www.uni.lu\/wp-content\/uploads\/sites\/10\/2026\/03\/03120000\/UNIV_SM-Profile_1600x1600px-scaled.jpg\",\"width\":2560,\"height\":2560,\"caption\":\"Universit\u00e4t Luxemburg\"},\"image\":\"https:\/\/www.uni.lu\/wp-content\/uploads\/sites\/10\/2026\/04\/24144329\/20200609-Belval-Campus_Henri-Goergen-23.jpg\",\"sameAs\":[\"https:\/\/www.facebook.com\/uni.lu\",\"https:\/\/www.linkedin.com\/school\/university-of-luxembourg\/\",\"https:\/\/www.instagram.com\/uni.lu\",\"https:\/\/www.youtube.com\/@uni_lu\",\"https:\/\/en.wikipedia.org\/wiki\/University_of_Luxembourg\"],\"email\":\"communication@uni.lu\",\"telephone\":\"+3524666441\",\"address\":{\"@type\":\"PostalAddress\",\"streetAddress\":\"2, place de l\u2019Universit\u00e9\",\"addressLocality\":\"Esch-sur-Alzette\",\"postalCode\":\"4365\",\"addressCountry\":\"LU\"},\"description\":\"Universit\u00e4t Luxemburg\"}]}<\/script>\n<!-- \/ Yoast SEO Premium plugin. -->","yoast_head_json":{"title":"Alzheimer-Forschungsfonds - Universit\u00e4t Luxemburg","description":"Unterst\u00fctzen Sie die Alzheimer-Forschung an der Universit\u00e4t Luxemburg Demenz ist ein globales Gesundheitsproblem. Weltweit leben mehr als 55 Millionen","robots":{"index":"index","follow":"follow","max-snippet":"max-snippet:-1","max-image-preview":"max-image-preview:large","max-video-preview":"max-video-preview:-1"},"canonical":"https:\/\/www.uni.lu\/de\/ueber-uns\/unterstuetzen-sie-die-universitaet\/unsere-forschung-unterstuetzen\/alzheimer-forschungsfonds\/","og_locale":"de_DE","og_type":"article","og_title":"Alzheimer-Forschungsfonds","og_description":"Unterst\u00fctzen Sie die Alzheimer-Forschung an der Universit\u00e4t Luxemburg Demenz ist ein globales Gesundheitsproblem. Weltweit leben mehr als 55 Millionen","og_url":"https:\/\/www.uni.lu\/de\/ueber-uns\/unterstuetzen-sie-die-universitaet\/unsere-forschung-unterstuetzen\/alzheimer-forschungsfonds\/","og_site_name":"UNI DE","article_publisher":"https:\/\/www.facebook.com\/uni.lu","article_modified_time":"2026-01-12T16:16:17+00:00","og_image":[{"width":2560,"height":2560,"url":"https:\/\/www.uni.lu\/wp-content\/uploads\/sites\/10\/2026\/03\/03120000\/UNIV_SM-Profile_1600x1600px-scaled.jpg","type":"image\/jpeg"}],"twitter_card":"summary_large_image","twitter_misc":{"Gesch\u00e4tzte Lesezeit":"5 Minuten"},"schema":{"@context":"https:\/\/schema.org","@graph":[{"@type":"WebPage","@id":"https:\/\/www.uni.lu\/de\/ueber-uns\/unterstuetzen-sie-die-universitaet\/unsere-forschung-unterstuetzen\/alzheimer-forschungsfonds\/","url":"https:\/\/www.uni.lu\/de\/ueber-uns\/unterstuetzen-sie-die-universitaet\/unsere-forschung-unterstuetzen\/alzheimer-forschungsfonds\/","name":"Alzheimer-Forschungsfonds - Universit\u00e4t Luxemburg","isPartOf":{"@id":"https:\/\/www.uni.lu\/de\/#website"},"datePublished":"2025-03-10T14:15:09+00:00","dateModified":"2026-01-12T16:16:17+00:00","description":"Unterst\u00fctzen Sie die Alzheimer-Forschung an der Universit\u00e4t Luxemburg Demenz ist ein globales Gesundheitsproblem. Weltweit leben mehr als 55 Millionen","breadcrumb":{"@id":"https:\/\/www.uni.lu\/de\/ueber-uns\/unterstuetzen-sie-die-universitaet\/unsere-forschung-unterstuetzen\/alzheimer-forschungsfonds\/#breadcrumb"},"inLanguage":"de-DE","potentialAction":[{"@type":"ReadAction","target":["https:\/\/www.uni.lu\/de\/ueber-uns\/unterstuetzen-sie-die-universitaet\/unsere-forschung-unterstuetzen\/alzheimer-forschungsfonds\/"]}]},{"@type":"BreadcrumbList","@id":"https:\/\/www.uni.lu\/de\/ueber-uns\/unterstuetzen-sie-die-universitaet\/unsere-forschung-unterstuetzen\/alzheimer-forschungsfonds\/#breadcrumb","itemListElement":[{"@type":"ListItem","position":1,"name":"Home","item":"https:\/\/www.uni.lu\/de\/"},{"@type":"ListItem","position":2,"name":"\u00dcber uns","item":"https:\/\/www.uni.lu\/de\/ueber-uns\/"},{"@type":"ListItem","position":3,"name":"Unterst\u00fctzen Sie die Universit\u00e4t","item":"https:\/\/www.uni.lu\/de\/ueber-uns\/unterstuetzen-sie-die-universitaet\/"},{"@type":"ListItem","position":4,"name":"Unsere Forschung unterst\u00fctzen","item":"https:\/\/www.uni.lu\/de\/ueber-uns\/unterstuetzen-sie-die-universitaet\/unsere-forschung-unterstuetzen\/"},{"@type":"ListItem","position":5,"name":"Alzheimer-Forschungsfonds"}]},{"@type":"WebSite","@id":"https:\/\/www.uni.lu\/de\/#website","url":"https:\/\/www.uni.lu\/de\/","name":"Uni.lu","description":"Universit\u00e4t Luxemburg","publisher":{"@id":"https:\/\/www.uni.lu\/de\/#organization"},"alternateName":"Universit\u00e4t Luxemburg","potentialAction":[{"@type":"SearchAction","target":{"@type":"EntryPoint","urlTemplate":"https:\/\/www.uni.lu\/de\/?s={search_term_string}"},"query-input":"required name=search_term_string"}],"inLanguage":"de-DE"},{"@type":"Organization","@id":"https:\/\/www.uni.lu\/de\/#organization","name":"Universit\u00e4t Luxemburg","alternateName":"Uni.lu","url":"https:\/\/www.uni.lu\/de\/","logo":{"@type":"ImageObject","inLanguage":"de-DE","@id":"https:\/\/www.uni.lu\/de\/#\/schema\/logo\/image\/","url":"https:\/\/www.uni.lu\/wp-content\/uploads\/sites\/10\/2026\/03\/03120000\/UNIV_SM-Profile_1600x1600px-scaled.jpg","contentUrl":"https:\/\/www.uni.lu\/wp-content\/uploads\/sites\/10\/2026\/03\/03120000\/UNIV_SM-Profile_1600x1600px-scaled.jpg","width":2560,"height":2560,"caption":"Universit\u00e4t Luxemburg"},"image":"https:\/\/www.uni.lu\/wp-content\/uploads\/sites\/10\/2026\/04\/24144329\/20200609-Belval-Campus_Henri-Goergen-23.jpg","sameAs":["https:\/\/www.facebook.com\/uni.lu","https:\/\/www.linkedin.com\/school\/university-of-luxembourg\/","https:\/\/www.instagram.com\/uni.lu","https:\/\/www.youtube.com\/@uni_lu","https:\/\/en.wikipedia.org\/wiki\/University_of_Luxembourg"],"email":"communication@uni.lu","telephone":"+3524666441","address":{"@type":"PostalAddress","streetAddress":"2, place de l\u2019Universit\u00e9","addressLocality":"Esch-sur-Alzette","postalCode":"4365","addressCountry":"LU"},"description":"Universit\u00e4t Luxemburg"}]}},"ticketed":false,"_links":{"self":[{"href":"https:\/\/www.uni.lu\/de\/wp-json\/wp\/v2\/pages\/6214"}],"collection":[{"href":"https:\/\/www.uni.lu\/de\/wp-json\/wp\/v2\/pages"}],"about":[{"href":"https:\/\/www.uni.lu\/de\/wp-json\/wp\/v2\/types\/page"}],"author":[{"embeddable":true,"href":"https:\/\/www.uni.lu\/de\/wp-json\/wp\/v2\/users\/195"}],"replies":[{"embeddable":true,"href":"https:\/\/www.uni.lu\/de\/wp-json\/wp\/v2\/comments?post=6214"}],"version-history":[{"count":5,"href":"https:\/\/www.uni.lu\/de\/wp-json\/wp\/v2\/pages\/6214\/revisions"}],"predecessor-version":[{"id":8415,"href":"https:\/\/www.uni.lu\/de\/wp-json\/wp\/v2\/pages\/6214\/revisions\/8415"}],"up":[{"embeddable":true,"href":"https:\/\/www.uni.lu\/de\/wp-json\/wp\/v2\/pages\/1723"}],"wp:authorship":[{"embeddable":true,"href":"https:\/\/www.uni.lu\/de\/wp-json\/wp\/v2\/users\/195"},{"embeddable":true,"href":"https:\/\/www.uni.lu\/de\/wp-json\/wp\/v2\/users\/56"},{"embeddable":true,"href":"https:\/\/www.uni.lu\/de\/wp-json\/wp\/v2\/users\/58"},{"embeddable":true,"href":"https:\/\/www.uni.lu\/de\/wp-json\/wp\/v2\/users\/324"}],"wp:attachment":[{"href":"https:\/\/www.uni.lu\/de\/wp-json\/wp\/v2\/media?parent=6214"}],"wp:term":[{"taxonomy":"field-of-interest","embeddable":true,"href":"https:\/\/www.uni.lu\/de\/wp-json\/wp\/v2\/field-of-interest?post=6214"},{"taxonomy":"organisation","embeddable":true,"href":"https:\/\/www.uni.lu\/de\/wp-json\/wp\/v2\/organisation?post=6214"}],"curies":[{"name":"wp","href":"https:\/\/api.w.org\/{rel}","templated":true}]}}