{"id":3936,"date":"2024-04-03T13:46:40","date_gmt":"2024-04-03T11:46:40","guid":{"rendered":"https:\/\/www.uni.lu\/de\/?page_id=3936"},"modified":"2026-03-30T09:48:10","modified_gmt":"2026-03-30T07:48:10","slug":"fuer-forschende","status":"publish","type":"page","link":"https:\/\/www.uni.lu\/de\/fuer-forschende\/","title":{"rendered":"F\u00fcr Forschende"},"content":{"rendered":"\n<section class=\"section no-padding-y wp-block-unilux-blocks-hero\">\n    <div class=\"hero hero--2  \">\n        \n<header class=\"wp-block-unilux-blocks-wrapper hero__header\">\n<div class=\"wp-block-unilux-blocks-wrapper hero__container\">\n<span class=\"hero__title__subject wp-block-unilux-blocks-plain-text\"><\/span>\n\n\n<h1 class=\"has-text-align-left wp-block-unilux-blocks-heading\"        id=\"informationen-fuer-forschende\"\n    >\nInformationen f\u00fcr Forschende<\/h1>\n<\/div>\n<\/header>\n<figure class=\"wp-block-dev4-reusable-blocks-image hero__visual object-fit--cover\">\n    \n<img decoding=\"async\" class=\"wp-block-image unilux-custom-image-block\"\n                alt=\"\"\n            src=\"https:\/\/www.uni.lu\/wp-content\/uploads\/sites\/9\/2023\/07\/BELVAL-CAMPUS-7-Oct.-2022Schmitt-GlobalView_XXL-79.jpg\"\n                    style=\"object-position: 0.00% 40.00%; font-family: &quot;object-fit: cover; object-position: 0.00% 40.00%;&quot;; aspect-ratio: 16\/9; object-fit: cover; width: 100%;\"\n        loading=\"lazy\"\n\/>    <\/figure>\n<div class=\"wp-block-unilux-blocks-wrapper hero__body\">\n<div class=\"wp-block-unilux-blocks-wrapper hero__container\">\n<p class=\"wp-block-unilux-blocks-plain-text\"><\/p>\n\n\n<ul class=\"wp-block-unilux-blocks-custom-buttons btn-list\"><li class=\"wp-block-unilux-blocks-custom-button\"    aria-disabled=\"false\"\n    >\n    <a\n        role=\"link\"\n        aria-disabled=\"false\"\n                    href=\"https:\/\/www.uni.lu\/en\/about\/work\/explore-our-jobs\/\"\n                target=\"_self\"\n        class=\"btn btn--primary\"\n            >Stellenangebote<\/a>\n<\/li>\n\n\n<\/ul>\n<\/div>\n<\/div>\n    <\/div>\n<\/section>\n\n<section class=\"section section !max-w-screen-2xl wp-block-unilux-blocks-content-card-and-quick-links-section\">\n    \n<div class=\"wp-block-unilux-blocks-wrapper container 2xl:max-w-screen-2xl\">\n<h2 class=\"has-text-align-left wp-block-unilux-blocks-heading\"        id=\"forschung-an-der-universitaet-luxemburg\"\n    >\nForschung an der Universit\u00e4t Luxemburg<\/h2>\n\n\n\n<div class=\"wp-block-unilux-blocks-wrapper flex flex-wrap -mx-16\">\n<div class=\"wp-block-unilux-blocks-wrapper w-full lg:w-7\/12 px-16\"><div class=\"content-card content-card--right content-card__overlay--hidden wp-block-unilux-blocks-content-card\">\n    <div class=\"content-card__visual wp-block-unilux-blocks-content-card-visual-area\">\n    \n<section class=\"wp-block-unilux-blocks-image-video-wrapper\">\n    <figure class=\"wp-block-dev4-reusable-blocks-image  object-fit--cover\">\n    \n<img decoding=\"async\" class=\"wp-block-image unilux-custom-image-block\"\n                alt=\"Researchers in lab\"\n            src=\"https:\/\/www.uni.lu\/wp-content\/uploads\/sites\/9\/2023\/06\/20220215-CommUni-42.jpg\"\n                    style=\"object-position: 50.00% 50.00%; font-family: &quot;object-fit: cover; object-position: 50.00% 50.00%;&quot;; aspect-ratio: 3\/2; object-fit: cover; width: 100%;\"\n        loading=\"lazy\"\n\/>    <\/figure><\/section>\n<div class=\"wp-block-unilux-blocks-wrapper content-card__overlay\">\n<a class=\"wp-block-unilux-blocks-button-highlight-rounded bottom-left\" \n    href=\"#\"\n    target=\"_self\"\n>\n    \n<span class=\"btn-highlight-rounded__name wp-block-unilux-blocks-plain-text\"><\/span>    <span class=\"icon-rounded\">\n        <svg aria-hidden=\"true\" focusable=\"false\" class=\"icon icon-outline icon--arrow-right icon--lg\"><use xlink:href=\"https:\/\/www.uni.lu\/wp-content\/themes\/unilux-theme\/assets\/images\/icons\/icons-outline.svg#icon--arrow-right\"><\/use><\/svg>    <\/span>\n<\/a><\/div>\n<\/div><div class=\"content-card__body  wp-block-unilux-blocks-content-card-free-area\">\n    \n<p>Die Universit\u00e4t Luxemburg ist sowohl in der Grundlagenforschung als auch in der angewandten Forschung auf Bestleistung ausgerichtet. Sie f\u00f6rdert Innovation und gesellschaftlichen Fortschritt. Unsere Forschung verbindet umfangreiche Fachkenntnisse mit interdisziplin\u00e4ren Ans\u00e4tzen und wird direkt in die Lehre einbezogen. Wichtige Schl\u00fcsselbereiche sind digitaler Wandel, Medizin und Gesundheit sowie nachhaltige und gesellschaftliche Entwicklung.<\/p>\n\n<ul class=\"wp-block-unilux-blocks-custom-buttons btn-list\"><\/ul>\n<\/div><\/div><\/div>\n\n\n\n<div class=\"wp-block-unilux-blocks-wrapper w-full lg:w-5\/12 px-16 mt-48 lg:mt-96\">\n<h3 class=\"has-text-align-left wp-block-unilux-blocks-heading\"    >\n<\/h3>\n\n\n\n<ul class=\"wp-block-unilux-blocks-quick-link-highlight quick-link-list\">\n<li class=\"wp-block-unilux-blocks-quick-link-highlight-item\">\n    <a\n                    href=\"https:\/\/www.uni.lu\/research-de\/\"\n                    class=\"quick-link\"\n            target=\"\"\n    >\n            <span class=\"quick-link__container\">\n                <span class=\"quick-link__body\">\n                    <span class=\"quick-link__number\">\n                                            <\/span>\n                    <span class=\"quick-link__title\">\n                        Unsere Forschung im \u00dcberblick                    <\/span>\n                    <span class=\"quick-link__action\">\n                        Gestaltung einer digitalen, gesunden und nachhaltigen Zukunft                    <\/span>\n                <\/span>\n                <svg aria-hidden=\"true\" focusable=\"false\" class=\"icon icon-outline icon--arrow-right \"><use xlink:href=\"https:\/\/www.uni.lu\/wp-content\/themes\/unilux-theme\/assets\/images\/icons\/icons-outline.svg#icon--arrow-right\"><\/use><\/svg>            <\/span>\n    <\/a>\n<\/li>\n\n\n\n<li class=\"wp-block-unilux-blocks-quick-link-highlight-item\">\n    <a\n                    href=\"https:\/\/www.uni.lu\/de\/ueber-uns\/arbeit\/\"\n                    class=\"quick-link\"\n            target=\"\"\n    >\n            <span class=\"quick-link__container\">\n                <span class=\"quick-link__body\">\n                    <span class=\"quick-link__number\">\n                                            <\/span>\n                    <span class=\"quick-link__title\">\n                        Arbeiten an der Universit\u00e4t                    <\/span>\n                    <span class=\"quick-link__action\">\n                        Einem Top-Arbeitgeber mit vielf\u00e4ltigen M\u00f6glichkeiten, attraktiven Bedingungen und einem florierenden Forschungs\u00f6kosystem.                    <\/span>\n                <\/span>\n                <svg aria-hidden=\"true\" focusable=\"false\" class=\"icon icon-outline icon--arrow-right \"><use xlink:href=\"https:\/\/www.uni.lu\/wp-content\/themes\/unilux-theme\/assets\/images\/icons\/icons-outline.svg#icon--arrow-right\"><\/use><\/svg>            <\/span>\n    <\/a>\n<\/li>\n\n\n\n<li class=\"wp-block-unilux-blocks-quick-link-highlight-item\">\n    <a\n                    href=\"https:\/\/www.uni.lu\/research-de\/doktorandenausbildung\/\"\n                    class=\"quick-link\"\n            target=\"\"\n    >\n            <span class=\"quick-link__container\">\n                <span class=\"quick-link__body\">\n                    <span class=\"quick-link__number\">\n                                            <\/span>\n                    <span class=\"quick-link__title\">\n                        Doktorandenausbildung                    <\/span>\n                    <span class=\"quick-link__action\">\n                        Der h\u00f6chste Abschluss im akademischen Bereich                    <\/span>\n                <\/span>\n                <svg aria-hidden=\"true\" focusable=\"false\" class=\"icon icon-outline icon--arrow-right \"><use xlink:href=\"https:\/\/www.uni.lu\/wp-content\/themes\/unilux-theme\/assets\/images\/icons\/icons-outline.svg#icon--arrow-right\"><\/use><\/svg>            <\/span>\n    <\/a>\n<\/li>\n\n\n\n<li class=\"wp-block-unilux-blocks-quick-link-highlight-item\">\n    <a\n                    href=\"https:\/\/www.uni.lu\/de\/ueber-uns\/organisation\/fakultaeten-fachbereiche\/\"\n                    class=\"quick-link\"\n            target=\"\"\n    >\n            <span class=\"quick-link__container\">\n                <span class=\"quick-link__body\">\n                    <span class=\"quick-link__number\">\n                                            <\/span>\n                    <span class=\"quick-link__title\">\n                        Fakult\u00e4ten &amp; Fachbereiche                    <\/span>\n                    <span class=\"quick-link__action\">\n                                            <\/span>\n                <\/span>\n                <svg aria-hidden=\"true\" focusable=\"false\" class=\"icon icon-outline icon--arrow-right \"><use xlink:href=\"https:\/\/www.uni.lu\/wp-content\/themes\/unilux-theme\/assets\/images\/icons\/icons-outline.svg#icon--arrow-right\"><\/use><\/svg>            <\/span>\n    <\/a>\n<\/li>\n\n\n\n<li class=\"wp-block-unilux-blocks-quick-link-highlight-item\">\n    <a\n                    href=\"https:\/\/www.uni.lu\/de\/ueber-uns\/organisation\/interdisziplinaere-zentren\/\"\n                    class=\"quick-link\"\n            target=\"\"\n    >\n            <span class=\"quick-link__container\">\n                <span class=\"quick-link__body\">\n                    <span class=\"quick-link__number\">\n                                            <\/span>\n                    <span class=\"quick-link__title\">\n                        Interdisziplin\u00e4re Zentren                    <\/span>\n                    <span class=\"quick-link__action\">\n                        um die Zusammenarbeit zwischen unterschiedlichen akademischen Disziplinen anzuregen und die Vorteile der gemeinsamen Forschung zu nutzen.                    <\/span>\n                <\/span>\n                <svg aria-hidden=\"true\" focusable=\"false\" class=\"icon icon-outline icon--arrow-right \"><use xlink:href=\"https:\/\/www.uni.lu\/wp-content\/themes\/unilux-theme\/assets\/images\/icons\/icons-outline.svg#icon--arrow-right\"><\/use><\/svg>            <\/span>\n    <\/a>\n<\/li>\n\n\n\n<li class=\"wp-block-unilux-blocks-quick-link-highlight-item\">\n    <a\n                    href=\"https:\/\/www.uni.lu\/de\/ueber-uns\/organisation\/verwaltung\/abteilung-fuer-forschungsfoerderung\/\"\n                    class=\"quick-link\"\n            target=\"\"\n    >\n            <span class=\"quick-link__container\">\n                <span class=\"quick-link__body\">\n                    <span class=\"quick-link__number\">\n                                            <\/span>\n                    <span class=\"quick-link__title\">\n                        Abteilung f\u00fcr Forschungsf\u00f6rderung                    <\/span>\n                    <span class=\"quick-link__action\">\n                                            <\/span>\n                <\/span>\n                <svg aria-hidden=\"true\" focusable=\"false\" class=\"icon icon-outline icon--arrow-right \"><use xlink:href=\"https:\/\/www.uni.lu\/wp-content\/themes\/unilux-theme\/assets\/images\/icons\/icons-outline.svg#icon--arrow-right\"><\/use><\/svg>            <\/span>\n    <\/a>\n<\/li>\n<\/ul>\n<\/div>\n<\/div>\n<\/div>\n<\/section>\n\n\n<section class=\"py-0 wp-block-unilux-blocks-free-section section\"><div class=\"container xl:max-w-screen-xl\">\n<h2 class=\"has-text-align-left wp-block-unilux-blocks-heading\"        id=\"stipendien-fuer-die-doktorandenausbildung\"\n    >\nStipendien f\u00fcr die Doktorandenausbildung<\/h2>\n\n\n<ul class=\"flex flex-wrap mt-24 -mx-16  wp-block-unilux-blocks-free-content-card\">\n    <li class=\"w-full sm:w-1\/2 lg:w-1\/3 px-16  wp-block-unilux-blocks-free-content-card-item\">\n    <div class=\"ulux-card card-people bg-theme\">\n        <div class=\"ulux-card__container card__container\">\n                        <div class=\"ulux-card__visual wp-block-unilux-blocks-free-content-card-item-visual\">\n    \n<div class=\"wp-block-unilux-blocks-image-video-wrapper\">\n    <figure class=\"wp-block-dev4-reusable-blocks-image  object-fit--cover\">\n    \n<img decoding=\"async\" class=\"wp-block-image unilux-custom-image-block\"\n                alt=\"3 students chatting\"\n            src=\"https:\/\/www.uni.lu\/wp-content\/uploads\/sites\/9\/2024\/11\/Students-chatting.jpg\"\n                    style=\"object-position: 30.00% 49.00%; font-family: &quot;object-fit: cover; object-position: 30.00% 49.00%;&quot;; aspect-ratio: 4\/3; object-fit: cover; width: 100%;\"\n        loading=\"lazy\"\n\/>    <\/figure><\/div><\/div><div class=\"ulux-card__body wp-block-unilux-blocks-free-content-card-item-body\">\n    \n<div class=\"card__activity wp-block-unilux-blocks-plain-text\">Guillaume Dupaix International PhD Scholarship (Incoming exchange)<\/div>\n<h3 class=\"card__name has-text-align-left wp-block-unilux-blocks-heading\"        id=\"international-phds-at-uni-lu\"\n    >\nInternational PhDs at Uni.lu<\/h3>\n\n<div class=\"card__organization wp-block-unilux-blocks-plain-text\">Excellent academic performance<\/div>\n<div class=\"card__function wp-block-unilux-blocks-plain-text\">Applicants planning to join the University of Luxembourg as PhD students for a period of minimum one month.<\/div>\n<div class=\"card__interest wp-block-unilux-blocks-plain-text\"><\/div><div class=\"ulux-card__link-wrapper card__link wp-block-unilux-blocks-simple-cta\">\n    <a\n        href=\"https:\/\/www.uni.lu\/en\/mobility\/incoming-exchange-students\/guillaume-dupaix-international-phd-scholarship\/\"\n        title=\"Learn more\"\n        class=\"link-text link-text--icon ulux-card__link link-text link-absolute\"\n        target=\"\"\n    >\n        <span class=\"link-text__body\">\n            <span class=\"link-text__name\">Learn more<\/span>\n        <\/span>\n        <svg aria-hidden=\"true\" focusable=\"false\" class=\"icon icon-outline icon--arrow-right \"><use xlink:href=\"https:\/\/www.uni.lu\/wp-content\/themes\/unilux-theme\/assets\/images\/icons\/icons-outline.svg#icon--arrow-right\"><\/use><\/svg>    <\/a>\n<\/div>\n<\/div>        <\/div>\n    <\/div>\n<\/li><li class=\"w-full sm:w-1\/2 lg:w-1\/3 px-16  wp-block-unilux-blocks-free-content-card-item\">\n    <div class=\"ulux-card card-people bg-theme\">\n        <div class=\"ulux-card__container card__container\">\n                        <div class=\"ulux-card__visual wp-block-unilux-blocks-free-content-card-item-visual\">\n    \n<div class=\"wp-block-unilux-blocks-image-video-wrapper\">\n    <figure class=\"wp-block-dev4-reusable-blocks-image  object-fit--cover\">\n    \n<img decoding=\"async\" class=\"wp-block-image unilux-custom-image-block\"\n                alt=\"FDL\"\n            src=\"https:\/\/www.uni.lu\/wp-content\/uploads\/sites\/29\/2025\/09\/19081153\/8-1.png\"\n                    style=\"object-position: 50.00% 50.00%; font-family: &quot;object-fit: cover; object-position: 50.00% 50.00%;&quot;; aspect-ratio: 4\/3; object-fit: cover; width: 100%;\"\n        loading=\"lazy\"\n\/>    <\/figure><\/div><\/div><div class=\"ulux-card__body wp-block-unilux-blocks-free-content-card-item-body\">\n    \n<div class=\"card__activity wp-block-unilux-blocks-plain-text\">Jacqueline NOEL Scholarship<\/div>\n<h3 class=\"card__name has-text-align-left wp-block-unilux-blocks-heading\"        id=\"doctoral-level\"\n    >\nDoctoral level<\/h3>\n\n<div class=\"card__organization wp-block-unilux-blocks-plain-text\">Uni.lu Doctoral graduates<\/div>\n<div class=\"card__function wp-block-unilux-blocks-plain-text\">For recent PhD\/doctoral graduates<\/div>\n<div class=\"card__interest wp-block-unilux-blocks-plain-text\">Scholarships in law, economics and finance<\/div><div class=\"ulux-card__link-wrapper card__link wp-block-unilux-blocks-simple-cta\">\n    <a\n        href=\"https:\/\/www.uni.lu\/life-en\/financial-support\/scholarships\/jacqueline-noel-scholarship\/\"\n        title=\"Learn more\"\n        class=\"link-text link-text--icon ulux-card__link link-text link-absolute\"\n        target=\"\"\n    >\n        <span class=\"link-text__body\">\n            <span class=\"link-text__name\">Learn more<\/span>\n        <\/span>\n        <svg aria-hidden=\"true\" focusable=\"false\" class=\"icon icon-outline icon--arrow-right \"><use xlink:href=\"https:\/\/www.uni.lu\/wp-content\/themes\/unilux-theme\/assets\/images\/icons\/icons-outline.svg#icon--arrow-right\"><\/use><\/svg>    <\/a>\n<\/div>\n<\/div>        <\/div>\n    <\/div>\n<\/li><li class=\"w-full sm:w-1\/2 lg:w-1\/3 px-16  wp-block-unilux-blocks-free-content-card-item\">\n    <div class=\"ulux-card card-people bg-theme\">\n        <div class=\"ulux-card__container card__container\">\n                        <div class=\"ulux-card__visual wp-block-unilux-blocks-free-content-card-item-visual\">\n    \n<div class=\"wp-block-unilux-blocks-image-video-wrapper\">\n    <figure class=\"wp-block-dev4-reusable-blocks-image  object-fit--cover\">\n    \n<img decoding=\"async\" class=\"wp-block-image unilux-custom-image-block\"\n                alt=\"FDL\"\n            src=\"https:\/\/www.uni.lu\/wp-content\/uploads\/sites\/29\/2025\/09\/19081153\/8-1.png\"\n                    style=\"object-position: 50.00% 50.00%; font-family: &quot;object-fit: cover; object-position: 50.00% 50.00%;&quot;; aspect-ratio: 4\/3; object-fit: cover; width: 100%;\"\n        loading=\"lazy\"\n\/>    <\/figure><\/div><\/div><div class=\"ulux-card__body wp-block-unilux-blocks-free-content-card-item-body\">\n    \n<div class=\"card__activity wp-block-unilux-blocks-plain-text\">Pierre Werner Scholarship<\/div>\n<h3 class=\"card__name has-text-align-left wp-block-unilux-blocks-heading\"        id=\"doctoral-level\"\n    >\nDoctoral level<\/h3>\n\n<div class=\"card__organization wp-block-unilux-blocks-plain-text\">Registered Uni.lu doctoral candidates<\/div>\n<div class=\"card__function wp-block-unilux-blocks-plain-text\">For PhD\/doctoral candidates<\/div>\n<div class=\"card__interest wp-block-unilux-blocks-plain-text\">Scholarships in law, economics and finance<\/div><div class=\"ulux-card__link-wrapper card__link wp-block-unilux-blocks-simple-cta\">\n    <a\n        href=\"https:\/\/www.uni.lu\/life-en\/financial-support\/scholarships\/pierre-werner-scholarship\/\"\n        title=\"Learn more\"\n        class=\"link-text link-text--icon ulux-card__link link-text link-absolute\"\n        target=\"\"\n    >\n        <span class=\"link-text__body\">\n            <span class=\"link-text__name\">Learn more<\/span>\n        <\/span>\n        <svg aria-hidden=\"true\" focusable=\"false\" class=\"icon icon-outline icon--arrow-right \"><use xlink:href=\"https:\/\/www.uni.lu\/wp-content\/themes\/unilux-theme\/assets\/images\/icons\/icons-outline.svg#icon--arrow-right\"><\/use><\/svg>    <\/a>\n<\/div>\n<\/div>        <\/div>\n    <\/div>\n<\/li><\/ul>\n\n\n<ul class=\"wp-block-unilux-blocks-custom-buttons btn-list justify-center\"><li class=\"wp-block-unilux-blocks-custom-button\"    aria-disabled=\"false\"\n    >\n    <a\n        role=\"link\"\n        aria-disabled=\"false\"\n                    href=\"https:\/\/www.uni.lu\/life-de\/finanzielle-unterstuetzung\/stipendien\/\"\n                target=\"_self\"\n        class=\"btn btn--primary\"\n            >Alle Stipendien<\/a>\n<\/li>\n<\/ul>\n<\/div><\/section>\n\n\n\n<section class=\"wp-block-unilux-blocks-free-section section\"><div class=\"container xl:max-w-screen-xl\">\n<h2 class=\"has-text-align-left wp-block-unilux-blocks-heading\"        id=\"zusammenarbeit-und-engagement\"\n    >\nZusammenarbeit und Engagement<\/h2>\n\n\n\n<ul class=\"wp-block-unilux-blocks-quick-link-underline\">\n    \n<li class=\"wp-block-unilux-blocks-quick-link-underline-item\">\n    <a\n            href=\"https:\/\/www.uni.lu\/research-de\/eu-finanzierung-und-hochdotierte-foerderungen\/\"\n            class=\"wp-block-unilux-blocks-anchor\"        target=\"\"\n>\n    \n<span class=\"hero__title__subject wp-block-unilux-blocks-plain-text\">EU-Finanzierung und hochkar\u00e4tige F\u00f6rderungen<\/span><svg aria-hidden=\"true\" focusable=\"false\" class=\"icon icon-outline icon--arrow-right \"><use xlink:href=\"https:\/\/www.uni.lu\/wp-content\/themes\/unilux-theme\/assets\/images\/icons\/icons-outline.svg#icon--arrow-right\"><\/use><\/svg><\/a>\n<\/li>\n\n<li class=\"wp-block-unilux-blocks-quick-link-underline-item\">\n    <a\n            href=\"https:\/\/www.uni.lu\/research-de\/zusammenarbeit-und-engagement\/stiftungsprofessuren\/\"\n            class=\"wp-block-unilux-blocks-anchor\"        target=\"\"\n>\n    \n<span class=\"hero__title__subject wp-block-unilux-blocks-plain-text\">Stiftungsprofessuren \u2013 Lehrst\u00fchle, die durch einen privaten oder \u00f6ffentlichen externen Partner finanziert werden<\/span><svg aria-hidden=\"true\" focusable=\"false\" class=\"icon icon-outline icon--arrow-right \"><use xlink:href=\"https:\/\/www.uni.lu\/wp-content\/themes\/unilux-theme\/assets\/images\/icons\/icons-outline.svg#icon--arrow-right\"><\/use><\/svg><\/a>\n<\/li>\n\n<li class=\"wp-block-unilux-blocks-quick-link-underline-item\">\n    <a\n            href=\"https:\/\/www.uni.lu\/research-de\/zusammenarbeit-und-engagement\/oeffentliche-und-private-partner\/\"\n            class=\"wp-block-unilux-blocks-anchor\"        target=\"\"\n>\n    \n<span class=\"hero__title__subject wp-block-unilux-blocks-plain-text\">\u00d6ffentliche und private Partner<\/span><svg aria-hidden=\"true\" focusable=\"false\" class=\"icon icon-outline icon--arrow-right \"><use xlink:href=\"https:\/\/www.uni.lu\/wp-content\/themes\/unilux-theme\/assets\/images\/icons\/icons-outline.svg#icon--arrow-right\"><\/use><\/svg><\/a>\n<\/li>\n\n<li class=\"wp-block-unilux-blocks-quick-link-underline-item\">\n    <a\n            href=\"https:\/\/www.uni.lu\/de\/ueber-uns\/organisation\/verwaltung\/buero-fuer-partnerschaften-wissens-und-technologietransfer-der-universitaet-luxemburg\/\"\n            class=\"wp-block-unilux-blocks-anchor\"        target=\"\"\n>\n    \n<span class=\"hero__title__subject wp-block-unilux-blocks-plain-text\">B\u00fcro f\u00fcr Partnerschaften, Wissens- und Technologietransfer<\/span><svg aria-hidden=\"true\" focusable=\"false\" class=\"icon icon-outline icon--arrow-right \"><use xlink:href=\"https:\/\/www.uni.lu\/wp-content\/themes\/unilux-theme\/assets\/images\/icons\/icons-outline.svg#icon--arrow-right\"><\/use><\/svg><\/a>\n<\/li>\n\n<li class=\"wp-block-unilux-blocks-quick-link-underline-item\">\n    <a\n            href=\"https:\/\/www.uni.lu\/en\/university-of-luxembourg-institute-of-digital-ethics-ulide\/\"\n            class=\"wp-block-unilux-blocks-anchor\"        target=\"\"\n>\n    \n<span class=\"hero__title__subject wp-block-unilux-blocks-plain-text\">University of Luxembourg Institute of Digital Ethics (ULIDE) (EN)<\/span><svg aria-hidden=\"true\" focusable=\"false\" class=\"icon icon-outline icon--arrow-right \"><use xlink:href=\"https:\/\/www.uni.lu\/wp-content\/themes\/unilux-theme\/assets\/images\/icons\/icons-outline.svg#icon--arrow-right\"><\/use><\/svg><\/a>\n<\/li>\n<\/ul><\/div><\/section>\n\n\n\n<section class=\"py-0 wp-block-unilux-blocks-free-section section\"><div class=\"container xl:max-w-screen-xl\">\n<h2 class=\"has-text-align-left wp-block-unilux-blocks-heading\"        id=\"dienstleistungen-fuer-die-forschung-durch-das-luxembourg-learning-centre\"\n    >\nDienstleistungen f\u00fcr die Forschung durch das Luxembourg Learning Centre<\/h2>\n\n\n\n<div class=\"wp-block-columns is-layout-flex wp-block-columns-is-layout-flex\">\n<div class=\"wp-block-column is-layout-flow wp-block-column-is-layout-flow\"><figure class=\"wp-block-dev4-reusable-blocks-image  object-fit--cover\">\n    \n<img decoding=\"async\" class=\"wp-block-image unilux-custom-image-block\"\n                alt=\"\"\n            src=\"https:\/\/www.uni.lu\/wp-content\/uploads\/sites\/10\/2026\/03\/03105244\/UNI_Logo_Luxembourg-Learning-Centre_web.png\"\n                srcset=\"https:\/\/www.uni.lu\/wp-content\/uploads\/sites\/10\/2026\/03\/03105244\/UNI_Logo_Luxembourg-Learning-Centre_web-300x257.png 300w, https:\/\/www.uni.lu\/wp-content\/uploads\/sites\/10\/2026\/03\/03105244\/UNI_Logo_Luxembourg-Learning-Centre_web-768x658.png 768w, https:\/\/www.uni.lu\/wp-content\/uploads\/sites\/10\/2026\/03\/03105244\/UNI_Logo_Luxembourg-Learning-Centre_web.png 800w\"\n                style=\"object-position: 50.00% 50.00%; font-family: &quot;object-fit: cover; object-position: 50.00% 50.00%;&quot;; aspect-ratio: 16\/9; object-fit: cover; width: 100%;\"\n        loading=\"lazy\"\n\/>    <\/figure><\/div>\n\n\n\n<div class=\"wp-block-column is-layout-flow wp-block-column-is-layout-flow\">\n<ul class=\"wp-block-unilux-blocks-quick-link-underline\">\n    \n<li class=\"wp-block-unilux-blocks-quick-link-underline-item\">\n    <a\n            href=\"https:\/\/www.uni.lu\/llc-en\/services\/open-science\/\"\n            class=\"wp-block-unilux-blocks-anchor\"        target=\"\"\n>\n    \n<span class=\"hero__title__subject wp-block-unilux-blocks-plain-text\">Learn about Open Science (EN)<\/span><svg aria-hidden=\"true\" focusable=\"false\" class=\"icon icon-outline icon--arrow-right \"><use xlink:href=\"https:\/\/www.uni.lu\/wp-content\/themes\/unilux-theme\/assets\/images\/icons\/icons-outline.svg#icon--arrow-right\"><\/use><\/svg><\/a>\n<\/li>\n\n<li class=\"wp-block-unilux-blocks-quick-link-underline-item\">\n    <a\n            href=\"https:\/\/www.uni.lu\/llc-en\/publishing-open-access\/\"\n            class=\"wp-block-unilux-blocks-anchor\"        target=\"\"\n>\n    \n<span class=\"hero__title__subject wp-block-unilux-blocks-plain-text\">Publishing &amp; Open Access (EN)<\/span><svg aria-hidden=\"true\" focusable=\"false\" class=\"icon icon-outline icon--arrow-right \"><use xlink:href=\"https:\/\/www.uni.lu\/wp-content\/themes\/unilux-theme\/assets\/images\/icons\/icons-outline.svg#icon--arrow-right\"><\/use><\/svg><\/a>\n<\/li>\n\n<li class=\"wp-block-unilux-blocks-quick-link-underline-item\">\n    <a\n            href=\"https:\/\/www.uni.lu\/llc-en\/services\/research-data-management\/\"\n            class=\"wp-block-unilux-blocks-anchor\"        target=\"\"\n>\n    \n<span class=\"hero__title__subject wp-block-unilux-blocks-plain-text\">Research Data Management (EN)<\/span><svg aria-hidden=\"true\" focusable=\"false\" class=\"icon icon-outline icon--arrow-right \"><use xlink:href=\"https:\/\/www.uni.lu\/wp-content\/themes\/unilux-theme\/assets\/images\/icons\/icons-outline.svg#icon--arrow-right\"><\/use><\/svg><\/a>\n<\/li>\n\n<li class=\"wp-block-unilux-blocks-quick-link-underline-item\">\n    <a\n            href=\"https:\/\/www.uni.lu\/llc-en\/services\/the-persistent-identifier-service\/\"\n            class=\"wp-block-unilux-blocks-anchor\"        target=\"\"\n>\n    \n<span class=\"hero__title__subject wp-block-unilux-blocks-plain-text\">The Persistent Identifier service (EN)<\/span><svg aria-hidden=\"true\" focusable=\"false\" class=\"icon icon-outline icon--arrow-right \"><use xlink:href=\"https:\/\/www.uni.lu\/wp-content\/themes\/unilux-theme\/assets\/images\/icons\/icons-outline.svg#icon--arrow-right\"><\/use><\/svg><\/a>\n<\/li>\n\n<li class=\"wp-block-unilux-blocks-quick-link-underline-item\">\n    <a\n            href=\"https:\/\/orbilu.uni.lu\/\"\n            class=\"wp-block-unilux-blocks-anchor\"        target=\"_blank\"\n>\n    \n<span class=\"hero__title__subject wp-block-unilux-blocks-plain-text\">ORBilu (Open Archive and Bibliography Luxembourg)<\/span><svg aria-hidden=\"true\" focusable=\"false\" class=\"icon icon-outline icon--external-link \"><use xlink:href=\"https:\/\/www.uni.lu\/wp-content\/themes\/unilux-theme\/assets\/images\/icons\/icons-outline.svg#icon--external-link\"><\/use><\/svg><\/a>\n<\/li>\n<\/ul><\/div>\n<\/div>\n<\/div><\/section>\n","protected":false},"excerpt":{"rendered":"","protected":false},"author":44,"featured_media":0,"parent":0,"menu_order":0,"comment_status":"closed","ping_status":"closed","template":"","meta":{"featured_image_focal_point":[],"show_featured_caption":false,"ulux_newsletter_groups":"","uluxPostTitle":"","uluxPrePostTitle":"","_trash_the_other_posts":false,"_price":"","_stock":"","_tribe_ticket_header":"","_tribe_default_ticket_provider":"","_tribe_ticket_capacity":"0","_ticket_start_date":"","_ticket_end_date":"","_tribe_ticket_show_description":"","_tribe_ticket_show_not_going":false,"_tribe_ticket_use_global_stock":"","_tribe_ticket_global_stock_level":"","_global_stock_mode":"","_global_stock_cap":"","_tribe_rsvp_for_event":"","_tribe_ticket_going_count":"","_tribe_ticket_not_going_count":"","_tribe_tickets_list":"[]","_tribe_ticket_has_attendee_info_fields":false,"footnotes":""},"field-of-interest":[],"organisation":[],"authorship":[44],"acf":[],"yoast_head":"<!-- This site is optimized with the Yoast SEO Premium plugin v22.3 (Yoast SEO v22.3) - https:\/\/yoast.com\/wordpress\/plugins\/seo\/ -->\n<title>F\u00fcr Forschende - Universit\u00e4t Luxemburg<\/title>\n<meta name=\"description\" content=\"Informationen f\u00fcr Forschende un Doktoranden: Sammlung von n\u00fctzlichen Links, Seiten und Artikeln f\u00fcr Forscher und Doktoranden.\" \/>\n<meta name=\"robots\" content=\"index, follow, max-snippet:-1, max-image-preview:large, max-video-preview:-1\" \/>\n<link rel=\"canonical\" href=\"https:\/\/www.uni.lu\/de\/fuer-forschende\/\" \/>\n<meta property=\"og:locale\" content=\"de_DE\" \/>\n<meta property=\"og:type\" content=\"article\" \/>\n<meta property=\"og:title\" content=\"F\u00fcr Forschende\" \/>\n<meta property=\"og:description\" content=\"Informationen f\u00fcr Forschende un Doktoranden: Sammlung von n\u00fctzlichen Links, Seiten und Artikeln f\u00fcr Forscher und Doktoranden.\" \/>\n<meta property=\"og:url\" content=\"https:\/\/www.uni.lu\/de\/fuer-forschende\/\" \/>\n<meta property=\"og:site_name\" content=\"UNI DE\" \/>\n<meta property=\"article:publisher\" content=\"https:\/\/www.facebook.com\/uni.lu\" \/>\n<meta property=\"article:modified_time\" content=\"2026-03-30T07:48:10+00:00\" \/>\n<meta property=\"og:image\" content=\"https:\/\/www.uni.lu\/wp-content\/uploads\/sites\/10\/2026\/03\/03120000\/UNIV_SM-Profile_1600x1600px-scaled.jpg\" \/>\n\t<meta property=\"og:image:width\" content=\"2560\" \/>\n\t<meta property=\"og:image:height\" content=\"2560\" \/>\n\t<meta property=\"og:image:type\" content=\"image\/jpeg\" \/>\n<meta name=\"twitter:card\" content=\"summary_large_image\" \/>\n<meta name=\"twitter:label1\" content=\"Gesch\u00e4tzte Lesezeit\" \/>\n\t<meta name=\"twitter:data1\" content=\"1 Minute\" \/>\n<script type=\"application\/ld+json\" class=\"yoast-schema-graph\">{\"@context\":\"https:\/\/schema.org\",\"@graph\":[{\"@type\":\"WebPage\",\"@id\":\"https:\/\/www.uni.lu\/de\/fuer-forschende\/\",\"url\":\"https:\/\/www.uni.lu\/de\/fuer-forschende\/\",\"name\":\"F\u00fcr Forschende - Universit\u00e4t Luxemburg\",\"isPartOf\":{\"@id\":\"https:\/\/www.uni.lu\/de\/#website\"},\"datePublished\":\"2024-04-03T11:46:40+00:00\",\"dateModified\":\"2026-03-30T07:48:10+00:00\",\"description\":\"Informationen f\u00fcr Forschende un Doktoranden: Sammlung von n\u00fctzlichen Links, Seiten und Artikeln f\u00fcr Forscher und Doktoranden.\",\"breadcrumb\":{\"@id\":\"https:\/\/www.uni.lu\/de\/fuer-forschende\/#breadcrumb\"},\"inLanguage\":\"de-DE\",\"potentialAction\":[{\"@type\":\"ReadAction\",\"target\":[\"https:\/\/www.uni.lu\/de\/fuer-forschende\/\"]}]},{\"@type\":\"BreadcrumbList\",\"@id\":\"https:\/\/www.uni.lu\/de\/fuer-forschende\/#breadcrumb\",\"itemListElement\":[{\"@type\":\"ListItem\",\"position\":1,\"name\":\"Home\",\"item\":\"https:\/\/www.uni.lu\/de\/\"},{\"@type\":\"ListItem\",\"position\":2,\"name\":\"F\u00fcr Forschende\"}]},{\"@type\":\"WebSite\",\"@id\":\"https:\/\/www.uni.lu\/de\/#website\",\"url\":\"https:\/\/www.uni.lu\/de\/\",\"name\":\"Uni.lu\",\"description\":\"Universit\u00e4t Luxemburg\",\"publisher\":{\"@id\":\"https:\/\/www.uni.lu\/de\/#organization\"},\"alternateName\":\"Universit\u00e4t Luxemburg\",\"potentialAction\":[{\"@type\":\"SearchAction\",\"target\":{\"@type\":\"EntryPoint\",\"urlTemplate\":\"https:\/\/www.uni.lu\/de\/?s={search_term_string}\"},\"query-input\":\"required name=search_term_string\"}],\"inLanguage\":\"de-DE\"},{\"@type\":\"Organization\",\"@id\":\"https:\/\/www.uni.lu\/de\/#organization\",\"name\":\"Universit\u00e4t Luxemburg\",\"alternateName\":\"Uni.lu\",\"url\":\"https:\/\/www.uni.lu\/de\/\",\"logo\":{\"@type\":\"ImageObject\",\"inLanguage\":\"de-DE\",\"@id\":\"https:\/\/www.uni.lu\/de\/#\/schema\/logo\/image\/\",\"url\":\"https:\/\/www.uni.lu\/wp-content\/uploads\/sites\/10\/2026\/03\/03120000\/UNIV_SM-Profile_1600x1600px-scaled.jpg\",\"contentUrl\":\"https:\/\/www.uni.lu\/wp-content\/uploads\/sites\/10\/2026\/03\/03120000\/UNIV_SM-Profile_1600x1600px-scaled.jpg\",\"width\":2560,\"height\":2560,\"caption\":\"Universit\u00e4t Luxemburg\"},\"image\":\"https:\/\/www.uni.lu\/wp-content\/uploads\/sites\/10\/2026\/04\/24144329\/20200609-Belval-Campus_Henri-Goergen-23.jpg\",\"sameAs\":[\"https:\/\/www.facebook.com\/uni.lu\",\"https:\/\/www.linkedin.com\/school\/university-of-luxembourg\/\",\"https:\/\/www.instagram.com\/uni.lu\",\"https:\/\/www.youtube.com\/@uni_lu\",\"https:\/\/en.wikipedia.org\/wiki\/University_of_Luxembourg\"],\"email\":\"communication@uni.lu\",\"telephone\":\"+3524666441\",\"address\":{\"@type\":\"PostalAddress\",\"streetAddress\":\"2, place de l\u2019Universit\u00e9\",\"addressLocality\":\"Esch-sur-Alzette\",\"postalCode\":\"4365\",\"addressCountry\":\"LU\"},\"description\":\"Universit\u00e4t Luxemburg\"}]}<\/script>\n<!-- \/ Yoast SEO Premium plugin. -->","yoast_head_json":{"title":"F\u00fcr Forschende - Universit\u00e4t Luxemburg","description":"Informationen f\u00fcr Forschende un Doktoranden: Sammlung von n\u00fctzlichen Links, Seiten und Artikeln f\u00fcr Forscher und Doktoranden.","robots":{"index":"index","follow":"follow","max-snippet":"max-snippet:-1","max-image-preview":"max-image-preview:large","max-video-preview":"max-video-preview:-1"},"canonical":"https:\/\/www.uni.lu\/de\/fuer-forschende\/","og_locale":"de_DE","og_type":"article","og_title":"F\u00fcr Forschende","og_description":"Informationen f\u00fcr Forschende un Doktoranden: Sammlung von n\u00fctzlichen Links, Seiten und Artikeln f\u00fcr Forscher und Doktoranden.","og_url":"https:\/\/www.uni.lu\/de\/fuer-forschende\/","og_site_name":"UNI DE","article_publisher":"https:\/\/www.facebook.com\/uni.lu","article_modified_time":"2026-03-30T07:48:10+00:00","og_image":[{"width":2560,"height":2560,"url":"https:\/\/www.uni.lu\/wp-content\/uploads\/sites\/10\/2026\/03\/03120000\/UNIV_SM-Profile_1600x1600px-scaled.jpg","type":"image\/jpeg"}],"twitter_card":"summary_large_image","twitter_misc":{"Gesch\u00e4tzte Lesezeit":"1 Minute"},"schema":{"@context":"https:\/\/schema.org","@graph":[{"@type":"WebPage","@id":"https:\/\/www.uni.lu\/de\/fuer-forschende\/","url":"https:\/\/www.uni.lu\/de\/fuer-forschende\/","name":"F\u00fcr Forschende - Universit\u00e4t Luxemburg","isPartOf":{"@id":"https:\/\/www.uni.lu\/de\/#website"},"datePublished":"2024-04-03T11:46:40+00:00","dateModified":"2026-03-30T07:48:10+00:00","description":"Informationen f\u00fcr Forschende un Doktoranden: Sammlung von n\u00fctzlichen Links, Seiten und Artikeln f\u00fcr Forscher und Doktoranden.","breadcrumb":{"@id":"https:\/\/www.uni.lu\/de\/fuer-forschende\/#breadcrumb"},"inLanguage":"de-DE","potentialAction":[{"@type":"ReadAction","target":["https:\/\/www.uni.lu\/de\/fuer-forschende\/"]}]},{"@type":"BreadcrumbList","@id":"https:\/\/www.uni.lu\/de\/fuer-forschende\/#breadcrumb","itemListElement":[{"@type":"ListItem","position":1,"name":"Home","item":"https:\/\/www.uni.lu\/de\/"},{"@type":"ListItem","position":2,"name":"F\u00fcr Forschende"}]},{"@type":"WebSite","@id":"https:\/\/www.uni.lu\/de\/#website","url":"https:\/\/www.uni.lu\/de\/","name":"Uni.lu","description":"Universit\u00e4t Luxemburg","publisher":{"@id":"https:\/\/www.uni.lu\/de\/#organization"},"alternateName":"Universit\u00e4t Luxemburg","potentialAction":[{"@type":"SearchAction","target":{"@type":"EntryPoint","urlTemplate":"https:\/\/www.uni.lu\/de\/?s={search_term_string}"},"query-input":"required name=search_term_string"}],"inLanguage":"de-DE"},{"@type":"Organization","@id":"https:\/\/www.uni.lu\/de\/#organization","name":"Universit\u00e4t Luxemburg","alternateName":"Uni.lu","url":"https:\/\/www.uni.lu\/de\/","logo":{"@type":"ImageObject","inLanguage":"de-DE","@id":"https:\/\/www.uni.lu\/de\/#\/schema\/logo\/image\/","url":"https:\/\/www.uni.lu\/wp-content\/uploads\/sites\/10\/2026\/03\/03120000\/UNIV_SM-Profile_1600x1600px-scaled.jpg","contentUrl":"https:\/\/www.uni.lu\/wp-content\/uploads\/sites\/10\/2026\/03\/03120000\/UNIV_SM-Profile_1600x1600px-scaled.jpg","width":2560,"height":2560,"caption":"Universit\u00e4t Luxemburg"},"image":"https:\/\/www.uni.lu\/wp-content\/uploads\/sites\/10\/2026\/04\/24144329\/20200609-Belval-Campus_Henri-Goergen-23.jpg","sameAs":["https:\/\/www.facebook.com\/uni.lu","https:\/\/www.linkedin.com\/school\/university-of-luxembourg\/","https:\/\/www.instagram.com\/uni.lu","https:\/\/www.youtube.com\/@uni_lu","https:\/\/en.wikipedia.org\/wiki\/University_of_Luxembourg"],"email":"communication@uni.lu","telephone":"+3524666441","address":{"@type":"PostalAddress","streetAddress":"2, place de l\u2019Universit\u00e9","addressLocality":"Esch-sur-Alzette","postalCode":"4365","addressCountry":"LU"},"description":"Universit\u00e4t Luxemburg"}]}},"ticketed":false,"_links":{"self":[{"href":"https:\/\/www.uni.lu\/de\/wp-json\/wp\/v2\/pages\/3936"}],"collection":[{"href":"https:\/\/www.uni.lu\/de\/wp-json\/wp\/v2\/pages"}],"about":[{"href":"https:\/\/www.uni.lu\/de\/wp-json\/wp\/v2\/types\/page"}],"author":[{"embeddable":true,"href":"https:\/\/www.uni.lu\/de\/wp-json\/wp\/v2\/users\/44"}],"replies":[{"embeddable":true,"href":"https:\/\/www.uni.lu\/de\/wp-json\/wp\/v2\/comments?post=3936"}],"version-history":[{"count":6,"href":"https:\/\/www.uni.lu\/de\/wp-json\/wp\/v2\/pages\/3936\/revisions"}],"predecessor-version":[{"id":9289,"href":"https:\/\/www.uni.lu\/de\/wp-json\/wp\/v2\/pages\/3936\/revisions\/9289"}],"wp:authorship":[{"embeddable":true,"href":"https:\/\/www.uni.lu\/de\/wp-json\/wp\/v2\/users\/44"}],"wp:attachment":[{"href":"https:\/\/www.uni.lu\/de\/wp-json\/wp\/v2\/media?parent=3936"}],"wp:term":[{"taxonomy":"field-of-interest","embeddable":true,"href":"https:\/\/www.uni.lu\/de\/wp-json\/wp\/v2\/field-of-interest?post=3936"},{"taxonomy":"organisation","embeddable":true,"href":"https:\/\/www.uni.lu\/de\/wp-json\/wp\/v2\/organisation?post=3936"}],"curies":[{"name":"wp","href":"https:\/\/api.w.org\/{rel}","templated":true}]}}