{"id":3795,"date":"2024-03-25T16:27:53","date_gmt":"2024-03-25T15:27:53","guid":{"rendered":"https:\/\/www.uni.lu\/de\/?page_id=3795"},"modified":"2024-03-27T13:38:41","modified_gmt":"2024-03-27T12:38:41","slug":"it-sicherheitsteam","status":"publish","type":"page","link":"https:\/\/www.uni.lu\/de\/ueber-uns\/organisation\/verwaltung\/it-sicherheitsteam\/","title":{"rendered":"IT-Sicherheitsteam"},"content":{"rendered":"\n<section class=\"py-0 wp-block-unilux-blocks-free-section section\"><div class=\"container xl:max-w-screen-xl\">\n<h2 class=\"has-text-align-left wp-block-unilux-blocks-heading\"        id=\"it-sicherheitsteam\"\n    >\nIT-Sicherheitsteam<\/h2>\n<\/div><\/section>\n\n\n\n<section class=\"wp-block-unilux-blocks-free-section section\"><div class=\"container xl:max-w-screen-xl\">\n<p>Das Ziel des IT-Sicherheitsteams ist die Entwicklung, Umsetzung und \u00dcberwachung eines strategischen und umfassenden Programms f\u00fcr Informationssicherheit und Risikomanagement, um die Integrit\u00e4t, Vertraulichkeit und Verf\u00fcgbarkeit von Informationen zu gew\u00e4hrleisten, die Eigentum der Universit\u00e4t sind, von ihr kontrolliert oder verarbeitet werden.<\/p>\n\n\n<div class=\"py-48 first:pt-0 last:pb-0 wp-block-unilux-blocks-people-list\">\n    \n<h2 class=\"has-text-align-left wp-block-unilux-blocks-heading\"        id=\"team\"\n    >\nTeam<\/h2>\n<ul class=\"flex flex-wrap -mx-16 wp-block-unilux-blocks-people-item-wrapper\">\n    <li class=\"w-full md:w-1\/2 p-16 wp-block-unilux-blocks-people-item-automated\"><div class=\"ulux-card card-people bg-theme\"><div class=\"list-people bg-theme\">\n    <div class=\"list-people__container\">\n        <div class=\"list-people__visual\">\n            <figure class=\"wp-block-dev4-reusable-blocks-image\">\n                <!-- Template Image Component: default -->\n<img decoding=\"async\" class=\"w-full\" width=\"\" height=\"\" rel=\"\" alt=\"Laurent WEBER\" src=\"https:\/\/www.uni.lu\/en\/person-image\/NTAwNjczMjVfX0xhdXJlbnQgV0VCRVI=\" srcset=\"https:\/\/www.uni.lu\/en\/person-image\/NTAwNjczMjVfX0xhdXJlbnQgV0VCRVI=--thumbnail 150w,https:\/\/www.uni.lu\/en\/person-image\/NTAwNjczMjVfX0xhdXJlbnQgV0VCRVI=--medium 300w,https:\/\/www.uni.lu\/en\/person-image\/NTAwNjczMjVfX0xhdXJlbnQgV0VCRVI=--medium_large 768w,https:\/\/www.uni.lu\/en\/person-image\/NTAwNjczMjVfX0xhdXJlbnQgV0VCRVI=--large 1024w,https:\/\/www.uni.lu\/en\/person-image\/NTAwNjczMjVfX0xhdXJlbnQgV0VCRVI=--1536x1536 1536w,https:\/\/www.uni.lu\/en\/person-image\/NTAwNjczMjVfX0xhdXJlbnQgV0VCRVI=--2048x2048 2048w\" loading=\"lazy\" \/><!-- end Image Component -->\n            <\/figure>\n        <\/div>\n        <div class=\"list-people__body\">\n            <h3 class=\"list-people__title\">Laurent WEBER<\/h3>\n            <p class=\"list-people__description\">Chief Information Security Officer<\/p>\n            <div class=\"wp-block-unilux-blocks-simple-cta wp-block-unilux-blocks-people-item-automated\">\n    <a\n        href=\"https:\/\/www.uni.lu\/en\/people\/laurent-weber\/\"\n        title=\"Laurent WEBER\"\n        class=\"link-text link-text--icon list-people__link link-absolute\"\n        target=\"\"\n    >\n        <span class=\"link-text__body\">\n            <span class=\"link-text__name\">Profil anzeigen<\/span>\n        <\/span>\n        <svg aria-hidden=\"true\" focusable=\"false\" class=\"icon icon-outline icon--arrow-right \"><use xlink:href=\"https:\/\/www.uni.lu\/wp-content\/themes\/unilux-theme\/assets\/images\/icons\/icons-outline.svg#icon--arrow-right\"><\/use><\/svg>    <\/a>\n<\/div>\n        <\/div>\n    <\/div>\n<\/div>\n<\/div><\/li><li class=\"w-full md:w-1\/2 p-16 wp-block-unilux-blocks-people-item-automated\"><div class=\"ulux-card card-people bg-theme\"><div class=\"list-people bg-theme\">\n    <div class=\"list-people__container\">\n        <div class=\"list-people__visual\">\n            <figure class=\"wp-block-dev4-reusable-blocks-image\">\n                <!-- Template Image Component: default -->\n<img decoding=\"async\" class=\"w-full\" width=\"\" height=\"\" rel=\"\" alt=\"Steve CANNIVY\" src=\"https:\/\/www.uni.lu\/en\/person-image\/NTAwNTQwNTVfX1N0ZXZlIENBTk5JVlk=\" srcset=\"https:\/\/www.uni.lu\/en\/person-image\/NTAwNTQwNTVfX1N0ZXZlIENBTk5JVlk=--thumbnail 150w,https:\/\/www.uni.lu\/en\/person-image\/NTAwNTQwNTVfX1N0ZXZlIENBTk5JVlk=--medium 300w,https:\/\/www.uni.lu\/en\/person-image\/NTAwNTQwNTVfX1N0ZXZlIENBTk5JVlk=--medium_large 768w,https:\/\/www.uni.lu\/en\/person-image\/NTAwNTQwNTVfX1N0ZXZlIENBTk5JVlk=--large 1024w,https:\/\/www.uni.lu\/en\/person-image\/NTAwNTQwNTVfX1N0ZXZlIENBTk5JVlk=--1536x1536 1536w,https:\/\/www.uni.lu\/en\/person-image\/NTAwNTQwNTVfX1N0ZXZlIENBTk5JVlk=--2048x2048 2048w\" loading=\"lazy\" \/><!-- end Image Component -->\n            <\/figure>\n        <\/div>\n        <div class=\"list-people__body\">\n            <h3 class=\"list-people__title\">Steve CANNIVY<\/h3>\n            <p class=\"list-people__description\">Information Security Officer<\/p>\n            <div class=\"wp-block-unilux-blocks-simple-cta wp-block-unilux-blocks-people-item-automated\">\n    <a\n        href=\"https:\/\/www.uni.lu\/en\/people\/steve-cannivy\/\"\n        title=\"Steve CANNIVY\"\n        class=\"link-text link-text--icon list-people__link link-absolute\"\n        target=\"\"\n    >\n        <span class=\"link-text__body\">\n            <span class=\"link-text__name\">Profil anzeigen<\/span>\n        <\/span>\n        <svg aria-hidden=\"true\" focusable=\"false\" class=\"icon icon-outline icon--arrow-right \"><use xlink:href=\"https:\/\/www.uni.lu\/wp-content\/themes\/unilux-theme\/assets\/images\/icons\/icons-outline.svg#icon--arrow-right\"><\/use><\/svg>    <\/a>\n<\/div>\n        <\/div>\n    <\/div>\n<\/div>\n<\/div><\/li><\/ul>\n\n<\/div>\n\n<\/div><\/section>\n","protected":false},"excerpt":{"rendered":"","protected":false},"author":33,"featured_media":0,"parent":1432,"menu_order":0,"comment_status":"closed","ping_status":"closed","template":"","meta":{"featured_image_focal_point":[],"show_featured_caption":false,"ulux_newsletter_groups":"","uluxPostTitle":"","uluxPrePostTitle":"","_trash_the_other_posts":false,"_price":"","_stock":"","_tribe_ticket_header":"","_tribe_default_ticket_provider":"","_tribe_ticket_capacity":"0","_ticket_start_date":"","_ticket_end_date":"","_tribe_ticket_show_description":"","_tribe_ticket_show_not_going":false,"_tribe_ticket_use_global_stock":"","_tribe_ticket_global_stock_level":"","_global_stock_mode":"","_global_stock_cap":"","_tribe_rsvp_for_event":"","_tribe_ticket_going_count":"","_tribe_ticket_not_going_count":"","_tribe_tickets_list":"[]","_tribe_ticket_has_attendee_info_fields":false,"footnotes":""},"field-of-interest":[],"organisation":[],"authorship":[33],"acf":[],"yoast_head":"<!-- This site is optimized with the Yoast SEO Premium plugin v22.3 (Yoast SEO v22.3) - https:\/\/yoast.com\/wordpress\/plugins\/seo\/ -->\n<title>IT-Sicherheitsteam - Universit\u00e4t Luxemburg<\/title>\n<meta name=\"description\" content=\"Das Ziel des IT-Sicherheitsteams ist die Entwicklung, Umsetzung und \u00dcberwachung eines strategischen und umfassenden Programms f\u00fcr Informationssicherheit\" \/>\n<meta name=\"robots\" content=\"index, follow, max-snippet:-1, max-image-preview:large, max-video-preview:-1\" \/>\n<link rel=\"canonical\" href=\"https:\/\/www.uni.lu\/de\/ueber-uns\/organisation\/verwaltung\/it-sicherheitsteam\/\" \/>\n<meta property=\"og:locale\" content=\"de_DE\" \/>\n<meta property=\"og:type\" content=\"article\" \/>\n<meta property=\"og:title\" content=\"IT-Sicherheitsteam\" \/>\n<meta property=\"og:description\" content=\"Das Ziel des IT-Sicherheitsteams ist die Entwicklung, Umsetzung und \u00dcberwachung eines strategischen und umfassenden Programms f\u00fcr Informationssicherheit\" \/>\n<meta property=\"og:url\" content=\"https:\/\/www.uni.lu\/de\/ueber-uns\/organisation\/verwaltung\/it-sicherheitsteam\/\" \/>\n<meta property=\"og:site_name\" content=\"UNI DE\" \/>\n<meta property=\"article:publisher\" content=\"https:\/\/www.facebook.com\/uni.lu\" \/>\n<meta property=\"article:modified_time\" content=\"2024-03-27T12:38:41+00:00\" \/>\n<meta property=\"og:image\" content=\"https:\/\/www.uni.lu\/wp-content\/uploads\/sites\/10\/2026\/03\/03120000\/UNIV_SM-Profile_1600x1600px-scaled.jpg\" \/>\n\t<meta property=\"og:image:width\" content=\"2560\" \/>\n\t<meta property=\"og:image:height\" content=\"2560\" \/>\n\t<meta property=\"og:image:type\" content=\"image\/jpeg\" \/>\n<meta name=\"twitter:card\" content=\"summary_large_image\" \/>\n<meta name=\"twitter:label1\" content=\"Gesch\u00e4tzte Lesezeit\" \/>\n\t<meta name=\"twitter:data1\" content=\"1 Minute\" \/>\n<script type=\"application\/ld+json\" class=\"yoast-schema-graph\">{\"@context\":\"https:\/\/schema.org\",\"@graph\":[{\"@type\":\"WebPage\",\"@id\":\"https:\/\/www.uni.lu\/de\/ueber-uns\/organisation\/verwaltung\/it-sicherheitsteam\/\",\"url\":\"https:\/\/www.uni.lu\/de\/ueber-uns\/organisation\/verwaltung\/it-sicherheitsteam\/\",\"name\":\"IT-Sicherheitsteam - Universit\u00e4t Luxemburg\",\"isPartOf\":{\"@id\":\"https:\/\/www.uni.lu\/de\/#website\"},\"datePublished\":\"2024-03-25T15:27:53+00:00\",\"dateModified\":\"2024-03-27T12:38:41+00:00\",\"description\":\"Das Ziel des IT-Sicherheitsteams ist die Entwicklung, Umsetzung und \u00dcberwachung eines strategischen und umfassenden Programms f\u00fcr Informationssicherheit\",\"breadcrumb\":{\"@id\":\"https:\/\/www.uni.lu\/de\/ueber-uns\/organisation\/verwaltung\/it-sicherheitsteam\/#breadcrumb\"},\"inLanguage\":\"de-DE\",\"potentialAction\":[{\"@type\":\"ReadAction\",\"target\":[\"https:\/\/www.uni.lu\/de\/ueber-uns\/organisation\/verwaltung\/it-sicherheitsteam\/\"]}]},{\"@type\":\"BreadcrumbList\",\"@id\":\"https:\/\/www.uni.lu\/de\/ueber-uns\/organisation\/verwaltung\/it-sicherheitsteam\/#breadcrumb\",\"itemListElement\":[{\"@type\":\"ListItem\",\"position\":1,\"name\":\"Home\",\"item\":\"https:\/\/www.uni.lu\/de\/\"},{\"@type\":\"ListItem\",\"position\":2,\"name\":\"\u00dcber uns\",\"item\":\"https:\/\/www.uni.lu\/de\/ueber-uns\/\"},{\"@type\":\"ListItem\",\"position\":3,\"name\":\"Organisation\",\"item\":\"https:\/\/www.uni.lu\/de\/ueber-uns\/organisation\/\"},{\"@type\":\"ListItem\",\"position\":4,\"name\":\"Verwaltung\",\"item\":\"https:\/\/www.uni.lu\/de\/ueber-uns\/organisation\/verwaltung\/\"},{\"@type\":\"ListItem\",\"position\":5,\"name\":\"IT-Sicherheitsteam\"}]},{\"@type\":\"WebSite\",\"@id\":\"https:\/\/www.uni.lu\/de\/#website\",\"url\":\"https:\/\/www.uni.lu\/de\/\",\"name\":\"Uni.lu\",\"description\":\"Universit\u00e4t Luxemburg\",\"publisher\":{\"@id\":\"https:\/\/www.uni.lu\/de\/#organization\"},\"alternateName\":\"Universit\u00e4t Luxemburg\",\"potentialAction\":[{\"@type\":\"SearchAction\",\"target\":{\"@type\":\"EntryPoint\",\"urlTemplate\":\"https:\/\/www.uni.lu\/de\/?s={search_term_string}\"},\"query-input\":\"required name=search_term_string\"}],\"inLanguage\":\"de-DE\"},{\"@type\":\"Organization\",\"@id\":\"https:\/\/www.uni.lu\/de\/#organization\",\"name\":\"Universit\u00e4t Luxemburg\",\"alternateName\":\"Uni.lu\",\"url\":\"https:\/\/www.uni.lu\/de\/\",\"logo\":{\"@type\":\"ImageObject\",\"inLanguage\":\"de-DE\",\"@id\":\"https:\/\/www.uni.lu\/de\/#\/schema\/logo\/image\/\",\"url\":\"https:\/\/www.uni.lu\/wp-content\/uploads\/sites\/10\/2026\/03\/03120000\/UNIV_SM-Profile_1600x1600px-scaled.jpg\",\"contentUrl\":\"https:\/\/www.uni.lu\/wp-content\/uploads\/sites\/10\/2026\/03\/03120000\/UNIV_SM-Profile_1600x1600px-scaled.jpg\",\"width\":2560,\"height\":2560,\"caption\":\"Universit\u00e4t Luxemburg\"},\"image\":\"https:\/\/www.uni.lu\/wp-content\/uploads\/sites\/10\/2026\/04\/24144329\/20200609-Belval-Campus_Henri-Goergen-23.jpg\",\"sameAs\":[\"https:\/\/www.facebook.com\/uni.lu\",\"https:\/\/www.linkedin.com\/school\/university-of-luxembourg\/\",\"https:\/\/www.instagram.com\/uni.lu\",\"https:\/\/www.youtube.com\/@uni_lu\",\"https:\/\/en.wikipedia.org\/wiki\/University_of_Luxembourg\"],\"email\":\"communication@uni.lu\",\"telephone\":\"+3524666441\",\"address\":{\"@type\":\"PostalAddress\",\"streetAddress\":\"2, place de l\u2019Universit\u00e9\",\"addressLocality\":\"Esch-sur-Alzette\",\"postalCode\":\"4365\",\"addressCountry\":\"LU\"},\"description\":\"Universit\u00e4t Luxemburg\"}]}<\/script>\n<!-- \/ Yoast SEO Premium plugin. -->","yoast_head_json":{"title":"IT-Sicherheitsteam - Universit\u00e4t Luxemburg","description":"Das Ziel des IT-Sicherheitsteams ist die Entwicklung, Umsetzung und \u00dcberwachung eines strategischen und umfassenden Programms f\u00fcr Informationssicherheit","robots":{"index":"index","follow":"follow","max-snippet":"max-snippet:-1","max-image-preview":"max-image-preview:large","max-video-preview":"max-video-preview:-1"},"canonical":"https:\/\/www.uni.lu\/de\/ueber-uns\/organisation\/verwaltung\/it-sicherheitsteam\/","og_locale":"de_DE","og_type":"article","og_title":"IT-Sicherheitsteam","og_description":"Das Ziel des IT-Sicherheitsteams ist die Entwicklung, Umsetzung und \u00dcberwachung eines strategischen und umfassenden Programms f\u00fcr Informationssicherheit","og_url":"https:\/\/www.uni.lu\/de\/ueber-uns\/organisation\/verwaltung\/it-sicherheitsteam\/","og_site_name":"UNI DE","article_publisher":"https:\/\/www.facebook.com\/uni.lu","article_modified_time":"2024-03-27T12:38:41+00:00","og_image":[{"width":2560,"height":2560,"url":"https:\/\/www.uni.lu\/wp-content\/uploads\/sites\/10\/2026\/03\/03120000\/UNIV_SM-Profile_1600x1600px-scaled.jpg","type":"image\/jpeg"}],"twitter_card":"summary_large_image","twitter_misc":{"Gesch\u00e4tzte Lesezeit":"1 Minute"},"schema":{"@context":"https:\/\/schema.org","@graph":[{"@type":"WebPage","@id":"https:\/\/www.uni.lu\/de\/ueber-uns\/organisation\/verwaltung\/it-sicherheitsteam\/","url":"https:\/\/www.uni.lu\/de\/ueber-uns\/organisation\/verwaltung\/it-sicherheitsteam\/","name":"IT-Sicherheitsteam - Universit\u00e4t Luxemburg","isPartOf":{"@id":"https:\/\/www.uni.lu\/de\/#website"},"datePublished":"2024-03-25T15:27:53+00:00","dateModified":"2024-03-27T12:38:41+00:00","description":"Das Ziel des IT-Sicherheitsteams ist die Entwicklung, Umsetzung und \u00dcberwachung eines strategischen und umfassenden Programms f\u00fcr Informationssicherheit","breadcrumb":{"@id":"https:\/\/www.uni.lu\/de\/ueber-uns\/organisation\/verwaltung\/it-sicherheitsteam\/#breadcrumb"},"inLanguage":"de-DE","potentialAction":[{"@type":"ReadAction","target":["https:\/\/www.uni.lu\/de\/ueber-uns\/organisation\/verwaltung\/it-sicherheitsteam\/"]}]},{"@type":"BreadcrumbList","@id":"https:\/\/www.uni.lu\/de\/ueber-uns\/organisation\/verwaltung\/it-sicherheitsteam\/#breadcrumb","itemListElement":[{"@type":"ListItem","position":1,"name":"Home","item":"https:\/\/www.uni.lu\/de\/"},{"@type":"ListItem","position":2,"name":"\u00dcber uns","item":"https:\/\/www.uni.lu\/de\/ueber-uns\/"},{"@type":"ListItem","position":3,"name":"Organisation","item":"https:\/\/www.uni.lu\/de\/ueber-uns\/organisation\/"},{"@type":"ListItem","position":4,"name":"Verwaltung","item":"https:\/\/www.uni.lu\/de\/ueber-uns\/organisation\/verwaltung\/"},{"@type":"ListItem","position":5,"name":"IT-Sicherheitsteam"}]},{"@type":"WebSite","@id":"https:\/\/www.uni.lu\/de\/#website","url":"https:\/\/www.uni.lu\/de\/","name":"Uni.lu","description":"Universit\u00e4t Luxemburg","publisher":{"@id":"https:\/\/www.uni.lu\/de\/#organization"},"alternateName":"Universit\u00e4t Luxemburg","potentialAction":[{"@type":"SearchAction","target":{"@type":"EntryPoint","urlTemplate":"https:\/\/www.uni.lu\/de\/?s={search_term_string}"},"query-input":"required name=search_term_string"}],"inLanguage":"de-DE"},{"@type":"Organization","@id":"https:\/\/www.uni.lu\/de\/#organization","name":"Universit\u00e4t Luxemburg","alternateName":"Uni.lu","url":"https:\/\/www.uni.lu\/de\/","logo":{"@type":"ImageObject","inLanguage":"de-DE","@id":"https:\/\/www.uni.lu\/de\/#\/schema\/logo\/image\/","url":"https:\/\/www.uni.lu\/wp-content\/uploads\/sites\/10\/2026\/03\/03120000\/UNIV_SM-Profile_1600x1600px-scaled.jpg","contentUrl":"https:\/\/www.uni.lu\/wp-content\/uploads\/sites\/10\/2026\/03\/03120000\/UNIV_SM-Profile_1600x1600px-scaled.jpg","width":2560,"height":2560,"caption":"Universit\u00e4t Luxemburg"},"image":"https:\/\/www.uni.lu\/wp-content\/uploads\/sites\/10\/2026\/04\/24144329\/20200609-Belval-Campus_Henri-Goergen-23.jpg","sameAs":["https:\/\/www.facebook.com\/uni.lu","https:\/\/www.linkedin.com\/school\/university-of-luxembourg\/","https:\/\/www.instagram.com\/uni.lu","https:\/\/www.youtube.com\/@uni_lu","https:\/\/en.wikipedia.org\/wiki\/University_of_Luxembourg"],"email":"communication@uni.lu","telephone":"+3524666441","address":{"@type":"PostalAddress","streetAddress":"2, place de l\u2019Universit\u00e9","addressLocality":"Esch-sur-Alzette","postalCode":"4365","addressCountry":"LU"},"description":"Universit\u00e4t Luxemburg"}]}},"ticketed":false,"_links":{"self":[{"href":"https:\/\/www.uni.lu\/de\/wp-json\/wp\/v2\/pages\/3795"}],"collection":[{"href":"https:\/\/www.uni.lu\/de\/wp-json\/wp\/v2\/pages"}],"about":[{"href":"https:\/\/www.uni.lu\/de\/wp-json\/wp\/v2\/types\/page"}],"author":[{"embeddable":true,"href":"https:\/\/www.uni.lu\/de\/wp-json\/wp\/v2\/users\/33"}],"replies":[{"embeddable":true,"href":"https:\/\/www.uni.lu\/de\/wp-json\/wp\/v2\/comments?post=3795"}],"version-history":[{"count":2,"href":"https:\/\/www.uni.lu\/de\/wp-json\/wp\/v2\/pages\/3795\/revisions"}],"predecessor-version":[{"id":3824,"href":"https:\/\/www.uni.lu\/de\/wp-json\/wp\/v2\/pages\/3795\/revisions\/3824"}],"up":[{"embeddable":true,"href":"https:\/\/www.uni.lu\/de\/wp-json\/wp\/v2\/pages\/1432"}],"wp:authorship":[{"embeddable":true,"href":"https:\/\/www.uni.lu\/de\/wp-json\/wp\/v2\/users\/33"}],"wp:attachment":[{"href":"https:\/\/www.uni.lu\/de\/wp-json\/wp\/v2\/media?parent=3795"}],"wp:term":[{"taxonomy":"field-of-interest","embeddable":true,"href":"https:\/\/www.uni.lu\/de\/wp-json\/wp\/v2\/field-of-interest?post=3795"},{"taxonomy":"organisation","embeddable":true,"href":"https:\/\/www.uni.lu\/de\/wp-json\/wp\/v2\/organisation?post=3795"}],"curies":[{"name":"wp","href":"https:\/\/api.w.org\/{rel}","templated":true}]}}