{"id":3139,"date":"2024-02-01T13:50:12","date_gmt":"2024-02-01T12:50:12","guid":{"rendered":"https:\/\/www.uni.lu\/de\/?page_id=3139"},"modified":"2026-03-13T10:29:15","modified_gmt":"2026-03-13T09:29:15","slug":"videoueberwachung","status":"publish","type":"page","link":"https:\/\/www.uni.lu\/de\/ueber-uns\/organisation\/verwaltung\/datenschutz\/videoueberwachung\/","title":{"rendered":"Video\u00fcberwachung"},"content":{"rendered":"\n<section class=\"wp-block-unilux-blocks-free-section section\"><div class=\"container xl:max-w-screen-xl\">\n<h2 class=\"has-text-align-left wp-block-unilux-blocks-heading\"        id=\"videoueberwachung\"\n    >\nVideo\u00fcberwachung<\/h2>\n\n\n\n<ul class=\"wp-block-unilux-blocks-highlighted-list list-highlighted list-highlighted--architectural\"><li class=\"list-highlighted__item  wp-block-unilux-blocks-highlighted-list-item\">\n    <header class=\"list-highlighted__header wp-block-unilux-blocks-highlighted-list-item-header\">\n    \n<h4 class=\"title text-18 font-bold has-text-align-left wp-block-unilux-blocks-heading\"        id=\"zweck-und-rechtsgrundlage\"\n    >\nZweck und Rechtsgrundlage<\/h4>\n<div class=\"wp-block-unilux-blocks-bigtext\">\n    <span>\n        \n    <\/span>\n<\/div><\/header><div class=\"list-highlighted__body wp-block-unilux-blocks-highlighted-list-item-body\">\n    <div class=\"wp-block-unilux-blocks-highlighted-list-item-free-content-area\">\n    \n<p>Die Universit\u00e4t Luxemburg hat ein CCTV-System (Video\u00fcberwachung) auf ihrem gesamten Campus eingef\u00fchrt.<\/p>\n\n<p>Das f\u00fcr die Sicherheit zust\u00e4ndige Personal der Universit\u00e4t Luxemburg ist f\u00fcr die gesamte Verwaltung und den Betrieb des CCTV-Systems verantwortlich, einschlie\u00dflich der Aktivit\u00e4ten im Zusammenhang mit der Installation, Aufzeichnung, \u00dcberpr\u00fcfung und \u00dcberwachung.<\/p>\n\n<p>Die Zwecke des CCTV-Systems sind folgende:<\/p>\n\n<ul class=\"ulux-list\">\n<li class=\"ulux-list-item\">Vorf\u00e4lle (Diebst\u00e4hle, Br\u00e4nde, Bombendrohungen, Unf\u00e4lle usw.) zu verhindern, reduzieren, aufzudecken und zu untersuchen;<\/li>\n\n\n\n<li class=\"ulux-list-item\">die Sicherheit von Mitarbeiter:innen, Studierenden und Besuchern zu gew\u00e4hrleisten;<\/li>\n\n\n\n<li class=\"ulux-list-item\">Unterst\u00fctzung bei der Untersuchung von mutma\u00dflichen Verst\u00f6\u00dfen gegen die Universit\u00e4tsvorschriften durch Mitarbeiter:innen oder Studierende.<\/li>\n<\/ul>\n\n<p>Der Einsatz der Video\u00fcberwachung ist durch die folgenden Gesetze gerechtfertigt:<\/p>\n\n<ul class=\"ulux-list\">\n<li class=\"ulux-list-item\">Artikel 6(1)(f) der DSGVO, da es im berechtigten Interesse der Universit\u00e4t und des Universit\u00e4tspersonals, der Studierenden und Dritter ist, die Sicherheit auf dem Universit\u00e4tsgel\u00e4nde zu gew\u00e4hrleisten;<\/li>\n<\/ul>\n\n<p>Das CCTV-System ist nicht daf\u00fcr vorgesehen, Bewegungen des Personals, Produktionsprozesse, Abteilungen oder Arbeitszeiten am Arbeitsplatz zu \u00fcberwachen.<\/p>\n<\/div><\/div><\/li>\n\n<li class=\"list-highlighted__item  wp-block-unilux-blocks-highlighted-list-item\">\n    <header class=\"list-highlighted__header wp-block-unilux-blocks-highlighted-list-item-header\">\n    \n<h4 class=\"title text-18 font-bold has-text-align-left wp-block-unilux-blocks-heading\"        id=\"wer-wird-ueberwacht\"\n    >\nWer wird \u00fcberwacht?<\/h4>\n<div class=\"wp-block-unilux-blocks-bigtext\">\n    <span>\n        \n    <\/span>\n<\/div><\/header><div class=\"list-highlighted__body wp-block-unilux-blocks-highlighted-list-item-body\">\n    <div class=\"wp-block-unilux-blocks-highlighted-list-item-free-content-area\">\n    \n<ul class=\"ulux-list\">\n<li class=\"ulux-list-item\">Universit\u00e4tspersonal (einschlie\u00dflich Zeitpersonal) und\/oder Studierende<\/li>\n\n\n\n<li class=\"ulux-list-item\">Dritte: Lieferanten, Besucher und\/oder Dienstleistungsanbieter<\/li>\n<\/ul>\n<\/div><\/div><\/li>\n\n<li class=\"list-highlighted__item  wp-block-unilux-blocks-highlighted-list-item\">\n    <header class=\"list-highlighted__header wp-block-unilux-blocks-highlighted-list-item-header\">\n    \n<h4 class=\"title text-18 font-bold has-text-align-left wp-block-unilux-blocks-heading\"        id=\"was-wird-ueberwacht\"\n    >\nWas wird \u00fcberwacht?<\/h4>\n<div class=\"wp-block-unilux-blocks-bigtext\">\n    <span>\n        \n    <\/span>\n<\/div><\/header><div class=\"list-highlighted__body wp-block-unilux-blocks-highlighted-list-item-body\">\n    <div class=\"wp-block-unilux-blocks-highlighted-list-item-free-content-area\">\n    \n<ul class=\"ulux-list\">\n<li class=\"ulux-list-item\">Haupteing\u00e4nge von Geb\u00e4uden<\/li>\n\n\n\n<li class=\"ulux-list-item\">Notausg\u00e4nge<\/li>\n\n\n\n<li class=\"ulux-list-item\">Kritische Bereiche<\/li>\n<\/ul>\n<\/div><\/div><\/li>\n\n<li class=\"list-highlighted__item  wp-block-unilux-blocks-highlighted-list-item\">\n    <header class=\"list-highlighted__header wp-block-unilux-blocks-highlighted-list-item-header\">\n    \n<h4 class=\"title text-18 font-bold has-text-align-left wp-block-unilux-blocks-heading\"        id=\"zugang-zu-cctv-aufzeichnungen\"\n    >\nZugang zu CCTV-Aufzeichnungen<\/h4>\n<div class=\"wp-block-unilux-blocks-bigtext\">\n    <span>\n        \n    <\/span>\n<\/div><\/header><div class=\"list-highlighted__body wp-block-unilux-blocks-highlighted-list-item-body\">\n    <div class=\"wp-block-unilux-blocks-highlighted-list-item-free-content-area\">\n    \n<p><strong><strong>Auf das Videomaterial d\u00fcrfen nur die folgenden Personen zugreifen:<\/strong><\/strong><\/p>\n\n<p>Universit\u00e4t Luxemburg:<\/p>\n\n<ul class=\"ulux-list\">\n<li class=\"ulux-list-item\">F\u00fcr die Sicherheit an der Universit\u00e4t Luxemburg zust\u00e4ndiges Personal (Live-Bilder und Aufnahmen)<\/li>\n<\/ul>\n\n<p>Dritte:<\/p>\n\n<ul class=\"ulux-list\">\n<li class=\"ulux-list-item\">Sicherheitspersonal (nur Live-Bilder)<\/li>\n\n\n\n<li class=\"ulux-list-item\">Externe Unternehmen nur zu Wartungszwecken (Live-Bilder und Aufnahmen)<\/li>\n\n\n\n<li class=\"ulux-list-item\">Fonds Belval (nur Live-Bilder der Gemeinschaftsbereiche von Belval)<\/li>\n<\/ul>\n\n<p>Wenn die Bilder als Beweismittel oder f\u00fcr eine Untersuchung ben\u00f6tigt werden, k\u00f6nnen die folgenden Parteien Zugang zu den aufgezeichneten Aufnahmen erhalten:<\/p>\n\n<ul class=\"ulux-list\">\n<li class=\"ulux-list-item\">Management<\/li>\n\n\n\n<li class=\"ulux-list-item\">F\u00fcr die Sicherheit an der Universit\u00e4t Luxemburg zust\u00e4ndiges Personal<\/li>\n\n\n\n<li class=\"ulux-list-item\">Die Polizei<\/li>\n\n\n\n<li class=\"ulux-list-item\">Die Rettungsdienste<\/li>\n\n\n\n<li class=\"ulux-list-item\">\u00d6ffentliche Beh\u00f6rden (auf Anfrage)<\/li>\n<\/ul>\n<\/div><\/div><\/li>\n\n<li class=\"list-highlighted__item  wp-block-unilux-blocks-highlighted-list-item\">\n    <header class=\"list-highlighted__header wp-block-unilux-blocks-highlighted-list-item-header\">\n    \n<h4 class=\"title text-18 font-bold has-text-align-left wp-block-unilux-blocks-heading\"        id=\"aufbewahrung-der-bilder\"\n    >\nAufbewahrung der Bilder<\/h4>\n<div class=\"wp-block-unilux-blocks-bigtext\">\n    <span>\n        \n    <\/span>\n<\/div><\/header><div class=\"list-highlighted__body wp-block-unilux-blocks-highlighted-list-item-body\">\n    <div class=\"wp-block-unilux-blocks-highlighted-list-item-free-content-area\">\n    \n<p>Die Bilder der Video\u00fcberwachung werden nicht l\u00e4nger als 30 Tage nach dem Aufzeichnungsdatum aufbewahrt. Nach Ablauf dieser Frist werden die Bilder automatisch gel\u00f6scht. Die Aufbewahrungsdauer wird ausnahmsweise auf Antrag einer Justizbeh\u00f6rde oder der von einer Justizbeh\u00f6rde beauftragten Polizei verl\u00e4ngert.<\/p>\n<\/div><\/div><\/li><\/ul>\n<\/div><\/section>\n\n\n\n<section class=\"py-0 wp-block-unilux-blocks-free-section section\"><div class=\"container xl:max-w-screen-xl\">\n<p><strong>Weitere Informationen \u00fcber Ihre Rechte und wie Sie uns kontaktieren k\u00f6nnen:<\/strong><\/p>\n\n\n\n<ul class=\"wp-block-unilux-blocks-button-list-v2\">\n<li class=\"wp-block-unilux-blocks-button-list-item-v2\"><a class=\"quick-link\" href=\"https:\/\/www.uni.lu\/de\/ueber-uns\/organisation\/verwaltung\/datenschutz\/ihre-rechte\/\" target=\"\" role=\"link\" rel=\"noopener\" tabindex=\"0\"><span class=\"quick-link__container\">\n<div class=\"wp-block-unilux-blocks-block-inserter quick-link__img\"><\/div>\n\n\n\n<span class=\"quick-link__name wp-block-unilux-blocks-plain-text\">Ihre Rechte<\/span>\n\n<svg aria-hidden=\"true\" focusable=\"false\" class=\"icon icon-outline icon--arrow-right \"><use xlink:href=\"https:\/\/www.uni.lu\/wp-content\/themes\/unilux-theme\/assets\/images\/icons\/icons-outline.svg#icon--arrow-right\"><\/use><\/svg><\/span><\/a><\/li>\n\n\n\n<li class=\"wp-block-unilux-blocks-button-list-item-v2\"><a class=\"quick-link\" href=\"https:\/\/ulsurvey.uni.lu\/index.php\/764494?lang=en\" target=\"_blank\" role=\"link\" rel=\"noopener\" tabindex=\"0\"><span class=\"quick-link__container\">\n<div class=\"wp-block-unilux-blocks-block-inserter quick-link__img\"><\/div>\n\n\n\n<span class=\"quick-link__name wp-block-unilux-blocks-plain-text\">Kontakt<\/span>\n\n<svg aria-hidden=\"true\" focusable=\"false\" class=\"icon icon-outline icon--external-link \"><use xlink:href=\"https:\/\/www.uni.lu\/wp-content\/themes\/unilux-theme\/assets\/images\/icons\/icons-outline.svg#icon--external-link\"><\/use><\/svg><\/span><\/a><\/li>\n<\/ul>\n\n\n<div class=\"wp-block-unilux-blocks-spacer is-spacer-size-lg\"><\/div><\/div><\/section>\n","protected":false},"excerpt":{"rendered":"","protected":false},"author":33,"featured_media":0,"parent":1449,"menu_order":0,"comment_status":"closed","ping_status":"closed","template":"","meta":{"featured_image_focal_point":[],"show_featured_caption":false,"ulux_newsletter_groups":"","uluxPostTitle":"B\u00fcro f\u00fcr Datenschutz","uluxPrePostTitle":"","_trash_the_other_posts":false,"_price":"","_stock":"","_tribe_ticket_header":"","_tribe_default_ticket_provider":"","_tribe_ticket_capacity":"0","_ticket_start_date":"","_ticket_end_date":"","_tribe_ticket_show_description":"","_tribe_ticket_show_not_going":false,"_tribe_ticket_use_global_stock":"","_tribe_ticket_global_stock_level":"","_global_stock_mode":"","_global_stock_cap":"","_tribe_rsvp_for_event":"","_tribe_ticket_going_count":"","_tribe_ticket_not_going_count":"","_tribe_tickets_list":"[]","_tribe_ticket_has_attendee_info_fields":false,"footnotes":""},"field-of-interest":[],"organisation":[],"authorship":[33],"acf":[],"yoast_head":"<!-- This site is optimized with the Yoast SEO Premium plugin v22.3 (Yoast SEO v22.3) - https:\/\/yoast.com\/wordpress\/plugins\/seo\/ -->\n<title>Video\u00fcberwachung - Universit\u00e4t Luxemburg<\/title>\n<meta name=\"description\" content=\"Die Universit\u00e4t Luxemburg hat ein CCTV-System (Video\u00fcberwachung) auf ihrem gesamten Campus eingef\u00fchrt. Das f\u00fcr die Sicherheit zust\u00e4ndige Personal der\" \/>\n<meta name=\"robots\" content=\"index, follow, max-snippet:-1, max-image-preview:large, max-video-preview:-1\" \/>\n<link rel=\"canonical\" href=\"https:\/\/www.uni.lu\/de\/ueber-uns\/organisation\/verwaltung\/datenschutz\/videoueberwachung\/\" \/>\n<meta property=\"og:locale\" content=\"de_DE\" \/>\n<meta property=\"og:type\" content=\"article\" \/>\n<meta property=\"og:title\" content=\"Video\u00fcberwachung\" \/>\n<meta property=\"og:description\" content=\"Die Universit\u00e4t Luxemburg hat ein CCTV-System (Video\u00fcberwachung) auf ihrem gesamten Campus eingef\u00fchrt. Das f\u00fcr die Sicherheit zust\u00e4ndige Personal der\" \/>\n<meta property=\"og:url\" content=\"https:\/\/www.uni.lu\/de\/ueber-uns\/organisation\/verwaltung\/datenschutz\/videoueberwachung\/\" \/>\n<meta property=\"og:site_name\" content=\"UNI DE\" \/>\n<meta property=\"article:publisher\" content=\"https:\/\/www.facebook.com\/uni.lu\" \/>\n<meta property=\"article:modified_time\" content=\"2026-03-13T09:29:15+00:00\" \/>\n<meta property=\"og:image\" content=\"https:\/\/www.uni.lu\/wp-content\/uploads\/sites\/10\/2026\/03\/03120000\/UNIV_SM-Profile_1600x1600px-scaled.jpg\" \/>\n\t<meta property=\"og:image:width\" content=\"2560\" \/>\n\t<meta property=\"og:image:height\" content=\"2560\" \/>\n\t<meta property=\"og:image:type\" content=\"image\/jpeg\" \/>\n<meta name=\"twitter:card\" content=\"summary_large_image\" \/>\n<meta name=\"twitter:label1\" content=\"Gesch\u00e4tzte Lesezeit\" \/>\n\t<meta name=\"twitter:data1\" content=\"2 Minuten\" \/>\n<script type=\"application\/ld+json\" class=\"yoast-schema-graph\">{\"@context\":\"https:\/\/schema.org\",\"@graph\":[{\"@type\":\"WebPage\",\"@id\":\"https:\/\/www.uni.lu\/de\/ueber-uns\/organisation\/verwaltung\/datenschutz\/videoueberwachung\/\",\"url\":\"https:\/\/www.uni.lu\/de\/ueber-uns\/organisation\/verwaltung\/datenschutz\/videoueberwachung\/\",\"name\":\"Video\u00fcberwachung - Universit\u00e4t Luxemburg\",\"isPartOf\":{\"@id\":\"https:\/\/www.uni.lu\/de\/#website\"},\"datePublished\":\"2024-02-01T12:50:12+00:00\",\"dateModified\":\"2026-03-13T09:29:15+00:00\",\"description\":\"Die Universit\u00e4t Luxemburg hat ein CCTV-System (Video\u00fcberwachung) auf ihrem gesamten Campus eingef\u00fchrt. Das f\u00fcr die Sicherheit zust\u00e4ndige Personal der\",\"breadcrumb\":{\"@id\":\"https:\/\/www.uni.lu\/de\/ueber-uns\/organisation\/verwaltung\/datenschutz\/videoueberwachung\/#breadcrumb\"},\"inLanguage\":\"de-DE\",\"potentialAction\":[{\"@type\":\"ReadAction\",\"target\":[\"https:\/\/www.uni.lu\/de\/ueber-uns\/organisation\/verwaltung\/datenschutz\/videoueberwachung\/\"]}]},{\"@type\":\"BreadcrumbList\",\"@id\":\"https:\/\/www.uni.lu\/de\/ueber-uns\/organisation\/verwaltung\/datenschutz\/videoueberwachung\/#breadcrumb\",\"itemListElement\":[{\"@type\":\"ListItem\",\"position\":1,\"name\":\"Home\",\"item\":\"https:\/\/www.uni.lu\/de\/\"},{\"@type\":\"ListItem\",\"position\":2,\"name\":\"\u00dcber uns\",\"item\":\"https:\/\/www.uni.lu\/de\/ueber-uns\/\"},{\"@type\":\"ListItem\",\"position\":3,\"name\":\"Organisation\",\"item\":\"https:\/\/www.uni.lu\/de\/ueber-uns\/organisation\/\"},{\"@type\":\"ListItem\",\"position\":4,\"name\":\"Verwaltung\",\"item\":\"https:\/\/www.uni.lu\/de\/ueber-uns\/organisation\/verwaltung\/\"},{\"@type\":\"ListItem\",\"position\":5,\"name\":\"B\u00fcro f\u00fcr Datenschutz\",\"item\":\"https:\/\/www.uni.lu\/de\/ueber-uns\/organisation\/verwaltung\/datenschutz\/\"},{\"@type\":\"ListItem\",\"position\":6,\"name\":\"Video\u00fcberwachung\"}]},{\"@type\":\"WebSite\",\"@id\":\"https:\/\/www.uni.lu\/de\/#website\",\"url\":\"https:\/\/www.uni.lu\/de\/\",\"name\":\"Uni.lu\",\"description\":\"Universit\u00e4t Luxemburg\",\"publisher\":{\"@id\":\"https:\/\/www.uni.lu\/de\/#organization\"},\"alternateName\":\"Universit\u00e4t Luxemburg\",\"potentialAction\":[{\"@type\":\"SearchAction\",\"target\":{\"@type\":\"EntryPoint\",\"urlTemplate\":\"https:\/\/www.uni.lu\/de\/?s={search_term_string}\"},\"query-input\":\"required name=search_term_string\"}],\"inLanguage\":\"de-DE\"},{\"@type\":\"Organization\",\"@id\":\"https:\/\/www.uni.lu\/de\/#organization\",\"name\":\"Universit\u00e4t Luxemburg\",\"alternateName\":\"Uni.lu\",\"url\":\"https:\/\/www.uni.lu\/de\/\",\"logo\":{\"@type\":\"ImageObject\",\"inLanguage\":\"de-DE\",\"@id\":\"https:\/\/www.uni.lu\/de\/#\/schema\/logo\/image\/\",\"url\":\"https:\/\/www.uni.lu\/wp-content\/uploads\/sites\/10\/2026\/03\/03120000\/UNIV_SM-Profile_1600x1600px-scaled.jpg\",\"contentUrl\":\"https:\/\/www.uni.lu\/wp-content\/uploads\/sites\/10\/2026\/03\/03120000\/UNIV_SM-Profile_1600x1600px-scaled.jpg\",\"width\":2560,\"height\":2560,\"caption\":\"Universit\u00e4t Luxemburg\"},\"image\":\"https:\/\/www.uni.lu\/wp-content\/uploads\/sites\/10\/2026\/04\/24144329\/20200609-Belval-Campus_Henri-Goergen-23.jpg\",\"sameAs\":[\"https:\/\/www.facebook.com\/uni.lu\",\"https:\/\/www.linkedin.com\/school\/university-of-luxembourg\/\",\"https:\/\/www.instagram.com\/uni.lu\",\"https:\/\/www.youtube.com\/@uni_lu\",\"https:\/\/en.wikipedia.org\/wiki\/University_of_Luxembourg\"],\"email\":\"communication@uni.lu\",\"telephone\":\"+3524666441\",\"address\":{\"@type\":\"PostalAddress\",\"streetAddress\":\"2, place de l\u2019Universit\u00e9\",\"addressLocality\":\"Esch-sur-Alzette\",\"postalCode\":\"4365\",\"addressCountry\":\"LU\"},\"description\":\"Universit\u00e4t Luxemburg\"}]}<\/script>\n<!-- \/ Yoast SEO Premium plugin. -->","yoast_head_json":{"title":"Video\u00fcberwachung - Universit\u00e4t Luxemburg","description":"Die Universit\u00e4t Luxemburg hat ein CCTV-System (Video\u00fcberwachung) auf ihrem gesamten Campus eingef\u00fchrt. Das f\u00fcr die Sicherheit zust\u00e4ndige Personal der","robots":{"index":"index","follow":"follow","max-snippet":"max-snippet:-1","max-image-preview":"max-image-preview:large","max-video-preview":"max-video-preview:-1"},"canonical":"https:\/\/www.uni.lu\/de\/ueber-uns\/organisation\/verwaltung\/datenschutz\/videoueberwachung\/","og_locale":"de_DE","og_type":"article","og_title":"Video\u00fcberwachung","og_description":"Die Universit\u00e4t Luxemburg hat ein CCTV-System (Video\u00fcberwachung) auf ihrem gesamten Campus eingef\u00fchrt. Das f\u00fcr die Sicherheit zust\u00e4ndige Personal der","og_url":"https:\/\/www.uni.lu\/de\/ueber-uns\/organisation\/verwaltung\/datenschutz\/videoueberwachung\/","og_site_name":"UNI DE","article_publisher":"https:\/\/www.facebook.com\/uni.lu","article_modified_time":"2026-03-13T09:29:15+00:00","og_image":[{"width":2560,"height":2560,"url":"https:\/\/www.uni.lu\/wp-content\/uploads\/sites\/10\/2026\/03\/03120000\/UNIV_SM-Profile_1600x1600px-scaled.jpg","type":"image\/jpeg"}],"twitter_card":"summary_large_image","twitter_misc":{"Gesch\u00e4tzte Lesezeit":"2 Minuten"},"schema":{"@context":"https:\/\/schema.org","@graph":[{"@type":"WebPage","@id":"https:\/\/www.uni.lu\/de\/ueber-uns\/organisation\/verwaltung\/datenschutz\/videoueberwachung\/","url":"https:\/\/www.uni.lu\/de\/ueber-uns\/organisation\/verwaltung\/datenschutz\/videoueberwachung\/","name":"Video\u00fcberwachung - Universit\u00e4t Luxemburg","isPartOf":{"@id":"https:\/\/www.uni.lu\/de\/#website"},"datePublished":"2024-02-01T12:50:12+00:00","dateModified":"2026-03-13T09:29:15+00:00","description":"Die Universit\u00e4t Luxemburg hat ein CCTV-System (Video\u00fcberwachung) auf ihrem gesamten Campus eingef\u00fchrt. Das f\u00fcr die Sicherheit zust\u00e4ndige Personal der","breadcrumb":{"@id":"https:\/\/www.uni.lu\/de\/ueber-uns\/organisation\/verwaltung\/datenschutz\/videoueberwachung\/#breadcrumb"},"inLanguage":"de-DE","potentialAction":[{"@type":"ReadAction","target":["https:\/\/www.uni.lu\/de\/ueber-uns\/organisation\/verwaltung\/datenschutz\/videoueberwachung\/"]}]},{"@type":"BreadcrumbList","@id":"https:\/\/www.uni.lu\/de\/ueber-uns\/organisation\/verwaltung\/datenschutz\/videoueberwachung\/#breadcrumb","itemListElement":[{"@type":"ListItem","position":1,"name":"Home","item":"https:\/\/www.uni.lu\/de\/"},{"@type":"ListItem","position":2,"name":"\u00dcber uns","item":"https:\/\/www.uni.lu\/de\/ueber-uns\/"},{"@type":"ListItem","position":3,"name":"Organisation","item":"https:\/\/www.uni.lu\/de\/ueber-uns\/organisation\/"},{"@type":"ListItem","position":4,"name":"Verwaltung","item":"https:\/\/www.uni.lu\/de\/ueber-uns\/organisation\/verwaltung\/"},{"@type":"ListItem","position":5,"name":"B\u00fcro f\u00fcr Datenschutz","item":"https:\/\/www.uni.lu\/de\/ueber-uns\/organisation\/verwaltung\/datenschutz\/"},{"@type":"ListItem","position":6,"name":"Video\u00fcberwachung"}]},{"@type":"WebSite","@id":"https:\/\/www.uni.lu\/de\/#website","url":"https:\/\/www.uni.lu\/de\/","name":"Uni.lu","description":"Universit\u00e4t Luxemburg","publisher":{"@id":"https:\/\/www.uni.lu\/de\/#organization"},"alternateName":"Universit\u00e4t Luxemburg","potentialAction":[{"@type":"SearchAction","target":{"@type":"EntryPoint","urlTemplate":"https:\/\/www.uni.lu\/de\/?s={search_term_string}"},"query-input":"required name=search_term_string"}],"inLanguage":"de-DE"},{"@type":"Organization","@id":"https:\/\/www.uni.lu\/de\/#organization","name":"Universit\u00e4t Luxemburg","alternateName":"Uni.lu","url":"https:\/\/www.uni.lu\/de\/","logo":{"@type":"ImageObject","inLanguage":"de-DE","@id":"https:\/\/www.uni.lu\/de\/#\/schema\/logo\/image\/","url":"https:\/\/www.uni.lu\/wp-content\/uploads\/sites\/10\/2026\/03\/03120000\/UNIV_SM-Profile_1600x1600px-scaled.jpg","contentUrl":"https:\/\/www.uni.lu\/wp-content\/uploads\/sites\/10\/2026\/03\/03120000\/UNIV_SM-Profile_1600x1600px-scaled.jpg","width":2560,"height":2560,"caption":"Universit\u00e4t Luxemburg"},"image":"https:\/\/www.uni.lu\/wp-content\/uploads\/sites\/10\/2026\/04\/24144329\/20200609-Belval-Campus_Henri-Goergen-23.jpg","sameAs":["https:\/\/www.facebook.com\/uni.lu","https:\/\/www.linkedin.com\/school\/university-of-luxembourg\/","https:\/\/www.instagram.com\/uni.lu","https:\/\/www.youtube.com\/@uni_lu","https:\/\/en.wikipedia.org\/wiki\/University_of_Luxembourg"],"email":"communication@uni.lu","telephone":"+3524666441","address":{"@type":"PostalAddress","streetAddress":"2, place de l\u2019Universit\u00e9","addressLocality":"Esch-sur-Alzette","postalCode":"4365","addressCountry":"LU"},"description":"Universit\u00e4t Luxemburg"}]}},"ticketed":false,"_links":{"self":[{"href":"https:\/\/www.uni.lu\/de\/wp-json\/wp\/v2\/pages\/3139"}],"collection":[{"href":"https:\/\/www.uni.lu\/de\/wp-json\/wp\/v2\/pages"}],"about":[{"href":"https:\/\/www.uni.lu\/de\/wp-json\/wp\/v2\/types\/page"}],"author":[{"embeddable":true,"href":"https:\/\/www.uni.lu\/de\/wp-json\/wp\/v2\/users\/33"}],"replies":[{"embeddable":true,"href":"https:\/\/www.uni.lu\/de\/wp-json\/wp\/v2\/comments?post=3139"}],"version-history":[{"count":4,"href":"https:\/\/www.uni.lu\/de\/wp-json\/wp\/v2\/pages\/3139\/revisions"}],"predecessor-version":[{"id":9020,"href":"https:\/\/www.uni.lu\/de\/wp-json\/wp\/v2\/pages\/3139\/revisions\/9020"}],"up":[{"embeddable":true,"href":"https:\/\/www.uni.lu\/de\/wp-json\/wp\/v2\/pages\/1449"}],"wp:authorship":[{"embeddable":true,"href":"https:\/\/www.uni.lu\/de\/wp-json\/wp\/v2\/users\/33"}],"wp:attachment":[{"href":"https:\/\/www.uni.lu\/de\/wp-json\/wp\/v2\/media?parent=3139"}],"wp:term":[{"taxonomy":"field-of-interest","embeddable":true,"href":"https:\/\/www.uni.lu\/de\/wp-json\/wp\/v2\/field-of-interest?post=3139"},{"taxonomy":"organisation","embeddable":true,"href":"https:\/\/www.uni.lu\/de\/wp-json\/wp\/v2\/organisation?post=3139"}],"curies":[{"name":"wp","href":"https:\/\/api.w.org\/{rel}","templated":true}]}}