{"id":1723,"date":"2023-10-27T14:38:05","date_gmt":"2023-10-27T12:38:05","guid":{"rendered":"https:\/\/www.uni.lu\/de\/?page_id=1723"},"modified":"2026-01-02T15:13:45","modified_gmt":"2026-01-02T14:13:45","slug":"unsere-forschung-unterstuetzen","status":"publish","type":"page","link":"https:\/\/www.uni.lu\/de\/ueber-uns\/unterstuetzen-sie-die-universitaet\/unsere-forschung-unterstuetzen\/","title":{"rendered":"Unsere Forschung unterst\u00fctzen"},"content":{"rendered":"<div class=\"section py-0 static\">\n<section class=\"py-0 wp-block-unilux-blocks-free-section section\"><div class=\"container xl:max-w-screen-xl\"><!-- SecondaryNavigationMirror --><div class=\"js-secondary-nav--sticky wp-block-unilux-blocks-secondary-navigation\" id=\"a8e67a39-5aae-479b-b916-6053a6bbce66\">\n    <nav id=\"secondary-navigation\" role=\"navigation\" aria-label=\"Secondary menu\" class=\"secondary-nav\">\n        <button class=\"secondary-nav__button btn btn-solid--primary w-full\" aria-expanded=\"false\" aria-controls=\"secondary-navigation__list\" title=\"The selected page is Unsere Forschung unterst\u00fctzen\" type=\"button\">\n            <span class=\"btn__name mr-auto\">Unsere Forschung unterst\u00fctzen<\/span>\n            <svg aria-hidden=\"true\" focusable=\"false\" class=\"icon icon-outline icon--xs\">\n                <use xlink:href=\"https:\/\/www.uni.lu\/wp-content\/themes\/unilux-theme\/assets\/images\/icons\/icons-outline.svg#icon--arrow-down\" \/>\n            <\/svg>\n        <\/button>\n\n        <ul id=\"secondary-navigation__list\" class=\"secondary-nav__list\">\n            <li class=\"secondary-nav__item\">\n    <a href=\"https:\/\/www.uni.lu\/de\/ueber-uns\/unterstuetzen-sie-die-universitaet\/\" target=\"\" rel=\"noreferrer noopener\" class=\"secondary-nav__link \">\n        <svg aria-hidden=\"true\" focusable=\"false\" class=\"icon icon-outline icon--xs\">\n            <use xlink:href=\"https:\/\/www.uni.lu\/wp-content\/themes\/unilux-theme\/assets\/images\/icons\/icons-outline.svg#icon--arrow-right\" \/>\n        <\/svg>\n        <span class=\"secondary-nav__name\">\u00dcbersicht<\/span>\n    <\/a>\n<\/li>\n<li class=\"secondary-nav__item\">\n    <a href=\"https:\/\/www.uni.lu\/de\/ueber-uns\/unterstuetzen-sie-die-universitaet\/unsere-forschung-unterstuetzen\/\" target=\"\" rel=\"noreferrer noopener\" class=\"secondary-nav__link isactived\" aria-current=\"page\">\n        <svg aria-hidden=\"true\" focusable=\"false\" class=\"icon icon-outline icon--xs\">\n            <use xlink:href=\"https:\/\/www.uni.lu\/wp-content\/themes\/unilux-theme\/assets\/images\/icons\/icons-outline.svg#icon--arrow-right\" \/>\n        <\/svg>\n        <span class=\"secondary-nav__name\">Unsere Forschung unterst\u00fctzen<\/span>\n    <\/a>\n<\/li>\n<li class=\"secondary-nav__item\">\n    <a href=\"https:\/\/www.uni.lu\/de\/ueber-uns\/unterstuetzen-sie-die-universitaet\/unsere-studierenden-unterstuetzen\/\" target=\"\" rel=\"noreferrer noopener\" class=\"secondary-nav__link \">\n        <svg aria-hidden=\"true\" focusable=\"false\" class=\"icon icon-outline icon--xs\">\n            <use xlink:href=\"https:\/\/www.uni.lu\/wp-content\/themes\/unilux-theme\/assets\/images\/icons\/icons-outline.svg#icon--arrow-right\" \/>\n        <\/svg>\n        <span class=\"secondary-nav__name\">Unsere Studierenden unterst\u00fctzen<\/span>\n    <\/a>\n<\/li>\n<li class=\"secondary-nav__item\">\n    <a href=\"https:\/\/www.uni.lu\/de\/ueber-uns\/unterstuetzen-sie-die-universitaet\/vermaechtnisse\/\" target=\"\" rel=\"noreferrer noopener\" class=\"secondary-nav__link \">\n        <svg aria-hidden=\"true\" focusable=\"false\" class=\"icon icon-outline icon--xs\">\n            <use xlink:href=\"https:\/\/www.uni.lu\/wp-content\/themes\/unilux-theme\/assets\/images\/icons\/icons-outline.svg#icon--arrow-right\" \/>\n        <\/svg>\n        <span class=\"secondary-nav__name\">Verm\u00e4chtnisse<\/span>\n    <\/a>\n<\/li>\n<li class=\"secondary-nav__item\">\n    <a href=\"https:\/\/www.uni.lu\/de\/ueber-uns\/unterstuetzen-sie-die-universitaet\/spenden-im-gedenken\/\" target=\"\" rel=\"noreferrer noopener\" class=\"secondary-nav__link \">\n        <svg aria-hidden=\"true\" focusable=\"false\" class=\"icon icon-outline icon--xs\">\n            <use xlink:href=\"https:\/\/www.uni.lu\/wp-content\/themes\/unilux-theme\/assets\/images\/icons\/icons-outline.svg#icon--arrow-right\" \/>\n        <\/svg>\n        <span class=\"secondary-nav__name\">Spenden im Gedenken<\/span>\n    <\/a>\n<\/li>\n<li class=\"secondary-nav__item\">\n    <a href=\"https:\/\/www.uni.lu\/de\/ueber-uns\/unterstuetzen-sie-die-universitaet\/so-koennen-sie-eine-spende-leisten\/\" target=\"\" rel=\"noreferrer noopener\" class=\"secondary-nav__link \">\n        <svg aria-hidden=\"true\" focusable=\"false\" class=\"icon icon-outline icon--xs\">\n            <use xlink:href=\"https:\/\/www.uni.lu\/wp-content\/themes\/unilux-theme\/assets\/images\/icons\/icons-outline.svg#icon--arrow-right\" \/>\n        <\/svg>\n        <span class=\"secondary-nav__name\">So k\u00f6nnen Sie eine Spende leisten<\/span>\n    <\/a>\n<\/li>\n<li class=\"secondary-nav__item\">\n    <a href=\"https:\/\/www.uni.lu\/de\/ueber-uns\/unterstuetzen-sie-die-universitaet\/kontakt\/\" target=\"\" rel=\"noreferrer noopener\" class=\"secondary-nav__link \">\n        <svg aria-hidden=\"true\" focusable=\"false\" class=\"icon icon-outline icon--xs\">\n            <use xlink:href=\"https:\/\/www.uni.lu\/wp-content\/themes\/unilux-theme\/assets\/images\/icons\/icons-outline.svg#icon--arrow-right\" \/>\n        <\/svg>\n        <span class=\"secondary-nav__name\">Kontakt<\/span>\n    <\/a>\n<\/li>\n        <\/ul>\n    <\/nav>\n<\/div>\n<!-- end SecondaryNavigationMirror --><\/div><\/section>\n\n\n\n<section class=\"wp-block-unilux-blocks-free-section section\"><div class=\"container xl:max-w-screen-xl\">\n<h1 class=\"has-text-align-left wp-block-unilux-blocks-heading\"        id=\"unsere-forschung-unterstuetzen\"\n    >\nUnsere Forschung unterst\u00fctzen<\/h1>\n\n\n\n<p>An der Universit\u00e4t Luxemburg machen wir uns daf\u00fcr stark, mit wirkungsvoller, weltver\u00e4ndernder Forschung voranzugehen. Obschon wir alle unsere verschiedenen Studienbereiche wertsch\u00e4tzen, konzentrieren wir uns momentan vorrangig auf drei Hauptdisziplinen: Medizin und Gesundheit, Digitaler Wandel sowie Nachhaltige und gesellschaftliche Entwicklung. Wir sind \u00fcberzeugt, dass wesentliche Durchbr\u00fcche in diesen Bereichen unsere Welt neu definieren, unser Wohlbefinden steigern und eine nachhaltige Zukunft f\u00fcr alle gew\u00e4hrleisten k\u00f6nnen. Wir begr\u00fc\u00dfen und wissen Ihre Unterst\u00fctzung unserer Forschungsanstrengungen sehr zu sch\u00e4tzen. Dennoch rufen wir insbesondere zu Spenden in diesen drei Bereichen auf, in denen unsere engagierten Wissenschaftler\/innen auf internationaler Ebene bedeutende Fortschritte erzielen. Spendengelder k\u00f6nnen in kleine oder gro\u00dfe Projekte, die Verg\u00fctung der Wissenschaftler\/innen, Ausr\u00fcstung usw. flie\u00dfen. Indem Sie diese Anstrengungen unterst\u00fctzen, leisten Sie einen wesentlichen Beitrag, eine ges\u00fcndere, st\u00e4rker vernetzte und nachhaltige Welt f\u00fcr die kommenden Generationen zu schaffen. Ihre Gro\u00dfz\u00fcgigkeit kann einen echten Unterschied bewirken. Vielen Dank!<\/p>\n\n\n\n<h2 class=\"has-text-align-left wp-block-unilux-blocks-heading\"        id=\"spenden-sie-zu-unseren-forschungsfonds\"\n    >\nSpenden Sie zu unseren Forschungsfonds<\/h2>\n\n\n\n<p>Unterst\u00fctzen Sie die Spitzenforschung in Luxemburg, indem Sie einen Beitrag zu dem Fonds leisten, der Ihren Interessen entspricht. Ihre Spende tr\u00e4gt zu bahnbrechenden Entdeckungen und Fortschritten auf dem Weg zu besseren Diagnosen und neuen Behandlungen f\u00fcr verschiedene Krankheiten bei. Jede Spende macht einen bedeutenden Unterschied.<\/p>\n\n\n<ul class=\"flex flex-wrap mt-24 -mx-16  wp-block-unilux-blocks-free-content-card\">\n    <li class=\"w-full sm:w-1\/2 lg:w-1\/3 px-16  wp-block-unilux-blocks-free-content-card-item\">\n    <div class=\"ulux-card card-facilities bg-theme\">\n        <div class=\"ulux-card__container card__container\">\n                        <div class=\"ulux-card__visual wp-block-unilux-blocks-free-content-card-item-visual\">\n    \n<div class=\"wp-block-unilux-blocks-image-video-wrapper\">\n    <figure class=\"wp-block-dev4-reusable-blocks-image  object-fit--cover\">\n    \n<img decoding=\"async\" class=\"wp-block-image unilux-custom-image-block\"\n                alt=\"\"\n            src=\"https:\/\/www.uni.lu\/wp-content\/uploads\/sites\/10\/2025\/03\/LCSB_Support-US_Parkinsons.png\"\n                srcset=\"https:\/\/www.uni.lu\/wp-content\/uploads\/sites\/10\/2025\/03\/LCSB_Support-US_Parkinsons-300x173.png 300w, https:\/\/www.uni.lu\/wp-content\/uploads\/sites\/10\/2025\/03\/LCSB_Support-US_Parkinsons-1024x590.png 1024w, https:\/\/www.uni.lu\/wp-content\/uploads\/sites\/10\/2025\/03\/LCSB_Support-US_Parkinsons-768x442.png 768w, https:\/\/www.uni.lu\/wp-content\/uploads\/sites\/10\/2025\/03\/LCSB_Support-US_Parkinsons.png 1528w\"\n                style=\"object-position: 50.00% 50.00%; font-family: &quot;object-fit: cover; object-position: 50.00% 50.00%;&quot;; aspect-ratio: 4\/3; object-fit: cover; width: 100%;\"\n        loading=\"lazy\"\n\/>    <\/figure><\/div><\/div><div class=\"ulux-card__body wp-block-unilux-blocks-free-content-card-item-body\">\n    \n<h3 class=\"ulux-card__title has-text-align-left wp-block-unilux-blocks-heading\"        id=\"parkinson-forschungsfonds\"\n    >\n<strong>Parkinson-Forschungsfond<\/strong>s<\/h3>\n<div class=\"ulux-card__description wp-block-unilux-blocks-free-content-card-item-free-content-area\">\n    \n<p>Die Universit\u00e4t Luxemburg hat sich zum Ziel gesetzt, ein f\u00fchrendes Parkinson-Forschungszentrum aufzubauen, das genetische und umweltbedingte Faktoren untersucht, um Pr\u00e4vention, Diagnose und Behandlung zu verbessern. Mit Ihrer Unterst\u00fctzung k\u00f6nnen wir einer Heilung n\u00e4her kommen.<\/p>\n<\/div><div class=\"wp-block-unilux-blocks-simple-cta\">\n    <a\n        href=\"https:\/\/www.uni.lu\/de\/ueber-uns\/unterstuetzen-sie-die-universitaet\/unsere-forschung-unterstuetzen\/parkinson-forschungsfonds\/\"\n        title=\"Learn more\"\n        class=\"link-text link-text--icon ulux-card__link link-text link-absolute\"\n        target=\"\"\n    >\n        <span class=\"link-text__body\">\n            <span class=\"link-text__name\">Mehr erfahren<\/span>\n        <\/span>\n        <svg aria-hidden=\"true\" focusable=\"false\" class=\"icon icon-outline icon--arrow-right \"><use xlink:href=\"https:\/\/www.uni.lu\/wp-content\/themes\/unilux-theme\/assets\/images\/icons\/icons-outline.svg#icon--arrow-right\"><\/use><\/svg>    <\/a>\n<\/div>\n<\/div>        <\/div>\n    <\/div>\n<\/li><li class=\"w-full sm:w-1\/2 lg:w-1\/3 px-16  wp-block-unilux-blocks-free-content-card-item\">\n    <div class=\"ulux-card card-facilities bg-theme\">\n        <div class=\"ulux-card__container card__container\">\n                        <div class=\"ulux-card__visual wp-block-unilux-blocks-free-content-card-item-visual\">\n    \n<div class=\"wp-block-unilux-blocks-image-video-wrapper\">\n    <figure class=\"wp-block-dev4-reusable-blocks-image  object-fit--cover\">\n    \n<img decoding=\"async\" class=\"wp-block-image unilux-custom-image-block\"\n                alt=\"\"\n            src=\"https:\/\/www.uni.lu\/wp-content\/uploads\/sites\/10\/2025\/03\/LCSB_Support-Us_Alzheimers.png\"\n                srcset=\"https:\/\/www.uni.lu\/wp-content\/uploads\/sites\/10\/2025\/03\/LCSB_Support-Us_Alzheimers-300x173.png 300w, https:\/\/www.uni.lu\/wp-content\/uploads\/sites\/10\/2025\/03\/LCSB_Support-Us_Alzheimers-768x443.png 768w, https:\/\/www.uni.lu\/wp-content\/uploads\/sites\/10\/2025\/03\/LCSB_Support-Us_Alzheimers.png 1018w\"\n                style=\"object-position: 89.00% 37.00%; font-family: &quot;object-fit: cover; object-position: 89.00% 37.00%;&quot;; aspect-ratio: 4\/3; object-fit: cover; width: 100%;\"\n        loading=\"lazy\"\n\/>    <\/figure><\/div><\/div><div class=\"ulux-card__body wp-block-unilux-blocks-free-content-card-item-body\">\n    \n<h3 class=\"ulux-card__title has-text-align-left wp-block-unilux-blocks-heading\"        id=\"alzheimer-forschungsfonds\"\n    >\nAlzheimer-Forschungsfonds<\/h3>\n<div class=\"ulux-card__description wp-block-unilux-blocks-free-content-card-item-free-content-area\">\n    \n<p>Die Universit\u00e4t Luxemburg setzt sich daf\u00fcr ein, die Alzheimer-Krankheit durch neue Erkenntnisse zur Pr\u00e4vention und Risikominderung zu bek\u00e4mpfen. Ihre Unterst\u00fctzung kann Durchbr\u00fcche bei der Fr\u00fcherkennung, beim Schutz und bei innovativen Behandlungen erm\u00f6glichen.<\/p>\n<\/div><div class=\"wp-block-unilux-blocks-simple-cta\">\n    <a\n        href=\"https:\/\/www.uni.lu\/de\/ueber-uns\/unterstuetzen-sie-die-universitaet\/unsere-forschung-unterstuetzen\/alzheimer-forschungsfonds\/\"\n        title=\"Learn more\"\n        class=\"link-text link-text--icon ulux-card__link link-text link-absolute\"\n        target=\"\"\n    >\n        <span class=\"link-text__body\">\n            <span class=\"link-text__name\">Mehr erfahren<\/span>\n        <\/span>\n        <svg aria-hidden=\"true\" focusable=\"false\" class=\"icon icon-outline icon--arrow-right \"><use xlink:href=\"https:\/\/www.uni.lu\/wp-content\/themes\/unilux-theme\/assets\/images\/icons\/icons-outline.svg#icon--arrow-right\"><\/use><\/svg>    <\/a>\n<\/div>\n<\/div>        <\/div>\n    <\/div>\n<\/li><li class=\"w-full sm:w-1\/2 lg:w-1\/3 px-16  wp-block-unilux-blocks-free-content-card-item\">\n    <div class=\"ulux-card card-facilities bg-theme\">\n        <div class=\"ulux-card__container card__container\">\n                        <div class=\"ulux-card__visual wp-block-unilux-blocks-free-content-card-item-visual\">\n    \n<div class=\"wp-block-unilux-blocks-image-video-wrapper\">\n    <figure class=\"wp-block-dev4-reusable-blocks-image  object-fit--cover\">\n    \n<img decoding=\"async\" class=\"wp-block-image unilux-custom-image-block\"\n                alt=\"\"\n            src=\"https:\/\/www.uni.lu\/wp-content\/uploads\/sites\/10\/2025\/03\/LCSB_Support-Us_Rare-childhood-disease.jpg\"\n                srcset=\"https:\/\/www.uni.lu\/wp-content\/uploads\/sites\/10\/2025\/03\/LCSB_Support-Us_Rare-childhood-disease-300x173.jpg 300w, https:\/\/www.uni.lu\/wp-content\/uploads\/sites\/10\/2025\/03\/LCSB_Support-Us_Rare-childhood-disease-1024x590.jpg 1024w, https:\/\/www.uni.lu\/wp-content\/uploads\/sites\/10\/2025\/03\/LCSB_Support-Us_Rare-childhood-disease-768x442.jpg 768w, https:\/\/www.uni.lu\/wp-content\/uploads\/sites\/10\/2025\/03\/LCSB_Support-Us_Rare-childhood-disease.jpg 1440w\"\n                style=\"object-position: 50.00% 50.00%; font-family: &quot;object-fit: cover; object-position: 50.00% 50.00%;&quot;; aspect-ratio: 4\/3; object-fit: cover; width: 100%;\"\n        loading=\"lazy\"\n\/>    <\/figure><\/div><\/div><div class=\"ulux-card__body wp-block-unilux-blocks-free-content-card-item-body\">\n    \n<h3 class=\"ulux-card__title has-text-align-left wp-block-unilux-blocks-heading\"        id=\"forschungsfonds-fuer-seltene-kinderkrankheiten\"\n    >\n<strong>Forschungsfonds f\u00fcr seltene Kinderkrankheiten<\/strong><\/h3>\n<div class=\"ulux-card__description wp-block-unilux-blocks-free-content-card-item-free-content-area\">\n    \n<p>An der Universit\u00e4t Luxemburg setzt das Team von Prof. Carole Linster fortschrittliche wissenschaftliche Methoden ein, um seltene Kinderkrankheiten zu bek\u00e4mpfen und den Familien Hoffnung zu geben. Ihre finanzielle Unterst\u00fctzung kann helfen, diese lebensver\u00e4ndernden Entdeckungen fortzusetzen.<\/p>\n<\/div><div class=\"wp-block-unilux-blocks-simple-cta\">\n    <a\n        href=\"https:\/\/www.uni.lu\/de\/ueber-uns\/unterstuetzen-sie-die-universitaet\/unsere-forschung-unterstuetzen\/forschungsfonds-fuer-seltene-kinderkrankheiten\/\"\n        title=\"Learn more\"\n        class=\"link-text link-text--icon ulux-card__link link-text link-absolute\"\n        target=\"\"\n    >\n        <span class=\"link-text__body\">\n            <span class=\"link-text__name\">Mehr erfahren<\/span>\n        <\/span>\n        <svg aria-hidden=\"true\" focusable=\"false\" class=\"icon icon-outline icon--arrow-right \"><use xlink:href=\"https:\/\/www.uni.lu\/wp-content\/themes\/unilux-theme\/assets\/images\/icons\/icons-outline.svg#icon--arrow-right\"><\/use><\/svg>    <\/a>\n<\/div>\n<\/div>        <\/div>\n    <\/div>\n<\/li><li class=\"w-full sm:w-1\/2 lg:w-1\/3 px-16  wp-block-unilux-blocks-free-content-card-item\">\n    <div class=\"ulux-card card-facilities bg-theme\">\n        <div class=\"ulux-card__container card__container\">\n                        <div class=\"ulux-card__visual wp-block-unilux-blocks-free-content-card-item-visual\">\n    \n<div class=\"wp-block-unilux-blocks-image-video-wrapper\">\n    <figure class=\"wp-block-dev4-reusable-blocks-image  object-fit--cover\">\n    \n<img decoding=\"async\" class=\"wp-block-image unilux-custom-image-block\"\n                alt=\"\"\n            src=\"https:\/\/www.uni.lu\/wp-content\/uploads\/sites\/9\/2025\/03\/national-cancer-institute-XknuBmnjbKg-unsplash-scaled.jpg\"\n                    style=\"object-position: 50.00% 50.00%; font-family: &quot;object-fit: cover; object-position: 50.00% 50.00%;&quot;; aspect-ratio: 4\/3; object-fit: cover; width: 100%;\"\n        loading=\"lazy\"\n\/>    <\/figure><\/div><\/div><div class=\"ulux-card__body wp-block-unilux-blocks-free-content-card-item-body\">\n    \n<h3 class=\"ulux-card__title has-text-align-left wp-block-unilux-blocks-heading\"        id=\"krebsforschungsfonds\"\n    >\n<strong>Krebsforschungsfonds<\/strong><\/h3>\n<div class=\"ulux-card__description wp-block-unilux-blocks-free-content-card-item-free-content-area\">\n    \n<p>Der Krebsforschungsfonds der Universit\u00e4t unterst\u00fctzt Forscher, um kontinuierliche Durchbr\u00fcche bei der Krebsbek\u00e4mpfung zu erzielen, mit dem Ziel, die weltweite Belastung durch Krebs zu verringern, beginnend in Luxemburg.<\/p>\n<\/div><div class=\"wp-block-unilux-blocks-simple-cta\">\n    <a\n        href=\"https:\/\/www.uni.lu\/de\/ueber-uns\/unterstuetzen-sie-die-universitaet\/unsere-forschung-unterstuetzen\/krebsforschungsfonds\/\"\n        title=\"Learn more\"\n        class=\"link-text link-text--icon ulux-card__link link-text link-absolute\"\n        target=\"\"\n    >\n        <span class=\"link-text__body\">\n            <span class=\"link-text__name\">Mehr erfahren<\/span>\n        <\/span>\n        <svg aria-hidden=\"true\" focusable=\"false\" class=\"icon icon-outline icon--arrow-right \"><use xlink:href=\"https:\/\/www.uni.lu\/wp-content\/themes\/unilux-theme\/assets\/images\/icons\/icons-outline.svg#icon--arrow-right\"><\/use><\/svg>    <\/a>\n<\/div>\n<\/div>        <\/div>\n    <\/div>\n<\/li><\/ul><\/div><\/section>\n\n\n\n<section class=\"py-0 wp-block-unilux-blocks-free-section section\"><div class=\"container xl:max-w-screen-xl\">\n<h2 class=\"has-text-align-left wp-block-unilux-blocks-heading\"        id=\"ueber-die-forschungsschwerpunkte-der-universitaet\"\n    >\n\u00dcber die Forschungsschwerpunkte der Universit\u00e4t<\/h2>\n\n\n\n<div class=\"wp-block-unilux-blocks-accordion accordion accordion--theme accordion-standard\" data-reference=\"106d6887-2eba-49d9-a555-10d847aab7e3\" data-accordion-type=\"standard\"><div class=\"accordion__item  wp-block-unilux-blocks-accordion-item\">\n    <h3 class=\"accordion__header\"\n                    id=\"medizin-und-gesundheit\"\n        >\n        <button\n            type=\"button\"\n            id=\"accordion-labelledby-3e4c9afd-ddab-46ef-aed5-7ff1a6913459\"\n            class=\"accordion__button collapsed\"\n            aria-expanded=\"false\"\n            aria-controls=\"accordion-panel-3e4c9afd-ddab-46ef-aed5-7ff1a6913459\"\n            data-bs-toggle=\"collapse\"\n            data-bs-target=\"#accordion-panel-3e4c9afd-ddab-46ef-aed5-7ff1a6913459\"\n        >\n            <span class=\"accordion__title\">\n                                Medizin und Gesundheit            <\/span>\n\n            <svg aria-hidden=\"true\" focusable=\"false\" class=\"icon icon-outline icon--arrow-down \"><use xlink:href=\"https:\/\/www.uni.lu\/wp-content\/themes\/unilux-theme\/assets\/images\/icons\/icons-outline.svg#icon--arrow-down\"><\/use><\/svg>        <\/button>\n    <\/h3>\n    <div id=\"accordion-panel-3e4c9afd-ddab-46ef-aed5-7ff1a6913459\"\n        class=\"accordion__collapse collapse\"\n        aria-labelledby=\"accordion-labelledby-3e4c9afd-ddab-46ef-aed5-7ff1a6913459\"\n        data-bs-parent=\"[data-reference=&quot;106d6887-2eba-49d9-a555-10d847aab7e3&quot;]\"\n    >\n        <div class=\"accordion__body \">\n            \n<div class=\"wp-block-columns is-layout-flex wp-block-columns-is-layout-flex\">\n<div class=\"wp-block-column is-layout-flow wp-block-column-is-layout-flow\">\n<p>Die Gew\u00e4hrleistung gesunden Lebens und die F\u00f6rderung des Wohlbefindens in allen Altersgruppen ist f\u00fcr die Gesellschaft von wesentlicher Bedeutung. Die Universit\u00e4t Luxemburg engagiert sich als treibende Kraft im Streben Luxemburgs nach einem starken \u00d6kosystem in den Bereichen Gesundheit, Medizin und Biomedizin. Ihre Vision ist es, den internationalen Ruf des luxemburgischen Gesundheitssystems als Vorreiter in der Gesundheitsversorgung, klinischen Praxis und akademischen Forschung zu st\u00e4rken und Luxemburg so f\u00fcr die berufliche Laufbahn von Studierenden, Wissenschaftler\/innen sowie Expert\/innen attraktiv zu machen. Zur Forschung, die Stifter\/innen unterst\u00fctzen k\u00f6nnen, z\u00e4hlen Projekte in den Bereichen Krebsforschung, Psychiatrie und neurodegenerative Erkrankungen wie Alzheimer und Parkinson.<\/p>\n<\/div>\n\n\n\n<div class=\"wp-block-column is-layout-flow wp-block-column-is-layout-flow\"><figure class=\"wp-block-dev4-reusable-blocks-image  object-fit--cover\">\n    \n<img decoding=\"async\" class=\"wp-block-image unilux-custom-image-block\"\n                alt=\"Medical students over X-Ray screen\"\n            src=\"https:\/\/www.uni.lu\/wp-content\/uploads\/sites\/9\/2023\/06\/medicine-health.png\"\n                    style=\"object-position: 50.00% 50.00%; font-family: &quot;object-fit: cover; object-position: 50.00% 50.00%;&quot;; aspect-ratio: 16\/9; object-fit: cover; width: 100%;\"\n        loading=\"lazy\"\n\/>    <\/figure><\/div>\n<\/div>\n        <\/div>\n    <\/div>\n<\/div>\n\n<div class=\"accordion__item  wp-block-unilux-blocks-accordion-item\">\n    <h3 class=\"accordion__header\"\n                    id=\"nachhaltige-und-gesellschaftliche-entwicklung\"\n        >\n        <button\n            type=\"button\"\n            id=\"accordion-labelledby-5da04b68-af8e-4a16-affe-b87aabcee06c\"\n            class=\"accordion__button collapsed\"\n            aria-expanded=\"false\"\n            aria-controls=\"accordion-panel-5da04b68-af8e-4a16-affe-b87aabcee06c\"\n            data-bs-toggle=\"collapse\"\n            data-bs-target=\"#accordion-panel-5da04b68-af8e-4a16-affe-b87aabcee06c\"\n        >\n            <span class=\"accordion__title\">\n                                Nachhaltige und gesellschaftliche Entwicklung            <\/span>\n\n            <svg aria-hidden=\"true\" focusable=\"false\" class=\"icon icon-outline icon--arrow-down \"><use xlink:href=\"https:\/\/www.uni.lu\/wp-content\/themes\/unilux-theme\/assets\/images\/icons\/icons-outline.svg#icon--arrow-down\"><\/use><\/svg>        <\/button>\n    <\/h3>\n    <div id=\"accordion-panel-5da04b68-af8e-4a16-affe-b87aabcee06c\"\n        class=\"accordion__collapse collapse\"\n        aria-labelledby=\"accordion-labelledby-5da04b68-af8e-4a16-affe-b87aabcee06c\"\n        data-bs-parent=\"[data-reference=&quot;106d6887-2eba-49d9-a555-10d847aab7e3&quot;]\"\n    >\n        <div class=\"accordion__body \">\n            \n<div class=\"wp-block-columns is-layout-flex wp-block-columns-is-layout-flex\">\n<div class=\"wp-block-column is-layout-flow wp-block-column-is-layout-flow\">\n<p>Die Universit\u00e4t Luxemburg verfolgt die Vision, sich als Universit\u00e4t von Weltrang zu etablieren, die einen entscheidenden Beitrag zur nachhaltigen Entwicklung leistet. Dazu konzentriert sie sich nicht allein auf technologische Fortschritte, sondern misst dem individuellen Wohlbefinden, sozio\u00f6konomischen Faktoren und kulturellen Aspekten den gleichen Stellenwert bei, um eine nachhaltige und gesellschaftliche Entwicklung voranzutreiben. Stifter\/innen, die an der nachhaltigen und gesellschaftlichen Entwicklung interessiert sind, k\u00f6nnen die Universit\u00e4t durch Spenden f\u00fcr Disziplinen wie nachhaltige Gesellschaft, Architektur, Finanzwesen und Ern\u00e4hrungsweisen oder f\u00fcr unser k\u00fcnftiges interdisziplin\u00e4res Zentrum f\u00fcr Umweltsysteme unterst\u00fctzen. Ihre Investition tr\u00e4gt zu einer nachhaltigeren Zukunft bei.<\/p>\n<\/div>\n\n\n\n<div class=\"wp-block-column is-layout-flow wp-block-column-is-layout-flow\"><figure class=\"wp-block-dev4-reusable-blocks-image  object-fit--cover\">\n    \n<img decoding=\"async\" class=\"wp-block-image unilux-custom-image-block\"\n                alt=\"Glass globe marble on moss\"\n            src=\"https:\/\/www.uni.lu\/wp-content\/uploads\/sites\/9\/2023\/06\/sustainable-societal-development-BrianAJackson.png\"\n                    style=\"object-position: 50.00% 50.00%; font-family: &quot;object-fit: cover; object-position: 50.00% 50.00%;&quot;; aspect-ratio: 16\/9; object-fit: cover; width: 100%;\"\n        loading=\"lazy\"\n\/>    <\/figure><\/div>\n<\/div>\n        <\/div>\n    <\/div>\n<\/div>\n\n<div class=\"accordion__item  wp-block-unilux-blocks-accordion-item\">\n    <h3 class=\"accordion__header\"\n                    id=\"digitaler-wandel\"\n        >\n        <button\n            type=\"button\"\n            id=\"accordion-labelledby-7cbc7016-c163-426c-acc9-e7727c5143b2\"\n            class=\"accordion__button collapsed\"\n            aria-expanded=\"false\"\n            aria-controls=\"accordion-panel-7cbc7016-c163-426c-acc9-e7727c5143b2\"\n            data-bs-toggle=\"collapse\"\n            data-bs-target=\"#accordion-panel-7cbc7016-c163-426c-acc9-e7727c5143b2\"\n        >\n            <span class=\"accordion__title\">\n                                Digitaler Wandel            <\/span>\n\n            <svg aria-hidden=\"true\" focusable=\"false\" class=\"icon icon-outline icon--arrow-down \"><use xlink:href=\"https:\/\/www.uni.lu\/wp-content\/themes\/unilux-theme\/assets\/images\/icons\/icons-outline.svg#icon--arrow-down\"><\/use><\/svg>        <\/button>\n    <\/h3>\n    <div id=\"accordion-panel-7cbc7016-c163-426c-acc9-e7727c5143b2\"\n        class=\"accordion__collapse collapse\"\n        aria-labelledby=\"accordion-labelledby-7cbc7016-c163-426c-acc9-e7727c5143b2\"\n        data-bs-parent=\"[data-reference=&quot;106d6887-2eba-49d9-a555-10d847aab7e3&quot;]\"\n    >\n        <div class=\"accordion__body \">\n            \n<div class=\"wp-block-columns is-layout-flex wp-block-columns-is-layout-flex\">\n<div class=\"wp-block-column is-layout-flow wp-block-column-is-layout-flow\">\n<p>Digitalisierung, IKT, Datenwissenschaft und k\u00fcnstliche Intelligenz (KI) spielen im Alltag eine immer wichtigere Rolle und ver\u00e4ndern die Art und Weise, wie Universit\u00e4ten ihre Aufgaben in Forschung und Bildung erf\u00fcllen und gesellschaftlichen, wirtschaftlichen und kulturellen Einfluss aus\u00fcben. Die Universit\u00e4t Luxemburg tr\u00e4gt zum Bestreben Luxemburgs bei, sich zu einer der fortschrittlichsten digitalen Gesellschaften zu entwickeln und sich als datengesteuerte und nachhaltige Wirtschaft zu positionieren. Stifter\/innen k\u00f6nnen die Universit\u00e4t bei ihrer Mission unterst\u00fctzen, die digitalen Welt zu gestalten und sich mit Fragen der Datensicherheit und des Datenschutzes, der digitalen Kluft in der Gesellschaft, der Ethik und Datensicherheit sowie des gesellschaftlichen und technischen Vertrauens zu befassen. Stifter\/innen, die mit ihrem Beitrag eine fundierte demokratische und ethische Debatte zur Digitalisierung in Luxemburg in Gang setzen m\u00f6chten, k\u00f6nnen auch das neu gegr\u00fcndete Zentrum f\u00fcr ethische Digitalisierung unterst\u00fctzen.<\/p>\n<\/div>\n\n\n\n<div class=\"wp-block-column is-layout-flow wp-block-column-is-layout-flow\"><figure class=\"wp-block-dev4-reusable-blocks-image  object-fit--cover\">\n    \n<img decoding=\"async\" class=\"wp-block-image unilux-custom-image-block\"\n                alt=\"Digital Transformation\"\n            src=\"https:\/\/www.uni.lu\/wp-content\/uploads\/sites\/9\/2023\/06\/digital-transformation-Vertigo3d.png\"\n                    style=\"object-position: 50.00% 50.00%; font-family: &quot;object-fit: cover; object-position: 50.00% 50.00%;&quot;; aspect-ratio: 16\/9; object-fit: cover; width: 100%;\"\n        loading=\"lazy\"\n\/>    <\/figure><\/div>\n<\/div>\n        <\/div>\n    <\/div>\n<\/div><\/div>\n\n\n<div class=\"wp-block-unilux-blocks-spacer is-spacer-size-sm\"><\/div>\n\n\n<ul class=\"wp-block-unilux-blocks-button-list-v2\">\n<li class=\"wp-block-unilux-blocks-button-list-item-v2\"><a class=\"quick-link\" href=\"https:\/\/www.uni.lu\/research-de\/\" target=\"\" role=\"link\" rel=\"noopener\" tabindex=\"0\"><span class=\"quick-link__container\">\n<div class=\"wp-block-unilux-blocks-block-inserter quick-link__img\">\n<div class=\"icon--primary icon--secondary-2 icon--lg wp-block-unilux-blocks-icon-picker\">\n    <svg aria-hidden=\"true\" focusable=\"false\" class=\"icon icon-outline icon--research \"><use xlink:href=\"https:\/\/www.uni.lu\/wp-content\/themes\/unilux-theme\/assets\/images\/icons\/icons-outline.svg#icon--research\"><\/use><\/svg><\/div><\/div>\n\n\n\n<span class=\"quick-link__name wp-block-unilux-blocks-plain-text\">Erfahren Sie mehr \u00fcber unsere Forschung<\/span>\n\n<svg aria-hidden=\"true\" focusable=\"false\" class=\"icon icon-outline icon--arrow-right \"><use xlink:href=\"https:\/\/www.uni.lu\/wp-content\/themes\/unilux-theme\/assets\/images\/icons\/icons-outline.svg#icon--arrow-right\"><\/use><\/svg><\/span><\/a><\/li>\n<\/ul>\n<\/div><\/section>\n\n\n<section class=\"section section wp-block-unilux-blocks-quick-link-discover-section \">\n    <div class=\"container xl:max-w-screen-xl\">\n        \n<h2 class=\"has-text-align-left wp-block-unilux-blocks-heading\"        id=\"fundraising-buero\"\n    >\nFundraising-B\u00fcro<\/h2>\n\n<ul class=\"wp-block-unilux-blocks-quick-link-discover quick-link-list\">\n<li class=\"wp-block-unilux-blocks-quick-link-discover-item\">\n    <a\n                    href=\"https:\/\/www.uni.lu\/de\/ueber-uns\/unterstuetzen-sie-die-universitaet\/kontakt\/\"\n                    class=\"quick-link\"\n            target=\"\"\n    >\n            <span class=\"quick-link__container\">\n                <span class=\"quick-link__text\">\n                    Kontakt                <\/span>\n                <svg aria-hidden=\"true\" focusable=\"false\" class=\"icon icon-outline icon--arrow-right \"><use xlink:href=\"https:\/\/www.uni.lu\/wp-content\/themes\/unilux-theme\/assets\/images\/icons\/icons-outline.svg#icon--arrow-right\"><\/use><\/svg>            <\/span>\n    <\/a>\n<\/li>\n<\/ul>\n    <\/div>\n<\/section><\/div>","protected":false},"excerpt":{"rendered":"","protected":false},"author":324,"featured_media":0,"parent":1710,"menu_order":0,"comment_status":"closed","ping_status":"closed","template":"","meta":{"featured_image_focal_point":[],"show_featured_caption":false,"ulux_newsletter_groups":"","uluxPostTitle":"Unterst\u00fctzen Sie die Universit\u00e4t","uluxPrePostTitle":"\u00dcber uns","_trash_the_other_posts":false,"_price":"","_stock":"","_tribe_ticket_header":"","_tribe_default_ticket_provider":"","_tribe_ticket_capacity":"0","_ticket_start_date":"","_ticket_end_date":"","_tribe_ticket_show_description":"","_tribe_ticket_show_not_going":false,"_tribe_ticket_use_global_stock":"","_tribe_ticket_global_stock_level":"","_global_stock_mode":"","_global_stock_cap":"","_tribe_rsvp_for_event":"","_tribe_ticket_going_count":"","_tribe_ticket_not_going_count":"","_tribe_tickets_list":"[]","_tribe_ticket_has_attendee_info_fields":false,"footnotes":""},"field-of-interest":[],"organisation":[],"authorship":[324,195,56,58],"acf":[],"yoast_head":"<!-- This site is optimized with the Yoast SEO Premium plugin v22.3 (Yoast SEO v22.3) - https:\/\/yoast.com\/wordpress\/plugins\/seo\/ -->\n<title>Unsere Forschung unterst\u00fctzen - Universit\u00e4t Luxemburg<\/title>\n<meta name=\"description\" content=\"An der Universit\u00e4t Luxemburg machen wir uns daf\u00fcr stark, mit wirkungsvoller, weltver\u00e4ndernder Forschung voranzugehen.\" \/>\n<meta name=\"robots\" content=\"index, follow, max-snippet:-1, max-image-preview:large, max-video-preview:-1\" \/>\n<link rel=\"canonical\" href=\"https:\/\/www.uni.lu\/de\/ueber-uns\/unterstuetzen-sie-die-universitaet\/unsere-forschung-unterstuetzen\/\" \/>\n<meta property=\"og:locale\" content=\"de_DE\" \/>\n<meta property=\"og:type\" content=\"article\" \/>\n<meta property=\"og:title\" content=\"Unsere Forschung unterst\u00fctzen\" \/>\n<meta property=\"og:description\" content=\"An der Universit\u00e4t Luxemburg machen wir uns daf\u00fcr stark, mit wirkungsvoller, weltver\u00e4ndernder Forschung voranzugehen.\" \/>\n<meta property=\"og:url\" content=\"https:\/\/www.uni.lu\/de\/ueber-uns\/unterstuetzen-sie-die-universitaet\/unsere-forschung-unterstuetzen\/\" \/>\n<meta property=\"og:site_name\" content=\"UNI DE\" \/>\n<meta property=\"article:publisher\" content=\"https:\/\/www.facebook.com\/uni.lu\" \/>\n<meta property=\"article:modified_time\" content=\"2026-01-02T14:13:45+00:00\" \/>\n<meta property=\"og:image\" content=\"https:\/\/www.uni.lu\/wp-content\/uploads\/sites\/10\/2026\/03\/03120000\/UNIV_SM-Profile_1600x1600px-scaled.jpg\" \/>\n\t<meta property=\"og:image:width\" content=\"2560\" \/>\n\t<meta property=\"og:image:height\" content=\"2560\" \/>\n\t<meta property=\"og:image:type\" content=\"image\/jpeg\" \/>\n<meta name=\"twitter:card\" content=\"summary_large_image\" \/>\n<meta name=\"twitter:label1\" content=\"Gesch\u00e4tzte Lesezeit\" \/>\n\t<meta name=\"twitter:data1\" content=\"4 Minuten\" \/>\n<script type=\"application\/ld+json\" class=\"yoast-schema-graph\">{\"@context\":\"https:\/\/schema.org\",\"@graph\":[{\"@type\":\"WebPage\",\"@id\":\"https:\/\/www.uni.lu\/de\/ueber-uns\/unterstuetzen-sie-die-universitaet\/unsere-forschung-unterstuetzen\/\",\"url\":\"https:\/\/www.uni.lu\/de\/ueber-uns\/unterstuetzen-sie-die-universitaet\/unsere-forschung-unterstuetzen\/\",\"name\":\"Unsere Forschung unterst\u00fctzen - Universit\u00e4t Luxemburg\",\"isPartOf\":{\"@id\":\"https:\/\/www.uni.lu\/de\/#website\"},\"datePublished\":\"2023-10-27T12:38:05+00:00\",\"dateModified\":\"2026-01-02T14:13:45+00:00\",\"description\":\"An der Universit\u00e4t Luxemburg machen wir uns daf\u00fcr stark, mit wirkungsvoller, weltver\u00e4ndernder Forschung voranzugehen.\",\"breadcrumb\":{\"@id\":\"https:\/\/www.uni.lu\/de\/ueber-uns\/unterstuetzen-sie-die-universitaet\/unsere-forschung-unterstuetzen\/#breadcrumb\"},\"inLanguage\":\"de-DE\",\"potentialAction\":[{\"@type\":\"ReadAction\",\"target\":[\"https:\/\/www.uni.lu\/de\/ueber-uns\/unterstuetzen-sie-die-universitaet\/unsere-forschung-unterstuetzen\/\"]}]},{\"@type\":\"BreadcrumbList\",\"@id\":\"https:\/\/www.uni.lu\/de\/ueber-uns\/unterstuetzen-sie-die-universitaet\/unsere-forschung-unterstuetzen\/#breadcrumb\",\"itemListElement\":[{\"@type\":\"ListItem\",\"position\":1,\"name\":\"Home\",\"item\":\"https:\/\/www.uni.lu\/de\/\"},{\"@type\":\"ListItem\",\"position\":2,\"name\":\"\u00dcber uns\",\"item\":\"https:\/\/www.uni.lu\/de\/ueber-uns\/\"},{\"@type\":\"ListItem\",\"position\":3,\"name\":\"Unterst\u00fctzen Sie die Universit\u00e4t\",\"item\":\"https:\/\/www.uni.lu\/de\/ueber-uns\/unterstuetzen-sie-die-universitaet\/\"},{\"@type\":\"ListItem\",\"position\":4,\"name\":\"Unsere Forschung unterst\u00fctzen\"}]},{\"@type\":\"WebSite\",\"@id\":\"https:\/\/www.uni.lu\/de\/#website\",\"url\":\"https:\/\/www.uni.lu\/de\/\",\"name\":\"Uni.lu\",\"description\":\"Universit\u00e4t Luxemburg\",\"publisher\":{\"@id\":\"https:\/\/www.uni.lu\/de\/#organization\"},\"alternateName\":\"Universit\u00e4t Luxemburg\",\"potentialAction\":[{\"@type\":\"SearchAction\",\"target\":{\"@type\":\"EntryPoint\",\"urlTemplate\":\"https:\/\/www.uni.lu\/de\/?s={search_term_string}\"},\"query-input\":\"required name=search_term_string\"}],\"inLanguage\":\"de-DE\"},{\"@type\":\"Organization\",\"@id\":\"https:\/\/www.uni.lu\/de\/#organization\",\"name\":\"Universit\u00e4t Luxemburg\",\"alternateName\":\"Uni.lu\",\"url\":\"https:\/\/www.uni.lu\/de\/\",\"logo\":{\"@type\":\"ImageObject\",\"inLanguage\":\"de-DE\",\"@id\":\"https:\/\/www.uni.lu\/de\/#\/schema\/logo\/image\/\",\"url\":\"https:\/\/www.uni.lu\/wp-content\/uploads\/sites\/10\/2026\/03\/03120000\/UNIV_SM-Profile_1600x1600px-scaled.jpg\",\"contentUrl\":\"https:\/\/www.uni.lu\/wp-content\/uploads\/sites\/10\/2026\/03\/03120000\/UNIV_SM-Profile_1600x1600px-scaled.jpg\",\"width\":2560,\"height\":2560,\"caption\":\"Universit\u00e4t Luxemburg\"},\"image\":\"https:\/\/www.uni.lu\/wp-content\/uploads\/sites\/10\/2026\/04\/24144329\/20200609-Belval-Campus_Henri-Goergen-23.jpg\",\"sameAs\":[\"https:\/\/www.facebook.com\/uni.lu\",\"https:\/\/www.linkedin.com\/school\/university-of-luxembourg\/\",\"https:\/\/www.instagram.com\/uni.lu\",\"https:\/\/www.youtube.com\/@uni_lu\",\"https:\/\/en.wikipedia.org\/wiki\/University_of_Luxembourg\"],\"email\":\"communication@uni.lu\",\"telephone\":\"+3524666441\",\"address\":{\"@type\":\"PostalAddress\",\"streetAddress\":\"2, place de l\u2019Universit\u00e9\",\"addressLocality\":\"Esch-sur-Alzette\",\"postalCode\":\"4365\",\"addressCountry\":\"LU\"},\"description\":\"Universit\u00e4t Luxemburg\"}]}<\/script>\n<!-- \/ Yoast SEO Premium plugin. -->","yoast_head_json":{"title":"Unsere Forschung unterst\u00fctzen - Universit\u00e4t Luxemburg","description":"An der Universit\u00e4t Luxemburg machen wir uns daf\u00fcr stark, mit wirkungsvoller, weltver\u00e4ndernder Forschung voranzugehen.","robots":{"index":"index","follow":"follow","max-snippet":"max-snippet:-1","max-image-preview":"max-image-preview:large","max-video-preview":"max-video-preview:-1"},"canonical":"https:\/\/www.uni.lu\/de\/ueber-uns\/unterstuetzen-sie-die-universitaet\/unsere-forschung-unterstuetzen\/","og_locale":"de_DE","og_type":"article","og_title":"Unsere Forschung unterst\u00fctzen","og_description":"An der Universit\u00e4t Luxemburg machen wir uns daf\u00fcr stark, mit wirkungsvoller, weltver\u00e4ndernder Forschung voranzugehen.","og_url":"https:\/\/www.uni.lu\/de\/ueber-uns\/unterstuetzen-sie-die-universitaet\/unsere-forschung-unterstuetzen\/","og_site_name":"UNI DE","article_publisher":"https:\/\/www.facebook.com\/uni.lu","article_modified_time":"2026-01-02T14:13:45+00:00","og_image":[{"width":2560,"height":2560,"url":"https:\/\/www.uni.lu\/wp-content\/uploads\/sites\/10\/2026\/03\/03120000\/UNIV_SM-Profile_1600x1600px-scaled.jpg","type":"image\/jpeg"}],"twitter_card":"summary_large_image","twitter_misc":{"Gesch\u00e4tzte Lesezeit":"4 Minuten"},"schema":{"@context":"https:\/\/schema.org","@graph":[{"@type":"WebPage","@id":"https:\/\/www.uni.lu\/de\/ueber-uns\/unterstuetzen-sie-die-universitaet\/unsere-forschung-unterstuetzen\/","url":"https:\/\/www.uni.lu\/de\/ueber-uns\/unterstuetzen-sie-die-universitaet\/unsere-forschung-unterstuetzen\/","name":"Unsere Forschung unterst\u00fctzen - Universit\u00e4t Luxemburg","isPartOf":{"@id":"https:\/\/www.uni.lu\/de\/#website"},"datePublished":"2023-10-27T12:38:05+00:00","dateModified":"2026-01-02T14:13:45+00:00","description":"An der Universit\u00e4t Luxemburg machen wir uns daf\u00fcr stark, mit wirkungsvoller, weltver\u00e4ndernder Forschung voranzugehen.","breadcrumb":{"@id":"https:\/\/www.uni.lu\/de\/ueber-uns\/unterstuetzen-sie-die-universitaet\/unsere-forschung-unterstuetzen\/#breadcrumb"},"inLanguage":"de-DE","potentialAction":[{"@type":"ReadAction","target":["https:\/\/www.uni.lu\/de\/ueber-uns\/unterstuetzen-sie-die-universitaet\/unsere-forschung-unterstuetzen\/"]}]},{"@type":"BreadcrumbList","@id":"https:\/\/www.uni.lu\/de\/ueber-uns\/unterstuetzen-sie-die-universitaet\/unsere-forschung-unterstuetzen\/#breadcrumb","itemListElement":[{"@type":"ListItem","position":1,"name":"Home","item":"https:\/\/www.uni.lu\/de\/"},{"@type":"ListItem","position":2,"name":"\u00dcber uns","item":"https:\/\/www.uni.lu\/de\/ueber-uns\/"},{"@type":"ListItem","position":3,"name":"Unterst\u00fctzen Sie die Universit\u00e4t","item":"https:\/\/www.uni.lu\/de\/ueber-uns\/unterstuetzen-sie-die-universitaet\/"},{"@type":"ListItem","position":4,"name":"Unsere Forschung unterst\u00fctzen"}]},{"@type":"WebSite","@id":"https:\/\/www.uni.lu\/de\/#website","url":"https:\/\/www.uni.lu\/de\/","name":"Uni.lu","description":"Universit\u00e4t Luxemburg","publisher":{"@id":"https:\/\/www.uni.lu\/de\/#organization"},"alternateName":"Universit\u00e4t Luxemburg","potentialAction":[{"@type":"SearchAction","target":{"@type":"EntryPoint","urlTemplate":"https:\/\/www.uni.lu\/de\/?s={search_term_string}"},"query-input":"required name=search_term_string"}],"inLanguage":"de-DE"},{"@type":"Organization","@id":"https:\/\/www.uni.lu\/de\/#organization","name":"Universit\u00e4t Luxemburg","alternateName":"Uni.lu","url":"https:\/\/www.uni.lu\/de\/","logo":{"@type":"ImageObject","inLanguage":"de-DE","@id":"https:\/\/www.uni.lu\/de\/#\/schema\/logo\/image\/","url":"https:\/\/www.uni.lu\/wp-content\/uploads\/sites\/10\/2026\/03\/03120000\/UNIV_SM-Profile_1600x1600px-scaled.jpg","contentUrl":"https:\/\/www.uni.lu\/wp-content\/uploads\/sites\/10\/2026\/03\/03120000\/UNIV_SM-Profile_1600x1600px-scaled.jpg","width":2560,"height":2560,"caption":"Universit\u00e4t Luxemburg"},"image":"https:\/\/www.uni.lu\/wp-content\/uploads\/sites\/10\/2026\/04\/24144329\/20200609-Belval-Campus_Henri-Goergen-23.jpg","sameAs":["https:\/\/www.facebook.com\/uni.lu","https:\/\/www.linkedin.com\/school\/university-of-luxembourg\/","https:\/\/www.instagram.com\/uni.lu","https:\/\/www.youtube.com\/@uni_lu","https:\/\/en.wikipedia.org\/wiki\/University_of_Luxembourg"],"email":"communication@uni.lu","telephone":"+3524666441","address":{"@type":"PostalAddress","streetAddress":"2, place de l\u2019Universit\u00e9","addressLocality":"Esch-sur-Alzette","postalCode":"4365","addressCountry":"LU"},"description":"Universit\u00e4t Luxemburg"}]}},"ticketed":false,"_links":{"self":[{"href":"https:\/\/www.uni.lu\/de\/wp-json\/wp\/v2\/pages\/1723"}],"collection":[{"href":"https:\/\/www.uni.lu\/de\/wp-json\/wp\/v2\/pages"}],"about":[{"href":"https:\/\/www.uni.lu\/de\/wp-json\/wp\/v2\/types\/page"}],"author":[{"embeddable":true,"href":"https:\/\/www.uni.lu\/de\/wp-json\/wp\/v2\/users\/324"}],"replies":[{"embeddable":true,"href":"https:\/\/www.uni.lu\/de\/wp-json\/wp\/v2\/comments?post=1723"}],"version-history":[{"count":5,"href":"https:\/\/www.uni.lu\/de\/wp-json\/wp\/v2\/pages\/1723\/revisions"}],"predecessor-version":[{"id":8354,"href":"https:\/\/www.uni.lu\/de\/wp-json\/wp\/v2\/pages\/1723\/revisions\/8354"}],"up":[{"embeddable":true,"href":"https:\/\/www.uni.lu\/de\/wp-json\/wp\/v2\/pages\/1710"}],"wp:authorship":[{"embeddable":true,"href":"https:\/\/www.uni.lu\/de\/wp-json\/wp\/v2\/users\/324"},{"embeddable":true,"href":"https:\/\/www.uni.lu\/de\/wp-json\/wp\/v2\/users\/195"},{"embeddable":true,"href":"https:\/\/www.uni.lu\/de\/wp-json\/wp\/v2\/users\/56"},{"embeddable":true,"href":"https:\/\/www.uni.lu\/de\/wp-json\/wp\/v2\/users\/58"}],"wp:attachment":[{"href":"https:\/\/www.uni.lu\/de\/wp-json\/wp\/v2\/media?parent=1723"}],"wp:term":[{"taxonomy":"field-of-interest","embeddable":true,"href":"https:\/\/www.uni.lu\/de\/wp-json\/wp\/v2\/field-of-interest?post=1723"},{"taxonomy":"organisation","embeddable":true,"href":"https:\/\/www.uni.lu\/de\/wp-json\/wp\/v2\/organisation?post=1723"}],"curies":[{"name":"wp","href":"https:\/\/api.w.org\/{rel}","templated":true}]}}