{"id":1688,"date":"2023-10-27T11:37:38","date_gmt":"2023-10-27T09:37:38","guid":{"rendered":"https:\/\/www.uni.lu\/de\/?page_id=1688"},"modified":"2024-08-09T10:36:56","modified_gmt":"2024-08-09T08:36:56","slug":"akademische-partner","status":"publish","type":"page","link":"https:\/\/www.uni.lu\/de\/ueber-uns\/partner-internationale-netzwerke\/akademische-partner\/","title":{"rendered":"Akademische Partner"},"content":{"rendered":"<div class=\"section py-0 static\">\n<section class=\"py-0 wp-block-unilux-blocks-free-section section\"><div class=\"container xl:max-w-screen-xl\"><!-- SecondaryNavigationMirror --><div class=\"js-secondary-nav--sticky wp-block-unilux-blocks-secondary-navigation\" id=\"8685aae0-fd86-4d50-a1a6-c0807483c177\">\n    <nav id=\"secondary-navigation\" role=\"navigation\" aria-label=\"Secondary menu\" class=\"secondary-nav\">\n        <button class=\"secondary-nav__button btn btn-solid--primary w-full\" aria-expanded=\"false\" aria-controls=\"secondary-navigation__list\" title=\"The selected page is Akademische Partner\" type=\"button\">\n            <span class=\"btn__name mr-auto\">Akademische Partner<\/span>\n            <svg aria-hidden=\"true\" focusable=\"false\" class=\"icon icon-outline icon--xs\">\n                <use xlink:href=\"https:\/\/www.uni.lu\/wp-content\/themes\/unilux-theme\/assets\/images\/icons\/icons-outline.svg#icon--arrow-down\" \/>\n            <\/svg>\n        <\/button>\n\n        <ul id=\"secondary-navigation__list\" class=\"secondary-nav__list\">\n            <li class=\"secondary-nav__item\">\n    <a href=\"https:\/\/www.uni.lu\/de\/ueber-uns\/partner-internationale-netzwerke\/\" target=\"\" rel=\"noreferrer noopener\" class=\"secondary-nav__link \">\n        <svg aria-hidden=\"true\" focusable=\"false\" class=\"icon icon-outline icon--xs\">\n            <use xlink:href=\"https:\/\/www.uni.lu\/wp-content\/themes\/unilux-theme\/assets\/images\/icons\/icons-outline.svg#icon--arrow-right\" \/>\n        <\/svg>\n        <span class=\"secondary-nav__name\">\u00dcbersicht<\/span>\n    <\/a>\n<\/li>\n<li class=\"secondary-nav__item\">\n    <a href=\"https:\/\/www.uni.lu\/de\/ueber-uns\/partner-internationale-netzwerke\/akademische-partner\/\" target=\"\" rel=\"noreferrer noopener\" class=\"secondary-nav__link isactived\" aria-current=\"page\">\n        <svg aria-hidden=\"true\" focusable=\"false\" class=\"icon icon-outline icon--xs\">\n            <use xlink:href=\"https:\/\/www.uni.lu\/wp-content\/themes\/unilux-theme\/assets\/images\/icons\/icons-outline.svg#icon--arrow-right\" \/>\n        <\/svg>\n        <span class=\"secondary-nav__name\">Akademische Partner<\/span>\n    <\/a>\n<\/li>\n<li class=\"secondary-nav__item\">\n    <a href=\"https:\/\/www.uni.lu\/de\/ueber-uns\/partner-internationale-netzwerke\/internationale-netzwerke\/\" target=\"\" rel=\"noreferrer noopener\" class=\"secondary-nav__link \">\n        <svg aria-hidden=\"true\" focusable=\"false\" class=\"icon icon-outline icon--xs\">\n            <use xlink:href=\"https:\/\/www.uni.lu\/wp-content\/themes\/unilux-theme\/assets\/images\/icons\/icons-outline.svg#icon--arrow-right\" \/>\n        <\/svg>\n        <span class=\"secondary-nav__name\">Internationale Netzwerke<\/span>\n    <\/a>\n<\/li>\n        <\/ul>\n    <\/nav>\n<\/div>\n<!-- end SecondaryNavigationMirror --><\/div><\/section>\n\n\n\n<section class=\"wp-block-unilux-blocks-free-section section\"><div class=\"container xl:max-w-screen-xl\">\n<h1 class=\"has-text-align-left wp-block-unilux-blocks-heading\"        id=\"akademische-partner\"\n    >\nAkademische Partner<\/h1>\n\n\n\n<p>An der Universit\u00e4t Luxemburg sind wir \u00fcberzeugt, dass der internationale Austausch ein wichtiger Weg ist, um voneinander zu lernen, und dass die Studierenden auf den globalen Arbeitsmarkt, der sie erwartet, vorbereitet werden m\u00fcssen. Deshalb schloss die Universit\u00e4t Partnerschaften mit Universit\u00e4ten auf der ganzen Welt. Neben dem Studierendenaustausch, bei dem alle Bachelor-Studierenden der Universit\u00e4t Luxemburg ein Semester an einer Universit\u00e4t im Ausland absolvieren m\u00fcssen, ebnen diese Partnerschaftsabkommen auch den Weg f\u00fcr Forschungsprojekte und den Austausch von Wissenschaftler\/innen.<\/p>\n\n\n\n<p>Zus\u00e4tzlich zu mehreren Hundert Erasmus-Vereinbarungen zum Studierendenaustausch zwischen Partneruniversit\u00e4ten innerhalb der Europ\u00e4ischen Union wurden Rahmenabkommen geschlossen, um Studierenden und Akademiker\/innen einen Auslandsaufenthalt zu erm\u00f6glichen und gemeinsame Forschungsprojekte anzuschieben.<br>Im Rahmen des Global Exchange Programme kann die Universit\u00e4t Luxemburg Studierende auch an mehr als 50 herausragende Partneruniversit\u00e4ten au\u00dferhalb Europas schicken und im Gegenzug Studierende dieser Universit\u00e4ten empfangen.<\/p>\n\n\n\n<ul class=\"wp-block-unilux-blocks-custom-buttons btn-list\"><li class=\"wp-block-unilux-blocks-custom-button\"    aria-disabled=\"false\"\n    >\n    <a\n        role=\"link\"\n        aria-disabled=\"false\"\n                    href=\"https:\/\/www.uni.lu\/de\/uber-uns\/organisation\/verwaltung\/buro-fur-intenationale-beziehungen\/\"\n                target=\"_self\"\n        class=\"btn btn--primary\"\n            >B\u00fcro f\u00fcr intenationale Beziehungen<\/a>\n<\/li>\n<\/ul>\n<\/div><\/section>\n\n\n<section class=\"section section wp-block-unilux-blocks-quick-link-discover-section py-0\">\n    <div class=\"container xl:max-w-screen-xl\">\n        \n<h2 class=\"has-text-align-left wp-block-unilux-blocks-heading\"        id=\"discover-our-academic-partners\"\n    >\nDiscover our academic partners<\/h2>\n\n<ul class=\"wp-block-unilux-blocks-quick-link-discover quick-link-list\">\n<li class=\"wp-block-unilux-blocks-quick-link-discover-item\">\n    <a\n                    href=\"https:\/\/unilux.moveon4.de\/publisher\/1\/fra#\"\n                    class=\"quick-link\"\n            target=\"_blank\"\n    >\n            <span class=\"quick-link__container\">\n                <span class=\"quick-link__text\">\n                    Erasmus+ academic partners                <\/span>\n                <svg aria-hidden=\"true\" focusable=\"false\" class=\"icon icon-outline icon--external-link \"><use xlink:href=\"https:\/\/www.uni.lu\/wp-content\/themes\/unilux-theme\/assets\/images\/icons\/icons-outline.svg#icon--external-link\"><\/use><\/svg>            <\/span>\n    <\/a>\n<\/li>\n\n\n\n<li class=\"wp-block-unilux-blocks-quick-link-discover-item\">\n    <a\n                    href=\"https:\/\/unilux.moveon4.de\/publisher\/4\/eng\"\n                    class=\"quick-link\"\n            target=\"_blank\"\n    >\n            <span class=\"quick-link__container\">\n                <span class=\"quick-link__text\">\n                    International academic partners                <\/span>\n                <svg aria-hidden=\"true\" focusable=\"false\" class=\"icon icon-outline icon--external-link \"><use xlink:href=\"https:\/\/www.uni.lu\/wp-content\/themes\/unilux-theme\/assets\/images\/icons\/icons-outline.svg#icon--external-link\"><\/use><\/svg>            <\/span>\n    <\/a>\n<\/li>\n<\/ul>\n    <\/div>\n<\/section>\n\n\n<section class=\"wp-block-unilux-blocks-free-section section\"><div class=\"container xl:max-w-screen-xl\">\n<h2 class=\"has-text-align-left wp-block-unilux-blocks-heading\"        id=\"we-also-partner-with\"\n    >\nWe also partner with<\/h2>\n\n\n<ul class=\"flex flex-wrap mt-24 -mx-16  wp-block-unilux-blocks-free-content-card\">\n    <li class=\"w-full sm:w-1\/2 lg:w-1\/3 px-16  wp-block-unilux-blocks-free-content-card-item\">\n    <div class=\"ulux-card card-spin-offs bg-gray-300\">\n        <div class=\"ulux-card__container card__container\">\n                        <div class=\"ulux-card__visual wp-block-unilux-blocks-free-content-card-item-visual\">\n    \n<div class=\"wp-block-unilux-blocks-image-video-wrapper\">\n    <figure class=\"wp-block-dev4-reusable-blocks-image  object-fit--cover\">\n    \n<img decoding=\"async\" class=\"wp-block-image unilux-custom-image-block\"\n                alt=\"Logo Anefore\"\n            src=\"https:\/\/www.uni.lu\/wp-content\/uploads\/sites\/9\/2023\/07\/Anefore.jpg\"\n                    style=\"object-position: 50.00% 50.00%; font-family: &quot;object-fit: cover; object-position: 50.00% 50.00%;&quot;; aspect-ratio: 4\/3; object-fit: cover; width: 100%;\"\n        loading=\"lazy\"\n\/>    <\/figure><\/div><\/div><div class=\"ulux-card__body wp-block-unilux-blocks-free-content-card-item-body\">\n    \n<h3 class=\"ulux-card__title has-text-align-left wp-block-unilux-blocks-heading\"        id=\"anefore\"\n    >\nAnefore<\/h3>\n<div class=\"ulux-card__description wp-block-unilux-blocks-free-content-card-item-free-content-area\">\n    \n<p>Anefore is the national agency in charge of implementing the Erasmus+ and European Solidarity Corps programmes in Luxembourg. Anefore is also the national Europass and Euroguidance centre, the national eTwinning support organisation, the national unit of the Eurydice network and the national correspondent of the Youth Wiki network.<\/p>\n<\/div><div class=\"wp-block-unilux-blocks-simple-cta\">\n    <a\n        href=\"https:\/\/www.anefore.lu\/\"\n        title=\"Learn more\"\n        class=\"link-text link-text--icon ulux-card__link link-text link-absolute\"\n        target=\"_blank\"\n    >\n        <span class=\"link-text__body\">\n            <span class=\"link-text__name\">Website aufrufen<\/span>\n        <\/span>\n        <svg aria-hidden=\"true\" focusable=\"false\" class=\"icon icon-outline icon--external-link \"><use xlink:href=\"https:\/\/www.uni.lu\/wp-content\/themes\/unilux-theme\/assets\/images\/icons\/icons-outline.svg#icon--external-link\"><\/use><\/svg>    <\/a>\n<\/div>\n<\/div>        <\/div>\n    <\/div>\n<\/li><li class=\"w-full sm:w-1\/2 lg:w-1\/3 px-16  wp-block-unilux-blocks-free-content-card-item\">\n    <div class=\"ulux-card card-spin-offs bg-gray-300\">\n        <div class=\"ulux-card__container card__container\">\n                        <div class=\"ulux-card__visual wp-block-unilux-blocks-free-content-card-item-visual\">\n    \n<div class=\"wp-block-unilux-blocks-image-video-wrapper\">\n    <figure class=\"wp-block-dev4-reusable-blocks-image  object-fit--cover\">\n    \n<img decoding=\"async\" class=\"wp-block-image unilux-custom-image-block\"\n                alt=\"Sophia University\"\n            src=\"https:\/\/www.uni.lu\/wp-content\/uploads\/sites\/9\/2023\/07\/Sophia-University.png\"\n                    style=\"object-position: 50.00% 50.00%; font-family: &quot;object-fit: cover; object-position: 50.00% 50.00%;&quot;; aspect-ratio: 4\/3; object-fit: cover; width: 100%;\"\n        loading=\"lazy\"\n\/>    <\/figure><\/div><\/div><div class=\"ulux-card__body wp-block-unilux-blocks-free-content-card-item-body\">\n    \n<h3 class=\"ulux-card__title has-text-align-left wp-block-unilux-blocks-heading\"        id=\"sophia-university-luxembourg-office\"\n    >\n<strong>Sophia University Luxembourg Office<\/strong><\/h3>\n<div class=\"ulux-card__description wp-block-unilux-blocks-free-content-card-item-free-content-area\">\n    \n<p>The special relationship between Sophia and Luxembourg goes back to September 1913, when Sophia University was founded in Japan by three Jesuit priests. One of them had Luxembourgish nationality. His name was Father Dahlmann and he stayed on to teach at the university in Tokyo that he had founded. In 2008, an agreement between Sophia University and the University of Luxembourg was signed.<\/p>\n<\/div><div class=\"wp-block-unilux-blocks-simple-cta\">\n    <a\n        href=\"https:\/\/www.uni.lu\/en\/about\/partners-international-networks\/academic-partners\/sophia-university-luxembourg-office\/\"\n        title=\"Learn more\"\n        class=\"link-text link-text--icon ulux-card__link link-text link-absolute\"\n        target=\"\"\n    >\n        <span class=\"link-text__body\">\n            <span class=\"link-text__name\">Mehr erfahren (EN)<\/span>\n        <\/span>\n        <svg aria-hidden=\"true\" focusable=\"false\" class=\"icon icon-outline icon--arrow-right \"><use xlink:href=\"https:\/\/www.uni.lu\/wp-content\/themes\/unilux-theme\/assets\/images\/icons\/icons-outline.svg#icon--arrow-right\"><\/use><\/svg>    <\/a>\n<\/div>\n<\/div>        <\/div>\n    <\/div>\n<\/li><li class=\"w-full sm:w-1\/2 lg:w-1\/3 px-16  wp-block-unilux-blocks-free-content-card-item\">\n    <div class=\"ulux-card card-spin-offs bg-gray-300\">\n        <div class=\"ulux-card__container card__container\">\n                        <div class=\"ulux-card__visual wp-block-unilux-blocks-free-content-card-item-visual\">\n    \n<div class=\"wp-block-unilux-blocks-image-video-wrapper\">\n    <figure class=\"wp-block-dev4-reusable-blocks-image  object-fit--cover\">\n    \n<img decoding=\"async\" class=\"wp-block-image unilux-custom-image-block\"\n                alt=\"Confucius Institute Logo\"\n            src=\"https:\/\/www.uni.lu\/wp-content\/uploads\/sites\/9\/2023\/07\/confucius.png\"\n                    style=\"object-position: 50.00% 50.00%; font-family: &quot;object-fit: cover; object-position: 50.00% 50.00%;&quot;; aspect-ratio: 4\/3; object-fit: cover; width: 100%;\"\n        loading=\"lazy\"\n\/>    <\/figure><\/div><\/div><div class=\"ulux-card__body wp-block-unilux-blocks-free-content-card-item-body\">\n    \n<h3 class=\"ulux-card__title has-text-align-left wp-block-unilux-blocks-heading\"        id=\"confucius-institute-at-the-university-of-luxembourg\"\n    >\nConfucius Institute at the University of Luxembourg<\/h3>\n<div class=\"ulux-card__description wp-block-unilux-blocks-free-content-card-item-free-content-area\">\n    \n<p>The Confucius Institute at the University of Luxembourg is dedicated to promoting the development of the Chinese language and culture, not only within the University but also across the country, especially at educational, cultural, economic and scientific level.<\/p>\n<\/div><div class=\"wp-block-unilux-blocks-simple-cta\">\n    <a\n        href=\"https:\/\/confucius-institute.uni.lu\/\"\n        title=\"Learn more\"\n        class=\"link-text link-text--icon ulux-card__link link-text link-absolute\"\n        target=\"_blank\"\n    >\n        <span class=\"link-text__body\">\n            <span class=\"link-text__name\">Website aufrufen<\/span>\n        <\/span>\n        <svg aria-hidden=\"true\" focusable=\"false\" class=\"icon icon-outline icon--external-link \"><use xlink:href=\"https:\/\/www.uni.lu\/wp-content\/themes\/unilux-theme\/assets\/images\/icons\/icons-outline.svg#icon--external-link\"><\/use><\/svg>    <\/a>\n<\/div>\n<\/div>        <\/div>\n    <\/div>\n<\/li><\/ul><\/div><\/section>\n<\/div>","protected":false},"excerpt":{"rendered":"","protected":false},"author":33,"featured_media":0,"parent":1684,"menu_order":1,"comment_status":"closed","ping_status":"closed","template":"","meta":{"featured_image_focal_point":[],"show_featured_caption":false,"ulux_newsletter_groups":"","uluxPostTitle":"Partner & internationale Netzwerke","uluxPrePostTitle":"\u00dcber uns","_trash_the_other_posts":false,"_price":"","_stock":"","_tribe_ticket_header":"","_tribe_default_ticket_provider":"","_tribe_ticket_capacity":"0","_ticket_start_date":"","_ticket_end_date":"","_tribe_ticket_show_description":"","_tribe_ticket_show_not_going":false,"_tribe_ticket_use_global_stock":"","_tribe_ticket_global_stock_level":"","_global_stock_mode":"","_global_stock_cap":"","_tribe_rsvp_for_event":"","_tribe_ticket_going_count":"","_tribe_ticket_not_going_count":"","_tribe_tickets_list":"[]","_tribe_ticket_has_attendee_info_fields":false,"footnotes":""},"field-of-interest":[],"organisation":[],"authorship":[33],"acf":[],"yoast_head":"<!-- This site is optimized with the Yoast SEO Premium plugin v22.3 (Yoast SEO v22.3) - https:\/\/yoast.com\/wordpress\/plugins\/seo\/ -->\n<title>Akademische Partner - Universit\u00e4t Luxemburg<\/title>\n<meta name=\"description\" content=\"An der Universit\u00e4t Luxemburg sind wir \u00fcberzeugt, dass der internationale Austausch ein wichtiger Weg ist, um voneinander zu lernen.\" \/>\n<meta name=\"robots\" content=\"index, follow, max-snippet:-1, max-image-preview:large, max-video-preview:-1\" \/>\n<link rel=\"canonical\" href=\"https:\/\/www.uni.lu\/de\/ueber-uns\/partner-internationale-netzwerke\/akademische-partner\/\" \/>\n<meta property=\"og:locale\" content=\"de_DE\" \/>\n<meta property=\"og:type\" content=\"article\" \/>\n<meta property=\"og:title\" content=\"Akademische Partner\" \/>\n<meta property=\"og:description\" content=\"An der Universit\u00e4t Luxemburg sind wir \u00fcberzeugt, dass der internationale Austausch ein wichtiger Weg ist, um voneinander zu lernen.\" \/>\n<meta property=\"og:url\" content=\"https:\/\/www.uni.lu\/de\/ueber-uns\/partner-internationale-netzwerke\/akademische-partner\/\" \/>\n<meta property=\"og:site_name\" content=\"UNI DE\" \/>\n<meta property=\"article:publisher\" content=\"https:\/\/www.facebook.com\/uni.lu\" \/>\n<meta property=\"article:modified_time\" content=\"2024-08-09T08:36:56+00:00\" \/>\n<meta property=\"og:image\" content=\"https:\/\/www.uni.lu\/wp-content\/uploads\/sites\/10\/2026\/03\/03120000\/UNIV_SM-Profile_1600x1600px-scaled.jpg\" \/>\n\t<meta property=\"og:image:width\" content=\"2560\" \/>\n\t<meta property=\"og:image:height\" content=\"2560\" \/>\n\t<meta property=\"og:image:type\" content=\"image\/jpeg\" \/>\n<meta name=\"twitter:card\" content=\"summary_large_image\" \/>\n<meta name=\"twitter:label1\" content=\"Gesch\u00e4tzte Lesezeit\" \/>\n\t<meta name=\"twitter:data1\" content=\"2 Minuten\" \/>\n<script type=\"application\/ld+json\" class=\"yoast-schema-graph\">{\"@context\":\"https:\/\/schema.org\",\"@graph\":[{\"@type\":\"WebPage\",\"@id\":\"https:\/\/www.uni.lu\/de\/ueber-uns\/partner-internationale-netzwerke\/akademische-partner\/\",\"url\":\"https:\/\/www.uni.lu\/de\/ueber-uns\/partner-internationale-netzwerke\/akademische-partner\/\",\"name\":\"Akademische Partner - Universit\u00e4t Luxemburg\",\"isPartOf\":{\"@id\":\"https:\/\/www.uni.lu\/de\/#website\"},\"datePublished\":\"2023-10-27T09:37:38+00:00\",\"dateModified\":\"2024-08-09T08:36:56+00:00\",\"description\":\"An der Universit\u00e4t Luxemburg sind wir \u00fcberzeugt, dass der internationale Austausch ein wichtiger Weg ist, um voneinander zu lernen.\",\"breadcrumb\":{\"@id\":\"https:\/\/www.uni.lu\/de\/ueber-uns\/partner-internationale-netzwerke\/akademische-partner\/#breadcrumb\"},\"inLanguage\":\"de-DE\",\"potentialAction\":[{\"@type\":\"ReadAction\",\"target\":[\"https:\/\/www.uni.lu\/de\/ueber-uns\/partner-internationale-netzwerke\/akademische-partner\/\"]}]},{\"@type\":\"BreadcrumbList\",\"@id\":\"https:\/\/www.uni.lu\/de\/ueber-uns\/partner-internationale-netzwerke\/akademische-partner\/#breadcrumb\",\"itemListElement\":[{\"@type\":\"ListItem\",\"position\":1,\"name\":\"Home\",\"item\":\"https:\/\/www.uni.lu\/de\/\"},{\"@type\":\"ListItem\",\"position\":2,\"name\":\"\u00dcber uns\",\"item\":\"https:\/\/www.uni.lu\/de\/ueber-uns\/\"},{\"@type\":\"ListItem\",\"position\":3,\"name\":\"Partner &amp; internationale Netzwerke\",\"item\":\"https:\/\/www.uni.lu\/de\/ueber-uns\/partner-internationale-netzwerke\/\"},{\"@type\":\"ListItem\",\"position\":4,\"name\":\"Akademische Partner\"}]},{\"@type\":\"WebSite\",\"@id\":\"https:\/\/www.uni.lu\/de\/#website\",\"url\":\"https:\/\/www.uni.lu\/de\/\",\"name\":\"Uni.lu\",\"description\":\"Universit\u00e4t Luxemburg\",\"publisher\":{\"@id\":\"https:\/\/www.uni.lu\/de\/#organization\"},\"alternateName\":\"Universit\u00e4t Luxemburg\",\"potentialAction\":[{\"@type\":\"SearchAction\",\"target\":{\"@type\":\"EntryPoint\",\"urlTemplate\":\"https:\/\/www.uni.lu\/de\/?s={search_term_string}\"},\"query-input\":\"required name=search_term_string\"}],\"inLanguage\":\"de-DE\"},{\"@type\":\"Organization\",\"@id\":\"https:\/\/www.uni.lu\/de\/#organization\",\"name\":\"Universit\u00e4t Luxemburg\",\"alternateName\":\"Uni.lu\",\"url\":\"https:\/\/www.uni.lu\/de\/\",\"logo\":{\"@type\":\"ImageObject\",\"inLanguage\":\"de-DE\",\"@id\":\"https:\/\/www.uni.lu\/de\/#\/schema\/logo\/image\/\",\"url\":\"https:\/\/www.uni.lu\/wp-content\/uploads\/sites\/10\/2026\/03\/03120000\/UNIV_SM-Profile_1600x1600px-scaled.jpg\",\"contentUrl\":\"https:\/\/www.uni.lu\/wp-content\/uploads\/sites\/10\/2026\/03\/03120000\/UNIV_SM-Profile_1600x1600px-scaled.jpg\",\"width\":2560,\"height\":2560,\"caption\":\"Universit\u00e4t Luxemburg\"},\"image\":\"https:\/\/www.uni.lu\/wp-content\/uploads\/sites\/10\/2026\/04\/24144329\/20200609-Belval-Campus_Henri-Goergen-23.jpg\",\"sameAs\":[\"https:\/\/www.facebook.com\/uni.lu\",\"https:\/\/www.linkedin.com\/school\/university-of-luxembourg\/\",\"https:\/\/www.instagram.com\/uni.lu\",\"https:\/\/www.youtube.com\/@uni_lu\",\"https:\/\/en.wikipedia.org\/wiki\/University_of_Luxembourg\"],\"email\":\"communication@uni.lu\",\"telephone\":\"+3524666441\",\"address\":{\"@type\":\"PostalAddress\",\"streetAddress\":\"2, place de l\u2019Universit\u00e9\",\"addressLocality\":\"Esch-sur-Alzette\",\"postalCode\":\"4365\",\"addressCountry\":\"LU\"},\"description\":\"Universit\u00e4t Luxemburg\"}]}<\/script>\n<!-- \/ Yoast SEO Premium plugin. -->","yoast_head_json":{"title":"Akademische Partner - Universit\u00e4t Luxemburg","description":"An der Universit\u00e4t Luxemburg sind wir \u00fcberzeugt, dass der internationale Austausch ein wichtiger Weg ist, um voneinander zu lernen.","robots":{"index":"index","follow":"follow","max-snippet":"max-snippet:-1","max-image-preview":"max-image-preview:large","max-video-preview":"max-video-preview:-1"},"canonical":"https:\/\/www.uni.lu\/de\/ueber-uns\/partner-internationale-netzwerke\/akademische-partner\/","og_locale":"de_DE","og_type":"article","og_title":"Akademische Partner","og_description":"An der Universit\u00e4t Luxemburg sind wir \u00fcberzeugt, dass der internationale Austausch ein wichtiger Weg ist, um voneinander zu lernen.","og_url":"https:\/\/www.uni.lu\/de\/ueber-uns\/partner-internationale-netzwerke\/akademische-partner\/","og_site_name":"UNI DE","article_publisher":"https:\/\/www.facebook.com\/uni.lu","article_modified_time":"2024-08-09T08:36:56+00:00","og_image":[{"width":2560,"height":2560,"url":"https:\/\/www.uni.lu\/wp-content\/uploads\/sites\/10\/2026\/03\/03120000\/UNIV_SM-Profile_1600x1600px-scaled.jpg","type":"image\/jpeg"}],"twitter_card":"summary_large_image","twitter_misc":{"Gesch\u00e4tzte Lesezeit":"2 Minuten"},"schema":{"@context":"https:\/\/schema.org","@graph":[{"@type":"WebPage","@id":"https:\/\/www.uni.lu\/de\/ueber-uns\/partner-internationale-netzwerke\/akademische-partner\/","url":"https:\/\/www.uni.lu\/de\/ueber-uns\/partner-internationale-netzwerke\/akademische-partner\/","name":"Akademische Partner - Universit\u00e4t Luxemburg","isPartOf":{"@id":"https:\/\/www.uni.lu\/de\/#website"},"datePublished":"2023-10-27T09:37:38+00:00","dateModified":"2024-08-09T08:36:56+00:00","description":"An der Universit\u00e4t Luxemburg sind wir \u00fcberzeugt, dass der internationale Austausch ein wichtiger Weg ist, um voneinander zu lernen.","breadcrumb":{"@id":"https:\/\/www.uni.lu\/de\/ueber-uns\/partner-internationale-netzwerke\/akademische-partner\/#breadcrumb"},"inLanguage":"de-DE","potentialAction":[{"@type":"ReadAction","target":["https:\/\/www.uni.lu\/de\/ueber-uns\/partner-internationale-netzwerke\/akademische-partner\/"]}]},{"@type":"BreadcrumbList","@id":"https:\/\/www.uni.lu\/de\/ueber-uns\/partner-internationale-netzwerke\/akademische-partner\/#breadcrumb","itemListElement":[{"@type":"ListItem","position":1,"name":"Home","item":"https:\/\/www.uni.lu\/de\/"},{"@type":"ListItem","position":2,"name":"\u00dcber uns","item":"https:\/\/www.uni.lu\/de\/ueber-uns\/"},{"@type":"ListItem","position":3,"name":"Partner &amp; internationale Netzwerke","item":"https:\/\/www.uni.lu\/de\/ueber-uns\/partner-internationale-netzwerke\/"},{"@type":"ListItem","position":4,"name":"Akademische Partner"}]},{"@type":"WebSite","@id":"https:\/\/www.uni.lu\/de\/#website","url":"https:\/\/www.uni.lu\/de\/","name":"Uni.lu","description":"Universit\u00e4t Luxemburg","publisher":{"@id":"https:\/\/www.uni.lu\/de\/#organization"},"alternateName":"Universit\u00e4t Luxemburg","potentialAction":[{"@type":"SearchAction","target":{"@type":"EntryPoint","urlTemplate":"https:\/\/www.uni.lu\/de\/?s={search_term_string}"},"query-input":"required name=search_term_string"}],"inLanguage":"de-DE"},{"@type":"Organization","@id":"https:\/\/www.uni.lu\/de\/#organization","name":"Universit\u00e4t Luxemburg","alternateName":"Uni.lu","url":"https:\/\/www.uni.lu\/de\/","logo":{"@type":"ImageObject","inLanguage":"de-DE","@id":"https:\/\/www.uni.lu\/de\/#\/schema\/logo\/image\/","url":"https:\/\/www.uni.lu\/wp-content\/uploads\/sites\/10\/2026\/03\/03120000\/UNIV_SM-Profile_1600x1600px-scaled.jpg","contentUrl":"https:\/\/www.uni.lu\/wp-content\/uploads\/sites\/10\/2026\/03\/03120000\/UNIV_SM-Profile_1600x1600px-scaled.jpg","width":2560,"height":2560,"caption":"Universit\u00e4t Luxemburg"},"image":"https:\/\/www.uni.lu\/wp-content\/uploads\/sites\/10\/2026\/04\/24144329\/20200609-Belval-Campus_Henri-Goergen-23.jpg","sameAs":["https:\/\/www.facebook.com\/uni.lu","https:\/\/www.linkedin.com\/school\/university-of-luxembourg\/","https:\/\/www.instagram.com\/uni.lu","https:\/\/www.youtube.com\/@uni_lu","https:\/\/en.wikipedia.org\/wiki\/University_of_Luxembourg"],"email":"communication@uni.lu","telephone":"+3524666441","address":{"@type":"PostalAddress","streetAddress":"2, place de l\u2019Universit\u00e9","addressLocality":"Esch-sur-Alzette","postalCode":"4365","addressCountry":"LU"},"description":"Universit\u00e4t Luxemburg"}]}},"ticketed":false,"_links":{"self":[{"href":"https:\/\/www.uni.lu\/de\/wp-json\/wp\/v2\/pages\/1688"}],"collection":[{"href":"https:\/\/www.uni.lu\/de\/wp-json\/wp\/v2\/pages"}],"about":[{"href":"https:\/\/www.uni.lu\/de\/wp-json\/wp\/v2\/types\/page"}],"author":[{"embeddable":true,"href":"https:\/\/www.uni.lu\/de\/wp-json\/wp\/v2\/users\/33"}],"replies":[{"embeddable":true,"href":"https:\/\/www.uni.lu\/de\/wp-json\/wp\/v2\/comments?post=1688"}],"version-history":[{"count":6,"href":"https:\/\/www.uni.lu\/de\/wp-json\/wp\/v2\/pages\/1688\/revisions"}],"predecessor-version":[{"id":4884,"href":"https:\/\/www.uni.lu\/de\/wp-json\/wp\/v2\/pages\/1688\/revisions\/4884"}],"up":[{"embeddable":true,"href":"https:\/\/www.uni.lu\/de\/wp-json\/wp\/v2\/pages\/1684"}],"wp:authorship":[{"embeddable":true,"href":"https:\/\/www.uni.lu\/de\/wp-json\/wp\/v2\/users\/33"}],"wp:attachment":[{"href":"https:\/\/www.uni.lu\/de\/wp-json\/wp\/v2\/media?parent=1688"}],"wp:term":[{"taxonomy":"field-of-interest","embeddable":true,"href":"https:\/\/www.uni.lu\/de\/wp-json\/wp\/v2\/field-of-interest?post=1688"},{"taxonomy":"organisation","embeddable":true,"href":"https:\/\/www.uni.lu\/de\/wp-json\/wp\/v2\/organisation?post=1688"}],"curies":[{"name":"wp","href":"https:\/\/api.w.org\/{rel}","templated":true}]}}