{"id":1457,"date":"2023-10-17T16:03:51","date_gmt":"2023-10-17T14:03:51","guid":{"rendered":"https:\/\/www.uni.lu\/de\/?page_id=1457"},"modified":"2026-03-11T15:18:58","modified_gmt":"2026-03-11T14:18:58","slug":"buero-fuer-doktorandenstudium","status":"publish","type":"page","link":"https:\/\/www.uni.lu\/de\/ueber-uns\/organisation\/verwaltung\/buero-fuer-doktorandenstudium\/","title":{"rendered":"B\u00fcro f\u00fcr Doktorandenstudium"},"content":{"rendered":"\n<section class=\"py-0 wp-block-unilux-blocks-free-section section\"><div class=\"container xl:max-w-screen-xl\">\n<h1 class=\"has-text-align-left wp-block-unilux-blocks-heading\"        id=\"buero-fuer-doktorandenstudium\"\n    >\nB\u00fcro f\u00fcr Doktorandenstudium<\/h1>\n\n\n\n<p>Das B\u00fcro f\u00fcr Doktorandenstudium (BED: <em>Bureau des Etudes Doctorales<\/em> ) ist die zentrale Anlaufstelle f\u00fcr s\u00e4mtliche Prozesse und Kommunikation (Zulassungsantr\u00e4ge f\u00fcr Doktoranden, Berichte, Empfehlungen, Antr\u00e4ge auf Verteidigung der Dissertation usw.) im Zusammenhang mit dem Doktorandenstudium. Das BED ist das Bindeglied zwischen Betreuer, Doktorand und Rektorat.<\/p>\n<\/div><\/section>\n\n\n\n<section class=\"py-0 wp-block-unilux-blocks-free-section section\"><div class=\"container xl:max-w-screen-xl\">\n<p><strong>Das BED hat die folgenden Aufgaben:<\/strong><\/p>\n\n\n\n<ul class=\"ulux-list\">\n<li class=\"ulux-list-item\">Verwaltung der Studierendenakten<\/li>\n\n\n\n<li class=\"ulux-list-item\">Verwaltung des Studierendenstatus<\/li>\n\n\n\n<li class=\"ulux-list-item\">Pflege des Kontakts zu den Abteilungen der Universit\u00e4t (Personalwesen, Buchhaltung usw.) und gegebenenfalls zu den Forschungsinstituten in Luxemburg<\/li>\n\n\n\n<li class=\"ulux-list-item\">\u00dcberwachung der Arbeit der Aussch\u00fcsse zur Betreuung der Dissertationen<\/li>\n\n\n\n<li class=\"ulux-list-item\">Einholung der amtlichen Genehmigung f\u00fcr die Verteidigung der Dissertation und \u00dcberwachung des Prozesses<\/li>\n\n\n\n<li class=\"ulux-list-item\">Sicherstellung der langfristigen Verf\u00fcgbarkeit von Dissertationen (Archivierung, Einhaltung der gesetzlichen Bestimmungen zu Datenaufbewahrung, Zug\u00e4nglichkeit und \u00f6ffentlicher Bekanntmachung)<\/li>\n\n\n\n<li class=\"ulux-list-item\">\u00dcberwachung der Einhaltung der Verfahrensregeln<\/li>\n\n\n\n<li class=\"ulux-list-item\">Verwaltung der Vereinbarungen \u00fcber gemeinsame Betreuung (\u201eCotutelles\u201c)<\/li>\n<\/ul>\n\n\n<div class=\"py-48 first:pt-0 last:pb-0 wp-block-unilux-blocks-people-list\">\n    \n<h2 class=\"has-text-align-left wp-block-unilux-blocks-heading\"        id=\"teamleiterin\"\n    >\nTeamleiterin<\/h2>\n<ul class=\"flex flex-wrap -mx-16 wp-block-unilux-blocks-people-item-wrapper\">\n    <li class=\"w-full md:w-1\/2 p-16 wp-block-unilux-blocks-people-item-automated\"><div class=\"ulux-card card-people bg-theme\"><div class=\"list-people bg-theme\">\n    <div class=\"list-people__container\">\n        <div class=\"list-people__visual\">\n            <figure class=\"wp-block-dev4-reusable-blocks-image\">\n                <!-- Template Image Component: default -->\n<img decoding=\"async\" class=\"w-full\" width=\"\" height=\"\" rel=\"\" alt=\"Laura SPADON\" src=\"https:\/\/www.uni.lu\/en\/person-image\/NTAwNDM2NjdfX0xhdXJhIFNQQURPTg==\" srcset=\"https:\/\/www.uni.lu\/en\/person-image\/NTAwNDM2NjdfX0xhdXJhIFNQQURPTg==--thumbnail 150w,https:\/\/www.uni.lu\/en\/person-image\/NTAwNDM2NjdfX0xhdXJhIFNQQURPTg==--medium 300w,https:\/\/www.uni.lu\/en\/person-image\/NTAwNDM2NjdfX0xhdXJhIFNQQURPTg==--medium_large 768w,https:\/\/www.uni.lu\/en\/person-image\/NTAwNDM2NjdfX0xhdXJhIFNQQURPTg==--large 1024w,https:\/\/www.uni.lu\/en\/person-image\/NTAwNDM2NjdfX0xhdXJhIFNQQURPTg==--1536x1536 1536w,https:\/\/www.uni.lu\/en\/person-image\/NTAwNDM2NjdfX0xhdXJhIFNQQURPTg==--2048x2048 2048w\" loading=\"lazy\" \/><!-- end Image Component -->\n            <\/figure>\n        <\/div>\n        <div class=\"list-people__body\">\n            <h3 class=\"list-people__title\">Laura SPADON<\/h3>\n            <p class=\"list-people__description\">Acting Team Leader of Office of Doctoral Studies<\/p>\n            <div class=\"wp-block-unilux-blocks-simple-cta wp-block-unilux-blocks-people-item-automated\">\n    <a\n        href=\"https:\/\/www.uni.lu\/en\/people\/laura-spadon\/\"\n        title=\"Laura SPADON\"\n        class=\"link-text link-text--icon list-people__link link-absolute\"\n        target=\"\"\n    >\n        <span class=\"link-text__body\">\n            <span class=\"link-text__name\">Profil anzeigen<\/span>\n        <\/span>\n        <svg aria-hidden=\"true\" focusable=\"false\" class=\"icon icon-outline icon--arrow-right \"><use xlink:href=\"https:\/\/www.uni.lu\/wp-content\/themes\/unilux-theme\/assets\/images\/icons\/icons-outline.svg#icon--arrow-right\"><\/use><\/svg>    <\/a>\n<\/div>\n        <\/div>\n    <\/div>\n<\/div>\n<\/div><\/li><\/ul>\n\n<\/div>\n\n<\/div><\/section>\n\n\n\n<section class=\"wp-block-unilux-blocks-free-section section\"><div class=\"container xl:max-w-screen-xl\">\n<h3 class=\"has-text-align-left wp-block-unilux-blocks-heading\"        id=\"weitere-informationen\"\n    >\n<strong>Weitere Informationen<\/strong><\/h3>\n\n\n\n<ul class=\"wp-block-unilux-blocks-button-list-v2\">\n<li class=\"wp-block-unilux-blocks-button-list-item-v2\"><a class=\"quick-link\" href=\"https:\/\/www.uni.lu\/research-de\/doktorandenausbildung\/\" target=\"\" role=\"link\" rel=\"noopener\" tabindex=\"0\"><span class=\"quick-link__container\">\n<div class=\"wp-block-unilux-blocks-block-inserter quick-link__img\"><\/div>\n\n\n\n<span class=\"quick-link__name wp-block-unilux-blocks-plain-text\">Doktorandenausbildung<\/span>\n\n<svg aria-hidden=\"true\" focusable=\"false\" class=\"icon icon-outline icon--arrow-right \"><use xlink:href=\"https:\/\/www.uni.lu\/wp-content\/themes\/unilux-theme\/assets\/images\/icons\/icons-outline.svg#icon--arrow-right\"><\/use><\/svg><\/span><\/a><\/li>\n<\/ul>\n\n\n<div class=\"wp-block-unilux-blocks-spacer is-spacer-size-sm\"><\/div>\n\n\n<p>Das B\u00fcro f\u00fcr f\u00fcr Doktorandenstudium hat in der Regel Montag bis Freitag von 9.00 bis 12.00 Uhr zur Terminsprechstunde ge\u00f6ffnet.<\/p>\n\n\n\n<p>Bitte vereinbaren Sie einen Termin \u00fcber die App \u201eAffluences\u201c oder kontaktieren Sie uns per E-Mail.<\/p>\n\n\n<div class=\"icon-info-wrapper\">\n    <ul class=\"wp-block-unilux-blocks-icon-info\">\n        <li class=\"wp-block-unilux-blocks-icon-info-item\">\n    \n<div class=\"wp-block-unilux-blocks-wrapper icon-info\">\n<div class=\"icon--primary icon--secondary-2  wp-block-unilux-blocks-icon-picker\">\n    <svg aria-hidden=\"true\" focusable=\"false\" class=\"icon icon-outline icon--email \"><use xlink:href=\"https:\/\/www.uni.lu\/wp-content\/themes\/unilux-theme\/assets\/images\/icons\/icons-outline.svg#icon--email\"><\/use><\/svg><\/div>\n\n\n<p class=\"has-1-125-rem-font-size\"><a href=\"mailto:phdstudies@uni.lu\">phdstudies@uni.lu<\/a><\/p>\n<\/div>\n<\/li>\n<li class=\"wp-block-unilux-blocks-icon-info-item\">\n    \n<div class=\"wp-block-unilux-blocks-wrapper icon-info\">\n<div class=\" -2  wp-block-unilux-blocks-icon-picker\">\n    <svg aria-hidden=\"true\" focusable=\"false\" class=\"icon icon-outline icon--external-link \"><use xlink:href=\"https:\/\/www.uni.lu\/wp-content\/themes\/unilux-theme\/assets\/images\/icons\/icons-outline.svg#icon--external-link\"><\/use><\/svg><\/div>\n\n\n<p class=\"has-1-125-rem-font-size\"><a href=\"https:\/\/affluences.com\/universite-du-luxembourg-1\/universite-du-luxembourg\/reservation?type=699&amp;date=2023-11-09\" target=\"_blank\" rel=\"noreferrer noopener\">Affluences<\/a><\/p>\n<\/div>\n<\/li>\n    <\/ul>\n<\/div>\n\n\n\n<h4 class=\"has-text-align-left wp-block-unilux-blocks-heading\"        id=\"addresse\"\n    >\nAddresse<\/h4>\n\n\n\n<p>Wir befinden uns auf dem <a href=\"https:\/\/www.uni.lu\/de\/ueber-uns\/campusse\/campus-belval\/\">Campus Belval<\/a><\/p>\n\n\n\n<p><strong>Maison du Savoir, 5th floor<\/strong><br>2, place de l&#8217;Universit\u00e9<br>L-4365 Esch-sur-Alzette<\/p>\n<\/div><\/section>\n","protected":false},"excerpt":{"rendered":"","protected":false},"author":33,"featured_media":0,"parent":1432,"menu_order":0,"comment_status":"closed","ping_status":"closed","template":"","meta":{"featured_image_focal_point":[],"show_featured_caption":false,"ulux_newsletter_groups":"","uluxPostTitle":"","uluxPrePostTitle":"","_trash_the_other_posts":false,"_price":"","_stock":"","_tribe_ticket_header":"","_tribe_default_ticket_provider":"","_tribe_ticket_capacity":"0","_ticket_start_date":"","_ticket_end_date":"","_tribe_ticket_show_description":"","_tribe_ticket_show_not_going":false,"_tribe_ticket_use_global_stock":"","_tribe_ticket_global_stock_level":"","_global_stock_mode":"","_global_stock_cap":"","_tribe_rsvp_for_event":"","_tribe_ticket_going_count":"","_tribe_ticket_not_going_count":"","_tribe_tickets_list":"[]","_tribe_ticket_has_attendee_info_fields":false,"footnotes":""},"field-of-interest":[],"organisation":[],"authorship":[33],"acf":[],"yoast_head":"<!-- This site is optimized with the Yoast SEO Premium plugin v22.3 (Yoast SEO v22.3) - https:\/\/yoast.com\/wordpress\/plugins\/seo\/ -->\n<title>B\u00fcro f\u00fcr Doktorandenstudium - Universit\u00e4t Luxemburg<\/title>\n<meta name=\"description\" content=\"Das B\u00fcro f\u00fcr Doktorandenstudium ist die zentrale Anlaufstelle f\u00fcr Prozesse und Kommunikation im Zusammenhang mit dem Doktorandenstudium.\" \/>\n<meta name=\"robots\" content=\"index, follow, max-snippet:-1, max-image-preview:large, max-video-preview:-1\" \/>\n<link rel=\"canonical\" href=\"https:\/\/www.uni.lu\/de\/ueber-uns\/organisation\/verwaltung\/buero-fuer-doktorandenstudium\/\" \/>\n<meta property=\"og:locale\" content=\"de_DE\" \/>\n<meta property=\"og:type\" content=\"article\" \/>\n<meta property=\"og:title\" content=\"B\u00fcro f\u00fcr Doktorandenstudium\" \/>\n<meta property=\"og:description\" content=\"Das B\u00fcro f\u00fcr Doktorandenstudium ist die zentrale Anlaufstelle f\u00fcr Prozesse und Kommunikation im Zusammenhang mit dem Doktorandenstudium.\" \/>\n<meta property=\"og:url\" content=\"https:\/\/www.uni.lu\/de\/ueber-uns\/organisation\/verwaltung\/buero-fuer-doktorandenstudium\/\" \/>\n<meta property=\"og:site_name\" content=\"UNI DE\" \/>\n<meta property=\"article:publisher\" content=\"https:\/\/www.facebook.com\/uni.lu\" \/>\n<meta property=\"article:modified_time\" content=\"2026-03-11T14:18:58+00:00\" \/>\n<meta property=\"og:image\" content=\"https:\/\/www.uni.lu\/wp-content\/uploads\/sites\/10\/2026\/03\/03120000\/UNIV_SM-Profile_1600x1600px-scaled.jpg\" \/>\n\t<meta property=\"og:image:width\" content=\"2560\" \/>\n\t<meta property=\"og:image:height\" content=\"2560\" \/>\n\t<meta property=\"og:image:type\" content=\"image\/jpeg\" \/>\n<meta name=\"twitter:card\" content=\"summary_large_image\" \/>\n<meta name=\"twitter:label1\" content=\"Gesch\u00e4tzte Lesezeit\" \/>\n\t<meta name=\"twitter:data1\" content=\"2 Minuten\" \/>\n<script type=\"application\/ld+json\" class=\"yoast-schema-graph\">{\"@context\":\"https:\/\/schema.org\",\"@graph\":[{\"@type\":\"WebPage\",\"@id\":\"https:\/\/www.uni.lu\/de\/ueber-uns\/organisation\/verwaltung\/buero-fuer-doktorandenstudium\/\",\"url\":\"https:\/\/www.uni.lu\/de\/ueber-uns\/organisation\/verwaltung\/buero-fuer-doktorandenstudium\/\",\"name\":\"B\u00fcro f\u00fcr Doktorandenstudium - Universit\u00e4t Luxemburg\",\"isPartOf\":{\"@id\":\"https:\/\/www.uni.lu\/de\/#website\"},\"datePublished\":\"2023-10-17T14:03:51+00:00\",\"dateModified\":\"2026-03-11T14:18:58+00:00\",\"description\":\"Das B\u00fcro f\u00fcr Doktorandenstudium ist die zentrale Anlaufstelle f\u00fcr Prozesse und Kommunikation im Zusammenhang mit dem Doktorandenstudium.\",\"breadcrumb\":{\"@id\":\"https:\/\/www.uni.lu\/de\/ueber-uns\/organisation\/verwaltung\/buero-fuer-doktorandenstudium\/#breadcrumb\"},\"inLanguage\":\"de-DE\",\"potentialAction\":[{\"@type\":\"ReadAction\",\"target\":[\"https:\/\/www.uni.lu\/de\/ueber-uns\/organisation\/verwaltung\/buero-fuer-doktorandenstudium\/\"]}]},{\"@type\":\"BreadcrumbList\",\"@id\":\"https:\/\/www.uni.lu\/de\/ueber-uns\/organisation\/verwaltung\/buero-fuer-doktorandenstudium\/#breadcrumb\",\"itemListElement\":[{\"@type\":\"ListItem\",\"position\":1,\"name\":\"Home\",\"item\":\"https:\/\/www.uni.lu\/de\/\"},{\"@type\":\"ListItem\",\"position\":2,\"name\":\"\u00dcber uns\",\"item\":\"https:\/\/www.uni.lu\/de\/ueber-uns\/\"},{\"@type\":\"ListItem\",\"position\":3,\"name\":\"Organisation\",\"item\":\"https:\/\/www.uni.lu\/de\/ueber-uns\/organisation\/\"},{\"@type\":\"ListItem\",\"position\":4,\"name\":\"Verwaltung\",\"item\":\"https:\/\/www.uni.lu\/de\/ueber-uns\/organisation\/verwaltung\/\"},{\"@type\":\"ListItem\",\"position\":5,\"name\":\"B\u00fcro f\u00fcr Doktorandenstudium\"}]},{\"@type\":\"WebSite\",\"@id\":\"https:\/\/www.uni.lu\/de\/#website\",\"url\":\"https:\/\/www.uni.lu\/de\/\",\"name\":\"Uni.lu\",\"description\":\"Universit\u00e4t Luxemburg\",\"publisher\":{\"@id\":\"https:\/\/www.uni.lu\/de\/#organization\"},\"alternateName\":\"Universit\u00e4t Luxemburg\",\"potentialAction\":[{\"@type\":\"SearchAction\",\"target\":{\"@type\":\"EntryPoint\",\"urlTemplate\":\"https:\/\/www.uni.lu\/de\/?s={search_term_string}\"},\"query-input\":\"required name=search_term_string\"}],\"inLanguage\":\"de-DE\"},{\"@type\":\"Organization\",\"@id\":\"https:\/\/www.uni.lu\/de\/#organization\",\"name\":\"Universit\u00e4t Luxemburg\",\"alternateName\":\"Uni.lu\",\"url\":\"https:\/\/www.uni.lu\/de\/\",\"logo\":{\"@type\":\"ImageObject\",\"inLanguage\":\"de-DE\",\"@id\":\"https:\/\/www.uni.lu\/de\/#\/schema\/logo\/image\/\",\"url\":\"https:\/\/www.uni.lu\/wp-content\/uploads\/sites\/10\/2026\/03\/03120000\/UNIV_SM-Profile_1600x1600px-scaled.jpg\",\"contentUrl\":\"https:\/\/www.uni.lu\/wp-content\/uploads\/sites\/10\/2026\/03\/03120000\/UNIV_SM-Profile_1600x1600px-scaled.jpg\",\"width\":2560,\"height\":2560,\"caption\":\"Universit\u00e4t Luxemburg\"},\"image\":\"https:\/\/www.uni.lu\/wp-content\/uploads\/sites\/10\/2026\/04\/24144329\/20200609-Belval-Campus_Henri-Goergen-23.jpg\",\"sameAs\":[\"https:\/\/www.facebook.com\/uni.lu\",\"https:\/\/www.linkedin.com\/school\/university-of-luxembourg\/\",\"https:\/\/www.instagram.com\/uni.lu\",\"https:\/\/www.youtube.com\/@uni_lu\",\"https:\/\/en.wikipedia.org\/wiki\/University_of_Luxembourg\"],\"email\":\"communication@uni.lu\",\"telephone\":\"+3524666441\",\"address\":{\"@type\":\"PostalAddress\",\"streetAddress\":\"2, place de l\u2019Universit\u00e9\",\"addressLocality\":\"Esch-sur-Alzette\",\"postalCode\":\"4365\",\"addressCountry\":\"LU\"},\"description\":\"Universit\u00e4t Luxemburg\"}]}<\/script>\n<!-- \/ Yoast SEO Premium plugin. -->","yoast_head_json":{"title":"B\u00fcro f\u00fcr Doktorandenstudium - Universit\u00e4t Luxemburg","description":"Das B\u00fcro f\u00fcr Doktorandenstudium ist die zentrale Anlaufstelle f\u00fcr Prozesse und Kommunikation im Zusammenhang mit dem Doktorandenstudium.","robots":{"index":"index","follow":"follow","max-snippet":"max-snippet:-1","max-image-preview":"max-image-preview:large","max-video-preview":"max-video-preview:-1"},"canonical":"https:\/\/www.uni.lu\/de\/ueber-uns\/organisation\/verwaltung\/buero-fuer-doktorandenstudium\/","og_locale":"de_DE","og_type":"article","og_title":"B\u00fcro f\u00fcr Doktorandenstudium","og_description":"Das B\u00fcro f\u00fcr Doktorandenstudium ist die zentrale Anlaufstelle f\u00fcr Prozesse und Kommunikation im Zusammenhang mit dem Doktorandenstudium.","og_url":"https:\/\/www.uni.lu\/de\/ueber-uns\/organisation\/verwaltung\/buero-fuer-doktorandenstudium\/","og_site_name":"UNI DE","article_publisher":"https:\/\/www.facebook.com\/uni.lu","article_modified_time":"2026-03-11T14:18:58+00:00","og_image":[{"width":2560,"height":2560,"url":"https:\/\/www.uni.lu\/wp-content\/uploads\/sites\/10\/2026\/03\/03120000\/UNIV_SM-Profile_1600x1600px-scaled.jpg","type":"image\/jpeg"}],"twitter_card":"summary_large_image","twitter_misc":{"Gesch\u00e4tzte Lesezeit":"2 Minuten"},"schema":{"@context":"https:\/\/schema.org","@graph":[{"@type":"WebPage","@id":"https:\/\/www.uni.lu\/de\/ueber-uns\/organisation\/verwaltung\/buero-fuer-doktorandenstudium\/","url":"https:\/\/www.uni.lu\/de\/ueber-uns\/organisation\/verwaltung\/buero-fuer-doktorandenstudium\/","name":"B\u00fcro f\u00fcr Doktorandenstudium - Universit\u00e4t Luxemburg","isPartOf":{"@id":"https:\/\/www.uni.lu\/de\/#website"},"datePublished":"2023-10-17T14:03:51+00:00","dateModified":"2026-03-11T14:18:58+00:00","description":"Das B\u00fcro f\u00fcr Doktorandenstudium ist die zentrale Anlaufstelle f\u00fcr Prozesse und Kommunikation im Zusammenhang mit dem Doktorandenstudium.","breadcrumb":{"@id":"https:\/\/www.uni.lu\/de\/ueber-uns\/organisation\/verwaltung\/buero-fuer-doktorandenstudium\/#breadcrumb"},"inLanguage":"de-DE","potentialAction":[{"@type":"ReadAction","target":["https:\/\/www.uni.lu\/de\/ueber-uns\/organisation\/verwaltung\/buero-fuer-doktorandenstudium\/"]}]},{"@type":"BreadcrumbList","@id":"https:\/\/www.uni.lu\/de\/ueber-uns\/organisation\/verwaltung\/buero-fuer-doktorandenstudium\/#breadcrumb","itemListElement":[{"@type":"ListItem","position":1,"name":"Home","item":"https:\/\/www.uni.lu\/de\/"},{"@type":"ListItem","position":2,"name":"\u00dcber uns","item":"https:\/\/www.uni.lu\/de\/ueber-uns\/"},{"@type":"ListItem","position":3,"name":"Organisation","item":"https:\/\/www.uni.lu\/de\/ueber-uns\/organisation\/"},{"@type":"ListItem","position":4,"name":"Verwaltung","item":"https:\/\/www.uni.lu\/de\/ueber-uns\/organisation\/verwaltung\/"},{"@type":"ListItem","position":5,"name":"B\u00fcro f\u00fcr Doktorandenstudium"}]},{"@type":"WebSite","@id":"https:\/\/www.uni.lu\/de\/#website","url":"https:\/\/www.uni.lu\/de\/","name":"Uni.lu","description":"Universit\u00e4t Luxemburg","publisher":{"@id":"https:\/\/www.uni.lu\/de\/#organization"},"alternateName":"Universit\u00e4t Luxemburg","potentialAction":[{"@type":"SearchAction","target":{"@type":"EntryPoint","urlTemplate":"https:\/\/www.uni.lu\/de\/?s={search_term_string}"},"query-input":"required name=search_term_string"}],"inLanguage":"de-DE"},{"@type":"Organization","@id":"https:\/\/www.uni.lu\/de\/#organization","name":"Universit\u00e4t Luxemburg","alternateName":"Uni.lu","url":"https:\/\/www.uni.lu\/de\/","logo":{"@type":"ImageObject","inLanguage":"de-DE","@id":"https:\/\/www.uni.lu\/de\/#\/schema\/logo\/image\/","url":"https:\/\/www.uni.lu\/wp-content\/uploads\/sites\/10\/2026\/03\/03120000\/UNIV_SM-Profile_1600x1600px-scaled.jpg","contentUrl":"https:\/\/www.uni.lu\/wp-content\/uploads\/sites\/10\/2026\/03\/03120000\/UNIV_SM-Profile_1600x1600px-scaled.jpg","width":2560,"height":2560,"caption":"Universit\u00e4t Luxemburg"},"image":"https:\/\/www.uni.lu\/wp-content\/uploads\/sites\/10\/2026\/04\/24144329\/20200609-Belval-Campus_Henri-Goergen-23.jpg","sameAs":["https:\/\/www.facebook.com\/uni.lu","https:\/\/www.linkedin.com\/school\/university-of-luxembourg\/","https:\/\/www.instagram.com\/uni.lu","https:\/\/www.youtube.com\/@uni_lu","https:\/\/en.wikipedia.org\/wiki\/University_of_Luxembourg"],"email":"communication@uni.lu","telephone":"+3524666441","address":{"@type":"PostalAddress","streetAddress":"2, place de l\u2019Universit\u00e9","addressLocality":"Esch-sur-Alzette","postalCode":"4365","addressCountry":"LU"},"description":"Universit\u00e4t Luxemburg"}]}},"ticketed":false,"_links":{"self":[{"href":"https:\/\/www.uni.lu\/de\/wp-json\/wp\/v2\/pages\/1457"}],"collection":[{"href":"https:\/\/www.uni.lu\/de\/wp-json\/wp\/v2\/pages"}],"about":[{"href":"https:\/\/www.uni.lu\/de\/wp-json\/wp\/v2\/types\/page"}],"author":[{"embeddable":true,"href":"https:\/\/www.uni.lu\/de\/wp-json\/wp\/v2\/users\/33"}],"replies":[{"embeddable":true,"href":"https:\/\/www.uni.lu\/de\/wp-json\/wp\/v2\/comments?post=1457"}],"version-history":[{"count":5,"href":"https:\/\/www.uni.lu\/de\/wp-json\/wp\/v2\/pages\/1457\/revisions"}],"predecessor-version":[{"id":9002,"href":"https:\/\/www.uni.lu\/de\/wp-json\/wp\/v2\/pages\/1457\/revisions\/9002"}],"up":[{"embeddable":true,"href":"https:\/\/www.uni.lu\/de\/wp-json\/wp\/v2\/pages\/1432"}],"wp:authorship":[{"embeddable":true,"href":"https:\/\/www.uni.lu\/de\/wp-json\/wp\/v2\/users\/33"}],"wp:attachment":[{"href":"https:\/\/www.uni.lu\/de\/wp-json\/wp\/v2\/media?parent=1457"}],"wp:term":[{"taxonomy":"field-of-interest","embeddable":true,"href":"https:\/\/www.uni.lu\/de\/wp-json\/wp\/v2\/field-of-interest?post=1457"},{"taxonomy":"organisation","embeddable":true,"href":"https:\/\/www.uni.lu\/de\/wp-json\/wp\/v2\/organisation?post=1457"}],"curies":[{"name":"wp","href":"https:\/\/api.w.org\/{rel}","templated":true}]}}