{"id":1414,"date":"2023-10-12T15:22:42","date_gmt":"2023-10-12T13:22:42","guid":{"rendered":"https:\/\/www.uni.lu\/de\/?page_id=1414"},"modified":"2026-02-17T10:11:28","modified_gmt":"2026-02-17T09:11:28","slug":"des-studiengaenge","status":"publish","type":"page","link":"https:\/\/www.uni.lu\/de\/zulassung\/des-studiengaenge\/","title":{"rendered":"DES-Studieng\u00e4nge"},"content":{"rendered":"\n<section class=\"section no-padding-y wp-block-unilux-blocks-hero\">\n    <div class=\"hero hero--2  \">\n        \n<header class=\"wp-block-unilux-blocks-wrapper hero__header\">\n<div class=\"wp-block-unilux-blocks-wrapper hero__container\">\n<span class=\"hero__title__subject wp-block-unilux-blocks-plain-text\">Antrag auf Zulassung<\/span>\n\n\n<h1 class=\"has-text-align-left wp-block-unilux-blocks-heading\"        id=\"spezialisierte-diplomstudiengaenge-in-medizin\"\n    >\nSpezialisierte Diplomstudieng\u00e4nge in Medizin<\/h1>\n<\/div>\n<\/header>\n<figure class=\"wp-block-dev4-reusable-blocks-image hero__visual object-fit--cover\">\n    \n<img decoding=\"async\" class=\"wp-block-image unilux-custom-image-block\"\n                alt=\"Medical students over X-Ray screen\"\n            src=\"https:\/\/www.uni.lu\/wp-content\/uploads\/sites\/9\/2023\/06\/medicine-health.png\"\n                    style=\"object-position: 50.00% 50.00%; font-family: &quot;object-fit: cover; object-position: 50.00% 50.00%;&quot;; aspect-ratio: 16\/9; object-fit: cover; width: 100%;\"\n        loading=\"lazy\"\n\/>    <\/figure>\n<div class=\"wp-block-unilux-blocks-wrapper hero__body\">\n<div class=\"wp-block-unilux-blocks-wrapper hero__container\">\n<p class=\"wp-block-unilux-blocks-plain-text\">F\u00fcr Studierende mit einem Master-Abschluss in Medizin bietet die Universit\u00e4t Luxemburg Spezialisierungskurse in Medizin an. Erfahren Sie, wie Sie sich daf\u00fcr bewerben k\u00f6nnen.<\/p>\n\n\n<ul class=\"wp-block-unilux-blocks-custom-buttons btn-list\">\n\n<\/ul>\n<\/div>\n<\/div>\n    <\/div>\n<\/section>\n\n\n<section class=\"wp-block-unilux-blocks-free-section section\"><div class=\"container xl:max-w-screen-xl\">\n<p>Die Universit\u00e4t Luxemburg bietet 3 DES-Studieng\u00e4nge in Medizin an, die an der Fakult\u00e4t f\u00fcr Naturwissenschaften, Technologie und Medizin in den Bereichen Allgemeinmedizin, Neurologie und Medizinische Onkologie angesiedelt sind. Das Fachstudium der Medizin im Fach Allgemeinmedizin kann entweder zum Masterabschluss in Allgemeinmedizin (Stufe 7) oder zum Dipl\u00f4me d\u2019Etudes Sp\u00e9cialis\u00e9es en M\u00e9decine G\u00e9n\u00e9rale (Facharztdiplom in Allgemeinmedizin \u2013 Stufe 8 des luxemburgischen Qualifikationsrahmens, der in Artikel 69 des Gesetzes vom 28. Oktober 2016 \u00fcber die Anerkennung von Berufsqualifikationen definiert ist) f\u00fchren. Das Fachstudium der Medizin in den Disziplinen Neurologie und Medizinische Onkologie f\u00fchrt zum Abschluss Dipl\u00f4me d\u2019Etudes sp\u00e9cialis\u00e9es en Neurologie et Oncologie M\u00e9dicale (Facharztdiplom in Neurologie und medizinischer Onkologie \u2013 Stufe 8 des luxemburgischen Qualifikationsrahmens gem\u00e4\u00df Artikel 69 des Gesetzes vom 28. Oktober 2016 \u00fcber die Anerkennung von Berufsqualifikationen).<\/p>\n<\/div><\/section>\n\n\n\n<section class=\"py-0 wp-block-unilux-blocks-free-section section\"><div class=\"container xl:max-w-screen-xl\">\n<h2 class=\"has-text-align-left wp-block-unilux-blocks-heading\"        id=\"auswahl-des-rankings\"\n    >\nAuswahl des Rankings<\/h2>\n\n\n\n<p>Die Einschreibung eines jeden Bewerbers h\u00e4ngt von seiner pers\u00f6nlichen Situation ab. Die Kriterien k\u00f6nnen je nach Staatsangeh\u00f6rigkeit des Bewerbers, der Herkunft seines Diploms und seines Wohnsitzes unterschiedlich sein.<\/p>\n\n\n\n<p>Standardm\u00e4\u00dfig werden alle in Frage kommenden Bewerber einer Rangfolge unterzogen, die eine Auswahl umfasst:<\/p>\n\n\n\n<ul class=\"ulux-list\">\n<li class=\"ulux-list-item\">Eine <strong>schriftliche Pr\u00fcfung \u00fcber die allgemeinen Kenntnisse in Medizin<\/strong><\/li>\n\n\n\n<li class=\"ulux-list-item\">Ein <strong>m\u00fcndliches Gespr\u00e4ch \u00fcber die kommunikativen und transversalen Kompetenzen<\/strong><\/li>\n<\/ul>\n\n\n\n<p>Wir empfehlen Ihnen, die nachstehenden detaillierten Informationen, die Ihrem Profil entsprechen, sorgf\u00e4ltig zu lesen.<\/p>\n<\/div><\/section>\n\n\n\n<section class=\"wp-block-unilux-blocks-free-section section\"><div class=\"container xl:max-w-screen-xl\">\n<h2 class=\"has-text-align-left wp-block-unilux-blocks-heading\"        id=\"europaeische-bewerber-innen\"\n    >\n<strong>Europ\u00e4ische Bewerber\/innen<\/strong><\/h2>\n\n\n\n<p><strong>Als europ\u00e4ische\/r Bewerber\/in gilt, wer die Staatsangeh\u00f6rigkeit eines Mitgliedstaates der Europ\u00e4ischen Union (EU), des Europ\u00e4ischen Wirtschaftsraums (EWR) oder der Schweizerischen Eidgenossenschaft besitzt.<\/strong><\/p>\n\n\n\n<div class=\"wp-block-unilux-blocks-accordion accordion accordion--theme accordion-standard\" data-reference=\"aff1015f-18ca-42dd-8cbb-94c110904e84\" data-accordion-type=\"standard\"><div class=\"accordion__item  wp-block-unilux-blocks-accordion-item\">\n    <h3 class=\"accordion__header\"\n        >\n        <button\n            type=\"button\"\n            id=\"accordion-labelledby-a5589495-2bca-4b7e-b218-fea93389904d\"\n            class=\"accordion__button collapsed\"\n            aria-expanded=\"false\"\n            aria-controls=\"accordion-panel-a5589495-2bca-4b7e-b218-fea93389904d\"\n            data-bs-toggle=\"collapse\"\n            data-bs-target=\"#accordion-panel-a5589495-2bca-4b7e-b218-fea93389904d\"\n        >\n            <span class=\"accordion__title\">\n                                Zulassungskriterien            <\/span>\n\n            <svg aria-hidden=\"true\" focusable=\"false\" class=\"icon icon-outline icon--arrow-down \"><use xlink:href=\"https:\/\/www.uni.lu\/wp-content\/themes\/unilux-theme\/assets\/images\/icons\/icons-outline.svg#icon--arrow-down\"><\/use><\/svg>        <\/button>\n    <\/h3>\n    <div id=\"accordion-panel-a5589495-2bca-4b7e-b218-fea93389904d\"\n        class=\"accordion__collapse collapse\"\n        aria-labelledby=\"accordion-labelledby-a5589495-2bca-4b7e-b218-fea93389904d\"\n        data-bs-parent=\"[data-reference=&quot;aff1015f-18ca-42dd-8cbb-94c110904e84&quot;]\"\n    >\n        <div class=\"accordion__body \">\n            \n<ul class=\"wp-block-unilux-blocks-highlighted-list list-highlighted list-highlighted--architectural\"><li class=\"list-highlighted__item  wp-block-unilux-blocks-highlighted-list-item\">\n    <header class=\"list-highlighted__header wp-block-unilux-blocks-highlighted-list-item-header\">\n    \n<h4 class=\"title text-18 font-bold has-text-align-left wp-block-unilux-blocks-heading\"        id=\"diplom\"\n    >\nDiplom<\/h4>\n<div class=\"wp-block-unilux-blocks-bigtext\">\n    <span>\n        \n    <\/span>\n<\/div><\/header><div class=\"list-highlighted__body wp-block-unilux-blocks-highlighted-list-item-body\">\n    <div class=\"wp-block-unilux-blocks-highlighted-list-item-free-content-area\">\n    \n<p>Der Bewerber muss \u00fcber einen Abschluss in der medizinischen Grundausbildung in einem Mitgliedstaat der Europ\u00e4ischen Union (Schweiz, Europ\u00e4ischer Wirtschaftsraum) verf\u00fcgen, siehe Anhang 5.1.1. der Richtlinie 2005\/36\/EG oder \u00fcber ein gleichwertiges Diplom (vgl. Diplom, das vor dem in Anhang festgelegten Stichtag erworben wurde, oder \u00fcber ein erst vor Kurzem erlangtes Diplom, das noch nicht in Anhang 5.1.1. aufgenommen wurde. In den beiden letztgenannten F\u00e4llen muss eine Konformit\u00e4tsbescheinigung vorgelegt werden, die von der zust\u00e4ndigen Beh\u00f6rde ausgestellt wurde).<\/p>\n\n<p>Nach Art. 32 des Universit\u00e4tsgesetzes steht der Zugang zum Studium, das zum Grad DES in Medizin f\u00fchrt, Personen offen, welche die Bedingungen von Artikel 1, Absatz 1, Buchstaben a), b), d) und e) des ge\u00e4nderten Gesetzes vom 29. April 1983 \u00fcber die Aus\u00fcbung der Berufe des Arztes, des Zahnarztes und des Tierarztes erf\u00fcllen. Weitere Informationen finden Sie auch in Artikel 10 des Spezialisierungsgesetzes 2020.<\/p>\n\n<p>Alle Diplome und\/oder Leistungsnachweise, die in einer anderen Sprache als Deutsch, Englisch oder Franz\u00f6sisch verfasst sind, m\u00fcssen von einem\/einer vereidigten \u00dcbersetzer\/in \u00fcbersetzt werden<\/p>\n<\/div><\/div><\/li>\n\n<li class=\"list-highlighted__item  wp-block-unilux-blocks-highlighted-list-item\">\n    <header class=\"list-highlighted__header wp-block-unilux-blocks-highlighted-list-item-header\">\n    \n<h4 class=\"title text-18 font-bold has-text-align-left wp-block-unilux-blocks-heading\"        id=\"europaeische-bewerber-innen-mit-einer-medizinischen-grundausbildung-1-und-2-zyklus-erfolgreich-abgeschlossen\"\n    >\nEurop\u00e4ische Bewerber\/innen mit einer medizinischen Grundausbildung (1. und 2. Zyklus erfolgreich abgeschlossen)<\/h4>\n<div class=\"wp-block-unilux-blocks-bigtext\">\n    <span>\n        \n    <\/span>\n<\/div><\/header><div class=\"list-highlighted__body wp-block-unilux-blocks-highlighted-list-item-body\">\n    <div class=\"wp-block-unilux-blocks-highlighted-list-item-free-content-area\">\n    \n<p>Ihr Abschluss wird automatisch anerkannt, wenn Sie ein\/e europ\u00e4ische\/r Bewerber\/in mit einer medizinischen Grundausbildung (1. und 2. Zyklus erfolgreich abgeschlossen) und ihr Abschluss an einer Hochschule in einem anderen Mitgliedstaat der Europ\u00e4ischen Union, einem Mitgliedstaat des Europ\u00e4ischen Wirtschaftsraums oder der Schweiz ausgestellt wurde sowie wenn er in Anhang 5.1.1. der Richtlinie 2005\/36\/EG aufgef\u00fchrt ist.<\/p>\n\n<p>Wenn Sie w\u00e4hrend des Bewerbungszeitraums f\u00fcr den gew\u00e4hlten Studiengang noch nicht im Besitz Ihres Abschlusszeugnisses oder Leistungsnachweises Ihrer medizinischen Grundausbildung (1. und 2. Zyklus erfolgreich abgeschlossen) sind, k\u00f6nnen Sie Ihren Zulassungsantrag online einreichen. In jedem Fall m\u00fcssen Sie dies sp\u00e4testens bis zu der Frist tun, die im Studienprogramm festgelegt ist.<br>Bewerber\/innen, die zum Zeitpunkt ihres Zulassungsantrags die medizinische Grundausbildung (1. und 2. Zyklus) noch nicht erfolgreich abgeschlossen haben, k\u00f6nnen vom Bildungsausschuss als zul\u00e4ssig eingestuft werden, wenn sie die fehlenden Unterlagen bis zum 30. November des Jahres der Einschreibung nachreichen. Sie d\u00fcrfen erst dann mit einem Praktikum beginnen, wenn diese Formalit\u00e4t erf\u00fcllt ist.<\/p>\n\n<p>Wird Ihre Bewerbung angenommen, erhalten Sie ein vorl\u00e4ufiges Zulassungsschreiben. Sobald Sie Ihr Abschlusszeugnis und Ihren Notenauszug erhalten haben, k\u00f6nnen Sie diese Dokumente \u00fcber Ihr Zulassungsportal hochladen, um Ihre Bewerbung zu vervollst\u00e4ndigen. Ein endg\u00fcltiges Zulassungsschreiben wird Ihnen dann zusammen mit der Rechnung f\u00fcr die Anmeldegeb\u00fchr zugeschickt, um Ihre endg\u00fcltige Anmeldung zu best\u00e4tigen.<\/p>\n<\/div><\/div><\/li>\n\n<li class=\"list-highlighted__item  wp-block-unilux-blocks-highlighted-list-item\">\n    <header class=\"list-highlighted__header wp-block-unilux-blocks-highlighted-list-item-header\">\n    \n<h4 class=\"title text-18 font-bold has-text-align-left wp-block-unilux-blocks-heading\"        id=\"europaeische-bewerber-innen-mit-einem-hochschulabschluss-ausserhalb-der-europaeischen-union-ausserhalb-eines-mitgliedstaates-des-europaeischen-wirtschaftsraums-oder-ausserhalb-der-schweizerischen-eid\"\n    >\n<strong>Europ\u00e4ische Bewerber\/innen mit einem Hochschulabschluss au\u00dferhalb der Europ\u00e4ischen Union, au\u00dferhalb eines Mitgliedstaates des Europ\u00e4ischen Wirtschaftsraums oder au\u00dferhalb der Schweizerischen Eidgenossenschaft.<\/strong><\/h4>\n<div class=\"wp-block-unilux-blocks-bigtext\">\n    <span>\n        \n    <\/span>\n<\/div><\/header><div class=\"list-highlighted__body wp-block-unilux-blocks-highlighted-list-item-body\">\n    <div class=\"wp-block-unilux-blocks-highlighted-list-item-free-content-area\">\n    \n<p>Der Bewerber muss \u00fcber einen medizinischen Grundausbildungsnachweis verf\u00fcgen, der in einem Drittland erworben wurde, das gem\u00e4\u00df den Bestimmungen des Gesetzes vom 28. Oktober 2016 \u00fcber die Anerkennung von Berufsqualifikationen anerkannt wurde, und insbesondere die in Artikel 24 dieses Gesetzes festgelegten Kriterien erf\u00fcllen.<\/p>\n\n<p>Wenn Sie w\u00e4hrend des Bewerbungszeitraums f\u00fcr den gew\u00e4hlten Studiengang noch nicht im Besitz Ihres Abschlusszeugnisses (oder einer Bescheinigung \u00fcber den erfolgreichen Abschluss) und der Eintragung in das Register der Bildungsnachweise sind, k\u00f6nnen Sie Ihren Antrag auf Zulassung online einreichen. In jedem Fall m\u00fcssen Sie dies sp\u00e4testens bis zu der im Studienprogramm festgelegten Frist tun. Bewerber\/innen, die zum Zeitpunkt ihres Zulassungsantrags ihre medizinische Grundausbildung (1. und 2. Zyklus erfolgreich abgeschlossen)noch nicht abgeschlossen haben, k\u00f6nnen vom Bildungsausschuss als zul\u00e4ssig eingestuft werden, wenn sie die fehlenden Unterlagen bis zum 30. November des Jahres der Einschreibung nachreichen. Sie d\u00fcrfen erst dann mit einem Praktikum beginnen, wenn diese Formalit\u00e4t erf\u00fcllt ist.<\/p>\n\n<p>Wird Ihre Bewerbung angenommen, erhalten Sie ein vorl\u00e4ufiges Zulassungsschreiben. Sobald Sie Ihr Diplom (oder die Bescheinigung \u00fcber den erfolgreichen Abschluss) und die Eintragung Ihres Diploms in das Register f\u00fcr Bildungsnachweise erhalten haben, k\u00f6nnen Sie diese Dokumente \u00fcber Ihr Zulassungsportal hochladen, um Ihre Bewerbung zu vervollst\u00e4ndigen. Ein endg\u00fcltiges Zulassungsschreiben wird Ihnen dann zusammen mit der Rechnung f\u00fcr die Anmeldegeb\u00fchr zugeschickt, um Ihre endg\u00fcltige Anmeldung zu best\u00e4tigen.<\/p>\n<\/div><\/div><\/li><\/ul>\n        <\/div>\n    <\/div>\n<\/div>\n\n<div class=\"accordion__item  wp-block-unilux-blocks-accordion-item\">\n    <h3 class=\"accordion__header\"\n        >\n        <button\n            type=\"button\"\n            id=\"accordion-labelledby-333aa8d8-5134-4072-9b23-7b606775c63a\"\n            class=\"accordion__button collapsed\"\n            aria-expanded=\"false\"\n            aria-controls=\"accordion-panel-333aa8d8-5134-4072-9b23-7b606775c63a\"\n            data-bs-toggle=\"collapse\"\n            data-bs-target=\"#accordion-panel-333aa8d8-5134-4072-9b23-7b606775c63a\"\n        >\n            <span class=\"accordion__title\">\n                                Erforderliche Sprachkenntnisse            <\/span>\n\n            <svg aria-hidden=\"true\" focusable=\"false\" class=\"icon icon-outline icon--arrow-down \"><use xlink:href=\"https:\/\/www.uni.lu\/wp-content\/themes\/unilux-theme\/assets\/images\/icons\/icons-outline.svg#icon--arrow-down\"><\/use><\/svg>        <\/button>\n    <\/h3>\n    <div id=\"accordion-panel-333aa8d8-5134-4072-9b23-7b606775c63a\"\n        class=\"accordion__collapse collapse\"\n        aria-labelledby=\"accordion-labelledby-333aa8d8-5134-4072-9b23-7b606775c63a\"\n        data-bs-parent=\"[data-reference=&quot;aff1015f-18ca-42dd-8cbb-94c110904e84&quot;]\"\n    >\n        <div class=\"accordion__body \">\n            \n<p>In diesem Fall ist ein<strong> Nachweis \u00fcber die Beherrschung <\/strong>der Unterrichtssprachen des Programms (Franz\u00f6sisch und Deutsch), der ein Niveau B2 (in \u00dcbereinstimmung mit dem Gemeinsamen Europ\u00e4ischen Referenzrahmen f\u00fcr Sprachen \u2013 GERS) bescheinigt, zwingend erforderlich.<\/p>\n\n<p>Der Nachweis von Sprachkenntnissen muss auf folgende Weise erbracht werden:<\/p>\n\n<p>Der Abschluss eines Bachelor- oder Masterstudiums kann von der Vorlage eines Sprachnachweises f\u00fcr eine der Studiengangssprachen befreien, wenn der gesamte Studiengang in einer der Studiengangssprachen absolviert und bewertet wurde, f\u00fcr die sich der Studierende bewerben m\u00f6chte, und wenn der Abschluss weniger als zwei Jahre vor dem Bewerbungsdatum erworben wurde.<\/p>\n\n<ul class=\"wp-block-unilux-blocks-custom-buttons btn-list justify-center\"><li class=\"wp-block-unilux-blocks-custom-button\"    aria-disabled=\"false\"\n    >\n    <a\n        role=\"link\"\n        aria-disabled=\"false\"\n                    href=\"https:\/\/www.uni.lu\/de\/zulassung\/nachweis-von-sprachkenntnissen\/\"\n                target=\"_self\"\n        class=\"btn btn--primary\"\n            >Nachweis von Sprachkenntnissen<\/a>\n<\/li>\n<\/ul>\n\n<p class=\"has-text-align-center\">Weitere Informationen \u00fcber anerkannte Sprachtestzertifikate<\/p>\n        <\/div>\n    <\/div>\n<\/div>\n\n<div class=\"accordion__item  wp-block-unilux-blocks-accordion-item\">\n    <h3 class=\"accordion__header\"\n        >\n        <button\n            type=\"button\"\n            id=\"accordion-labelledby-dee02cc6-012e-49b8-bbdd-4b90065dc3ad\"\n            class=\"accordion__button collapsed\"\n            aria-expanded=\"false\"\n            aria-controls=\"accordion-panel-dee02cc6-012e-49b8-bbdd-4b90065dc3ad\"\n            data-bs-toggle=\"collapse\"\n            data-bs-target=\"#accordion-panel-dee02cc6-012e-49b8-bbdd-4b90065dc3ad\"\n        >\n            <span class=\"accordion__title\">\n                                <strong>Erworbene ECTS-Punkte anerkennen lassen und\/oder in einen hoheren Jahrgang der DES eintreten<\/strong>            <\/span>\n\n            <svg aria-hidden=\"true\" focusable=\"false\" class=\"icon icon-outline icon--arrow-down \"><use xlink:href=\"https:\/\/www.uni.lu\/wp-content\/themes\/unilux-theme\/assets\/images\/icons\/icons-outline.svg#icon--arrow-down\"><\/use><\/svg>        <\/button>\n    <\/h3>\n    <div id=\"accordion-panel-dee02cc6-012e-49b8-bbdd-4b90065dc3ad\"\n        class=\"accordion__collapse collapse\"\n        aria-labelledby=\"accordion-labelledby-dee02cc6-012e-49b8-bbdd-4b90065dc3ad\"\n        data-bs-parent=\"[data-reference=&quot;aff1015f-18ca-42dd-8cbb-94c110904e84&quot;]\"\n    >\n        <div class=\"accordion__body \">\n            \n<p>Es ist m\u00f6glich, einen Antrag auf Anerkennung erworbener Kompetenzen (VAE) zu stellen, um ECTS-Punkte anzuerkennen.<\/p>\n\n<p>Die VAE basiert auf:<\/p>\n\n<ul class=\"ulux-list\">\n<li class=\"ulux-list-item\">Studienabschluss und\/oder Berufserfahrung von mindestens drei Jahren (Vollzeit\u00e4quivalent), die in denselben Bereich f\u00e4llt wie der gew\u00fcnschte Studiengang.<\/li>\n<\/ul>\n\n<p>Konkret basiert die VAE auf den absolvierten Krankenhauspraktika, die von den zugelassenen Praktikumsleitern anerkannt werden.<\/p>\n\n<p>Mit einer solchen Anerkennung kann der\/die Studierende teilweise von der Teilnahme an bestimmten Seminaren des Studiengangs befreit werden.<\/p>\n\n<p>Jeder Antrag auf Anerkennung von Lernergebnissen muss \u00fcber dieses Formular eingereicht werden.<\/p>\n\n<p><a href=\"https:\/\/www.uni.lu\/de\/zulassung\/anerkennung-der-vorerfahrung\/\">Weitere Informationen<\/a><\/p>\n        <\/div>\n    <\/div>\n<\/div>\n\n<div class=\"accordion__item  wp-block-unilux-blocks-accordion-item\">\n    <h3 class=\"accordion__header\"\n        >\n        <button\n            type=\"button\"\n            id=\"accordion-labelledby-4265240f-5da7-4ac8-8c47-086eb24909f2\"\n            class=\"accordion__button collapsed\"\n            aria-expanded=\"false\"\n            aria-controls=\"accordion-panel-4265240f-5da7-4ac8-8c47-086eb24909f2\"\n            data-bs-toggle=\"collapse\"\n            data-bs-target=\"#accordion-panel-4265240f-5da7-4ac8-8c47-086eb24909f2\"\n        >\n            <span class=\"accordion__title\">\n                                Fristen            <\/span>\n\n            <svg aria-hidden=\"true\" focusable=\"false\" class=\"icon icon-outline icon--arrow-down \"><use xlink:href=\"https:\/\/www.uni.lu\/wp-content\/themes\/unilux-theme\/assets\/images\/icons\/icons-outline.svg#icon--arrow-down\"><\/use><\/svg>        <\/button>\n    <\/h3>\n    <div id=\"accordion-panel-4265240f-5da7-4ac8-8c47-086eb24909f2\"\n        class=\"accordion__collapse collapse\"\n        aria-labelledby=\"accordion-labelledby-4265240f-5da7-4ac8-8c47-086eb24909f2\"\n        data-bs-parent=\"[data-reference=&quot;aff1015f-18ca-42dd-8cbb-94c110904e84&quot;]\"\n    >\n        <div class=\"accordion__body \">\n            \n<p>W\u00e4hlen Sie Ihr Programm aus der Liste aller Programme, um die spezifischen Bewerbungsfristen zu sehen.<\/p>\n        <\/div>\n    <\/div>\n<\/div><\/div>\n\n\n\n<ul class=\"wp-block-unilux-blocks-custom-buttons btn-list justify-center\"><li class=\"wp-block-unilux-blocks-custom-button\"    aria-disabled=\"false\"\n    >\n    <a\n        role=\"link\"\n        aria-disabled=\"false\"\n                    href=\"https:\/\/inscription.uni.lu\/Inscriptions\/Public\/Admission?lang=de\"\n                target=\"_blank\"\n        class=\"btn btn--dark\"\n            >Jetzt zulassen<\/a>\n<\/li>\n<\/ul>\n<\/div><\/section>\n\n\n\n<section class=\"wp-block-unilux-blocks-free-section section\"><div class=\"container xl:max-w-screen-xl\">\n<h2 class=\"has-text-align-left wp-block-unilux-blocks-heading\"        id=\"bewerber-innen-aus-drittstaaten\"\n    >\nBewerber\/innen aus Drittstaaten<\/h2>\n\n\n\n<p>Als Bewerber\/in aus einem Drittstaat gilt jede Person, die eine andere Staatsangeh\u00f6rigkeit als die der EU, des EWR oder der Schweiz besitzt.<\/p>\n\n\n\n<div class=\"wp-block-unilux-blocks-accordion accordion accordion--theme accordion-standard\" data-reference=\"5a0b850c-7a07-416e-a64c-2da05efc512b\" data-accordion-type=\"standard\"><div class=\"accordion__item  wp-block-unilux-blocks-accordion-item\">\n    <h3 class=\"accordion__header\"\n        >\n        <button\n            type=\"button\"\n            id=\"accordion-labelledby-2e844690-c91c-41e1-a2e3-04236e4f5f1d\"\n            class=\"accordion__button collapsed\"\n            aria-expanded=\"false\"\n            aria-controls=\"accordion-panel-2e844690-c91c-41e1-a2e3-04236e4f5f1d\"\n            data-bs-toggle=\"collapse\"\n            data-bs-target=\"#accordion-panel-2e844690-c91c-41e1-a2e3-04236e4f5f1d\"\n        >\n            <span class=\"accordion__title\">\n                                Zulassungskriterien            <\/span>\n\n            <svg aria-hidden=\"true\" focusable=\"false\" class=\"icon icon-outline icon--arrow-down \"><use xlink:href=\"https:\/\/www.uni.lu\/wp-content\/themes\/unilux-theme\/assets\/images\/icons\/icons-outline.svg#icon--arrow-down\"><\/use><\/svg>        <\/button>\n    <\/h3>\n    <div id=\"accordion-panel-2e844690-c91c-41e1-a2e3-04236e4f5f1d\"\n        class=\"accordion__collapse collapse\"\n        aria-labelledby=\"accordion-labelledby-2e844690-c91c-41e1-a2e3-04236e4f5f1d\"\n        data-bs-parent=\"[data-reference=&quot;5a0b850c-7a07-416e-a64c-2da05efc512b&quot;]\"\n    >\n        <div class=\"accordion__body \">\n            \n<ul class=\"wp-block-unilux-blocks-highlighted-list list-highlighted list-highlighted--architectural\"><li class=\"list-highlighted__item  wp-block-unilux-blocks-highlighted-list-item\">\n    <header class=\"list-highlighted__header wp-block-unilux-blocks-highlighted-list-item-header\">\n    \n<h4 class=\"title text-18 font-bold has-text-align-left wp-block-unilux-blocks-heading\"        id=\"diplom\"\n    >\nDiplom<\/h4>\n<div class=\"wp-block-unilux-blocks-bigtext\">\n    <span>\n        \n    <\/span>\n<\/div><\/header><div class=\"list-highlighted__body wp-block-unilux-blocks-highlighted-list-item-body\">\n    <div class=\"wp-block-unilux-blocks-highlighted-list-item-free-content-area\">\n    \n<p>Der Bewerber muss \u00fcber einen in einem Mitgliedstaat der Europ\u00e4ischen Union (Schweiz, Europ\u00e4ischer Wirtschaftsraum) erworbenen Ausbildungsnachweis der medizinischen Grundausbildung (1. und 2. Zyklus erfolgreich absolviert), wie es in Anhang 5.1.1. der Richtlinie 2005\/36\/EG festgelegt ist, oder \u00fcber einen gleichwertigen Abschluss (vgl. Abschluss, der vor dem in Anhang 5.1.1. festgelegten Stichtag erworben wurde, oder ein gerade erst erhaltenes Diplom, das noch nicht in Anhang 5.1.1. aufgenommen worden ist. In beiden F\u00e4llen muss eine Konformit\u00e4tsbescheinigung vorgelegt werden, die von der zust\u00e4ndigen Beh\u00f6rde ausgestellt wurde). Oder es handelt sich um einen in einem Drittland erworbenen Nachweis \u00fcber eine medizinische Grundausbildung, die gem\u00e4\u00df den Bestimmungen des Gesetzes vom 28. Oktober 2016 \u00fcber die Anerkennung von Berufsqualifikationen anerkannt wurde, und die insbesondere die in Artikel 24 dieses Gesetzes festgelegten Kriterien erf\u00fcllt.<\/p>\n\n<p>Gem\u00e4\u00df Art. 32 des Universit\u00e4tsgesetzes steht der Zugang zum Studium, das zum Grad DES in Medizin f\u00fchrt, Personen offen, welche die Bedingungen von Artikel 1, Absatz 1, Buchstaben a), b), d) und e) des ge\u00e4nderten Gesetzes vom 29. April 1983 \u00fcber die Aus\u00fcbung der Berufe des Arztes, des Zahnarztes und des Tierarztes erf\u00fcllen. Weitere Informationen finden Sie auch in Artikel 10 des Spezialisierungsgesetzes 2020.<\/p>\n\n<p>Alle Diplome und\/oder Leistungsnachweise, die in einer anderen Sprache als Deutsch, Englisch oder Franz\u00f6sisch verfasst sind, m\u00fcssen von einem\/einer vereidigten \u00dcbersetzer\/in \u00fcbersetzt werden.<\/p>\n<\/div><\/div><\/li>\n\n<li class=\"list-highlighted__item  wp-block-unilux-blocks-highlighted-list-item\">\n    <header class=\"list-highlighted__header wp-block-unilux-blocks-highlighted-list-item-header\">\n    \n<h4 class=\"title text-18 font-bold has-text-align-left wp-block-unilux-blocks-heading\"        id=\"bewerber-innen-aus-drittstaaten-mit-einer-medizinischen-grundausbildung-1-und-2-zyklus-erfolgreich-abgeschlossen-und-einer-aufenthaltsgenehmigung-in-luxemburg\"\n    >\n<strong>Bewerber\/innen aus Drittstaaten mit einer medizinischen Grundausbildung (1. und 2. Zyklus erfolgreich abgeschlossen) und einer Aufenthaltsgenehmigung in Luxemburg.<\/strong><\/h4>\n<div class=\"wp-block-unilux-blocks-bigtext\">\n    <span>\n        \n    <\/span>\n<\/div><\/header><div class=\"list-highlighted__body wp-block-unilux-blocks-highlighted-list-item-body\">\n    <div class=\"wp-block-unilux-blocks-highlighted-list-item-free-content-area\">\n    \n<p>Ihr Abschluss wird automatisch anerkannt, wenn Sie Bewerber\/in aus einem Drittstaat mit einer medizinischen Grundausbildung (1. und 2. Zyklus erfolgreich abgeschlossen) sind, der mindestens 180 ECTS-Punkte gem\u00e4\u00df dem Bologna-Prozess umfasst und von einer Hochschule in einem anderen Mitgliedstaat der Europ\u00e4ischen Union, einem Mitgliedstaat des Europ\u00e4ischen Wirtschaftsraums oder der Schweizerischen Eidgenossenschaft ausgestellt wurde.<\/p>\n\n<p>Wenn Sie w\u00e4hrend des Bewerbungszeitraums f\u00fcr den gew\u00e4hlten Studiengang noch nicht im Besitz Ihres Abschlusszeugnisses oder Leistungsnachweises sind, k\u00f6nnen Sie Ihren Zulassungsantrag online einreichen. In jedem Fall m\u00fcssen Sie dies sp\u00e4testens bis zu der im Studienprogramm festgelegten Frist tun.<br>Bewerber\/innen, die zum Zeitpunkt ihres Zulassungsantrags den Zyklus 2 Medizin noch nicht abgeschlossen haben, k\u00f6nnen vom Bildungsausschuss als zul\u00e4ssig eingestuft werden, wenn sie die fehlenden Unterlagen bis zum 30. November des Jahres der Einschreibung nachreichen. Sie d\u00fcrfen erst dann mit einem Praktikum beginnen, wenn diese Formalit\u00e4t erf\u00fcllt ist.<\/p>\n\n<p>Wird Ihre Bewerbung ausgew\u00e4hlt, erhalten Sie ein vorl\u00e4ufiges Zulassungsschreiben.<br>Sobald Sie Ihr Abschlusszeugnis und Ihren Notenauszug erhalten haben, k\u00f6nnen Sie diese Dokumente \u00fcber Ihr Zulassungsportal hochladen, um Ihre Bewerbung zu vervollst\u00e4ndigen. Ein endg\u00fcltiges Zulassungsschreiben wird Ihnen dann zusammen mit der Rechnung f\u00fcr die Anmeldegeb\u00fchr zugeschickt, um Ihre endg\u00fcltige Anmeldung zu best\u00e4tigen.<\/p>\n\n<p>Da Sie eine Aufenthaltsgenehmigung in Luxemburg besitzen, gelten f\u00fcr Sie \u00e4hnliche Bewerbungsfristen wie f\u00fcr europ\u00e4ische Bewerber\/innen.<\/p>\n<\/div><\/div><\/li>\n\n<li class=\"list-highlighted__item  wp-block-unilux-blocks-highlighted-list-item\">\n    <header class=\"list-highlighted__header wp-block-unilux-blocks-highlighted-list-item-header\">\n    \n<h4 class=\"title text-18 font-bold has-text-align-left wp-block-unilux-blocks-heading\"        id=\"bewerber-innen-aus-drittstaaten-mit-einer-medizinischen-grundausbildung-1-und-2-zyklus-erfolgreich-abgeschlossen-oder-einem-ausbildungsnachweis-der-im-register-der-ausbildungsnachweise-eingetrage\"\n    >\n<strong><strong>Bewerber\/innen aus Drittstaaten mit einer medizinischen Grundausbildung (1. und 2. Zyklus erfolgreich abgeschlossen) oder einem Ausbildungsnachweis, der im Register der Ausbildungsnachweise eingetragen ist, und ohne Aufenthaltsgenehmigung in Luxemburg.<\/strong><\/strong><\/h4>\n<div class=\"wp-block-unilux-blocks-bigtext\">\n    <span>\n        \n    <\/span>\n<\/div><\/header><div class=\"list-highlighted__body wp-block-unilux-blocks-highlighted-list-item-body\">\n    <div class=\"wp-block-unilux-blocks-highlighted-list-item-free-content-area\">\n    \n<p>In diesem Fall m\u00fcssen Sie zwingend zum Zeitpunkt der Bewerbung bereits \u00fcber Ihren Hochschulabschluss oder den Eintrag Ihres Abschlusses im Register f\u00fcr Bildungsnachweise verf\u00fcgen.<\/p>\n\n<p>Wenn Sie zugelassen werden, m\u00fcssen Sie<\/p>\n\n<ul class=\"ulux-list\">\n<li class=\"ulux-list-item\">Ihr Studium <strong>in Vollzeit absolvieren<\/strong>. Gem\u00e4\u00df dem Gesetz vom 29. August 2008 \u00fcber die Freiz\u00fcgigkeit von Personen und die Einwanderung k\u00f6nnen Studierende aus Drittstaaten nicht in Teilzeit zugelassen werden.<\/li>\n\n\n\n<li class=\"ulux-list-item\"><strong><strong>sich zwingend auf luxemburgischem Territorium aufhalten<\/strong>.<\/strong> Informieren Sie sich bitte \u00fcber das&nbsp;<a href=\"https:\/\/www.uni.lu\/wp-content\/uploads\/sites\/4\/2025\/04\/Procedure_Diplome-detudes-specialisees-Vf-MAEE.pdf\">diesbez\u00fcgliche Verfahren<\/a> (FR).<\/li>\n<\/ul>\n<\/div><\/div><\/li>\n\n<li class=\"list-highlighted__item  wp-block-unilux-blocks-highlighted-list-item\">\n    <header class=\"list-highlighted__header wp-block-unilux-blocks-highlighted-list-item-header\">\n    \n<h4 class=\"title text-18 font-bold has-text-align-left wp-block-unilux-blocks-heading\"        id=\"bewerber-innen-aus-drittstaaten-mit-einem-hochschulabschluss-ausserhalb-der-europaeischen-union-eines-mitgliedstaates-des-europaeischen-wirtschaftsraums-oder-der-schweizerischen-eidgenossenschaft-und\"\n    >\nBewerber\/innen aus Drittstaaten mit einem Hochschulabschluss au\u00dferhalb der Europ\u00e4ischen Union, eines Mitgliedstaates des Europ\u00e4ischen Wirtschaftsraums oder der Schweizerischen Eidgenossenschaft und mit einem Aufenthaltstitel in Luxemburg.<\/h4>\n<div class=\"wp-block-unilux-blocks-bigtext\">\n    <span>\n        \n    <\/span>\n<\/div><\/header><div class=\"list-highlighted__body wp-block-unilux-blocks-highlighted-list-item-body\">\n    <div class=\"wp-block-unilux-blocks-highlighted-list-item-free-content-area\">\n    \n<p>Bei der Einreichung Ihrer Bewerbung m\u00fcssen Sie eine Kopie Ihres Abschlusszeugnisses (oder die Bescheinigung \u00fcber den erfolgreichen Abschluss) vorlegen.<\/p>\n\n<p>Der Bewerber muss \u00fcber einen in einem Drittland erworbenen Nachweis \u00fcber eine medizinische Grundausbildung verf\u00fcgen, der gem\u00e4\u00df den Bestimmungen des Gesetzes vom 28. Oktober 2016 \u00fcber die Anerkennung von Berufsqualifikationen anerkannt wird und insbesondere die Kriterien nach Artikel 24 dieses Gesetzes erf\u00fcllt. Bewerber\/innen, die zum Zeitpunkt ihres Zulassungsantrags den Zyklus 2 Medizin noch nicht abgeschlossen haben, k\u00f6nnen vom Bildungsausschuss als zul\u00e4ssig eingestuft werden, wenn sie die fehlenden Unterlagen bis zum 30. November des Jahres der Einschreibung nachreichen. Sie d\u00fcrfen erst dann mit einem Praktikum beginnen, wenn diese Formalit\u00e4t erf\u00fcllt ist.<\/p>\n\n<p>Wird Ihre Bewerbung angenommen, erhalten Sie ein vorl\u00e4ufiges Zulassungsschreiben. So k\u00f6nnen Sie nach Erhalt Ihres Eintrags im <a href=\"https:\/\/guichet.public.lu\/de\/citoyens\/aides\/famille-education.html\" target=\"_blank\" rel=\"noreferrer noopener\">Register f\u00fcr Bildungsnachweise dieses Dokument \u00fcber Ihr Zulassungsportal hochladen<\/a>, um Ihre Akte zu vervollst\u00e4ndigen. Ein endg\u00fcltiges Zulassungsschreiben wird Ihnen dann zusammen mit der Rechnung f\u00fcr die Anmeldegeb\u00fchr zugeschickt, um Ihre endg\u00fcltige Anmeldung zu best\u00e4tigen.<\/p>\n\n<p>Da Sie eine Aufenthaltsgenehmigung in Luxemburg besitzen, gelten f\u00fcr Sie \u00e4hnliche Bewerbungsfristen wie f\u00fcr europ\u00e4ische Bewerber\/innen.<\/p>\n<\/div><\/div><\/li>\n\n<li class=\"list-highlighted__item  wp-block-unilux-blocks-highlighted-list-item\">\n    <header class=\"list-highlighted__header wp-block-unilux-blocks-highlighted-list-item-header\">\n    \n<h4 class=\"title text-18 font-bold has-text-align-left wp-block-unilux-blocks-heading\"        id=\"bewerber-innen-aus-drittstaaten-mit-einem-hochschulabschluss-ausserhalb-der-europaeischen-union-eines-mitgliedstaates-des-europaeischen-wirtschaftsraums-oder-der-schweizerischen-eidgenossenschaftund\"\n    >\nBewerber\/innen aus Drittstaaten mit einem Hochschulabschluss au\u00dferhalb der Europ\u00e4ischen Union, eines Mitgliedstaates des Europ\u00e4ischen Wirtschaftsraums oder der Schweizerischen Eidgenossenschaft<br>und ohne Aufenthaltsgenehmigung in Luxemburg.<\/h4>\n<div class=\"wp-block-unilux-blocks-bigtext\">\n    <span>\n        \n    <\/span>\n<\/div><\/header><div class=\"list-highlighted__body wp-block-unilux-blocks-highlighted-list-item-body\">\n    <div class=\"wp-block-unilux-blocks-highlighted-list-item-free-content-area\">\n    \n<p>Bei der Einreichung Ihrer Bewerbung m\u00fcssen Sie eine Kopie Ihres Abschlusszeugnisses (oder die Bescheinigung \u00fcber den erfolgreichen Abschluss) vorlegen.<\/p>\n\n<p>Wird Ihre Bewerbung ausgew\u00e4hlt, erhalten Sie ein vorl\u00e4ufiges Zulassungsschreiben<\/p>\n\n<p>Sie m\u00fcssen einen Antrag auf Aufenthaltsgenehmigung stellen.<\/p>\n\n<ul class=\"ulux-list\">\n<li class=\"ulux-list-item\">F\u00fcr die Beantragung einer Aufenthaltsgenehmigung informieren Sie sich bitte \u00fcber das <a href=\"https:\/\/www.uni.lu\/wp-content\/uploads\/sites\/4\/2025\/04\/Procedure_Diplome-detudes-specialisees-Vf-MAEE.pdf\">diesbez\u00fcgliche Verfahren<\/a> (FR).<\/li>\n<\/ul>\n\n<p>Sobald Sie Ihre Aufenthaltsgenehmigung erhalten haben, k\u00f6nnen Sie von Ihrem Heimatland aus beim zust\u00e4ndigen Ministerium den Antrag auf&nbsp;<a href=\"https:\/\/guichet.public.lu\/de\/citoyens\/aides\/famille-education.html\" target=\"_blank\" rel=\"noreferrer noopener\">Eintragung in das Titelregister stellen<\/a>.<\/p>\n\n<p>Bitte melden Sie sich bei Ihrer Ankunft mit Ihrer Aufenthaltsgenehmigung bei der Universit\u00e4t, um Ihre Einschreibung gegen Zahlung der Einschreibegeb\u00fchren und ggf. der Krankenversicherung abzuschlie\u00dfen.<\/p>\n\n<p>Weitere Informationen finden Sie in der Rubrik &#8222;<a href=\"https:\/\/www.uni.lu\/de\/fuer-studierende\/\">Informationen nach Themen<\/a>&#8222;.<\/p>\n<\/div><\/div><\/li><\/ul>\n        <\/div>\n    <\/div>\n<\/div>\n\n<div class=\"accordion__item  wp-block-unilux-blocks-accordion-item\">\n    <h3 class=\"accordion__header\"\n        >\n        <button\n            type=\"button\"\n            id=\"accordion-labelledby-0898590e-05e3-472b-a723-a7ab7a121723\"\n            class=\"accordion__button collapsed\"\n            aria-expanded=\"false\"\n            aria-controls=\"accordion-panel-0898590e-05e3-472b-a723-a7ab7a121723\"\n            data-bs-toggle=\"collapse\"\n            data-bs-target=\"#accordion-panel-0898590e-05e3-472b-a723-a7ab7a121723\"\n        >\n            <span class=\"accordion__title\">\n                                Erforderliche Sprachkenntnisse            <\/span>\n\n            <svg aria-hidden=\"true\" focusable=\"false\" class=\"icon icon-outline icon--arrow-down \"><use xlink:href=\"https:\/\/www.uni.lu\/wp-content\/themes\/unilux-theme\/assets\/images\/icons\/icons-outline.svg#icon--arrow-down\"><\/use><\/svg>        <\/button>\n    <\/h3>\n    <div id=\"accordion-panel-0898590e-05e3-472b-a723-a7ab7a121723\"\n        class=\"accordion__collapse collapse\"\n        aria-labelledby=\"accordion-labelledby-0898590e-05e3-472b-a723-a7ab7a121723\"\n        data-bs-parent=\"[data-reference=&quot;5a0b850c-7a07-416e-a64c-2da05efc512b&quot;]\"\n    >\n        <div class=\"accordion__body \">\n            \n<p>In diesem Fall ist ein <strong>Nachweis \u00fcber die Beherrschung <\/strong>der Unterrichtssprachen des Programms (Franz\u00f6sisch und Deutsch), der ein Niveau B2 (in \u00dcbereinstimmung mit dem <a href=\"https:\/\/www.coe.int\/en\/web\/common-european-framework-reference-languages\/table-1-cefr-3.3-common-reference-levels-global-scale\" target=\"_blank\" rel=\"noreferrer noopener\">Gemeinsamen Europ\u00e4ischen Referenzrahmen f\u00fcr Sprachen<\/a> &#8211; GERS) bescheinigt, zwingend erforderlich.<\/p>\n\n<p>Der Nachweis von Sprachkenntnissen muss auf folgende Weise erbracht werden:<\/p>\n\n<p>Der Abschluss eines Bachelor- oder Masterstudiums kann von der Vorlage eines Sprachnachweises f\u00fcr eine der Studiengangssprachen befreien, wenn der gesamte Studiengang in einer der Studiengangssprachen absolviert und bewertet wurde, f\u00fcr die sich der Studierende bewerben m\u00f6chte, und wenn der Abschluss weniger als zwei Jahre vor dem Bewerbungsdatum erworben wurde.<\/p>\n\n<ul class=\"wp-block-unilux-blocks-custom-buttons btn-list justify-center\"><li class=\"wp-block-unilux-blocks-custom-button\"    aria-disabled=\"false\"\n    >\n    <a\n        role=\"link\"\n        aria-disabled=\"false\"\n                    href=\"https:\/\/www.uni.lu\/de\/zulassung\/nachweis-von-sprachkenntnissen\/\"\n                target=\"_self\"\n        class=\"btn btn--primary\"\n            >Nachweis von Sprachkenntnissen<\/a>\n<\/li>\n<\/ul>\n\n<p class=\"has-text-align-center\">Weitere Informationen \u00fcber anerkannte Sprachtestzertifikate<\/p>\n        <\/div>\n    <\/div>\n<\/div>\n\n<div class=\"accordion__item  wp-block-unilux-blocks-accordion-item\">\n    <h3 class=\"accordion__header\"\n        >\n        <button\n            type=\"button\"\n            id=\"accordion-labelledby-192bf8cc-eeeb-46f6-9c71-751e86d2bb7a\"\n            class=\"accordion__button collapsed\"\n            aria-expanded=\"false\"\n            aria-controls=\"accordion-panel-192bf8cc-eeeb-46f6-9c71-751e86d2bb7a\"\n            data-bs-toggle=\"collapse\"\n            data-bs-target=\"#accordion-panel-192bf8cc-eeeb-46f6-9c71-751e86d2bb7a\"\n        >\n            <span class=\"accordion__title\">\n                                Fristen            <\/span>\n\n            <svg aria-hidden=\"true\" focusable=\"false\" class=\"icon icon-outline icon--arrow-down \"><use xlink:href=\"https:\/\/www.uni.lu\/wp-content\/themes\/unilux-theme\/assets\/images\/icons\/icons-outline.svg#icon--arrow-down\"><\/use><\/svg>        <\/button>\n    <\/h3>\n    <div id=\"accordion-panel-192bf8cc-eeeb-46f6-9c71-751e86d2bb7a\"\n        class=\"accordion__collapse collapse\"\n        aria-labelledby=\"accordion-labelledby-192bf8cc-eeeb-46f6-9c71-751e86d2bb7a\"\n        data-bs-parent=\"[data-reference=&quot;5a0b850c-7a07-416e-a64c-2da05efc512b&quot;]\"\n    >\n        <div class=\"accordion__body \">\n            \n<p>W\u00e4hlen Sie Ihr Programm aus der&nbsp;Liste aller Programme, um die spezifischen Bewerbungsfristen zu sehen.<\/p>\n        <\/div>\n    <\/div>\n<\/div><\/div>\n\n\n\n<ul class=\"wp-block-unilux-blocks-custom-buttons btn-list justify-center\"><li class=\"wp-block-unilux-blocks-custom-button\"    aria-disabled=\"false\"\n    >\n    <a\n        role=\"link\"\n        aria-disabled=\"false\"\n                    href=\"https:\/\/inscription.uni.lu\/Inscriptions\/Public\/Admission?lang=de\"\n                target=\"_blank\"\n        class=\"btn btn--dark\"\n            >Jetzt zulassen<\/a>\n<\/li>\n<\/ul>\n<\/div><\/section>\n\n\n<section class=\"section section wp-block-unilux-blocks-quick-link-discover-section\">\n    <div class=\"container xl:max-w-screen-xl\">\n        \n<h2 class=\"has-text-align-left wp-block-unilux-blocks-heading\"        id=\"mehr-erfahren\"\n    >\nMehr erfahren<\/h2>\n\n<ul class=\"wp-block-unilux-blocks-quick-link-discover quick-link-list\">\n<li class=\"wp-block-unilux-blocks-quick-link-discover-item\">\n    <a\n                    href=\"https:\/\/www.uni.lu\/life-de\/finanzielle-unterstuetzung\/\"\n                    class=\"quick-link\"\n            target=\"\"\n    >\n            <span class=\"quick-link__container\">\n                <span class=\"quick-link__text\">\n                    Finanzierungsm\u00f6glichkeiten                <\/span>\n                <svg aria-hidden=\"true\" focusable=\"false\" class=\"icon icon-outline icon--arrow-right \"><use xlink:href=\"https:\/\/www.uni.lu\/wp-content\/themes\/unilux-theme\/assets\/images\/icons\/icons-outline.svg#icon--arrow-right\"><\/use><\/svg>            <\/span>\n    <\/a>\n<\/li>\n\n\n\n<li class=\"wp-block-unilux-blocks-quick-link-discover-item\">\n    <a\n                    href=\"https:\/\/www.uni.lu\/life-de\/wohnen\/\"\n                    class=\"quick-link\"\n            target=\"\"\n    >\n            <span class=\"quick-link__container\">\n                <span class=\"quick-link__text\">\n                    Entdecken Sie Ihr zuk\u00fcnftiges Zuhause                <\/span>\n                <svg aria-hidden=\"true\" focusable=\"false\" class=\"icon icon-outline icon--arrow-right \"><use xlink:href=\"https:\/\/www.uni.lu\/wp-content\/themes\/unilux-theme\/assets\/images\/icons\/icons-outline.svg#icon--arrow-right\"><\/use><\/svg>            <\/span>\n    <\/a>\n<\/li>\n\n\n\n<li class=\"wp-block-unilux-blocks-quick-link-discover-item\">\n    <a\n                    href=\"https:\/\/www.uni.lu\/fstm-en\/research-departments\/department-of-life-sciences-and-medicine\/\"\n                    class=\"quick-link\"\n            target=\"\"\n    >\n            <span class=\"quick-link__container\">\n                <span class=\"quick-link__text\">\n                    Department of Life Sciences and Medicine (EN)                <\/span>\n                <svg aria-hidden=\"true\" focusable=\"false\" class=\"icon icon-outline icon--arrow-right \"><use xlink:href=\"https:\/\/www.uni.lu\/wp-content\/themes\/unilux-theme\/assets\/images\/icons\/icons-outline.svg#icon--arrow-right\"><\/use><\/svg>            <\/span>\n    <\/a>\n<\/li>\n<\/ul>\n    <\/div>\n<\/section>","protected":false},"excerpt":{"rendered":"","protected":false},"author":337,"featured_media":0,"parent":16,"menu_order":4,"comment_status":"closed","ping_status":"closed","template":"","meta":{"featured_image_focal_point":[],"show_featured_caption":false,"ulux_newsletter_groups":"","uluxPostTitle":"","uluxPrePostTitle":"","_trash_the_other_posts":false,"_price":"","_stock":"","_tribe_ticket_header":"","_tribe_default_ticket_provider":"","_tribe_ticket_capacity":"0","_ticket_start_date":"","_ticket_end_date":"","_tribe_ticket_show_description":"","_tribe_ticket_show_not_going":false,"_tribe_ticket_use_global_stock":"","_tribe_ticket_global_stock_level":"","_global_stock_mode":"","_global_stock_cap":"","_tribe_rsvp_for_event":"","_tribe_ticket_going_count":"","_tribe_ticket_not_going_count":"","_tribe_tickets_list":"[]","_tribe_ticket_has_attendee_info_fields":false,"footnotes":""},"field-of-interest":[],"organisation":[],"authorship":[337,51,325,52,314,210,68],"acf":[],"yoast_head":"<!-- This site is optimized with the Yoast SEO Premium plugin v22.3 (Yoast SEO v22.3) - https:\/\/yoast.com\/wordpress\/plugins\/seo\/ -->\n<title>DES-Studieng\u00e4nge - Universit\u00e4t Luxemburg<\/title>\n<meta name=\"description\" content=\"F\u00fcr Studierende mit einem Master-Abschluss in Medizin bietet die Universit\u00e4t Luxemburg Spezialisierte Diplomstudieng\u00e4nge in Medizin an.\" \/>\n<meta name=\"robots\" content=\"index, follow, max-snippet:-1, max-image-preview:large, max-video-preview:-1\" \/>\n<link rel=\"canonical\" href=\"https:\/\/www.uni.lu\/de\/zulassung\/des-studiengaenge\/\" \/>\n<meta property=\"og:locale\" content=\"de_DE\" \/>\n<meta property=\"og:type\" content=\"article\" \/>\n<meta property=\"og:title\" content=\"DES-Studieng\u00e4nge\" \/>\n<meta property=\"og:description\" content=\"F\u00fcr Studierende mit einem Master-Abschluss in Medizin bietet die Universit\u00e4t Luxemburg Spezialisierte Diplomstudieng\u00e4nge in Medizin an.\" \/>\n<meta property=\"og:url\" content=\"https:\/\/www.uni.lu\/de\/zulassung\/des-studiengaenge\/\" \/>\n<meta property=\"og:site_name\" content=\"UNI DE\" \/>\n<meta property=\"article:publisher\" content=\"https:\/\/www.facebook.com\/uni.lu\" \/>\n<meta property=\"article:modified_time\" content=\"2026-02-17T09:11:28+00:00\" \/>\n<meta property=\"og:image\" content=\"https:\/\/www.uni.lu\/wp-content\/uploads\/sites\/10\/2026\/03\/03120000\/UNIV_SM-Profile_1600x1600px-scaled.jpg\" \/>\n\t<meta property=\"og:image:width\" content=\"2560\" \/>\n\t<meta property=\"og:image:height\" content=\"2560\" \/>\n\t<meta property=\"og:image:type\" content=\"image\/jpeg\" \/>\n<meta name=\"twitter:card\" content=\"summary_large_image\" \/>\n<meta name=\"twitter:label1\" content=\"Gesch\u00e4tzte Lesezeit\" \/>\n\t<meta name=\"twitter:data1\" content=\"11 Minuten\" \/>\n<script type=\"application\/ld+json\" class=\"yoast-schema-graph\">{\"@context\":\"https:\/\/schema.org\",\"@graph\":[{\"@type\":\"WebPage\",\"@id\":\"https:\/\/www.uni.lu\/de\/zulassung\/des-studiengaenge\/\",\"url\":\"https:\/\/www.uni.lu\/de\/zulassung\/des-studiengaenge\/\",\"name\":\"DES-Studieng\u00e4nge - Universit\u00e4t Luxemburg\",\"isPartOf\":{\"@id\":\"https:\/\/www.uni.lu\/de\/#website\"},\"datePublished\":\"2023-10-12T13:22:42+00:00\",\"dateModified\":\"2026-02-17T09:11:28+00:00\",\"description\":\"F\u00fcr Studierende mit einem Master-Abschluss in Medizin bietet die Universit\u00e4t Luxemburg Spezialisierte Diplomstudieng\u00e4nge in Medizin an.\",\"breadcrumb\":{\"@id\":\"https:\/\/www.uni.lu\/de\/zulassung\/des-studiengaenge\/#breadcrumb\"},\"inLanguage\":\"de-DE\",\"potentialAction\":[{\"@type\":\"ReadAction\",\"target\":[\"https:\/\/www.uni.lu\/de\/zulassung\/des-studiengaenge\/\"]}]},{\"@type\":\"BreadcrumbList\",\"@id\":\"https:\/\/www.uni.lu\/de\/zulassung\/des-studiengaenge\/#breadcrumb\",\"itemListElement\":[{\"@type\":\"ListItem\",\"position\":1,\"name\":\"Home\",\"item\":\"https:\/\/www.uni.lu\/de\/\"},{\"@type\":\"ListItem\",\"position\":2,\"name\":\"Zulassung\",\"item\":\"https:\/\/www.uni.lu\/de\/zulassung\/\"},{\"@type\":\"ListItem\",\"position\":3,\"name\":\"DES-Studieng\u00e4nge\"}]},{\"@type\":\"WebSite\",\"@id\":\"https:\/\/www.uni.lu\/de\/#website\",\"url\":\"https:\/\/www.uni.lu\/de\/\",\"name\":\"Uni.lu\",\"description\":\"Universit\u00e4t Luxemburg\",\"publisher\":{\"@id\":\"https:\/\/www.uni.lu\/de\/#organization\"},\"alternateName\":\"Universit\u00e4t Luxemburg\",\"potentialAction\":[{\"@type\":\"SearchAction\",\"target\":{\"@type\":\"EntryPoint\",\"urlTemplate\":\"https:\/\/www.uni.lu\/de\/?s={search_term_string}\"},\"query-input\":\"required name=search_term_string\"}],\"inLanguage\":\"de-DE\"},{\"@type\":\"Organization\",\"@id\":\"https:\/\/www.uni.lu\/de\/#organization\",\"name\":\"Universit\u00e4t Luxemburg\",\"alternateName\":\"Uni.lu\",\"url\":\"https:\/\/www.uni.lu\/de\/\",\"logo\":{\"@type\":\"ImageObject\",\"inLanguage\":\"de-DE\",\"@id\":\"https:\/\/www.uni.lu\/de\/#\/schema\/logo\/image\/\",\"url\":\"https:\/\/www.uni.lu\/wp-content\/uploads\/sites\/10\/2026\/03\/03120000\/UNIV_SM-Profile_1600x1600px-scaled.jpg\",\"contentUrl\":\"https:\/\/www.uni.lu\/wp-content\/uploads\/sites\/10\/2026\/03\/03120000\/UNIV_SM-Profile_1600x1600px-scaled.jpg\",\"width\":2560,\"height\":2560,\"caption\":\"Universit\u00e4t Luxemburg\"},\"image\":\"https:\/\/www.uni.lu\/wp-content\/uploads\/sites\/10\/2026\/04\/24144329\/20200609-Belval-Campus_Henri-Goergen-23.jpg\",\"sameAs\":[\"https:\/\/www.facebook.com\/uni.lu\",\"https:\/\/www.linkedin.com\/school\/university-of-luxembourg\/\",\"https:\/\/www.instagram.com\/uni.lu\",\"https:\/\/www.youtube.com\/@uni_lu\",\"https:\/\/en.wikipedia.org\/wiki\/University_of_Luxembourg\"],\"email\":\"communication@uni.lu\",\"telephone\":\"+3524666441\",\"address\":{\"@type\":\"PostalAddress\",\"streetAddress\":\"2, place de l\u2019Universit\u00e9\",\"addressLocality\":\"Esch-sur-Alzette\",\"postalCode\":\"4365\",\"addressCountry\":\"LU\"},\"description\":\"Universit\u00e4t Luxemburg\"}]}<\/script>\n<!-- \/ Yoast SEO Premium plugin. -->","yoast_head_json":{"title":"DES-Studieng\u00e4nge - Universit\u00e4t Luxemburg","description":"F\u00fcr Studierende mit einem Master-Abschluss in Medizin bietet die Universit\u00e4t Luxemburg Spezialisierte Diplomstudieng\u00e4nge in Medizin an.","robots":{"index":"index","follow":"follow","max-snippet":"max-snippet:-1","max-image-preview":"max-image-preview:large","max-video-preview":"max-video-preview:-1"},"canonical":"https:\/\/www.uni.lu\/de\/zulassung\/des-studiengaenge\/","og_locale":"de_DE","og_type":"article","og_title":"DES-Studieng\u00e4nge","og_description":"F\u00fcr Studierende mit einem Master-Abschluss in Medizin bietet die Universit\u00e4t Luxemburg Spezialisierte Diplomstudieng\u00e4nge in Medizin an.","og_url":"https:\/\/www.uni.lu\/de\/zulassung\/des-studiengaenge\/","og_site_name":"UNI DE","article_publisher":"https:\/\/www.facebook.com\/uni.lu","article_modified_time":"2026-02-17T09:11:28+00:00","og_image":[{"width":2560,"height":2560,"url":"https:\/\/www.uni.lu\/wp-content\/uploads\/sites\/10\/2026\/03\/03120000\/UNIV_SM-Profile_1600x1600px-scaled.jpg","type":"image\/jpeg"}],"twitter_card":"summary_large_image","twitter_misc":{"Gesch\u00e4tzte Lesezeit":"11 Minuten"},"schema":{"@context":"https:\/\/schema.org","@graph":[{"@type":"WebPage","@id":"https:\/\/www.uni.lu\/de\/zulassung\/des-studiengaenge\/","url":"https:\/\/www.uni.lu\/de\/zulassung\/des-studiengaenge\/","name":"DES-Studieng\u00e4nge - Universit\u00e4t Luxemburg","isPartOf":{"@id":"https:\/\/www.uni.lu\/de\/#website"},"datePublished":"2023-10-12T13:22:42+00:00","dateModified":"2026-02-17T09:11:28+00:00","description":"F\u00fcr Studierende mit einem Master-Abschluss in Medizin bietet die Universit\u00e4t Luxemburg Spezialisierte Diplomstudieng\u00e4nge in Medizin an.","breadcrumb":{"@id":"https:\/\/www.uni.lu\/de\/zulassung\/des-studiengaenge\/#breadcrumb"},"inLanguage":"de-DE","potentialAction":[{"@type":"ReadAction","target":["https:\/\/www.uni.lu\/de\/zulassung\/des-studiengaenge\/"]}]},{"@type":"BreadcrumbList","@id":"https:\/\/www.uni.lu\/de\/zulassung\/des-studiengaenge\/#breadcrumb","itemListElement":[{"@type":"ListItem","position":1,"name":"Home","item":"https:\/\/www.uni.lu\/de\/"},{"@type":"ListItem","position":2,"name":"Zulassung","item":"https:\/\/www.uni.lu\/de\/zulassung\/"},{"@type":"ListItem","position":3,"name":"DES-Studieng\u00e4nge"}]},{"@type":"WebSite","@id":"https:\/\/www.uni.lu\/de\/#website","url":"https:\/\/www.uni.lu\/de\/","name":"Uni.lu","description":"Universit\u00e4t Luxemburg","publisher":{"@id":"https:\/\/www.uni.lu\/de\/#organization"},"alternateName":"Universit\u00e4t Luxemburg","potentialAction":[{"@type":"SearchAction","target":{"@type":"EntryPoint","urlTemplate":"https:\/\/www.uni.lu\/de\/?s={search_term_string}"},"query-input":"required name=search_term_string"}],"inLanguage":"de-DE"},{"@type":"Organization","@id":"https:\/\/www.uni.lu\/de\/#organization","name":"Universit\u00e4t Luxemburg","alternateName":"Uni.lu","url":"https:\/\/www.uni.lu\/de\/","logo":{"@type":"ImageObject","inLanguage":"de-DE","@id":"https:\/\/www.uni.lu\/de\/#\/schema\/logo\/image\/","url":"https:\/\/www.uni.lu\/wp-content\/uploads\/sites\/10\/2026\/03\/03120000\/UNIV_SM-Profile_1600x1600px-scaled.jpg","contentUrl":"https:\/\/www.uni.lu\/wp-content\/uploads\/sites\/10\/2026\/03\/03120000\/UNIV_SM-Profile_1600x1600px-scaled.jpg","width":2560,"height":2560,"caption":"Universit\u00e4t Luxemburg"},"image":"https:\/\/www.uni.lu\/wp-content\/uploads\/sites\/10\/2026\/04\/24144329\/20200609-Belval-Campus_Henri-Goergen-23.jpg","sameAs":["https:\/\/www.facebook.com\/uni.lu","https:\/\/www.linkedin.com\/school\/university-of-luxembourg\/","https:\/\/www.instagram.com\/uni.lu","https:\/\/www.youtube.com\/@uni_lu","https:\/\/en.wikipedia.org\/wiki\/University_of_Luxembourg"],"email":"communication@uni.lu","telephone":"+3524666441","address":{"@type":"PostalAddress","streetAddress":"2, place de l\u2019Universit\u00e9","addressLocality":"Esch-sur-Alzette","postalCode":"4365","addressCountry":"LU"},"description":"Universit\u00e4t Luxemburg"}]}},"ticketed":false,"_links":{"self":[{"href":"https:\/\/www.uni.lu\/de\/wp-json\/wp\/v2\/pages\/1414"}],"collection":[{"href":"https:\/\/www.uni.lu\/de\/wp-json\/wp\/v2\/pages"}],"about":[{"href":"https:\/\/www.uni.lu\/de\/wp-json\/wp\/v2\/types\/page"}],"author":[{"embeddable":true,"href":"https:\/\/www.uni.lu\/de\/wp-json\/wp\/v2\/users\/337"}],"replies":[{"embeddable":true,"href":"https:\/\/www.uni.lu\/de\/wp-json\/wp\/v2\/comments?post=1414"}],"version-history":[{"count":5,"href":"https:\/\/www.uni.lu\/de\/wp-json\/wp\/v2\/pages\/1414\/revisions"}],"predecessor-version":[{"id":8746,"href":"https:\/\/www.uni.lu\/de\/wp-json\/wp\/v2\/pages\/1414\/revisions\/8746"}],"up":[{"embeddable":true,"href":"https:\/\/www.uni.lu\/de\/wp-json\/wp\/v2\/pages\/16"}],"wp:authorship":[{"embeddable":true,"href":"https:\/\/www.uni.lu\/de\/wp-json\/wp\/v2\/users\/337"},{"embeddable":true,"href":"https:\/\/www.uni.lu\/de\/wp-json\/wp\/v2\/users\/51"},{"embeddable":true,"href":"https:\/\/www.uni.lu\/de\/wp-json\/wp\/v2\/users\/325"},{"embeddable":true,"href":"https:\/\/www.uni.lu\/de\/wp-json\/wp\/v2\/users\/52"},{"embeddable":true,"href":"https:\/\/www.uni.lu\/de\/wp-json\/wp\/v2\/users\/314"},{"embeddable":true,"href":"https:\/\/www.uni.lu\/de\/wp-json\/wp\/v2\/users\/210"},{"embeddable":true,"href":"https:\/\/www.uni.lu\/de\/wp-json\/wp\/v2\/users\/68"}],"wp:attachment":[{"href":"https:\/\/www.uni.lu\/de\/wp-json\/wp\/v2\/media?parent=1414"}],"wp:term":[{"taxonomy":"field-of-interest","embeddable":true,"href":"https:\/\/www.uni.lu\/de\/wp-json\/wp\/v2\/field-of-interest?post=1414"},{"taxonomy":"organisation","embeddable":true,"href":"https:\/\/www.uni.lu\/de\/wp-json\/wp\/v2\/organisation?post=1414"}],"curies":[{"name":"wp","href":"https:\/\/api.w.org\/{rel}","templated":true}]}}