{"id":5888,"date":"2025-02-10T09:22:13","date_gmt":"2025-02-10T08:22:13","guid":{"rendered":"https:\/\/www.uni.lu\/de\/?post_type=events&#038;p=5888"},"modified":"2025-02-13T08:37:12","modified_gmt":"2025-02-13T07:37:12","slug":"tag-der-offenen-tur-2025","status":"publish","type":"events","link":"https:\/\/www.uni.lu\/de\/events\/tag-der-offenen-tur-2025\/","title":{"rendered":"Tag der offenen T\u00fcr 2025"},"content":{"rendered":"\n<section class=\"py-0 wp-block-unilux-blocks-free-section section\"><div class=\"container xl:max-w-screen-xl\"><div class=\"wp-block-unilux-blocks-spacer is-spacer-size-md\"><\/div>\n\n\n<ul class=\"wp-block-unilux-blocks-custom-buttons btn-list\"><li class=\"wp-block-unilux-blocks-custom-button\"    aria-disabled=\"false\"\n    >\n    <a\n        role=\"link\"\n        aria-disabled=\"false\"\n                    href=\"https:\/\/www.uni.lu\/de\/events\/tag-der-offenen-tur-2025\/calendar\"\n                target=\"_self\"\n        class=\"btn btn--primary\"\n            >Zum Kalender hinzuf\u00fcgen<\/a>\n<\/li>\n<\/ul>\n\n\n<div class=\"wp-block-unilux-blocks-spacer is-spacer-size-md\"><\/div>\n\n\n<h2 class=\"has-text-align-left wp-block-unilux-blocks-heading\"        id=\"entdecke-die-universitaet-luxemburg-am-tag-der-offenen-tuer\"\n    >\nEntdecke die Universit\u00e4t Luxemburg am Tag der offenen T\u00fcr!<\/h2>\n\n\n\n<p>Besuchen Sie unseren Tag der offenen T\u00fcr, um unsere Studieng\u00e4nge zu erkunden, eine F\u00fchrung durch unseren hochmodernen Campus in Belval zu machen, mit Studierenden und Dozenten ins Gespr\u00e4ch zu kommen und an familienfreundlichen Aktivit\u00e4ten teilzunehmen. <\/p>\n\n\n\n<p>Ob Sie ein zuk\u00fcnftiger Student, ein Elternteil oder einfach nur neugierig sind, mehr \u00fcber unsere Universit\u00e4t zu erfahren \u2013 kommen Sie vorbei und entdecken Sie alles, was wir zu bieten haben.<\/p>\n\n\n\n<p><\/p>\n\n\n\n<ul class=\"wp-block-unilux-blocks-button-list-v2\">\n<li class=\"wp-block-unilux-blocks-button-list-item-v2\"><a class=\"quick-link\" href=\"https:\/\/www.uni.lu\/de\/studium\/die-universitaet-entdecken\/tag-der-offenen-tuer\/\" target=\"\" role=\"link\" rel=\"noopener\" tabindex=\"0\"><span class=\"quick-link__container\">\n<div class=\"wp-block-unilux-blocks-block-inserter quick-link__img\"><\/div>\n\n\n\n<span class=\"quick-link__name wp-block-unilux-blocks-plain-text\">Mehr \u00fcber den Tag der offenen T\u00fcr 2025 erfahren<\/span>\n\n<svg aria-hidden=\"true\" focusable=\"false\" class=\"icon icon-outline icon--arrow-right \"><use xlink:href=\"https:\/\/www.uni.lu\/wp-content\/themes\/unilux-theme\/assets\/images\/icons\/icons-outline.svg#icon--arrow-right\"><\/use><\/svg><\/span><\/a><\/li>\n<\/ul>\n<\/div><\/section>\n","protected":false},"excerpt":{"rendered":"","protected":false},"author":341,"featured_media":5860,"parent":0,"menu_order":0,"comment_status":"open","ping_status":"closed","template":"","format":"standard","meta":{"featured_image_focal_point":[],"show_featured_caption":false,"ulux_newsletter_groups":"","uluxPostTitle":"","uluxPrePostTitle":"","_trash_the_other_posts":false,"_price":"","_stock":"","_tribe_ticket_header":"","_tribe_default_ticket_provider":"","_tribe_ticket_capacity":"0","_ticket_start_date":"","_ticket_end_date":"","_tribe_ticket_show_description":"","_tribe_ticket_show_not_going":false,"_tribe_ticket_use_global_stock":"","_tribe_ticket_global_stock_level":"","_global_stock_mode":"","_global_stock_cap":"","_tribe_rsvp_for_event":"","_tribe_ticket_going_count":"","_tribe_ticket_not_going_count":"","_tribe_tickets_list":"[]","_tribe_ticket_has_attendee_info_fields":false,"event_start_date":"2025-03-15 09:00:00","event_end_date":"2025-03-15 16:00:00","event_speaker_name":"","event_speaker_link":"","event_is_online":false,"event_location":"Campus Belval","event_street":"2, place de l\u2019Universit\u00e9","event_location_link":"https:\/\/www.uni.lu\/de\/ueber-uns\/campusse\/campus-belval\/","event_zip_code":"L-4365","event_city":"Belval","event_country":"Luxemburg"},"events-topic":[317],"events-type":[326,325],"organisation":[226],"authorship":[341],"acf":[],"yoast_head":"<!-- This site is optimized with the Yoast SEO Premium plugin v22.3 (Yoast SEO v22.3) - https:\/\/yoast.com\/wordpress\/plugins\/seo\/ -->\n<title>Tag der offenen T\u00fcr 2025 - Universit\u00e4t Luxemburg<\/title>\n<meta name=\"description\" content=\"Besuchen Sie unseren Tag der offenen T\u00fcr, um unsere Studieng\u00e4nge zu erkunden, eine F\u00fchrung durch unseren hochmodernen Campus in Belval zu machen, mit\" \/>\n<meta name=\"robots\" content=\"index, follow, max-snippet:-1, max-image-preview:large, max-video-preview:-1\" \/>\n<link rel=\"canonical\" href=\"https:\/\/www.uni.lu\/de\/events\/tag-der-offenen-tur-2025\/\" \/>\n<meta property=\"og:locale\" content=\"de_DE\" \/>\n<meta property=\"og:type\" content=\"article\" \/>\n<meta property=\"og:title\" content=\"Tag der offenen T\u00fcr 2025\" \/>\n<meta property=\"og:description\" content=\"Besuchen Sie unseren Tag der offenen T\u00fcr, um unsere Studieng\u00e4nge zu erkunden, eine F\u00fchrung durch unseren hochmodernen Campus in Belval zu machen, mit\" \/>\n<meta property=\"og:url\" content=\"https:\/\/www.uni.lu\/de\/events\/tag-der-offenen-tur-2025\/\" \/>\n<meta property=\"og:site_name\" content=\"UNI DE\" \/>\n<meta property=\"article:publisher\" content=\"https:\/\/www.facebook.com\/uni.lu\" \/>\n<meta property=\"article:modified_time\" content=\"2025-02-13T07:37:12+00:00\" \/>\n<meta property=\"og:image\" content=\"https:\/\/www.uni.lu\/wp-content\/uploads\/sites\/10\/2025\/02\/open-day-2025-1.jpg\" \/>\n\t<meta property=\"og:image:width\" content=\"1920\" \/>\n\t<meta property=\"og:image:height\" content=\"1080\" \/>\n\t<meta property=\"og:image:type\" content=\"image\/jpeg\" \/>\n<meta name=\"twitter:card\" content=\"summary_large_image\" \/>\n<meta name=\"twitter:label1\" content=\"Gesch\u00e4tzte Lesezeit\" \/>\n\t<meta name=\"twitter:data1\" content=\"1 Minute\" \/>\n<script type=\"application\/ld+json\" class=\"yoast-schema-graph\">{\"@context\":\"https:\/\/schema.org\",\"@graph\":[{\"@type\":\"WebPage\",\"@id\":\"https:\/\/www.uni.lu\/de\/events\/tag-der-offenen-tur-2025\/\",\"url\":\"https:\/\/www.uni.lu\/de\/events\/tag-der-offenen-tur-2025\/\",\"name\":\"Tag der offenen T\u00fcr 2025 - Universit\u00e4t Luxemburg\",\"isPartOf\":{\"@id\":\"https:\/\/www.uni.lu\/de\/#website\"},\"primaryImageOfPage\":{\"@id\":\"https:\/\/www.uni.lu\/de\/events\/tag-der-offenen-tur-2025\/#primaryimage\"},\"image\":{\"@id\":\"https:\/\/www.uni.lu\/de\/events\/tag-der-offenen-tur-2025\/#primaryimage\"},\"thumbnailUrl\":\"https:\/\/www.uni.lu\/wp-content\/uploads\/sites\/10\/2025\/02\/open-day-2025-1.jpg\",\"datePublished\":\"2025-02-10T08:22:13+00:00\",\"dateModified\":\"2025-02-13T07:37:12+00:00\",\"description\":\"Besuchen Sie unseren Tag der offenen T\u00fcr, um unsere Studieng\u00e4nge zu erkunden, eine F\u00fchrung durch unseren hochmodernen Campus in Belval zu machen, mit\",\"breadcrumb\":{\"@id\":\"https:\/\/www.uni.lu\/de\/events\/tag-der-offenen-tur-2025\/#breadcrumb\"},\"inLanguage\":\"de-DE\",\"potentialAction\":[{\"@type\":\"ReadAction\",\"target\":[\"https:\/\/www.uni.lu\/de\/events\/tag-der-offenen-tur-2025\/\"]}]},{\"@type\":\"ImageObject\",\"inLanguage\":\"de-DE\",\"@id\":\"https:\/\/www.uni.lu\/de\/events\/tag-der-offenen-tur-2025\/#primaryimage\",\"url\":\"https:\/\/www.uni.lu\/wp-content\/uploads\/sites\/10\/2025\/02\/open-day-2025-1.jpg\",\"contentUrl\":\"https:\/\/www.uni.lu\/wp-content\/uploads\/sites\/10\/2025\/02\/open-day-2025-1.jpg\",\"width\":1920,\"height\":1080},{\"@type\":\"BreadcrumbList\",\"@id\":\"https:\/\/www.uni.lu\/de\/events\/tag-der-offenen-tur-2025\/#breadcrumb\",\"itemListElement\":[{\"@type\":\"ListItem\",\"position\":1,\"name\":\"Home\",\"item\":\"https:\/\/www.uni.lu\/de\/\"},{\"@type\":\"ListItem\",\"position\":2,\"name\":\"Events\",\"item\":\"https:\/\/www.uni.lu\/de\/events\/\"},{\"@type\":\"ListItem\",\"position\":3,\"name\":\"Tag der offenen T\u00fcr 2025\"}]},{\"@type\":\"WebSite\",\"@id\":\"https:\/\/www.uni.lu\/de\/#website\",\"url\":\"https:\/\/www.uni.lu\/de\/\",\"name\":\"Uni.lu\",\"description\":\"Universit\u00e4t Luxemburg\",\"publisher\":{\"@id\":\"https:\/\/www.uni.lu\/de\/#organization\"},\"alternateName\":\"Universit\u00e4t Luxemburg\",\"potentialAction\":[{\"@type\":\"SearchAction\",\"target\":{\"@type\":\"EntryPoint\",\"urlTemplate\":\"https:\/\/www.uni.lu\/de\/?s={search_term_string}\"},\"query-input\":\"required name=search_term_string\"}],\"inLanguage\":\"de-DE\"},{\"@type\":\"Organization\",\"@id\":\"https:\/\/www.uni.lu\/de\/#organization\",\"name\":\"Universit\u00e4t Luxemburg\",\"alternateName\":\"Uni.lu\",\"url\":\"https:\/\/www.uni.lu\/de\/\",\"logo\":{\"@type\":\"ImageObject\",\"inLanguage\":\"de-DE\",\"@id\":\"https:\/\/www.uni.lu\/de\/#\/schema\/logo\/image\/\",\"url\":\"https:\/\/www.uni.lu\/wp-content\/uploads\/sites\/10\/2026\/03\/03120000\/UNIV_SM-Profile_1600x1600px-scaled.jpg\",\"contentUrl\":\"https:\/\/www.uni.lu\/wp-content\/uploads\/sites\/10\/2026\/03\/03120000\/UNIV_SM-Profile_1600x1600px-scaled.jpg\",\"width\":2560,\"height\":2560,\"caption\":\"Universit\u00e4t Luxemburg\"},\"image\":\"https:\/\/www.uni.lu\/wp-content\/uploads\/sites\/10\/2026\/04\/24144329\/20200609-Belval-Campus_Henri-Goergen-23.jpg\",\"sameAs\":[\"https:\/\/www.facebook.com\/uni.lu\",\"https:\/\/www.linkedin.com\/school\/university-of-luxembourg\/\",\"https:\/\/www.instagram.com\/uni.lu\",\"https:\/\/www.youtube.com\/@uni_lu\",\"https:\/\/en.wikipedia.org\/wiki\/University_of_Luxembourg\"],\"email\":\"communication@uni.lu\",\"telephone\":\"+3524666441\",\"address\":{\"@type\":\"PostalAddress\",\"streetAddress\":\"2, place de l\u2019Universit\u00e9\",\"addressLocality\":\"Esch-sur-Alzette\",\"postalCode\":\"4365\",\"addressCountry\":\"LU\"},\"description\":\"Universit\u00e4t Luxemburg\"}]}<\/script>\n<!-- \/ Yoast SEO Premium plugin. -->","yoast_head_json":{"title":"Tag der offenen T\u00fcr 2025 - Universit\u00e4t Luxemburg","description":"Besuchen Sie unseren Tag der offenen T\u00fcr, um unsere Studieng\u00e4nge zu erkunden, eine F\u00fchrung durch unseren hochmodernen Campus in Belval zu machen, mit","robots":{"index":"index","follow":"follow","max-snippet":"max-snippet:-1","max-image-preview":"max-image-preview:large","max-video-preview":"max-video-preview:-1"},"canonical":"https:\/\/www.uni.lu\/de\/events\/tag-der-offenen-tur-2025\/","og_locale":"de_DE","og_type":"article","og_title":"Tag der offenen T\u00fcr 2025","og_description":"Besuchen Sie unseren Tag der offenen T\u00fcr, um unsere Studieng\u00e4nge zu erkunden, eine F\u00fchrung durch unseren hochmodernen Campus in Belval zu machen, mit","og_url":"https:\/\/www.uni.lu\/de\/events\/tag-der-offenen-tur-2025\/","og_site_name":"UNI DE","article_publisher":"https:\/\/www.facebook.com\/uni.lu","article_modified_time":"2025-02-13T07:37:12+00:00","og_image":[{"width":1920,"height":1080,"url":"https:\/\/www.uni.lu\/wp-content\/uploads\/sites\/10\/2025\/02\/open-day-2025-1.jpg","type":"image\/jpeg"}],"twitter_card":"summary_large_image","twitter_misc":{"Gesch\u00e4tzte Lesezeit":"1 Minute"},"schema":{"@context":"https:\/\/schema.org","@graph":[{"@type":"WebPage","@id":"https:\/\/www.uni.lu\/de\/events\/tag-der-offenen-tur-2025\/","url":"https:\/\/www.uni.lu\/de\/events\/tag-der-offenen-tur-2025\/","name":"Tag der offenen T\u00fcr 2025 - Universit\u00e4t Luxemburg","isPartOf":{"@id":"https:\/\/www.uni.lu\/de\/#website"},"primaryImageOfPage":{"@id":"https:\/\/www.uni.lu\/de\/events\/tag-der-offenen-tur-2025\/#primaryimage"},"image":{"@id":"https:\/\/www.uni.lu\/de\/events\/tag-der-offenen-tur-2025\/#primaryimage"},"thumbnailUrl":"https:\/\/www.uni.lu\/wp-content\/uploads\/sites\/10\/2025\/02\/open-day-2025-1.jpg","datePublished":"2025-02-10T08:22:13+00:00","dateModified":"2025-02-13T07:37:12+00:00","description":"Besuchen Sie unseren Tag der offenen T\u00fcr, um unsere Studieng\u00e4nge zu erkunden, eine F\u00fchrung durch unseren hochmodernen Campus in Belval zu machen, mit","breadcrumb":{"@id":"https:\/\/www.uni.lu\/de\/events\/tag-der-offenen-tur-2025\/#breadcrumb"},"inLanguage":"de-DE","potentialAction":[{"@type":"ReadAction","target":["https:\/\/www.uni.lu\/de\/events\/tag-der-offenen-tur-2025\/"]}]},{"@type":"ImageObject","inLanguage":"de-DE","@id":"https:\/\/www.uni.lu\/de\/events\/tag-der-offenen-tur-2025\/#primaryimage","url":"https:\/\/www.uni.lu\/wp-content\/uploads\/sites\/10\/2025\/02\/open-day-2025-1.jpg","contentUrl":"https:\/\/www.uni.lu\/wp-content\/uploads\/sites\/10\/2025\/02\/open-day-2025-1.jpg","width":1920,"height":1080},{"@type":"BreadcrumbList","@id":"https:\/\/www.uni.lu\/de\/events\/tag-der-offenen-tur-2025\/#breadcrumb","itemListElement":[{"@type":"ListItem","position":1,"name":"Home","item":"https:\/\/www.uni.lu\/de\/"},{"@type":"ListItem","position":2,"name":"Events","item":"https:\/\/www.uni.lu\/de\/events\/"},{"@type":"ListItem","position":3,"name":"Tag der offenen T\u00fcr 2025"}]},{"@type":"WebSite","@id":"https:\/\/www.uni.lu\/de\/#website","url":"https:\/\/www.uni.lu\/de\/","name":"Uni.lu","description":"Universit\u00e4t Luxemburg","publisher":{"@id":"https:\/\/www.uni.lu\/de\/#organization"},"alternateName":"Universit\u00e4t Luxemburg","potentialAction":[{"@type":"SearchAction","target":{"@type":"EntryPoint","urlTemplate":"https:\/\/www.uni.lu\/de\/?s={search_term_string}"},"query-input":"required name=search_term_string"}],"inLanguage":"de-DE"},{"@type":"Organization","@id":"https:\/\/www.uni.lu\/de\/#organization","name":"Universit\u00e4t Luxemburg","alternateName":"Uni.lu","url":"https:\/\/www.uni.lu\/de\/","logo":{"@type":"ImageObject","inLanguage":"de-DE","@id":"https:\/\/www.uni.lu\/de\/#\/schema\/logo\/image\/","url":"https:\/\/www.uni.lu\/wp-content\/uploads\/sites\/10\/2026\/03\/03120000\/UNIV_SM-Profile_1600x1600px-scaled.jpg","contentUrl":"https:\/\/www.uni.lu\/wp-content\/uploads\/sites\/10\/2026\/03\/03120000\/UNIV_SM-Profile_1600x1600px-scaled.jpg","width":2560,"height":2560,"caption":"Universit\u00e4t Luxemburg"},"image":"https:\/\/www.uni.lu\/wp-content\/uploads\/sites\/10\/2026\/04\/24144329\/20200609-Belval-Campus_Henri-Goergen-23.jpg","sameAs":["https:\/\/www.facebook.com\/uni.lu","https:\/\/www.linkedin.com\/school\/university-of-luxembourg\/","https:\/\/www.instagram.com\/uni.lu","https:\/\/www.youtube.com\/@uni_lu","https:\/\/en.wikipedia.org\/wiki\/University_of_Luxembourg"],"email":"communication@uni.lu","telephone":"+3524666441","address":{"@type":"PostalAddress","streetAddress":"2, place de l\u2019Universit\u00e9","addressLocality":"Esch-sur-Alzette","postalCode":"4365","addressCountry":"LU"},"description":"Universit\u00e4t Luxemburg"}]}},"_links":{"self":[{"href":"https:\/\/www.uni.lu\/de\/wp-json\/wp\/v2\/events\/5888"}],"collection":[{"href":"https:\/\/www.uni.lu\/de\/wp-json\/wp\/v2\/events"}],"about":[{"href":"https:\/\/www.uni.lu\/de\/wp-json\/wp\/v2\/types\/events"}],"author":[{"embeddable":true,"href":"https:\/\/www.uni.lu\/de\/wp-json\/wp\/v2\/users\/341"}],"replies":[{"embeddable":true,"href":"https:\/\/www.uni.lu\/de\/wp-json\/wp\/v2\/comments?post=5888"}],"version-history":[{"count":3,"href":"https:\/\/www.uni.lu\/de\/wp-json\/wp\/v2\/events\/5888\/revisions"}],"predecessor-version":[{"id":5924,"href":"https:\/\/www.uni.lu\/de\/wp-json\/wp\/v2\/events\/5888\/revisions\/5924"}],"wp:authorship":[{"embeddable":true,"href":"https:\/\/www.uni.lu\/de\/wp-json\/wp\/v2\/users\/341"}],"wp:featuredmedia":[{"embeddable":true,"href":"https:\/\/www.uni.lu\/de\/wp-json\/wp\/v2\/media\/5860"}],"wp:attachment":[{"href":"https:\/\/www.uni.lu\/de\/wp-json\/wp\/v2\/media?parent=5888"}],"wp:term":[{"taxonomy":"events-topic","embeddable":true,"href":"https:\/\/www.uni.lu\/de\/wp-json\/wp\/v2\/events-topic?post=5888"},{"taxonomy":"events-type","embeddable":true,"href":"https:\/\/www.uni.lu\/de\/wp-json\/wp\/v2\/events-type?post=5888"},{"taxonomy":"organisation","embeddable":true,"href":"https:\/\/www.uni.lu\/de\/wp-json\/wp\/v2\/organisation?post=5888"}],"curies":[{"name":"wp","href":"https:\/\/api.w.org\/{rel}","templated":true}]}}