{"version":"1.0","provider_name":"UNI DE","provider_url":"https:\/\/www.uni.lu\/de","author_name":"UNI DE","author_url":"https:\/\/www.uni.lu\/de","title":"Ein Rat f\u00fcr Ern\u00e4hrungspolitik (FPC) f\u00fcr Luxemburg","type":"rich","width":600,"height":338,"html":"<blockquote class=\"wp-embedded-content\" data-secret=\"Qe6bem3pET\"><a href=\"https:\/\/www.uni.lu\/de\/news\/ein-rat-fuer-ernaehrungspolitik-fpc-fuer-luxemburg\/\">Ein Rat f\u00fcr Ern\u00e4hrungspolitik (FPC) f\u00fcr Luxemburg<\/a><\/blockquote><iframe sandbox=\"allow-scripts\" security=\"restricted\" src=\"https:\/\/www.uni.lu\/de\/news\/ein-rat-fuer-ernaehrungspolitik-fpc-fuer-luxemburg\/embed\/#?secret=Qe6bem3pET\" width=\"600\" height=\"338\" title=\"&#8222;Ein Rat f\u00fcr Ern\u00e4hrungspolitik (FPC) f\u00fcr Luxemburg&#8220; &#8212; UNI DE\" data-secret=\"Qe6bem3pET\" frameborder=\"0\" marginwidth=\"0\" marginheight=\"0\" scrolling=\"no\" class=\"wp-embedded-content\"><\/iframe><script>\n\/*! This file is auto-generated *\/\n!function(c,d){\"use strict\";var e=!1,o=!1;if(d.querySelector)if(c.addEventListener)e=!0;if(c.wp=c.wp||{},c.wp.receiveEmbedMessage);else if(c.wp.receiveEmbedMessage=function(e){var t=e.data;if(!t);else if(!(t.secret||t.message||t.value));else if(\/[^a-zA-Z0-9]\/.test(t.secret));else{for(var r,s,a,i=d.querySelectorAll('iframe[data-secret=\"'+t.secret+'\"]'),n=d.querySelectorAll('blockquote[data-secret=\"'+t.secret+'\"]'),o=new RegExp(\"^https?:$\",\"i\"),l=0;l<n.length;l++)n[l].style.display=\"none\";for(l=0;l<i.length;l++)if(r=i[l],e.source!==r.contentWindow);else{if(r.removeAttribute(\"style\"),\"height\"===t.message){if(1e3<(s=parseInt(t.value,10)))s=1e3;else if(~~s<200)s=200;r.height=s}if(\"link\"===t.message)if(s=d.createElement(\"a\"),a=d.createElement(\"a\"),s.href=r.getAttribute(\"src\"),a.href=t.value,!o.test(a.protocol));else if(a.host===s.host)if(d.activeElement===r)c.top.location.href=t.value}}},e)c.addEventListener(\"message\",c.wp.receiveEmbedMessage,!1),d.addEventListener(\"DOMContentLoaded\",t,!1),c.addEventListener(\"load\",t,!1);function t(){if(o);else{o=!0;for(var e,t,r,s=-1!==navigator.appVersion.indexOf(\"MSIE 10\"),a=!!navigator.userAgent.match(\/Trident.*rv:11\\.\/),i=d.querySelectorAll(\"iframe.wp-embedded-content\"),n=0;n<i.length;n++){if(!(r=(t=i[n]).getAttribute(\"data-secret\")))r=Math.random().toString(36).substr(2,10),t.src+=\"#?secret=\"+r,t.setAttribute(\"data-secret\",r);if(s||a)(e=t.cloneNode(!0)).removeAttribute(\"security\"),t.parentNode.replaceChild(e,t);t.contentWindow.postMessage({message:\"ready\",secret:r},\"*\")}}}}(window,document);\n<\/script>\n","thumbnail_url":"https:\/\/www.uni.lu\/wp-content\/uploads\/sites\/10\/2021\/08\/ein_rat_fuer_ernaehrungspolitik_fpc_fuer_luxemburg.jpg","thumbnail_width":800,"thumbnail_height":600,"description":"In Vorbereitung auf den zuk\u00fcnftigen Rat f\u00fcr Ern\u00e4hrungspolitik (Food Policy Council) in Luxemburg m\u00f6chte das 'Sustainable Food Practices Research Project' (Forschungsprojekt f\u00fcr nachhaltige Ern\u00e4hrungspraktiken) der Universit\u00e4t Luxemburg Ihre Meinung h\u00f6ren und l\u00e4dt Sie ein, an der Umfrage zum Rat f\u00fcr Ern\u00e4hrungspolitik teilzunehmen."}