{"id":362,"date":"2023-12-19T14:24:52","date_gmt":"2023-12-19T13:24:52","guid":{"rendered":"https:\/\/www.uni.lu\/c2dh-fr\/?page_id=362"},"modified":"2026-02-25T13:08:49","modified_gmt":"2026-02-25T12:08:49","slug":"outreach","status":"publish","type":"page","link":"https:\/\/www.uni.lu\/c2dh-fr\/outreach\/","title":{"rendered":"Outreach"},"content":{"rendered":"<div class=\"section py-0 static\">\n<section class=\"py-0 wp-block-unilux-blocks-free-section section\"><div class=\"container xl:max-w-screen-xl\"><div class=\"js-secondary-nav--sticky wp-block-unilux-blocks-secondary-navigation\" id=\"58607823-e6cb-4022-b116-e50b2405bf40\">\n    <nav\n        id=\"secondary-navigation\"\n        role=\"navigation\"\n        aria-label=\"Secondary menu\"\n        class=\"secondary-nav\"\n    >\n        <button\n            class=\"secondary-nav__button btn btn-solid--primary w-full\"\n            aria-expanded=\"false\"\n            aria-controls=\"secondary-navigation__list\"\n            title=\"The selected page is Outreach\"\n            type=\"button\"\n        >\n            <span class=\"btn__name mr-auto\">Outreach<\/span>\n            <svg aria-hidden=\"true\" focusable=\"false\" class=\"icon icon-outline icon--xs\">\n                <use xlink:href=\"https:\/\/www.uni.lu\/wp-content\/themes\/unilux-theme\/assets\/images\/icons\/icons-outline.svg#icon--arrow-down\" \/>\n            <\/svg>\n        <\/button>\n\n        <ul id=\"secondary-navigation__list\" class=\"secondary-nav__list\">\n            <li class=\"secondary-nav__item\">\n    <a\n        href=\"https:\/\/www.uni.lu\/c2dh-fr\/luxembourg-centre-for-contemporary-and-digital-history-c2dh\"\n        target=\"\"\n        rel=\"noreferrer noopener\"\n        class=\"secondary-nav__link \"\n            >\n        <svg aria-hidden=\"true\" focusable=\"false\" class=\"icon icon-outline icon--xs\">\n            <use xlink:href=\"https:\/\/www.uni.lu\/wp-content\/themes\/unilux-theme\/assets\/images\/icons\/icons-outline.svg#icon--arrow-right\" \/>\n        <\/svg>\n        <span class=\"secondary-nav__name\">Aper\u00e7u<\/span>\n    <\/a>\n<\/li>\n<li class=\"secondary-nav__item\">\n    <a\n        href=\"https:\/\/www.uni.lu\/c2dh-fr\/a-propos\/\"\n        target=\"\"\n        rel=\"noreferrer noopener\"\n        class=\"secondary-nav__link \"\n            >\n        <svg aria-hidden=\"true\" focusable=\"false\" class=\"icon icon-outline icon--xs\">\n            <use xlink:href=\"https:\/\/www.uni.lu\/wp-content\/themes\/unilux-theme\/assets\/images\/icons\/icons-outline.svg#icon--arrow-right\" \/>\n        <\/svg>\n        <span class=\"secondary-nav__name\">\u00c0 propos<\/span>\n    <\/a>\n<\/li>\n<li class=\"secondary-nav__item\">\n    <a\n        href=\"https:\/\/www.uni.lu\/c2dh-fr\/recherche\/\"\n        target=\"\"\n        rel=\"noreferrer noopener\"\n        class=\"secondary-nav__link \"\n            >\n        <svg aria-hidden=\"true\" focusable=\"false\" class=\"icon icon-outline icon--xs\">\n            <use xlink:href=\"https:\/\/www.uni.lu\/wp-content\/themes\/unilux-theme\/assets\/images\/icons\/icons-outline.svg#icon--arrow-right\" \/>\n        <\/svg>\n        <span class=\"secondary-nav__name\">Recherche<\/span>\n    <\/a>\n<\/li>\n<li class=\"secondary-nav__item\">\n    <a\n        href=\"https:\/\/www.uni.lu\/c2dh-fr\/enseignement\/\"\n        target=\"\"\n        rel=\"noreferrer noopener\"\n        class=\"secondary-nav__link \"\n            >\n        <svg aria-hidden=\"true\" focusable=\"false\" class=\"icon icon-outline icon--xs\">\n            <use xlink:href=\"https:\/\/www.uni.lu\/wp-content\/themes\/unilux-theme\/assets\/images\/icons\/icons-outline.svg#icon--arrow-right\" \/>\n        <\/svg>\n        <span class=\"secondary-nav__name\">Enseignement<\/span>\n    <\/a>\n<\/li>\n<li class=\"secondary-nav__item\">\n    <a\n        href=\"https:\/\/www.uni.lu\/c2dh-fr\/thinkering\"\n        target=\"\"\n        rel=\"noreferrer noopener\"\n        class=\"secondary-nav__link \"\n            >\n        <svg aria-hidden=\"true\" focusable=\"false\" class=\"icon icon-outline icon--xs\">\n            <use xlink:href=\"https:\/\/www.uni.lu\/wp-content\/themes\/unilux-theme\/assets\/images\/icons\/icons-outline.svg#icon--arrow-right\" \/>\n        <\/svg>\n        <span class=\"secondary-nav__name\">Thinkering<\/span>\n    <\/a>\n<\/li>\n<li class=\"secondary-nav__item\">\n    <a\n        href=\"https:\/\/www.uni.lu\/c2dh-fr\/outreach\/\"\n        target=\"\"\n        rel=\"noreferrer noopener\"\n        class=\"secondary-nav__link isactived\"\n        aria-current=\"page\"    >\n        <svg aria-hidden=\"true\" focusable=\"false\" class=\"icon icon-outline icon--xs\">\n            <use xlink:href=\"https:\/\/www.uni.lu\/wp-content\/themes\/unilux-theme\/assets\/images\/icons\/icons-outline.svg#icon--arrow-right\" \/>\n        <\/svg>\n        <span class=\"secondary-nav__name\">Outreach<\/span>\n    <\/a>\n<\/li>\n<li class=\"secondary-nav__item\">\n    <a\n        href=\"https:\/\/www.uni.lu\/c2dh-fr\/forum-z\/\"\n        target=\"\"\n        rel=\"noreferrer noopener\"\n        class=\"secondary-nav__link \"\n            >\n        <svg aria-hidden=\"true\" focusable=\"false\" class=\"icon icon-outline icon--xs\">\n            <use xlink:href=\"https:\/\/www.uni.lu\/wp-content\/themes\/unilux-theme\/assets\/images\/icons\/icons-outline.svg#icon--arrow-right\" \/>\n        <\/svg>\n        <span class=\"secondary-nav__name\">Forum Z<\/span>\n    <\/a>\n<\/li>\n<li class=\"secondary-nav__item\">\n    <a\n        href=\"https:\/\/www.uni.lu\/c2dh-fr\/equipe\/\"\n        target=\"\"\n        rel=\"noreferrer noopener\"\n        class=\"secondary-nav__link \"\n            >\n        <svg aria-hidden=\"true\" focusable=\"false\" class=\"icon icon-outline icon--xs\">\n            <use xlink:href=\"https:\/\/www.uni.lu\/wp-content\/themes\/unilux-theme\/assets\/images\/icons\/icons-outline.svg#icon--arrow-right\" \/>\n        <\/svg>\n        <span class=\"secondary-nav__name\">\u00c9quipe<\/span>\n    <\/a>\n<\/li>\n<li class=\"secondary-nav__item\">\n    <a\n        href=\"https:\/\/www.uni.lu\/c2dh-fr\/rejoignez-nous\/\"\n        target=\"\"\n        rel=\"noreferrer noopener\"\n        class=\"secondary-nav__link \"\n            >\n        <svg aria-hidden=\"true\" focusable=\"false\" class=\"icon icon-outline icon--xs\">\n            <use xlink:href=\"https:\/\/www.uni.lu\/wp-content\/themes\/unilux-theme\/assets\/images\/icons\/icons-outline.svg#icon--arrow-right\" \/>\n        <\/svg>\n        <span class=\"secondary-nav__name\">Rejoignez-nous<\/span>\n    <\/a>\n<\/li>\n<li class=\"secondary-nav__item\">\n    <a\n        href=\"https:\/\/www.uni.lu\/c2dh-fr\/contact\/\"\n        target=\"\"\n        rel=\"noreferrer noopener\"\n        class=\"secondary-nav__link \"\n            >\n        <svg aria-hidden=\"true\" focusable=\"false\" class=\"icon icon-outline icon--xs\">\n            <use xlink:href=\"https:\/\/www.uni.lu\/wp-content\/themes\/unilux-theme\/assets\/images\/icons\/icons-outline.svg#icon--arrow-right\" \/>\n        <\/svg>\n        <span class=\"secondary-nav__name\">Contact<\/span>\n    <\/a>\n<\/li>\n        <\/ul>\n    <\/nav>\n<\/div>\n<\/div><\/section>\n\n\n\n<section class=\"wp-block-unilux-blocks-free-section section\"><div class=\"container xl:max-w-screen-xl\">\n<h1 class=\"has-text-align-left wp-block-unilux-blocks-heading\"        id=\"une-perspective-globale\"\n    >\nUne perspective globale<\/h1>\n\n\n\n<p>Le C\u00b2DH s\u2019efforce d&rsquo;impliquer le public et de promouvoir une meilleure compr\u00e9hension de l&rsquo;histoire \u00e0 l&rsquo;\u00e8re num\u00e9rique. Les activit\u00e9s de sensibilisation comprennent l&rsquo;organisation de conf\u00e9rences, d&rsquo;ateliers et de conf\u00e9rences publiques ainsi que la publication d&rsquo;expositions virtuelles, de livres en libre acc\u00e8s et d&rsquo;autres produits num\u00e9riques.<\/p>\n\n\n\n<section class=\"py-0 wp-block-unilux-blocks-free-section section\"><div class=\"container xl:max-w-screen-xl\"><ul class=\"wp-block-unilux-blocks-button-list\">\n    <li class=\"wp-block-unilux-blocks-button-list-item\">\n    <a\n            href=\"#expositions-virtuelles-et-projets-en-ligne\"\n            class=\"quick-link wp-block-unilux-blocks-anchor\"        target=\"\"\n>\n    \n<span class=\"wp-block-unilux-blocks-wrapper quick-link__container\"><figure class=\"wp-block-dev4-reusable-blocks-image quick-link__img object-fit--scale-down\">\n        <\/figure>\n\n\n<span class=\"quick-link__name wp-block-unilux-blocks-plain-text\">Expositions virtuelles et projets en ligne<\/span>\n\n<svg aria-hidden=\"true\" focusable=\"false\" class=\"icon icon-outline icon--arrow-dual-down \"><use xlink:href=\"https:\/\/www.uni.lu\/wp-content\/themes\/unilux-theme\/assets\/images\/icons\/icons-outline.svg#icon--arrow-dual-down\"><\/use><\/svg><\/span>\n<\/a>\n<\/li><li class=\"wp-block-unilux-blocks-button-list-item\">\n    <a\n            href=\"#journal-of-digital-history\"\n            class=\"quick-link wp-block-unilux-blocks-anchor\"        target=\"\"\n>\n    \n<span class=\"wp-block-unilux-blocks-wrapper quick-link__container\"><figure class=\"wp-block-dev4-reusable-blocks-image quick-link__img object-fit--scale-down\">\n        <\/figure>\n\n\n<span class=\"quick-link__name wp-block-unilux-blocks-plain-text\">Journal of Digital History<\/span>\n\n<svg aria-hidden=\"true\" focusable=\"false\" class=\"icon icon-outline icon--arrow-dual-down \"><use xlink:href=\"https:\/\/www.uni.lu\/wp-content\/themes\/unilux-theme\/assets\/images\/icons\/icons-outline.svg#icon--arrow-dual-down\"><\/use><\/svg><\/span>\n<\/a>\n<\/li><li class=\"wp-block-unilux-blocks-button-list-item\">\n    <a\n            href=\"#innovating-sharing-history-podcast\"\n            class=\"quick-link wp-block-unilux-blocks-anchor\"        target=\"\"\n>\n    \n<span class=\"wp-block-unilux-blocks-wrapper quick-link__container\"><figure class=\"wp-block-dev4-reusable-blocks-image quick-link__img object-fit--scale-down\">\n        <\/figure>\n\n\n<span class=\"quick-link__name wp-block-unilux-blocks-plain-text\">Innovating &amp; Sharing History podcast<\/span>\n\n<svg aria-hidden=\"true\" focusable=\"false\" class=\"icon icon-outline icon--arrow-dual-down \"><use xlink:href=\"https:\/\/www.uni.lu\/wp-content\/themes\/unilux-theme\/assets\/images\/icons\/icons-outline.svg#icon--arrow-dual-down\"><\/use><\/svg><\/span>\n<\/a>\n<\/li><li class=\"wp-block-unilux-blocks-button-list-item\">\n    <a\n            href=\"#serie-de-livres-avec-de-gruyter-oldenbourg\"\n            class=\"quick-link wp-block-unilux-blocks-anchor\"        target=\"\"\n>\n    \n<span class=\"wp-block-unilux-blocks-wrapper quick-link__container\"><figure class=\"wp-block-dev4-reusable-blocks-image quick-link__img object-fit--scale-down\">\n        <\/figure>\n\n\n<span class=\"quick-link__name wp-block-unilux-blocks-plain-text\">S\u00e9rie de livres avec De Gruyter Oldenbourg<\/span>\n\n<svg aria-hidden=\"true\" focusable=\"false\" class=\"icon icon-outline icon--arrow-dual-down \"><use xlink:href=\"https:\/\/www.uni.lu\/wp-content\/themes\/unilux-theme\/assets\/images\/icons\/icons-outline.svg#icon--arrow-dual-down\"><\/use><\/svg><\/span>\n<\/a>\n<\/li><li class=\"wp-block-unilux-blocks-button-list-item\">\n    <a\n            href=\"#rapports-annuels\"\n            class=\"quick-link wp-block-unilux-blocks-anchor\"        target=\"\"\n>\n    \n<span class=\"wp-block-unilux-blocks-wrapper quick-link__container\"><figure class=\"wp-block-dev4-reusable-blocks-image quick-link__img object-fit--scale-down\">\n        <\/figure>\n\n\n<span class=\"quick-link__name wp-block-unilux-blocks-plain-text\">Rapports annuels<\/span>\n\n<svg aria-hidden=\"true\" focusable=\"false\" class=\"icon icon-outline icon--arrow-dual-down \"><use xlink:href=\"https:\/\/www.uni.lu\/wp-content\/themes\/unilux-theme\/assets\/images\/icons\/icons-outline.svg#icon--arrow-dual-down\"><\/use><\/svg><\/span>\n<\/a>\n<\/li><\/ul>\n<\/div><\/section>\n<\/div><\/section>\n\n\n\n<section class=\"py-0 wp-block-unilux-blocks-free-section section\"><div class=\"container xl:max-w-screen-xl\">\n<h2 class=\"has-text-align-left wp-block-unilux-blocks-heading\"        id=\"expositions-virtuelles-et-projets-en-ligne\"\n    >\nExpositions virtuelles et projets en ligne<\/h2>\n\n\n\n<p>Les expositions virtuelles du C\u00b2DH offrent une exp\u00e9rience immersive du pass\u00e9 en offrant un aper\u00e7u unique de sujets historiques comme les guerres mondiales au Luxembourg, le pass\u00e9 complexe de la r\u00e9gion industrielle de Minett ou l&rsquo;histoire de l&rsquo;Est de la Belgique. Ces expositions refl\u00e8tent les derni\u00e8res avanc\u00e9es en mati\u00e8re de technologies num\u00e9riques, brisant le moule de la narration traditionnelle avec des r\u00e9cits virtuels pr\u00e9sent\u00e9s de mani\u00e8re non lin\u00e9aire et incluant du contenu multim\u00e9dia et des fonctionnalit\u00e9s interactives pour offrir une exp\u00e9rience informative et divertissante.<\/p>\n\n\n<div class=\"wp-block-unilux-blocks-spacer is-spacer-size-sm\"><\/div>\n\n<ul class=\"flex flex-wrap mt-24 -mx-16  wp-block-unilux-blocks-free-content-card\">\n    <li class=\"w-full sm:w-1\/2 lg:w-1\/3 px-16  wp-block-unilux-blocks-free-content-card-item\">\n    <div class=\"ulux-card card-facilities bg-theme\">\n        <div class=\"ulux-card__container card__container\">\n                        <div class=\"ulux-card__visual wp-block-unilux-blocks-free-content-card-item-visual\">\n    \n<div class=\"wp-block-unilux-blocks-image-video-wrapper\">\n    <figure class=\"wp-block-dev4-reusable-blocks-image  object-fit--cover\">\n    \n<img decoding=\"async\" class=\"wp-block-image unilux-custom-image-block\"\n                alt=\"125 Joer SUDenergie homepage\"\n            src=\"https:\/\/www.uni.lu\/wp-content\/uploads\/sites\/24\/2025\/11\/18155859\/125-Joer-SUDenergie-homepage.jpg\"\n                srcset=\"https:\/\/www.uni.lu\/wp-content\/uploads\/sites\/24\/2025\/11\/18155859\/125-Joer-SUDenergie-homepage-300x225.jpg 300w, https:\/\/www.uni.lu\/wp-content\/uploads\/sites\/24\/2025\/11\/18155859\/125-Joer-SUDenergie-homepage-1024x768.jpg 1024w, https:\/\/www.uni.lu\/wp-content\/uploads\/sites\/24\/2025\/11\/18155859\/125-Joer-SUDenergie-homepage-768x576.jpg 768w, https:\/\/www.uni.lu\/wp-content\/uploads\/sites\/24\/2025\/11\/18155859\/125-Joer-SUDenergie-homepage.jpg 1242w\"\n                style=\"object-position: 50.00% 50.00%; font-family: &quot;object-fit: cover; object-position: 50.00% 50.00%;&quot;; aspect-ratio: 4\/3; object-fit: cover; width: 100%;\"\n        loading=\"lazy\"\n\/>    <\/figure><\/div><\/div><div class=\"ulux-card__body wp-block-unilux-blocks-free-content-card-item-body\">\n    \n<h3 class=\"ulux-card__title has-text-align-left wp-block-unilux-blocks-heading\"        id=\"125-ans-sudenergie\"\n    >\n125 ans SUDenergie<\/h3>\n<div class=\"ulux-card__description wp-block-unilux-blocks-free-content-card-item-free-content-area\">\n    \n<p>Pour marquer son 125e anniversaire, SUDenergie s&rsquo;est associ\u00e9e au C\u00b2DH pour documenter l&rsquo;histoire de l&rsquo;entreprise, de ses d\u00e9buts \u00e0 nos jours, de la mani\u00e8re la plus exhaustive possible et selon les normes acad\u00e9miques modernes.<\/p>\n<\/div><div class=\"wp-block-unilux-blocks-simple-cta\">\n    <a\n        href=\"https:\/\/125joer.sudenergie.lu\/\"\n        title=\"Learn more\"\n        class=\"link-text link-text--icon ulux-card__link link-text link-absolute\"\n        target=\"_blank\"\n    >\n        <span class=\"link-text__body\">\n            <span class=\"link-text__name\">Learn more<\/span>\n        <\/span>\n        <svg aria-hidden=\"true\" focusable=\"false\" class=\"icon icon-outline icon--external-link \"><use xlink:href=\"https:\/\/www.uni.lu\/wp-content\/themes\/unilux-theme\/assets\/images\/icons\/icons-outline.svg#icon--external-link\"><\/use><\/svg>    <\/a>\n<\/div>\n<\/div>        <\/div>\n    <\/div>\n<\/li><li class=\"w-full sm:w-1\/2 lg:w-1\/3 px-16  wp-block-unilux-blocks-free-content-card-item\">\n    <div class=\"ulux-card card-facilities bg-theme\">\n        <div class=\"ulux-card__container card__container\">\n                        <div class=\"ulux-card__visual wp-block-unilux-blocks-free-content-card-item-visual\">\n    \n<div class=\"wp-block-unilux-blocks-image-video-wrapper\">\n    <figure class=\"wp-block-dev4-reusable-blocks-image  object-fit--cover\">\n    \n<img decoding=\"async\" class=\"wp-block-image unilux-custom-image-block\"\n                alt=\"Gilbert Trausch exposition en ligne\"\n            src=\"https:\/\/www.uni.lu\/wp-content\/uploads\/sites\/24\/2025\/04\/Gilbert-Trausch-expo.jpg\"\n                srcset=\"https:\/\/www.uni.lu\/wp-content\/uploads\/sites\/24\/2025\/04\/Gilbert-Trausch-expo-300x225.jpg 300w, https:\/\/www.uni.lu\/wp-content\/uploads\/sites\/24\/2025\/04\/Gilbert-Trausch-expo-1024x768.jpg 1024w, https:\/\/www.uni.lu\/wp-content\/uploads\/sites\/24\/2025\/04\/Gilbert-Trausch-expo-768x576.jpg 768w, https:\/\/www.uni.lu\/wp-content\/uploads\/sites\/24\/2025\/04\/Gilbert-Trausch-expo.jpg 1099w\"\n                style=\"object-position: 50.00% 50.00%; font-family: &quot;object-fit: cover; object-position: 50.00% 50.00%;&quot;; aspect-ratio: 4\/3; object-fit: cover; width: 100%;\"\n        loading=\"lazy\"\n\/>    <\/figure><\/div><\/div><div class=\"ulux-card__body wp-block-unilux-blocks-free-content-card-item-body\">\n    \n<h3 class=\"ulux-card__title has-text-align-left wp-block-unilux-blocks-heading\"        id=\"gilbert-trausch-une-vie-dediee-a-lhistoire-1931-2018\"\n    >\nGilbert Trausch &#8211; Une vie d\u00e9di\u00e9e \u00e0 l&rsquo;histoire (1931-2018)<\/h3>\n<div class=\"ulux-card__description wp-block-unilux-blocks-free-content-card-item-free-content-area\">\n    \n<p>Cette exposition en ligne sur Gilbert Trausch &#8211; figure embl\u00e9matique de l&rsquo;historiographie luxembourgeoise &#8211; offre un regard unique sur le travail d&rsquo;un historien avant et au d\u00e9but du support informatique.<\/p>\n<\/div><div class=\"wp-block-unilux-blocks-simple-cta\">\n    <a\n        href=\"https:\/\/gilberttrausch.uni.lu\/\"\n        title=\"Learn more\"\n        class=\"link-text link-text--icon ulux-card__link link-text link-absolute\"\n        target=\"_blank\"\n    >\n        <span class=\"link-text__body\">\n            <span class=\"link-text__name\">Learn more<\/span>\n        <\/span>\n        <svg aria-hidden=\"true\" focusable=\"false\" class=\"icon icon-outline icon--external-link \"><use xlink:href=\"https:\/\/www.uni.lu\/wp-content\/themes\/unilux-theme\/assets\/images\/icons\/icons-outline.svg#icon--external-link\"><\/use><\/svg>    <\/a>\n<\/div>\n<\/div>        <\/div>\n    <\/div>\n<\/li><li class=\"w-full sm:w-1\/2 lg:w-1\/3 px-16  wp-block-unilux-blocks-free-content-card-item\">\n    <div class=\"ulux-card card-facilities bg-theme\">\n        <div class=\"ulux-card__container card__container\">\n                        <div class=\"ulux-card__visual wp-block-unilux-blocks-free-content-card-item-visual\">\n    \n<div class=\"wp-block-unilux-blocks-image-video-wrapper\">\n    <figure class=\"wp-block-dev4-reusable-blocks-image  object-fit--cover\">\n    \n<img decoding=\"async\" class=\"wp-block-image unilux-custom-image-block\"\n                alt=\"WW2.lu. Le Luxemb(o)urg pendant la Seconde Guerre mondiale\"\n            src=\"https:\/\/www.uni.lu\/wp-content\/uploads\/sites\/24\/2024\/11\/WW2_lu-4_3.jpg\"\n                srcset=\"https:\/\/www.uni.lu\/wp-content\/uploads\/sites\/24\/2024\/11\/WW2_lu-4_3-300x225.jpg 300w, https:\/\/www.uni.lu\/wp-content\/uploads\/sites\/24\/2024\/11\/WW2_lu-4_3-1024x768.jpg 1024w, https:\/\/www.uni.lu\/wp-content\/uploads\/sites\/24\/2024\/11\/WW2_lu-4_3-768x576.jpg 768w, https:\/\/www.uni.lu\/wp-content\/uploads\/sites\/24\/2024\/11\/WW2_lu-4_3.jpg 1500w\"\n                style=\"object-position: 50.00% 50.00%; font-family: &quot;object-fit: cover; object-position: 50.00% 50.00%;&quot;; aspect-ratio: 4\/3; object-fit: cover; width: 100%;\"\n        loading=\"lazy\"\n\/>    <\/figure><\/div><\/div><div class=\"ulux-card__body wp-block-unilux-blocks-free-content-card-item-body\">\n    \n<h3 class=\"ulux-card__title has-text-align-left wp-block-unilux-blocks-heading\"        id=\"ww2-lu-le-luxembourg-pendant-la-seconde-guerre-mondiale\"\n    >\nWW2.lu. Le Luxemb(o)urg pendant la Seconde Guerre mondiale<\/h3>\n<div class=\"ulux-card__description wp-block-unilux-blocks-free-content-card-item-free-content-area\">\n    \n<p>WW2.lu est une exposition en ligne multilingue qui pr\u00e9sente l&rsquo;histoire du Luxembourg pendant la Seconde Guerre mondiale, en tenant compte des recherches historiques r\u00e9centes<\/p>\n<\/div><div class=\"wp-block-unilux-blocks-simple-cta\">\n    <a\n        href=\"https:\/\/ww2.lu\/\"\n        title=\"Learn more\"\n        class=\"link-text link-text--icon ulux-card__link link-text link-absolute\"\n        target=\"_blank\"\n    >\n        <span class=\"link-text__body\">\n            <span class=\"link-text__name\">Learn more<\/span>\n        <\/span>\n        <svg aria-hidden=\"true\" focusable=\"false\" class=\"icon icon-outline icon--external-link \"><use xlink:href=\"https:\/\/www.uni.lu\/wp-content\/themes\/unilux-theme\/assets\/images\/icons\/icons-outline.svg#icon--external-link\"><\/use><\/svg>    <\/a>\n<\/div>\n<\/div>        <\/div>\n    <\/div>\n<\/li><li class=\"w-full sm:w-1\/2 lg:w-1\/3 px-16  wp-block-unilux-blocks-free-content-card-item\">\n    <div class=\"ulux-card card-facilities bg-theme\">\n        <div class=\"ulux-card__container card__container\">\n                        <div class=\"ulux-card__visual wp-block-unilux-blocks-free-content-card-item-visual\">\n    \n<div class=\"wp-block-unilux-blocks-image-video-wrapper\">\n    <figure class=\"wp-block-dev4-reusable-blocks-image  object-fit--cover\">\n    \n<img decoding=\"async\" class=\"wp-block-image unilux-custom-image-block\"\n                alt=\"Monument national des mineurs\"\n            src=\"https:\/\/www.uni.lu\/wp-content\/uploads\/sites\/24\/2024\/12\/Monument-Kayl.jpg\"\n                srcset=\"https:\/\/www.uni.lu\/wp-content\/uploads\/sites\/24\/2024\/12\/Monument-Kayl-300x130.jpg 300w, https:\/\/www.uni.lu\/wp-content\/uploads\/sites\/24\/2024\/12\/Monument-Kayl-1024x442.jpg 1024w, https:\/\/www.uni.lu\/wp-content\/uploads\/sites\/24\/2024\/12\/Monument-Kayl-768x332.jpg 768w, https:\/\/www.uni.lu\/wp-content\/uploads\/sites\/24\/2024\/12\/Monument-Kayl-1536x664.jpg 1536w, https:\/\/www.uni.lu\/wp-content\/uploads\/sites\/24\/2024\/12\/Monument-Kayl-2048x885.jpg 2048w\"\n                style=\"object-position: 50.00% 50.00%; font-family: &quot;object-fit: cover; object-position: 50.00% 50.00%;&quot;; aspect-ratio: 4\/3; object-fit: cover; width: 100%;\"\n        loading=\"lazy\"\n\/>    <\/figure><\/div><\/div><div class=\"ulux-card__body wp-block-unilux-blocks-free-content-card-item-body\">\n    \n<h3 class=\"ulux-card__title has-text-align-left wp-block-unilux-blocks-heading\"        id=\"le-monument-national-des-mineurs-a-kayl\"\n    >\nLe Monument national des mineurs \u00e0 Kayl<\/h3>\n<div class=\"ulux-card__description wp-block-unilux-blocks-free-content-card-item-free-content-area\">\n    \n<p>Entre 1860 et 1980, l\u2019exploitation mini\u00e8re au Grand-Duch\u00e9 co\u00fbte la vie \u00e0 quelque 1.500 mineurs. En leur honneur, la commune de Kayl \u00e9rige un monument au milieu des ann\u00e9es 1950, en face de la \u00abL\u00e9iffr\u00e4chen\u00bb. D\u00e9couvrez l&rsquo;histoire et les statistiques sur ce site.<\/p>\n<\/div><div class=\"wp-block-unilux-blocks-simple-cta\">\n    <a\n        href=\"http:\/\/mininghistory.uni.lu\"\n        title=\"Learn more\"\n        class=\"link-text link-text--icon ulux-card__link link-text link-absolute\"\n        target=\"_blank\"\n    >\n        <span class=\"link-text__body\">\n            <span class=\"link-text__name\">Learn more<\/span>\n        <\/span>\n        <svg aria-hidden=\"true\" focusable=\"false\" class=\"icon icon-outline icon--external-link \"><use xlink:href=\"https:\/\/www.uni.lu\/wp-content\/themes\/unilux-theme\/assets\/images\/icons\/icons-outline.svg#icon--external-link\"><\/use><\/svg>    <\/a>\n<\/div>\n<\/div>        <\/div>\n    <\/div>\n<\/li><li class=\"w-full sm:w-1\/2 lg:w-1\/3 px-16  wp-block-unilux-blocks-free-content-card-item\">\n    <div class=\"ulux-card card-facilities bg-theme\">\n        <div class=\"ulux-card__container card__container\">\n                        <div class=\"ulux-card__visual wp-block-unilux-blocks-free-content-card-item-visual\">\n    \n<div class=\"wp-block-unilux-blocks-image-video-wrapper\">\n    <figure class=\"wp-block-dev4-reusable-blocks-image  object-fit--cover\">\n    \n<img decoding=\"async\" class=\"wp-block-image unilux-custom-image-block\"\n                alt=\"Warlux Feldpost\"\n            src=\"https:\/\/www.uni.lu\/wp-content\/uploads\/sites\/24\/2024\/06\/Feldpost-warlux-website-4_3.jpg\"\n                srcset=\"https:\/\/www.uni.lu\/wp-content\/uploads\/sites\/24\/2024\/06\/Feldpost-warlux-website-4_3-300x225.jpg 300w, https:\/\/www.uni.lu\/wp-content\/uploads\/sites\/24\/2024\/06\/Feldpost-warlux-website-4_3-1024x768.jpg 1024w, https:\/\/www.uni.lu\/wp-content\/uploads\/sites\/24\/2024\/06\/Feldpost-warlux-website-4_3-768x576.jpg 768w, https:\/\/www.uni.lu\/wp-content\/uploads\/sites\/24\/2024\/06\/Feldpost-warlux-website-4_3.jpg 1500w\"\n                style=\"object-position: 50.00% 50.00%; font-family: &quot;object-fit: cover; object-position: 50.00% 50.00%;&quot;; aspect-ratio: 4\/3; object-fit: cover; width: 100%;\"\n        loading=\"lazy\"\n\/>    <\/figure><\/div><\/div><div class=\"ulux-card__body wp-block-unilux-blocks-free-content-card-item-body\">\n    \n<h3 class=\"ulux-card__title has-text-align-left wp-block-unilux-blocks-heading\"        id=\"warlux\"\n    >\nWARLUX<\/h3>\n<div class=\"ulux-card__description wp-block-unilux-blocks-free-content-card-item-free-content-area\">\n    \n<p>Le site du projet Warlux se concentre sur les exp\u00e9riences de guerre des jeunes Luxembourgeois qui ont servi dans le Wehrmacht et Reichsarbeitdienst pendant la Seconde Guerre mondiale. La base de donn\u00e9es du site comprend une vaste collection de lettres de guerre num\u00e9ris\u00e9es.<\/p>\n<\/div><div class=\"wp-block-unilux-blocks-simple-cta\">\n    <a\n        href=\"https:\/\/warlux.uni.lu\/?language=en\"\n        title=\"Learn more\"\n        class=\"link-text link-text--icon ulux-card__link link-text link-absolute\"\n        target=\"_blank\"\n    >\n        <span class=\"link-text__body\">\n            <span class=\"link-text__name\">Visit<\/span>\n        <\/span>\n        <svg aria-hidden=\"true\" focusable=\"false\" class=\"icon icon-outline icon--external-link \"><use xlink:href=\"https:\/\/www.uni.lu\/wp-content\/themes\/unilux-theme\/assets\/images\/icons\/icons-outline.svg#icon--external-link\"><\/use><\/svg>    <\/a>\n<\/div>\n<\/div>        <\/div>\n    <\/div>\n<\/li><li class=\"w-full sm:w-1\/2 lg:w-1\/3 px-16  wp-block-unilux-blocks-free-content-card-item\">\n    <div class=\"ulux-card card-facilities bg-theme\">\n        <div class=\"ulux-card__container card__container\">\n                        <div class=\"ulux-card__visual wp-block-unilux-blocks-free-content-card-item-visual\">\n    \n<div class=\"wp-block-unilux-blocks-image-video-wrapper\">\n    <figure class=\"wp-block-dev4-reusable-blocks-image  object-fit--cover\">\n    \n<img decoding=\"async\" class=\"wp-block-image unilux-custom-image-block\"\n                alt=\"Gazengel\"\n            src=\"https:\/\/www.uni.lu\/wp-content\/uploads\/sites\/7\/2023\/11\/Gazengel-4_3.png\"\n                    style=\"object-position: 50.00% 41.00%; font-family: &quot;object-fit: cover; object-position: 50.00% 41.00%;&quot;; aspect-ratio: 4\/3; object-fit: cover; width: 100%;\"\n        loading=\"lazy\"\n\/>    <\/figure><\/div><\/div><div class=\"ulux-card__body wp-block-unilux-blocks-free-content-card-item-body\">\n    \n<h3 class=\"ulux-card__title has-text-align-left wp-block-unilux-blocks-heading\"        id=\"gazengel\"\n    >\nGazengel<\/h3>\n<div class=\"ulux-card__description wp-block-unilux-blocks-free-content-card-item-free-content-area\">\n    \n<p>Rencontrez Gazengel, une doctorante imagin\u00e9e par Ali\u00e9nor Gandanger, elle-m\u00eame doctorante aux universit\u00e9s de Caen et du Luxembourg. Gazengel vous emm\u00e8ne dans les coulisses d&rsquo;une jeune chercheuse et explorera les diff\u00e9rentes facettes de ses aventures scientifiques et cr\u00e9atives.<\/p>\n<\/div><div class=\"wp-block-unilux-blocks-simple-cta\">\n    <a\n        href=\"https:\/\/www.uni.lu\/c2dh-fr\/research-groups\/public-history-outreach\/gazengel\/\"\n        title=\"Learn more\"\n        class=\"link-text link-text--icon ulux-card__link link-text link-absolute\"\n        target=\"\"\n    >\n        <span class=\"link-text__body\">\n            <span class=\"link-text__name\">Visit<\/span>\n        <\/span>\n        <svg aria-hidden=\"true\" focusable=\"false\" class=\"icon icon-outline icon--arrow-right \"><use xlink:href=\"https:\/\/www.uni.lu\/wp-content\/themes\/unilux-theme\/assets\/images\/icons\/icons-outline.svg#icon--arrow-right\"><\/use><\/svg>    <\/a>\n<\/div>\n<\/div>        <\/div>\n    <\/div>\n<\/li><li class=\"w-full sm:w-1\/2 lg:w-1\/3 px-16  wp-block-unilux-blocks-free-content-card-item\">\n    <div class=\"ulux-card card-facilities bg-theme\">\n        <div class=\"ulux-card__container card__container\">\n                        <div class=\"ulux-card__visual wp-block-unilux-blocks-free-content-card-item-visual\">\n    \n<div class=\"wp-block-unilux-blocks-image-video-wrapper\">\n    <figure class=\"wp-block-dev4-reusable-blocks-image  object-fit--cover\">\n    \n<img decoding=\"async\" class=\"wp-block-image unilux-custom-image-block\"\n                alt=\"Framing Luxembourg\"\n            src=\"https:\/\/www.uni.lu\/wp-content\/uploads\/sites\/7\/2023\/06\/Framing-Luxembourg.png\"\n                    style=\"object-position: 50.00% 41.00%; font-family: &quot;object-fit: cover; object-position: 50.00% 41.00%;&quot;; aspect-ratio: 4\/3; object-fit: cover; width: 100%;\"\n        loading=\"lazy\"\n\/>    <\/figure><\/div><\/div><div class=\"ulux-card__body wp-block-unilux-blocks-free-content-card-item-body\">\n    \n<h3 class=\"ulux-card__title has-text-align-left wp-block-unilux-blocks-heading\"        id=\"framing-luxembourg\"\n    >\nFraming Luxembourg<\/h3>\n<div class=\"ulux-card__description wp-block-unilux-blocks-free-content-card-item-free-content-area\">\n    \n<p>Avec \u00ab Framing Luxembourg \u00bb, le Statec et le C\u00b2DH &nbsp;racontent \u00abune histoire du Luxembourg en statistique ainsi qu\u2019une histoire de la statistique au Luxembourg\u00bb.<\/p>\n<\/div><div class=\"wp-block-unilux-blocks-simple-cta\">\n    <a\n        href=\"https:\/\/www.framingluxembourg.lu\/\"\n        title=\"Learn more\"\n        class=\"link-text link-text--icon ulux-card__link link-text link-absolute\"\n        target=\"_blank\"\n    >\n        <span class=\"link-text__body\">\n            <span class=\"link-text__name\">Visit<\/span>\n        <\/span>\n        <svg aria-hidden=\"true\" focusable=\"false\" class=\"icon icon-outline icon--external-link \"><use xlink:href=\"https:\/\/www.uni.lu\/wp-content\/themes\/unilux-theme\/assets\/images\/icons\/icons-outline.svg#icon--external-link\"><\/use><\/svg>    <\/a>\n<\/div>\n<\/div>        <\/div>\n    <\/div>\n<\/li><li class=\"w-full sm:w-1\/2 lg:w-1\/3 px-16  wp-block-unilux-blocks-free-content-card-item\">\n    <div class=\"ulux-card card-facilities bg-theme\">\n        <div class=\"ulux-card__container card__container\">\n                        <div class=\"ulux-card__visual wp-block-unilux-blocks-free-content-card-item-visual\">\n    \n<div class=\"wp-block-unilux-blocks-image-video-wrapper\">\n    <figure class=\"wp-block-dev4-reusable-blocks-image  object-fit--cover\">\n    \n<img decoding=\"async\" class=\"wp-block-image unilux-custom-image-block\"\n                alt=\"Minett Stories\"\n            src=\"https:\/\/www.uni.lu\/wp-content\/uploads\/sites\/7\/2023\/06\/Minett-stories.png\"\n                    style=\"object-position: 0.00% 22.00%; font-family: &quot;object-fit: cover; object-position: 0.00% 22.00%;&quot;; aspect-ratio: 4\/3; object-fit: cover; width: 100%;\"\n        loading=\"lazy\"\n\/>    <\/figure><\/div><\/div><div class=\"ulux-card__body wp-block-unilux-blocks-free-content-card-item-body\">\n    \n<h3 class=\"ulux-card__title has-text-align-left wp-block-unilux-blocks-heading\"        id=\"minett-stories\"\n    >\nMinett Stories<\/h3>\n<div class=\"ulux-card__description wp-block-unilux-blocks-free-content-card-item-free-content-area\">\n    \n<p>L&rsquo;exposition virtuelle Minett Stories traite de l&rsquo;histoire et de l&rsquo;identit\u00e9 de Minett, la r\u00e9gion industrielle du sud du Luxembourg, en 22 chapitres.<\/p>\n<\/div><div class=\"wp-block-unilux-blocks-simple-cta\">\n    <a\n        href=\"https:\/\/minett-stories.lu\/fr\/%20\"\n        title=\"Learn more\"\n        class=\"link-text link-text--icon ulux-card__link link-text link-absolute\"\n        target=\"_blank\"\n    >\n        <span class=\"link-text__body\">\n            <span class=\"link-text__name\">Visit<\/span>\n        <\/span>\n        <svg aria-hidden=\"true\" focusable=\"false\" class=\"icon icon-outline icon--external-link \"><use xlink:href=\"https:\/\/www.uni.lu\/wp-content\/themes\/unilux-theme\/assets\/images\/icons\/icons-outline.svg#icon--external-link\"><\/use><\/svg>    <\/a>\n<\/div>\n<\/div>        <\/div>\n    <\/div>\n<\/li><li class=\"w-full sm:w-1\/2 lg:w-1\/3 px-16  wp-block-unilux-blocks-free-content-card-item\">\n    <div class=\"ulux-card card-facilities bg-theme\">\n        <div class=\"ulux-card__container card__container\">\n                        <div class=\"ulux-card__visual wp-block-unilux-blocks-free-content-card-item-visual\">\n    \n<div class=\"wp-block-unilux-blocks-image-video-wrapper\">\n    <figure class=\"wp-block-dev4-reusable-blocks-image  object-fit--cover\">\n    \n<img decoding=\"async\" class=\"wp-block-image unilux-custom-image-block\"\n                alt=\"Memorial of the Shoah Luxembourg\"\n            src=\"https:\/\/www.uni.lu\/wp-content\/uploads\/sites\/7\/2023\/06\/memorialshoah.png\"\n                    style=\"object-position: 62.00% 52.00%; font-family: &quot;object-fit: cover; object-position: 62.00% 52.00%;&quot;; aspect-ratio: 4\/3; object-fit: cover; width: 100%;\"\n        loading=\"lazy\"\n\/>    <\/figure><\/div><\/div><div class=\"ulux-card__body wp-block-unilux-blocks-free-content-card-item-body\">\n    \n<h3 class=\"ulux-card__title has-text-align-left wp-block-unilux-blocks-heading\"        id=\"luxembourg-memorial-de-la-shoah\"\n    >\nLuxembourg M\u00e9morial de la Shoah<\/h3>\n<div class=\"ulux-card__description wp-block-unilux-blocks-free-content-card-item-free-content-area\">\n    \n<p>Ce m\u00e9morial construit un pont entre les histoires et la m\u00e9moire des victimes et des survivants de la Shoah.<\/p>\n<\/div><div class=\"wp-block-unilux-blocks-simple-cta\">\n    <a\n        href=\"https:\/\/memorialshoah.lu\/fr\/\"\n        title=\"Learn more\"\n        class=\"link-text link-text--icon ulux-card__link link-text link-absolute\"\n        target=\"_blank\"\n    >\n        <span class=\"link-text__body\">\n            <span class=\"link-text__name\">Visit<\/span>\n        <\/span>\n        <svg aria-hidden=\"true\" focusable=\"false\" class=\"icon icon-outline icon--external-link \"><use xlink:href=\"https:\/\/www.uni.lu\/wp-content\/themes\/unilux-theme\/assets\/images\/icons\/icons-outline.svg#icon--external-link\"><\/use><\/svg>    <\/a>\n<\/div>\n<\/div>        <\/div>\n    <\/div>\n<\/li><li class=\"w-full sm:w-1\/2 lg:w-1\/3 px-16  wp-block-unilux-blocks-free-content-card-item\">\n    <div class=\"ulux-card card-facilities bg-theme\">\n        <div class=\"ulux-card__container card__container\">\n                        <div class=\"ulux-card__visual wp-block-unilux-blocks-free-content-card-item-visual\">\n    \n<div class=\"wp-block-unilux-blocks-image-video-wrapper\">\n    <figure class=\"wp-block-dev4-reusable-blocks-image  object-fit--cover\">\n    \n<img decoding=\"async\" class=\"wp-block-image unilux-custom-image-block\"\n                alt=\"Popkult60 online exhibition\n\"\n            src=\"https:\/\/www.uni.lu\/wp-content\/uploads\/sites\/7\/2023\/06\/Screenshot-Popkult601.png\"\n                    style=\"object-position: 36.00% 38.00%; font-family: &quot;object-fit: cover; object-position: 36.00% 38.00%;&quot;; aspect-ratio: 4\/3; object-fit: cover; width: 100%;\"\n        loading=\"lazy\"\n\/>    <\/figure><\/div><\/div><div class=\"ulux-card__body wp-block-unilux-blocks-free-content-card-item-body\">\n    \n<h3 class=\"ulux-card__title has-text-align-left wp-block-unilux-blocks-heading\"        id=\"popkult60-online-exhibition\"\n    >\nPopkult60 online exhibition<\/h3>\n<div class=\"ulux-card__description wp-block-unilux-blocks-free-content-card-item-free-content-area\">\n    \n<p>L&rsquo;exposition virtuelle du projet de recherche Popkult60 sur l&rsquo;histoire transnationale de la culture populaire des ann\u00e9es 1960 explore la riche production culturelle des ann\u00e9es 1960 et les liens entre les pays europ\u00e9ens.<\/p>\n<\/div><div class=\"wp-block-unilux-blocks-simple-cta\">\n    <a\n        href=\"https:\/\/popkult60.eu\/e\"\n        title=\"Learn more\"\n        class=\"link-text link-text--icon ulux-card__link link-text link-absolute\"\n        target=\"_blank\"\n    >\n        <span class=\"link-text__body\">\n            <span class=\"link-text__name\">Visit<\/span>\n        <\/span>\n        <svg aria-hidden=\"true\" focusable=\"false\" class=\"icon icon-outline icon--external-link \"><use xlink:href=\"https:\/\/www.uni.lu\/wp-content\/themes\/unilux-theme\/assets\/images\/icons\/icons-outline.svg#icon--external-link\"><\/use><\/svg>    <\/a>\n<\/div>\n<\/div>        <\/div>\n    <\/div>\n<\/li><li class=\"w-full sm:w-1\/2 lg:w-1\/3 px-16  wp-block-unilux-blocks-free-content-card-item\">\n    <div class=\"ulux-card card-facilities bg-theme\">\n        <div class=\"ulux-card__container card__container\">\n                        <div class=\"ulux-card__visual wp-block-unilux-blocks-free-content-card-item-visual\">\n    \n<div class=\"wp-block-unilux-blocks-image-video-wrapper\">\n    <figure class=\"wp-block-dev4-reusable-blocks-image  object-fit--cover\">\n    \n<img decoding=\"async\" class=\"wp-block-image unilux-custom-image-block\"\n                alt=\"175 Joer POST\"\n            src=\"https:\/\/www.uni.lu\/wp-content\/uploads\/sites\/7\/2023\/06\/175-Joer-Post.png\"\n                    style=\"object-position: 24.00% 24.00%; font-family: &quot;object-fit: cover; object-position: 24.00% 24.00%;&quot;; aspect-ratio: 4\/3; object-fit: cover; width: 100%;\"\n        loading=\"lazy\"\n\/>    <\/figure><\/div><\/div><div class=\"ulux-card__body wp-block-unilux-blocks-free-content-card-item-body\">\n    \n<h3 class=\"ulux-card__title has-text-align-left wp-block-unilux-blocks-heading\"        id=\"175-joer-post\"\n    >\n175 Joer POST<\/h3>\n<div class=\"ulux-card__description wp-block-unilux-blocks-free-content-card-item-free-content-area\">\n    \n<p>Une immersion virtuelle dans le monde des timbres, du courrier, des t\u00e9l\u00e9communications, des satellites\u2026 et des hommes et des femmes au service des Luxembourgeois depuis 1842.<\/p>\n<\/div><div class=\"wp-block-unilux-blocks-simple-cta\">\n    <a\n        href=\"https:\/\/www.175anspost.lu\/\"\n        title=\"Learn more\"\n        class=\"link-text link-text--icon ulux-card__link link-text link-absolute\"\n        target=\"_blank\"\n    >\n        <span class=\"link-text__body\">\n            <span class=\"link-text__name\">Visit<\/span>\n        <\/span>\n        <svg aria-hidden=\"true\" focusable=\"false\" class=\"icon icon-outline icon--external-link \"><use xlink:href=\"https:\/\/www.uni.lu\/wp-content\/themes\/unilux-theme\/assets\/images\/icons\/icons-outline.svg#icon--external-link\"><\/use><\/svg>    <\/a>\n<\/div>\n<\/div>        <\/div>\n    <\/div>\n<\/li><li class=\"w-full sm:w-1\/2 lg:w-1\/3 px-16  wp-block-unilux-blocks-free-content-card-item\">\n    <div class=\"ulux-card card-facilities bg-theme\">\n        <div class=\"ulux-card__container card__container\">\n                        <div class=\"ulux-card__visual wp-block-unilux-blocks-free-content-card-item-visual\">\n    \n<div class=\"wp-block-unilux-blocks-image-video-wrapper\">\n    <figure class=\"wp-block-dev4-reusable-blocks-image  object-fit--cover\">\n    \n<img decoding=\"async\" class=\"wp-block-image unilux-custom-image-block\"\n                alt=\"Virtual exhibition &#039;East Belgium 1920-2020&#039;\"\n            src=\"https:\/\/www.uni.lu\/wp-content\/uploads\/sites\/7\/2023\/06\/Zeitschichten.png\"\n                    style=\"object-position: 67.00% 51.00%; font-family: &quot;object-fit: cover; object-position: 67.00% 51.00%;&quot;; aspect-ratio: 4\/3; object-fit: cover; width: 100%;\"\n        loading=\"lazy\"\n\/>    <\/figure><\/div><\/div><div class=\"ulux-card__body wp-block-unilux-blocks-free-content-card-item-body\">\n    \n<h3 class=\"ulux-card__title has-text-align-left wp-block-unilux-blocks-heading\"        id=\"les-cantons-de-lest-1920-2020-prospections-dun-entre-deux\"\n    >\nLes Cantons de l\u2018Est 1920-2020. Prospections d\u2019un entre-deux<\/h3>\n<div class=\"ulux-card__description wp-block-unilux-blocks-free-content-card-item-free-content-area\">\n    \n<p>Les Cantons de l\u2019Est 1920-2020 est une exposition virtuelle retra\u00e7ant l\u2019histoire de la r\u00e9gion d\u2019Eupen-Malmedy-Saint Vith depuis le changement de nationalit\u00e9 de 1920.<\/p>\n<\/div><div class=\"wp-block-unilux-blocks-simple-cta\">\n    <a\n        href=\"https:\/\/zeitschichten.be\/fr\"\n        title=\"Learn more\"\n        class=\"link-text link-text--icon ulux-card__link link-text link-absolute\"\n        target=\"_blank\"\n    >\n        <span class=\"link-text__body\">\n            <span class=\"link-text__name\">Visit<\/span>\n        <\/span>\n        <svg aria-hidden=\"true\" focusable=\"false\" class=\"icon icon-outline icon--external-link \"><use xlink:href=\"https:\/\/www.uni.lu\/wp-content\/themes\/unilux-theme\/assets\/images\/icons\/icons-outline.svg#icon--external-link\"><\/use><\/svg>    <\/a>\n<\/div>\n<\/div>        <\/div>\n    <\/div>\n<\/li><li class=\"w-full sm:w-1\/2 lg:w-1\/3 px-16  wp-block-unilux-blocks-free-content-card-item\">\n    <div class=\"ulux-card card-facilities bg-theme\">\n        <div class=\"ulux-card__container card__container\">\n                        <div class=\"ulux-card__visual wp-block-unilux-blocks-free-content-card-item-visual\">\n    \n<div class=\"wp-block-unilux-blocks-image-video-wrapper\">\n    <figure class=\"wp-block-dev4-reusable-blocks-image  object-fit--cover\">\n    \n<img decoding=\"async\" class=\"wp-block-image unilux-custom-image-block\"\n                alt=\"Schumann&#039;s Eck interactive documentary\"\n            src=\"https:\/\/www.uni.lu\/wp-content\/uploads\/sites\/7\/2023\/07\/Schumanns-Eck-cropped.png\"\n                srcset=\"https:\/\/www.uni.lu\/wp-content\/uploads\/sites\/24\/2023\/11\/History_at_Play_Mochocki_4_3-300x225.png 300w, https:\/\/www.uni.lu\/wp-content\/uploads\/sites\/24\/2023\/11\/History_at_Play_Mochocki_4_3-1024x768.png 1024w, https:\/\/www.uni.lu\/wp-content\/uploads\/sites\/24\/2023\/11\/History_at_Play_Mochocki_4_3-768x576.png 768w, https:\/\/www.uni.lu\/wp-content\/uploads\/sites\/24\/2023\/11\/History_at_Play_Mochocki_4_3.png 1080w\"\n                style=\"object-position: 48.00% 47.00%; font-family: &quot;object-fit: cover; object-position: 48.00% 47.00%;&quot;; aspect-ratio: 4\/3; object-fit: cover; width: 100%;\"\n        loading=\"lazy\"\n\/>    <\/figure><\/div><\/div><div class=\"ulux-card__body wp-block-unilux-blocks-free-content-card-item-body\">\n    \n<h3 class=\"ulux-card__title has-text-align-left wp-block-unilux-blocks-heading\"        id=\"schumanns-eck\"\n    >\nSchumann&rsquo;s Eck<\/h3>\n<div class=\"ulux-card__description wp-block-unilux-blocks-free-content-card-item-free-content-area\">\n    \n<p>Documentaire interactif r\u00e9alis\u00e9 par les \u00e9tudiants du Bachelor en Histoire contemporaine du Luxembourg, en collaboration avec le Mus\u00e9e national d&rsquo;histoire militaire de Diekirch, \u00e0 l&rsquo;occasion du 75e anniversaire de la Bataille des Ardennes.<\/p>\n<\/div><div class=\"wp-block-unilux-blocks-simple-cta\">\n    <a\n        href=\"http:\/\/www.mnhm.net\/ng\/schumanns_eck\/#INT_FR_MENU\"\n        title=\"Learn more\"\n        class=\"link-text link-text--icon ulux-card__link link-text link-absolute\"\n        target=\"_blank\"\n    >\n        <span class=\"link-text__body\">\n            <span class=\"link-text__name\">Visit<\/span>\n        <\/span>\n        <svg aria-hidden=\"true\" focusable=\"false\" class=\"icon icon-outline icon--external-link \"><use xlink:href=\"https:\/\/www.uni.lu\/wp-content\/themes\/unilux-theme\/assets\/images\/icons\/icons-outline.svg#icon--external-link\"><\/use><\/svg>    <\/a>\n<\/div>\n<\/div>        <\/div>\n    <\/div>\n<\/li><li class=\"w-full sm:w-1\/2 lg:w-1\/3 px-16  wp-block-unilux-blocks-free-content-card-item\">\n    <div class=\"ulux-card card-facilities bg-theme\">\n        <div class=\"ulux-card__container card__container\">\n                        <div class=\"ulux-card__visual wp-block-unilux-blocks-free-content-card-item-visual\">\n    \n<div class=\"wp-block-unilux-blocks-image-video-wrapper\">\n    <figure class=\"wp-block-dev4-reusable-blocks-image  object-fit--cover\">\n    \n<img decoding=\"async\" class=\"wp-block-image unilux-custom-image-block\"\n                alt=\"BGL: L\u2019histoire d\u2019un si\u00e8cle\"\n            src=\"https:\/\/www.uni.lu\/wp-content\/uploads\/sites\/7\/2023\/06\/100-years-BGL.png\"\n                    style=\"object-position: 43.00% 45.00%; font-family: &quot;object-fit: cover; object-position: 43.00% 45.00%;&quot;; aspect-ratio: 4\/3; object-fit: cover; width: 100%;\"\n        loading=\"lazy\"\n\/>    <\/figure><\/div><\/div><div class=\"ulux-card__body wp-block-unilux-blocks-free-content-card-item-body\">\n    \n<h3 class=\"ulux-card__title has-text-align-left wp-block-unilux-blocks-heading\"        id=\"bgl-lhistoire-dun-siecle\"\n    >\nBGL: L\u2019histoire d\u2019un si\u00e8cle<\/h3>\n<div class=\"ulux-card__description wp-block-unilux-blocks-free-content-card-item-free-content-area\">\n    \n<p>L\u2019exposition virtuelle a \u00e9t\u00e9 con\u00e7ue par le C\u00b2DH \u00e0 l\u2019occasion du centenaire de BGL BNP Paribas. La r\u00e9trospective retrace l\u2019histoire de la banque de 1919 \u00e0 nos jours.<\/p>\n<\/div><div class=\"wp-block-unilux-blocks-simple-cta\">\n    <a\n        href=\"https:\/\/bgl.uni.lu\/\"\n        title=\"Learn more\"\n        class=\"link-text link-text--icon ulux-card__link link-text link-absolute\"\n        target=\"_blank\"\n    >\n        <span class=\"link-text__body\">\n            <span class=\"link-text__name\">Visit<\/span>\n        <\/span>\n        <svg aria-hidden=\"true\" focusable=\"false\" class=\"icon icon-outline icon--external-link \"><use xlink:href=\"https:\/\/www.uni.lu\/wp-content\/themes\/unilux-theme\/assets\/images\/icons\/icons-outline.svg#icon--external-link\"><\/use><\/svg>    <\/a>\n<\/div>\n<\/div>        <\/div>\n    <\/div>\n<\/li><li class=\"w-full sm:w-1\/2 lg:w-1\/3 px-16  wp-block-unilux-blocks-free-content-card-item\">\n    <div class=\"ulux-card card-facilities bg-theme\">\n        <div class=\"ulux-card__container card__container\">\n                        <div class=\"ulux-card__visual wp-block-unilux-blocks-free-content-card-item-visual\">\n    \n<div class=\"wp-block-unilux-blocks-image-video-wrapper\">\n    <figure class=\"wp-block-dev4-reusable-blocks-image  object-fit--cover\">\n    \n<img decoding=\"async\" class=\"wp-block-image unilux-custom-image-block\"\n                alt=\"\u00c9ischte Weltkrich\"\n            src=\"https:\/\/www.uni.lu\/wp-content\/uploads\/sites\/24\/2023\/12\/WW1.png\"\n                srcset=\"https:\/\/www.uni.lu\/wp-content\/uploads\/sites\/24\/2023\/12\/WW1-300x173.png 300w, https:\/\/www.uni.lu\/wp-content\/uploads\/sites\/24\/2023\/12\/WW1-768x442.png 768w, https:\/\/www.uni.lu\/wp-content\/uploads\/sites\/24\/2023\/12\/WW1.png 825w\"\n                style=\"object-position: 51.00% 41.00%; font-family: &quot;object-fit: cover; object-position: 51.00% 41.00%;&quot;; aspect-ratio: 4\/3; object-fit: cover; width: 100%;\"\n        loading=\"lazy\"\n\/>    <\/figure><\/div><\/div><div class=\"ulux-card__body wp-block-unilux-blocks-free-content-card-item-body\">\n    \n<h3 class=\"ulux-card__title has-text-align-left wp-block-unilux-blocks-heading\"        id=\"eischte-weltkrich-la-grande-guerre-au-luxembourg\"\n    >\n\u00c9ischte Weltkrich: La Grande Guerre au Luxembourg<\/h3>\n<div class=\"ulux-card__description wp-block-unilux-blocks-free-content-card-item-free-content-area\">\n    \n<p>L&rsquo;exposition virtuelle d\u00e9velopp\u00e9e par le C\u00b2DH retrace des aspects cl\u00e9s de l&rsquo;histoire et de la m\u00e9moire de la Premi\u00e8re Guerre mondiale au Luxembourg.<\/p>\n<\/div><div class=\"wp-block-unilux-blocks-simple-cta\">\n    <a\n        href=\"https:\/\/ww1.lu\/?lang=fr\"\n        title=\"Learn more\"\n        class=\"link-text link-text--icon ulux-card__link link-text link-absolute\"\n        target=\"_blank\"\n    >\n        <span class=\"link-text__body\">\n            <span class=\"link-text__name\">Visit<\/span>\n        <\/span>\n        <svg aria-hidden=\"true\" focusable=\"false\" class=\"icon icon-outline icon--external-link \"><use xlink:href=\"https:\/\/www.uni.lu\/wp-content\/themes\/unilux-theme\/assets\/images\/icons\/icons-outline.svg#icon--external-link\"><\/use><\/svg>    <\/a>\n<\/div>\n<\/div>        <\/div>\n    <\/div>\n<\/li><li class=\"w-full sm:w-1\/2 lg:w-1\/3 px-16  wp-block-unilux-blocks-free-content-card-item\">\n    <div class=\"ulux-card card-facilities bg-theme\">\n        <div class=\"ulux-card__container card__container\">\n                        <div class=\"ulux-card__visual wp-block-unilux-blocks-free-content-card-item-visual\">\n    \n<div class=\"wp-block-unilux-blocks-image-video-wrapper\">\n    <figure class=\"wp-block-dev4-reusable-blocks-image  object-fit--cover\">\n    \n<img decoding=\"async\" class=\"wp-block-image unilux-custom-image-block\"\n                alt=\"Cvce.eu homepage\"\n            src=\"https:\/\/www.uni.lu\/wp-content\/uploads\/sites\/7\/2023\/06\/cvce-copy.png\"\n                    style=\"object-position: 35.00% 40.00%; font-family: &quot;object-fit: cover; object-position: 35.00% 40.00%;&quot;; aspect-ratio: 4\/3; object-fit: cover; width: 100%;\"\n        loading=\"lazy\"\n\/>    <\/figure><\/div><\/div><div class=\"ulux-card__body wp-block-unilux-blocks-free-content-card-item-body\">\n    \n<h3 class=\"ulux-card__title has-text-align-left wp-block-unilux-blocks-heading\"        id=\"cvce-eu-by-uni-lu\"\n    >\nCVCE.eu by uni.lu<\/h3>\n<div class=\"ulux-card__description wp-block-unilux-blocks-free-content-card-item-free-content-area\">\n    \n<p>Une collection de publications num\u00e9riques th\u00e9matiques sur le processus d&rsquo;int\u00e9gration europ\u00e9enne de 1945 \u00e0 2014. Une analyse de sujets vari\u00e9s bas\u00e9e sur une s\u00e9lection \u00e9tendue et contextualis\u00e9e de plus de 25 000 ressources documentaires multim\u00e9dias, multisources et multilingues pertinentes et enrichies.<\/p>\n<\/div><div class=\"wp-block-unilux-blocks-simple-cta\">\n    <a\n        href=\"https:\/\/www.cvce.eu\/\"\n        title=\"Learn more\"\n        class=\"link-text link-text--icon ulux-card__link link-text link-absolute\"\n        target=\"_blank\"\n    >\n        <span class=\"link-text__body\">\n            <span class=\"link-text__name\">Visit<\/span>\n        <\/span>\n        <svg aria-hidden=\"true\" focusable=\"false\" class=\"icon icon-outline icon--external-link \"><use xlink:href=\"https:\/\/www.uni.lu\/wp-content\/themes\/unilux-theme\/assets\/images\/icons\/icons-outline.svg#icon--external-link\"><\/use><\/svg>    <\/a>\n<\/div>\n<\/div>        <\/div>\n    <\/div>\n<\/li><li class=\"w-full sm:w-1\/2 lg:w-1\/3 px-16  wp-block-unilux-blocks-free-content-card-item\">\n    <div class=\"ulux-card card-facilities bg-theme\">\n        <div class=\"ulux-card__container card__container\">\n                        <div class=\"ulux-card__visual wp-block-unilux-blocks-free-content-card-item-visual\">\n    \n<div class=\"wp-block-unilux-blocks-image-video-wrapper\">\n    <figure class=\"wp-block-dev4-reusable-blocks-image  object-fit--cover\">\n    \n<img decoding=\"async\" class=\"wp-block-image unilux-custom-image-block\"\n                alt=\"Covidmemory\"\n            src=\"https:\/\/www.uni.lu\/wp-content\/uploads\/sites\/7\/2023\/07\/covidmemory.png\"\n                    style=\"object-position: 0.00% 40.00%; font-family: &quot;object-fit: cover; object-position: 0.00% 40.00%;&quot;; aspect-ratio: 4\/3; object-fit: cover; width: 100%;\"\n        loading=\"lazy\"\n\/>    <\/figure><\/div><\/div><div class=\"ulux-card__body wp-block-unilux-blocks-free-content-card-item-body\">\n    \n<h3 class=\"ulux-card__title has-text-align-left wp-block-unilux-blocks-heading\"        id=\"covidmemory\"\n    >\nCovidmemory<\/h3>\n<div class=\"ulux-card__description wp-block-unilux-blocks-free-content-card-item-free-content-area\">\n    \n<p>Avec la plateforme en ligne covidmemory.lu, le C\u00b2DH souhaite offrir \u00e0 toutes les personnes vivant ou travaillant au Luxembourg la possibilit\u00e9 de partager leurs exp\u00e9riences de la pand\u00e9mie de Covid et de les pr\u00e9server pour les g\u00e9n\u00e9rations futures. Chacun peut t\u00e9l\u00e9charger des photos, des vid\u00e9os ou des textes sur cette plateforme en ligne ouverte et gratuite, nous permettant de documenter comment la pand\u00e9mie a chang\u00e9 nos vies.<\/p>\n<\/div><div class=\"wp-block-unilux-blocks-simple-cta\">\n    <a\n        href=\"https:\/\/covidmemory.lu\/\"\n        title=\"Learn more\"\n        class=\"link-text link-text--icon ulux-card__link link-text link-absolute\"\n        target=\"_blank\"\n    >\n        <span class=\"link-text__body\">\n            <span class=\"link-text__name\">Visit<\/span>\n        <\/span>\n        <svg aria-hidden=\"true\" focusable=\"false\" class=\"icon icon-outline icon--external-link \"><use xlink:href=\"https:\/\/www.uni.lu\/wp-content\/themes\/unilux-theme\/assets\/images\/icons\/icons-outline.svg#icon--external-link\"><\/use><\/svg>    <\/a>\n<\/div>\n<\/div>        <\/div>\n    <\/div>\n<\/li><li class=\"w-full sm:w-1\/2 lg:w-1\/3 px-16  wp-block-unilux-blocks-free-content-card-item\">\n    <div class=\"ulux-card card-facilities bg-theme\">\n        <div class=\"ulux-card__container card__container\">\n                        <div class=\"ulux-card__visual wp-block-unilux-blocks-free-content-card-item-visual\">\n    \n<div class=\"wp-block-unilux-blocks-image-video-wrapper\">\n    <figure class=\"wp-block-dev4-reusable-blocks-image  object-fit--cover\">\n    \n<img decoding=\"async\" class=\"wp-block-image unilux-custom-image-block\"\n                alt=\"A Col\u00f4nia Luxemburguesa\"\n            src=\"https:\/\/www.uni.lu\/wp-content\/uploads\/sites\/7\/2023\/08\/A-Colonia-small.png\"\n                    style=\"object-position: 48.00% 40.00%; font-family: &quot;object-fit: cover; object-position: 48.00% 40.00%;&quot;; aspect-ratio: 4\/3; object-fit: cover; width: 100%;\"\n        loading=\"lazy\"\n\/>    <\/figure><\/div><\/div><div class=\"ulux-card__body wp-block-unilux-blocks-free-content-card-item-body\">\n    \n<h3 class=\"ulux-card__title has-text-align-left wp-block-unilux-blocks-heading\"        id=\"a-colonia-luxemburguesa\"\n    >\nA Col\u00f4nia Luxemburguesa<\/h3>\n<div class=\"ulux-card__description wp-block-unilux-blocks-free-content-card-item-free-content-area\">\n    \n<p>Ce documentaire transm\u00e9dia nous emm\u00e8ne au c\u0153ur de la soi-disant Col\u00f4nia Luxemburguesa et nous invite \u00e0 d\u00e9couvrir ensemble un si\u00e8cle d\u2019h\u00e9ritage industriel, culturel et social commun.<\/p>\n<\/div><div class=\"wp-block-unilux-blocks-simple-cta\">\n    <a\n        href=\"https:\/\/colonia.lu\/fr\"\n        title=\"Learn more\"\n        class=\"link-text link-text--icon ulux-card__link link-text link-absolute\"\n        target=\"_blank\"\n    >\n        <span class=\"link-text__body\">\n            <span class=\"link-text__name\">Visit<\/span>\n        <\/span>\n        <svg aria-hidden=\"true\" focusable=\"false\" class=\"icon icon-outline icon--external-link \"><use xlink:href=\"https:\/\/www.uni.lu\/wp-content\/themes\/unilux-theme\/assets\/images\/icons\/icons-outline.svg#icon--external-link\"><\/use><\/svg>    <\/a>\n<\/div>\n<\/div>        <\/div>\n    <\/div>\n<\/li><\/ul>\n\n<section class=\"section section wp-block-unilux-blocks-headline-text-and-image\">\n    \n<div class=\"wp-block-unilux-blocks-wrapper container xl:max-w-screen-xl\">\n<h2 class=\"has-text-align-left wp-block-unilux-blocks-heading\"        id=\"journal-of-digital-history\"\n    >\nJournal of Digital History<\/h2>\n\n\n\n<div class=\"wp-block-unilux-blocks-wrapper flex flex-wrap lg:-mx-32\">\n<div class=\"wp-block-unilux-blocks-wrapper w-full lg:w-7\/12 lg:order-2 lg:px-32\">\n<div class=\"wp-block-unilux-blocks-image-video-wrapper\">\n    <figure class=\"wp-block-dev4-reusable-blocks-image  object-fit--cover\">\n    \n<img decoding=\"async\" class=\"wp-block-image unilux-custom-image-block\"\n                alt=\"Journal of Digital History\"\n            src=\"https:\/\/www.uni.lu\/wp-content\/uploads\/sites\/7\/2023\/06\/JDH-layers.png\"\n                    style=\"object-position: 35.00% 49.00%; font-family: &quot;object-fit: cover; object-position: 35.00% 49.00%;&quot;; aspect-ratio: 3\/2; object-fit: cover; width: 100%;\"\n        loading=\"lazy\"\n\/>    <\/figure><\/div><\/div>\n\n\n\n<div class=\"wp-block-unilux-blocks-wrapper w-full lg:w-5\/12 lg:order-1 lg:px-32\">\n<p>En tant que revue internationale, acad\u00e9mique, \u00e0 comit\u00e9 de lecture et en libre acc\u00e8s, le Journal of Digital History (JDH) \u00e9tablira de nouvelles normes en mati\u00e8re de publication historique sur la base du principe des articles \u00e0 plusieurs niveaux.<br>La revue vise \u00e0 devenir le centre central du d\u00e9bat et de la discussion critiques dans le domaine de l&rsquo;histoire num\u00e9rique en proposant une plateforme de publication innovante, promouvant une nouvelle forme d&rsquo;\u00e9rudition bas\u00e9e sur les donn\u00e9es et de narration transm\u00e9dia dans les sciences historiques.<\/p>\n\n\n\n<ul class=\"wp-block-unilux-blocks-custom-buttons btn-list\"><li class=\"wp-block-unilux-blocks-custom-button\"    aria-disabled=\"false\"\n    >\n    <a\n        role=\"link\"\n        aria-disabled=\"false\"\n                    href=\"https:\/\/journalofdigitalhistory.org\/en\/\"\n                target=\"_blank\"\n        class=\"btn btn--primary\"\n            >D\u00e9couvrez le JDH<\/a>\n<\/li>\n<\/ul>\n<\/div>\n<\/div>\n<\/div>\n<\/section>\n\n<section class=\"section section wp-block-unilux-blocks-headline-text-and-image\">\n    \n<div class=\"wp-block-unilux-blocks-wrapper container xl:max-w-screen-xl\">\n<h2 class=\"has-text-align-left wp-block-unilux-blocks-heading\"        id=\"innovating-sharing-history-podcast\"\n    >\nInnovating &amp; Sharing History podcast<\/h2>\n\n\n\n<div class=\"wp-block-unilux-blocks-wrapper flex flex-wrap lg:-mx-32\">\n<div class=\"wp-block-unilux-blocks-wrapper w-full lg:w-7\/12 lg:order-2 lg:px-32\">\n<div class=\"wp-block-unilux-blocks-image-video-wrapper\">\n    <figure class=\"wp-block-dev4-reusable-blocks-image  object-fit--cover\">\n    \n<img decoding=\"async\" class=\"wp-block-image unilux-custom-image-block\"\n                alt=\"Innovating &amp; Sharing History podcast\"\n            src=\"https:\/\/www.uni.lu\/wp-content\/uploads\/sites\/24\/2024\/12\/2024-Podcast-Visuals-4_3.png\"\n                srcset=\"https:\/\/www.uni.lu\/wp-content\/uploads\/sites\/24\/2024\/12\/2024-Podcast-Visuals-4_3-300x225.png 300w, https:\/\/www.uni.lu\/wp-content\/uploads\/sites\/24\/2024\/12\/2024-Podcast-Visuals-4_3-1024x768.png 1024w, https:\/\/www.uni.lu\/wp-content\/uploads\/sites\/24\/2024\/12\/2024-Podcast-Visuals-4_3-768x576.png 768w, https:\/\/www.uni.lu\/wp-content\/uploads\/sites\/24\/2024\/12\/2024-Podcast-Visuals-4_3.png 1200w\"\n                style=\"object-position: 35.00% 49.00%; font-family: &quot;object-fit: cover; object-position: 35.00% 49.00%;&quot;; aspect-ratio: 3\/2; object-fit: cover; width: 100%;\"\n        loading=\"lazy\"\n\/>    <\/figure><\/div><\/div>\n\n\n\n<div class=\"wp-block-unilux-blocks-wrapper w-full lg:w-5\/12 lg:order-1 lg:px-32\">\n<p>Vous avez toujours r\u00eav\u00e9 d\u2019explorer l\u2019histoire contemporaine et num\u00e9rique de mani\u00e8re nouvelle et passionnante ? \u00abInnovating &amp; Sharing History\u00bb est le podcast du C\u00b2DH qui vous initie \u00e0 l\u2019exp\u00e9rimentation ludique de m\u00e9thodes et d\u2019outils num\u00e9riques de pointe pour \u00e9tudier, interpr\u00e9ter, raconter et publier l\u2019histoire contemporaine. Dans chaque \u00e9pisode, des historiens, des data scientists, des d\u00e9veloppeurs web et des \u00e9tudiants vous pr\u00e9senteront les d\u00e9fis de l\u2019histoire contemporaine, en offrant au public de nouvelles perspectives et des approches innovantes pour partager le pass\u00e9.<\/p>\n\n\n\n<ul class=\"wp-block-unilux-blocks-custom-buttons btn-list\"><li class=\"wp-block-unilux-blocks-custom-button\"    aria-disabled=\"false\"\n    >\n    <a\n        role=\"link\"\n        aria-disabled=\"false\"\n                    href=\"https:\/\/open.spotify.com\/show\/2tpFtyfzfBhJsVy92IC8zc\"\n                target=\"_blank\"\n        class=\"btn btn--primary\"\n            >\u00c9couter sur Spotify<\/a>\n<\/li>\n\n\n<li class=\"wp-block-unilux-blocks-custom-button\"    aria-disabled=\"false\"\n    >\n    <a\n        role=\"link\"\n        aria-disabled=\"false\"\n                    href=\"https:\/\/podcasts.apple.com\/us\/podcast\/c-dh-innovating-sharing-history\/id1694749883\"\n                target=\"_blank\"\n        class=\"btn btn--primary\"\n            >\u00c9couter sur Apple Podcasts<\/a>\n<\/li>\n<\/ul>\n<\/div>\n<\/div>\n<\/div>\n<\/section>\n\n\n<section class=\"wp-block-unilux-blocks-free-section section\"><div class=\"container xl:max-w-screen-xl\">\n<h2 class=\"has-text-align-left wp-block-unilux-blocks-heading\"        id=\"serie-de-livres-avec-de-gruyter-oldenbourg\"\n    >\nS\u00e9rie de livres avec De Gruyter Oldenbourg<\/h2>\n\n\n\n<p>Le C\u00b2DH partage et valorise les r\u00e9sultats de ses recherches \u00e0 travers de nombreuses publications. Ses chercheurs produisent&nbsp;des publications savantes&nbsp;\u00e0 destination de leurs pairs et d&rsquo;un lectorat sp\u00e9cialis\u00e9. Trois s\u00e9ries de livres en libre acc\u00e8s r\u00e9sultent d&rsquo;un partenariat avec l&rsquo;\u00e9diteur scientifique De Gruyter Oldenbourg.<\/p>\n\n\n<ul class=\"flex flex-wrap mt-24 -mx-16  wp-block-unilux-blocks-free-content-card\">\n    <li class=\"w-full sm:w-1\/2 lg:w-1\/3 px-16  wp-block-unilux-blocks-free-content-card-item\">\n    <div class=\"ulux-card card-facilities bg-theme\">\n        <div class=\"ulux-card__container card__container\">\n                        <div class=\"ulux-card__visual wp-block-unilux-blocks-free-content-card-item-visual\">\n    \n<div class=\"wp-block-unilux-blocks-image-video-wrapper\">\n    <figure class=\"wp-block-dev4-reusable-blocks-image  object-fit--cover\">\n    \n<img decoding=\"async\" class=\"wp-block-image unilux-custom-image-block\"\n                alt=\"Exhibiting the Past. Public Histories of Education\"\n            src=\"https:\/\/www.uni.lu\/wp-content\/uploads\/sites\/7\/2023\/06\/exhibiting-the-past-de-gruyter.jpg\"\n                    style=\"object-position: 50.00% 50.00%; font-family: &quot;object-fit: cover; object-position: 50.00% 50.00%;&quot;; aspect-ratio: 4\/3; object-fit: cover; width: 100%;\"\n        loading=\"lazy\"\n\/>    <\/figure><\/div><\/div><div class=\"ulux-card__body wp-block-unilux-blocks-free-content-card-item-body\">\n    \n<h3 class=\"ulux-card__title has-text-align-left wp-block-unilux-blocks-heading\"        id=\"public-history-from-european-perspectives\"\n    >\nPublic History from European Perspectives<\/h3>\n<div class=\"ulux-card__description wp-block-unilux-blocks-free-content-card-item-free-content-area\">\n    \n<p>With this book series, the C<sup>2<\/sup>DH wants to serve as a platform for public history, exploring its potential as an interdisciplinary field and a means of fostering and reflecting upon public engagement, dissemination and participatory practices in areas such as heritage-making, modes of display, and historical storytelling.<\/p>\n<\/div><div class=\"wp-block-unilux-blocks-simple-cta\">\n    <a\n        href=\"https:\/\/www.degruyter.com\/document\/doi\/10.1515\/9783110719871\/html\"\n        title=\"Learn more\"\n        class=\"link-text link-text--icon ulux-card__link link-text link-absolute\"\n        target=\"_blank\"\n    >\n        <span class=\"link-text__body\">\n            <span class=\"link-text__name\">Learn more<\/span>\n        <\/span>\n        <svg aria-hidden=\"true\" focusable=\"false\" class=\"icon icon-outline icon--external-link \"><use xlink:href=\"https:\/\/www.uni.lu\/wp-content\/themes\/unilux-theme\/assets\/images\/icons\/icons-outline.svg#icon--external-link\"><\/use><\/svg>    <\/a>\n<\/div>\n<\/div>        <\/div>\n    <\/div>\n<\/li><li class=\"w-full sm:w-1\/2 lg:w-1\/3 px-16  wp-block-unilux-blocks-free-content-card-item\">\n    <div class=\"ulux-card card-facilities bg-theme\">\n        <div class=\"ulux-card__container card__container\">\n                        <div class=\"ulux-card__visual wp-block-unilux-blocks-free-content-card-item-visual\">\n    \n<div class=\"wp-block-unilux-blocks-image-video-wrapper\">\n    <figure class=\"wp-block-dev4-reusable-blocks-image  object-fit--cover\">\n    \n<img decoding=\"async\" class=\"wp-block-image unilux-custom-image-block\"\n                alt=\"Transnational history of Luxembourg\"\n            src=\"https:\/\/www.uni.lu\/wp-content\/uploads\/sites\/7\/2023\/06\/transnational-history-of-Luxembourg-de-gruyter.png\"\n                    style=\"object-position: 50.00% 50.00%; font-family: &quot;object-fit: cover; object-position: 50.00% 50.00%;&quot;; aspect-ratio: 4\/3; object-fit: cover; width: 100%;\"\n        loading=\"lazy\"\n\/>    <\/figure><\/div><\/div><div class=\"ulux-card__body wp-block-unilux-blocks-free-content-card-item-body\">\n    \n<h3 class=\"ulux-card__title has-text-align-left wp-block-unilux-blocks-heading\"        id=\"transnational-history-of-luxembourg\"\n    >\nTransnational history of Luxembourg<\/h3>\n<div class=\"ulux-card__description wp-block-unilux-blocks-free-content-card-item-free-content-area\">\n    \n<p>The book series, Transnational History of Luxembourg, offers a platform for studies about Luxembourg in a European perspective. The book series places particular emphasis on the analysis of the political, economic, social and cultural history of Luxembourg from 19th and 21st century. The aim is to produce new knowledge about the transnational history of Luxembourg by studying phenomena and processes that have profoundly affected the country and whose comparative value exceeds the national perspective. The series is edited by Beno\u00eet Majerus and Denis Scuto.<\/p>\n<\/div><div class=\"wp-block-unilux-blocks-simple-cta\">\n    <a\n        href=\"https:\/\/www.degruyter.com\/serial\/stzl-b\/html\"\n        title=\"Learn more\"\n        class=\"link-text link-text--icon ulux-card__link link-text link-absolute\"\n        target=\"_blank\"\n    >\n        <span class=\"link-text__body\">\n            <span class=\"link-text__name\">Learn more<\/span>\n        <\/span>\n        <svg aria-hidden=\"true\" focusable=\"false\" class=\"icon icon-outline icon--external-link \"><use xlink:href=\"https:\/\/www.uni.lu\/wp-content\/themes\/unilux-theme\/assets\/images\/icons\/icons-outline.svg#icon--external-link\"><\/use><\/svg>    <\/a>\n<\/div>\n<\/div>        <\/div>\n    <\/div>\n<\/li><li class=\"w-full sm:w-1\/2 lg:w-1\/3 px-16  wp-block-unilux-blocks-free-content-card-item\">\n    <div class=\"ulux-card card-facilities bg-theme\">\n        <div class=\"ulux-card__container card__container\">\n                        <div class=\"ulux-card__visual wp-block-unilux-blocks-free-content-card-item-visual\">\n    \n<div class=\"wp-block-unilux-blocks-image-video-wrapper\">\n    <figure class=\"wp-block-dev4-reusable-blocks-image  object-fit--cover\">\n    \n<img decoding=\"async\" class=\"wp-block-image unilux-custom-image-block\"\n                alt=\"Studies in Digital History\"\n            src=\"https:\/\/www.uni.lu\/wp-content\/uploads\/sites\/7\/2023\/06\/Studies-in-Digital-History-De-Gruyter.jpg\"\n                    style=\"object-position: 50.00% 50.00%; font-family: &quot;object-fit: cover; object-position: 50.00% 50.00%;&quot;; aspect-ratio: 4\/3; object-fit: cover; width: 100%;\"\n        loading=\"lazy\"\n\/>    <\/figure><\/div><\/div><div class=\"ulux-card__body wp-block-unilux-blocks-free-content-card-item-body\">\n    \n<h3 class=\"ulux-card__title has-text-align-left wp-block-unilux-blocks-heading\"        id=\"studies-in-digital-history-and-hermeneutics\"\n    >\nStudies in Digital History and Hermeneutics<\/h3>\n<div class=\"ulux-card__description wp-block-unilux-blocks-free-content-card-item-free-content-area\">\n    \n<p>The series Digital History and Hermeneutics offers a platform for cutting edge scholarship in the emerging field of digital history and hermeneutics. It aims at making a critical intervention in the field of digital humanities and introduces key debates and concepts of digital history to the historical community at large. The series is edited by Andreas Fickers, Val\u00e9rie Schafer, Sean Takats, and Gerben Zaagsma.<\/p>\n<\/div><div class=\"wp-block-unilux-blocks-simple-cta\">\n    <a\n        href=\"https:\/\/www.degruyter.com\/serial\/sdhh-b\/html\"\n        title=\"Learn more\"\n        class=\"link-text link-text--icon ulux-card__link link-text link-absolute\"\n        target=\"_blank\"\n    >\n        <span class=\"link-text__body\">\n            <span class=\"link-text__name\">Learn more<\/span>\n        <\/span>\n        <svg aria-hidden=\"true\" focusable=\"false\" class=\"icon icon-outline icon--external-link \"><use xlink:href=\"https:\/\/www.uni.lu\/wp-content\/themes\/unilux-theme\/assets\/images\/icons\/icons-outline.svg#icon--external-link\"><\/use><\/svg>    <\/a>\n<\/div>\n<\/div>        <\/div>\n    <\/div>\n<\/li><\/ul>\n\n<div class=\"wp-block-unilux-blocks-spacer is-spacer-size-md\"><\/div>\n\n\n<h2 class=\"has-text-align-left wp-block-unilux-blocks-heading\"        id=\"rapports-annuels\"\n    >\nRapports annuels<\/h2>\n\n\n\n<p>D\u00e9couvrez les moments forts et les r\u00e9alisations du C\u00b2DH au fil des ans. Tous nos rapports annuels sont int\u00e9gralement disponibles en version num\u00e9rique, en anglais.<\/p>\n\n\n\n<ul class=\"ulux-list\">\n<li class=\"ulux-list-item\"><a href=\"https:\/\/www.c2dh.uni.lu\/report\/2024\/\">Rapport annuel 2<\/a><a href=\"https:\/\/www.c2dh.uni.lu\/report\/2024\/\" target=\"_blank\" rel=\"noreferrer noopener\">024<\/a><\/li>\n\n\n\n<li class=\"ulux-list-item\"><a href=\"https:\/\/www.c2dh.uni.lu\/report\/2023\/\" target=\"_blank\" rel=\"noreferrer noopener\">Rapport annuel 2023<\/a><\/li>\n\n\n\n<li class=\"ulux-list-item\"><a href=\"https:\/\/www.c2dh.uni.lu\/report\/2022\/\" target=\"_blank\" rel=\"noreferrer noopener\">Rapport annuel 2022<\/a><\/li>\n\n\n\n<li class=\"ulux-list-item\"><a href=\"https:\/\/www.c2dh.uni.lu\/report\/2021\/\" target=\"_blank\" rel=\"noreferrer noopener\">Rapport annuel 2021<\/a><\/li>\n\n\n\n<li class=\"ulux-list-item\"><a href=\"https:\/\/www.c2dh.uni.lu\/report\/2020\/\" target=\"_blank\" rel=\"noreferrer noopener\">Rapport annuel 2020<\/a><\/li>\n\n\n\n<li class=\"ulux-list-item\"><a href=\"https:\/\/www.c2dh.uni.lu\/report\/2019\/\" target=\"_blank\" rel=\"noreferrer noopener\">Rapport annuel 2019<\/a><\/li>\n\n\n\n<li class=\"ulux-list-item\"><a href=\"http:\/\/www.c2dh.uni.lu\/report\/2018\/\" target=\"_blank\" rel=\"noreferrer noopener\">Rapport annuel 2018<\/a><\/li>\n\n\n\n<li class=\"ulux-list-item\"><a href=\"https:\/\/www.c2dh.uni.lu\/report\/2017\/\" target=\"_blank\" rel=\"noreferrer noopener\">Rapport annuel 2017<\/a><\/li>\n<\/ul>\n<\/div><\/section>\n<\/div><\/section>\n\n\n\n<section class=\"wp-block-unilux-blocks-free-section section\"><div class=\"container xl:max-w-screen-xl\">\n<h2 class=\"has-text-align-left wp-block-unilux-blocks-heading\"        id=\"suivez-nous-sur-les-reseaux-sociaux\"\n    >\nSuivez-nous sur les r\u00e9seaux sociaux<\/h2>\n\n\n<ul class=\"wp-block-unilux-blocks-social-media-list social-media social-media--theme\">\n    <li class=\"wp-block-unilux-blocks-social-media-list-item social-media__item\">\n    <!--- Start template: Component Icon --><a href=\"https:\/\/www.facebook.com\/c2dh.lu\" target=\"_blank\" class=\"social-media__link\"> <svg aria-hidden=\"true\" focusable=\"false\" class=\"icon icon-solid icon--facebook \"><use xlink:href=\"https:\/\/www.uni.lu\/wp-content\/themes\/unilux-theme\/assets\/images\/icons\/icons-solid.svg#icon--facebook\"><\/use><\/svg><\/a><\/li>\n<li class=\"wp-block-unilux-blocks-social-media-list-item social-media__item\">\n    <!--- Start template: Component Icon --><a href=\"http:\/\/www.instagram.com\/c2dh_lu\" target=\"_blank\" class=\"social-media__link\"> <svg aria-hidden=\"true\" focusable=\"false\" class=\"icon icon-solid icon--instagram \"><use xlink:href=\"https:\/\/www.uni.lu\/wp-content\/themes\/unilux-theme\/assets\/images\/icons\/icons-solid.svg#icon--instagram\"><\/use><\/svg><\/a><\/li>\n<li class=\"wp-block-unilux-blocks-social-media-list-item social-media__item\">\n    <!--- Start template: Component Icon --><a href=\"http:\/\/www.linkedin.com\/showcase\/c2dh-university-of-luxembourg\" target=\"_blank\" class=\"social-media__link\"> <svg aria-hidden=\"true\" focusable=\"false\" class=\"icon icon-solid icon--linkedin \"><use xlink:href=\"https:\/\/www.uni.lu\/wp-content\/themes\/unilux-theme\/assets\/images\/icons\/icons-solid.svg#icon--linkedin\"><\/use><\/svg><\/a><\/li>\n<li class=\"wp-block-unilux-blocks-social-media-list-item social-media__item\">\n    <!--- Start template: Component Icon --><a href=\"https:\/\/bsky.app\/profile\/c2dh.uni.lu\" target=\"_blank\" class=\"social-media__link\"> <svg aria-hidden=\"true\" focusable=\"false\" class=\"icon icon-solid icon--bluesky \"><use xlink:href=\"https:\/\/www.uni.lu\/wp-content\/themes\/unilux-theme\/assets\/images\/icons\/icons-solid.svg#icon--bluesky\"><\/use><\/svg><\/a><\/li>\n<\/ul>\n\n\n<div class=\"wp-block-unilux-blocks-spacer is-spacer-size-lg\"><\/div><\/div><\/section>\n<\/div>","protected":false},"excerpt":{"rendered":"","protected":false},"author":39,"featured_media":0,"parent":0,"menu_order":5,"comment_status":"closed","ping_status":"closed","template":"","meta":{"featured_image_focal_point":[],"show_featured_caption":false,"ulux_newsletter_groups":"","uluxPostTitle":"Luxembourg Centre for Contemporary and Digital History (C\u00b2DH)","uluxPrePostTitle":"Centre interdisciplinaire","_trash_the_other_posts":false,"_price":"","_stock":"","_tribe_ticket_header":"","_tribe_default_ticket_provider":"","_tribe_ticket_capacity":"0","_ticket_start_date":"","_ticket_end_date":"","_tribe_ticket_show_description":"","_tribe_ticket_show_not_going":false,"_tribe_ticket_use_global_stock":"","_tribe_ticket_global_stock_level":"","_global_stock_mode":"","_global_stock_cap":"","_tribe_rsvp_for_event":"","_tribe_ticket_going_count":"","_tribe_ticket_not_going_count":"","_tribe_tickets_list":"[]","_tribe_ticket_has_attendee_info_fields":false,"footnotes":""},"field-of-interest":[],"organisation":[],"authorship":[39],"acf":[],"yoast_head":"<!-- This site is optimized with the Yoast SEO Premium plugin v22.3 (Yoast SEO v22.3) - https:\/\/yoast.com\/wordpress\/plugins\/seo\/ -->\n<title>Outreach - C\u00b2DH - Universit\u00e9 du Luxembourg I Uni.lu<\/title>\n<meta name=\"description\" content=\"Navigation Menu Le C\u00b2DH s\u2019efforce d&#039;impliquer le public et de promouvoir une meilleure compr\u00e9hension de l&#039;histoire \u00e0 l&#039;\u00e8re num\u00e9rique. Les activit\u00e9s de\" \/>\n<meta name=\"robots\" content=\"index, follow, max-snippet:-1, max-image-preview:large, max-video-preview:-1\" \/>\n<link rel=\"canonical\" href=\"https:\/\/www.uni.lu\/c2dh-fr\/outreach\/\" \/>\n<meta property=\"og:locale\" content=\"fr_FR\" \/>\n<meta property=\"og:type\" content=\"article\" \/>\n<meta property=\"og:title\" content=\"Outreach\" \/>\n<meta property=\"og:description\" content=\"Navigation Menu Le C\u00b2DH s\u2019efforce d&#039;impliquer le public et de promouvoir une meilleure compr\u00e9hension de l&#039;histoire \u00e0 l&#039;\u00e8re num\u00e9rique. Les activit\u00e9s de\" \/>\n<meta property=\"og:url\" content=\"https:\/\/www.uni.lu\/c2dh-fr\/outreach\/\" \/>\n<meta property=\"og:site_name\" content=\"C2DH FR\" \/>\n<meta property=\"article:publisher\" content=\"https:\/\/www.facebook.com\/c2dh.lu\" \/>\n<meta property=\"article:modified_time\" content=\"2026-02-25T12:08:49+00:00\" \/>\n<meta property=\"og:image\" content=\"https:\/\/www.uni.lu\/wp-content\/uploads\/sites\/24\/2026\/03\/03113451\/C2DH_SM-Profile_1600x1600px-scaled.jpg\" \/>\n\t<meta property=\"og:image:width\" content=\"2560\" \/>\n\t<meta property=\"og:image:height\" content=\"2560\" \/>\n\t<meta property=\"og:image:type\" content=\"image\/jpeg\" \/>\n<meta name=\"twitter:card\" content=\"summary_large_image\" \/>\n<meta name=\"twitter:label1\" content=\"Dur\u00e9e de lecture estim\u00e9e\" \/>\n\t<meta name=\"twitter:data1\" content=\"6 minutes\" \/>\n<script type=\"application\/ld+json\" class=\"yoast-schema-graph\">{\"@context\":\"https:\/\/schema.org\",\"@graph\":[{\"@type\":\"WebPage\",\"@id\":\"https:\/\/www.uni.lu\/c2dh-fr\/outreach\/\",\"url\":\"https:\/\/www.uni.lu\/c2dh-fr\/outreach\/\",\"name\":\"Outreach - C\u00b2DH - Universit\u00e9 du Luxembourg I Uni.lu\",\"isPartOf\":{\"@id\":\"https:\/\/www.uni.lu\/c2dh-fr\/#website\"},\"datePublished\":\"2023-12-19T13:24:52+00:00\",\"dateModified\":\"2026-02-25T12:08:49+00:00\",\"description\":\"Navigation Menu Le C\u00b2DH s\u2019efforce d'impliquer le public et de promouvoir une meilleure compr\u00e9hension de l'histoire \u00e0 l'\u00e8re num\u00e9rique. Les activit\u00e9s de\",\"breadcrumb\":{\"@id\":\"https:\/\/www.uni.lu\/c2dh-fr\/outreach\/#breadcrumb\"},\"inLanguage\":\"fr-FR\",\"potentialAction\":[{\"@type\":\"ReadAction\",\"target\":[\"https:\/\/www.uni.lu\/c2dh-fr\/outreach\/\"]}]},{\"@type\":\"BreadcrumbList\",\"@id\":\"https:\/\/www.uni.lu\/c2dh-fr\/outreach\/#breadcrumb\",\"itemListElement\":[{\"@type\":\"ListItem\",\"position\":1,\"name\":\"Home\",\"item\":\"https:\/\/www.uni.lu\/fr\"},{\"@type\":\"ListItem\",\"position\":2,\"name\":\"Luxembourg Centre for Contemporary and Digital History (C\u00b2DH)\",\"item\":\"https:\/\/www.uni.lu\/c2dh-fr\/\"},{\"@type\":\"ListItem\",\"position\":3,\"name\":\"Outreach\"}]},{\"@type\":\"WebSite\",\"@id\":\"https:\/\/www.uni.lu\/c2dh-fr\/#website\",\"url\":\"https:\/\/www.uni.lu\/c2dh-fr\/\",\"name\":\"C2DH\",\"description\":\"Luxembourg Centre for Contemporary and Digital History I Uni.lu\",\"publisher\":{\"@id\":\"https:\/\/www.uni.lu\/c2dh-fr\/#organization\"},\"alternateName\":\"Luxembourg Centre for Contemporary and Digital History I Universit\u00e9 du Luxembourg\",\"potentialAction\":[{\"@type\":\"SearchAction\",\"target\":{\"@type\":\"EntryPoint\",\"urlTemplate\":\"https:\/\/www.uni.lu\/c2dh-fr\/?s={search_term_string}\"},\"query-input\":\"required name=search_term_string\"}],\"inLanguage\":\"fr-FR\"},{\"@type\":\"Organization\",\"@id\":\"https:\/\/www.uni.lu\/c2dh-fr\/#organization\",\"name\":\"C\u00b2DH - Universit\u00e9 du Luxembourg I Uni.lu\",\"alternateName\":\"Luxembourg Centre for Contemporary and Digital History\",\"url\":\"https:\/\/www.uni.lu\/c2dh-fr\/\",\"logo\":{\"@type\":\"ImageObject\",\"inLanguage\":\"fr-FR\",\"@id\":\"https:\/\/www.uni.lu\/c2dh-fr\/#\/schema\/logo\/image\/\",\"url\":\"https:\/\/www.uni.lu\/wp-content\/uploads\/sites\/24\/2026\/03\/03113451\/C2DH_SM-Profile_1600x1600px-scaled.jpg\",\"contentUrl\":\"https:\/\/www.uni.lu\/wp-content\/uploads\/sites\/24\/2026\/03\/03113451\/C2DH_SM-Profile_1600x1600px-scaled.jpg\",\"width\":2560,\"height\":2560,\"caption\":\"C\u00b2DH - Universit\u00e9 du Luxembourg I Uni.lu\"},\"image\":\"https:\/\/www.uni.lu\/wp-content\/uploads\/sites\/24\/2026\/04\/24144333\/20200609-Belval-Campus_Henri-Goergen-23.jpg\",\"sameAs\":[\"https:\/\/www.facebook.com\/c2dh.lu\",\"http:\/\/www.instagram.com\/c2dh_lu\",\"http:\/\/www.linkedin.com\/showcase\/c2dh-university-of-luxembourg\"],\"email\":\"communication@uni.lu\",\"telephone\":\"+3524666441\",\"address\":{\"@type\":\"PostalAddress\",\"streetAddress\":\"11, Porte des Sciences\",\"addressLocality\":\"Esch-sur-Alzette\",\"postalCode\":\"4365\",\"addressCountry\":\"LU\"},\"description\":\"Luxembourg Centre for Contemporary and Digital History I Uni.lu\"}]}<\/script>\n<!-- \/ Yoast SEO Premium plugin. -->","yoast_head_json":{"title":"Outreach - C\u00b2DH - Universit\u00e9 du Luxembourg I Uni.lu","description":"Navigation Menu Le C\u00b2DH s\u2019efforce d'impliquer le public et de promouvoir une meilleure compr\u00e9hension de l'histoire \u00e0 l'\u00e8re num\u00e9rique. Les activit\u00e9s de","robots":{"index":"index","follow":"follow","max-snippet":"max-snippet:-1","max-image-preview":"max-image-preview:large","max-video-preview":"max-video-preview:-1"},"canonical":"https:\/\/www.uni.lu\/c2dh-fr\/outreach\/","og_locale":"fr_FR","og_type":"article","og_title":"Outreach","og_description":"Navigation Menu Le C\u00b2DH s\u2019efforce d'impliquer le public et de promouvoir une meilleure compr\u00e9hension de l'histoire \u00e0 l'\u00e8re num\u00e9rique. Les activit\u00e9s de","og_url":"https:\/\/www.uni.lu\/c2dh-fr\/outreach\/","og_site_name":"C2DH FR","article_publisher":"https:\/\/www.facebook.com\/c2dh.lu","article_modified_time":"2026-02-25T12:08:49+00:00","og_image":[{"width":2560,"height":2560,"url":"https:\/\/www.uni.lu\/wp-content\/uploads\/sites\/24\/2026\/03\/03113451\/C2DH_SM-Profile_1600x1600px-scaled.jpg","type":"image\/jpeg"}],"twitter_card":"summary_large_image","twitter_misc":{"Dur\u00e9e de lecture estim\u00e9e":"6 minutes"},"schema":{"@context":"https:\/\/schema.org","@graph":[{"@type":"WebPage","@id":"https:\/\/www.uni.lu\/c2dh-fr\/outreach\/","url":"https:\/\/www.uni.lu\/c2dh-fr\/outreach\/","name":"Outreach - C\u00b2DH - Universit\u00e9 du Luxembourg I Uni.lu","isPartOf":{"@id":"https:\/\/www.uni.lu\/c2dh-fr\/#website"},"datePublished":"2023-12-19T13:24:52+00:00","dateModified":"2026-02-25T12:08:49+00:00","description":"Navigation Menu Le C\u00b2DH s\u2019efforce d'impliquer le public et de promouvoir une meilleure compr\u00e9hension de l'histoire \u00e0 l'\u00e8re num\u00e9rique. Les activit\u00e9s de","breadcrumb":{"@id":"https:\/\/www.uni.lu\/c2dh-fr\/outreach\/#breadcrumb"},"inLanguage":"fr-FR","potentialAction":[{"@type":"ReadAction","target":["https:\/\/www.uni.lu\/c2dh-fr\/outreach\/"]}]},{"@type":"BreadcrumbList","@id":"https:\/\/www.uni.lu\/c2dh-fr\/outreach\/#breadcrumb","itemListElement":[{"@type":"ListItem","position":1,"name":"Home","item":"https:\/\/www.uni.lu\/fr"},{"@type":"ListItem","position":2,"name":"Luxembourg Centre for Contemporary and Digital History (C\u00b2DH)","item":"https:\/\/www.uni.lu\/c2dh-fr\/"},{"@type":"ListItem","position":3,"name":"Outreach"}]},{"@type":"WebSite","@id":"https:\/\/www.uni.lu\/c2dh-fr\/#website","url":"https:\/\/www.uni.lu\/c2dh-fr\/","name":"C2DH","description":"Luxembourg Centre for Contemporary and Digital History I Uni.lu","publisher":{"@id":"https:\/\/www.uni.lu\/c2dh-fr\/#organization"},"alternateName":"Luxembourg Centre for Contemporary and Digital History I Universit\u00e9 du Luxembourg","potentialAction":[{"@type":"SearchAction","target":{"@type":"EntryPoint","urlTemplate":"https:\/\/www.uni.lu\/c2dh-fr\/?s={search_term_string}"},"query-input":"required name=search_term_string"}],"inLanguage":"fr-FR"},{"@type":"Organization","@id":"https:\/\/www.uni.lu\/c2dh-fr\/#organization","name":"C\u00b2DH - Universit\u00e9 du Luxembourg I Uni.lu","alternateName":"Luxembourg Centre for Contemporary and Digital History","url":"https:\/\/www.uni.lu\/c2dh-fr\/","logo":{"@type":"ImageObject","inLanguage":"fr-FR","@id":"https:\/\/www.uni.lu\/c2dh-fr\/#\/schema\/logo\/image\/","url":"https:\/\/www.uni.lu\/wp-content\/uploads\/sites\/24\/2026\/03\/03113451\/C2DH_SM-Profile_1600x1600px-scaled.jpg","contentUrl":"https:\/\/www.uni.lu\/wp-content\/uploads\/sites\/24\/2026\/03\/03113451\/C2DH_SM-Profile_1600x1600px-scaled.jpg","width":2560,"height":2560,"caption":"C\u00b2DH - Universit\u00e9 du Luxembourg I Uni.lu"},"image":"https:\/\/www.uni.lu\/wp-content\/uploads\/sites\/24\/2026\/04\/24144333\/20200609-Belval-Campus_Henri-Goergen-23.jpg","sameAs":["https:\/\/www.facebook.com\/c2dh.lu","http:\/\/www.instagram.com\/c2dh_lu","http:\/\/www.linkedin.com\/showcase\/c2dh-university-of-luxembourg"],"email":"communication@uni.lu","telephone":"+3524666441","address":{"@type":"PostalAddress","streetAddress":"11, Porte des Sciences","addressLocality":"Esch-sur-Alzette","postalCode":"4365","addressCountry":"LU"},"description":"Luxembourg Centre for Contemporary and Digital History I Uni.lu"}]}},"ticketed":false,"_links":{"self":[{"href":"https:\/\/www.uni.lu\/c2dh-fr\/wp-json\/wp\/v2\/pages\/362"}],"collection":[{"href":"https:\/\/www.uni.lu\/c2dh-fr\/wp-json\/wp\/v2\/pages"}],"about":[{"href":"https:\/\/www.uni.lu\/c2dh-fr\/wp-json\/wp\/v2\/types\/page"}],"author":[{"embeddable":true,"href":"https:\/\/www.uni.lu\/c2dh-fr\/wp-json\/wp\/v2\/users\/39"}],"replies":[{"embeddable":true,"href":"https:\/\/www.uni.lu\/c2dh-fr\/wp-json\/wp\/v2\/comments?post=362"}],"version-history":[{"count":5,"href":"https:\/\/www.uni.lu\/c2dh-fr\/wp-json\/wp\/v2\/pages\/362\/revisions"}],"predecessor-version":[{"id":2353,"href":"https:\/\/www.uni.lu\/c2dh-fr\/wp-json\/wp\/v2\/pages\/362\/revisions\/2353"}],"wp:authorship":[{"embeddable":true,"href":"https:\/\/www.uni.lu\/c2dh-fr\/wp-json\/wp\/v2\/users\/39"}],"wp:attachment":[{"href":"https:\/\/www.uni.lu\/c2dh-fr\/wp-json\/wp\/v2\/media?parent=362"}],"wp:term":[{"taxonomy":"field-of-interest","embeddable":true,"href":"https:\/\/www.uni.lu\/c2dh-fr\/wp-json\/wp\/v2\/field-of-interest?post=362"},{"taxonomy":"organisation","embeddable":true,"href":"https:\/\/www.uni.lu\/c2dh-fr\/wp-json\/wp\/v2\/organisation?post=362"}],"curies":[{"name":"wp","href":"https:\/\/api.w.org\/{rel}","templated":true}]}}