{"id":2257,"date":"2026-01-13T15:36:46","date_gmt":"2026-01-13T14:36:46","guid":{"rendered":"https:\/\/www.uni.lu\/c2dh-fr\/?post_type=events&#038;p=2257"},"modified":"2026-01-13T15:36:49","modified_gmt":"2026-01-13T14:36:49","slug":"parcours-de-vie-les-juifs-du-luxembourg-et-la-shoah","status":"publish","type":"events","link":"https:\/\/www.uni.lu\/c2dh-fr\/events\/parcours-de-vie-les-juifs-du-luxembourg-et-la-shoah\/","title":{"rendered":"Parcours de vie \u2013 Les Juifs du Luxembourg et la Shoah"},"content":{"rendered":"\n<section class=\"wp-block-unilux-blocks-free-section section\"><div class=\"container xl:max-w-screen-xl\">\n<h2 class=\"has-text-align-left wp-block-unilux-blocks-heading\"        id=\"presentation-de-livre\"\n    >\nPr\u00e9sentation de livre<\/h2>\n\n\n\n<p>Les curateurs du <a href=\"https:\/\/www.memorialshoah.lu\/fr\/\" target=\"_blank\" rel=\"noreferrer noopener\">M\u00e9morial digital de la Shoah Luxembourg<\/a> ont le plaisir de vous inviter \u00e0 assister \u00e0 la pr\u00e9sentation du livre <em>Parcours de vie \u2013 Les Juifs du Luxembourg et la Shoah<\/em>, financ\u00e9 par la <a href=\"https:\/\/www.lydieschmit.lu\/\" target=\"_blank\" rel=\"noreferrer noopener\">Fondation Lydie Schmit<\/a>.<\/p>\n\n\n\n<p>La pr\u00e9sentation du livre aura lieu dans l\u2019amphith\u00e9\u00e2tre de la Biblioth\u00e8que nationale, suivie d\u2019allocutions de Messieurs<\/p>\n\n\n\n<ul class=\"ulux-list\">\n<li class=\"ulux-list-item\">J\u00e9r\u00f4me Courtoy (pr\u00e9sident de la Fondation Lydie Schmit),<\/li>\n\n\n\n<li class=\"ulux-list-item\">Denis Scuto (directeur du M\u00e9morial),<\/li>\n\n\n\n<li class=\"ulux-list-item\">Laurent Moyse (pr\u00e9sident de la Fondation luxembourgeoise pour la M\u00e9moire de la Shoah.<\/li>\n<\/ul>\n\n\n\n<p>Ce livre \u00e0 voix multiples r\u00e9unit vingt auteurs autour d\u2019un travail patiemment et souvent longuement poursuivi : raconter aussi fid\u00e8lement que possible les parcours de vie de Juifs du Luxembourg avant, pendant et apr\u00e8s la Shoah. Au-del\u00e0 des grandes tendances historiques, de la Premi\u00e8re \u00e0 la Seconde Guerre mondiale et des bouleversements du continent europ\u00e9en, la microhistoire permet d\u2019\u00e9clairer le sort d\u2019individus et de familles pris dans cette \u00e9poque tourment\u00e9e. Qu\u2019ils aient \u00e9t\u00e9 implant\u00e9s de longue date au Grand-Duch\u00e9 ou migrants venus au Luxembourg, souvent victimes d\u2019antis\u00e9mitisme, fuyant les pogromes et la violence, leurs destin\u00e9es marqu\u00e9es de travail, de r\u00e9ussite, de bonheur, parfois aussi de pauvret\u00e9 et d\u2019exclusion, finissent dans la fuite devant l\u2019indicible, l\u2019exil, le malheur d\u2019\u00eatre pris dans la nasse et l\u2019horreur du g\u00e9nocide.<\/p>\n\n\n\n<p>D\u2019abord recherch\u00e9es et \u00e9crites pour le site <a href=\"https:\/\/www.memorialshoah.lu\/fr\/\" target=\"_blank\" rel=\"noreferrer noopener\">memorialshoah.lu<\/a>, initi\u00e9 par <a href=\"https:\/\/www.uni.lu\/c2dh-en\/people\/denis-scuto\/\">Denis Scuto<\/a> au C\u00b2DH de l\u2019Universit\u00e9 du Luxembourg, les biographies r\u00e9unies dans ce livre ont \u00e9t\u00e9 mises en forme sans pour autant perdre l\u2019appareil critique indispensable pour un ouvrage historique qui entend s\u2019adresser au lecteur int\u00e9ress\u00e9 et \u00e0 l\u2019historien exigeant.<\/p>\n\n\n\n<p>Les auteurs du livre en ordre alphab\u00e9tique sont<\/p>\n\n\n\n<p>Nicolas Arendt, J\u00e9r\u00f4me Courtoy, Marc Cukier, Ben Fayot, Yannick Frantz, Inna Ganschow, Marc Gloden, Germaine Goetzinger, Elisabeth Hoffmann, Blandine Landau, Mil Lorang, S\u00e9bastien Moreau, Laurent Moyse, Emir Ramsilovic, Wolfgang Schmitt-K\u00f6lzer, Denis Scuto, Daniel Thilman, Maja Veyrat-Andert, Henri Wehenkel, Claude Wolf.<\/p>\n\n\n\n<ul class=\"wp-block-unilux-blocks-custom-buttons btn-list justify-center\"><li class=\"wp-block-unilux-blocks-custom-button\"    aria-disabled=\"false\"\n    >\n    <a\n        role=\"link\"\n        aria-disabled=\"false\"\n                    href=\"https:\/\/www.uni.lu\/c2dh-fr\/calendar?post_type=events&#038;p=2257&#038;calendar\"\n                target=\"_self\"\n        class=\"btn btn--primary\"\n            >Ajouter au calendrier<\/a>\n<\/li>\n<\/ul>\n<\/div><\/section>\n","protected":false},"excerpt":{"rendered":"<p>Pr\u00e9sentation officielle du livre arcours de vie \u2013 Les Juifs du Luxembourg et la Shoah.<\/p>\n","protected":false},"author":57,"featured_media":2258,"parent":0,"menu_order":0,"comment_status":"closed","ping_status":"closed","template":"","format":"standard","meta":{"featured_image_focal_point":{"x":0.52,"y":0.27},"show_featured_caption":false,"ulux_newsletter_groups":"","uluxPostTitle":"","uluxPrePostTitle":"","_trash_the_other_posts":false,"_price":"","_stock":"","_tribe_ticket_header":"","_tribe_default_ticket_provider":"","_tribe_ticket_capacity":"0","_ticket_start_date":"","_ticket_end_date":"","_tribe_ticket_show_description":"","_tribe_ticket_show_not_going":false,"_tribe_ticket_use_global_stock":"","_tribe_ticket_global_stock_level":"","_global_stock_mode":"","_global_stock_cap":"","_tribe_rsvp_for_event":"","_tribe_ticket_going_count":"","_tribe_ticket_not_going_count":"","_tribe_tickets_list":"[]","_tribe_ticket_has_attendee_info_fields":false,"event_start_date":"2026-01-26 14:30:00","event_end_date":"2026-01-26 16:00:00","event_speaker_name":"","event_speaker_link":"","event_is_online":false,"event_location":"Biblioth\u00e8que nationale du Luxembourg, Amphith\u00e9\u00e2tre","event_street":"37D Av. John F. Kennedy","event_location_link":"","event_zip_code":"1855","event_city":"Luxembourg-Kirchberg","event_country":"Luxembourg"},"events-topic":[306],"events-type":[324,325],"organisation":[542,540],"authorship":[57],"acf":[],"yoast_head":"<!-- This site is optimized with the Yoast SEO Premium plugin v22.3 (Yoast SEO v22.3) - https:\/\/yoast.com\/wordpress\/plugins\/seo\/ -->\n<title>Parcours de vie \u2013 Les Juifs du Luxembourg et la Shoah - C\u00b2DH - Universit\u00e9 du Luxembourg I Uni.lu<\/title>\n<meta name=\"description\" content=\"Pr\u00e9sentation officielle du livre arcours de vie \u2013 Les Juifs du Luxembourg et la Shoah.\" \/>\n<meta name=\"robots\" content=\"index, follow, max-snippet:-1, max-image-preview:large, max-video-preview:-1\" \/>\n<link rel=\"canonical\" href=\"https:\/\/www.uni.lu\/c2dh-fr\/events\/parcours-de-vie-les-juifs-du-luxembourg-et-la-shoah\/\" \/>\n<meta property=\"og:locale\" content=\"fr_FR\" \/>\n<meta property=\"og:type\" content=\"article\" \/>\n<meta property=\"og:title\" content=\"Parcours de vie \u2013 Les Juifs du Luxembourg et la Shoah\" \/>\n<meta property=\"og:description\" content=\"Pr\u00e9sentation officielle du livre arcours de vie \u2013 Les Juifs du Luxembourg et la Shoah.\" \/>\n<meta property=\"og:url\" content=\"https:\/\/www.uni.lu\/c2dh-fr\/events\/parcours-de-vie-les-juifs-du-luxembourg-et-la-shoah\/\" \/>\n<meta property=\"og:site_name\" content=\"C2DH FR\" \/>\n<meta property=\"article:publisher\" content=\"https:\/\/www.facebook.com\/c2dh.lu\" \/>\n<meta property=\"article:modified_time\" content=\"2026-01-13T14:36:49+00:00\" \/>\n<meta property=\"og:image\" content=\"https:\/\/www.uni.lu\/wp-content\/uploads\/sites\/24\/2026\/01\/13152742\/Parcours-de-vie.jpg\" \/>\n\t<meta property=\"og:image:width\" content=\"1331\" \/>\n\t<meta property=\"og:image:height\" content=\"997\" \/>\n\t<meta property=\"og:image:type\" content=\"image\/jpeg\" \/>\n<meta name=\"twitter:card\" content=\"summary_large_image\" \/>\n<meta name=\"twitter:label1\" content=\"Dur\u00e9e de lecture estim\u00e9e\" \/>\n\t<meta name=\"twitter:data1\" content=\"2 minutes\" \/>\n<script type=\"application\/ld+json\" class=\"yoast-schema-graph\">{\"@context\":\"https:\/\/schema.org\",\"@graph\":[{\"@type\":\"WebPage\",\"@id\":\"https:\/\/www.uni.lu\/c2dh-fr\/events\/parcours-de-vie-les-juifs-du-luxembourg-et-la-shoah\/\",\"url\":\"https:\/\/www.uni.lu\/c2dh-fr\/events\/parcours-de-vie-les-juifs-du-luxembourg-et-la-shoah\/\",\"name\":\"Parcours de vie \u2013 Les Juifs du Luxembourg et la Shoah - C\u00b2DH - Universit\u00e9 du Luxembourg I Uni.lu\",\"isPartOf\":{\"@id\":\"https:\/\/www.uni.lu\/c2dh-fr\/#website\"},\"primaryImageOfPage\":{\"@id\":\"https:\/\/www.uni.lu\/c2dh-fr\/events\/parcours-de-vie-les-juifs-du-luxembourg-et-la-shoah\/#primaryimage\"},\"image\":{\"@id\":\"https:\/\/www.uni.lu\/c2dh-fr\/events\/parcours-de-vie-les-juifs-du-luxembourg-et-la-shoah\/#primaryimage\"},\"thumbnailUrl\":\"https:\/\/www.uni.lu\/wp-content\/uploads\/sites\/24\/2026\/01\/13152742\/Parcours-de-vie.jpg\",\"datePublished\":\"2026-01-13T14:36:46+00:00\",\"dateModified\":\"2026-01-13T14:36:49+00:00\",\"description\":\"Pr\u00e9sentation officielle du livre arcours de vie \u2013 Les Juifs du Luxembourg et la Shoah.\",\"breadcrumb\":{\"@id\":\"https:\/\/www.uni.lu\/c2dh-fr\/events\/parcours-de-vie-les-juifs-du-luxembourg-et-la-shoah\/#breadcrumb\"},\"inLanguage\":\"fr-FR\",\"potentialAction\":[{\"@type\":\"ReadAction\",\"target\":[\"https:\/\/www.uni.lu\/c2dh-fr\/events\/parcours-de-vie-les-juifs-du-luxembourg-et-la-shoah\/\"]}]},{\"@type\":\"ImageObject\",\"inLanguage\":\"fr-FR\",\"@id\":\"https:\/\/www.uni.lu\/c2dh-fr\/events\/parcours-de-vie-les-juifs-du-luxembourg-et-la-shoah\/#primaryimage\",\"url\":\"https:\/\/www.uni.lu\/wp-content\/uploads\/sites\/24\/2026\/01\/13152742\/Parcours-de-vie.jpg\",\"contentUrl\":\"https:\/\/www.uni.lu\/wp-content\/uploads\/sites\/24\/2026\/01\/13152742\/Parcours-de-vie.jpg\",\"width\":1331,\"height\":997,\"caption\":\"arcours de vie \u2013 Les Juifs du Luxembourg et la Shoah\"},{\"@type\":\"BreadcrumbList\",\"@id\":\"https:\/\/www.uni.lu\/c2dh-fr\/events\/parcours-de-vie-les-juifs-du-luxembourg-et-la-shoah\/#breadcrumb\",\"itemListElement\":[{\"@type\":\"ListItem\",\"position\":1,\"name\":\"Home\",\"item\":\"https:\/\/www.uni.lu\/fr\"},{\"@type\":\"ListItem\",\"position\":2,\"name\":\"Luxembourg Centre for Contemporary and Digital History (C\u00b2DH)\",\"item\":\"https:\/\/www.uni.lu\/c2dh-fr\/\"},{\"@type\":\"ListItem\",\"position\":3,\"name\":\"Events\",\"item\":\"https:\/\/www.uni.lu\/c2dh-fr\/events\/\"},{\"@type\":\"ListItem\",\"position\":4,\"name\":\"Parcours de vie \u2013 Les Juifs du Luxembourg et la Shoah\"}]},{\"@type\":\"WebSite\",\"@id\":\"https:\/\/www.uni.lu\/c2dh-fr\/#website\",\"url\":\"https:\/\/www.uni.lu\/c2dh-fr\/\",\"name\":\"C2DH\",\"description\":\"Luxembourg Centre for Contemporary and Digital History I Uni.lu\",\"publisher\":{\"@id\":\"https:\/\/www.uni.lu\/c2dh-fr\/#organization\"},\"alternateName\":\"Luxembourg Centre for Contemporary and Digital History I Universit\u00e9 du Luxembourg\",\"potentialAction\":[{\"@type\":\"SearchAction\",\"target\":{\"@type\":\"EntryPoint\",\"urlTemplate\":\"https:\/\/www.uni.lu\/c2dh-fr\/?s={search_term_string}\"},\"query-input\":\"required name=search_term_string\"}],\"inLanguage\":\"fr-FR\"},{\"@type\":\"Organization\",\"@id\":\"https:\/\/www.uni.lu\/c2dh-fr\/#organization\",\"name\":\"C\u00b2DH - Universit\u00e9 du Luxembourg I Uni.lu\",\"alternateName\":\"Luxembourg Centre for Contemporary and Digital History\",\"url\":\"https:\/\/www.uni.lu\/c2dh-fr\/\",\"logo\":{\"@type\":\"ImageObject\",\"inLanguage\":\"fr-FR\",\"@id\":\"https:\/\/www.uni.lu\/c2dh-fr\/#\/schema\/logo\/image\/\",\"url\":\"https:\/\/www.uni.lu\/wp-content\/uploads\/sites\/24\/2026\/03\/03113451\/C2DH_SM-Profile_1600x1600px-scaled.jpg\",\"contentUrl\":\"https:\/\/www.uni.lu\/wp-content\/uploads\/sites\/24\/2026\/03\/03113451\/C2DH_SM-Profile_1600x1600px-scaled.jpg\",\"width\":2560,\"height\":2560,\"caption\":\"C\u00b2DH - Universit\u00e9 du Luxembourg I Uni.lu\"},\"image\":\"https:\/\/www.uni.lu\/wp-content\/uploads\/sites\/24\/2026\/04\/24144333\/20200609-Belval-Campus_Henri-Goergen-23.jpg\",\"sameAs\":[\"https:\/\/www.facebook.com\/c2dh.lu\",\"http:\/\/www.instagram.com\/c2dh_lu\",\"http:\/\/www.linkedin.com\/showcase\/c2dh-university-of-luxembourg\"],\"email\":\"communication@uni.lu\",\"telephone\":\"+3524666441\",\"address\":{\"@type\":\"PostalAddress\",\"streetAddress\":\"11, Porte des Sciences\",\"addressLocality\":\"Esch-sur-Alzette\",\"postalCode\":\"4365\",\"addressCountry\":\"LU\"},\"description\":\"Luxembourg Centre for Contemporary and Digital History I Uni.lu\"}]}<\/script>\n<!-- \/ Yoast SEO Premium plugin. -->","yoast_head_json":{"title":"Parcours de vie \u2013 Les Juifs du Luxembourg et la Shoah - C\u00b2DH - Universit\u00e9 du Luxembourg I Uni.lu","description":"Pr\u00e9sentation officielle du livre arcours de vie \u2013 Les Juifs du Luxembourg et la Shoah.","robots":{"index":"index","follow":"follow","max-snippet":"max-snippet:-1","max-image-preview":"max-image-preview:large","max-video-preview":"max-video-preview:-1"},"canonical":"https:\/\/www.uni.lu\/c2dh-fr\/events\/parcours-de-vie-les-juifs-du-luxembourg-et-la-shoah\/","og_locale":"fr_FR","og_type":"article","og_title":"Parcours de vie \u2013 Les Juifs du Luxembourg et la Shoah","og_description":"Pr\u00e9sentation officielle du livre arcours de vie \u2013 Les Juifs du Luxembourg et la Shoah.","og_url":"https:\/\/www.uni.lu\/c2dh-fr\/events\/parcours-de-vie-les-juifs-du-luxembourg-et-la-shoah\/","og_site_name":"C2DH FR","article_publisher":"https:\/\/www.facebook.com\/c2dh.lu","article_modified_time":"2026-01-13T14:36:49+00:00","og_image":[{"width":1331,"height":997,"url":"https:\/\/www.uni.lu\/wp-content\/uploads\/sites\/24\/2026\/01\/13152742\/Parcours-de-vie.jpg","type":"image\/jpeg"}],"twitter_card":"summary_large_image","twitter_misc":{"Dur\u00e9e de lecture estim\u00e9e":"2 minutes"},"schema":{"@context":"https:\/\/schema.org","@graph":[{"@type":"WebPage","@id":"https:\/\/www.uni.lu\/c2dh-fr\/events\/parcours-de-vie-les-juifs-du-luxembourg-et-la-shoah\/","url":"https:\/\/www.uni.lu\/c2dh-fr\/events\/parcours-de-vie-les-juifs-du-luxembourg-et-la-shoah\/","name":"Parcours de vie \u2013 Les Juifs du Luxembourg et la Shoah - C\u00b2DH - Universit\u00e9 du Luxembourg I Uni.lu","isPartOf":{"@id":"https:\/\/www.uni.lu\/c2dh-fr\/#website"},"primaryImageOfPage":{"@id":"https:\/\/www.uni.lu\/c2dh-fr\/events\/parcours-de-vie-les-juifs-du-luxembourg-et-la-shoah\/#primaryimage"},"image":{"@id":"https:\/\/www.uni.lu\/c2dh-fr\/events\/parcours-de-vie-les-juifs-du-luxembourg-et-la-shoah\/#primaryimage"},"thumbnailUrl":"https:\/\/www.uni.lu\/wp-content\/uploads\/sites\/24\/2026\/01\/13152742\/Parcours-de-vie.jpg","datePublished":"2026-01-13T14:36:46+00:00","dateModified":"2026-01-13T14:36:49+00:00","description":"Pr\u00e9sentation officielle du livre arcours de vie \u2013 Les Juifs du Luxembourg et la Shoah.","breadcrumb":{"@id":"https:\/\/www.uni.lu\/c2dh-fr\/events\/parcours-de-vie-les-juifs-du-luxembourg-et-la-shoah\/#breadcrumb"},"inLanguage":"fr-FR","potentialAction":[{"@type":"ReadAction","target":["https:\/\/www.uni.lu\/c2dh-fr\/events\/parcours-de-vie-les-juifs-du-luxembourg-et-la-shoah\/"]}]},{"@type":"ImageObject","inLanguage":"fr-FR","@id":"https:\/\/www.uni.lu\/c2dh-fr\/events\/parcours-de-vie-les-juifs-du-luxembourg-et-la-shoah\/#primaryimage","url":"https:\/\/www.uni.lu\/wp-content\/uploads\/sites\/24\/2026\/01\/13152742\/Parcours-de-vie.jpg","contentUrl":"https:\/\/www.uni.lu\/wp-content\/uploads\/sites\/24\/2026\/01\/13152742\/Parcours-de-vie.jpg","width":1331,"height":997,"caption":"arcours de vie \u2013 Les Juifs du Luxembourg et la Shoah"},{"@type":"BreadcrumbList","@id":"https:\/\/www.uni.lu\/c2dh-fr\/events\/parcours-de-vie-les-juifs-du-luxembourg-et-la-shoah\/#breadcrumb","itemListElement":[{"@type":"ListItem","position":1,"name":"Home","item":"https:\/\/www.uni.lu\/fr"},{"@type":"ListItem","position":2,"name":"Luxembourg Centre for Contemporary and Digital History (C\u00b2DH)","item":"https:\/\/www.uni.lu\/c2dh-fr\/"},{"@type":"ListItem","position":3,"name":"Events","item":"https:\/\/www.uni.lu\/c2dh-fr\/events\/"},{"@type":"ListItem","position":4,"name":"Parcours de vie \u2013 Les Juifs du Luxembourg et la Shoah"}]},{"@type":"WebSite","@id":"https:\/\/www.uni.lu\/c2dh-fr\/#website","url":"https:\/\/www.uni.lu\/c2dh-fr\/","name":"C2DH","description":"Luxembourg Centre for Contemporary and Digital History I Uni.lu","publisher":{"@id":"https:\/\/www.uni.lu\/c2dh-fr\/#organization"},"alternateName":"Luxembourg Centre for Contemporary and Digital History I Universit\u00e9 du Luxembourg","potentialAction":[{"@type":"SearchAction","target":{"@type":"EntryPoint","urlTemplate":"https:\/\/www.uni.lu\/c2dh-fr\/?s={search_term_string}"},"query-input":"required name=search_term_string"}],"inLanguage":"fr-FR"},{"@type":"Organization","@id":"https:\/\/www.uni.lu\/c2dh-fr\/#organization","name":"C\u00b2DH - Universit\u00e9 du Luxembourg I Uni.lu","alternateName":"Luxembourg Centre for Contemporary and Digital History","url":"https:\/\/www.uni.lu\/c2dh-fr\/","logo":{"@type":"ImageObject","inLanguage":"fr-FR","@id":"https:\/\/www.uni.lu\/c2dh-fr\/#\/schema\/logo\/image\/","url":"https:\/\/www.uni.lu\/wp-content\/uploads\/sites\/24\/2026\/03\/03113451\/C2DH_SM-Profile_1600x1600px-scaled.jpg","contentUrl":"https:\/\/www.uni.lu\/wp-content\/uploads\/sites\/24\/2026\/03\/03113451\/C2DH_SM-Profile_1600x1600px-scaled.jpg","width":2560,"height":2560,"caption":"C\u00b2DH - Universit\u00e9 du Luxembourg I Uni.lu"},"image":"https:\/\/www.uni.lu\/wp-content\/uploads\/sites\/24\/2026\/04\/24144333\/20200609-Belval-Campus_Henri-Goergen-23.jpg","sameAs":["https:\/\/www.facebook.com\/c2dh.lu","http:\/\/www.instagram.com\/c2dh_lu","http:\/\/www.linkedin.com\/showcase\/c2dh-university-of-luxembourg"],"email":"communication@uni.lu","telephone":"+3524666441","address":{"@type":"PostalAddress","streetAddress":"11, Porte des Sciences","addressLocality":"Esch-sur-Alzette","postalCode":"4365","addressCountry":"LU"},"description":"Luxembourg Centre for Contemporary and Digital History I Uni.lu"}]}},"_links":{"self":[{"href":"https:\/\/www.uni.lu\/c2dh-fr\/wp-json\/wp\/v2\/events\/2257"}],"collection":[{"href":"https:\/\/www.uni.lu\/c2dh-fr\/wp-json\/wp\/v2\/events"}],"about":[{"href":"https:\/\/www.uni.lu\/c2dh-fr\/wp-json\/wp\/v2\/types\/events"}],"author":[{"embeddable":true,"href":"https:\/\/www.uni.lu\/c2dh-fr\/wp-json\/wp\/v2\/users\/57"}],"replies":[{"embeddable":true,"href":"https:\/\/www.uni.lu\/c2dh-fr\/wp-json\/wp\/v2\/comments?post=2257"}],"version-history":[{"count":1,"href":"https:\/\/www.uni.lu\/c2dh-fr\/wp-json\/wp\/v2\/events\/2257\/revisions"}],"predecessor-version":[{"id":2259,"href":"https:\/\/www.uni.lu\/c2dh-fr\/wp-json\/wp\/v2\/events\/2257\/revisions\/2259"}],"wp:authorship":[{"embeddable":true,"href":"https:\/\/www.uni.lu\/c2dh-fr\/wp-json\/wp\/v2\/users\/57"}],"wp:featuredmedia":[{"embeddable":true,"href":"https:\/\/www.uni.lu\/c2dh-fr\/wp-json\/wp\/v2\/media\/2258"}],"wp:attachment":[{"href":"https:\/\/www.uni.lu\/c2dh-fr\/wp-json\/wp\/v2\/media?parent=2257"}],"wp:term":[{"taxonomy":"events-topic","embeddable":true,"href":"https:\/\/www.uni.lu\/c2dh-fr\/wp-json\/wp\/v2\/events-topic?post=2257"},{"taxonomy":"events-type","embeddable":true,"href":"https:\/\/www.uni.lu\/c2dh-fr\/wp-json\/wp\/v2\/events-type?post=2257"},{"taxonomy":"organisation","embeddable":true,"href":"https:\/\/www.uni.lu\/c2dh-fr\/wp-json\/wp\/v2\/organisation?post=2257"}],"curies":[{"name":"wp","href":"https:\/\/api.w.org\/{rel}","templated":true}]}}