{"id":1340,"date":"2025-01-29T09:56:31","date_gmt":"2025-01-29T08:56:31","guid":{"rendered":"https:\/\/www.uni.lu\/c2dh-fr\/?post_type=events&#038;p=1340"},"modified":"2025-02-03T13:27:03","modified_gmt":"2025-02-03T12:27:03","slug":"doctoriales-numeriques-lab5-crulh-c2dh","status":"publish","type":"events","link":"https:\/\/www.uni.lu\/c2dh-fr\/events\/doctoriales-numeriques-lab5-crulh-c2dh\/","title":{"rendered":"Doctoriales num\u00e9riques Lab5 \u2013 CRULH \u2013 C\u00b2DH"},"content":{"rendered":"\n<section class=\"wp-block-unilux-blocks-free-section section\"><div class=\"container xl:max-w-screen-xl\">\n<p>Cette premi\u00e8re journ\u00e9e de Doctoriales organis\u00e9e par Val\u00e9rie Schafer (C\u00b2DH), Julie d\u2019Andurain, Pierre Pascal et Anne-Catherine Schmidt-Trimborn (CRULH) souhaite permettre \u00e0 quelques doctorants et doctorantes des deux universit\u00e9s (Universit\u00e9 du Luxembourg, Universit\u00e9 de Lorraine) de se rencontrer et d\u2019\u00e9changer autour de leurs usages et m\u00e9thodes num\u00e9riques en histoire.<\/p>\n\n\n\n<p>Places limit\u00e9es. Pour participer, veuillez vous inscrire aupr\u00e8s de <a href=\"mailto:valerie.schafer@uni.lu\">valerie.schafer@uni.lu<\/a><\/p>\n\n\n<div class=\"wp-block-unilux-blocks-spacer is-spacer-size-sm\"><\/div>\n\n\n<h3 class=\"has-text-align-left wp-block-unilux-blocks-heading\"        id=\"programme\"\n    >\nProgramme<\/h3>\n\n\n\n<ul class=\"wp-block-unilux-blocks-highlighted-list list-highlighted list-highlighted--architectural\"><li class=\"list-highlighted__item  wp-block-unilux-blocks-highlighted-list-item\">\n    <header class=\"list-highlighted__header wp-block-unilux-blocks-highlighted-list-item-header\">\n    \n<h4 class=\"title text-18 font-bold has-text-align-left wp-block-unilux-blocks-heading\"        id=\"1000\"\n    >\n10:00<\/h4>\n<div class=\"wp-block-unilux-blocks-bigtext\">\n    <span>\n        \n    <\/span>\n<\/div><\/header><div class=\"list-highlighted__body wp-block-unilux-blocks-highlighted-list-item-body\">\n    <div class=\"wp-block-unilux-blocks-highlighted-list-item-free-content-area\">\n    \n<p>Accueil<\/p>\n<\/div><\/div><\/li>\n\n<li class=\"list-highlighted__item  wp-block-unilux-blocks-highlighted-list-item\">\n    <header class=\"list-highlighted__header wp-block-unilux-blocks-highlighted-list-item-header\">\n    \n<h4 class=\"title text-18 font-bold has-text-align-left wp-block-unilux-blocks-heading\"        id=\"1015\"\n    >\n10:15<\/h4>\n<div class=\"wp-block-unilux-blocks-bigtext\">\n    <span>\n        \n    <\/span>\n<\/div><\/header><div class=\"list-highlighted__body wp-block-unilux-blocks-highlighted-list-item-body\">\n    <div class=\"wp-block-unilux-blocks-highlighted-list-item-free-content-area\">\n    \n<p>Tour de table&nbsp;<\/p>\n<\/div><\/div><\/li>\n\n<li class=\"list-highlighted__item  wp-block-unilux-blocks-highlighted-list-item\">\n    <header class=\"list-highlighted__header wp-block-unilux-blocks-highlighted-list-item-header\">\n    \n<h4 class=\"title text-18 font-bold has-text-align-left wp-block-unilux-blocks-heading\"        id=\"1045\"\n    >\n10:45<\/h4>\n<div class=\"wp-block-unilux-blocks-bigtext\">\n    <span>\n        \n    <\/span>\n<\/div><\/header><div class=\"list-highlighted__body wp-block-unilux-blocks-highlighted-list-item-body\">\n    <div class=\"wp-block-unilux-blocks-highlighted-list-item-free-content-area\">\n    \n<p><em>Traitement de donn\u00e9es longitudinales de carri\u00e8res sur PostgreSQL : une conciliation entre sciences sociales quantitatives et humanit\u00e9s num\u00e9riques,<\/em> <strong>Sam Couqueberg<\/strong> (doctorant sous la direction de Julie d\u2019Andurain, CRULH)<\/p>\n\n<p>Les outils num\u00e9riques utilis\u00e9s par les historiens refl\u00e8tent souvent une tension entre deux approches : d\u2019une part, les sciences sociales quantitatives, privil\u00e9giant Excel \u2013 VBA associ\u00e9 \u00e0 R pour leurs possibilit\u00e9s de traitements statistiques ; d\u2019autre part, les humanit\u00e9s num\u00e9riques, qui exploitent les syst\u00e8mes de gestion de bases de donn\u00e9es (SGBD) pour organiser de vastes corpus comme une bo\u00eete \u00e0 fiches num\u00e9rique souvent peu op\u00e9rables avec des outils statistiques. Ces deux approches peuvent toutefois se compl\u00e9ter efficacement.&nbsp;&nbsp;&nbsp;&nbsp;&nbsp;&nbsp;&nbsp;&nbsp;&nbsp;<\/p>\n\n<p>\u00c0 partir de l\u2019exemple de notre th\u00e8se, portant sur les carri\u00e8res polytechniciennes (1794-1960), cette communication propose de d\u00e9montrer la puissance du SGBD PostgreSQL pour l\u2019historien par rapport \u00e0 Access et FileMaker, notamment quant \u00e0 l\u2019interop\u00e9rabilit\u00e9 avec d\u2019autres logiciels et la capacit\u00e9 \u00e0 traiter des donn\u00e9es chronologiques ou g\u00e9ographiques.<\/p>\n<\/div><\/div><\/li>\n\n<li class=\"list-highlighted__item  wp-block-unilux-blocks-highlighted-list-item\">\n    <header class=\"list-highlighted__header wp-block-unilux-blocks-highlighted-list-item-header\">\n    \n<h4 class=\"title text-18 font-bold has-text-align-left wp-block-unilux-blocks-heading\"        id=\"1130\"\n    >\n11:30<\/h4>\n<div class=\"wp-block-unilux-blocks-bigtext\">\n    <span>\n        \n    <\/span>\n<\/div><\/header><div class=\"list-highlighted__body wp-block-unilux-blocks-highlighted-list-item-body\">\n    <div class=\"wp-block-unilux-blocks-highlighted-list-item-free-content-area\">\n    \n<p><em>De la transcription manuelle \u00e0 la mise en donn\u00e9es automatis\u00e9e. L\u2019utilisation de Transkribus pour une histoire urbaine des pratiques administratives (fin&nbsp;XIX<sup>e<\/sup>-XX<sup>e<\/sup>&nbsp;si\u00e8cles)<\/em>, <strong>Alex Relicovschi<\/strong> (doctorant sous la direction de Machteld Venken, C\u00b2DH)<\/p>\n\n<p>D\u00e9velopp\u00e9 en 2014, Transkribus est l\u2019un des outils de reconnaissance optique de caract\u00e8res&nbsp;(OCR) assist\u00e9 par l\u2019IA les plus utilis\u00e9s dans la recherche historique. Con\u00e7u pour faciliter la transcription et l\u2019analyse de documents historiques, son utilisation peut \u00eatre vue comme une \u00e9tape cl\u00e9 dans le processus de mod\u00e9lisation de donn\u00e9es issues des sources, en \u00e9tablissant un lien direct entre l\u2019archive mat\u00e9rielle et sa mise en donn\u00e9es. Son apport pour l\u2019\u00e9tude des pratiques administratives urbaines, aux XIX<sup>e<\/sup>&nbsp;et&nbsp;XX<sup>e&nbsp;<\/sup>si\u00e8cles, est particuli\u00e8rement pertinent, \u00e0 une \u00e9poque o\u00f9 se g\u00e9n\u00e9ralise la mise en fiche des individus par les \u00c9tats.<\/p>\n<\/div><\/div><\/li>\n\n<li class=\"list-highlighted__item  wp-block-unilux-blocks-highlighted-list-item\">\n    <header class=\"list-highlighted__header wp-block-unilux-blocks-highlighted-list-item-header\">\n    \n<h4 class=\"title text-18 font-bold has-text-align-left wp-block-unilux-blocks-heading\"        id=\"1215\"\n    >\n12:15<\/h4>\n<div class=\"wp-block-unilux-blocks-bigtext\">\n    <span>\n        \n    <\/span>\n<\/div><\/header><div class=\"list-highlighted__body wp-block-unilux-blocks-highlighted-list-item-body\">\n    <div class=\"wp-block-unilux-blocks-highlighted-list-item-free-content-area\">\n    \n<p>D\u00e9jeuner<\/p>\n<\/div><\/div><\/li>\n\n<li class=\"list-highlighted__item  wp-block-unilux-blocks-highlighted-list-item\">\n    <header class=\"list-highlighted__header wp-block-unilux-blocks-highlighted-list-item-header\">\n    \n<h4 class=\"title text-18 font-bold has-text-align-left wp-block-unilux-blocks-heading\"        id=\"1330\"\n    >\n13:30<\/h4>\n<div class=\"wp-block-unilux-blocks-bigtext\">\n    <span>\n        \n    <\/span>\n<\/div><\/header><div class=\"list-highlighted__body wp-block-unilux-blocks-highlighted-list-item-body\">\n    <div class=\"wp-block-unilux-blocks-highlighted-list-item-free-content-area\">\n    \n<p><strong>Keynote<\/strong> &#8211; <em>L\u2019IA comme pratique num\u00e9rique (discr\u00e8te) en histoire contemporaine<\/em>, <strong>Fr\u00e9d\u00e9ric Clavert<\/strong> (C\u00b2DH)<\/p>\n\n<p>Cette intervention, en s\u2019appuyant sur des cas pratiques, tentera de montrer que les usages historiens de dispositifs fond\u00e9s sur des principes d\u2019intelligence artificielle (IA) sont courants et appel\u00e9s \u00e0 se d\u00e9velopper. Ils&nbsp;s\u2019int\u00e8grent plus ou moins dans ce qu\u2019avec Caroline Muller nous avons appel\u00e9 des pratiques num\u00e9riques discr\u00e8tes. Nous essaierons d\u2019en analyser les cons\u00e9quences sur l\u2019\u00e9criture de l\u2019histoire et de cerner les usages que des doctorants&nbsp;et&nbsp;doctorantes&nbsp;peuvent en faire dans un cadre m\u00e9thodologique explicite.<\/p>\n<\/div><\/div><\/li>\n\n<li class=\"list-highlighted__item  wp-block-unilux-blocks-highlighted-list-item\">\n    <header class=\"list-highlighted__header wp-block-unilux-blocks-highlighted-list-item-header\">\n    \n<h4 class=\"title text-18 font-bold has-text-align-left wp-block-unilux-blocks-heading\"        id=\"1430\"\n    >\n14:30<\/h4>\n<div class=\"wp-block-unilux-blocks-bigtext\">\n    <span>\n        \n    <\/span>\n<\/div><\/header><div class=\"list-highlighted__body wp-block-unilux-blocks-highlighted-list-item-body\">\n    <div class=\"wp-block-unilux-blocks-highlighted-list-item-free-content-area\">\n    \n<p><em>Faire la prosopographie des invisibles sur Excel : construire une base de donn\u00e9es scientifique \u00e0 destination du grand public<\/em>, <strong>Marie Fridrick<\/strong> (doctorante sous la direction du Julie d\u2019Andurain, CRULH, co-dirig\u00e9e par Ilse Hilbold, coordinatrice scientifique du monument num\u00e9rique Alsace-Moselle 1939-1945)<\/p>\n\n<p>Le projet RESIT-MOSEL repose sur l\u2019\u00e9laboration d\u2019une prosopographie recensant les Mosellanes identifi\u00e9es comme r\u00e9sistantes, invisibles du fait de leur genre et de la sp\u00e9cificit\u00e9 du territoire. Une r\u00e9flexion est propos\u00e9e sur l\u2019utilisation des tableurs Excel pour \u00e9laborer des bases de donn\u00e9es et sur l\u2019adaptabilit\u00e9 de la prosopographie ainsi cr\u00e9\u00e9e aux besoins et demandes du public, \u00e0 travers la r\u00e9alisation d\u2019un podcast et\/ou d\u2019une exposition interactive avec une classe d\u2019\u00e9l\u00e8ves du secondaire.<\/p>\n<\/div><\/div><\/li>\n\n<li class=\"list-highlighted__item  wp-block-unilux-blocks-highlighted-list-item\">\n    <header class=\"list-highlighted__header wp-block-unilux-blocks-highlighted-list-item-header\">\n    \n<h4 class=\"title text-18 font-bold has-text-align-left wp-block-unilux-blocks-heading\"        id=\"1515\"\n    >\n15:15<\/h4>\n<div class=\"wp-block-unilux-blocks-bigtext\">\n    <span>\n        \n    <\/span>\n<\/div><\/header><div class=\"list-highlighted__body wp-block-unilux-blocks-highlighted-list-item-body\">\n    <div class=\"wp-block-unilux-blocks-highlighted-list-item-free-content-area\">\n    \n<p>Pause<\/p>\n<\/div><\/div><\/li>\n\n<li class=\"list-highlighted__item  wp-block-unilux-blocks-highlighted-list-item\">\n    <header class=\"list-highlighted__header wp-block-unilux-blocks-highlighted-list-item-header\">\n    \n<h4 class=\"title text-18 font-bold has-text-align-left wp-block-unilux-blocks-heading\"        id=\"1530\"\n    >\n15:30<\/h4>\n<div class=\"wp-block-unilux-blocks-bigtext\">\n    <span>\n        \n    <\/span>\n<\/div><\/header><div class=\"list-highlighted__body wp-block-unilux-blocks-highlighted-list-item-body\">\n    <div class=\"wp-block-unilux-blocks-highlighted-list-item-free-content-area\">\n    \n<p><em>Le code comme source historique. De l&rsquo;importance de la patrimonialisation du code \u00e0 la m\u00e9thodologie sp\u00e9cifique de sa lecture<\/em>, <strong>Tita\u00ffna Kauffmann<\/strong> (doctorante sous la direction de Val\u00e9rie Schafer, C\u00b2DH)<\/p>\n\n<p>Cette pr\u00e9sentation examine le code informatique comme source historique et patrimoine culturel. Elle souligne l\u2019importance du code comme forme d\u2019expression humaine qui exerce une autorit\u00e9 sur les pratiques num\u00e9riques et met en lumi\u00e8re le paradoxe de la conservation du code, certains n\u2019existant plus que sous forme analogique ou ayant disparu. Ainsi nous explorerons les initiatives de pr\u00e9servation de celui-ci et examinerons l\u2019apport des \u00e9tudes critiques du code pour l\u2019analyse historique du d\u00e9veloppement informatique.<\/p>\n<\/div><\/div><\/li>\n\n<li class=\"list-highlighted__item  wp-block-unilux-blocks-highlighted-list-item\">\n    <header class=\"list-highlighted__header wp-block-unilux-blocks-highlighted-list-item-header\">\n    \n<h4 class=\"title text-18 font-bold has-text-align-left wp-block-unilux-blocks-heading\"        id=\"1615\"\n    >\n16:15<\/h4>\n<div class=\"wp-block-unilux-blocks-bigtext\">\n    <span>\n        \n    <\/span>\n<\/div><\/header><div class=\"list-highlighted__body wp-block-unilux-blocks-highlighted-list-item-body\">\n    <div class=\"wp-block-unilux-blocks-highlighted-list-item-free-content-area\">\n    \n<p>Conclusion<\/p>\n<\/div><\/div><\/li><\/ul>\n\n\n<div class=\"wp-block-unilux-blocks-spacer is-spacer-size-sm\"><\/div>\n\n<figure class=\"wp-block-dev4-reusable-blocks-image  object-fit--cover\">\n    \n<img decoding=\"async\" class=\"wp-block-image unilux-custom-image-block\"\n                alt=\"\"\n            src=\"https:\/\/www.uni.lu\/wp-content\/uploads\/sites\/24\/2025\/01\/Partners-doctoriales.png\"\n                srcset=\"https:\/\/www.uni.lu\/wp-content\/uploads\/sites\/24\/2025\/01\/Partners-doctoriales-300x84.png 300w, https:\/\/www.uni.lu\/wp-content\/uploads\/sites\/24\/2025\/01\/Partners-doctoriales-768x216.png 768w, https:\/\/www.uni.lu\/wp-content\/uploads\/sites\/24\/2025\/01\/Partners-doctoriales.png 1012w\"\n                style=\"object-position: 50.00% 50.00%; font-family: &quot;object-fit: cover; object-position: 50.00% 50.00%;&quot;; aspect-ratio: 32\/9; object-fit: cover; width: 75%;\"\n        loading=\"lazy\"\n\/>    <\/figure>\n\n\n<p><sup>Photo g\u00e9n\u00e9r\u00e9e par Copilot<\/sup><\/p>\n<\/div><\/section>\n","protected":false},"excerpt":{"rendered":"<p>Cette premi\u00e8re journ\u00e9e de doctoriales organis\u00e9e par Anne-Catherine Schmidt-Trimborn et Julie d\u2019Audurain (CRULH) et Val\u00e9rie Schafer (C\u00b2DH) souhaite permettre \u00e0 quelques doctorantes et doctorants de nos deux universit\u00e9s (l\u2019Universit\u00e9 de Lorraine et l\u2019Universit\u00e9 du Luxembourg) de se rencontrer et d\u2019\u00e9changer autour de leurs usages et m\u00e9thodes num\u00e9riques en histoire.<\/p>\n","protected":false},"author":57,"featured_media":1344,"parent":0,"menu_order":0,"comment_status":"open","ping_status":"closed","template":"","format":"standard","meta":{"featured_image_focal_point":{"x":0.63,"y":0.38},"show_featured_caption":false,"ulux_newsletter_groups":"","uluxPostTitle":"","uluxPrePostTitle":"","_trash_the_other_posts":false,"_price":"","_stock":"","_tribe_ticket_header":"","_tribe_default_ticket_provider":"","_tribe_ticket_capacity":"0","_ticket_start_date":"","_ticket_end_date":"","_tribe_ticket_show_description":"","_tribe_ticket_show_not_going":false,"_tribe_ticket_use_global_stock":"","_tribe_ticket_global_stock_level":"","_global_stock_mode":"","_global_stock_cap":"","_tribe_rsvp_for_event":"","_tribe_ticket_going_count":"","_tribe_ticket_not_going_count":"","_tribe_tickets_list":"[]","_tribe_ticket_has_attendee_info_fields":false,"event_start_date":"2025-06-10 10:00:00","event_end_date":"2025-06-10 16:30:00","event_speaker_name":"","event_speaker_link":"","event_is_online":false,"event_location":"Presbyt\u00e8re (Maison Schuman)","event_street":"21, Place Cunegonde","event_location_link":"","event_zip_code":"1367","event_city":"Luxembourg","event_country":"Luxembourg"},"events-topic":[306],"events-type":[324,325],"organisation":[541,540],"authorship":[57],"acf":[],"yoast_head":"<!-- This site is optimized with the Yoast SEO Premium plugin v22.3 (Yoast SEO v22.3) - https:\/\/yoast.com\/wordpress\/plugins\/seo\/ -->\n<title>Doctoriales num\u00e9riques Lab5 \u2013 CRULH \u2013 C\u00b2DH - C\u00b2DH - Universit\u00e9 du Luxembourg I Uni.lu<\/title>\n<meta name=\"description\" content=\"Cette premi\u00e8re journ\u00e9e de doctoriales organis\u00e9e par Anne-Catherine Schmidt-Trimborn et Julie d\u2019Audurain (CRULH) et Val\u00e9rie Schafer (C\u00b2DH) souhaite permettre \u00e0 quelques doctorantes et doctorants de nos deux universit\u00e9s (l\u2019Universit\u00e9 de Lorraine et l\u2019Universit\u00e9 du Luxembourg) de se rencontrer et d\u2019\u00e9changer autour de leurs usages et m\u00e9thodes num\u00e9riques en histoire.\" \/>\n<meta name=\"robots\" content=\"index, follow, max-snippet:-1, max-image-preview:large, max-video-preview:-1\" \/>\n<link rel=\"canonical\" href=\"https:\/\/www.uni.lu\/c2dh-fr\/events\/doctoriales-numeriques-lab5-crulh-c2dh\/\" \/>\n<meta property=\"og:locale\" content=\"fr_FR\" \/>\n<meta property=\"og:type\" content=\"article\" \/>\n<meta property=\"og:title\" content=\"Doctoriales num\u00e9riques Lab5 \u2013 CRULH \u2013 C\u00b2DH\" \/>\n<meta property=\"og:description\" content=\"Cette premi\u00e8re journ\u00e9e de doctoriales organis\u00e9e par Anne-Catherine Schmidt-Trimborn et Julie d\u2019Audurain (CRULH) et Val\u00e9rie Schafer (C\u00b2DH) souhaite permettre \u00e0 quelques doctorantes et doctorants de nos deux universit\u00e9s (l\u2019Universit\u00e9 de Lorraine et l\u2019Universit\u00e9 du Luxembourg) de se rencontrer et d\u2019\u00e9changer autour de leurs usages et m\u00e9thodes num\u00e9riques en histoire.\" \/>\n<meta property=\"og:url\" content=\"https:\/\/www.uni.lu\/c2dh-fr\/events\/doctoriales-numeriques-lab5-crulh-c2dh\/\" \/>\n<meta property=\"og:site_name\" content=\"C2DH FR\" \/>\n<meta property=\"article:publisher\" content=\"https:\/\/www.facebook.com\/c2dh.lu\" \/>\n<meta property=\"article:modified_time\" content=\"2025-02-03T12:27:03+00:00\" \/>\n<meta property=\"og:image\" content=\"https:\/\/www.uni.lu\/wp-content\/uploads\/sites\/24\/2025\/01\/Doctoriales-main-image-4_3.jpg\" \/>\n\t<meta property=\"og:image:width\" content=\"1500\" \/>\n\t<meta property=\"og:image:height\" content=\"1125\" \/>\n\t<meta property=\"og:image:type\" content=\"image\/jpeg\" \/>\n<meta name=\"twitter:card\" content=\"summary_large_image\" \/>\n<meta name=\"twitter:label1\" content=\"Dur\u00e9e de lecture estim\u00e9e\" \/>\n\t<meta name=\"twitter:data1\" content=\"4 minutes\" \/>\n<script type=\"application\/ld+json\" class=\"yoast-schema-graph\">{\"@context\":\"https:\/\/schema.org\",\"@graph\":[{\"@type\":\"WebPage\",\"@id\":\"https:\/\/www.uni.lu\/c2dh-fr\/events\/doctoriales-numeriques-lab5-crulh-c2dh\/\",\"url\":\"https:\/\/www.uni.lu\/c2dh-fr\/events\/doctoriales-numeriques-lab5-crulh-c2dh\/\",\"name\":\"Doctoriales num\u00e9riques Lab5 \u2013 CRULH \u2013 C\u00b2DH - C\u00b2DH - Universit\u00e9 du Luxembourg I Uni.lu\",\"isPartOf\":{\"@id\":\"https:\/\/www.uni.lu\/c2dh-fr\/#website\"},\"primaryImageOfPage\":{\"@id\":\"https:\/\/www.uni.lu\/c2dh-fr\/events\/doctoriales-numeriques-lab5-crulh-c2dh\/#primaryimage\"},\"image\":{\"@id\":\"https:\/\/www.uni.lu\/c2dh-fr\/events\/doctoriales-numeriques-lab5-crulh-c2dh\/#primaryimage\"},\"thumbnailUrl\":\"https:\/\/www.uni.lu\/wp-content\/uploads\/sites\/24\/2025\/01\/Doctoriales-main-image-4_3.jpg\",\"datePublished\":\"2025-01-29T08:56:31+00:00\",\"dateModified\":\"2025-02-03T12:27:03+00:00\",\"description\":\"Cette premi\u00e8re journ\u00e9e de doctoriales organis\u00e9e par Anne-Catherine Schmidt-Trimborn et Julie d\u2019Audurain (CRULH) et Val\u00e9rie Schafer (C\u00b2DH) souhaite permettre \u00e0 quelques doctorantes et doctorants de nos deux universit\u00e9s (l\u2019Universit\u00e9 de Lorraine et l\u2019Universit\u00e9 du Luxembourg) de se rencontrer et d\u2019\u00e9changer autour de leurs usages et m\u00e9thodes num\u00e9riques en histoire.\",\"breadcrumb\":{\"@id\":\"https:\/\/www.uni.lu\/c2dh-fr\/events\/doctoriales-numeriques-lab5-crulh-c2dh\/#breadcrumb\"},\"inLanguage\":\"fr-FR\",\"potentialAction\":[{\"@type\":\"ReadAction\",\"target\":[\"https:\/\/www.uni.lu\/c2dh-fr\/events\/doctoriales-numeriques-lab5-crulh-c2dh\/\"]}]},{\"@type\":\"ImageObject\",\"inLanguage\":\"fr-FR\",\"@id\":\"https:\/\/www.uni.lu\/c2dh-fr\/events\/doctoriales-numeriques-lab5-crulh-c2dh\/#primaryimage\",\"url\":\"https:\/\/www.uni.lu\/wp-content\/uploads\/sites\/24\/2025\/01\/Doctoriales-main-image-4_3.jpg\",\"contentUrl\":\"https:\/\/www.uni.lu\/wp-content\/uploads\/sites\/24\/2025\/01\/Doctoriales-main-image-4_3.jpg\",\"width\":1500,\"height\":1125,\"caption\":\"Doctoriales num\u00e9riques\"},{\"@type\":\"BreadcrumbList\",\"@id\":\"https:\/\/www.uni.lu\/c2dh-fr\/events\/doctoriales-numeriques-lab5-crulh-c2dh\/#breadcrumb\",\"itemListElement\":[{\"@type\":\"ListItem\",\"position\":1,\"name\":\"Home\",\"item\":\"https:\/\/www.uni.lu\/fr\"},{\"@type\":\"ListItem\",\"position\":2,\"name\":\"Luxembourg Centre for Contemporary and Digital History (C\u00b2DH)\",\"item\":\"https:\/\/www.uni.lu\/c2dh-fr\/\"},{\"@type\":\"ListItem\",\"position\":3,\"name\":\"Events\",\"item\":\"https:\/\/www.uni.lu\/c2dh-fr\/events\/\"},{\"@type\":\"ListItem\",\"position\":4,\"name\":\"Doctoriales num\u00e9riques Lab5 \u2013 CRULH \u2013 C\u00b2DH\"}]},{\"@type\":\"WebSite\",\"@id\":\"https:\/\/www.uni.lu\/c2dh-fr\/#website\",\"url\":\"https:\/\/www.uni.lu\/c2dh-fr\/\",\"name\":\"C2DH\",\"description\":\"Luxembourg Centre for Contemporary and Digital History I Uni.lu\",\"publisher\":{\"@id\":\"https:\/\/www.uni.lu\/c2dh-fr\/#organization\"},\"alternateName\":\"Luxembourg Centre for Contemporary and Digital History I Universit\u00e9 du Luxembourg\",\"potentialAction\":[{\"@type\":\"SearchAction\",\"target\":{\"@type\":\"EntryPoint\",\"urlTemplate\":\"https:\/\/www.uni.lu\/c2dh-fr\/?s={search_term_string}\"},\"query-input\":\"required name=search_term_string\"}],\"inLanguage\":\"fr-FR\"},{\"@type\":\"Organization\",\"@id\":\"https:\/\/www.uni.lu\/c2dh-fr\/#organization\",\"name\":\"C\u00b2DH - Universit\u00e9 du Luxembourg I Uni.lu\",\"alternateName\":\"Luxembourg Centre for Contemporary and Digital History\",\"url\":\"https:\/\/www.uni.lu\/c2dh-fr\/\",\"logo\":{\"@type\":\"ImageObject\",\"inLanguage\":\"fr-FR\",\"@id\":\"https:\/\/www.uni.lu\/c2dh-fr\/#\/schema\/logo\/image\/\",\"url\":\"https:\/\/www.uni.lu\/wp-content\/uploads\/sites\/24\/2026\/03\/03113451\/C2DH_SM-Profile_1600x1600px-scaled.jpg\",\"contentUrl\":\"https:\/\/www.uni.lu\/wp-content\/uploads\/sites\/24\/2026\/03\/03113451\/C2DH_SM-Profile_1600x1600px-scaled.jpg\",\"width\":2560,\"height\":2560,\"caption\":\"C\u00b2DH - Universit\u00e9 du Luxembourg I Uni.lu\"},\"image\":\"https:\/\/www.uni.lu\/wp-content\/uploads\/sites\/24\/2026\/04\/24144333\/20200609-Belval-Campus_Henri-Goergen-23.jpg\",\"sameAs\":[\"https:\/\/www.facebook.com\/c2dh.lu\",\"http:\/\/www.instagram.com\/c2dh_lu\",\"http:\/\/www.linkedin.com\/showcase\/c2dh-university-of-luxembourg\"],\"email\":\"communication@uni.lu\",\"telephone\":\"+3524666441\",\"address\":{\"@type\":\"PostalAddress\",\"streetAddress\":\"11, Porte des Sciences\",\"addressLocality\":\"Esch-sur-Alzette\",\"postalCode\":\"4365\",\"addressCountry\":\"LU\"},\"description\":\"Luxembourg Centre for Contemporary and Digital History I Uni.lu\"}]}<\/script>\n<!-- \/ Yoast SEO Premium plugin. -->","yoast_head_json":{"title":"Doctoriales num\u00e9riques Lab5 \u2013 CRULH \u2013 C\u00b2DH - C\u00b2DH - Universit\u00e9 du Luxembourg I Uni.lu","description":"Cette premi\u00e8re journ\u00e9e de doctoriales organis\u00e9e par Anne-Catherine Schmidt-Trimborn et Julie d\u2019Audurain (CRULH) et Val\u00e9rie Schafer (C\u00b2DH) souhaite permettre \u00e0 quelques doctorantes et doctorants de nos deux universit\u00e9s (l\u2019Universit\u00e9 de Lorraine et l\u2019Universit\u00e9 du Luxembourg) de se rencontrer et d\u2019\u00e9changer autour de leurs usages et m\u00e9thodes num\u00e9riques en histoire.","robots":{"index":"index","follow":"follow","max-snippet":"max-snippet:-1","max-image-preview":"max-image-preview:large","max-video-preview":"max-video-preview:-1"},"canonical":"https:\/\/www.uni.lu\/c2dh-fr\/events\/doctoriales-numeriques-lab5-crulh-c2dh\/","og_locale":"fr_FR","og_type":"article","og_title":"Doctoriales num\u00e9riques Lab5 \u2013 CRULH \u2013 C\u00b2DH","og_description":"Cette premi\u00e8re journ\u00e9e de doctoriales organis\u00e9e par Anne-Catherine Schmidt-Trimborn et Julie d\u2019Audurain (CRULH) et Val\u00e9rie Schafer (C\u00b2DH) souhaite permettre \u00e0 quelques doctorantes et doctorants de nos deux universit\u00e9s (l\u2019Universit\u00e9 de Lorraine et l\u2019Universit\u00e9 du Luxembourg) de se rencontrer et d\u2019\u00e9changer autour de leurs usages et m\u00e9thodes num\u00e9riques en histoire.","og_url":"https:\/\/www.uni.lu\/c2dh-fr\/events\/doctoriales-numeriques-lab5-crulh-c2dh\/","og_site_name":"C2DH FR","article_publisher":"https:\/\/www.facebook.com\/c2dh.lu","article_modified_time":"2025-02-03T12:27:03+00:00","og_image":[{"width":1500,"height":1125,"url":"https:\/\/www.uni.lu\/wp-content\/uploads\/sites\/24\/2025\/01\/Doctoriales-main-image-4_3.jpg","type":"image\/jpeg"}],"twitter_card":"summary_large_image","twitter_misc":{"Dur\u00e9e de lecture estim\u00e9e":"4 minutes"},"schema":{"@context":"https:\/\/schema.org","@graph":[{"@type":"WebPage","@id":"https:\/\/www.uni.lu\/c2dh-fr\/events\/doctoriales-numeriques-lab5-crulh-c2dh\/","url":"https:\/\/www.uni.lu\/c2dh-fr\/events\/doctoriales-numeriques-lab5-crulh-c2dh\/","name":"Doctoriales num\u00e9riques Lab5 \u2013 CRULH \u2013 C\u00b2DH - C\u00b2DH - Universit\u00e9 du Luxembourg I Uni.lu","isPartOf":{"@id":"https:\/\/www.uni.lu\/c2dh-fr\/#website"},"primaryImageOfPage":{"@id":"https:\/\/www.uni.lu\/c2dh-fr\/events\/doctoriales-numeriques-lab5-crulh-c2dh\/#primaryimage"},"image":{"@id":"https:\/\/www.uni.lu\/c2dh-fr\/events\/doctoriales-numeriques-lab5-crulh-c2dh\/#primaryimage"},"thumbnailUrl":"https:\/\/www.uni.lu\/wp-content\/uploads\/sites\/24\/2025\/01\/Doctoriales-main-image-4_3.jpg","datePublished":"2025-01-29T08:56:31+00:00","dateModified":"2025-02-03T12:27:03+00:00","description":"Cette premi\u00e8re journ\u00e9e de doctoriales organis\u00e9e par Anne-Catherine Schmidt-Trimborn et Julie d\u2019Audurain (CRULH) et Val\u00e9rie Schafer (C\u00b2DH) souhaite permettre \u00e0 quelques doctorantes et doctorants de nos deux universit\u00e9s (l\u2019Universit\u00e9 de Lorraine et l\u2019Universit\u00e9 du Luxembourg) de se rencontrer et d\u2019\u00e9changer autour de leurs usages et m\u00e9thodes num\u00e9riques en histoire.","breadcrumb":{"@id":"https:\/\/www.uni.lu\/c2dh-fr\/events\/doctoriales-numeriques-lab5-crulh-c2dh\/#breadcrumb"},"inLanguage":"fr-FR","potentialAction":[{"@type":"ReadAction","target":["https:\/\/www.uni.lu\/c2dh-fr\/events\/doctoriales-numeriques-lab5-crulh-c2dh\/"]}]},{"@type":"ImageObject","inLanguage":"fr-FR","@id":"https:\/\/www.uni.lu\/c2dh-fr\/events\/doctoriales-numeriques-lab5-crulh-c2dh\/#primaryimage","url":"https:\/\/www.uni.lu\/wp-content\/uploads\/sites\/24\/2025\/01\/Doctoriales-main-image-4_3.jpg","contentUrl":"https:\/\/www.uni.lu\/wp-content\/uploads\/sites\/24\/2025\/01\/Doctoriales-main-image-4_3.jpg","width":1500,"height":1125,"caption":"Doctoriales num\u00e9riques"},{"@type":"BreadcrumbList","@id":"https:\/\/www.uni.lu\/c2dh-fr\/events\/doctoriales-numeriques-lab5-crulh-c2dh\/#breadcrumb","itemListElement":[{"@type":"ListItem","position":1,"name":"Home","item":"https:\/\/www.uni.lu\/fr"},{"@type":"ListItem","position":2,"name":"Luxembourg Centre for Contemporary and Digital History (C\u00b2DH)","item":"https:\/\/www.uni.lu\/c2dh-fr\/"},{"@type":"ListItem","position":3,"name":"Events","item":"https:\/\/www.uni.lu\/c2dh-fr\/events\/"},{"@type":"ListItem","position":4,"name":"Doctoriales num\u00e9riques Lab5 \u2013 CRULH \u2013 C\u00b2DH"}]},{"@type":"WebSite","@id":"https:\/\/www.uni.lu\/c2dh-fr\/#website","url":"https:\/\/www.uni.lu\/c2dh-fr\/","name":"C2DH","description":"Luxembourg Centre for Contemporary and Digital History I Uni.lu","publisher":{"@id":"https:\/\/www.uni.lu\/c2dh-fr\/#organization"},"alternateName":"Luxembourg Centre for Contemporary and Digital History I Universit\u00e9 du Luxembourg","potentialAction":[{"@type":"SearchAction","target":{"@type":"EntryPoint","urlTemplate":"https:\/\/www.uni.lu\/c2dh-fr\/?s={search_term_string}"},"query-input":"required name=search_term_string"}],"inLanguage":"fr-FR"},{"@type":"Organization","@id":"https:\/\/www.uni.lu\/c2dh-fr\/#organization","name":"C\u00b2DH - Universit\u00e9 du Luxembourg I Uni.lu","alternateName":"Luxembourg Centre for Contemporary and Digital History","url":"https:\/\/www.uni.lu\/c2dh-fr\/","logo":{"@type":"ImageObject","inLanguage":"fr-FR","@id":"https:\/\/www.uni.lu\/c2dh-fr\/#\/schema\/logo\/image\/","url":"https:\/\/www.uni.lu\/wp-content\/uploads\/sites\/24\/2026\/03\/03113451\/C2DH_SM-Profile_1600x1600px-scaled.jpg","contentUrl":"https:\/\/www.uni.lu\/wp-content\/uploads\/sites\/24\/2026\/03\/03113451\/C2DH_SM-Profile_1600x1600px-scaled.jpg","width":2560,"height":2560,"caption":"C\u00b2DH - Universit\u00e9 du Luxembourg I Uni.lu"},"image":"https:\/\/www.uni.lu\/wp-content\/uploads\/sites\/24\/2026\/04\/24144333\/20200609-Belval-Campus_Henri-Goergen-23.jpg","sameAs":["https:\/\/www.facebook.com\/c2dh.lu","http:\/\/www.instagram.com\/c2dh_lu","http:\/\/www.linkedin.com\/showcase\/c2dh-university-of-luxembourg"],"email":"communication@uni.lu","telephone":"+3524666441","address":{"@type":"PostalAddress","streetAddress":"11, Porte des Sciences","addressLocality":"Esch-sur-Alzette","postalCode":"4365","addressCountry":"LU"},"description":"Luxembourg Centre for Contemporary and Digital History I Uni.lu"}]}},"_links":{"self":[{"href":"https:\/\/www.uni.lu\/c2dh-fr\/wp-json\/wp\/v2\/events\/1340"}],"collection":[{"href":"https:\/\/www.uni.lu\/c2dh-fr\/wp-json\/wp\/v2\/events"}],"about":[{"href":"https:\/\/www.uni.lu\/c2dh-fr\/wp-json\/wp\/v2\/types\/events"}],"author":[{"embeddable":true,"href":"https:\/\/www.uni.lu\/c2dh-fr\/wp-json\/wp\/v2\/users\/57"}],"replies":[{"embeddable":true,"href":"https:\/\/www.uni.lu\/c2dh-fr\/wp-json\/wp\/v2\/comments?post=1340"}],"version-history":[{"count":4,"href":"https:\/\/www.uni.lu\/c2dh-fr\/wp-json\/wp\/v2\/events\/1340\/revisions"}],"predecessor-version":[{"id":1353,"href":"https:\/\/www.uni.lu\/c2dh-fr\/wp-json\/wp\/v2\/events\/1340\/revisions\/1353"}],"wp:authorship":[{"embeddable":true,"href":"https:\/\/www.uni.lu\/c2dh-fr\/wp-json\/wp\/v2\/users\/57"}],"wp:featuredmedia":[{"embeddable":true,"href":"https:\/\/www.uni.lu\/c2dh-fr\/wp-json\/wp\/v2\/media\/1344"}],"wp:attachment":[{"href":"https:\/\/www.uni.lu\/c2dh-fr\/wp-json\/wp\/v2\/media?parent=1340"}],"wp:term":[{"taxonomy":"events-topic","embeddable":true,"href":"https:\/\/www.uni.lu\/c2dh-fr\/wp-json\/wp\/v2\/events-topic?post=1340"},{"taxonomy":"events-type","embeddable":true,"href":"https:\/\/www.uni.lu\/c2dh-fr\/wp-json\/wp\/v2\/events-type?post=1340"},{"taxonomy":"organisation","embeddable":true,"href":"https:\/\/www.uni.lu\/c2dh-fr\/wp-json\/wp\/v2\/organisation?post=1340"}],"curies":[{"name":"wp","href":"https:\/\/api.w.org\/{rel}","templated":true}]}}