{"id":1278,"date":"2024-12-12T14:13:18","date_gmt":"2024-12-12T13:13:18","guid":{"rendered":"https:\/\/www.uni.lu\/c2dh-fr\/?post_type=events&#038;p=1278"},"modified":"2024-12-16T11:30:22","modified_gmt":"2024-12-16T10:30:22","slug":"humming-home-public-history-and-sound","status":"publish","type":"events","link":"https:\/\/www.uni.lu\/c2dh-fr\/events\/humming-home-public-history-and-sound\/","title":{"rendered":"Humming Home Public history and Sound"},"content":{"rendered":"\n<section class=\"wp-block-unilux-blocks-free-section section\"><div class=\"container xl:max-w-screen-xl\">\n<p><em>Humming Home<\/em> est une s\u00e9rie d\u2019\u00e9v\u00e9nements qui visent \u00e0 examiner comment diff\u00e9rentes cultures, groupes communautaires et individus utilisent le son, la musique et le silence pour parler de leur histoire. Qu\u2019ont en commun la musique et l\u2019histoire ? Le son peut-il nous en dire plus sur le pass\u00e9 ? Quel r\u00f4le joue la voix dans ce contexte ? Et le silence ? Parle-t-il aussi ? La voix implique-t-elle une certaine ma\u00eetrise de l\u2019histoire ? Comment les sons et leur absence se refl\u00e8tent-ils dans notre m\u00e9moire politique et culturelle du pass\u00e9 ?<\/p>\n\n\n\n<p>La s\u00e9rie \u00abHumming Home\u00bb d\u00e9marre avec <strong>un concert de jazz en direct et une discussion avec le compositeur et musicien palestinien Mohamed Najem,<\/strong> du Mohammed Najem Quartet, le 16 janvier 2025.<\/p>\n\n\n\n<p>L\u2019\u00e9v\u00e9nement comprendra :<\/p>\n\n\n\n<ul class=\"ulux-list\">\n<li class=\"ulux-list-item\">Une br\u00e8ve pr\u00e9sentation par la <a href=\"https:\/\/www.uni.lu\/c2dh-en\/people\/mariam-dalal\/\">Dr. Myriam Dalal<\/a> de son projet de recherche \u00e0 l\u2019Universit\u00e9 du Luxembourg.<\/li>\n\n\n\n<li class=\"ulux-list-item\">Une pr\u00e9sentation par la commissaire Charlotte Masse de l\u2019exposition en cours <em>Dis-Placed<\/em> \u00e0 la Konschthal, en discussion avec Dalal, centr\u00e9e sur les \u0153uvres de l\u2019artiste visuel Taysir Batniji.<\/li>\n\n\n\n<li class=\"ulux-list-item\">Une discussion entre Dalal et le musicien\/compositeur invit\u00e9 Mohamed Najem sur son travail, son processus cr\u00e9atif pour \u00e9voquer l\u2019histoire et l\u2019appartenance.<\/li>\n\n\n\n<li class=\"ulux-list-item\">Une performance live du Mohamed Najem Jazz Quartet.<\/li>\n\n\n\n<li class=\"ulux-list-item\">R\u00e9ception et moment d\u2019\u00e9change au niveau du Bar.<\/li>\n<\/ul>\n\n\n<div class=\"wp-block-unilux-blocks-spacer is-spacer-size-md\"><\/div>\n\n\n<h4 class=\"has-text-align-left wp-block-unilux-blocks-heading\"        id=\"projet-de-recherche-are-we-home-yet\"\n    >\nProjet de recherche \u00ab Are We Home Yet ? \u00bb <\/h4>\n\n\n\n<p>Le mot \u00abmaison\u00bb, dans diff\u00e9rentes langues, est souvent associ\u00e9 \u00e0 de nombreux d\u00e9riv\u00e9s, chacun touchant \u00e0 un aspect diff\u00e9rent de ce que signifie le \u00ab chez-soi \u00bb. Les migrants\/exil\u00e9s sont des individus qui, par d\u00e9finition, ont \u00abperdu\u00bb leur \u00abmaison\u00bb et cherchent donc \u00e0 en trouver une nouvelle. L\u2019id\u00e9e d\u2019un \u00abchez-soi\u00bb et la signification du mot prennent alors une dimension amplifi\u00e9e, plus profonde.<\/p>\n\n\n\n<p>Depuis 2023, la chercheuse postdoctorale Dr. Myriam Dalal a rejoint l\u2019\u00e9quipe PHACS pour d\u00e9velopper et diriger le projet <a href=\"https:\/\/www.uni.lu\/c2dh-en\/research-projects\/phacs\/are-we-home-yet\/\">\u00abAre We Home Yet?\u00bb<\/a> qui explore la qu\u00eate du chez-soi et ses interpr\u00e9tations pour plusieurs communaut\u00e9s migrantes vivant au Luxembourg.<\/p>\n\n\n\n<p>Travaillant \u00e0 l\u2019intersection de l\u2019histoire publique et des arts, et en collaboration avec le <a href=\"https:\/\/www.uni.lu\/c2dh-en\/people\/thomas-cauvin\/\">prof. Cauvin<\/a>, la Dr. Dalal d\u00e9veloppe deux projets artistiques exp\u00e9rimentaux qui mettent en avant des histoires alternatives et inexplor\u00e9es de la ville d\u2019Esch-sur-Alzette au Luxembourg.<\/p>\n\n\n\n<h4 class=\"has-text-align-left wp-block-unilux-blocks-heading\"        id=\"mohamed-najem-le-jazz-quartet-et-jaffa-blossom\"\n    >\nMohamed Najem, le Jazz Quartet et \u00ab Jaffa Blossom \u00bb <\/h4>\n\n\n\n<p>Mohamed Najem est un clarinettiste palestinien \u00e0 la croi\u00e9e de trois cultures musicales : la musique orientale, la musique classique et le jazz. Inspir\u00e9 par les r\u00e9cits de son grand-p\u00e8re, n\u00e9 \u00e0 Jaffa (\u00ab la fianc\u00e9e de la mer et la ville des oranges \u00bb), l\u2019artiste puise dans ses voyages et ses souvenirs pour infuser ses m\u00e9lodies de couleurs vibrantes.<br>Dans son dernier album,\u00ab Jaffa Blossom \u00bb, Najem est guid\u00e9 par cette qu\u00eate spirituelle et m\u00e9morielle, tra\u00e7ant \u00e0 travers la musique la carte de son propre territoire. <\/p>\n\n\n\n<p>L\u2019instrumentation choisie, typiquement jazz\u2014le quartet avec piano, contrebasse et batterie\u2014se distingue par son originalit\u00e9 en r\u00e9inventant le genre, loin des clich\u00e9s, et par le talent de chaque membre. Qu\u2019il s\u2019agisse du piano de Cl\u00e9ment Prioul, de la contrebasse d\u2019Arthur Henn ou de la batterie de Baptiste Castets, chaque intervention est soigneusement con\u00e7ue.<\/p>\n\n\n\n<ul class=\"wp-block-unilux-blocks-button-list-v2\">\n<li class=\"wp-block-unilux-blocks-button-list-item-v2\"><a class=\"quick-link\" href=\"https:\/\/www.youtube.com\/@Mohamednajem\" target=\"_blank\" role=\"link\" rel=\"noopener\" tabindex=\"0\"><span class=\"quick-link__container\">\n<div class=\"wp-block-unilux-blocks-block-inserter quick-link__img\"><\/div>\n\n\n\n<span class=\"quick-link__name wp-block-unilux-blocks-plain-text\">Mohamed Najem sur youtube<\/span>\n\n<svg aria-hidden=\"true\" focusable=\"false\" class=\"icon icon-outline icon--external-link \"><use xlink:href=\"https:\/\/www.uni.lu\/wp-content\/themes\/unilux-theme\/assets\/images\/icons\/icons-outline.svg#icon--external-link\"><\/use><\/svg><\/span><\/a><\/li>\n<\/ul>\n\n\n<div class=\"wp-block-unilux-blocks-spacer is-spacer-size-md\"><\/div>\n\n\n<p>Participation gratuite. Pour des raisons logistiques, nous vous remercions de vous inscrire.<\/p>\n\n\n\n<ul class=\"wp-block-unilux-blocks-custom-buttons btn-list justify-center\"><li class=\"wp-block-unilux-blocks-custom-button\"    aria-disabled=\"false\"\n    >\n    <a\n        role=\"link\"\n        aria-disabled=\"false\"\n                    href=\"https:\/\/www.uni.lu\/c2dh-fr\/calendar?post_type=events&#038;p=1278&#038;calendar\"\n                target=\"_self\"\n        class=\"btn btn--primary\"\n            >Ajouter au calendrier<\/a>\n<\/li>\n\n\n<li class=\"wp-block-unilux-blocks-custom-button\"    aria-disabled=\"false\"\n    >\n    <a\n        role=\"link\"\n        aria-disabled=\"false\"\n                    href=\"http:\/\/ulsurvey.uni.lu\/index.php\/573266?lang=fr\"\n                target=\"_blank\"\n        class=\"btn btn--primary\"\n            >Inscription<\/a>\n<\/li>\n<\/ul>\n\n\n<div class=\"wp-block-unilux-blocks-spacer is-spacer-size-md\"><\/div>\n\n\n<p><sup>Photo: \u00a9 Marc Ribes<\/sup><\/p>\n<\/div><\/section>\n","protected":false},"excerpt":{"rendered":"<p>La s\u00e9rie \u00abHumming Home\u00bb d\u00e9marre avec un concert de jazz en direct et une discussion avec le compositeur et musicien palestinien Mohamed Najem, du Mohammed Najem Quartet.<\/p>\n","protected":false},"author":57,"featured_media":1281,"parent":0,"menu_order":0,"comment_status":"open","ping_status":"closed","template":"","format":"standard","meta":{"featured_image_focal_point":{"x":0.48,"y":0.36},"show_featured_caption":false,"ulux_newsletter_groups":"","uluxPostTitle":"","uluxPrePostTitle":"","_trash_the_other_posts":false,"_price":"","_stock":"","_tribe_ticket_header":"","_tribe_default_ticket_provider":"","_tribe_ticket_capacity":"0","_ticket_start_date":"","_ticket_end_date":"","_tribe_ticket_show_description":"","_tribe_ticket_show_not_going":false,"_tribe_ticket_use_global_stock":"","_tribe_ticket_global_stock_level":"","_global_stock_mode":"","_global_stock_cap":"","_tribe_rsvp_for_event":"","_tribe_ticket_going_count":"","_tribe_ticket_not_going_count":"","_tribe_tickets_list":"[]","_tribe_ticket_has_attendee_info_fields":false,"event_start_date":"2025-01-16 18:30:00","event_end_date":"2025-01-16 23:00:00","event_speaker_name":"Mohamed Najem","event_speaker_link":"","event_is_online":false,"event_location":"Konschthal Esch","event_street":"29 boulevard Prince Henri","event_location_link":"https:\/\/maps.app.goo.gl\/RJwsFSxngzG6iKwg8","event_zip_code":"4280","event_city":"Esch-sur-Alzette","event_country":"Luxembourg"},"events-topic":[306],"events-type":[324,320,325],"organisation":[540,544],"authorship":[57],"acf":[],"yoast_head":"<!-- This site is optimized with the Yoast SEO Premium plugin v22.3 (Yoast SEO v22.3) - https:\/\/yoast.com\/wordpress\/plugins\/seo\/ -->\n<title>Humming Home Public history and Sound - C\u00b2DH - Universit\u00e9 du Luxembourg I Uni.lu<\/title>\n<meta name=\"description\" content=\"La s\u00e9rie \u00abHumming Home\u00bb d\u00e9marre avec un concert de jazz en direct et une discussion avec le compositeur et musicien palestinien Mohamed Najem, du Mohammed Najem Quartet.\" \/>\n<meta name=\"robots\" content=\"index, follow, max-snippet:-1, max-image-preview:large, max-video-preview:-1\" \/>\n<link rel=\"canonical\" href=\"https:\/\/www.uni.lu\/c2dh-fr\/events\/humming-home-public-history-and-sound\/\" \/>\n<meta property=\"og:locale\" content=\"fr_FR\" \/>\n<meta property=\"og:type\" content=\"article\" \/>\n<meta property=\"og:title\" content=\"Humming Home Public history and Sound\" \/>\n<meta property=\"og:description\" content=\"La s\u00e9rie \u00abHumming Home\u00bb d\u00e9marre avec un concert de jazz en direct et une discussion avec le compositeur et musicien palestinien Mohamed Najem, du Mohammed Najem Quartet.\" \/>\n<meta property=\"og:url\" content=\"https:\/\/www.uni.lu\/c2dh-fr\/events\/humming-home-public-history-and-sound\/\" \/>\n<meta property=\"og:site_name\" content=\"C2DH FR\" \/>\n<meta property=\"article:publisher\" content=\"https:\/\/www.facebook.com\/c2dh.lu\" \/>\n<meta property=\"article:modified_time\" content=\"2024-12-16T10:30:22+00:00\" \/>\n<meta property=\"og:image\" content=\"https:\/\/www.uni.lu\/wp-content\/uploads\/sites\/24\/2024\/12\/MNajem.jpg\" \/>\n\t<meta property=\"og:image:width\" content=\"750\" \/>\n\t<meta property=\"og:image:height\" content=\"978\" \/>\n\t<meta property=\"og:image:type\" content=\"image\/jpeg\" \/>\n<meta name=\"twitter:card\" content=\"summary_large_image\" \/>\n<meta name=\"twitter:label1\" content=\"Dur\u00e9e de lecture estim\u00e9e\" \/>\n\t<meta name=\"twitter:data1\" content=\"3 minutes\" \/>\n<script type=\"application\/ld+json\" class=\"yoast-schema-graph\">{\"@context\":\"https:\/\/schema.org\",\"@graph\":[{\"@type\":\"WebPage\",\"@id\":\"https:\/\/www.uni.lu\/c2dh-fr\/events\/humming-home-public-history-and-sound\/\",\"url\":\"https:\/\/www.uni.lu\/c2dh-fr\/events\/humming-home-public-history-and-sound\/\",\"name\":\"Humming Home Public history and Sound - C\u00b2DH - Universit\u00e9 du Luxembourg I Uni.lu\",\"isPartOf\":{\"@id\":\"https:\/\/www.uni.lu\/c2dh-fr\/#website\"},\"primaryImageOfPage\":{\"@id\":\"https:\/\/www.uni.lu\/c2dh-fr\/events\/humming-home-public-history-and-sound\/#primaryimage\"},\"image\":{\"@id\":\"https:\/\/www.uni.lu\/c2dh-fr\/events\/humming-home-public-history-and-sound\/#primaryimage\"},\"thumbnailUrl\":\"https:\/\/www.uni.lu\/wp-content\/uploads\/sites\/24\/2024\/12\/MNajem.jpg\",\"datePublished\":\"2024-12-12T13:13:18+00:00\",\"dateModified\":\"2024-12-16T10:30:22+00:00\",\"description\":\"La s\u00e9rie \u00abHumming Home\u00bb d\u00e9marre avec un concert de jazz en direct et une discussion avec le compositeur et musicien palestinien Mohamed Najem, du Mohammed Najem Quartet.\",\"breadcrumb\":{\"@id\":\"https:\/\/www.uni.lu\/c2dh-fr\/events\/humming-home-public-history-and-sound\/#breadcrumb\"},\"inLanguage\":\"fr-FR\",\"potentialAction\":[{\"@type\":\"ReadAction\",\"target\":[\"https:\/\/www.uni.lu\/c2dh-fr\/events\/humming-home-public-history-and-sound\/\"]}]},{\"@type\":\"ImageObject\",\"inLanguage\":\"fr-FR\",\"@id\":\"https:\/\/www.uni.lu\/c2dh-fr\/events\/humming-home-public-history-and-sound\/#primaryimage\",\"url\":\"https:\/\/www.uni.lu\/wp-content\/uploads\/sites\/24\/2024\/12\/MNajem.jpg\",\"contentUrl\":\"https:\/\/www.uni.lu\/wp-content\/uploads\/sites\/24\/2024\/12\/MNajem.jpg\",\"width\":750,\"height\":978,\"caption\":\"Mohamed Najem\"},{\"@type\":\"BreadcrumbList\",\"@id\":\"https:\/\/www.uni.lu\/c2dh-fr\/events\/humming-home-public-history-and-sound\/#breadcrumb\",\"itemListElement\":[{\"@type\":\"ListItem\",\"position\":1,\"name\":\"Home\",\"item\":\"https:\/\/www.uni.lu\/fr\"},{\"@type\":\"ListItem\",\"position\":2,\"name\":\"Luxembourg Centre for Contemporary and Digital History (C\u00b2DH)\",\"item\":\"https:\/\/www.uni.lu\/c2dh-fr\/\"},{\"@type\":\"ListItem\",\"position\":3,\"name\":\"Events\",\"item\":\"https:\/\/www.uni.lu\/c2dh-fr\/events\/\"},{\"@type\":\"ListItem\",\"position\":4,\"name\":\"Humming Home Public history and Sound\"}]},{\"@type\":\"WebSite\",\"@id\":\"https:\/\/www.uni.lu\/c2dh-fr\/#website\",\"url\":\"https:\/\/www.uni.lu\/c2dh-fr\/\",\"name\":\"C2DH\",\"description\":\"Luxembourg Centre for Contemporary and Digital History I Uni.lu\",\"publisher\":{\"@id\":\"https:\/\/www.uni.lu\/c2dh-fr\/#organization\"},\"alternateName\":\"Luxembourg Centre for Contemporary and Digital History I Universit\u00e9 du Luxembourg\",\"potentialAction\":[{\"@type\":\"SearchAction\",\"target\":{\"@type\":\"EntryPoint\",\"urlTemplate\":\"https:\/\/www.uni.lu\/c2dh-fr\/?s={search_term_string}\"},\"query-input\":\"required name=search_term_string\"}],\"inLanguage\":\"fr-FR\"},{\"@type\":\"Organization\",\"@id\":\"https:\/\/www.uni.lu\/c2dh-fr\/#organization\",\"name\":\"C\u00b2DH - Universit\u00e9 du Luxembourg I Uni.lu\",\"alternateName\":\"Luxembourg Centre for Contemporary and Digital History\",\"url\":\"https:\/\/www.uni.lu\/c2dh-fr\/\",\"logo\":{\"@type\":\"ImageObject\",\"inLanguage\":\"fr-FR\",\"@id\":\"https:\/\/www.uni.lu\/c2dh-fr\/#\/schema\/logo\/image\/\",\"url\":\"https:\/\/www.uni.lu\/wp-content\/uploads\/sites\/24\/2026\/03\/03113451\/C2DH_SM-Profile_1600x1600px-scaled.jpg\",\"contentUrl\":\"https:\/\/www.uni.lu\/wp-content\/uploads\/sites\/24\/2026\/03\/03113451\/C2DH_SM-Profile_1600x1600px-scaled.jpg\",\"width\":2560,\"height\":2560,\"caption\":\"C\u00b2DH - Universit\u00e9 du Luxembourg I Uni.lu\"},\"image\":\"https:\/\/www.uni.lu\/wp-content\/uploads\/sites\/24\/2026\/04\/24144333\/20200609-Belval-Campus_Henri-Goergen-23.jpg\",\"sameAs\":[\"https:\/\/www.facebook.com\/c2dh.lu\",\"http:\/\/www.instagram.com\/c2dh_lu\",\"http:\/\/www.linkedin.com\/showcase\/c2dh-university-of-luxembourg\"],\"email\":\"communication@uni.lu\",\"telephone\":\"+3524666441\",\"address\":{\"@type\":\"PostalAddress\",\"streetAddress\":\"11, Porte des Sciences\",\"addressLocality\":\"Esch-sur-Alzette\",\"postalCode\":\"4365\",\"addressCountry\":\"LU\"},\"description\":\"Luxembourg Centre for Contemporary and Digital History I Uni.lu\"}]}<\/script>\n<!-- \/ Yoast SEO Premium plugin. -->","yoast_head_json":{"title":"Humming Home Public history and Sound - C\u00b2DH - Universit\u00e9 du Luxembourg I Uni.lu","description":"La s\u00e9rie \u00abHumming Home\u00bb d\u00e9marre avec un concert de jazz en direct et une discussion avec le compositeur et musicien palestinien Mohamed Najem, du Mohammed Najem Quartet.","robots":{"index":"index","follow":"follow","max-snippet":"max-snippet:-1","max-image-preview":"max-image-preview:large","max-video-preview":"max-video-preview:-1"},"canonical":"https:\/\/www.uni.lu\/c2dh-fr\/events\/humming-home-public-history-and-sound\/","og_locale":"fr_FR","og_type":"article","og_title":"Humming Home Public history and Sound","og_description":"La s\u00e9rie \u00abHumming Home\u00bb d\u00e9marre avec un concert de jazz en direct et une discussion avec le compositeur et musicien palestinien Mohamed Najem, du Mohammed Najem Quartet.","og_url":"https:\/\/www.uni.lu\/c2dh-fr\/events\/humming-home-public-history-and-sound\/","og_site_name":"C2DH FR","article_publisher":"https:\/\/www.facebook.com\/c2dh.lu","article_modified_time":"2024-12-16T10:30:22+00:00","og_image":[{"width":750,"height":978,"url":"https:\/\/www.uni.lu\/wp-content\/uploads\/sites\/24\/2024\/12\/MNajem.jpg","type":"image\/jpeg"}],"twitter_card":"summary_large_image","twitter_misc":{"Dur\u00e9e de lecture estim\u00e9e":"3 minutes"},"schema":{"@context":"https:\/\/schema.org","@graph":[{"@type":"WebPage","@id":"https:\/\/www.uni.lu\/c2dh-fr\/events\/humming-home-public-history-and-sound\/","url":"https:\/\/www.uni.lu\/c2dh-fr\/events\/humming-home-public-history-and-sound\/","name":"Humming Home Public history and Sound - C\u00b2DH - Universit\u00e9 du Luxembourg I Uni.lu","isPartOf":{"@id":"https:\/\/www.uni.lu\/c2dh-fr\/#website"},"primaryImageOfPage":{"@id":"https:\/\/www.uni.lu\/c2dh-fr\/events\/humming-home-public-history-and-sound\/#primaryimage"},"image":{"@id":"https:\/\/www.uni.lu\/c2dh-fr\/events\/humming-home-public-history-and-sound\/#primaryimage"},"thumbnailUrl":"https:\/\/www.uni.lu\/wp-content\/uploads\/sites\/24\/2024\/12\/MNajem.jpg","datePublished":"2024-12-12T13:13:18+00:00","dateModified":"2024-12-16T10:30:22+00:00","description":"La s\u00e9rie \u00abHumming Home\u00bb d\u00e9marre avec un concert de jazz en direct et une discussion avec le compositeur et musicien palestinien Mohamed Najem, du Mohammed Najem Quartet.","breadcrumb":{"@id":"https:\/\/www.uni.lu\/c2dh-fr\/events\/humming-home-public-history-and-sound\/#breadcrumb"},"inLanguage":"fr-FR","potentialAction":[{"@type":"ReadAction","target":["https:\/\/www.uni.lu\/c2dh-fr\/events\/humming-home-public-history-and-sound\/"]}]},{"@type":"ImageObject","inLanguage":"fr-FR","@id":"https:\/\/www.uni.lu\/c2dh-fr\/events\/humming-home-public-history-and-sound\/#primaryimage","url":"https:\/\/www.uni.lu\/wp-content\/uploads\/sites\/24\/2024\/12\/MNajem.jpg","contentUrl":"https:\/\/www.uni.lu\/wp-content\/uploads\/sites\/24\/2024\/12\/MNajem.jpg","width":750,"height":978,"caption":"Mohamed Najem"},{"@type":"BreadcrumbList","@id":"https:\/\/www.uni.lu\/c2dh-fr\/events\/humming-home-public-history-and-sound\/#breadcrumb","itemListElement":[{"@type":"ListItem","position":1,"name":"Home","item":"https:\/\/www.uni.lu\/fr"},{"@type":"ListItem","position":2,"name":"Luxembourg Centre for Contemporary and Digital History (C\u00b2DH)","item":"https:\/\/www.uni.lu\/c2dh-fr\/"},{"@type":"ListItem","position":3,"name":"Events","item":"https:\/\/www.uni.lu\/c2dh-fr\/events\/"},{"@type":"ListItem","position":4,"name":"Humming Home Public history and Sound"}]},{"@type":"WebSite","@id":"https:\/\/www.uni.lu\/c2dh-fr\/#website","url":"https:\/\/www.uni.lu\/c2dh-fr\/","name":"C2DH","description":"Luxembourg Centre for Contemporary and Digital History I Uni.lu","publisher":{"@id":"https:\/\/www.uni.lu\/c2dh-fr\/#organization"},"alternateName":"Luxembourg Centre for Contemporary and Digital History I Universit\u00e9 du Luxembourg","potentialAction":[{"@type":"SearchAction","target":{"@type":"EntryPoint","urlTemplate":"https:\/\/www.uni.lu\/c2dh-fr\/?s={search_term_string}"},"query-input":"required name=search_term_string"}],"inLanguage":"fr-FR"},{"@type":"Organization","@id":"https:\/\/www.uni.lu\/c2dh-fr\/#organization","name":"C\u00b2DH - Universit\u00e9 du Luxembourg I Uni.lu","alternateName":"Luxembourg Centre for Contemporary and Digital History","url":"https:\/\/www.uni.lu\/c2dh-fr\/","logo":{"@type":"ImageObject","inLanguage":"fr-FR","@id":"https:\/\/www.uni.lu\/c2dh-fr\/#\/schema\/logo\/image\/","url":"https:\/\/www.uni.lu\/wp-content\/uploads\/sites\/24\/2026\/03\/03113451\/C2DH_SM-Profile_1600x1600px-scaled.jpg","contentUrl":"https:\/\/www.uni.lu\/wp-content\/uploads\/sites\/24\/2026\/03\/03113451\/C2DH_SM-Profile_1600x1600px-scaled.jpg","width":2560,"height":2560,"caption":"C\u00b2DH - Universit\u00e9 du Luxembourg I Uni.lu"},"image":"https:\/\/www.uni.lu\/wp-content\/uploads\/sites\/24\/2026\/04\/24144333\/20200609-Belval-Campus_Henri-Goergen-23.jpg","sameAs":["https:\/\/www.facebook.com\/c2dh.lu","http:\/\/www.instagram.com\/c2dh_lu","http:\/\/www.linkedin.com\/showcase\/c2dh-university-of-luxembourg"],"email":"communication@uni.lu","telephone":"+3524666441","address":{"@type":"PostalAddress","streetAddress":"11, Porte des Sciences","addressLocality":"Esch-sur-Alzette","postalCode":"4365","addressCountry":"LU"},"description":"Luxembourg Centre for Contemporary and Digital History I Uni.lu"}]}},"_links":{"self":[{"href":"https:\/\/www.uni.lu\/c2dh-fr\/wp-json\/wp\/v2\/events\/1278"}],"collection":[{"href":"https:\/\/www.uni.lu\/c2dh-fr\/wp-json\/wp\/v2\/events"}],"about":[{"href":"https:\/\/www.uni.lu\/c2dh-fr\/wp-json\/wp\/v2\/types\/events"}],"author":[{"embeddable":true,"href":"https:\/\/www.uni.lu\/c2dh-fr\/wp-json\/wp\/v2\/users\/57"}],"replies":[{"embeddable":true,"href":"https:\/\/www.uni.lu\/c2dh-fr\/wp-json\/wp\/v2\/comments?post=1278"}],"version-history":[{"count":4,"href":"https:\/\/www.uni.lu\/c2dh-fr\/wp-json\/wp\/v2\/events\/1278\/revisions"}],"predecessor-version":[{"id":1289,"href":"https:\/\/www.uni.lu\/c2dh-fr\/wp-json\/wp\/v2\/events\/1278\/revisions\/1289"}],"wp:authorship":[{"embeddable":true,"href":"https:\/\/www.uni.lu\/c2dh-fr\/wp-json\/wp\/v2\/users\/57"}],"wp:featuredmedia":[{"embeddable":true,"href":"https:\/\/www.uni.lu\/c2dh-fr\/wp-json\/wp\/v2\/media\/1281"}],"wp:attachment":[{"href":"https:\/\/www.uni.lu\/c2dh-fr\/wp-json\/wp\/v2\/media?parent=1278"}],"wp:term":[{"taxonomy":"events-topic","embeddable":true,"href":"https:\/\/www.uni.lu\/c2dh-fr\/wp-json\/wp\/v2\/events-topic?post=1278"},{"taxonomy":"events-type","embeddable":true,"href":"https:\/\/www.uni.lu\/c2dh-fr\/wp-json\/wp\/v2\/events-type?post=1278"},{"taxonomy":"organisation","embeddable":true,"href":"https:\/\/www.uni.lu\/c2dh-fr\/wp-json\/wp\/v2\/organisation?post=1278"}],"curies":[{"name":"wp","href":"https:\/\/api.w.org\/{rel}","templated":true}]}}