{"id":3185,"date":"2024-05-07T12:26:35","date_gmt":"2024-05-07T10:26:35","guid":{"rendered":"https:\/\/www.uni.lu\/c2dh-en\/blog\/people\/natalia-martins-de-oliveira-goncalves\/"},"modified":"2026-03-29T06:36:14","modified_gmt":"2026-03-29T04:36:14","slug":"natalia-martins-de-oliveira-goncalves","status":"publish","type":"people","link":"https:\/\/www.uni.lu\/c2dh-en\/people\/natalia-martins-de-oliveira-goncalves\/","title":{"rendered":"Natalia MARTINS DE OLIVEIRA GON\u00c7ALVES"},"content":{"rendered":"\n\n<div class=\"person-template\">\n    <div class=\"wp-block-unilux-people-person-hero wp-block-unilux-blocks-hero\">\n            <section id=\"hero-page\" class=\"section py-0\">\n            <div class=\"max-w-screen-3xl mx-auto wp-block-unilux-blocks-hero\">\n                <div class=\"hero hero--overflow-none\">\n                    <header class=\"hero__header\">\n                        <div class=\"hero__container\">\n                            <span class=\"hero__title__subject\">\n                                Our People                            <\/span>\n                            <h1>\n                                                                Natalia                                MARTINS DE OLIVEIRA GON\u00c7ALVES                            <\/h1>\n                        <\/div>\n                    <\/header>\n                    <div class=\"hero__visual\">\n                        <img\n                                class=\"object-cover w-full h-full\"\n                                src=\"https:\/\/www.uni.lu\/en\/person-image\/NTAwNzgyMDFfX05hdGFsaWEgTUFSVElOUyBERSBPTElWRUlSQSBHT07Dh0FMVkVT\"\n                                srcset=\"https:\/\/www.uni.lu\/en\/person-image\/NTAwNzgyMDFfX05hdGFsaWEgTUFSVElOUyBERSBPTElWRUlSQSBHT07Dh0FMVkVT--thumbnail 150w,https:\/\/www.uni.lu\/en\/person-image\/NTAwNzgyMDFfX05hdGFsaWEgTUFSVElOUyBERSBPTElWRUlSQSBHT07Dh0FMVkVT--medium 300w,https:\/\/www.uni.lu\/en\/person-image\/NTAwNzgyMDFfX05hdGFsaWEgTUFSVElOUyBERSBPTElWRUlSQSBHT07Dh0FMVkVT--medium_large 768w,https:\/\/www.uni.lu\/en\/person-image\/NTAwNzgyMDFfX05hdGFsaWEgTUFSVElOUyBERSBPTElWRUlSQSBHT07Dh0FMVkVT--large 1024w,https:\/\/www.uni.lu\/en\/person-image\/NTAwNzgyMDFfX05hdGFsaWEgTUFSVElOUyBERSBPTElWRUlSQSBHT07Dh0FMVkVT--1536x1536 1536w,https:\/\/www.uni.lu\/en\/person-image\/NTAwNzgyMDFfX05hdGFsaWEgTUFSVElOUyBERSBPTElWRUlSQSBHT07Dh0FMVkVT--2048x2048 2048w\"\n                                loading=\"lazy\"\n                                alt=\"\">\n                    <\/div>\n                    <div class=\"hero__body\">\n                        <div class=\"hero__container\">\n                            <p>Doctoral researcher<\/p>\n                            <h2 class=\"text-h6\">\n                                Contact                            <\/h2>\n                            <ul>\n                                                                <li>\n                                    <div class=\"icon-info icon-contact\">\n                                        <svg\n                                            aria-hidden=\"true\"\n                                            focusable=\"false\"\n                                            class=\"\n                                                icon\n                                                icon-outline\n                                                icon--primary\n                                                icon--secondary\n                                            \">\n\n                                            <use\n                                                xlink:href=\"https:\/\/www.uni.lu\/wp-content\/themes\/unilux-theme\/assets\/images\/icons\/icons-outline.svg#icon--email\">\n                                            <\/use>\n                                        <\/svg>\n                                        <div class=\"icon-info__body\">\n                                            &#110;&#097;&#116;ali&#097;&#046;ma&#114;&#116;&#105;n&#115;&#064;uni.lu                                        <\/div>\n                                    <\/div>\n                                <\/li>\n                                                                                                <li>\n                                    <div class=\"icon-info icon-contact\">\n                                        <svg\n                                                aria-hidden=\"true\"\n                                                focusable=\"false\"\n                                                class=\"\n                                                    icon icon-outline\n                                                    icon--primary\n                                                    icon--secondary\n                                                \">\n\n                                            <use xlink:href=\"https:\/\/www.uni.lu\/wp-content\/themes\/unilux-theme\/assets\/images\/icons\/icons-outline.svg#icon--phone\">\n                                            <\/use>\n                                        <\/svg>\n                                        <div class=\"icon-info__body\">\n                                            (+352) 46 66 44\n                                            9498                                        <\/div>\n                                    <\/div>\n                                <\/li>\n                                                            <\/ul>\n                        <\/div>\n                    <\/div>\n                <\/div>\n            <\/div>\n        <\/section>\n    <\/div>\n\n<div class=\"wp-block-unilux-blocks-wrapper tabs-pre-heading\">\n    \n\n<div class=\"wp-block-unilux-blocks-wrapper container xl:max-w-screen-xl\">\n    \n\n<h2 class=\"has-text-align-left wp-block-unilux-blocks-heading\"        id=\"details\"\n    >\nDetails<\/h2>\n\n    <\/div>\n    <\/div>\n\n<div class=\"wp-block-unilux-blocks-wrapper container xl:max-w-screen-xl\">\n    \n\n<div id=\"tab-nav\" class=\"tab-nav\">\n    <button\n        type=\"button\"\n        class=\"button-toggle btn btn--white w-full\"\n        aria-expanded=\"false\"\n        aria-controls=\"tab-nav__listing\"\n        title=\"The selected tab is CONTENT OF THE CURRENT LABEL\"\n    >\n        <span class=\"btn__name mr-auto\">Profile<\/span>\n        <svg aria-hidden=\"true\" focusable=\"false\" class=\"icon icon-outline icon--xs\">\n            <use xlink:href=\"https:\/\/www.uni.lu\/wp-content\/themes\/unilux-theme\/assets\/images\/icons\/icons-outline.svg#icon--arrow-down\" \/>\n        <\/svg>\n    <\/button>\n    <ul\n        id=\"tab-nav__listing\"\n        class=\"tab-nav__listing nav manual\"\n        role=\"tablist\"\n        aria-label=\"About me\"\n    >\n                <li role=\"presentation\" class=\"tab-nav__item\" key={button.id}>\n            <button\n                type=\"button\"\n                id=\"tab-profile-tab-50078201\"\n                data-bs-toggle=\"tab\"\n                data-bs-target=\"#tabpanel-profile-tab-50078201\"\n                role=\"tab\"\n                aria-controls=\"tabpanel-profile-tab-50078201\"\n                aria-selected=\"false\"\n                aria-current=\"false\"\n                class=\"tab-nav__button\"\n                tabIndex=\"-1\"\n            >\n                <svg aria-hidden=\"true\" focusable=\"false\" class=\"icon icon-outline icon--xs\">\n                    <use xlink:href=\"https:\/\/www.uni.lu\/wp-content\/themes\/unilux-theme\/assets\/images\/icons\/icons-outline.svg#icon--arrow-right\" \/>\n                <\/svg>\n                <span class=\"tab-nav__name\">Profile<\/span>\n            <\/button>\n        <\/li>\n                <li role=\"presentation\" class=\"tab-nav__item\" key={button.id}>\n            <button\n                type=\"button\"\n                id=\"tab-fecd845d-cf34-4e08-bc92-3321fbae80d8\"\n                data-bs-toggle=\"tab\"\n                data-bs-target=\"#tabpanel-fecd845d-cf34-4e08-bc92-3321fbae80d8\"\n                role=\"tab\"\n                aria-controls=\"tabpanel-fecd845d-cf34-4e08-bc92-3321fbae80d8\"\n                aria-selected=\"false\"\n                aria-current=\"false\"\n                class=\"tab-nav__button\"\n                tabIndex=\"-1\"\n            >\n                <svg aria-hidden=\"true\" focusable=\"false\" class=\"icon icon-outline icon--xs\">\n                    <use xlink:href=\"https:\/\/www.uni.lu\/wp-content\/themes\/unilux-theme\/assets\/images\/icons\/icons-outline.svg#icon--arrow-right\" \/>\n                <\/svg>\n                <span class=\"tab-nav__name\">CV<\/span>\n            <\/button>\n        <\/li>\n            <\/ul>\n<\/div>\n<div class=\"tab-content\">\n    <section\n    id=\"tabpanel-profile-tab-50078201\"\n    aria-labelledby=\"tab-profile-tab-50078201\"\n    class=\"tab-panel fade hidden is-hidden\"\n>\n    <div class=\"wp-block-unilux-people-person-details\">\n    \n<h3 class=\"has-text-align-left wp-block-unilux-blocks-heading\"        id=\"functions\"\n    >\nFunctions<\/h3>\n\n<p>Doctoral researcher<\/p>\n\n<h3 class=\"has-text-align-left wp-block-unilux-blocks-heading\"        id=\"in-detail\"\n    >\nIn detail<\/h3>\n<div class=\"customer-spacer-b-md\">\n    <ul class=\"list-highlighted\">\n            <li class=\"list-highlighted__item\">\n        <header class=\"list-highlighted__header\">\n            <h4 class=\"title\">\n                <strong>\n                    Organisation                <\/strong>\n            <\/h4>\n        <\/header>\n        <div class=\"list-highlighted__body\">\n            <a href=\"https:\/\/www.uni.lu\/c2dh-en\/\" title=\"Luxembourg Centre for Contemporary and Digital History\">Luxembourg Centre for Contemporary and Digital History<\/a>        <\/div>\n    <\/li>\n    <li class=\"list-highlighted__item\">\n        <header class=\"list-highlighted__header\">\n            <h4 class=\"title\">\n                <strong>\n                    Department                <\/strong>\n            <\/h4>\n        <\/header>\n        <div class=\"list-highlighted__body\">\n            <a href=\"https:\/\/www.uni.lu\/c2dh-en\/research-groups\/public-history\/\" title=\"Public History and Outreach\">Public History and Outreach<\/a>        <\/div>\n    <\/li>\n    <li class=\"list-highlighted__item\">\n        <header class=\"list-highlighted__header\">\n            <h4 class=\"title\">\n                <strong>\n                    Postal address                <\/strong>\n            <\/h4>\n        <\/header>\n        <div class=\"list-highlighted__body\">\n            Maison Sciences Humaines<br>11, Porte des Sciences<br>L-4366 ESCH        <\/div>\n    <\/li>\n    <li class=\"list-highlighted__item\">\n        <header class=\"list-highlighted__header\">\n            <h4 class=\"title\">\n                <strong>\n                    Campus office                <\/strong>\n            <\/h4>\n        <\/header>\n        <div class=\"list-highlighted__body\">\n            MSH, E04 0425010        <\/div>\n    <\/li>\n    <li class=\"list-highlighted__item\">\n        <header class=\"list-highlighted__header\">\n            <h4 class=\"title\">\n                <strong>\n                    Contact details                <\/strong>\n            <\/h4>\n        <\/header>\n        <div class=\"list-highlighted__body\">\n                            <div class=\"icon-info icon-list-item\">\n                    <svg aria-hidden=\"true\" focusable=\"false\"\n                        class=\"icon icon-outline icon--primary icon--secondary\">\n                        <use xlink:href=\"https:\/\/www.uni.lu\/wp-content\/themes\/unilux-theme\/assets\/images\/icons\/icons-outline.svg#icon--email\"><\/use>\n                    <\/svg>\n                    <div class=\"icon-info__body\">\n                        n&#097;t&#097;&#108;&#105;&#097;.&#109;ar&#116;ins&#064;&#117;n&#105;.&#108;&#117;                    <\/div>\n                <\/div>\n            \n                            <div class=\"icon-info icon-list-item\">\n                    <svg aria-hidden=\"true\" focusable=\"false\"\n                        class=\"icon icon-outline icon--primary icon--secondary\">\n                        <use xlink:href=\"https:\/\/www.uni.lu\/wp-content\/themes\/unilux-theme\/assets\/images\/icons\/icons-outline.svg#icon--phone\"><\/use>\n                    <\/svg>\n                    <div class=\"icon-info__body\">\n                        (+352) 46 66 44 9498                    <\/div>\n                <\/div>\n            \n            \n                    <\/div>\n    <\/li>\n    <\/ul>\n<\/div>\n<\/div>\n<\/section>\n<section\n    id=\"tabpanel-fecd845d-cf34-4e08-bc92-3321fbae80d8\"\n    aria-labelledby=\"tab-fecd845d-cf34-4e08-bc92-3321fbae80d8\"\n    class=\"tab-panel fade hidden is-hidden\"\n>\n    \n<div class=\"wp-block-unilux-blocks-wrapper \">\n        \n<p>Nat\u00e1lia Gon\u00e7alves is a historian specializing in Industrial Heritage, with a keen interest in topics at the intersection of culture, community development and historical agency. She completed her undergraduate degree at Universidade Federal de Ouro Preto and went on to complete her first master\u2019s degree in Social Memory and Cultural Heritage at Universidade Federal de Pelotas, both in Brazil.<\/p>\n\n<p>She obtained her second BA in Educational Studies at Centro Universit\u00e1rio Claretiano and was awarded an excellence scholarship by The Education, Audiovisual and Cultural Agency \u2013 EACEA to pursue her second master\u2019s degree in Techniques, Heritage, Industrial Landscapes: History, Enhancement, Education, attending the Universit\u00e9 Paris 1 Panth\u00e9on-Sorbonne (France) in consortium with the Universit\u00e0 degli Studi di Padova (Italy) and the Universidade de \u00c9vora (Portugal).<\/p>\n\n<p>She has experience working in corporate social responsibility initiatives, NGOs, museums, and cultural heritage institutions such as the Ministry of Education and Culture of Uruguay, ICOM (China), Fondazione La Biennale di Venezia (Italy), Peggy Guggenheim Collection (Italy) and The State Hermitage Museum (Russia).<\/p>\n\n<p>Currently, Nat\u00e1lia is a doctoral researcher at the project &#8220;Citizen Participation in History and Heritage Production (CIPHH)&#8221;, AFR Bilateral and part of an international collaboration between the University of Luxembourg and the Universit\u00e9 du Queb\u00e9c \u00e0 Montr\u00e9al.<\/p>\n<\/div>\n<\/section>\n<\/div>\n    <\/div>\n<\/div>\n","protected":false},"excerpt":{"rendered":"","protected":false},"author":57,"featured_media":0,"parent":0,"menu_order":0,"template":"","meta":{"featured_image_focal_point":[],"show_featured_caption":false,"ulux_newsletter_groups":"","uluxPostTitle":"","uluxPrePostTitle":"","_trash_the_other_posts":false,"_price":"","_stock":"","_tribe_ticket_header":"","_tribe_default_ticket_provider":"","_tribe_ticket_capacity":"0","_ticket_start_date":"","_ticket_end_date":"","_tribe_ticket_show_description":"","_tribe_ticket_show_not_going":false,"_tribe_ticket_use_global_stock":"","_tribe_ticket_global_stock_level":"","_global_stock_mode":"","_global_stock_cap":"","_tribe_rsvp_for_event":"","_tribe_ticket_going_count":"","_tribe_ticket_not_going_count":"","_tribe_tickets_list":"[]","_tribe_ticket_has_attendee_info_fields":false,"person_selector_id":"50078201","person_selector_name":"Natalia MARTINS DE OLIVEIRA GON\u00c7ALVES","person_migrated":true,"person_general_position_description":"Doctoral researcher (Luxembourg Centre for Contemporary and Digital History - Public History and Outreach)"},"authorship":[57],"acf":[],"yoast_head":"<!-- This site is optimized with the Yoast SEO Premium plugin v22.3 (Yoast SEO v22.3) - https:\/\/yoast.com\/wordpress\/plugins\/seo\/ -->\n<title>Natalia MARTINS DE OLIVEIRA GON\u00c7ALVES - C\u00b2DH - University of Luxembourg I Uni.lu<\/title>\n<meta name=\"description\" content=\"Doctoral researcher Nat\u00e1lia Gon\u00e7alves is a historian specializing in Industrial Heritage, with a keen interest in topics at the intersection of culture,\" \/>\n<meta name=\"robots\" content=\"index, follow, max-snippet:-1, max-image-preview:large, max-video-preview:-1\" \/>\n<link rel=\"canonical\" href=\"https:\/\/www.uni.lu\/c2dh-en\/people\/natalia-martins-de-oliveira-goncalves\/\" \/>\n<meta property=\"og:locale\" content=\"en_GB\" \/>\n<meta property=\"og:type\" content=\"article\" \/>\n<meta property=\"og:title\" content=\"Natalia MARTINS DE OLIVEIRA GON\u00c7ALVES\" \/>\n<meta property=\"og:description\" content=\"Doctoral researcher\" \/>\n<meta property=\"og:url\" content=\"https:\/\/www.uni.lu\/c2dh-en\/people\/natalia-martins-de-oliveira-goncalves\/\" \/>\n<meta property=\"og:site_name\" content=\"C2DH EN\" \/>\n<meta property=\"article:publisher\" content=\"https:\/\/www.facebook.com\/c2dh.lu\" \/>\n<meta property=\"article:modified_time\" content=\"2026-03-29T04:36:14+00:00\" \/>\n<meta property=\"og:image\" content=\"https:\/\/www.uni.lu\/en\/person-image\/NTAwNzgyMDFfX05hdGFsaWEgTUFSVElOUyBERSBPTElWRUlSQSBHT07Dh0FMVkVT\" \/>\n\t<meta property=\"og:image:width\" content=\"2560\" \/>\n\t<meta property=\"og:image:height\" content=\"2560\" \/>\n\t<meta property=\"og:image:type\" content=\"image\/jpeg\" \/>\n<meta name=\"twitter:card\" content=\"summary_large_image\" \/>\n<meta name=\"twitter:label1\" content=\"Estimated reading time\" \/>\n\t<meta name=\"twitter:data1\" content=\"1 minute\" \/>\n<script type=\"application\/ld+json\" class=\"yoast-schema-graph\">{\"@context\":\"https:\/\/schema.org\",\"@graph\":[{\"@type\":\"WebPage\",\"@id\":\"https:\/\/www.uni.lu\/c2dh-en\/people\/natalia-martins-de-oliveira-goncalves\/\",\"url\":\"https:\/\/www.uni.lu\/c2dh-en\/people\/natalia-martins-de-oliveira-goncalves\/\",\"name\":\"Natalia MARTINS DE OLIVEIRA GON\u00c7ALVES - C\u00b2DH - University of Luxembourg I Uni.lu\",\"isPartOf\":{\"@id\":\"https:\/\/www.uni.lu\/c2dh-en\/#website\"},\"datePublished\":\"2024-05-07T10:26:35+00:00\",\"dateModified\":\"2026-03-29T04:36:14+00:00\",\"description\":\"Doctoral researcher Nat\u00e1lia Gon\u00e7alves is a historian specializing in Industrial Heritage, with a keen interest in topics at the intersection of culture,\",\"breadcrumb\":{\"@id\":\"https:\/\/www.uni.lu\/c2dh-en\/people\/natalia-martins-de-oliveira-goncalves\/#breadcrumb\"},\"inLanguage\":\"en-GB\",\"potentialAction\":[{\"@type\":\"ReadAction\",\"target\":[\"https:\/\/www.uni.lu\/c2dh-en\/people\/natalia-martins-de-oliveira-goncalves\/\"]}]},{\"@type\":\"BreadcrumbList\",\"@id\":\"https:\/\/www.uni.lu\/c2dh-en\/people\/natalia-martins-de-oliveira-goncalves\/#breadcrumb\",\"itemListElement\":[{\"@type\":\"ListItem\",\"position\":1,\"name\":\"Home\",\"item\":\"https:\/\/www.uni.lu\/en\"},{\"@type\":\"ListItem\",\"position\":2,\"name\":\"Luxembourg Centre for Contemporary and Digital History (C\u00b2DH)\",\"item\":\"https:\/\/www.uni.lu\/c2dh-en\/\"},{\"@type\":\"ListItem\",\"position\":3,\"name\":\"Natalia MARTINS DE OLIVEIRA GON\u00c7ALVES\"}]},{\"@type\":\"WebSite\",\"@id\":\"https:\/\/www.uni.lu\/c2dh-en\/#website\",\"url\":\"https:\/\/www.uni.lu\/c2dh-en\/\",\"name\":\"C2DH\",\"description\":\"Luxembourg Centre for Contemporary and Digital History I Uni.lu\",\"publisher\":{\"@id\":\"https:\/\/www.uni.lu\/c2dh-en\/#organization\"},\"alternateName\":\"Luxembourg Centre for Contemporary and Digital History I University of Luxembourg\",\"potentialAction\":[{\"@type\":\"SearchAction\",\"target\":{\"@type\":\"EntryPoint\",\"urlTemplate\":\"https:\/\/www.uni.lu\/c2dh-en\/?s={search_term_string}\"},\"query-input\":\"required name=search_term_string\"}],\"inLanguage\":\"en-GB\"},{\"@type\":\"Organization\",\"@id\":\"https:\/\/www.uni.lu\/c2dh-en\/#organization\",\"name\":\"C\u00b2DH - University of Luxembourg I Uni.lu\",\"alternateName\":\"Luxembourg Centre for Contemporary and Digital History\",\"url\":\"https:\/\/www.uni.lu\/c2dh-en\/\",\"logo\":{\"@type\":\"ImageObject\",\"inLanguage\":\"en-GB\",\"@id\":\"https:\/\/www.uni.lu\/c2dh-en\/#\/schema\/logo\/image\/\",\"url\":\"https:\/\/www.uni.lu\/wp-content\/uploads\/sites\/7\/2026\/03\/03113407\/C2DH_SM-Profile_1600x1600px-scaled.jpg\",\"contentUrl\":\"https:\/\/www.uni.lu\/wp-content\/uploads\/sites\/7\/2026\/03\/03113407\/C2DH_SM-Profile_1600x1600px-scaled.jpg\",\"width\":2560,\"height\":2560,\"caption\":\"C\u00b2DH - University of Luxembourg I Uni.lu\"},\"image\":\"https:\/\/www.uni.lu\/wp-content\/uploads\/sites\/7\/2026\/04\/24144314\/20200609-Belval-Campus_Henri-Goergen-23.jpg\",\"sameAs\":[\"https:\/\/www.facebook.com\/c2dh.lu\",\"http:\/\/www.instagram.com\/c2dh_lu\",\"http:\/\/www.linkedin.com\/showcase\/c2dh-university-of-luxembourg\"],\"email\":\"communication@uni.lu\",\"telephone\":\"+3524666441\",\"address\":{\"@type\":\"PostalAddress\",\"streetAddress\":\"11, Porte des Sciences\",\"addressLocality\":\"Esch-sur-Alzette\",\"postalCode\":\"4365\",\"addressCountry\":\"LU\"},\"description\":\"Luxembourg Centre for Contemporary and Digital History I Uni.lu\"}]}<\/script>\n<!-- \/ Yoast SEO Premium plugin. -->","yoast_head_json":{"title":"Natalia MARTINS DE OLIVEIRA GON\u00c7ALVES - C\u00b2DH - University of Luxembourg I Uni.lu","description":"Doctoral researcher Nat\u00e1lia Gon\u00e7alves is a historian specializing in Industrial Heritage, with a keen interest in topics at the intersection of culture,","robots":{"index":"index","follow":"follow","max-snippet":"max-snippet:-1","max-image-preview":"max-image-preview:large","max-video-preview":"max-video-preview:-1"},"canonical":"https:\/\/www.uni.lu\/c2dh-en\/people\/natalia-martins-de-oliveira-goncalves\/","og_locale":"en_GB","og_type":"article","og_title":"Natalia MARTINS DE OLIVEIRA GON\u00c7ALVES","og_description":"Doctoral researcher","og_url":"https:\/\/www.uni.lu\/c2dh-en\/people\/natalia-martins-de-oliveira-goncalves\/","og_site_name":"C2DH EN","article_publisher":"https:\/\/www.facebook.com\/c2dh.lu","article_modified_time":"2026-03-29T04:36:14+00:00","og_image":[{"width":2560,"height":2560,"url":"https:\/\/www.uni.lu\/en\/person-image\/NTAwNzgyMDFfX05hdGFsaWEgTUFSVElOUyBERSBPTElWRUlSQSBHT07Dh0FMVkVT","type":"image\/jpeg"}],"twitter_card":"summary_large_image","twitter_misc":{"Estimated reading time":"1 minute"},"schema":{"@context":"https:\/\/schema.org","@graph":[{"@type":"WebPage","@id":"https:\/\/www.uni.lu\/c2dh-en\/people\/natalia-martins-de-oliveira-goncalves\/","url":"https:\/\/www.uni.lu\/c2dh-en\/people\/natalia-martins-de-oliveira-goncalves\/","name":"Natalia MARTINS DE OLIVEIRA GON\u00c7ALVES - C\u00b2DH - University of Luxembourg I Uni.lu","isPartOf":{"@id":"https:\/\/www.uni.lu\/c2dh-en\/#website"},"datePublished":"2024-05-07T10:26:35+00:00","dateModified":"2026-03-29T04:36:14+00:00","description":"Doctoral researcher Nat\u00e1lia Gon\u00e7alves is a historian specializing in Industrial Heritage, with a keen interest in topics at the intersection of culture,","breadcrumb":{"@id":"https:\/\/www.uni.lu\/c2dh-en\/people\/natalia-martins-de-oliveira-goncalves\/#breadcrumb"},"inLanguage":"en-GB","potentialAction":[{"@type":"ReadAction","target":["https:\/\/www.uni.lu\/c2dh-en\/people\/natalia-martins-de-oliveira-goncalves\/"]}]},{"@type":"BreadcrumbList","@id":"https:\/\/www.uni.lu\/c2dh-en\/people\/natalia-martins-de-oliveira-goncalves\/#breadcrumb","itemListElement":[{"@type":"ListItem","position":1,"name":"Home","item":"https:\/\/www.uni.lu\/en"},{"@type":"ListItem","position":2,"name":"Luxembourg Centre for Contemporary and Digital History (C\u00b2DH)","item":"https:\/\/www.uni.lu\/c2dh-en\/"},{"@type":"ListItem","position":3,"name":"Natalia MARTINS DE OLIVEIRA GON\u00c7ALVES"}]},{"@type":"WebSite","@id":"https:\/\/www.uni.lu\/c2dh-en\/#website","url":"https:\/\/www.uni.lu\/c2dh-en\/","name":"C2DH","description":"Luxembourg Centre for Contemporary and Digital History I Uni.lu","publisher":{"@id":"https:\/\/www.uni.lu\/c2dh-en\/#organization"},"alternateName":"Luxembourg Centre for Contemporary and Digital History I University of Luxembourg","potentialAction":[{"@type":"SearchAction","target":{"@type":"EntryPoint","urlTemplate":"https:\/\/www.uni.lu\/c2dh-en\/?s={search_term_string}"},"query-input":"required name=search_term_string"}],"inLanguage":"en-GB"},{"@type":"Organization","@id":"https:\/\/www.uni.lu\/c2dh-en\/#organization","name":"C\u00b2DH - University of Luxembourg I Uni.lu","alternateName":"Luxembourg Centre for Contemporary and Digital History","url":"https:\/\/www.uni.lu\/c2dh-en\/","logo":{"@type":"ImageObject","inLanguage":"en-GB","@id":"https:\/\/www.uni.lu\/c2dh-en\/#\/schema\/logo\/image\/","url":"https:\/\/www.uni.lu\/wp-content\/uploads\/sites\/7\/2026\/03\/03113407\/C2DH_SM-Profile_1600x1600px-scaled.jpg","contentUrl":"https:\/\/www.uni.lu\/wp-content\/uploads\/sites\/7\/2026\/03\/03113407\/C2DH_SM-Profile_1600x1600px-scaled.jpg","width":2560,"height":2560,"caption":"C\u00b2DH - University of Luxembourg I Uni.lu"},"image":"https:\/\/www.uni.lu\/wp-content\/uploads\/sites\/7\/2026\/04\/24144314\/20200609-Belval-Campus_Henri-Goergen-23.jpg","sameAs":["https:\/\/www.facebook.com\/c2dh.lu","http:\/\/www.instagram.com\/c2dh_lu","http:\/\/www.linkedin.com\/showcase\/c2dh-university-of-luxembourg"],"email":"communication@uni.lu","telephone":"+3524666441","address":{"@type":"PostalAddress","streetAddress":"11, Porte des Sciences","addressLocality":"Esch-sur-Alzette","postalCode":"4365","addressCountry":"LU"},"description":"Luxembourg Centre for Contemporary and Digital History I Uni.lu"}]}},"_links":{"self":[{"href":"https:\/\/www.uni.lu\/c2dh-en\/wp-json\/wp\/v2\/people\/3185"}],"collection":[{"href":"https:\/\/www.uni.lu\/c2dh-en\/wp-json\/wp\/v2\/people"}],"about":[{"href":"https:\/\/www.uni.lu\/c2dh-en\/wp-json\/wp\/v2\/types\/people"}],"author":[{"embeddable":true,"href":"https:\/\/www.uni.lu\/c2dh-en\/wp-json\/wp\/v2\/users\/57"}],"version-history":[{"count":5,"href":"https:\/\/www.uni.lu\/c2dh-en\/wp-json\/wp\/v2\/people\/3185\/revisions"}],"predecessor-version":[{"id":12170,"href":"https:\/\/www.uni.lu\/c2dh-en\/wp-json\/wp\/v2\/people\/3185\/revisions\/12170"}],"wp:authorship":[{"embeddable":true,"href":"https:\/\/www.uni.lu\/c2dh-en\/wp-json\/wp\/v2\/users\/57"}],"wp:attachment":[{"href":"https:\/\/www.uni.lu\/c2dh-en\/wp-json\/wp\/v2\/media?parent=3185"}],"curies":[{"name":"wp","href":"https:\/\/api.w.org\/{rel}","templated":true}]}}