{"id":13,"date":"2023-05-25T05:57:28","date_gmt":"2023-05-25T05:57:28","guid":{"rendered":"https:\/\/website.prod.unilu.spikeseed.cloud\/c2ch-en\/?page_id=13"},"modified":"2026-04-16T09:46:43","modified_gmt":"2026-04-16T07:46:43","slug":"forum-z","status":"publish","type":"page","link":"https:\/\/www.uni.lu\/c2dh-en\/forum-z\/","title":{"rendered":"Forum Z"},"content":{"rendered":"<div class=\"section py-0 static\">\n<section class=\"py-0 wp-block-unilux-blocks-free-section section\"><div class=\"container xl:max-w-screen-xl\"><div class=\"js-secondary-nav--sticky wp-block-unilux-blocks-secondary-navigation\" id=\"52f1d719-09e8-42b3-ada3-f9467c2982a4\">\n    <nav\n        id=\"secondary-navigation\"\n        role=\"navigation\"\n        aria-label=\"Secondary menu\"\n        class=\"secondary-nav\"\n    >\n        <button\n            class=\"secondary-nav__button btn btn-solid--primary w-full\"\n            aria-expanded=\"false\"\n            aria-controls=\"secondary-navigation__list\"\n            title=\"The selected page is Overview\"\n            type=\"button\"\n        >\n            <span class=\"btn__name mr-auto\">Overview<\/span>\n            <svg aria-hidden=\"true\" focusable=\"false\" class=\"icon icon-outline icon--xs\">\n                <use xlink:href=\"https:\/\/www.uni.lu\/wp-content\/themes\/unilux-theme\/assets\/images\/icons\/icons-outline.svg#icon--arrow-down\" \/>\n            <\/svg>\n        <\/button>\n\n        <ul id=\"secondary-navigation__list\" class=\"secondary-nav__list\">\n            <li class=\"secondary-nav__item\">\n    <a\n        href=\"https:\/\/www.uni.lu\/c2dh-en\/\"\n        target=\"\"\n        rel=\"noreferrer noopener\"\n        class=\"secondary-nav__link \"\n            >\n        <svg aria-hidden=\"true\" focusable=\"false\" class=\"icon icon-outline icon--xs\">\n            <use xlink:href=\"https:\/\/www.uni.lu\/wp-content\/themes\/unilux-theme\/assets\/images\/icons\/icons-outline.svg#icon--arrow-right\" \/>\n        <\/svg>\n        <span class=\"secondary-nav__name\">Overview<\/span>\n    <\/a>\n<\/li>\n<li class=\"secondary-nav__item\">\n    <a\n        href=\"https:\/\/www.uni.lu\/c2dh-en\/about\/\"\n        target=\"\"\n        rel=\"noreferrer noopener\"\n        class=\"secondary-nav__link \"\n            >\n        <svg aria-hidden=\"true\" focusable=\"false\" class=\"icon icon-outline icon--xs\">\n            <use xlink:href=\"https:\/\/www.uni.lu\/wp-content\/themes\/unilux-theme\/assets\/images\/icons\/icons-outline.svg#icon--arrow-right\" \/>\n        <\/svg>\n        <span class=\"secondary-nav__name\">About<\/span>\n    <\/a>\n<\/li>\n<li class=\"secondary-nav__item\">\n    <a\n        href=\"https:\/\/www.uni.lu\/c2dh-en\/research\/\"\n        target=\"\"\n        rel=\"noreferrer noopener\"\n        class=\"secondary-nav__link \"\n            >\n        <svg aria-hidden=\"true\" focusable=\"false\" class=\"icon icon-outline icon--xs\">\n            <use xlink:href=\"https:\/\/www.uni.lu\/wp-content\/themes\/unilux-theme\/assets\/images\/icons\/icons-outline.svg#icon--arrow-right\" \/>\n        <\/svg>\n        <span class=\"secondary-nav__name\">Research<\/span>\n    <\/a>\n<\/li>\n<li class=\"secondary-nav__item\">\n    <a\n        href=\"https:\/\/www.uni.lu\/c2dh-en\/teaching\/\"\n        target=\"\"\n        rel=\"noreferrer noopener\"\n        class=\"secondary-nav__link \"\n            >\n        <svg aria-hidden=\"true\" focusable=\"false\" class=\"icon icon-outline icon--xs\">\n            <use xlink:href=\"https:\/\/www.uni.lu\/wp-content\/themes\/unilux-theme\/assets\/images\/icons\/icons-outline.svg#icon--arrow-right\" \/>\n        <\/svg>\n        <span class=\"secondary-nav__name\">Teaching<\/span>\n    <\/a>\n<\/li>\n<li class=\"secondary-nav__item\">\n    <a\n        href=\"https:\/\/www.uni.lu\/c2dh-en\/thinkering\/\"\n        target=\"\"\n        rel=\"noreferrer noopener\"\n        class=\"secondary-nav__link \"\n            >\n        <svg aria-hidden=\"true\" focusable=\"false\" class=\"icon icon-outline icon--xs\">\n            <use xlink:href=\"https:\/\/www.uni.lu\/wp-content\/themes\/unilux-theme\/assets\/images\/icons\/icons-outline.svg#icon--arrow-right\" \/>\n        <\/svg>\n        <span class=\"secondary-nav__name\">Thinkering<\/span>\n    <\/a>\n<\/li>\n<li class=\"secondary-nav__item\">\n    <a\n        href=\"https:\/\/www.uni.lu\/c2dh-en\/outreach\/\"\n        target=\"\"\n        rel=\"noreferrer noopener\"\n        class=\"secondary-nav__link \"\n            >\n        <svg aria-hidden=\"true\" focusable=\"false\" class=\"icon icon-outline icon--xs\">\n            <use xlink:href=\"https:\/\/www.uni.lu\/wp-content\/themes\/unilux-theme\/assets\/images\/icons\/icons-outline.svg#icon--arrow-right\" \/>\n        <\/svg>\n        <span class=\"secondary-nav__name\">Outreach<\/span>\n    <\/a>\n<\/li>\n<li class=\"secondary-nav__item\">\n    <a\n        href=\"https:\/\/www.uni.lu\/c2dh-en\/forum-z\/\"\n        target=\"\"\n        rel=\"noreferrer noopener\"\n        class=\"secondary-nav__link \"\n            >\n        <svg aria-hidden=\"true\" focusable=\"false\" class=\"icon icon-outline icon--xs\">\n            <use xlink:href=\"https:\/\/www.uni.lu\/wp-content\/themes\/unilux-theme\/assets\/images\/icons\/icons-outline.svg#icon--arrow-right\" \/>\n        <\/svg>\n        <span class=\"secondary-nav__name\">Forum Z<\/span>\n    <\/a>\n<\/li>\n<li class=\"secondary-nav__item\">\n    <a\n        href=\"https:\/\/www.uni.lu\/c2dh-en\/people\/\"\n        target=\"\"\n        rel=\"noreferrer noopener\"\n        class=\"secondary-nav__link \"\n            >\n        <svg aria-hidden=\"true\" focusable=\"false\" class=\"icon icon-outline icon--xs\">\n            <use xlink:href=\"https:\/\/www.uni.lu\/wp-content\/themes\/unilux-theme\/assets\/images\/icons\/icons-outline.svg#icon--arrow-right\" \/>\n        <\/svg>\n        <span class=\"secondary-nav__name\">People<\/span>\n    <\/a>\n<\/li>\n<li class=\"secondary-nav__item\">\n    <a\n        href=\"https:\/\/www.uni.lu\/c2dh-en\/join-us\/\"\n        target=\"\"\n        rel=\"noreferrer noopener\"\n        class=\"secondary-nav__link \"\n            >\n        <svg aria-hidden=\"true\" focusable=\"false\" class=\"icon icon-outline icon--xs\">\n            <use xlink:href=\"https:\/\/www.uni.lu\/wp-content\/themes\/unilux-theme\/assets\/images\/icons\/icons-outline.svg#icon--arrow-right\" \/>\n        <\/svg>\n        <span class=\"secondary-nav__name\">Join us<\/span>\n    <\/a>\n<\/li>\n<li class=\"secondary-nav__item\">\n    <a\n        href=\"https:\/\/www.uni.lu\/c2dh-en\/contact\/\"\n        target=\"\"\n        rel=\"noreferrer noopener\"\n        class=\"secondary-nav__link \"\n            >\n        <svg aria-hidden=\"true\" focusable=\"false\" class=\"icon icon-outline icon--xs\">\n            <use xlink:href=\"https:\/\/www.uni.lu\/wp-content\/themes\/unilux-theme\/assets\/images\/icons\/icons-outline.svg#icon--arrow-right\" \/>\n        <\/svg>\n        <span class=\"secondary-nav__name\">Contact<\/span>\n    <\/a>\n<\/li>\n        <\/ul>\n    <\/nav>\n<\/div>\n\n\n<div class=\"wp-block-unilux-blocks-spacer is-spacer-size-md\"><\/div>\n\n\n<h1 class=\"has-text-align-left wp-block-unilux-blocks-heading\"        id=\"forum-z-a-public-history-series\"\n    >\n<strong>Forum Z: A Public History series<\/strong><\/h1>\n\n\n\n<p>Forum Z (Z for <em>Zeitgeschichte<\/em>, contemporary history) is a series of public events organised by the C\u00b2DH to share knowledge, raise awareness and foster dialogue among researchers and the general public. The events provide a space for presenting research findings and engaging in discussions related to Luxembourg and digital history. Interested citizens are invited to debate with experts about society-related topics, innovative digital approaches and new sources in contemporary history.<\/p>\n\n\n<div class=\"wp-block-unilux-blocks-spacer is-spacer-size-md\"><\/div>\n\n<div class=\"content-card content-card--right  wp-block-unilux-blocks-content-card\">\n    \n<h2 class=\"content-card__heading has-text-align-left wp-block-unilux-blocks-heading\"        id=\"coming-soon\"\n    >\nComing soon<\/h2>\n<div class=\"content-card__visual wp-block-unilux-blocks-content-card-visual-area\">\n    \n<section class=\"wp-block-unilux-blocks-image-video-wrapper\">\n    <figure class=\"wp-block-dev4-reusable-blocks-image  object-fit--cover\">\n    \n<img decoding=\"async\" class=\"wp-block-image unilux-custom-image-block\"\n                alt=\"Forum Z CD-ROM\"\n            src=\"https:\/\/www.uni.lu\/wp-content\/uploads\/sites\/7\/2026\/04\/16082232\/Forum-Z-CD-rom-web-date.jpg\"\n                srcset=\"https:\/\/www.uni.lu\/wp-content\/uploads\/sites\/7\/2026\/04\/16082232\/Forum-Z-CD-rom-web-date-300x225.jpg 300w, https:\/\/www.uni.lu\/wp-content\/uploads\/sites\/7\/2026\/04\/16082232\/Forum-Z-CD-rom-web-date-1024x768.jpg 1024w, https:\/\/www.uni.lu\/wp-content\/uploads\/sites\/7\/2026\/04\/16082232\/Forum-Z-CD-rom-web-date-768x576.jpg 768w, https:\/\/www.uni.lu\/wp-content\/uploads\/sites\/7\/2026\/04\/16082232\/Forum-Z-CD-rom-web-date.jpg 1500w\"\n                style=\"object-position: 50.00% 50.00%; font-family: &quot;object-fit: cover; object-position: 50.00% 50.00%;&quot;; aspect-ratio: 3\/2; object-fit: cover; width: 100%;\"\n        loading=\"lazy\"\n\/>    <\/figure><\/section>\n<div class=\"wp-block-unilux-blocks-wrapper content-card__overlay\">\n<a class=\"wp-block-unilux-blocks-button-highlight-rounded bottom-left\" \n    href=\"https:\/\/www.uni.lu\/c2dh-en\/events\/cd-rom-click-and-play\/\"\n    target=\"_self\"\n>\n    \n<span class=\"btn-highlight-rounded__name wp-block-unilux-blocks-plain-text\">Learn more<\/span>    <span class=\"icon-rounded\">\n        <svg aria-hidden=\"true\" focusable=\"false\" class=\"icon icon-outline icon--arrow-right icon--lg\"><use xlink:href=\"https:\/\/www.uni.lu\/wp-content\/themes\/unilux-theme\/assets\/images\/icons\/icons-outline.svg#icon--arrow-right\"><\/use><\/svg>    <\/span>\n<\/a><\/div>\n<\/div><div class=\"content-card__body  wp-block-unilux-blocks-content-card-free-area\">\n    \n<h3 class=\"has-text-align-left wp-block-unilux-blocks-heading\"        id=\"cd-rom-click-play\"\n    >\nCD-ROM. Click &amp; Play <\/h3>\n\n<p>Explore the fascinating world of CD-ROM and (re)discover the technologies that shaped a whole generation\u2026 while having fun!<\/p>\n<\/div><\/div>\n\n<div class=\"wp-block-unilux-blocks-spacer is-spacer-size-md\"><\/div><\/div><\/section>\n\n\n\n<section class=\"py-0 wp-block-unilux-blocks-free-section section\"><div class=\"container xl:max-w-screen-xl\">\n<h2 class=\"has-text-align-left wp-block-unilux-blocks-heading\"        id=\"a-look-back-on-our-past-forum-z-events\"\n    >\nA look back on our past Forum Z events<\/h2>\n\n\n\n<section class=\"py-0 wp-block-unilux-blocks-free-section section\"><div class=\"container xl:max-w-screen-xl\"><ul class=\"flex flex-wrap mt-24 -mx-16  wp-block-unilux-blocks-free-content-card\">\n    <li class=\"w-full sm:w-1\/2 lg:w-1\/3 px-16  wp-block-unilux-blocks-free-content-card-item\">\n    <div class=\"ulux-card card-facilities bg-theme\">\n        <div class=\"ulux-card__container card__container\">\n                        <div class=\"ulux-card__visual wp-block-unilux-blocks-free-content-card-item-visual\">\n    \n<div class=\"wp-block-unilux-blocks-image-video-wrapper\">\n    <figure class=\"wp-block-dev4-reusable-blocks-image  object-fit--cover\">\n    \n<img decoding=\"async\" class=\"wp-block-image unilux-custom-image-block\"\n                alt=\"Forum Z - De fortes in\u00e9galit\u00e9s? Le paradoxe luxembourgeois\"\n            src=\"https:\/\/www.uni.lu\/wp-content\/uploads\/sites\/7\/2025\/07\/31124159\/Forum-Z-CSL-web.jpg\"\n                srcset=\"https:\/\/www.uni.lu\/wp-content\/uploads\/sites\/7\/2025\/07\/31124159\/Forum-Z-CSL-web-300x225.jpg 300w, https:\/\/www.uni.lu\/wp-content\/uploads\/sites\/7\/2025\/07\/31124159\/Forum-Z-CSL-web-1024x768.jpg 1024w, https:\/\/www.uni.lu\/wp-content\/uploads\/sites\/7\/2025\/07\/31124159\/Forum-Z-CSL-web-768x576.jpg 768w, https:\/\/www.uni.lu\/wp-content\/uploads\/sites\/7\/2025\/07\/31124159\/Forum-Z-CSL-web-1536x1152.jpg 1536w, https:\/\/www.uni.lu\/wp-content\/uploads\/sites\/7\/2025\/07\/31124159\/Forum-Z-CSL-web.jpg 1778w\"\n                style=\"object-position: 50.00% 50.00%; font-family: &quot;object-fit: cover; object-position: 50.00% 50.00%;&quot;; aspect-ratio: 4\/3; object-fit: cover; width: 100%;\"\n        loading=\"lazy\"\n\/>    <\/figure><\/div><\/div><div class=\"ulux-card__body wp-block-unilux-blocks-free-content-card-item-body\">\n    \n<h3 class=\"ulux-card__title has-text-align-left wp-block-unilux-blocks-heading\"        id=\"de-fortes-inegalites-le-paradoxe-luxembourgeois\"\n    >\nDe fortes in\u00e9galit\u00e9s? Le paradoxe luxembourgeois <\/h3>\n<div class=\"ulux-card__description wp-block-unilux-blocks-free-content-card-item-free-content-area\">\n    \n<p>La nouvelle m\u00e9diasitation des in\u00e9galit\u00e9s sociales et \u00e9conomiques au Luxembourg \u00e0 travers la t\u00e9l\u00e9vision, les plateformes m\u00e9diatiques, les r\u00e9seaux sociaux et l&#8217;IA a \u00e9t\u00e9 discut\u00e9 durant cet \u00e9v\u00e9nement.<\/p>\n<\/div><div class=\"wp-block-unilux-blocks-simple-cta\">\n    <a\n        href=\"https:\/\/www.uni.lu\/c2dh-fr\/news\/de-fortes-inegalites-le-paradoxe-luxembourgeois\/\"\n        title=\"Learn more\"\n        class=\"link-text link-text--icon ulux-card__link link-text link-absolute\"\n        target=\"\"\n    >\n        <span class=\"link-text__body\">\n            <span class=\"link-text__name\">Learn more<\/span>\n        <\/span>\n        <svg aria-hidden=\"true\" focusable=\"false\" class=\"icon icon-outline icon--arrow-right \"><use xlink:href=\"https:\/\/www.uni.lu\/wp-content\/themes\/unilux-theme\/assets\/images\/icons\/icons-outline.svg#icon--arrow-right\"><\/use><\/svg>    <\/a>\n<\/div>\n<\/div>        <\/div>\n    <\/div>\n<\/li><li class=\"w-full sm:w-1\/2 lg:w-1\/3 px-16  wp-block-unilux-blocks-free-content-card-item\">\n    <div class=\"ulux-card card-facilities bg-theme\">\n        <div class=\"ulux-card__container card__container\">\n                        <div class=\"ulux-card__visual wp-block-unilux-blocks-free-content-card-item-visual\">\n    \n<div class=\"wp-block-unilux-blocks-image-video-wrapper\">\n    <figure class=\"wp-block-dev4-reusable-blocks-image  object-fit--cover\">\n    \n<img decoding=\"async\" class=\"wp-block-image unilux-custom-image-block\"\n                alt=\"Forum Z Gilbert Trausch\"\n            src=\"https:\/\/www.uni.lu\/wp-content\/uploads\/sites\/7\/2025\/03\/Forum-Z-Trausch-date-4_3.jpg\"\n                srcset=\"https:\/\/www.uni.lu\/wp-content\/uploads\/sites\/7\/2025\/03\/Forum-Z-Trausch-date-4_3-300x225.jpg 300w, https:\/\/www.uni.lu\/wp-content\/uploads\/sites\/7\/2025\/03\/Forum-Z-Trausch-date-4_3-1024x768.jpg 1024w, https:\/\/www.uni.lu\/wp-content\/uploads\/sites\/7\/2025\/03\/Forum-Z-Trausch-date-4_3-768x576.jpg 768w, https:\/\/www.uni.lu\/wp-content\/uploads\/sites\/7\/2025\/03\/Forum-Z-Trausch-date-4_3-1536x1152.jpg 1536w, https:\/\/www.uni.lu\/wp-content\/uploads\/sites\/7\/2025\/03\/Forum-Z-Trausch-date-4_3.jpg 2000w\"\n                style=\"object-position: 50.00% 50.00%; font-family: &quot;object-fit: cover; object-position: 50.00% 50.00%;&quot;; aspect-ratio: 4\/3; object-fit: cover; width: 100%;\"\n        loading=\"lazy\"\n\/>    <\/figure><\/div><\/div><div class=\"ulux-card__body wp-block-unilux-blocks-free-content-card-item-body\">\n    \n<h3 class=\"ulux-card__title has-text-align-left wp-block-unilux-blocks-heading\"        id=\"gilbert-trausch-a-life-dedicated-to-history-1931-2018\"\n    >\n<strong>Gilbert Trausch \u2013 A life dedicated to history (1931-2018)<\/strong><\/h3>\n<div class=\"ulux-card__description wp-block-unilux-blocks-free-content-card-item-free-content-area\">\n    \n<p>The projects initiated by the University of Luxembourg to preserve the legacy of this emblematic figure of Luxembourg historiography were presented during this Forum Z edition.<\/p>\n<\/div><div class=\"wp-block-unilux-blocks-simple-cta\">\n    <a\n        href=\"https:\/\/www.uni.lu\/en\/news\/gilbert-trausch-keeping-the-legacy-alive\/\"\n        title=\"Learn more\"\n        class=\"link-text link-text--icon ulux-card__link link-text link-absolute\"\n        target=\"\"\n    >\n        <span class=\"link-text__body\">\n            <span class=\"link-text__name\">Learn more<\/span>\n        <\/span>\n        <svg aria-hidden=\"true\" focusable=\"false\" class=\"icon icon-outline icon--arrow-right \"><use xlink:href=\"https:\/\/www.uni.lu\/wp-content\/themes\/unilux-theme\/assets\/images\/icons\/icons-outline.svg#icon--arrow-right\"><\/use><\/svg>    <\/a>\n<\/div>\n<\/div>        <\/div>\n    <\/div>\n<\/li><li class=\"w-full sm:w-1\/2 lg:w-1\/3 px-16  wp-block-unilux-blocks-free-content-card-item\">\n    <div class=\"ulux-card card-facilities bg-theme\">\n        <div class=\"ulux-card__container card__container\">\n                        <div class=\"ulux-card__visual wp-block-unilux-blocks-free-content-card-item-visual\">\n    \n<div class=\"wp-block-unilux-blocks-image-video-wrapper\">\n    <figure class=\"wp-block-dev4-reusable-blocks-image  object-fit--cover\">\n    \n<img decoding=\"async\" class=\"wp-block-image unilux-custom-image-block\"\n                alt=\"Forum Z Elargir l&#039;histoire europ\u00e9enne\"\n            src=\"https:\/\/www.uni.lu\/wp-content\/uploads\/sites\/7\/2024\/03\/Forum-Z-9-May-web-jpeg-4_3.jpg\"\n                srcset=\"https:\/\/www.uni.lu\/wp-content\/uploads\/sites\/7\/2024\/03\/Forum-Z-9-May-web-jpeg-4_3-300x225.jpg 300w, https:\/\/www.uni.lu\/wp-content\/uploads\/sites\/7\/2024\/03\/Forum-Z-9-May-web-jpeg-4_3-1024x768.jpg 1024w, https:\/\/www.uni.lu\/wp-content\/uploads\/sites\/7\/2024\/03\/Forum-Z-9-May-web-jpeg-4_3-768x576.jpg 768w, https:\/\/www.uni.lu\/wp-content\/uploads\/sites\/7\/2024\/03\/Forum-Z-9-May-web-jpeg-4_3.jpg 1440w\"\n                style=\"object-position: 50.00% 50.00%; font-family: &quot;object-fit: cover; object-position: 50.00% 50.00%;&quot;; aspect-ratio: 4\/3; object-fit: cover; width: 100%;\"\n        loading=\"lazy\"\n\/>    <\/figure><\/div><\/div><div class=\"ulux-card__body wp-block-unilux-blocks-free-content-card-item-body\">\n    \n<h3 class=\"ulux-card__title has-text-align-left wp-block-unilux-blocks-heading\"        id=\"elargir-lhistoire-europeenne\"\n    >\n\u00c9largir l\u2019histoire europ\u00e9enne<\/h3>\n<div class=\"ulux-card__description wp-block-unilux-blocks-free-content-card-item-free-content-area\">\n    \n<p>Comment aborder, \u00e9crire, analyser et transmettre de nouvelles visions de l&#8217;histoire europ\u00e9enne?<\/p>\n<\/div><div class=\"wp-block-unilux-blocks-simple-cta\">\n    <a\n        href=\"https:\/\/www.uni.lu\/c2dh-fr\/news\/elargir-l-histoire-europeenne\/\"\n        title=\"Learn more\"\n        class=\"link-text link-text--icon ulux-card__link link-text link-absolute\"\n        target=\"\"\n    >\n        <span class=\"link-text__body\">\n            <span class=\"link-text__name\">Learn more<\/span>\n        <\/span>\n        <svg aria-hidden=\"true\" focusable=\"false\" class=\"icon icon-outline icon--arrow-right \"><use xlink:href=\"https:\/\/www.uni.lu\/wp-content\/themes\/unilux-theme\/assets\/images\/icons\/icons-outline.svg#icon--arrow-right\"><\/use><\/svg>    <\/a>\n<\/div>\n<\/div>        <\/div>\n    <\/div>\n<\/li><li class=\"w-full sm:w-1\/2 lg:w-1\/3 px-16  wp-block-unilux-blocks-free-content-card-item\">\n    <div class=\"ulux-card card-facilities bg-theme\">\n        <div class=\"ulux-card__container card__container\">\n                        <div class=\"ulux-card__visual wp-block-unilux-blocks-free-content-card-item-visual\">\n    \n<div class=\"wp-block-unilux-blocks-image-video-wrapper\">\n    <figure class=\"wp-block-dev4-reusable-blocks-image  object-fit--cover\">\n    \n<img decoding=\"async\" class=\"wp-block-image unilux-custom-image-block\"\n                alt=\"Forum Z - Game time\"\n            src=\"https:\/\/www.uni.lu\/wp-content\/uploads\/sites\/7\/2023\/10\/FZ-Game-on-web-900x675-with-text.png\"\n                srcset=\"https:\/\/www.uni.lu\/wp-content\/uploads\/sites\/7\/2023\/10\/FZ-Game-on-web-900x675-with-text-300x225.png 300w, https:\/\/www.uni.lu\/wp-content\/uploads\/sites\/7\/2023\/10\/FZ-Game-on-web-900x675-with-text.png 752w\"\n                style=\"object-position: 50.00% 50.00%; font-family: &quot;object-fit: cover; object-position: 50.00% 50.00%;&quot;; aspect-ratio: 4\/3; object-fit: cover; width: 100%;\"\n        loading=\"lazy\"\n\/>    <\/figure><\/div><\/div><div class=\"ulux-card__body wp-block-unilux-blocks-free-content-card-item-body\">\n    \n<h3 class=\"ulux-card__title has-text-align-left wp-block-unilux-blocks-heading\"        id=\"game-time-exploring-history-through-play\"\n    >\nGAME TIME: Exploring History Through Play<\/h3>\n<div class=\"ulux-card__description wp-block-unilux-blocks-free-content-card-item-free-content-area\">\n    \n<p>During this Forum Z we explored the intersection between history and play.<\/p>\n<\/div><div class=\"wp-block-unilux-blocks-simple-cta\">\n    <a\n        href=\"https:\/\/www.uni.lu\/c2dh-en\/news\/game-time-exploring-history-through-play\/\"\n        title=\"Learn more\"\n        class=\"link-text link-text--icon ulux-card__link link-text link-absolute\"\n        target=\"\"\n    >\n        <span class=\"link-text__body\">\n            <span class=\"link-text__name\">Learn more<\/span>\n        <\/span>\n        <svg aria-hidden=\"true\" focusable=\"false\" class=\"icon icon-outline icon--arrow-right \"><use xlink:href=\"https:\/\/www.uni.lu\/wp-content\/themes\/unilux-theme\/assets\/images\/icons\/icons-outline.svg#icon--arrow-right\"><\/use><\/svg>    <\/a>\n<\/div>\n<\/div>        <\/div>\n    <\/div>\n<\/li><li class=\"w-full sm:w-1\/2 lg:w-1\/3 px-16  wp-block-unilux-blocks-free-content-card-item\">\n    <div class=\"ulux-card card-facilities bg-theme\">\n        <div class=\"ulux-card__container card__container\">\n                        <div class=\"ulux-card__visual wp-block-unilux-blocks-free-content-card-item-visual\">\n    \n<div class=\"wp-block-unilux-blocks-image-video-wrapper\">\n    <figure class=\"wp-block-dev4-reusable-blocks-image  object-fit--cover\">\n    \n<img decoding=\"async\" class=\"wp-block-image unilux-custom-image-block\"\n                alt=\"Forum Z - Fo\u2019er an de Sixties: Vu Boxeren a Fritten\"\n            src=\"https:\/\/www.uni.lu\/wp-content\/uploads\/sites\/7\/2023\/09\/Forum-Z-Fouer-web-uni_lu.png\"\n                srcset=\"https:\/\/www.uni.lu\/wp-content\/uploads\/sites\/7\/2023\/09\/Forum-Z-Fouer-web-uni_lu-300x200.png 300w, https:\/\/www.uni.lu\/wp-content\/uploads\/sites\/7\/2023\/09\/Forum-Z-Fouer-web-uni_lu-768x512.png 768w, https:\/\/www.uni.lu\/wp-content\/uploads\/sites\/7\/2023\/09\/Forum-Z-Fouer-web-uni_lu.png 800w\"\n                style=\"object-position: 65.00% 30.00%; font-family: &quot;object-fit: cover; object-position: 65.00% 30.00%;&quot;; aspect-ratio: 4\/3; object-fit: cover; width: 100%;\"\n        loading=\"lazy\"\n\/>    <\/figure><\/div><\/div><div class=\"ulux-card__body wp-block-unilux-blocks-free-content-card-item-body\">\n    \n<h3 class=\"ulux-card__title has-text-align-left wp-block-unilux-blocks-heading\"        id=\"foer-an-de-sixties-vu-boxeren-a-fritten\"\n    >\nFo\u2019er an de Sixties: Vu Boxeren a Fritten<\/h3>\n<div class=\"ulux-card__description wp-block-unilux-blocks-free-content-card-item-free-content-area\">\n    \n<p>Op d\u00ebsem Forum Z gouf driwwer diskut\u00e9ieren wat et op der Schueberfouer an den 1960er ze gesinn an ze di gouf.<\/p>\n<\/div><div class=\"wp-block-unilux-blocks-simple-cta\">\n    <a\n        href=\"https:\/\/www.uni.lu\/c2dh-en\/news\/report-of-the-forum-z-foer-an-de-sixties-vu-boxeren-a-fritten\/\"\n        title=\"Learn more\"\n        class=\"link-text link-text--icon ulux-card__link link-text link-absolute\"\n        target=\"\"\n    >\n        <span class=\"link-text__body\">\n            <span class=\"link-text__name\">Learn more<\/span>\n        <\/span>\n        <svg aria-hidden=\"true\" focusable=\"false\" class=\"icon icon-outline icon--arrow-right \"><use xlink:href=\"https:\/\/www.uni.lu\/wp-content\/themes\/unilux-theme\/assets\/images\/icons\/icons-outline.svg#icon--arrow-right\"><\/use><\/svg>    <\/a>\n<\/div>\n<\/div>        <\/div>\n    <\/div>\n<\/li><li class=\"w-full sm:w-1\/2 lg:w-1\/3 px-16  wp-block-unilux-blocks-free-content-card-item\">\n    <div class=\"ulux-card card-facilities bg-theme\">\n        <div class=\"ulux-card__container card__container\">\n                        <div class=\"ulux-card__visual wp-block-unilux-blocks-free-content-card-item-visual\">\n    \n<div class=\"wp-block-unilux-blocks-image-video-wrapper\">\n    <figure class=\"wp-block-dev4-reusable-blocks-image  object-fit--cover\">\n    \n<img decoding=\"async\" class=\"wp-block-image unilux-custom-image-block\"\n                alt=\"Forum Z Warlux\"\n            src=\"https:\/\/www.uni.lu\/wp-content\/uploads\/sites\/7\/2023\/06\/Forum-Z-warlux-web-uni-relaunch.png\"\n                srcset=\"https:\/\/www.uni.lu\/wp-content\/uploads\/sites\/7\/2023\/06\/Forum-Z-warlux-web-uni-relaunch-300x225.png 300w, https:\/\/www.uni.lu\/wp-content\/uploads\/sites\/7\/2023\/06\/Forum-Z-warlux-web-uni-relaunch-768x576.png 768w, https:\/\/www.uni.lu\/wp-content\/uploads\/sites\/7\/2023\/06\/Forum-Z-warlux-web-uni-relaunch.png 900w\"\n                style=\"object-position: 50.00% 50.00%; font-family: &quot;object-fit: cover; object-position: 50.00% 50.00%;&quot;; aspect-ratio: 4\/3; object-fit: cover; width: 100%;\"\n        loading=\"lazy\"\n\/>    <\/figure><\/div><\/div><div class=\"ulux-card__body wp-block-unilux-blocks-free-content-card-item-body\">\n    \n<h3 class=\"ulux-card__title has-text-align-left wp-block-unilux-blocks-heading\"        id=\"lokalgeschichte-ganz-nah-personliche-kriegserlebnisse-in-schifflingen\"\n    >\nLokalgeschichte ganz nah: Pers\u00f6nliche Kriegserlebnisse in Schifflingen<\/h3>\n<div class=\"ulux-card__description wp-block-unilux-blocks-free-content-card-item-free-content-area\">\n    \n<p>Die Auswirkungen der nationalsozialistischen Besatzung und der Zwangsrekrutierung auf das Leben der Einwohner*innen von Schifflingen.<\/p>\n<\/div><div class=\"wp-block-unilux-blocks-simple-cta\">\n    <a\n        href=\"https:\/\/www.uni.lu\/c2dh-en\/news\/local-history-up-close\/\"\n        title=\"Learn more\"\n        class=\"link-text link-text--icon ulux-card__link link-text link-absolute\"\n        target=\"\"\n    >\n        <span class=\"link-text__body\">\n            <span class=\"link-text__name\">Learn more<\/span>\n        <\/span>\n        <svg aria-hidden=\"true\" focusable=\"false\" class=\"icon icon-outline icon--arrow-right \"><use xlink:href=\"https:\/\/www.uni.lu\/wp-content\/themes\/unilux-theme\/assets\/images\/icons\/icons-outline.svg#icon--arrow-right\"><\/use><\/svg>    <\/a>\n<\/div>\n<\/div>        <\/div>\n    <\/div>\n<\/li><li class=\"w-full sm:w-1\/2 lg:w-1\/3 px-16  wp-block-unilux-blocks-free-content-card-item\">\n    <div class=\"ulux-card card-facilities bg-theme\">\n        <div class=\"ulux-card__container card__container\">\n                        <div class=\"ulux-card__visual wp-block-unilux-blocks-free-content-card-item-visual\">\n    \n<div class=\"wp-block-unilux-blocks-image-video-wrapper\">\n    <figure class=\"wp-block-dev4-reusable-blocks-image  object-fit--cover\">\n    \n<img decoding=\"async\" class=\"wp-block-image unilux-custom-image-block\"\n                alt=\"Forum Z REPAIR\"\n            src=\"https:\/\/www.uni.lu\/wp-content\/uploads\/sites\/7\/2023\/06\/Forum-Z-REPAIR.png\"\n                srcset=\"https:\/\/www.uni.lu\/wp-content\/uploads\/sites\/7\/2023\/06\/Forum-Z-REPAIR-300x225.png 300w, https:\/\/www.uni.lu\/wp-content\/uploads\/sites\/7\/2023\/06\/Forum-Z-REPAIR-768x576.png 768w, https:\/\/www.uni.lu\/wp-content\/uploads\/sites\/7\/2023\/06\/Forum-Z-REPAIR.png 900w\"\n                style=\"object-position: 50.00% 50.00%; font-family: &quot;object-fit: cover; object-position: 50.00% 50.00%;&quot;; aspect-ratio: 4\/3; object-fit: cover; width: 100%;\"\n        loading=\"lazy\"\n\/>    <\/figure><\/div><\/div><div class=\"ulux-card__body wp-block-unilux-blocks-free-content-card-item-body\">\n    \n<h3 class=\"ulux-card__title has-text-align-left wp-block-unilux-blocks-heading\"        id=\"reparieren-gestern-und-heute\"\n    >\nReparieren gestern und heute<\/h3>\n<div class=\"ulux-card__description wp-block-unilux-blocks-free-content-card-item-free-content-area\">\n    \n<p>Auf diesem Forum Z erkunden wir anhand von drei Kurzvortr\u00e4gen Reparaturpraktiken gestern und heute.<\/p>\n<\/div><div class=\"wp-block-unilux-blocks-simple-cta\">\n    <a\n        href=\"https:\/\/www.uni.lu\/c2dh-de\/news\/reparieren-gestern-und-heute\/\"\n        title=\"Learn more\"\n        class=\"link-text link-text--icon ulux-card__link link-text link-absolute\"\n        target=\"\"\n    >\n        <span class=\"link-text__body\">\n            <span class=\"link-text__name\">Learn more<\/span>\n        <\/span>\n        <svg aria-hidden=\"true\" focusable=\"false\" class=\"icon icon-outline icon--arrow-right \"><use xlink:href=\"https:\/\/www.uni.lu\/wp-content\/themes\/unilux-theme\/assets\/images\/icons\/icons-outline.svg#icon--arrow-right\"><\/use><\/svg>    <\/a>\n<\/div>\n<\/div>        <\/div>\n    <\/div>\n<\/li><li class=\"w-full sm:w-1\/2 lg:w-1\/3 px-16  wp-block-unilux-blocks-free-content-card-item\">\n    <div class=\"ulux-card card-facilities bg-theme\">\n        <div class=\"ulux-card__container card__container\">\n                        <div class=\"ulux-card__visual wp-block-unilux-blocks-free-content-card-item-visual\">\n    \n<div class=\"wp-block-unilux-blocks-image-video-wrapper\">\n    <figure class=\"wp-block-dev4-reusable-blocks-image  object-fit--cover\">\n    \n<img decoding=\"async\" class=\"wp-block-image unilux-custom-image-block\"\n                alt=\"Das industrielle Kulturerbe: lokal, regional, international\"\n            src=\"https:\/\/www.uni.lu\/wp-content\/uploads\/sites\/7\/2023\/07\/Forum-Z-Industrial-heritage-web-uni.png\"\n                srcset=\"https:\/\/www.uni.lu\/wp-content\/uploads\/sites\/7\/2023\/07\/Forum-Z-Industrial-heritage-web-uni-300x200.png 300w, https:\/\/www.uni.lu\/wp-content\/uploads\/sites\/7\/2023\/07\/Forum-Z-Industrial-heritage-web-uni-768x512.png 768w, https:\/\/www.uni.lu\/wp-content\/uploads\/sites\/7\/2023\/07\/Forum-Z-Industrial-heritage-web-uni.png 800w\"\n                style=\"object-position: 93.00% 36.00%; font-family: &quot;object-fit: cover; object-position: 93.00% 36.00%;&quot;; aspect-ratio: 4\/3; object-fit: cover; width: 100%;\"\n        loading=\"lazy\"\n\/>    <\/figure><\/div><\/div><div class=\"ulux-card__body wp-block-unilux-blocks-free-content-card-item-body\">\n    \n<h3 class=\"ulux-card__title has-text-align-left wp-block-unilux-blocks-heading\"        id=\"das-industrielle-kulturerbe-lokal-regional-international\"\n    >\nDas industrielle Kulturerbe: lokal, regional, international<\/h3>\n<div class=\"ulux-card__description wp-block-unilux-blocks-free-content-card-item-free-content-area\">\n    \n<p>Podiumsdiskussion \u00fcber den Erhalt, den Umbau und das Verschwinden von ehemaligen Industriest\u00e4tten.<\/p>\n<\/div><div class=\"wp-block-unilux-blocks-simple-cta\">\n    <a\n        href=\"https:\/\/www.uni.lu\/c2dh-de\/news\/industrieerbe-ist-das-kultur-oder-kann-das-weg\/\"\n        title=\"Learn more\"\n        class=\"link-text link-text--icon ulux-card__link link-text link-absolute\"\n        target=\"\"\n    >\n        <span class=\"link-text__body\">\n            <span class=\"link-text__name\">Learn more<\/span>\n        <\/span>\n        <svg aria-hidden=\"true\" focusable=\"false\" class=\"icon icon-outline icon--arrow-right \"><use xlink:href=\"https:\/\/www.uni.lu\/wp-content\/themes\/unilux-theme\/assets\/images\/icons\/icons-outline.svg#icon--arrow-right\"><\/use><\/svg>    <\/a>\n<\/div>\n<\/div>        <\/div>\n    <\/div>\n<\/li><li class=\"w-full sm:w-1\/2 lg:w-1\/3 px-16  wp-block-unilux-blocks-free-content-card-item\">\n    <div class=\"ulux-card card-facilities bg-theme\">\n        <div class=\"ulux-card__container card__container\">\n                        <div class=\"ulux-card__visual wp-block-unilux-blocks-free-content-card-item-visual\">\n    \n<div class=\"wp-block-unilux-blocks-image-video-wrapper\">\n    <figure class=\"wp-block-dev4-reusable-blocks-image  object-fit--cover\">\n    \n<img decoding=\"async\" class=\"wp-block-image unilux-custom-image-block\"\n                alt=\"Forum Z DEMA\"\n            src=\"https:\/\/www.uni.lu\/wp-content\/uploads\/sites\/7\/2023\/06\/Forum-Z-DEMA-1.png\"\n                srcset=\"https:\/\/www.uni.lu\/wp-content\/uploads\/sites\/7\/2023\/06\/Forum-Z-DEMA-1-300x225.png 300w, https:\/\/www.uni.lu\/wp-content\/uploads\/sites\/7\/2023\/06\/Forum-Z-DEMA-1-768x576.png 768w, https:\/\/www.uni.lu\/wp-content\/uploads\/sites\/7\/2023\/06\/Forum-Z-DEMA-1.png 900w\"\n                style=\"object-position: 50.00% 50.00%; font-family: &quot;object-fit: cover; object-position: 50.00% 50.00%;&quot;; aspect-ratio: 4\/3; object-fit: cover; width: 100%;\"\n        loading=\"lazy\"\n\/>    <\/figure><\/div><\/div><div class=\"ulux-card__body wp-block-unilux-blocks-free-content-card-item-body\">\n    \n<h3 class=\"ulux-card__title has-text-align-left wp-block-unilux-blocks-heading\"        id=\"re-do-re-make-re-imagine\"\n    >\nRe-do, re-make, re-imagine<\/h3>\n<div class=\"ulux-card__description wp-block-unilux-blocks-free-content-card-item-free-content-area\">\n    \n<p>Dive into the world of Experimental Media Archaeology and the power of object-based re-enactment on the historical imagination!<\/p>\n<\/div><div class=\"wp-block-unilux-blocks-simple-cta\">\n    <a\n        href=\"https:\/\/www.uni.lu\/c2dh-en\/news\/experimental-media-archaeology-on-stage\/\"\n        title=\"Learn more\"\n        class=\"link-text link-text--icon ulux-card__link link-text link-absolute\"\n        target=\"\"\n    >\n        <span class=\"link-text__body\">\n            <span class=\"link-text__name\">Learn more<\/span>\n        <\/span>\n        <svg aria-hidden=\"true\" focusable=\"false\" class=\"icon icon-outline icon--arrow-right \"><use xlink:href=\"https:\/\/www.uni.lu\/wp-content\/themes\/unilux-theme\/assets\/images\/icons\/icons-outline.svg#icon--arrow-right\"><\/use><\/svg>    <\/a>\n<\/div>\n<\/div>        <\/div>\n    <\/div>\n<\/li><li class=\"w-full sm:w-1\/2 lg:w-1\/3 px-16  wp-block-unilux-blocks-free-content-card-item\">\n    <div class=\"ulux-card card-facilities bg-theme\">\n        <div class=\"ulux-card__container card__container\">\n                        <div class=\"ulux-card__visual wp-block-unilux-blocks-free-content-card-item-visual\">\n    \n<div class=\"wp-block-unilux-blocks-image-video-wrapper\">\n    <figure class=\"wp-block-dev4-reusable-blocks-image  object-fit--cover\">\n    \n<img decoding=\"async\" class=\"wp-block-image unilux-custom-image-block\"\n                alt=\"Forum Z Liewen am Minett\"\n            src=\"https:\/\/www.uni.lu\/wp-content\/uploads\/sites\/7\/2023\/06\/Forum-Z-Liewen-am-Minett.png\"\n                srcset=\"https:\/\/www.uni.lu\/wp-content\/uploads\/sites\/7\/2023\/06\/Forum-Z-Liewen-am-Minett-300x225.png 300w, https:\/\/www.uni.lu\/wp-content\/uploads\/sites\/7\/2023\/06\/Forum-Z-Liewen-am-Minett-768x576.png 768w, https:\/\/www.uni.lu\/wp-content\/uploads\/sites\/7\/2023\/06\/Forum-Z-Liewen-am-Minett.png 900w\"\n                style=\"object-position: 50.00% 50.00%; font-family: &quot;object-fit: cover; object-position: 50.00% 50.00%;&quot;; aspect-ratio: 4\/3; object-fit: cover; width: 100%;\"\n        loading=\"lazy\"\n\/>    <\/figure><\/div><\/div><div class=\"ulux-card__body wp-block-unilux-blocks-free-content-card-item-body\">\n    \n<h3 class=\"ulux-card__title has-text-align-left wp-block-unilux-blocks-heading\"        id=\"liewen-am-minett-revisited\"\n    >\nLiewen am Minett revisited<\/h3>\n<div class=\"ulux-card__description wp-block-unilux-blocks-free-content-card-item-free-content-area\">\n    \n<p>This ForumZ revisits the famous photo book \u201cLiewen am Minett\u201d that documented the Minett region in the late 1980s and sparked a debate about the region\u2019s identity.<\/p>\n<\/div><div class=\"wp-block-unilux-blocks-simple-cta\">\n    <a\n        href=\"https:\/\/www.uni.lu\/c2dh-en\/news\/the-debate-goes-on-liewen-am-minett-revisited\/\"\n        title=\"Learn more\"\n        class=\"link-text link-text--icon ulux-card__link link-text link-absolute\"\n        target=\"\"\n    >\n        <span class=\"link-text__body\">\n            <span class=\"link-text__name\">Learn more<\/span>\n        <\/span>\n        <svg aria-hidden=\"true\" focusable=\"false\" class=\"icon icon-outline icon--arrow-right \"><use xlink:href=\"https:\/\/www.uni.lu\/wp-content\/themes\/unilux-theme\/assets\/images\/icons\/icons-outline.svg#icon--arrow-right\"><\/use><\/svg>    <\/a>\n<\/div>\n<\/div>        <\/div>\n    <\/div>\n<\/li><li class=\"w-full sm:w-1\/2 lg:w-1\/3 px-16  wp-block-unilux-blocks-free-content-card-item\">\n    <div class=\"ulux-card card-facilities bg-theme\">\n        <div class=\"ulux-card__container card__container\">\n                        <div class=\"ulux-card__visual wp-block-unilux-blocks-free-content-card-item-visual\">\n    \n<div class=\"wp-block-unilux-blocks-image-video-wrapper\">\n    <figure class=\"wp-block-dev4-reusable-blocks-image  object-fit--cover\">\n    \n<img decoding=\"async\" class=\"wp-block-image unilux-custom-image-block\"\n                alt=\"Forum Z Holocaust Memory\"\n            src=\"https:\/\/www.uni.lu\/wp-content\/uploads\/sites\/7\/2023\/06\/Forum-Z-Holocaust-memory.jpg\"\n                srcset=\"https:\/\/www.uni.lu\/wp-content\/uploads\/sites\/7\/2023\/06\/Forum-Z-Holocaust-memory-300x225.jpg 300w, https:\/\/www.uni.lu\/wp-content\/uploads\/sites\/7\/2023\/06\/Forum-Z-Holocaust-memory-768x576.jpg 768w, https:\/\/www.uni.lu\/wp-content\/uploads\/sites\/7\/2023\/06\/Forum-Z-Holocaust-memory.jpg 900w\"\n                style=\"object-position: 50.00% 50.00%; font-family: &quot;object-fit: cover; object-position: 50.00% 50.00%;&quot;; aspect-ratio: 4\/3; object-fit: cover; width: 100%;\"\n        loading=\"lazy\"\n\/>    <\/figure><\/div><\/div><div class=\"ulux-card__body wp-block-unilux-blocks-free-content-card-item-body\">\n    \n<h3 class=\"ulux-card__title has-text-align-left wp-block-unilux-blocks-heading\"        id=\"what-is-remembered-lives-memoire-de-la-shoah-a-lere-digitale\"\n    >\nWhat is remembered lives. M\u00e9moire de la Shoah \u00e0 l&#8217;\u00e8re digitale<\/h3>\n<div class=\"ulux-card__description wp-block-unilux-blocks-free-content-card-item-free-content-area\">\n    \n<p>Conf\u00e9rences et ateliers interactifs sur la m\u00e9moire de la Shoah \u00e0 l&#8217;\u00e8re digitale.<\/p>\n<\/div><div class=\"wp-block-unilux-blocks-simple-cta\">\n    <a\n        href=\"https:\/\/www.uni.lu\/c2dh-fr\/news\/la-memoire-de-la-shoah-a-lere-digitale-au-coeur-des-discussions\/\"\n        title=\"Learn more\"\n        class=\"link-text link-text--icon ulux-card__link link-text link-absolute\"\n        target=\"\"\n    >\n        <span class=\"link-text__body\">\n            <span class=\"link-text__name\">Learn more<\/span>\n        <\/span>\n        <svg aria-hidden=\"true\" focusable=\"false\" class=\"icon icon-outline icon--arrow-right \"><use xlink:href=\"https:\/\/www.uni.lu\/wp-content\/themes\/unilux-theme\/assets\/images\/icons\/icons-outline.svg#icon--arrow-right\"><\/use><\/svg>    <\/a>\n<\/div>\n<\/div>        <\/div>\n    <\/div>\n<\/li><li class=\"w-full sm:w-1\/2 lg:w-1\/3 px-16  wp-block-unilux-blocks-free-content-card-item\">\n    <div class=\"ulux-card card-facilities bg-theme\">\n        <div class=\"ulux-card__container card__container\">\n                        <div class=\"ulux-card__visual wp-block-unilux-blocks-free-content-card-item-visual\">\n    \n<div class=\"wp-block-unilux-blocks-image-video-wrapper\">\n    <figure class=\"wp-block-dev4-reusable-blocks-image  object-fit--cover\">\n    \n<img decoding=\"async\" class=\"wp-block-image unilux-custom-image-block\"\n                alt=\"Forum Z Impresso\"\n            src=\"https:\/\/www.uni.lu\/wp-content\/uploads\/sites\/7\/2023\/06\/Forum-Z-Impresso.jpg\"\n                srcset=\"https:\/\/www.uni.lu\/wp-content\/uploads\/sites\/7\/2023\/06\/Forum-Z-Impresso-300x225.jpg 300w, https:\/\/www.uni.lu\/wp-content\/uploads\/sites\/7\/2023\/06\/Forum-Z-Impresso-768x576.jpg 768w, https:\/\/www.uni.lu\/wp-content\/uploads\/sites\/7\/2023\/06\/Forum-Z-Impresso.jpg 900w\"\n                style=\"object-position: 50.00% 50.00%; font-family: &quot;object-fit: cover; object-position: 50.00% 50.00%;&quot;; aspect-ratio: 4\/3; object-fit: cover; width: 100%;\"\n        loading=\"lazy\"\n\/>    <\/figure><\/div><\/div><div class=\"ulux-card__body wp-block-unilux-blocks-free-content-card-item-body\">\n    \n<h3 class=\"ulux-card__title has-text-align-left wp-block-unilux-blocks-heading\"        id=\"reading-yesterdays-news-in-the-digital-age\"\n    >\nReading yesterday&#8217;s news in the digital age<\/h3>\n<div class=\"ulux-card__description wp-block-unilux-blocks-free-content-card-item-free-content-area\">\n    \n<p>During this online event, we analyse the pratice of text mining 200 years of historical newspapers.<\/p>\n<\/div><div class=\"wp-block-unilux-blocks-simple-cta\">\n    <a\n        href=\"https:\/\/www.uni.lu\/c2dh-en\/news\/forum-z-goes-online-digitised-newspapers-edition\/\"\n        title=\"Learn more\"\n        class=\"link-text link-text--icon ulux-card__link link-text link-absolute\"\n        target=\"\"\n    >\n        <span class=\"link-text__body\">\n            <span class=\"link-text__name\">Learn more<\/span>\n        <\/span>\n        <svg aria-hidden=\"true\" focusable=\"false\" class=\"icon icon-outline icon--arrow-right \"><use xlink:href=\"https:\/\/www.uni.lu\/wp-content\/themes\/unilux-theme\/assets\/images\/icons\/icons-outline.svg#icon--arrow-right\"><\/use><\/svg>    <\/a>\n<\/div>\n<\/div>        <\/div>\n    <\/div>\n<\/li><li class=\"w-full sm:w-1\/2 lg:w-1\/3 px-16  wp-block-unilux-blocks-free-content-card-item\">\n    <div class=\"ulux-card card-facilities bg-theme\">\n        <div class=\"ulux-card__container card__container\">\n                        <div class=\"ulux-card__visual wp-block-unilux-blocks-free-content-card-item-visual\">\n    \n<div class=\"wp-block-unilux-blocks-image-video-wrapper\">\n    <figure class=\"wp-block-dev4-reusable-blocks-image  object-fit--cover\">\n    \n<img decoding=\"async\" class=\"wp-block-image unilux-custom-image-block\"\n                alt=\"Forum Z Holocaust history and memory\"\n            src=\"https:\/\/www.uni.lu\/wp-content\/uploads\/sites\/7\/2023\/06\/Forum-Z-Holocaust-history.png\"\n                srcset=\"https:\/\/www.uni.lu\/wp-content\/uploads\/sites\/7\/2023\/06\/Forum-Z-Holocaust-history-300x225.png 300w, https:\/\/www.uni.lu\/wp-content\/uploads\/sites\/7\/2023\/06\/Forum-Z-Holocaust-history-768x576.png 768w, https:\/\/www.uni.lu\/wp-content\/uploads\/sites\/7\/2023\/06\/Forum-Z-Holocaust-history.png 900w\"\n                style=\"object-position: 50.00% 50.00%; font-family: &quot;object-fit: cover; object-position: 50.00% 50.00%;&quot;; aspect-ratio: 4\/3; object-fit: cover; width: 100%;\"\n        loading=\"lazy\"\n\/>    <\/figure><\/div><\/div><div class=\"ulux-card__body wp-block-unilux-blocks-free-content-card-item-body\">\n    \n<h3 class=\"ulux-card__title has-text-align-left wp-block-unilux-blocks-heading\"        id=\"holocaust-history-and-memory\"\n    >\nHolocaust History and Memory<\/h3>\n<div class=\"ulux-card__description wp-block-unilux-blocks-free-content-card-item-free-content-area\">\n    \n<p>This Forum Z centres around three themes related to Holocaust history and memory \u2013 Holocaust history in the digital age, the Holocaust and Jewish life in Luxembourg, and combating anti-Semitism in contemporary Europe.<\/p>\n<\/div><div class=\"wp-block-unilux-blocks-simple-cta\">\n    <a\n        href=\"https:\/\/www.uni.lu\/c2dh-en\/news\/holocaust-history-and-memory\/\"\n        title=\"Learn more\"\n        class=\"link-text link-text--icon ulux-card__link link-text link-absolute\"\n        target=\"\"\n    >\n        <span class=\"link-text__body\">\n            <span class=\"link-text__name\">Learn more<\/span>\n        <\/span>\n        <svg aria-hidden=\"true\" focusable=\"false\" class=\"icon icon-outline icon--arrow-right \"><use xlink:href=\"https:\/\/www.uni.lu\/wp-content\/themes\/unilux-theme\/assets\/images\/icons\/icons-outline.svg#icon--arrow-right\"><\/use><\/svg>    <\/a>\n<\/div>\n<\/div>        <\/div>\n    <\/div>\n<\/li><li class=\"w-full sm:w-1\/2 lg:w-1\/3 px-16  wp-block-unilux-blocks-free-content-card-item\">\n    <div class=\"ulux-card card-facilities bg-theme\">\n        <div class=\"ulux-card__container card__container\">\n                        <div class=\"ulux-card__visual wp-block-unilux-blocks-free-content-card-item-visual\">\n    \n<div class=\"wp-block-unilux-blocks-image-video-wrapper\">\n    <figure class=\"wp-block-dev4-reusable-blocks-image  object-fit--cover\">\n    \n<img decoding=\"async\" class=\"wp-block-image unilux-custom-image-block\"\n                alt=\"Forum Z From one wall to another\"\n            src=\"https:\/\/www.uni.lu\/wp-content\/uploads\/sites\/7\/2023\/06\/Forum-Z-mur-de-Berlin.png\"\n                srcset=\"https:\/\/www.uni.lu\/wp-content\/uploads\/sites\/7\/2023\/06\/Forum-Z-mur-de-Berlin-300x225.png 300w, https:\/\/www.uni.lu\/wp-content\/uploads\/sites\/7\/2023\/06\/Forum-Z-mur-de-Berlin-768x576.png 768w, https:\/\/www.uni.lu\/wp-content\/uploads\/sites\/7\/2023\/06\/Forum-Z-mur-de-Berlin.png 900w\"\n                style=\"object-position: 50.00% 50.00%; font-family: &quot;object-fit: cover; object-position: 50.00% 50.00%;&quot;; aspect-ratio: 4\/3; object-fit: cover; width: 100%;\"\n        loading=\"lazy\"\n\/>    <\/figure><\/div><\/div><div class=\"ulux-card__body wp-block-unilux-blocks-free-content-card-item-body\">\n    \n<h3 class=\"ulux-card__title has-text-align-left wp-block-unilux-blocks-heading\"        id=\"from-one-wall-to-another-connected-history-ies\"\n    >\nFrom one wall to another\u2026 Connected histor(y\/ies)<\/h3>\n<div class=\"ulux-card__description wp-block-unilux-blocks-free-content-card-item-free-content-area\">\n    \n<p>To mark the 30th anniversary of the fall of the Berlin Wall, experts discussed the changing concept of &#8216;walls&#8217; in history.<\/p>\n<\/div><div class=\"wp-block-unilux-blocks-simple-cta\">\n    <a\n        href=\"https:\/\/www.uni.lu\/c2dh-en\/news\/from-one-wall-to-another-connected-history-ies\/\"\n        title=\"Learn more\"\n        class=\"link-text link-text--icon ulux-card__link link-text link-absolute\"\n        target=\"\"\n    >\n        <span class=\"link-text__body\">\n            <span class=\"link-text__name\">Learn more<\/span>\n        <\/span>\n        <svg aria-hidden=\"true\" focusable=\"false\" class=\"icon icon-outline icon--arrow-right \"><use xlink:href=\"https:\/\/www.uni.lu\/wp-content\/themes\/unilux-theme\/assets\/images\/icons\/icons-outline.svg#icon--arrow-right\"><\/use><\/svg>    <\/a>\n<\/div>\n<\/div>        <\/div>\n    <\/div>\n<\/li><li class=\"w-full sm:w-1\/2 lg:w-1\/3 px-16  wp-block-unilux-blocks-free-content-card-item\">\n    <div class=\"ulux-card card-facilities bg-theme\">\n        <div class=\"ulux-card__container card__container\">\n                        <div class=\"ulux-card__visual wp-block-unilux-blocks-free-content-card-item-visual\">\n    \n<div class=\"wp-block-unilux-blocks-image-video-wrapper\">\n    <figure class=\"wp-block-dev4-reusable-blocks-image  object-fit--cover\">\n    \n<img decoding=\"async\" class=\"wp-block-image unilux-custom-image-block\"\n                alt=\"Women on the march\"\n            src=\"https:\/\/www.uni.lu\/wp-content\/uploads\/sites\/7\/2023\/06\/Forum-Z-Women-on-the-march.png\"\n                srcset=\"https:\/\/www.uni.lu\/wp-content\/uploads\/sites\/7\/2023\/06\/Forum-Z-Women-on-the-march-300x225.png 300w, https:\/\/www.uni.lu\/wp-content\/uploads\/sites\/7\/2023\/06\/Forum-Z-Women-on-the-march-768x576.png 768w, https:\/\/www.uni.lu\/wp-content\/uploads\/sites\/7\/2023\/06\/Forum-Z-Women-on-the-march.png 900w\"\n                style=\"object-position: 50.00% 50.00%; font-family: &quot;object-fit: cover; object-position: 50.00% 50.00%;&quot;; aspect-ratio: 4\/3; object-fit: cover; width: 100%;\"\n        loading=\"lazy\"\n\/>    <\/figure><\/div><\/div><div class=\"ulux-card__body wp-block-unilux-blocks-free-content-card-item-body\">\n    \n<h3 class=\"ulux-card__title has-text-align-left wp-block-unilux-blocks-heading\"        id=\"women-on-the-march-from-1919-to-2019-in-luxembourg\"\n    >\nWomen on the march from 1919 to 2019 in Luxembourg<\/h3>\n<div class=\"ulux-card__description wp-block-unilux-blocks-free-content-card-item-free-content-area\">\n    \n<p>It is a hundred years since women gained the right to vote in Luxembourg. How did things change for women over the eventful 20th century?<\/p>\n<\/div><div class=\"wp-block-unilux-blocks-simple-cta\">\n    <a\n        href=\"https:\/\/www.uni.lu\/c2dh-fr\/news\/la-marche-des-femmes-de-1919-a-2019-au-luxembourg\/\"\n        title=\"Learn more\"\n        class=\"link-text link-text--icon ulux-card__link link-text link-absolute\"\n        target=\"\"\n    >\n        <span class=\"link-text__body\">\n            <span class=\"link-text__name\">Learn more<\/span>\n        <\/span>\n        <svg aria-hidden=\"true\" focusable=\"false\" class=\"icon icon-outline icon--arrow-right \"><use xlink:href=\"https:\/\/www.uni.lu\/wp-content\/themes\/unilux-theme\/assets\/images\/icons\/icons-outline.svg#icon--arrow-right\"><\/use><\/svg>    <\/a>\n<\/div>\n<\/div>        <\/div>\n    <\/div>\n<\/li><li class=\"w-full sm:w-1\/2 lg:w-1\/3 px-16  wp-block-unilux-blocks-free-content-card-item\">\n    <div class=\"ulux-card card-facilities bg-theme\">\n        <div class=\"ulux-card__container card__container\">\n                        <div class=\"ulux-card__visual wp-block-unilux-blocks-free-content-card-item-visual\">\n    \n<div class=\"wp-block-unilux-blocks-image-video-wrapper\">\n    <figure class=\"wp-block-dev4-reusable-blocks-image  object-fit--cover\">\n    \n<img decoding=\"async\" class=\"wp-block-image unilux-custom-image-block\"\n                alt=\"Forum Z Visualising history\"\n            src=\"https:\/\/www.uni.lu\/wp-content\/uploads\/sites\/7\/2023\/06\/Forum-Z-Visualising-history.png\"\n                srcset=\"https:\/\/www.uni.lu\/wp-content\/uploads\/sites\/7\/2023\/06\/Forum-Z-Visualising-history-300x225.png 300w, https:\/\/www.uni.lu\/wp-content\/uploads\/sites\/7\/2023\/06\/Forum-Z-Visualising-history-768x576.png 768w, https:\/\/www.uni.lu\/wp-content\/uploads\/sites\/7\/2023\/06\/Forum-Z-Visualising-history.png 900w\"\n                style=\"object-position: 50.00% 50.00%; font-family: &quot;object-fit: cover; object-position: 50.00% 50.00%;&quot;; aspect-ratio: 4\/3; object-fit: cover; width: 100%;\"\n        loading=\"lazy\"\n\/>    <\/figure><\/div><\/div><div class=\"ulux-card__body wp-block-unilux-blocks-free-content-card-item-body\">\n    \n<h3 class=\"ulux-card__title has-text-align-left wp-block-unilux-blocks-heading\"        id=\"visualising-history\"\n    >\nVisualising history<\/h3>\n<div class=\"ulux-card__description wp-block-unilux-blocks-free-content-card-item-free-content-area\">\n    \n<p>A Forum Z on history paintings, 3D reconstructions, virtual worlds and time machines.<\/p>\n<\/div><div class=\"wp-block-unilux-blocks-simple-cta\">\n    <a\n        href=\"https:\/\/www.uni.lu\/c2dh-en\/news\/the-multiple-facets-of-visualising-history\/\"\n        title=\"Learn more\"\n        class=\"link-text link-text--icon ulux-card__link link-text link-absolute\"\n        target=\"\"\n    >\n        <span class=\"link-text__body\">\n            <span class=\"link-text__name\">Learn more<\/span>\n        <\/span>\n        <svg aria-hidden=\"true\" focusable=\"false\" class=\"icon icon-outline icon--arrow-right \"><use xlink:href=\"https:\/\/www.uni.lu\/wp-content\/themes\/unilux-theme\/assets\/images\/icons\/icons-outline.svg#icon--arrow-right\"><\/use><\/svg>    <\/a>\n<\/div>\n<\/div>        <\/div>\n    <\/div>\n<\/li><li class=\"w-full sm:w-1\/2 lg:w-1\/3 px-16  wp-block-unilux-blocks-free-content-card-item\">\n    <div class=\"ulux-card card-facilities bg-theme\">\n        <div class=\"ulux-card__container card__container\">\n                        <div class=\"ulux-card__visual wp-block-unilux-blocks-free-content-card-item-visual\">\n    \n<div class=\"wp-block-unilux-blocks-image-video-wrapper\">\n    <figure class=\"wp-block-dev4-reusable-blocks-image  object-fit--cover\">\n    \n<img decoding=\"async\" class=\"wp-block-image unilux-custom-image-block\"\n                alt=\"Forum Z Who&#039;s afraid of the digital?\"\n            src=\"https:\/\/www.uni.lu\/wp-content\/uploads\/sites\/7\/2023\/06\/Forum-Z-Afraid-of-the-digital.png\"\n                srcset=\"https:\/\/www.uni.lu\/wp-content\/uploads\/sites\/7\/2023\/06\/Forum-Z-Afraid-of-the-digital-300x225.png 300w, https:\/\/www.uni.lu\/wp-content\/uploads\/sites\/7\/2023\/06\/Forum-Z-Afraid-of-the-digital-768x576.png 768w, https:\/\/www.uni.lu\/wp-content\/uploads\/sites\/7\/2023\/06\/Forum-Z-Afraid-of-the-digital.png 900w\"\n                style=\"object-position: 50.00% 50.00%; font-family: &quot;object-fit: cover; object-position: 50.00% 50.00%;&quot;; aspect-ratio: 4\/3; object-fit: cover; width: 100%;\"\n        loading=\"lazy\"\n\/>    <\/figure><\/div><\/div><div class=\"ulux-card__body wp-block-unilux-blocks-free-content-card-item-body\">\n    \n<h3 class=\"ulux-card__title has-text-align-left wp-block-unilux-blocks-heading\"        id=\"whos-afraid-of-the-digital\"\n    >\nWho&#8217;s afraid of the digital?<\/h3>\n<div class=\"ulux-card__description wp-block-unilux-blocks-free-content-card-item-free-content-area\">\n    \n<p>From walking around in a museum to surfing a virtual exhibition online? From using \u201cold-fashioned\u201d school books to learning with iPads?<\/p>\n<\/div><div class=\"wp-block-unilux-blocks-simple-cta\">\n    <a\n        href=\"https:\/\/www.uni.lu\/c2dh-en\/news\/a-hands-on-exploration-through-luxembourgs-virtual-and-real-landscapes-of-digital-developments-in-education-research-and-culture\/\"\n        title=\"Learn more\"\n        class=\"link-text link-text--icon ulux-card__link link-text link-absolute\"\n        target=\"\"\n    >\n        <span class=\"link-text__body\">\n            <span class=\"link-text__name\">Learn more<\/span>\n        <\/span>\n        <svg aria-hidden=\"true\" focusable=\"false\" class=\"icon icon-outline icon--arrow-right \"><use xlink:href=\"https:\/\/www.uni.lu\/wp-content\/themes\/unilux-theme\/assets\/images\/icons\/icons-outline.svg#icon--arrow-right\"><\/use><\/svg>    <\/a>\n<\/div>\n<\/div>        <\/div>\n    <\/div>\n<\/li><li class=\"w-full sm:w-1\/2 lg:w-1\/3 px-16  wp-block-unilux-blocks-free-content-card-item\">\n    <div class=\"ulux-card card-facilities bg-theme\">\n        <div class=\"ulux-card__container card__container\">\n                        <div class=\"ulux-card__visual wp-block-unilux-blocks-free-content-card-item-visual\">\n    \n<div class=\"wp-block-unilux-blocks-image-video-wrapper\">\n    <figure class=\"wp-block-dev4-reusable-blocks-image  object-fit--cover\">\n    \n<img decoding=\"async\" class=\"wp-block-image unilux-custom-image-block\"\n                alt=\"Forum Z Lost memories of WW1\"\n            src=\"https:\/\/www.uni.lu\/wp-content\/uploads\/sites\/7\/2023\/06\/Forum-Z-WW1.png\"\n                srcset=\"https:\/\/www.uni.lu\/wp-content\/uploads\/sites\/7\/2023\/06\/Forum-Z-WW1-300x225.png 300w, https:\/\/www.uni.lu\/wp-content\/uploads\/sites\/7\/2023\/06\/Forum-Z-WW1-768x576.png 768w, https:\/\/www.uni.lu\/wp-content\/uploads\/sites\/7\/2023\/06\/Forum-Z-WW1.png 900w\"\n                style=\"object-position: 50.00% 50.00%; font-family: &quot;object-fit: cover; object-position: 50.00% 50.00%;&quot;; aspect-ratio: 4\/3; object-fit: cover; width: 100%;\"\n        loading=\"lazy\"\n\/>    <\/figure><\/div><\/div><div class=\"ulux-card__body wp-block-unilux-blocks-free-content-card-item-body\">\n    \n<h3 class=\"ulux-card__title has-text-align-left wp-block-unilux-blocks-heading\"        id=\"lost-memories-of-ww1\"\n    >\nLost Memories of WW1<\/h3>\n<div class=\"ulux-card__description wp-block-unilux-blocks-free-content-card-item-free-content-area\">\n    \n<p>How do we look back on the Great War today, a century after the events unfolded? What do we remember of that time? What memories are conserved by objects, places and commemorative practices? And what stories have been deliberately sidelined or simply lost?<\/p>\n<\/div><div class=\"wp-block-unilux-blocks-simple-cta\">\n    <a\n        href=\"https:\/\/www.uni.lu\/c2dh-fr\/news\/la-grande-guerre-entre-souvenir-et-oubli\/\"\n        title=\"Learn more\"\n        class=\"link-text link-text--icon ulux-card__link link-text link-absolute\"\n        target=\"\"\n    >\n        <span class=\"link-text__body\">\n            <span class=\"link-text__name\">Learn more<\/span>\n        <\/span>\n        <svg aria-hidden=\"true\" focusable=\"false\" class=\"icon icon-outline icon--arrow-right \"><use xlink:href=\"https:\/\/www.uni.lu\/wp-content\/themes\/unilux-theme\/assets\/images\/icons\/icons-outline.svg#icon--arrow-right\"><\/use><\/svg>    <\/a>\n<\/div>\n<\/div>        <\/div>\n    <\/div>\n<\/li><li class=\"w-full sm:w-1\/2 lg:w-1\/3 px-16  wp-block-unilux-blocks-free-content-card-item\">\n    <div class=\"ulux-card card-facilities bg-theme\">\n        <div class=\"ulux-card__container card__container\">\n                        <div class=\"ulux-card__visual wp-block-unilux-blocks-free-content-card-item-visual\">\n    \n<div class=\"wp-block-unilux-blocks-image-video-wrapper\">\n    <figure class=\"wp-block-dev4-reusable-blocks-image  object-fit--cover\">\n    \n<img decoding=\"async\" class=\"wp-block-image unilux-custom-image-block\"\n                alt=\"Forum Z Social inequalities in Luxembourg\"\n            src=\"https:\/\/www.uni.lu\/wp-content\/uploads\/sites\/7\/2023\/06\/Forum-Z-Social-inequalities.png\"\n                srcset=\"https:\/\/www.uni.lu\/wp-content\/uploads\/sites\/7\/2023\/06\/Forum-Z-Social-inequalities-300x225.png 300w, https:\/\/www.uni.lu\/wp-content\/uploads\/sites\/7\/2023\/06\/Forum-Z-Social-inequalities-768x576.png 768w, https:\/\/www.uni.lu\/wp-content\/uploads\/sites\/7\/2023\/06\/Forum-Z-Social-inequalities.png 900w\"\n                style=\"object-position: 50.00% 50.00%; font-family: &quot;object-fit: cover; object-position: 50.00% 50.00%;&quot;; aspect-ratio: 4\/3; object-fit: cover; width: 100%;\"\n        loading=\"lazy\"\n\/>    <\/figure><\/div><\/div><div class=\"ulux-card__body wp-block-unilux-blocks-free-content-card-item-body\">\n    \n<h3 class=\"ulux-card__title has-text-align-left wp-block-unilux-blocks-heading\"        id=\"social-inequalities-in-luxembourg\"\n    >\nSocial inequalities in Luxembourg?<\/h3>\n<div class=\"ulux-card__description wp-block-unilux-blocks-free-content-card-item-free-content-area\">\n    \n<p>This Forum Z looked at the concept of social inequality and how social status affects the realities of life in Luxembourg. Alongside a panel of experts, social education and pedagogy students developed unorthodox suggestions to tackle these issues and encourage thinking outside the box.<\/p>\n<\/div><div class=\"wp-block-unilux-blocks-simple-cta\">\n    <a\n        href=\"https:\/\/www.uni.lu\/c2dh-fr\/news\/la-precarite-a-lordre-du-jour\/\"\n        title=\"Learn more\"\n        class=\"link-text link-text--icon ulux-card__link link-text link-absolute\"\n        target=\"\"\n    >\n        <span class=\"link-text__body\">\n            <span class=\"link-text__name\">Learn more<\/span>\n        <\/span>\n        <svg aria-hidden=\"true\" focusable=\"false\" class=\"icon icon-outline icon--arrow-right \"><use xlink:href=\"https:\/\/www.uni.lu\/wp-content\/themes\/unilux-theme\/assets\/images\/icons\/icons-outline.svg#icon--arrow-right\"><\/use><\/svg>    <\/a>\n<\/div>\n<\/div>        <\/div>\n    <\/div>\n<\/li><li class=\"w-full sm:w-1\/2 lg:w-1\/3 px-16  wp-block-unilux-blocks-free-content-card-item\">\n    <div class=\"ulux-card card-facilities bg-theme\">\n        <div class=\"ulux-card__container card__container\">\n                        <div class=\"ulux-card__visual wp-block-unilux-blocks-free-content-card-item-visual\">\n    \n<div class=\"wp-block-unilux-blocks-image-video-wrapper\">\n    <figure class=\"wp-block-dev4-reusable-blocks-image  object-fit--cover\">\n    \n<img decoding=\"async\" class=\"wp-block-image unilux-custom-image-block\"\n                alt=\"Forum Z Industrial heritage\"\n            src=\"https:\/\/www.uni.lu\/wp-content\/uploads\/sites\/7\/2023\/06\/Forum-Z-Industrial-heritage-2018.png\"\n                srcset=\"https:\/\/www.uni.lu\/wp-content\/uploads\/sites\/7\/2023\/06\/Forum-Z-Industrial-heritage-2018-300x225.png 300w, https:\/\/www.uni.lu\/wp-content\/uploads\/sites\/7\/2023\/06\/Forum-Z-Industrial-heritage-2018-768x576.png 768w, https:\/\/www.uni.lu\/wp-content\/uploads\/sites\/7\/2023\/06\/Forum-Z-Industrial-heritage-2018.png 900w\"\n                style=\"object-position: 50.00% 50.00%; font-family: &quot;object-fit: cover; object-position: 50.00% 50.00%;&quot;; aspect-ratio: 4\/3; object-fit: cover; width: 100%;\"\n        loading=\"lazy\"\n\/>    <\/figure><\/div><\/div><div class=\"ulux-card__body wp-block-unilux-blocks-free-content-card-item-body\">\n    \n<h3 class=\"ulux-card__title has-text-align-left wp-block-unilux-blocks-heading\"        id=\"industrial-heritage\"\n    >\nIndustrial heritage<\/h3>\n<div class=\"ulux-card__description wp-block-unilux-blocks-free-content-card-item-free-content-area\">\n    \n<p>This edition of Forum Z combined a public collection of photos, pictures and objects on industrial heritage with presentations by Luxembourg and international experts.<\/p>\n<\/div><div class=\"wp-block-unilux-blocks-simple-cta\">\n    <a\n        href=\"https:\/\/www.uni.lu\/c2dh-en\/news\/industrial-heritage\/\"\n        title=\"Learn more\"\n        class=\"link-text link-text--icon ulux-card__link link-text link-absolute\"\n        target=\"\"\n    >\n        <span class=\"link-text__body\">\n            <span class=\"link-text__name\">Learn more<\/span>\n        <\/span>\n        <svg aria-hidden=\"true\" focusable=\"false\" class=\"icon icon-outline icon--arrow-right \"><use xlink:href=\"https:\/\/www.uni.lu\/wp-content\/themes\/unilux-theme\/assets\/images\/icons\/icons-outline.svg#icon--arrow-right\"><\/use><\/svg>    <\/a>\n<\/div>\n<\/div>        <\/div>\n    <\/div>\n<\/li><li class=\"w-full sm:w-1\/2 lg:w-1\/3 px-16  wp-block-unilux-blocks-free-content-card-item\">\n    <div class=\"ulux-card card-facilities bg-theme\">\n        <div class=\"ulux-card__container card__container\">\n                        <div class=\"ulux-card__visual wp-block-unilux-blocks-free-content-card-item-visual\">\n    \n<div class=\"wp-block-unilux-blocks-image-video-wrapper\">\n    <figure class=\"wp-block-dev4-reusable-blocks-image  object-fit--cover\">\n    \n<img decoding=\"async\" class=\"wp-block-image unilux-custom-image-block\"\n                alt=\"Forum Z Mai 68\"\n            src=\"https:\/\/www.uni.lu\/wp-content\/uploads\/sites\/7\/2023\/06\/Forum-Z-Mai68.png\"\n                srcset=\"https:\/\/www.uni.lu\/wp-content\/uploads\/sites\/7\/2023\/06\/Forum-Z-Mai68-300x225.png 300w, https:\/\/www.uni.lu\/wp-content\/uploads\/sites\/7\/2023\/06\/Forum-Z-Mai68-768x576.png 768w, https:\/\/www.uni.lu\/wp-content\/uploads\/sites\/7\/2023\/06\/Forum-Z-Mai68.png 900w\"\n                style=\"object-position: 50.00% 50.00%; font-family: &quot;object-fit: cover; object-position: 50.00% 50.00%;&quot;; aspect-ratio: 4\/3; object-fit: cover; width: 100%;\"\n        loading=\"lazy\"\n\/>    <\/figure><\/div><\/div><div class=\"ulux-card__body wp-block-unilux-blocks-free-content-card-item-body\">\n    \n<h3 class=\"ulux-card__title has-text-align-left wp-block-unilux-blocks-heading\"        id=\"may-68-myth-vs-reality\"\n    >\nMay 68 \u2013 myth vs reality<\/h3>\n<div class=\"ulux-card__description wp-block-unilux-blocks-free-content-card-item-free-content-area\">\n    \n<p>What was the impact of \u201cMay 68\u201d in Europe and on Luxembourg society in particular? The tensions between myth and reality were discussed during this Forum Z.<\/p>\n<\/div><div class=\"wp-block-unilux-blocks-simple-cta\">\n    <a\n        href=\"https:\/\/www.uni.lu\/c2dh-fr\/news\/le-luxembourg-touche-par-la-revolte\/\"\n        title=\"Learn more\"\n        class=\"link-text link-text--icon ulux-card__link link-text link-absolute\"\n        target=\"\"\n    >\n        <span class=\"link-text__body\">\n            <span class=\"link-text__name\">Learn more<\/span>\n        <\/span>\n        <svg aria-hidden=\"true\" focusable=\"false\" class=\"icon icon-outline icon--arrow-right \"><use xlink:href=\"https:\/\/www.uni.lu\/wp-content\/themes\/unilux-theme\/assets\/images\/icons\/icons-outline.svg#icon--arrow-right\"><\/use><\/svg>    <\/a>\n<\/div>\n<\/div>        <\/div>\n    <\/div>\n<\/li><li class=\"w-full sm:w-1\/2 lg:w-1\/3 px-16  wp-block-unilux-blocks-free-content-card-item\">\n    <div class=\"ulux-card card-facilities bg-theme\">\n        <div class=\"ulux-card__container card__container\">\n                        <div class=\"ulux-card__visual wp-block-unilux-blocks-free-content-card-item-visual\">\n    \n<div class=\"wp-block-unilux-blocks-image-video-wrapper\">\n    <figure class=\"wp-block-dev4-reusable-blocks-image  object-fit--cover\">\n    \n<img decoding=\"async\" class=\"wp-block-image unilux-custom-image-block\"\n                alt=\"Forum Z A new narrative for Europe\"\n            src=\"https:\/\/www.uni.lu\/wp-content\/uploads\/sites\/7\/2023\/06\/Forum-Z-new-narratives.png\"\n                srcset=\"https:\/\/www.uni.lu\/wp-content\/uploads\/sites\/7\/2023\/06\/Forum-Z-new-narratives-300x225.png 300w, https:\/\/www.uni.lu\/wp-content\/uploads\/sites\/7\/2023\/06\/Forum-Z-new-narratives-768x576.png 768w, https:\/\/www.uni.lu\/wp-content\/uploads\/sites\/7\/2023\/06\/Forum-Z-new-narratives.png 900w\"\n                style=\"object-position: 50.00% 50.00%; font-family: &quot;object-fit: cover; object-position: 50.00% 50.00%;&quot;; aspect-ratio: 4\/3; object-fit: cover; width: 100%;\"\n        loading=\"lazy\"\n\/>    <\/figure><\/div><\/div><div class=\"ulux-card__body wp-block-unilux-blocks-free-content-card-item-body\">\n    \n<h3 class=\"ulux-card__title has-text-align-left wp-block-unilux-blocks-heading\"        id=\"a-new-narrative-for-europe-quo-vadis\"\n    >\nA new narrative for Europe: Quo Vadis?<\/h3>\n<div class=\"ulux-card__description wp-block-unilux-blocks-free-content-card-item-free-content-area\">\n    \n<p>How can historians tell the story of European integration \u2013 the story of Europe \u2013 in the digital age?<\/p>\n<\/div><div class=\"wp-block-unilux-blocks-simple-cta\">\n    <a\n        href=\"https:\/\/www.uni.lu\/c2dh-en\/news\/report-of-the-fifth-forum-z-a-new-narrative-for-europe-quo-vadis\/\"\n        title=\"Learn more\"\n        class=\"link-text link-text--icon ulux-card__link link-text link-absolute\"\n        target=\"\"\n    >\n        <span class=\"link-text__body\">\n            <span class=\"link-text__name\">Learn more<\/span>\n        <\/span>\n        <svg aria-hidden=\"true\" focusable=\"false\" class=\"icon icon-outline icon--arrow-right \"><use xlink:href=\"https:\/\/www.uni.lu\/wp-content\/themes\/unilux-theme\/assets\/images\/icons\/icons-outline.svg#icon--arrow-right\"><\/use><\/svg>    <\/a>\n<\/div>\n<\/div>        <\/div>\n    <\/div>\n<\/li><li class=\"w-full sm:w-1\/2 lg:w-1\/3 px-16  wp-block-unilux-blocks-free-content-card-item\">\n    <div class=\"ulux-card card-facilities bg-theme\">\n        <div class=\"ulux-card__container card__container\">\n                        <div class=\"ulux-card__visual wp-block-unilux-blocks-free-content-card-item-visual\">\n    \n<div class=\"wp-block-unilux-blocks-image-video-wrapper\">\n    <figure class=\"wp-block-dev4-reusable-blocks-image  object-fit--cover\">\n    \n<img decoding=\"async\" class=\"wp-block-image unilux-custom-image-block\"\n                alt=\"Forum Z Glocal histories of finance\"\n            src=\"https:\/\/www.uni.lu\/wp-content\/uploads\/sites\/7\/2023\/06\/Forum-Z-Finlux.png\"\n                srcset=\"https:\/\/www.uni.lu\/wp-content\/uploads\/sites\/7\/2023\/06\/Forum-Z-Finlux-300x225.png 300w, https:\/\/www.uni.lu\/wp-content\/uploads\/sites\/7\/2023\/06\/Forum-Z-Finlux-768x576.png 768w, https:\/\/www.uni.lu\/wp-content\/uploads\/sites\/7\/2023\/06\/Forum-Z-Finlux.png 900w\"\n                style=\"object-position: 50.00% 50.00%; font-family: &quot;object-fit: cover; object-position: 50.00% 50.00%;&quot;; aspect-ratio: 4\/3; object-fit: cover; width: 100%;\"\n        loading=\"lazy\"\n\/>    <\/figure><\/div><\/div><div class=\"ulux-card__body wp-block-unilux-blocks-free-content-card-item-body\">\n    \n<h3 class=\"ulux-card__title has-text-align-left wp-block-unilux-blocks-heading\"        id=\"glocal-histories-of-finance\"\n    >\nGlocal histories of finance<\/h3>\n<div class=\"ulux-card__description wp-block-unilux-blocks-free-content-card-item-free-content-area\">\n    \n<p>This Forum Z will focuses on the history of the financial sector in Luxembourg. Which stories should be told and which archives can be used?<\/p>\n<\/div><div class=\"wp-block-unilux-blocks-simple-cta\">\n    <a\n        href=\"https:\/\/www.uni.lu\/c2dh-en\/news\/spotlight-on-the-history-of-the-luxembourg-financial-centre\/\"\n        title=\"Learn more\"\n        class=\"link-text link-text--icon ulux-card__link link-text link-absolute\"\n        target=\"\"\n    >\n        <span class=\"link-text__body\">\n            <span class=\"link-text__name\">Learn more<\/span>\n        <\/span>\n        <svg aria-hidden=\"true\" focusable=\"false\" class=\"icon icon-outline icon--arrow-right \"><use xlink:href=\"https:\/\/www.uni.lu\/wp-content\/themes\/unilux-theme\/assets\/images\/icons\/icons-outline.svg#icon--arrow-right\"><\/use><\/svg>    <\/a>\n<\/div>\n<\/div>        <\/div>\n    <\/div>\n<\/li><li class=\"w-full sm:w-1\/2 lg:w-1\/3 px-16  wp-block-unilux-blocks-free-content-card-item\">\n    <div class=\"ulux-card card-facilities bg-theme\">\n        <div class=\"ulux-card__container card__container\">\n                        <div class=\"ulux-card__visual wp-block-unilux-blocks-free-content-card-item-visual\">\n    \n<div class=\"wp-block-unilux-blocks-image-video-wrapper\">\n    <figure class=\"wp-block-dev4-reusable-blocks-image  object-fit--cover\">\n    \n<img decoding=\"async\" class=\"wp-block-image unilux-custom-image-block\"\n                alt=\"Forum Z The future of storytelling\"\n            src=\"https:\/\/www.uni.lu\/wp-content\/uploads\/sites\/7\/2023\/06\/Forum-Z-Storytelling.png\"\n                srcset=\"https:\/\/www.uni.lu\/wp-content\/uploads\/sites\/7\/2023\/06\/Forum-Z-Storytelling-300x225.png 300w, https:\/\/www.uni.lu\/wp-content\/uploads\/sites\/7\/2023\/06\/Forum-Z-Storytelling-768x576.png 768w, https:\/\/www.uni.lu\/wp-content\/uploads\/sites\/7\/2023\/06\/Forum-Z-Storytelling.png 900w\"\n                style=\"object-position: 50.00% 50.00%; font-family: &quot;object-fit: cover; object-position: 50.00% 50.00%;&quot;; aspect-ratio: 4\/3; object-fit: cover; width: 100%;\"\n        loading=\"lazy\"\n\/>    <\/figure><\/div><\/div><div class=\"ulux-card__body wp-block-unilux-blocks-free-content-card-item-body\">\n    \n<h3 class=\"ulux-card__title has-text-align-left wp-block-unilux-blocks-heading\"        id=\"the-future-of-storytelling-in-history\"\n    >\nThe future of storytelling in history<\/h3>\n<div class=\"ulux-card__description wp-block-unilux-blocks-free-content-card-item-free-content-area\">\n    \n<p>This event focused on the future of storytelling and explored how the emergence of the digital era affected the age-old art of telling tales.<\/p>\n<\/div><div class=\"wp-block-unilux-blocks-simple-cta\">\n    <a\n        href=\"https:\/\/www.uni.lu\/c2dh-fr\/news\/chronique-en-images-de-forumz-lavenir-de-la-narration-historique\/\"\n        title=\"Learn more\"\n        class=\"link-text link-text--icon ulux-card__link link-text link-absolute\"\n        target=\"\"\n    >\n        <span class=\"link-text__body\">\n            <span class=\"link-text__name\">Learn more<\/span>\n        <\/span>\n        <svg aria-hidden=\"true\" focusable=\"false\" class=\"icon icon-outline icon--arrow-right \"><use xlink:href=\"https:\/\/www.uni.lu\/wp-content\/themes\/unilux-theme\/assets\/images\/icons\/icons-outline.svg#icon--arrow-right\"><\/use><\/svg>    <\/a>\n<\/div>\n<\/div>        <\/div>\n    <\/div>\n<\/li><li class=\"w-full sm:w-1\/2 lg:w-1\/3 px-16  wp-block-unilux-blocks-free-content-card-item\">\n    <div class=\"ulux-card card-facilities bg-theme\">\n        <div class=\"ulux-card__container card__container\">\n                        <div class=\"ulux-card__visual wp-block-unilux-blocks-free-content-card-item-visual\">\n    \n<div class=\"wp-block-unilux-blocks-image-video-wrapper\">\n    <figure class=\"wp-block-dev4-reusable-blocks-image  object-fit--cover\">\n    \n<img decoding=\"async\" class=\"wp-block-image unilux-custom-image-block\"\n                alt=\"Forum Z The long shadow of WW2\"\n            src=\"https:\/\/www.uni.lu\/wp-content\/uploads\/sites\/7\/2023\/06\/Forum-Z-WW2.png\"\n                srcset=\"https:\/\/www.uni.lu\/wp-content\/uploads\/sites\/7\/2023\/06\/Forum-Z-WW2-300x225.png 300w, https:\/\/www.uni.lu\/wp-content\/uploads\/sites\/7\/2023\/06\/Forum-Z-WW2-768x576.png 768w, https:\/\/www.uni.lu\/wp-content\/uploads\/sites\/7\/2023\/06\/Forum-Z-WW2.png 900w\"\n                style=\"object-position: 50.00% 50.00%; font-family: &quot;object-fit: cover; object-position: 50.00% 50.00%;&quot;; aspect-ratio: 4\/3; object-fit: cover; width: 100%;\"\n        loading=\"lazy\"\n\/>    <\/figure><\/div><\/div><div class=\"ulux-card__body wp-block-unilux-blocks-free-content-card-item-body\">\n    \n<h3 class=\"ulux-card__title has-text-align-left wp-block-unilux-blocks-heading\"        id=\"the-long-shadow-of-the-second-world-war-research-prospects\"\n    >\nThe long shadow of the Second World War: Research prospects<\/h3>\n<div class=\"ulux-card__description wp-block-unilux-blocks-free-content-card-item-free-content-area\">\n    \n<p>This second Forum Z analysed the history, memory and legacy of the Second World War, exploring issues related to the occupation, the resistance, collaboration and Jewish persecution.<\/p>\n<\/div><div class=\"wp-block-unilux-blocks-simple-cta\">\n    <a\n        href=\"https:\/\/www.uni.lu\/c2dh-en\/news\/the-long-shadow-of-the-second-world-war-an-overview-of-the-forum-z-debates\/\"\n        title=\"Learn more\"\n        class=\"link-text link-text--icon ulux-card__link link-text link-absolute\"\n        target=\"\"\n    >\n        <span class=\"link-text__body\">\n            <span class=\"link-text__name\">Learn more<\/span>\n        <\/span>\n        <svg aria-hidden=\"true\" focusable=\"false\" class=\"icon icon-outline icon--arrow-right \"><use xlink:href=\"https:\/\/www.uni.lu\/wp-content\/themes\/unilux-theme\/assets\/images\/icons\/icons-outline.svg#icon--arrow-right\"><\/use><\/svg>    <\/a>\n<\/div>\n<\/div>        <\/div>\n    <\/div>\n<\/li><li class=\"w-full sm:w-1\/2 lg:w-1\/3 px-16  wp-block-unilux-blocks-free-content-card-item\">\n    <div class=\"ulux-card card-facilities bg-theme\">\n        <div class=\"ulux-card__container card__container\">\n                        <div class=\"ulux-card__visual wp-block-unilux-blocks-free-content-card-item-visual\">\n    \n<div class=\"wp-block-unilux-blocks-image-video-wrapper\">\n    <figure class=\"wp-block-dev4-reusable-blocks-image  object-fit--cover\">\n    \n<img decoding=\"async\" class=\"wp-block-image unilux-custom-image-block\"\n                alt=\"Forum Z Archives in the digital age\"\n            src=\"https:\/\/www.uni.lu\/wp-content\/uploads\/sites\/7\/2023\/06\/Forum-Z-archives.png\"\n                srcset=\"https:\/\/www.uni.lu\/wp-content\/uploads\/sites\/7\/2023\/06\/Forum-Z-archives-300x225.png 300w, https:\/\/www.uni.lu\/wp-content\/uploads\/sites\/7\/2023\/06\/Forum-Z-archives-768x576.png 768w, https:\/\/www.uni.lu\/wp-content\/uploads\/sites\/7\/2023\/06\/Forum-Z-archives.png 900w\"\n                style=\"object-position: 50.00% 50.00%; font-family: &quot;object-fit: cover; object-position: 50.00% 50.00%;&quot;; aspect-ratio: 4\/3; object-fit: cover; width: 100%;\"\n        loading=\"lazy\"\n\/>    <\/figure><\/div><\/div><div class=\"ulux-card__body wp-block-unilux-blocks-free-content-card-item-body\">\n    \n<h3 class=\"ulux-card__title has-text-align-left wp-block-unilux-blocks-heading\"        id=\"archives-for-the-digital-age-challenges-and-opportunities\"\n    >\nArchives for the Digital Age. Challenges and Opportunities<\/h3>\n<div class=\"ulux-card__description wp-block-unilux-blocks-free-content-card-item-free-content-area\">\n    \n<p>This first ForumZ offered an opportunity to explore the interaction between archives and researchers and between archives and the public in the digital age.<\/p>\n<\/div><div class=\"wp-block-unilux-blocks-simple-cta\">\n    <a\n        href=\"https:\/\/www.uni.lu\/c2dh-en\/news\/a-digital-turn-on-the-future-of-archives\/\"\n        title=\"Learn more\"\n        class=\"link-text link-text--icon ulux-card__link link-text link-absolute\"\n        target=\"\"\n    >\n        <span class=\"link-text__body\">\n            <span class=\"link-text__name\">Learn more<\/span>\n        <\/span>\n        <svg aria-hidden=\"true\" focusable=\"false\" class=\"icon icon-outline icon--arrow-right \"><use xlink:href=\"https:\/\/www.uni.lu\/wp-content\/themes\/unilux-theme\/assets\/images\/icons\/icons-outline.svg#icon--arrow-right\"><\/use><\/svg>    <\/a>\n<\/div>\n<\/div>        <\/div>\n    <\/div>\n<\/li><\/ul><\/div><\/section>\n<\/div><\/section>\n\n\n\n<section class=\"py-0 wp-block-unilux-blocks-free-section section\"><div class=\"container xl:max-w-screen-xl\">\n<h2 class=\"has-text-align-left wp-block-unilux-blocks-heading\"        id=\"follow-us-on-social-media\"\n    >\nFollow us on social media<\/h2>\n\n\n<ul class=\"wp-block-unilux-blocks-social-media-list social-media social-media--theme\">\n    <li class=\"wp-block-unilux-blocks-social-media-list-item social-media__item\">\n    <!--- Start template: Component Icon --><a href=\"https:\/\/www.facebook.com\/c2dh.lu\" target=\"_blank\" class=\"social-media__link\"> <svg aria-hidden=\"true\" focusable=\"false\" class=\"icon icon-solid icon--facebook \"><use xlink:href=\"https:\/\/www.uni.lu\/wp-content\/themes\/unilux-theme\/assets\/images\/icons\/icons-solid.svg#icon--facebook\"><\/use><\/svg><\/a><\/li>\n<li class=\"wp-block-unilux-blocks-social-media-list-item social-media__item\">\n    <!--- Start template: Component Icon --><a href=\"http:\/\/www.instagram.com\/c2dh_lu\" target=\"_blank\" class=\"social-media__link\"> <svg aria-hidden=\"true\" focusable=\"false\" class=\"icon icon-solid icon--instagram \"><use xlink:href=\"https:\/\/www.uni.lu\/wp-content\/themes\/unilux-theme\/assets\/images\/icons\/icons-solid.svg#icon--instagram\"><\/use><\/svg><\/a><\/li>\n<li class=\"wp-block-unilux-blocks-social-media-list-item social-media__item\">\n    <!--- Start template: Component Icon --><a href=\"http:\/\/www.linkedin.com\/showcase\/c2dh-university-of-luxembourg\" target=\"_blank\" class=\"social-media__link\"> <svg aria-hidden=\"true\" focusable=\"false\" class=\"icon icon-solid icon--linkedin \"><use xlink:href=\"https:\/\/www.uni.lu\/wp-content\/themes\/unilux-theme\/assets\/images\/icons\/icons-solid.svg#icon--linkedin\"><\/use><\/svg><\/a><\/li>\n<li class=\"wp-block-unilux-blocks-social-media-list-item social-media__item\">\n    <!--- Start template: Component Icon --><a href=\"https:\/\/bsky.app\/profile\/c2dh.uni.lu\" target=\"_blank\" class=\"social-media__link\"> <svg aria-hidden=\"true\" focusable=\"false\" class=\"icon icon-solid icon--bluesky \"><use xlink:href=\"https:\/\/www.uni.lu\/wp-content\/themes\/unilux-theme\/assets\/images\/icons\/icons-solid.svg#icon--bluesky\"><\/use><\/svg><\/a><\/li>\n<\/ul>\n\n\n<div class=\"wp-block-unilux-blocks-spacer is-spacer-size-lg\"><\/div><\/div><\/section>\n<\/div>","protected":false},"excerpt":{"rendered":"","protected":false},"author":39,"featured_media":0,"parent":0,"menu_order":6,"comment_status":"closed","ping_status":"closed","template":"","meta":{"featured_image_focal_point":[],"show_featured_caption":false,"ulux_newsletter_groups":"","uluxPostTitle":"Luxembourg Centre for Contemporary and Digital History (C\u00b2DH)","uluxPrePostTitle":"Interdisciplinary Centre","_trash_the_other_posts":false,"_price":"","_stock":"","_tribe_ticket_header":"","_tribe_default_ticket_provider":"","_tribe_ticket_capacity":"0","_ticket_start_date":"","_ticket_end_date":"","_tribe_ticket_show_description":"","_tribe_ticket_show_not_going":false,"_tribe_ticket_use_global_stock":"","_tribe_ticket_global_stock_level":"","_global_stock_mode":"","_global_stock_cap":"","_tribe_rsvp_for_event":"","_tribe_ticket_going_count":"","_tribe_ticket_not_going_count":"","_tribe_tickets_list":"[]","_tribe_ticket_has_attendee_info_fields":false,"footnotes":""},"field-of-interest":[],"organisation":[],"authorship":[39],"acf":[],"yoast_head":"<!-- This site is optimized with the Yoast SEO Premium plugin v22.3 (Yoast SEO v22.3) - https:\/\/yoast.com\/wordpress\/plugins\/seo\/ -->\n<title>Forum Z - C\u00b2DH - University of Luxembourg I Uni.lu<\/title>\n<meta name=\"description\" content=\"Forum Z invites citizens to debate with experts about society-related topics and innovative digital approaches in contemporary history.\" \/>\n<meta name=\"robots\" content=\"index, follow, max-snippet:-1, max-image-preview:large, max-video-preview:-1\" \/>\n<link rel=\"canonical\" href=\"https:\/\/www.uni.lu\/c2dh-en\/forum-z\/\" \/>\n<meta property=\"og:locale\" content=\"en_GB\" \/>\n<meta property=\"og:type\" content=\"article\" \/>\n<meta property=\"og:title\" content=\"Forum Z\" \/>\n<meta property=\"og:description\" content=\"Forum Z invites citizens to debate with experts about society-related topics and innovative digital approaches in contemporary history.\" \/>\n<meta property=\"og:url\" content=\"https:\/\/www.uni.lu\/c2dh-en\/forum-z\/\" \/>\n<meta property=\"og:site_name\" content=\"C2DH EN\" \/>\n<meta property=\"article:publisher\" content=\"https:\/\/www.facebook.com\/c2dh.lu\" \/>\n<meta property=\"article:modified_time\" content=\"2026-04-16T07:46:43+00:00\" \/>\n<meta property=\"og:image\" content=\"https:\/\/www.uni.lu\/wp-content\/uploads\/sites\/7\/2023\/06\/Forum-Z-Holocaust-memory.jpg\" \/>\n\t<meta property=\"og:image:width\" content=\"900\" \/>\n\t<meta property=\"og:image:height\" content=\"675\" \/>\n\t<meta property=\"og:image:type\" content=\"image\/jpeg\" \/>\n<meta name=\"twitter:card\" content=\"summary_large_image\" \/>\n<meta name=\"twitter:description\" content=\"Forum Z invites citizens to debate with experts about society-related topics and innovative digital approaches in contemporary history.\" \/>\n<meta name=\"twitter:image\" content=\"https:\/\/www.uni.lu\/wp-content\/uploads\/sites\/7\/2023\/06\/Forum-Z-Holocaust-memory.jpg\" \/>\n<meta name=\"twitter:label1\" content=\"Estimated reading time\" \/>\n\t<meta name=\"twitter:data1\" content=\"3 minutes\" \/>\n<script type=\"application\/ld+json\" class=\"yoast-schema-graph\">{\"@context\":\"https:\/\/schema.org\",\"@graph\":[{\"@type\":\"WebPage\",\"@id\":\"https:\/\/www.uni.lu\/c2dh-en\/forum-z\/\",\"url\":\"https:\/\/www.uni.lu\/c2dh-en\/forum-z\/\",\"name\":\"Forum Z - C\u00b2DH - University of Luxembourg I Uni.lu\",\"isPartOf\":{\"@id\":\"https:\/\/www.uni.lu\/c2dh-en\/#website\"},\"datePublished\":\"2023-05-25T05:57:28+00:00\",\"dateModified\":\"2026-04-16T07:46:43+00:00\",\"description\":\"Forum Z invites citizens to debate with experts about society-related topics and innovative digital approaches in contemporary history.\",\"breadcrumb\":{\"@id\":\"https:\/\/www.uni.lu\/c2dh-en\/forum-z\/#breadcrumb\"},\"inLanguage\":\"en-GB\",\"potentialAction\":[{\"@type\":\"ReadAction\",\"target\":[\"https:\/\/www.uni.lu\/c2dh-en\/forum-z\/\"]}]},{\"@type\":\"BreadcrumbList\",\"@id\":\"https:\/\/www.uni.lu\/c2dh-en\/forum-z\/#breadcrumb\",\"itemListElement\":[{\"@type\":\"ListItem\",\"position\":1,\"name\":\"Home\",\"item\":\"https:\/\/www.uni.lu\/en\"},{\"@type\":\"ListItem\",\"position\":2,\"name\":\"Luxembourg Centre for Contemporary and Digital History (C\u00b2DH)\",\"item\":\"https:\/\/www.uni.lu\/c2dh-en\/\"},{\"@type\":\"ListItem\",\"position\":3,\"name\":\"Forum Z\"}]},{\"@type\":\"WebSite\",\"@id\":\"https:\/\/www.uni.lu\/c2dh-en\/#website\",\"url\":\"https:\/\/www.uni.lu\/c2dh-en\/\",\"name\":\"C2DH\",\"description\":\"Luxembourg Centre for Contemporary and Digital History I Uni.lu\",\"publisher\":{\"@id\":\"https:\/\/www.uni.lu\/c2dh-en\/#organization\"},\"alternateName\":\"Luxembourg Centre for Contemporary and Digital History I University of Luxembourg\",\"potentialAction\":[{\"@type\":\"SearchAction\",\"target\":{\"@type\":\"EntryPoint\",\"urlTemplate\":\"https:\/\/www.uni.lu\/c2dh-en\/?s={search_term_string}\"},\"query-input\":\"required name=search_term_string\"}],\"inLanguage\":\"en-GB\"},{\"@type\":\"Organization\",\"@id\":\"https:\/\/www.uni.lu\/c2dh-en\/#organization\",\"name\":\"C\u00b2DH - University of Luxembourg I Uni.lu\",\"alternateName\":\"Luxembourg Centre for Contemporary and Digital History\",\"url\":\"https:\/\/www.uni.lu\/c2dh-en\/\",\"logo\":{\"@type\":\"ImageObject\",\"inLanguage\":\"en-GB\",\"@id\":\"https:\/\/www.uni.lu\/c2dh-en\/#\/schema\/logo\/image\/\",\"url\":\"https:\/\/www.uni.lu\/wp-content\/uploads\/sites\/7\/2026\/03\/03113407\/C2DH_SM-Profile_1600x1600px-scaled.jpg\",\"contentUrl\":\"https:\/\/www.uni.lu\/wp-content\/uploads\/sites\/7\/2026\/03\/03113407\/C2DH_SM-Profile_1600x1600px-scaled.jpg\",\"width\":2560,\"height\":2560,\"caption\":\"C\u00b2DH - University of Luxembourg I Uni.lu\"},\"image\":\"https:\/\/www.uni.lu\/wp-content\/uploads\/sites\/7\/2026\/04\/24144314\/20200609-Belval-Campus_Henri-Goergen-23.jpg\",\"sameAs\":[\"https:\/\/www.facebook.com\/c2dh.lu\",\"http:\/\/www.instagram.com\/c2dh_lu\",\"http:\/\/www.linkedin.com\/showcase\/c2dh-university-of-luxembourg\"],\"email\":\"communication@uni.lu\",\"telephone\":\"+3524666441\",\"address\":{\"@type\":\"PostalAddress\",\"streetAddress\":\"11, Porte des Sciences\",\"addressLocality\":\"Esch-sur-Alzette\",\"postalCode\":\"4365\",\"addressCountry\":\"LU\"},\"description\":\"Luxembourg Centre for Contemporary and Digital History I Uni.lu\"}]}<\/script>\n<!-- \/ Yoast SEO Premium plugin. -->","yoast_head_json":{"title":"Forum Z - C\u00b2DH - University of Luxembourg I Uni.lu","description":"Forum Z invites citizens to debate with experts about society-related topics and innovative digital approaches in contemporary history.","robots":{"index":"index","follow":"follow","max-snippet":"max-snippet:-1","max-image-preview":"max-image-preview:large","max-video-preview":"max-video-preview:-1"},"canonical":"https:\/\/www.uni.lu\/c2dh-en\/forum-z\/","og_locale":"en_GB","og_type":"article","og_title":"Forum Z","og_description":"Forum Z invites citizens to debate with experts about society-related topics and innovative digital approaches in contemporary history.","og_url":"https:\/\/www.uni.lu\/c2dh-en\/forum-z\/","og_site_name":"C2DH EN","article_publisher":"https:\/\/www.facebook.com\/c2dh.lu","article_modified_time":"2026-04-16T07:46:43+00:00","og_image":[{"width":900,"height":675,"url":"https:\/\/www.uni.lu\/wp-content\/uploads\/sites\/7\/2023\/06\/Forum-Z-Holocaust-memory.jpg","type":"image\/jpeg"}],"twitter_card":"summary_large_image","twitter_description":"Forum Z invites citizens to debate with experts about society-related topics and innovative digital approaches in contemporary history.","twitter_image":"https:\/\/www.uni.lu\/wp-content\/uploads\/sites\/7\/2023\/06\/Forum-Z-Holocaust-memory.jpg","twitter_misc":{"Estimated reading time":"3 minutes"},"schema":{"@context":"https:\/\/schema.org","@graph":[{"@type":"WebPage","@id":"https:\/\/www.uni.lu\/c2dh-en\/forum-z\/","url":"https:\/\/www.uni.lu\/c2dh-en\/forum-z\/","name":"Forum Z - C\u00b2DH - University of Luxembourg I Uni.lu","isPartOf":{"@id":"https:\/\/www.uni.lu\/c2dh-en\/#website"},"datePublished":"2023-05-25T05:57:28+00:00","dateModified":"2026-04-16T07:46:43+00:00","description":"Forum Z invites citizens to debate with experts about society-related topics and innovative digital approaches in contemporary history.","breadcrumb":{"@id":"https:\/\/www.uni.lu\/c2dh-en\/forum-z\/#breadcrumb"},"inLanguage":"en-GB","potentialAction":[{"@type":"ReadAction","target":["https:\/\/www.uni.lu\/c2dh-en\/forum-z\/"]}]},{"@type":"BreadcrumbList","@id":"https:\/\/www.uni.lu\/c2dh-en\/forum-z\/#breadcrumb","itemListElement":[{"@type":"ListItem","position":1,"name":"Home","item":"https:\/\/www.uni.lu\/en"},{"@type":"ListItem","position":2,"name":"Luxembourg Centre for Contemporary and Digital History (C\u00b2DH)","item":"https:\/\/www.uni.lu\/c2dh-en\/"},{"@type":"ListItem","position":3,"name":"Forum Z"}]},{"@type":"WebSite","@id":"https:\/\/www.uni.lu\/c2dh-en\/#website","url":"https:\/\/www.uni.lu\/c2dh-en\/","name":"C2DH","description":"Luxembourg Centre for Contemporary and Digital History I Uni.lu","publisher":{"@id":"https:\/\/www.uni.lu\/c2dh-en\/#organization"},"alternateName":"Luxembourg Centre for Contemporary and Digital History I University of Luxembourg","potentialAction":[{"@type":"SearchAction","target":{"@type":"EntryPoint","urlTemplate":"https:\/\/www.uni.lu\/c2dh-en\/?s={search_term_string}"},"query-input":"required name=search_term_string"}],"inLanguage":"en-GB"},{"@type":"Organization","@id":"https:\/\/www.uni.lu\/c2dh-en\/#organization","name":"C\u00b2DH - University of Luxembourg I Uni.lu","alternateName":"Luxembourg Centre for Contemporary and Digital History","url":"https:\/\/www.uni.lu\/c2dh-en\/","logo":{"@type":"ImageObject","inLanguage":"en-GB","@id":"https:\/\/www.uni.lu\/c2dh-en\/#\/schema\/logo\/image\/","url":"https:\/\/www.uni.lu\/wp-content\/uploads\/sites\/7\/2026\/03\/03113407\/C2DH_SM-Profile_1600x1600px-scaled.jpg","contentUrl":"https:\/\/www.uni.lu\/wp-content\/uploads\/sites\/7\/2026\/03\/03113407\/C2DH_SM-Profile_1600x1600px-scaled.jpg","width":2560,"height":2560,"caption":"C\u00b2DH - University of Luxembourg I Uni.lu"},"image":"https:\/\/www.uni.lu\/wp-content\/uploads\/sites\/7\/2026\/04\/24144314\/20200609-Belval-Campus_Henri-Goergen-23.jpg","sameAs":["https:\/\/www.facebook.com\/c2dh.lu","http:\/\/www.instagram.com\/c2dh_lu","http:\/\/www.linkedin.com\/showcase\/c2dh-university-of-luxembourg"],"email":"communication@uni.lu","telephone":"+3524666441","address":{"@type":"PostalAddress","streetAddress":"11, Porte des Sciences","addressLocality":"Esch-sur-Alzette","postalCode":"4365","addressCountry":"LU"},"description":"Luxembourg Centre for Contemporary and Digital History I Uni.lu"}]}},"ticketed":false,"_links":{"self":[{"href":"https:\/\/www.uni.lu\/c2dh-en\/wp-json\/wp\/v2\/pages\/13"}],"collection":[{"href":"https:\/\/www.uni.lu\/c2dh-en\/wp-json\/wp\/v2\/pages"}],"about":[{"href":"https:\/\/www.uni.lu\/c2dh-en\/wp-json\/wp\/v2\/types\/page"}],"author":[{"embeddable":true,"href":"https:\/\/www.uni.lu\/c2dh-en\/wp-json\/wp\/v2\/users\/39"}],"replies":[{"embeddable":true,"href":"https:\/\/www.uni.lu\/c2dh-en\/wp-json\/wp\/v2\/comments?post=13"}],"version-history":[{"count":5,"href":"https:\/\/www.uni.lu\/c2dh-en\/wp-json\/wp\/v2\/pages\/13\/revisions"}],"predecessor-version":[{"id":12262,"href":"https:\/\/www.uni.lu\/c2dh-en\/wp-json\/wp\/v2\/pages\/13\/revisions\/12262"}],"wp:authorship":[{"embeddable":true,"href":"https:\/\/www.uni.lu\/c2dh-en\/wp-json\/wp\/v2\/users\/39"}],"wp:attachment":[{"href":"https:\/\/www.uni.lu\/c2dh-en\/wp-json\/wp\/v2\/media?parent=13"}],"wp:term":[{"taxonomy":"field-of-interest","embeddable":true,"href":"https:\/\/www.uni.lu\/c2dh-en\/wp-json\/wp\/v2\/field-of-interest?post=13"},{"taxonomy":"organisation","embeddable":true,"href":"https:\/\/www.uni.lu\/c2dh-en\/wp-json\/wp\/v2\/organisation?post=13"}],"curies":[{"name":"wp","href":"https:\/\/api.w.org\/{rel}","templated":true}]}}