{"id":139,"date":"2023-12-20T10:53:39","date_gmt":"2023-12-20T09:53:39","guid":{"rendered":"https:\/\/www.uni.lu\/c2dh-de\/?page_id=139"},"modified":"2026-02-25T13:08:03","modified_gmt":"2026-02-25T12:08:03","slug":"outreach","status":"publish","type":"page","link":"https:\/\/www.uni.lu\/c2dh-de\/outreach\/","title":{"rendered":"Outreach"},"content":{"rendered":"<div class=\"section py-0 static\">\n<section class=\"py-0 wp-block-unilux-blocks-free-section section\"><div class=\"container xl:max-w-screen-xl\"><div class=\"js-secondary-nav--sticky wp-block-unilux-blocks-secondary-navigation\" id=\"4135f3f3-9350-4431-8796-5358abe6ee90\">\n    <nav\n        id=\"secondary-navigation\"\n        role=\"navigation\"\n        aria-label=\"Secondary menu\"\n        class=\"secondary-nav\"\n    >\n        <button\n            class=\"secondary-nav__button btn btn-solid--primary w-full\"\n            aria-expanded=\"false\"\n            aria-controls=\"secondary-navigation__list\"\n            title=\"The selected page is Outreach\"\n            type=\"button\"\n        >\n            <span class=\"btn__name mr-auto\">Outreach<\/span>\n            <svg aria-hidden=\"true\" focusable=\"false\" class=\"icon icon-outline icon--xs\">\n                <use xlink:href=\"https:\/\/www.uni.lu\/wp-content\/themes\/unilux-theme\/assets\/images\/icons\/icons-outline.svg#icon--arrow-down\" \/>\n            <\/svg>\n        <\/button>\n\n        <ul id=\"secondary-navigation__list\" class=\"secondary-nav__list\">\n            <li class=\"secondary-nav__item\">\n    <a\n        href=\"https:\/\/www.uni.lu\/c2dh-de\/%20\"\n        target=\"\"\n        rel=\"noreferrer noopener\"\n        class=\"secondary-nav__link \"\n            >\n        <svg aria-hidden=\"true\" focusable=\"false\" class=\"icon icon-outline icon--xs\">\n            <use xlink:href=\"https:\/\/www.uni.lu\/wp-content\/themes\/unilux-theme\/assets\/images\/icons\/icons-outline.svg#icon--arrow-right\" \/>\n        <\/svg>\n        <span class=\"secondary-nav__name\">\u00dcberblick<\/span>\n    <\/a>\n<\/li>\n<li class=\"secondary-nav__item\">\n    <a\n        href=\"https:\/\/www.uni.lu\/c2dh-de\/uber-uns\/%20\"\n        target=\"\"\n        rel=\"noreferrer noopener\"\n        class=\"secondary-nav__link \"\n            >\n        <svg aria-hidden=\"true\" focusable=\"false\" class=\"icon icon-outline icon--xs\">\n            <use xlink:href=\"https:\/\/www.uni.lu\/wp-content\/themes\/unilux-theme\/assets\/images\/icons\/icons-outline.svg#icon--arrow-right\" \/>\n        <\/svg>\n        <span class=\"secondary-nav__name\">\u00dcber uns<\/span>\n    <\/a>\n<\/li>\n<li class=\"secondary-nav__item\">\n    <a\n        href=\"https:\/\/www.uni.lu\/c2dh-de\/forschung\/%20\"\n        target=\"\"\n        rel=\"noreferrer noopener\"\n        class=\"secondary-nav__link \"\n            >\n        <svg aria-hidden=\"true\" focusable=\"false\" class=\"icon icon-outline icon--xs\">\n            <use xlink:href=\"https:\/\/www.uni.lu\/wp-content\/themes\/unilux-theme\/assets\/images\/icons\/icons-outline.svg#icon--arrow-right\" \/>\n        <\/svg>\n        <span class=\"secondary-nav__name\">Forschung<\/span>\n    <\/a>\n<\/li>\n<li class=\"secondary-nav__item\">\n    <a\n        href=\"https:\/\/www.uni.lu\/c2dh-de\/lehre\/\"\n        target=\"\"\n        rel=\"noreferrer noopener\"\n        class=\"secondary-nav__link \"\n            >\n        <svg aria-hidden=\"true\" focusable=\"false\" class=\"icon icon-outline icon--xs\">\n            <use xlink:href=\"https:\/\/www.uni.lu\/wp-content\/themes\/unilux-theme\/assets\/images\/icons\/icons-outline.svg#icon--arrow-right\" \/>\n        <\/svg>\n        <span class=\"secondary-nav__name\">Lehre<\/span>\n    <\/a>\n<\/li>\n<li class=\"secondary-nav__item\">\n    <a\n        href=\"https:\/\/www.uni.lu\/c2dh-de\/thinkering\"\n        target=\"\"\n        rel=\"noreferrer noopener\"\n        class=\"secondary-nav__link \"\n            >\n        <svg aria-hidden=\"true\" focusable=\"false\" class=\"icon icon-outline icon--xs\">\n            <use xlink:href=\"https:\/\/www.uni.lu\/wp-content\/themes\/unilux-theme\/assets\/images\/icons\/icons-outline.svg#icon--arrow-right\" \/>\n        <\/svg>\n        <span class=\"secondary-nav__name\">Thinkering<\/span>\n    <\/a>\n<\/li>\n<li class=\"secondary-nav__item\">\n    <a\n        href=\"https:\/\/www.uni.lu\/c2dh-de\/outreach\/\"\n        target=\"\"\n        rel=\"noreferrer noopener\"\n        class=\"secondary-nav__link isactived\"\n        aria-current=\"page\"    >\n        <svg aria-hidden=\"true\" focusable=\"false\" class=\"icon icon-outline icon--xs\">\n            <use xlink:href=\"https:\/\/www.uni.lu\/wp-content\/themes\/unilux-theme\/assets\/images\/icons\/icons-outline.svg#icon--arrow-right\" \/>\n        <\/svg>\n        <span class=\"secondary-nav__name\">Outreach<\/span>\n    <\/a>\n<\/li>\n<li class=\"secondary-nav__item\">\n    <a\n        href=\"https:\/\/www.uni.lu\/c2dh-de\/forum-z\"\n        target=\"\"\n        rel=\"noreferrer noopener\"\n        class=\"secondary-nav__link \"\n            >\n        <svg aria-hidden=\"true\" focusable=\"false\" class=\"icon icon-outline icon--xs\">\n            <use xlink:href=\"https:\/\/www.uni.lu\/wp-content\/themes\/unilux-theme\/assets\/images\/icons\/icons-outline.svg#icon--arrow-right\" \/>\n        <\/svg>\n        <span class=\"secondary-nav__name\">Forum Z<\/span>\n    <\/a>\n<\/li>\n<li class=\"secondary-nav__item\">\n    <a\n        href=\"https:\/\/www.uni.lu\/c2dh-de\/team\/\"\n        target=\"\"\n        rel=\"noreferrer noopener\"\n        class=\"secondary-nav__link \"\n            >\n        <svg aria-hidden=\"true\" focusable=\"false\" class=\"icon icon-outline icon--xs\">\n            <use xlink:href=\"https:\/\/www.uni.lu\/wp-content\/themes\/unilux-theme\/assets\/images\/icons\/icons-outline.svg#icon--arrow-right\" \/>\n        <\/svg>\n        <span class=\"secondary-nav__name\">Team<\/span>\n    <\/a>\n<\/li>\n<li class=\"secondary-nav__item\">\n    <a\n        href=\"https:\/\/www.uni.lu\/c2dh-de\/komm-zu-uns\/\"\n        target=\"\"\n        rel=\"noreferrer noopener\"\n        class=\"secondary-nav__link \"\n            >\n        <svg aria-hidden=\"true\" focusable=\"false\" class=\"icon icon-outline icon--xs\">\n            <use xlink:href=\"https:\/\/www.uni.lu\/wp-content\/themes\/unilux-theme\/assets\/images\/icons\/icons-outline.svg#icon--arrow-right\" \/>\n        <\/svg>\n        <span class=\"secondary-nav__name\">Komm zu uns<\/span>\n    <\/a>\n<\/li>\n<li class=\"secondary-nav__item\">\n    <a\n        href=\"https:\/\/www.uni.lu\/c2dh-de\/kontakt\/\"\n        target=\"\"\n        rel=\"noreferrer noopener\"\n        class=\"secondary-nav__link \"\n            >\n        <svg aria-hidden=\"true\" focusable=\"false\" class=\"icon icon-outline icon--xs\">\n            <use xlink:href=\"https:\/\/www.uni.lu\/wp-content\/themes\/unilux-theme\/assets\/images\/icons\/icons-outline.svg#icon--arrow-right\" \/>\n        <\/svg>\n        <span class=\"secondary-nav__name\">Kontakt<\/span>\n    <\/a>\n<\/li>\n        <\/ul>\n    <\/nav>\n<\/div>\n<\/div><\/section>\n\n\n\n<section class=\"wp-block-unilux-blocks-free-section section\"><div class=\"container xl:max-w-screen-xl\">\n<h1 class=\"has-text-align-left wp-block-unilux-blocks-heading\"        id=\"ein-globaler-ausblick\"\n    >\nEin globaler Ausblick<\/h1>\n\n\n\n<p>Das C\u00b2DH bem\u00fcht sich um die Einbeziehung der \u00d6ffentlichkeit und der F\u00f6rderung eines besseren Verst\u00e4ndnisses der Geschichte im digitalen Zeitalter. Zu den Outreach-Aktivit\u00e4ten geh\u00f6ren die Organisation von Konferenzen, Workshops und \u00f6ffentlichen Vortr\u00e4gen sowie die Ver\u00f6ffentlichung virtueller Ausstellungen, Open-Access-B\u00fccher und anderer digitaler Ausgaben.<\/p>\n\n\n\n<section class=\"py-0 wp-block-unilux-blocks-free-section section\"><div class=\"container xl:max-w-screen-xl\"><ul class=\"wp-block-unilux-blocks-button-list\">\n    <li class=\"wp-block-unilux-blocks-button-list-item\">\n    <a\n            href=\"#virtuelle-ausstellungen-und-online-projekte\"\n            class=\"quick-link wp-block-unilux-blocks-anchor\"        target=\"\"\n>\n    \n<span class=\"wp-block-unilux-blocks-wrapper quick-link__container\"><figure class=\"wp-block-dev4-reusable-blocks-image quick-link__img object-fit--scale-down\">\n        <\/figure>\n\n\n<span class=\"quick-link__name wp-block-unilux-blocks-plain-text\">Virtuelle Ausstellungen und Online-Projekte<\/span>\n\n<svg aria-hidden=\"true\" focusable=\"false\" class=\"icon icon-outline icon--arrow-dual-down \"><use xlink:href=\"https:\/\/www.uni.lu\/wp-content\/themes\/unilux-theme\/assets\/images\/icons\/icons-outline.svg#icon--arrow-dual-down\"><\/use><\/svg><\/span>\n<\/a>\n<\/li><li class=\"wp-block-unilux-blocks-button-list-item\">\n    <a\n            href=\"#journal-of-digital-history\"\n            class=\"quick-link wp-block-unilux-blocks-anchor\"        target=\"\"\n>\n    \n<span class=\"wp-block-unilux-blocks-wrapper quick-link__container\"><figure class=\"wp-block-dev4-reusable-blocks-image quick-link__img object-fit--scale-down\">\n        <\/figure>\n\n\n<span class=\"quick-link__name wp-block-unilux-blocks-plain-text\">Journal of Digital History<\/span>\n\n<svg aria-hidden=\"true\" focusable=\"false\" class=\"icon icon-outline icon--arrow-dual-down \"><use xlink:href=\"https:\/\/www.uni.lu\/wp-content\/themes\/unilux-theme\/assets\/images\/icons\/icons-outline.svg#icon--arrow-dual-down\"><\/use><\/svg><\/span>\n<\/a>\n<\/li><li class=\"wp-block-unilux-blocks-button-list-item\">\n    <a\n            href=\"#innovating-sharing-history-podcast\"\n            class=\"quick-link wp-block-unilux-blocks-anchor\"        target=\"\"\n>\n    \n<span class=\"wp-block-unilux-blocks-wrapper quick-link__container\"><figure class=\"wp-block-dev4-reusable-blocks-image quick-link__img object-fit--scale-down\">\n        <\/figure>\n\n\n<span class=\"quick-link__name wp-block-unilux-blocks-plain-text\">Innovating &amp; Sharing History Podcast<\/span>\n\n<svg aria-hidden=\"true\" focusable=\"false\" class=\"icon icon-outline icon--arrow-dual-down \"><use xlink:href=\"https:\/\/www.uni.lu\/wp-content\/themes\/unilux-theme\/assets\/images\/icons\/icons-outline.svg#icon--arrow-dual-down\"><\/use><\/svg><\/span>\n<\/a>\n<\/li><li class=\"wp-block-unilux-blocks-button-list-item\">\n    <a\n            href=\"#buchreihe-mit-de-gruyter-oldenbourg\"\n            class=\"quick-link wp-block-unilux-blocks-anchor\"        target=\"\"\n>\n    \n<span class=\"wp-block-unilux-blocks-wrapper quick-link__container\"><figure class=\"wp-block-dev4-reusable-blocks-image quick-link__img object-fit--scale-down\">\n        <\/figure>\n\n\n<span class=\"quick-link__name wp-block-unilux-blocks-plain-text\">Buchreihe mit De Gruyter Oldenbourg<\/span>\n\n<svg aria-hidden=\"true\" focusable=\"false\" class=\"icon icon-outline icon--arrow-dual-down \"><use xlink:href=\"https:\/\/www.uni.lu\/wp-content\/themes\/unilux-theme\/assets\/images\/icons\/icons-outline.svg#icon--arrow-dual-down\"><\/use><\/svg><\/span>\n<\/a>\n<\/li><li class=\"wp-block-unilux-blocks-button-list-item\">\n    <a\n            href=\"#jahresberichte\"\n            class=\"quick-link wp-block-unilux-blocks-anchor\"        target=\"\"\n>\n    \n<span class=\"wp-block-unilux-blocks-wrapper quick-link__container\"><figure class=\"wp-block-dev4-reusable-blocks-image quick-link__img object-fit--scale-down\">\n        <\/figure>\n\n\n<span class=\"quick-link__name wp-block-unilux-blocks-plain-text\">Jahresberichte<\/span>\n\n<svg aria-hidden=\"true\" focusable=\"false\" class=\"icon icon-outline icon--arrow-dual-down \"><use xlink:href=\"https:\/\/www.uni.lu\/wp-content\/themes\/unilux-theme\/assets\/images\/icons\/icons-outline.svg#icon--arrow-dual-down\"><\/use><\/svg><\/span>\n<\/a>\n<\/li><\/ul>\n<\/div><\/section>\n<\/div><\/section>\n\n\n\n<section class=\"py-0 wp-block-unilux-blocks-free-section section\"><div class=\"container xl:max-w-screen-xl\">\n<h2 class=\"has-text-align-left wp-block-unilux-blocks-heading\"        id=\"virtuelle-ausstellungen-und-online-projekte\"\n    >\nVirtuelle Ausstellungen und Online-Projekte<\/h2>\n\n\n\n<p>Die virtuellen Ausstellungen des C\u00b2DH bieten ein immersives Erlebnis der Vergangenheit, indem sie einzigartige Einblicke in historische Themen wie die Weltkriege in Luxemburg, die komplexe Vergangenheit der Industrieregion Minett oder die Geschichte Ostbelgiens gew\u00e4hren. Diese Ausstellungen spiegeln die neuesten Fortschritte in der digitalen Technologie wider und brechen mit den Formen des traditionellen Geschichtenerz\u00e4hlens, indem sie virtuell kuratierte Erz\u00e4hlungen auf nichtlineare Weise pr\u00e4sentieren und Multimedia-Inhalte und interaktive Funktionen einbeziehen, um ein informatives und unterhaltsames Erlebnis zu bieten.<\/p>\n\n\n<ul class=\"flex flex-wrap mt-24 -mx-16  wp-block-unilux-blocks-free-content-card\">\n    <li class=\"w-full sm:w-1\/2 lg:w-1\/3 px-16  wp-block-unilux-blocks-free-content-card-item\">\n    <div class=\"ulux-card card-facilities bg-theme\">\n        <div class=\"ulux-card__container card__container\">\n                        <div class=\"ulux-card__visual wp-block-unilux-blocks-free-content-card-item-visual\">\n    \n<div class=\"wp-block-unilux-blocks-image-video-wrapper\">\n    <figure class=\"wp-block-dev4-reusable-blocks-image  object-fit--cover\">\n    \n<img decoding=\"async\" class=\"wp-block-image unilux-custom-image-block\"\n                alt=\"125 Joer SUDenergie homepage\"\n            src=\"https:\/\/www.uni.lu\/wp-content\/uploads\/sites\/23\/2025\/11\/18155646\/125-Joer-SUDenergie-homepage.jpg\"\n                srcset=\"https:\/\/www.uni.lu\/wp-content\/uploads\/sites\/23\/2025\/11\/18155646\/125-Joer-SUDenergie-homepage-300x225.jpg 300w, https:\/\/www.uni.lu\/wp-content\/uploads\/sites\/23\/2025\/11\/18155646\/125-Joer-SUDenergie-homepage-1024x768.jpg 1024w, https:\/\/www.uni.lu\/wp-content\/uploads\/sites\/23\/2025\/11\/18155646\/125-Joer-SUDenergie-homepage-768x576.jpg 768w, https:\/\/www.uni.lu\/wp-content\/uploads\/sites\/23\/2025\/11\/18155646\/125-Joer-SUDenergie-homepage.jpg 1242w\"\n                style=\"object-position: 59.00% 49.00%; font-family: &quot;object-fit: cover; object-position: 59.00% 49.00%;&quot;; aspect-ratio: 4\/3; object-fit: cover; width: 100%;\"\n        loading=\"lazy\"\n\/>    <\/figure><\/div><\/div><div class=\"ulux-card__body wp-block-unilux-blocks-free-content-card-item-body\">\n    \n<h3 class=\"ulux-card__title has-text-align-left wp-block-unilux-blocks-heading\"        id=\"125-jahre-sudenergie\"\n    >\n125 Jahre SUDenergie<\/h3>\n<div class=\"ulux-card__description wp-block-unilux-blocks-free-content-card-item-free-content-area\">\n    \n<p>Anl\u00e4sslich ihres 125-j\u00e4hrigen Jubil\u00e4ums hat sich SUDenergie mit dem C\u00b2DH zusammengetan, um ihre Unternehmensgeschichte von den Anf\u00e4ngen bis heute so umfassend wie m\u00f6glich und nach modernen akademischen Standards zu dokumentieren.<\/p>\n<\/div><div class=\"wp-block-unilux-blocks-simple-cta\">\n    <a\n        href=\"https:\/\/125joer.sudenergie.lu\/\"\n        title=\"Learn more\"\n        class=\"link-text link-text--icon ulux-card__link link-text link-absolute\"\n        target=\"_blank\"\n    >\n        <span class=\"link-text__body\">\n            <span class=\"link-text__name\">Learn more<\/span>\n        <\/span>\n        <svg aria-hidden=\"true\" focusable=\"false\" class=\"icon icon-outline icon--external-link \"><use xlink:href=\"https:\/\/www.uni.lu\/wp-content\/themes\/unilux-theme\/assets\/images\/icons\/icons-outline.svg#icon--external-link\"><\/use><\/svg>    <\/a>\n<\/div>\n<\/div>        <\/div>\n    <\/div>\n<\/li><li class=\"w-full sm:w-1\/2 lg:w-1\/3 px-16  wp-block-unilux-blocks-free-content-card-item\">\n    <div class=\"ulux-card card-facilities bg-theme\">\n        <div class=\"ulux-card__container card__container\">\n                        <div class=\"ulux-card__visual wp-block-unilux-blocks-free-content-card-item-visual\">\n    \n<div class=\"wp-block-unilux-blocks-image-video-wrapper\">\n    <figure class=\"wp-block-dev4-reusable-blocks-image  object-fit--cover\">\n    \n<img decoding=\"async\" class=\"wp-block-image unilux-custom-image-block\"\n                alt=\"Gilbert Trausch online Ausstellung\"\n            src=\"https:\/\/www.uni.lu\/wp-content\/uploads\/sites\/23\/2025\/04\/Gilbert-Trausch-expo.jpg\"\n                srcset=\"https:\/\/www.uni.lu\/wp-content\/uploads\/sites\/23\/2025\/04\/Gilbert-Trausch-expo-300x225.jpg 300w, https:\/\/www.uni.lu\/wp-content\/uploads\/sites\/23\/2025\/04\/Gilbert-Trausch-expo-1024x768.jpg 1024w, https:\/\/www.uni.lu\/wp-content\/uploads\/sites\/23\/2025\/04\/Gilbert-Trausch-expo-768x576.jpg 768w, https:\/\/www.uni.lu\/wp-content\/uploads\/sites\/23\/2025\/04\/Gilbert-Trausch-expo.jpg 1099w\"\n                style=\"object-position: 59.00% 49.00%; font-family: &quot;object-fit: cover; object-position: 59.00% 49.00%;&quot;; aspect-ratio: 4\/3; object-fit: cover; width: 100%;\"\n        loading=\"lazy\"\n\/>    <\/figure><\/div><\/div><div class=\"ulux-card__body wp-block-unilux-blocks-free-content-card-item-body\">\n    \n<h3 class=\"ulux-card__title has-text-align-left wp-block-unilux-blocks-heading\"        id=\"gilbert-trausch-ein-leben-fuer-die-geschichte-1931-2018\"\n    >\nGilbert Trausch &#8211; Ein Leben f\u00fcr die Geschichte (1931-2018)<\/h3>\n<div class=\"ulux-card__description wp-block-unilux-blocks-free-content-card-item-free-content-area\">\n    \n<p>Diese Online-Ausstellung \u00fcber Gilbert Trausch &#8211; eine emblematische Figur der luxemburgischen Geschichtsschreibung &#8211; bietet einen einzigartigen Einblick in die Arbeit eines Historikers vor und zu Beginn der computergest\u00fctzten Forschung.<\/p>\n<\/div><div class=\"wp-block-unilux-blocks-simple-cta\">\n    <a\n        href=\"https:\/\/gilberttrausch.uni.lu\/\"\n        title=\"Learn more\"\n        class=\"link-text link-text--icon ulux-card__link link-text link-absolute\"\n        target=\"_blank\"\n    >\n        <span class=\"link-text__body\">\n            <span class=\"link-text__name\">Learn more<\/span>\n        <\/span>\n        <svg aria-hidden=\"true\" focusable=\"false\" class=\"icon icon-outline icon--external-link \"><use xlink:href=\"https:\/\/www.uni.lu\/wp-content\/themes\/unilux-theme\/assets\/images\/icons\/icons-outline.svg#icon--external-link\"><\/use><\/svg>    <\/a>\n<\/div>\n<\/div>        <\/div>\n    <\/div>\n<\/li><li class=\"w-full sm:w-1\/2 lg:w-1\/3 px-16  wp-block-unilux-blocks-free-content-card-item\">\n    <div class=\"ulux-card card-facilities bg-theme\">\n        <div class=\"ulux-card__container card__container\">\n                        <div class=\"ulux-card__visual wp-block-unilux-blocks-free-content-card-item-visual\">\n    \n<div class=\"wp-block-unilux-blocks-image-video-wrapper\">\n    <figure class=\"wp-block-dev4-reusable-blocks-image  object-fit--cover\">\n    \n<img decoding=\"async\" class=\"wp-block-image unilux-custom-image-block\"\n                alt=\"WW2.lu. Luxemb(o)urg im Zweiten Weltkrieg\"\n            src=\"https:\/\/www.uni.lu\/wp-content\/uploads\/sites\/23\/2024\/11\/WW2_lu-4_3.jpg\"\n                srcset=\"https:\/\/www.uni.lu\/wp-content\/uploads\/sites\/23\/2024\/11\/WW2_lu-4_3-300x225.jpg 300w, https:\/\/www.uni.lu\/wp-content\/uploads\/sites\/23\/2024\/11\/WW2_lu-4_3-1024x768.jpg 1024w, https:\/\/www.uni.lu\/wp-content\/uploads\/sites\/23\/2024\/11\/WW2_lu-4_3-768x576.jpg 768w, https:\/\/www.uni.lu\/wp-content\/uploads\/sites\/23\/2024\/11\/WW2_lu-4_3.jpg 1500w\"\n                style=\"object-position: 59.00% 49.00%; font-family: &quot;object-fit: cover; object-position: 59.00% 49.00%;&quot;; aspect-ratio: 4\/3; object-fit: cover; width: 100%;\"\n        loading=\"lazy\"\n\/>    <\/figure><\/div><\/div><div class=\"ulux-card__body wp-block-unilux-blocks-free-content-card-item-body\">\n    \n<h3 class=\"ulux-card__title has-text-align-left wp-block-unilux-blocks-heading\"        id=\"ww2-lu-luxembourg-im-zweiten-weltkrieg\"\n    >\nWW2.lu. Luxemb(o)urg im Zweiten Weltkrieg<\/h3>\n<div class=\"ulux-card__description wp-block-unilux-blocks-free-content-card-item-free-content-area\">\n    \n<p>WW2.lu ist eine mehrsprachige Online-Ausstellung, die die Geschichte Luxemburgs w\u00e4hrend des Zweiten Weltkriegs unter Ber\u00fccksichtigung der neuesten historischen Forschung pr\u00e4sentiert.<\/p>\n<\/div><div class=\"wp-block-unilux-blocks-simple-cta\">\n    <a\n        href=\"https:\/\/ww2.lu\/\"\n        title=\"Learn more\"\n        class=\"link-text link-text--icon ulux-card__link link-text link-absolute\"\n        target=\"_blank\"\n    >\n        <span class=\"link-text__body\">\n            <span class=\"link-text__name\">Learn more<\/span>\n        <\/span>\n        <svg aria-hidden=\"true\" focusable=\"false\" class=\"icon icon-outline icon--external-link \"><use xlink:href=\"https:\/\/www.uni.lu\/wp-content\/themes\/unilux-theme\/assets\/images\/icons\/icons-outline.svg#icon--external-link\"><\/use><\/svg>    <\/a>\n<\/div>\n<\/div>        <\/div>\n    <\/div>\n<\/li><li class=\"w-full sm:w-1\/2 lg:w-1\/3 px-16  wp-block-unilux-blocks-free-content-card-item\">\n    <div class=\"ulux-card card-facilities bg-theme\">\n        <div class=\"ulux-card__container card__container\">\n                        <div class=\"ulux-card__visual wp-block-unilux-blocks-free-content-card-item-visual\">\n    \n<div class=\"wp-block-unilux-blocks-image-video-wrapper\">\n    <figure class=\"wp-block-dev4-reusable-blocks-image  object-fit--cover\">\n    \n<img decoding=\"async\" class=\"wp-block-image unilux-custom-image-block\"\n                alt=\"Bergarbeiterdenkmal in Kayl\"\n            src=\"https:\/\/www.uni.lu\/wp-content\/uploads\/sites\/23\/2024\/12\/Monument-Kayl.jpg\"\n                srcset=\"https:\/\/www.uni.lu\/wp-content\/uploads\/sites\/23\/2024\/12\/Monument-Kayl-300x130.jpg 300w, https:\/\/www.uni.lu\/wp-content\/uploads\/sites\/23\/2024\/12\/Monument-Kayl-1024x442.jpg 1024w, https:\/\/www.uni.lu\/wp-content\/uploads\/sites\/23\/2024\/12\/Monument-Kayl-768x332.jpg 768w, https:\/\/www.uni.lu\/wp-content\/uploads\/sites\/23\/2024\/12\/Monument-Kayl-1536x664.jpg 1536w, https:\/\/www.uni.lu\/wp-content\/uploads\/sites\/23\/2024\/12\/Monument-Kayl-2048x885.jpg 2048w\"\n                style=\"object-position: 59.00% 49.00%; font-family: &quot;object-fit: cover; object-position: 59.00% 49.00%;&quot;; aspect-ratio: 4\/3; object-fit: cover; width: 100%;\"\n        loading=\"lazy\"\n\/>    <\/figure><\/div><\/div><div class=\"ulux-card__body wp-block-unilux-blocks-free-content-card-item-body\">\n    \n<h3 class=\"ulux-card__title has-text-align-left wp-block-unilux-blocks-heading\"        id=\"die-geschichte-des-nationalen-bergarbeiterdenkmals-in-kayl\"\n    >\nDie Geschichte des nationalen Bergarbeiterdenkmals in Kayl<\/h3>\n<div class=\"ulux-card__description wp-block-unilux-blocks-free-content-card-item-free-content-area\">\n    \n<p>Zwischen 1860 und 1980 fordert der Bergbau im Gro\u00dfherzogtum das Leben von etwa 1.500 Bergleuten. Ihnen zu Ehren errichtete die Gemeinde Kayl Mitte der 1950er Jahre ein Denkmal gleich gegen\u00fcber der \u201cL\u00e9iffr\u00e4chen\u201d. Erfahren Sie mehr \u00fcber die Geschichte und die Statistiken.<\/p>\n<\/div><div class=\"wp-block-unilux-blocks-simple-cta\">\n    <a\n        href=\"http:\/\/mininghistory.uni.lu\"\n        title=\"Learn more\"\n        class=\"link-text link-text--icon ulux-card__link link-text link-absolute\"\n        target=\"_blank\"\n    >\n        <span class=\"link-text__body\">\n            <span class=\"link-text__name\">Learn more<\/span>\n        <\/span>\n        <svg aria-hidden=\"true\" focusable=\"false\" class=\"icon icon-outline icon--external-link \"><use xlink:href=\"https:\/\/www.uni.lu\/wp-content\/themes\/unilux-theme\/assets\/images\/icons\/icons-outline.svg#icon--external-link\"><\/use><\/svg>    <\/a>\n<\/div>\n<\/div>        <\/div>\n    <\/div>\n<\/li><li class=\"w-full sm:w-1\/2 lg:w-1\/3 px-16  wp-block-unilux-blocks-free-content-card-item\">\n    <div class=\"ulux-card card-facilities bg-theme\">\n        <div class=\"ulux-card__container card__container\">\n                        <div class=\"ulux-card__visual wp-block-unilux-blocks-free-content-card-item-visual\">\n    \n<div class=\"wp-block-unilux-blocks-image-video-wrapper\">\n    <figure class=\"wp-block-dev4-reusable-blocks-image  object-fit--cover\">\n    \n<img decoding=\"async\" class=\"wp-block-image unilux-custom-image-block\"\n                alt=\"WARLUX Feldpost\"\n            src=\"https:\/\/www.uni.lu\/wp-content\/uploads\/sites\/23\/2024\/06\/Feldpost-warlux-website-4_3.jpg\"\n                srcset=\"https:\/\/www.uni.lu\/wp-content\/uploads\/sites\/23\/2024\/06\/Feldpost-warlux-website-4_3-300x225.jpg 300w, https:\/\/www.uni.lu\/wp-content\/uploads\/sites\/23\/2024\/06\/Feldpost-warlux-website-4_3-1024x768.jpg 1024w, https:\/\/www.uni.lu\/wp-content\/uploads\/sites\/23\/2024\/06\/Feldpost-warlux-website-4_3-768x576.jpg 768w, https:\/\/www.uni.lu\/wp-content\/uploads\/sites\/23\/2024\/06\/Feldpost-warlux-website-4_3.jpg 1500w\"\n                style=\"object-position: 50.00% 50.00%; font-family: &quot;object-fit: cover; object-position: 50.00% 50.00%;&quot;; aspect-ratio: 4\/3; object-fit: cover; width: 100%;\"\n        loading=\"lazy\"\n\/>    <\/figure><\/div><\/div><div class=\"ulux-card__body wp-block-unilux-blocks-free-content-card-item-body\">\n    \n<h3 class=\"ulux-card__title has-text-align-left wp-block-unilux-blocks-heading\"        id=\"warlux\"\n    >\nWARLUX<\/h3>\n<div class=\"ulux-card__description wp-block-unilux-blocks-free-content-card-item-free-content-area\">\n    \n<p>Die Warlux Projet Webseite widmet sich den Kriegserfahrungen junger Luxemburger M\u00e4nner, die in den Reichsarbeitsdienst und die Wehrmacht w\u00e4hrend des Zweiten Weltkriegs eingezogen wurden. Die Webseite enth\u00e4lt eine reiche Sammlung an digitalisierten Kriegsbriefen.<\/p>\n<\/div><div class=\"wp-block-unilux-blocks-simple-cta\">\n    <a\n        href=\"https:\/\/warlux.uni.lu\/\"\n        title=\"Learn more\"\n        class=\"link-text link-text--icon ulux-card__link link-text link-absolute\"\n        target=\"_blank\"\n    >\n        <span class=\"link-text__body\">\n            <span class=\"link-text__name\">Visit<\/span>\n        <\/span>\n        <svg aria-hidden=\"true\" focusable=\"false\" class=\"icon icon-outline icon--external-link \"><use xlink:href=\"https:\/\/www.uni.lu\/wp-content\/themes\/unilux-theme\/assets\/images\/icons\/icons-outline.svg#icon--external-link\"><\/use><\/svg>    <\/a>\n<\/div>\n<\/div>        <\/div>\n    <\/div>\n<\/li><li class=\"w-full sm:w-1\/2 lg:w-1\/3 px-16  wp-block-unilux-blocks-free-content-card-item\">\n    <div class=\"ulux-card card-facilities bg-theme\">\n        <div class=\"ulux-card__container card__container\">\n                        <div class=\"ulux-card__visual wp-block-unilux-blocks-free-content-card-item-visual\">\n    \n<div class=\"wp-block-unilux-blocks-image-video-wrapper\">\n    <figure class=\"wp-block-dev4-reusable-blocks-image  object-fit--cover\">\n    \n<img decoding=\"async\" class=\"wp-block-image unilux-custom-image-block\"\n                alt=\"Gazengel\"\n            src=\"https:\/\/www.uni.lu\/wp-content\/uploads\/sites\/7\/2023\/11\/Gazengel-4_3.png\"\n                    style=\"object-position: 50.00% 41.00%; font-family: &quot;object-fit: cover; object-position: 50.00% 41.00%;&quot;; aspect-ratio: 4\/3; object-fit: cover; width: 100%;\"\n        loading=\"lazy\"\n\/>    <\/figure><\/div><\/div><div class=\"ulux-card__body wp-block-unilux-blocks-free-content-card-item-body\">\n    \n<h3 class=\"ulux-card__title has-text-align-left wp-block-unilux-blocks-heading\"        id=\"gazengel\"\n    >\nGazengel<\/h3>\n<div class=\"ulux-card__description wp-block-unilux-blocks-free-content-card-item-free-content-area\">\n    \n<p>Lernen Sie Gazengel kennen, eine fiktive Doktorandin, ausgedacht von Alin\u00e9or Gandanger, die selbst Doktorandin an den Universit\u00e4ten Caen und Luxemburg ist. Gazengel f\u00fchrt Sie hinter die Kulissen einer jungen Forscherin und erkundet die verschiedenen Facetten ihrer wissenschaftlichen und kreativen Abenteuer.<\/p>\n<\/div><div class=\"wp-block-unilux-blocks-simple-cta\">\n    <a\n        href=\"https:\/\/www.uni.lu\/c2dh-de\/research-groups\/public-history-outreach\/gazengel\/\"\n        title=\"Learn more\"\n        class=\"link-text link-text--icon ulux-card__link link-text link-absolute\"\n        target=\"\"\n    >\n        <span class=\"link-text__body\">\n            <span class=\"link-text__name\">Visit<\/span>\n        <\/span>\n        <svg aria-hidden=\"true\" focusable=\"false\" class=\"icon icon-outline icon--arrow-right \"><use xlink:href=\"https:\/\/www.uni.lu\/wp-content\/themes\/unilux-theme\/assets\/images\/icons\/icons-outline.svg#icon--arrow-right\"><\/use><\/svg>    <\/a>\n<\/div>\n<\/div>        <\/div>\n    <\/div>\n<\/li><li class=\"w-full sm:w-1\/2 lg:w-1\/3 px-16  wp-block-unilux-blocks-free-content-card-item\">\n    <div class=\"ulux-card card-facilities bg-theme\">\n        <div class=\"ulux-card__container card__container\">\n                        <div class=\"ulux-card__visual wp-block-unilux-blocks-free-content-card-item-visual\">\n    \n<div class=\"wp-block-unilux-blocks-image-video-wrapper\">\n    <figure class=\"wp-block-dev4-reusable-blocks-image  object-fit--cover\">\n    \n<img decoding=\"async\" class=\"wp-block-image unilux-custom-image-block\"\n                alt=\"Framing Luxembourg\"\n            src=\"https:\/\/www.uni.lu\/wp-content\/uploads\/sites\/7\/2023\/06\/Framing-Luxembourg.png\"\n                    style=\"object-position: 50.00% 41.00%; font-family: &quot;object-fit: cover; object-position: 50.00% 41.00%;&quot;; aspect-ratio: 4\/3; object-fit: cover; width: 100%;\"\n        loading=\"lazy\"\n\/>    <\/figure><\/div><\/div><div class=\"ulux-card__body wp-block-unilux-blocks-free-content-card-item-body\">\n    \n<h3 class=\"ulux-card__title has-text-align-left wp-block-unilux-blocks-heading\"        id=\"framing-luxembourg\"\n    >\nFraming Luxembourg<\/h3>\n<div class=\"ulux-card__description wp-block-unilux-blocks-free-content-card-item-free-content-area\">\n    \n<p>Mit \u201eFraming Luxembourg\u201c erz\u00e4hlen Statec und das C\u00b2DH \u201eeine Geschichte Luxemburgs in der Statistik sowie eine Geschichte der Statistik in Luxemburg\u201c.<\/p>\n<\/div><div class=\"wp-block-unilux-blocks-simple-cta\">\n    <a\n        href=\"https:\/\/www.framingluxembourg.lu\/\"\n        title=\"Learn more\"\n        class=\"link-text link-text--icon ulux-card__link link-text link-absolute\"\n        target=\"_blank\"\n    >\n        <span class=\"link-text__body\">\n            <span class=\"link-text__name\">Visit<\/span>\n        <\/span>\n        <svg aria-hidden=\"true\" focusable=\"false\" class=\"icon icon-outline icon--external-link \"><use xlink:href=\"https:\/\/www.uni.lu\/wp-content\/themes\/unilux-theme\/assets\/images\/icons\/icons-outline.svg#icon--external-link\"><\/use><\/svg>    <\/a>\n<\/div>\n<\/div>        <\/div>\n    <\/div>\n<\/li><li class=\"w-full sm:w-1\/2 lg:w-1\/3 px-16  wp-block-unilux-blocks-free-content-card-item\">\n    <div class=\"ulux-card card-facilities bg-theme\">\n        <div class=\"ulux-card__container card__container\">\n                        <div class=\"ulux-card__visual wp-block-unilux-blocks-free-content-card-item-visual\">\n    \n<div class=\"wp-block-unilux-blocks-image-video-wrapper\">\n    <figure class=\"wp-block-dev4-reusable-blocks-image  object-fit--cover\">\n    \n<img decoding=\"async\" class=\"wp-block-image unilux-custom-image-block\"\n                alt=\"Minett Stories\"\n            src=\"https:\/\/www.uni.lu\/wp-content\/uploads\/sites\/7\/2023\/06\/Minett-stories.png\"\n                srcset=\"https:\/\/www.uni.lu\/wp-content\/uploads\/sites\/23\/2024\/01\/February_DE_web-212x300.jpg 212w, https:\/\/www.uni.lu\/wp-content\/uploads\/sites\/23\/2024\/01\/February_DE_web-724x1024.jpg 724w, https:\/\/www.uni.lu\/wp-content\/uploads\/sites\/23\/2024\/01\/February_DE_web-768x1086.jpg 768w, https:\/\/www.uni.lu\/wp-content\/uploads\/sites\/23\/2024\/01\/February_DE_web-1086x1536.jpg 1086w, https:\/\/www.uni.lu\/wp-content\/uploads\/sites\/23\/2024\/01\/February_DE_web.jpg 1414w\"\n                style=\"object-position: 0.00% 22.00%; font-family: &quot;object-fit: cover; object-position: 0.00% 22.00%;&quot;; aspect-ratio: 4\/3; object-fit: cover; width: 100%;\"\n        loading=\"lazy\"\n\/>    <\/figure><\/div><\/div><div class=\"ulux-card__body wp-block-unilux-blocks-free-content-card-item-body\">\n    \n<h3 class=\"ulux-card__title has-text-align-left wp-block-unilux-blocks-heading\"        id=\"minett-stories\"\n    >\nMinett Stories<\/h3>\n<div class=\"ulux-card__description wp-block-unilux-blocks-free-content-card-item-free-content-area\">\n    \n<p>Die virtuelle Ausstellung \u201eMinett Stories\u201c besch\u00e4ftigt sich in 22 Kapiteln mit der Geschichte und Identit\u00e4t des Minett, der Industrieregion im S\u00fcden Luxemburgs.<\/p>\n<\/div><div class=\"wp-block-unilux-blocks-simple-cta\">\n    <a\n        href=\"https:\/\/minett-stories.lu\/de\/\"\n        title=\"Learn more\"\n        class=\"link-text link-text--icon ulux-card__link link-text link-absolute\"\n        target=\"_blank\"\n    >\n        <span class=\"link-text__body\">\n            <span class=\"link-text__name\">Visit<\/span>\n        <\/span>\n        <svg aria-hidden=\"true\" focusable=\"false\" class=\"icon icon-outline icon--external-link \"><use xlink:href=\"https:\/\/www.uni.lu\/wp-content\/themes\/unilux-theme\/assets\/images\/icons\/icons-outline.svg#icon--external-link\"><\/use><\/svg>    <\/a>\n<\/div>\n<\/div>        <\/div>\n    <\/div>\n<\/li><li class=\"w-full sm:w-1\/2 lg:w-1\/3 px-16  wp-block-unilux-blocks-free-content-card-item\">\n    <div class=\"ulux-card card-facilities bg-theme\">\n        <div class=\"ulux-card__container card__container\">\n                        <div class=\"ulux-card__visual wp-block-unilux-blocks-free-content-card-item-visual\">\n    \n<div class=\"wp-block-unilux-blocks-image-video-wrapper\">\n    <figure class=\"wp-block-dev4-reusable-blocks-image  object-fit--cover\">\n    \n<img decoding=\"async\" class=\"wp-block-image unilux-custom-image-block\"\n                alt=\"Memorial of the Shoah Luxembourg\"\n            src=\"https:\/\/www.uni.lu\/wp-content\/uploads\/sites\/7\/2023\/06\/memorialshoah.png\"\n                    style=\"object-position: 62.00% 52.00%; font-family: &quot;object-fit: cover; object-position: 62.00% 52.00%;&quot;; aspect-ratio: 4\/3; object-fit: cover; width: 100%;\"\n        loading=\"lazy\"\n\/>    <\/figure><\/div><\/div><div class=\"ulux-card__body wp-block-unilux-blocks-free-content-card-item-body\">\n    \n<h3 class=\"ulux-card__title has-text-align-left wp-block-unilux-blocks-heading\"        id=\"luxemburg-shoah-memorial\"\n    >\nLuxemburg Shoah Memorial<\/h3>\n<div class=\"ulux-card__description wp-block-unilux-blocks-free-content-card-item-free-content-area\">\n    \n<p>Das Memorial baut eine Br\u00fccke zwischen den Geschichten und den Erinnerungen der Opfer und der \u00dcberlebenden der Shoah.<\/p>\n<\/div><div class=\"wp-block-unilux-blocks-simple-cta\">\n    <a\n        href=\"https:\/\/memorialshoah.lu\/de\/\"\n        title=\"Learn more\"\n        class=\"link-text link-text--icon ulux-card__link link-text link-absolute\"\n        target=\"_blank\"\n    >\n        <span class=\"link-text__body\">\n            <span class=\"link-text__name\">Visit<\/span>\n        <\/span>\n        <svg aria-hidden=\"true\" focusable=\"false\" class=\"icon icon-outline icon--external-link \"><use xlink:href=\"https:\/\/www.uni.lu\/wp-content\/themes\/unilux-theme\/assets\/images\/icons\/icons-outline.svg#icon--external-link\"><\/use><\/svg>    <\/a>\n<\/div>\n<\/div>        <\/div>\n    <\/div>\n<\/li><li class=\"w-full sm:w-1\/2 lg:w-1\/3 px-16  wp-block-unilux-blocks-free-content-card-item\">\n    <div class=\"ulux-card card-facilities bg-theme\">\n        <div class=\"ulux-card__container card__container\">\n                        <div class=\"ulux-card__visual wp-block-unilux-blocks-free-content-card-item-visual\">\n    \n<div class=\"wp-block-unilux-blocks-image-video-wrapper\">\n    <figure class=\"wp-block-dev4-reusable-blocks-image  object-fit--cover\">\n    \n<img decoding=\"async\" class=\"wp-block-image unilux-custom-image-block\"\n                alt=\"Popkult60 online exhibition\n\"\n            src=\"https:\/\/www.uni.lu\/wp-content\/uploads\/sites\/7\/2023\/06\/Screenshot-Popkult601.png\"\n                    style=\"object-position: 36.00% 38.00%; font-family: &quot;object-fit: cover; object-position: 36.00% 38.00%;&quot;; aspect-ratio: 4\/3; object-fit: cover; width: 100%;\"\n        loading=\"lazy\"\n\/>    <\/figure><\/div><\/div><div class=\"ulux-card__body wp-block-unilux-blocks-free-content-card-item-body\">\n    \n<h3 class=\"ulux-card__title has-text-align-left wp-block-unilux-blocks-heading\"        id=\"popkult-60-online-ausstellung\"\n    >\nPopkult 60 online Ausstellung<\/h3>\n<div class=\"ulux-card__description wp-block-unilux-blocks-free-content-card-item-free-content-area\">\n    \n<p>Die digitale Ausstellung des Forschungsprojekts Popkult60 zur transnationalen Geschichte der Popul\u00e4rkultur der 1960er Jahre untersucht die reiche kulturelle Produktion der 1960er Jahre und die Verbindungen zwischen den europ\u00e4ischen L\u00e4ndern.<\/p>\n<\/div><div class=\"wp-block-unilux-blocks-simple-cta\">\n    <a\n        href=\"https:\/\/popkult60.eu\/e\"\n        title=\"Learn more\"\n        class=\"link-text link-text--icon ulux-card__link link-text link-absolute\"\n        target=\"_blank\"\n    >\n        <span class=\"link-text__body\">\n            <span class=\"link-text__name\">Visit<\/span>\n        <\/span>\n        <svg aria-hidden=\"true\" focusable=\"false\" class=\"icon icon-outline icon--external-link \"><use xlink:href=\"https:\/\/www.uni.lu\/wp-content\/themes\/unilux-theme\/assets\/images\/icons\/icons-outline.svg#icon--external-link\"><\/use><\/svg>    <\/a>\n<\/div>\n<\/div>        <\/div>\n    <\/div>\n<\/li><li class=\"w-full sm:w-1\/2 lg:w-1\/3 px-16  wp-block-unilux-blocks-free-content-card-item\">\n    <div class=\"ulux-card card-facilities bg-theme\">\n        <div class=\"ulux-card__container card__container\">\n                        <div class=\"ulux-card__visual wp-block-unilux-blocks-free-content-card-item-visual\">\n    \n<div class=\"wp-block-unilux-blocks-image-video-wrapper\">\n    <figure class=\"wp-block-dev4-reusable-blocks-image  object-fit--cover\">\n    \n<img decoding=\"async\" class=\"wp-block-image unilux-custom-image-block\"\n                alt=\"175 Joer POST\"\n            src=\"https:\/\/www.uni.lu\/wp-content\/uploads\/sites\/7\/2023\/06\/175-Joer-Post.png\"\n                    style=\"object-position: 24.00% 24.00%; font-family: &quot;object-fit: cover; object-position: 24.00% 24.00%;&quot;; aspect-ratio: 4\/3; object-fit: cover; width: 100%;\"\n        loading=\"lazy\"\n\/>    <\/figure><\/div><\/div><div class=\"ulux-card__body wp-block-unilux-blocks-free-content-card-item-body\">\n    \n<h3 class=\"ulux-card__title has-text-align-left wp-block-unilux-blocks-heading\"        id=\"175-joer-post\"\n    >\n175 Joer POST<\/h3>\n<div class=\"ulux-card__description wp-block-unilux-blocks-free-content-card-item-free-content-area\">\n    \n<p>Ein virtuelles Eintauchen in die Welt der Briefmarken, der Post, der Telekommunikation, der Satelliten \u2026 und der M\u00e4nner und Frauen, die seit 1842 den B\u00fcrgern Luxemburgs dienen.<\/p>\n<\/div><div class=\"wp-block-unilux-blocks-simple-cta\">\n    <a\n        href=\"https:\/\/www.175anspost.lu\/\"\n        title=\"Learn more\"\n        class=\"link-text link-text--icon ulux-card__link link-text link-absolute\"\n        target=\"_blank\"\n    >\n        <span class=\"link-text__body\">\n            <span class=\"link-text__name\">Visit<\/span>\n        <\/span>\n        <svg aria-hidden=\"true\" focusable=\"false\" class=\"icon icon-outline icon--external-link \"><use xlink:href=\"https:\/\/www.uni.lu\/wp-content\/themes\/unilux-theme\/assets\/images\/icons\/icons-outline.svg#icon--external-link\"><\/use><\/svg>    <\/a>\n<\/div>\n<\/div>        <\/div>\n    <\/div>\n<\/li><li class=\"w-full sm:w-1\/2 lg:w-1\/3 px-16  wp-block-unilux-blocks-free-content-card-item\">\n    <div class=\"ulux-card card-facilities bg-theme\">\n        <div class=\"ulux-card__container card__container\">\n                        <div class=\"ulux-card__visual wp-block-unilux-blocks-free-content-card-item-visual\">\n    \n<div class=\"wp-block-unilux-blocks-image-video-wrapper\">\n    <figure class=\"wp-block-dev4-reusable-blocks-image  object-fit--cover\">\n    \n<img decoding=\"async\" class=\"wp-block-image unilux-custom-image-block\"\n                alt=\"Virtual exhibition &#039;East Belgium 1920-2020&#039;\"\n            src=\"https:\/\/www.uni.lu\/wp-content\/uploads\/sites\/7\/2023\/06\/Zeitschichten.png\"\n                    style=\"object-position: 67.00% 51.00%; font-family: &quot;object-fit: cover; object-position: 67.00% 51.00%;&quot;; aspect-ratio: 4\/3; object-fit: cover; width: 100%;\"\n        loading=\"lazy\"\n\/>    <\/figure><\/div><\/div><div class=\"ulux-card__body wp-block-unilux-blocks-free-content-card-item-body\">\n    \n<h3 class=\"ulux-card__title has-text-align-left wp-block-unilux-blocks-heading\"        id=\"ostbelgien-1920-2020-erkundungen-eines-zwischenraums\"\n    >\nOstbelgien 1920-2020. Erkundungen eines Zwischenraums<\/h3>\n<div class=\"ulux-card__description wp-block-unilux-blocks-free-content-card-item-free-content-area\">\n    \n<p>Ostbelgien 1920-2020 ist eine virtuelle Ausstellung \u00fcber die Geschichte der Region Eupen-Malmedy-Sankt Vith seit dem Staatenwechsel von 1920.<\/p>\n<\/div><div class=\"wp-block-unilux-blocks-simple-cta\">\n    <a\n        href=\"https:\/\/zeitschichten.be\/de\"\n        title=\"Learn more\"\n        class=\"link-text link-text--icon ulux-card__link link-text link-absolute\"\n        target=\"_blank\"\n    >\n        <span class=\"link-text__body\">\n            <span class=\"link-text__name\">Visit<\/span>\n        <\/span>\n        <svg aria-hidden=\"true\" focusable=\"false\" class=\"icon icon-outline icon--external-link \"><use xlink:href=\"https:\/\/www.uni.lu\/wp-content\/themes\/unilux-theme\/assets\/images\/icons\/icons-outline.svg#icon--external-link\"><\/use><\/svg>    <\/a>\n<\/div>\n<\/div>        <\/div>\n    <\/div>\n<\/li><li class=\"w-full sm:w-1\/2 lg:w-1\/3 px-16  wp-block-unilux-blocks-free-content-card-item\">\n    <div class=\"ulux-card card-facilities bg-theme\">\n        <div class=\"ulux-card__container card__container\">\n                        <div class=\"ulux-card__visual wp-block-unilux-blocks-free-content-card-item-visual\">\n    \n<div class=\"wp-block-unilux-blocks-image-video-wrapper\">\n    <figure class=\"wp-block-dev4-reusable-blocks-image  object-fit--cover\">\n    \n<img decoding=\"async\" class=\"wp-block-image unilux-custom-image-block\"\n                alt=\"Schumann&#039;s Eck interactive documentary\"\n            src=\"https:\/\/www.uni.lu\/wp-content\/uploads\/sites\/7\/2023\/07\/Schumanns-Eck-cropped.png\"\n                    style=\"object-position: 48.00% 47.00%; font-family: &quot;object-fit: cover; object-position: 48.00% 47.00%;&quot;; aspect-ratio: 4\/3; object-fit: cover; width: 100%;\"\n        loading=\"lazy\"\n\/>    <\/figure><\/div><\/div><div class=\"ulux-card__body wp-block-unilux-blocks-free-content-card-item-body\">\n    \n<h3 class=\"ulux-card__title has-text-align-left wp-block-unilux-blocks-heading\"        id=\"schumanns-eck\"\n    >\nSchumann&#8217;s Eck<\/h3>\n<div class=\"ulux-card__description wp-block-unilux-blocks-free-content-card-item-free-content-area\">\n    \n<p>Interaktiver Dokumentarfilm, erstellt von Studierenden des Bachelorstudiengangs Zeitgeschichte Luxemburgs in Zusammenarbeit mit dem Nationalen Museum f\u00fcr Milit\u00e4rgeschichte in Diekirch anl\u00e4sslich des 75. Jahrestages der Ardennenoffensive.<\/p>\n<\/div><div class=\"wp-block-unilux-blocks-simple-cta\">\n    <a\n        href=\"http:\/\/www.mnhm.net\/ng\/schumanns_eck\/#INT_DE_MENU\"\n        title=\"Learn more\"\n        class=\"link-text link-text--icon ulux-card__link link-text link-absolute\"\n        target=\"_blank\"\n    >\n        <span class=\"link-text__body\">\n            <span class=\"link-text__name\">Visit<\/span>\n        <\/span>\n        <svg aria-hidden=\"true\" focusable=\"false\" class=\"icon icon-outline icon--external-link \"><use xlink:href=\"https:\/\/www.uni.lu\/wp-content\/themes\/unilux-theme\/assets\/images\/icons\/icons-outline.svg#icon--external-link\"><\/use><\/svg>    <\/a>\n<\/div>\n<\/div>        <\/div>\n    <\/div>\n<\/li><li class=\"w-full sm:w-1\/2 lg:w-1\/3 px-16  wp-block-unilux-blocks-free-content-card-item\">\n    <div class=\"ulux-card card-facilities bg-theme\">\n        <div class=\"ulux-card__container card__container\">\n                        <div class=\"ulux-card__visual wp-block-unilux-blocks-free-content-card-item-visual\">\n    \n<div class=\"wp-block-unilux-blocks-image-video-wrapper\">\n    <figure class=\"wp-block-dev4-reusable-blocks-image  object-fit--cover\">\n    \n<img decoding=\"async\" class=\"wp-block-image unilux-custom-image-block\"\n                alt=\"BGL: L\u2019histoire d\u2019un si\u00e8cle\"\n            src=\"https:\/\/www.uni.lu\/wp-content\/uploads\/sites\/7\/2023\/06\/100-years-BGL.png\"\n                    style=\"object-position: 43.00% 45.00%; font-family: &quot;object-fit: cover; object-position: 43.00% 45.00%;&quot;; aspect-ratio: 4\/3; object-fit: cover; width: 100%;\"\n        loading=\"lazy\"\n\/>    <\/figure><\/div><\/div><div class=\"ulux-card__body wp-block-unilux-blocks-free-content-card-item-body\">\n    \n<h3 class=\"ulux-card__title has-text-align-left wp-block-unilux-blocks-heading\"        id=\"bgl-lhistoire-dun-siecle\"\n    >\nBGL: L\u2019histoire d\u2019un si\u00e8cle<\/h3>\n<div class=\"ulux-card__description wp-block-unilux-blocks-free-content-card-item-free-content-area\">\n    \n<p>Die virtuelle Ausstellung wurde vom C\u00b2DH anl\u00e4sslich des 100-j\u00e4hrigen Bestehens von BGL BNP Paribas entwickelt. Die Retrospektive umfasst die Geschichte der Bank von 1919 bis heute.<\/p>\n<\/div><div class=\"wp-block-unilux-blocks-simple-cta\">\n    <a\n        href=\"https:\/\/bgl.uni.lu\/\"\n        title=\"Learn more\"\n        class=\"link-text link-text--icon ulux-card__link link-text link-absolute\"\n        target=\"_blank\"\n    >\n        <span class=\"link-text__body\">\n            <span class=\"link-text__name\">Visit<\/span>\n        <\/span>\n        <svg aria-hidden=\"true\" focusable=\"false\" class=\"icon icon-outline icon--external-link \"><use xlink:href=\"https:\/\/www.uni.lu\/wp-content\/themes\/unilux-theme\/assets\/images\/icons\/icons-outline.svg#icon--external-link\"><\/use><\/svg>    <\/a>\n<\/div>\n<\/div>        <\/div>\n    <\/div>\n<\/li><li class=\"w-full sm:w-1\/2 lg:w-1\/3 px-16  wp-block-unilux-blocks-free-content-card-item\">\n    <div class=\"ulux-card card-facilities bg-theme\">\n        <div class=\"ulux-card__container card__container\">\n                        <div class=\"ulux-card__visual wp-block-unilux-blocks-free-content-card-item-visual\">\n    \n<div class=\"wp-block-unilux-blocks-image-video-wrapper\">\n    <figure class=\"wp-block-dev4-reusable-blocks-image  object-fit--cover\">\n    \n<img decoding=\"async\" class=\"wp-block-image unilux-custom-image-block\"\n                alt=\"\u00c9ischte Weltkrich\"\n            src=\"https:\/\/www.uni.lu\/wp-content\/uploads\/sites\/7\/2023\/06\/WW1.png\"\n                    style=\"object-position: 51.00% 41.00%; font-family: &quot;object-fit: cover; object-position: 51.00% 41.00%;&quot;; aspect-ratio: 4\/3; object-fit: cover; width: 100%;\"\n        loading=\"lazy\"\n\/>    <\/figure><\/div><\/div><div class=\"ulux-card__body wp-block-unilux-blocks-free-content-card-item-body\">\n    \n<h3 class=\"ulux-card__title has-text-align-left wp-block-unilux-blocks-heading\"        id=\"eischte-weltkrich-erinnerungen-an-den-ersten-weltkrieg-in-luxemburg\"\n    >\n\u00c9ischte Weltkrich: Erinnerungen an den Ersten Weltkrieg in Luxemburg<\/h3>\n<div class=\"ulux-card__description wp-block-unilux-blocks-free-content-card-item-free-content-area\">\n    \n<p>Die vom C\u00b2DH entwickelte virtuelle Ausstellung zeichnet wichtige Aspekte der Geschichte und Erinnerung an den Ersten Weltkrieg in Luxemburg nach.<\/p>\n<\/div><div class=\"wp-block-unilux-blocks-simple-cta\">\n    <a\n        href=\"https:\/\/ww1.lu\/?lang=de$\"\n        title=\"Learn more\"\n        class=\"link-text link-text--icon ulux-card__link link-text link-absolute\"\n        target=\"_blank\"\n    >\n        <span class=\"link-text__body\">\n            <span class=\"link-text__name\">Visit<\/span>\n        <\/span>\n        <svg aria-hidden=\"true\" focusable=\"false\" class=\"icon icon-outline icon--external-link \"><use xlink:href=\"https:\/\/www.uni.lu\/wp-content\/themes\/unilux-theme\/assets\/images\/icons\/icons-outline.svg#icon--external-link\"><\/use><\/svg>    <\/a>\n<\/div>\n<\/div>        <\/div>\n    <\/div>\n<\/li><li class=\"w-full sm:w-1\/2 lg:w-1\/3 px-16  wp-block-unilux-blocks-free-content-card-item\">\n    <div class=\"ulux-card card-facilities bg-theme\">\n        <div class=\"ulux-card__container card__container\">\n                        <div class=\"ulux-card__visual wp-block-unilux-blocks-free-content-card-item-visual\">\n    \n<div class=\"wp-block-unilux-blocks-image-video-wrapper\">\n    <figure class=\"wp-block-dev4-reusable-blocks-image  object-fit--cover\">\n    \n<img decoding=\"async\" class=\"wp-block-image unilux-custom-image-block\"\n                alt=\"Cvce.eu homepage\"\n            src=\"https:\/\/www.uni.lu\/wp-content\/uploads\/sites\/7\/2023\/06\/cvce-copy.png\"\n                    style=\"object-position: 35.00% 40.00%; font-family: &quot;object-fit: cover; object-position: 35.00% 40.00%;&quot;; aspect-ratio: 4\/3; object-fit: cover; width: 100%;\"\n        loading=\"lazy\"\n\/>    <\/figure><\/div><\/div><div class=\"ulux-card__body wp-block-unilux-blocks-free-content-card-item-body\">\n    \n<h3 class=\"ulux-card__title has-text-align-left wp-block-unilux-blocks-heading\"        id=\"cvce-eu-by-uni-lu\"\n    >\nCVCE.eu by uni.lu<\/h3>\n<div class=\"ulux-card__description wp-block-unilux-blocks-free-content-card-item-free-content-area\">\n    \n<p>Eine Sammlung thematischer digitaler Ver\u00f6ffentlichungen zum europ\u00e4ischen Integrationsprozess von 1945 bis 2014. Eine Analyse einer Reihe von Themen basierend auf einer umfassenden und kontextualisierten Auswahl von mehr als 25.000 relevanten und angereicherten multimedialen, aus mehreren Quellen und in mehreren Sprachen stammenden Dokumentarressourcen.<\/p>\n<\/div><div class=\"wp-block-unilux-blocks-simple-cta\">\n    <a\n        href=\"https:\/\/www.cvce.eu\/de\"\n        title=\"Learn more\"\n        class=\"link-text link-text--icon ulux-card__link link-text link-absolute\"\n        target=\"_blank\"\n    >\n        <span class=\"link-text__body\">\n            <span class=\"link-text__name\">Visit<\/span>\n        <\/span>\n        <svg aria-hidden=\"true\" focusable=\"false\" class=\"icon icon-outline icon--external-link \"><use xlink:href=\"https:\/\/www.uni.lu\/wp-content\/themes\/unilux-theme\/assets\/images\/icons\/icons-outline.svg#icon--external-link\"><\/use><\/svg>    <\/a>\n<\/div>\n<\/div>        <\/div>\n    <\/div>\n<\/li><li class=\"w-full sm:w-1\/2 lg:w-1\/3 px-16  wp-block-unilux-blocks-free-content-card-item\">\n    <div class=\"ulux-card card-facilities bg-theme\">\n        <div class=\"ulux-card__container card__container\">\n                        <div class=\"ulux-card__visual wp-block-unilux-blocks-free-content-card-item-visual\">\n    \n<div class=\"wp-block-unilux-blocks-image-video-wrapper\">\n    <figure class=\"wp-block-dev4-reusable-blocks-image  object-fit--cover\">\n    \n<img decoding=\"async\" class=\"wp-block-image unilux-custom-image-block\"\n                alt=\"Covidmemory\"\n            src=\"https:\/\/www.uni.lu\/wp-content\/uploads\/sites\/7\/2023\/07\/covidmemory.png\"\n                    style=\"object-position: 0.00% 40.00%; font-family: &quot;object-fit: cover; object-position: 0.00% 40.00%;&quot;; aspect-ratio: 4\/3; object-fit: cover; width: 100%;\"\n        loading=\"lazy\"\n\/>    <\/figure><\/div><\/div><div class=\"ulux-card__body wp-block-unilux-blocks-free-content-card-item-body\">\n    \n<h3 class=\"ulux-card__title has-text-align-left wp-block-unilux-blocks-heading\"        id=\"covidmemory\"\n    >\nCovidmemory<\/h3>\n<div class=\"ulux-card__description wp-block-unilux-blocks-free-content-card-item-free-content-area\">\n    \n<p>Mit der Online-Plattform covidmemory.lu m\u00f6chte das C\u00b2DH allen in Luxemburg lebenden oder arbeitenden Menschen die M\u00f6glichkeit bieten, ihre Erfahrungen mit der Covid-Pandemie zu teilen und f\u00fcr zuk\u00fcnftige Generationen zu bewahren. Auf dieser offenen und kostenlosen webbasierten Plattform kann jeder Fotos, Videos oder Texte hochladen und so dokumentieren, wie die Pandemie unser Leben ver\u00e4ndert hat.<\/p>\n<\/div><div class=\"wp-block-unilux-blocks-simple-cta\">\n    <a\n        href=\"https:\/\/covidmemory.lu\/\"\n        title=\"Learn more\"\n        class=\"link-text link-text--icon ulux-card__link link-text link-absolute\"\n        target=\"_blank\"\n    >\n        <span class=\"link-text__body\">\n            <span class=\"link-text__name\">Visit<\/span>\n        <\/span>\n        <svg aria-hidden=\"true\" focusable=\"false\" class=\"icon icon-outline icon--external-link \"><use xlink:href=\"https:\/\/www.uni.lu\/wp-content\/themes\/unilux-theme\/assets\/images\/icons\/icons-outline.svg#icon--external-link\"><\/use><\/svg>    <\/a>\n<\/div>\n<\/div>        <\/div>\n    <\/div>\n<\/li><li class=\"w-full sm:w-1\/2 lg:w-1\/3 px-16  wp-block-unilux-blocks-free-content-card-item\">\n    <div class=\"ulux-card card-facilities bg-theme\">\n        <div class=\"ulux-card__container card__container\">\n                        <div class=\"ulux-card__visual wp-block-unilux-blocks-free-content-card-item-visual\">\n    \n<div class=\"wp-block-unilux-blocks-image-video-wrapper\">\n    <figure class=\"wp-block-dev4-reusable-blocks-image  object-fit--cover\">\n    \n<img decoding=\"async\" class=\"wp-block-image unilux-custom-image-block\"\n                alt=\"A Col\u00f4nia Luxemburguesa\"\n            src=\"https:\/\/www.uni.lu\/wp-content\/uploads\/sites\/7\/2023\/08\/A-Colonia-small.png\"\n                    style=\"object-position: 48.00% 40.00%; font-family: &quot;object-fit: cover; object-position: 48.00% 40.00%;&quot;; aspect-ratio: 4\/3; object-fit: cover; width: 100%;\"\n        loading=\"lazy\"\n\/>    <\/figure><\/div><\/div><div class=\"ulux-card__body wp-block-unilux-blocks-free-content-card-item-body\">\n    \n<h3 class=\"ulux-card__title has-text-align-left wp-block-unilux-blocks-heading\"        id=\"a-colonia-luxemburguesa\"\n    >\nA Col\u00f4nia Luxemburguesa<\/h3>\n<div class=\"ulux-card__description wp-block-unilux-blocks-free-content-card-item-free-content-area\">\n    \n<p>Dieser transmediale Dokumentarfilm f\u00fchrt uns in das Herz der sogenannten Col\u00f4nia Luxemburguesa und l\u00e4dt uns ein, gemeinsam ein Jahrhundert industriellen, kulturellen und sozialen Erbes zu entdecken.<\/p>\n<\/div><div class=\"wp-block-unilux-blocks-simple-cta\">\n    <a\n        href=\"https:\/\/colonia.lu\/de%20\"\n        title=\"Learn more\"\n        class=\"link-text link-text--icon ulux-card__link link-text link-absolute\"\n        target=\"_blank\"\n    >\n        <span class=\"link-text__body\">\n            <span class=\"link-text__name\">Visit<\/span>\n        <\/span>\n        <svg aria-hidden=\"true\" focusable=\"false\" class=\"icon icon-outline icon--external-link \"><use xlink:href=\"https:\/\/www.uni.lu\/wp-content\/themes\/unilux-theme\/assets\/images\/icons\/icons-outline.svg#icon--external-link\"><\/use><\/svg>    <\/a>\n<\/div>\n<\/div>        <\/div>\n    <\/div>\n<\/li><\/ul>\n\n<section class=\"section section wp-block-unilux-blocks-headline-text-and-image\">\n    \n<div class=\"wp-block-unilux-blocks-wrapper container xl:max-w-screen-xl\">\n<h2 class=\"has-text-align-left wp-block-unilux-blocks-heading\"        id=\"journal-of-digital-history\"\n    >\nJournal of Digital History<\/h2>\n\n\n\n<div class=\"wp-block-unilux-blocks-wrapper flex flex-wrap lg:-mx-32\">\n<div class=\"wp-block-unilux-blocks-wrapper w-full lg:w-7\/12 lg:order-2 lg:px-32\">\n<div class=\"wp-block-unilux-blocks-image-video-wrapper\">\n    <figure class=\"wp-block-dev4-reusable-blocks-image  object-fit--cover\">\n    \n<img decoding=\"async\" class=\"wp-block-image unilux-custom-image-block\"\n                alt=\"Journal of Digital History\"\n            src=\"https:\/\/www.uni.lu\/wp-content\/uploads\/sites\/7\/2023\/06\/JDH-layers.png\"\n                    style=\"object-position: 35.00% 49.00%; font-family: &quot;object-fit: cover; object-position: 35.00% 49.00%;&quot;; aspect-ratio: 3\/2; object-fit: cover; width: 100%;\"\n        loading=\"lazy\"\n\/>    <\/figure><\/div><\/div>\n\n\n\n<div class=\"wp-block-unilux-blocks-wrapper w-full lg:w-5\/12 lg:order-1 lg:px-32\">\n<p>Als internationale, wissenschaftliche, peer-reviewte und Open-Access-Zeitschrift wird das Journal of Digital History (JDH) neue Ma\u00dfst\u00e4be in der Geschichtspublikation setzen, die auf dem Prinzip mehrschichtiger Artikel basiert.<br>Ziel der Zeitschrift ist es, zum zentralen Knotenpunkt kritischer Debatten und Diskussionen im Bereich der digitalen Geschichte zu werden, indem sie eine innovative Publikationsplattform bietet und eine neue Form der datengesteuerten Wissenschaft und des transmedialen Geschichtenerz\u00e4hlens in den Geschichtswissenschaften f\u00f6rdert.<\/p>\n\n\n\n<ul class=\"wp-block-unilux-blocks-custom-buttons btn-list\"><li class=\"wp-block-unilux-blocks-custom-button\"    aria-disabled=\"false\"\n    >\n    <a\n        role=\"link\"\n        aria-disabled=\"false\"\n                    href=\"https:\/\/journalofdigitalhistory.org\/en\/\"\n                target=\"_blank\"\n        class=\"btn btn--primary\"\n            >Zum JDH<\/a>\n<\/li>\n<\/ul>\n<\/div>\n<\/div>\n<\/div>\n<\/section>\n\n<section class=\"section section wp-block-unilux-blocks-headline-text-and-image\">\n    \n<div class=\"wp-block-unilux-blocks-wrapper container xl:max-w-screen-xl\">\n<h2 class=\"has-text-align-left wp-block-unilux-blocks-heading\"        id=\"innovating-sharing-history-podcast\"\n    >\nInnovating &amp; Sharing History Podcast<\/h2>\n\n\n\n<div class=\"wp-block-unilux-blocks-wrapper flex flex-wrap lg:-mx-32\">\n<div class=\"wp-block-unilux-blocks-wrapper w-full lg:w-7\/12 lg:order-2 lg:px-32\">\n<div class=\"wp-block-unilux-blocks-image-video-wrapper\">\n    <figure class=\"wp-block-dev4-reusable-blocks-image  object-fit--cover\">\n    \n<img decoding=\"async\" class=\"wp-block-image unilux-custom-image-block\"\n                alt=\"Innovating &amp; Sharing History Podcast\"\n            src=\"https:\/\/www.uni.lu\/wp-content\/uploads\/sites\/23\/2024\/12\/2024-Podcast-Visuals-4_3.png\"\n                srcset=\"https:\/\/www.uni.lu\/wp-content\/uploads\/sites\/23\/2024\/12\/2024-Podcast-Visuals-4_3-300x225.png 300w, https:\/\/www.uni.lu\/wp-content\/uploads\/sites\/23\/2024\/12\/2024-Podcast-Visuals-4_3-1024x768.png 1024w, https:\/\/www.uni.lu\/wp-content\/uploads\/sites\/23\/2024\/12\/2024-Podcast-Visuals-4_3-768x576.png 768w, https:\/\/www.uni.lu\/wp-content\/uploads\/sites\/23\/2024\/12\/2024-Podcast-Visuals-4_3.png 1200w\"\n                style=\"object-position: 35.00% 49.00%; font-family: &quot;object-fit: cover; object-position: 35.00% 49.00%;&quot;; aspect-ratio: 3\/2; object-fit: cover; width: 100%;\"\n        loading=\"lazy\"\n\/>    <\/figure><\/div><\/div>\n\n\n\n<div class=\"wp-block-unilux-blocks-wrapper w-full lg:w-5\/12 lg:order-1 lg:px-32\">\n<p>Wollten Sie schon immer Zeitgeschichte und digitale Geschichte auf neue und spannende Weise erkunden? \u201eInnovating and Sharing History\u201c ist der C\u00b2DH-Podcast, der Sie in das spielerische Experimentieren mit modernsten digitalen Methoden und Werkzeugen zum Studium, Interpretieren, Erz\u00e4hlen und Ver\u00f6ffentlichen von Zeitgeschichte einf\u00fchrt. In jeder Folge stellen Historiker, Datenwissenschaftler, Webentwickler und Studenten die Herausforderungen der zeitgen\u00f6ssischen, \u00f6ffentlichen Geschichte dar und bieten neue Perspektiven und innovative Ans\u00e4tze zum Teilen der Vergangenheit.<\/p>\n\n\n\n<ul class=\"wp-block-unilux-blocks-custom-buttons btn-list\"><li class=\"wp-block-unilux-blocks-custom-button\"    aria-disabled=\"false\"\n    >\n    <a\n        role=\"link\"\n        aria-disabled=\"false\"\n                    href=\"https:\/\/open.spotify.com\/show\/2tpFtyfzfBhJsVy92IC8zc\"\n                target=\"_blank\"\n        class=\"btn btn--primary\"\n            >Auf Spotify h\u00f6ren<\/a>\n<\/li>\n\n\n<li class=\"wp-block-unilux-blocks-custom-button\"    aria-disabled=\"false\"\n    >\n    <a\n        role=\"link\"\n        aria-disabled=\"false\"\n                    href=\"https:\/\/podcasts.apple.com\/us\/podcast\/c-dh-innovating-sharing-history\/id1694749883\"\n                target=\"_blank\"\n        class=\"btn btn--primary\"\n            >Auf Apple Podcasts h\u00f6ren<\/a>\n<\/li>\n<\/ul>\n<\/div>\n<\/div>\n<\/div>\n<\/section>\n\n\n<section class=\"wp-block-unilux-blocks-free-section section\"><div class=\"container xl:max-w-screen-xl\">\n<h2 class=\"has-text-align-left wp-block-unilux-blocks-heading\"        id=\"buchreihe-mit-de-gruyter-oldenbourg\"\n    >\nBuchreihe mit De Gruyter Oldenbourg<\/h2>\n\n\n\n<p>Das C\u00b2DH teilt und f\u00f6rdert die Ergebnisse seiner Forschung durch eine Vielzahl von Publikationen. Seine Forscher erstellen wissenschaftliche Ver\u00f6ffentlichungen, die sich an Gleichgesinnte und eine Fachleserschaft richten. Drei Buchreihen im Open Access sind das Ergebnis einer Partnerschaft mit dem wissenschaftlichen Herausgeber De Gruyter Oldenbourg.<\/p>\n\n\n<ul class=\"flex flex-wrap mt-24 -mx-16  wp-block-unilux-blocks-free-content-card\">\n    <li class=\"w-full sm:w-1\/2 lg:w-1\/3 px-16  wp-block-unilux-blocks-free-content-card-item\">\n    <div class=\"ulux-card card-facilities bg-theme\">\n        <div class=\"ulux-card__container card__container\">\n                        <div class=\"ulux-card__visual wp-block-unilux-blocks-free-content-card-item-visual\">\n    \n<div class=\"wp-block-unilux-blocks-image-video-wrapper\">\n    <figure class=\"wp-block-dev4-reusable-blocks-image  object-fit--cover\">\n    \n<img decoding=\"async\" class=\"wp-block-image unilux-custom-image-block\"\n                alt=\"Exhibiting the Past. Public Histories of Education\"\n            src=\"https:\/\/www.uni.lu\/wp-content\/uploads\/sites\/7\/2023\/06\/exhibiting-the-past-de-gruyter.jpg\"\n                    style=\"object-position: 50.00% 50.00%; font-family: &quot;object-fit: cover; object-position: 50.00% 50.00%;&quot;; aspect-ratio: 4\/3; object-fit: cover; width: 100%;\"\n        loading=\"lazy\"\n\/>    <\/figure><\/div><\/div><div class=\"ulux-card__body wp-block-unilux-blocks-free-content-card-item-body\">\n    \n<h3 class=\"ulux-card__title has-text-align-left wp-block-unilux-blocks-heading\"        id=\"public-history-from-european-perspectives\"\n    >\nPublic History from European Perspectives<\/h3>\n<div class=\"ulux-card__description wp-block-unilux-blocks-free-content-card-item-free-content-area\">\n    \n<p>With this book series, the C<sup>2<\/sup>DH wants to serve as a platform for public history, exploring its potential as an interdisciplinary field and a means of fostering and reflecting upon public engagement, dissemination and participatory practices in areas such as heritage-making, modes of display, and historical storytelling.<\/p>\n<\/div><div class=\"wp-block-unilux-blocks-simple-cta\">\n    <a\n        href=\"https:\/\/www.degruyter.com\/document\/doi\/10.1515\/9783110719871\/html\"\n        title=\"Learn more\"\n        class=\"link-text link-text--icon ulux-card__link link-text link-absolute\"\n        target=\"_blank\"\n    >\n        <span class=\"link-text__body\">\n            <span class=\"link-text__name\">Learn more<\/span>\n        <\/span>\n        <svg aria-hidden=\"true\" focusable=\"false\" class=\"icon icon-outline icon--external-link \"><use xlink:href=\"https:\/\/www.uni.lu\/wp-content\/themes\/unilux-theme\/assets\/images\/icons\/icons-outline.svg#icon--external-link\"><\/use><\/svg>    <\/a>\n<\/div>\n<\/div>        <\/div>\n    <\/div>\n<\/li><li class=\"w-full sm:w-1\/2 lg:w-1\/3 px-16  wp-block-unilux-blocks-free-content-card-item\">\n    <div class=\"ulux-card card-facilities bg-theme\">\n        <div class=\"ulux-card__container card__container\">\n                        <div class=\"ulux-card__visual wp-block-unilux-blocks-free-content-card-item-visual\">\n    \n<div class=\"wp-block-unilux-blocks-image-video-wrapper\">\n    <figure class=\"wp-block-dev4-reusable-blocks-image  object-fit--cover\">\n    \n<img decoding=\"async\" class=\"wp-block-image unilux-custom-image-block\"\n                alt=\"Transnational history of Luxembourg\"\n            src=\"https:\/\/www.uni.lu\/wp-content\/uploads\/sites\/7\/2023\/06\/transnational-history-of-Luxembourg-de-gruyter.png\"\n                    style=\"object-position: 50.00% 50.00%; font-family: &quot;object-fit: cover; object-position: 50.00% 50.00%;&quot;; aspect-ratio: 4\/3; object-fit: cover; width: 100%;\"\n        loading=\"lazy\"\n\/>    <\/figure><\/div><\/div><div class=\"ulux-card__body wp-block-unilux-blocks-free-content-card-item-body\">\n    \n<h3 class=\"ulux-card__title has-text-align-left wp-block-unilux-blocks-heading\"        id=\"transnational-history-of-luxembourg\"\n    >\nTransnational history of Luxembourg<\/h3>\n<div class=\"ulux-card__description wp-block-unilux-blocks-free-content-card-item-free-content-area\">\n    \n<p>The book series, Transnational History of Luxembourg, offers a platform for studies about Luxembourg in a European perspective. The book series places particular emphasis on the analysis of the political, economic, social and cultural history of Luxembourg from 19th and 21st century. The aim is to produce new knowledge about the transnational history of Luxembourg by studying phenomena and processes that have profoundly affected the country and whose comparative value exceeds the national perspective. The series is edited by Beno\u00eet Majerus and Denis Scuto.<\/p>\n<\/div><div class=\"wp-block-unilux-blocks-simple-cta\">\n    <a\n        href=\"https:\/\/www.degruyter.com\/serial\/stzl-b\/html\"\n        title=\"Learn more\"\n        class=\"link-text link-text--icon ulux-card__link link-text link-absolute\"\n        target=\"_blank\"\n    >\n        <span class=\"link-text__body\">\n            <span class=\"link-text__name\">Learn more<\/span>\n        <\/span>\n        <svg aria-hidden=\"true\" focusable=\"false\" class=\"icon icon-outline icon--external-link \"><use xlink:href=\"https:\/\/www.uni.lu\/wp-content\/themes\/unilux-theme\/assets\/images\/icons\/icons-outline.svg#icon--external-link\"><\/use><\/svg>    <\/a>\n<\/div>\n<\/div>        <\/div>\n    <\/div>\n<\/li><li class=\"w-full sm:w-1\/2 lg:w-1\/3 px-16  wp-block-unilux-blocks-free-content-card-item\">\n    <div class=\"ulux-card card-facilities bg-theme\">\n        <div class=\"ulux-card__container card__container\">\n                        <div class=\"ulux-card__visual wp-block-unilux-blocks-free-content-card-item-visual\">\n    \n<div class=\"wp-block-unilux-blocks-image-video-wrapper\">\n    <figure class=\"wp-block-dev4-reusable-blocks-image  object-fit--cover\">\n    \n<img decoding=\"async\" class=\"wp-block-image unilux-custom-image-block\"\n                alt=\"Studies in Digital History\"\n            src=\"https:\/\/www.uni.lu\/wp-content\/uploads\/sites\/7\/2023\/06\/Studies-in-Digital-History-De-Gruyter.jpg\"\n                    style=\"object-position: 50.00% 50.00%; font-family: &quot;object-fit: cover; object-position: 50.00% 50.00%;&quot;; aspect-ratio: 4\/3; object-fit: cover; width: 100%;\"\n        loading=\"lazy\"\n\/>    <\/figure><\/div><\/div><div class=\"ulux-card__body wp-block-unilux-blocks-free-content-card-item-body\">\n    \n<h3 class=\"ulux-card__title has-text-align-left wp-block-unilux-blocks-heading\"        id=\"studies-in-digital-history-and-hermeneutics\"\n    >\nStudies in Digital History and Hermeneutics<\/h3>\n<div class=\"ulux-card__description wp-block-unilux-blocks-free-content-card-item-free-content-area\">\n    \n<p>The series Digital History and Hermeneutics offers a platform for cutting edge scholarship in the emerging field of digital history and hermeneutics. It aims at making a critical intervention in the field of digital humanities and introduces key debates and concepts of digital history to the historical community at large. The series is edited by Andreas Fickers, Val\u00e9rie Schafer, Sean Takats, and Gerben Zaagsma.<\/p>\n<\/div><div class=\"wp-block-unilux-blocks-simple-cta\">\n    <a\n        href=\"https:\/\/www.degruyter.com\/serial\/sdhh-b\/html\"\n        title=\"Learn more\"\n        class=\"link-text link-text--icon ulux-card__link link-text link-absolute\"\n        target=\"_blank\"\n    >\n        <span class=\"link-text__body\">\n            <span class=\"link-text__name\">Learn more<\/span>\n        <\/span>\n        <svg aria-hidden=\"true\" focusable=\"false\" class=\"icon icon-outline icon--external-link \"><use xlink:href=\"https:\/\/www.uni.lu\/wp-content\/themes\/unilux-theme\/assets\/images\/icons\/icons-outline.svg#icon--external-link\"><\/use><\/svg>    <\/a>\n<\/div>\n<\/div>        <\/div>\n    <\/div>\n<\/li><\/ul>\n\n<div class=\"wp-block-unilux-blocks-spacer is-spacer-size-md\"><\/div>\n\n\n<h2 class=\"has-text-align-left wp-block-unilux-blocks-heading\"        id=\"jahresberichte\"\n    >\nJahresberichte<\/h2>\n\n\n\n<p>Erfahren Sie mehr \u00fcber die H\u00f6hepunkte und Erfolge des C\u00b2DH im Laufe der Jahre. Alle unsere Jahresberichte sind vollst\u00e4ndig digital in Englisch verf\u00fcgbar.<\/p>\n\n\n\n<ul class=\"ulux-list\">\n<li class=\"ulux-list-item\"><a href=\"https:\/\/www.c2dh.uni.lu\/report\/2024\/\" target=\"_blank\" rel=\"noreferrer noopener\">Jahresbericht 2024<\/a><\/li>\n\n\n\n<li class=\"ulux-list-item\"><a href=\"https:\/\/www.c2dh.uni.lu\/report\/2023\/\" target=\"_blank\" rel=\"noreferrer noopener\">Jahresbericht 2023<\/a><\/li>\n\n\n\n<li class=\"ulux-list-item\"><a href=\"https:\/\/www.c2dh.uni.lu\/report\/2022\/\" target=\"_blank\" rel=\"noreferrer noopener\">Jahresbericht 2022<\/a><\/li>\n\n\n\n<li class=\"ulux-list-item\"><a href=\"https:\/\/www.c2dh.uni.lu\/report\/2021\/\" target=\"_blank\" rel=\"noreferrer noopener\">Jahresbericht 2021<\/a><\/li>\n\n\n\n<li class=\"ulux-list-item\"><a href=\"https:\/\/www.c2dh.uni.lu\/report\/2020\/\" target=\"_blank\" rel=\"noreferrer noopener\">Jahresbericht 2020<\/a><\/li>\n\n\n\n<li class=\"ulux-list-item\"><a href=\"https:\/\/www.c2dh.uni.lu\/report\/2019\/\" target=\"_blank\" rel=\"noreferrer noopener\">Jahresbericht 2019<\/a><\/li>\n\n\n\n<li class=\"ulux-list-item\"><a href=\"http:\/\/www.c2dh.uni.lu\/report\/2018\/\" target=\"_blank\" rel=\"noreferrer noopener\">Jahresbericht 2018<\/a><\/li>\n\n\n\n<li class=\"ulux-list-item\"><a href=\"https:\/\/www.c2dh.uni.lu\/report\/2017\/\" target=\"_blank\" rel=\"noreferrer noopener\">Jahresbericht 2017<\/a><\/li>\n<\/ul>\n<\/div><\/section>\n<\/div><\/section>\n\n\n\n<section class=\"wp-block-unilux-blocks-free-section section\"><div class=\"container xl:max-w-screen-xl\">\n<h2 class=\"has-text-align-left wp-block-unilux-blocks-heading\"        id=\"folgen-sie-uns-auf-social-media\"\n    >\nFolgen Sie uns auf Social Media<\/h2>\n\n\n<ul class=\"wp-block-unilux-blocks-social-media-list social-media social-media--theme\">\n    <li class=\"wp-block-unilux-blocks-social-media-list-item social-media__item\">\n    <!--- Start template: Component Icon --><a href=\"https:\/\/www.facebook.com\/c2dh.lu\" target=\"_blank\" class=\"social-media__link\"> <svg aria-hidden=\"true\" focusable=\"false\" class=\"icon icon-solid icon--facebook \"><use xlink:href=\"https:\/\/www.uni.lu\/wp-content\/themes\/unilux-theme\/assets\/images\/icons\/icons-solid.svg#icon--facebook\"><\/use><\/svg><\/a><\/li>\n<li class=\"wp-block-unilux-blocks-social-media-list-item social-media__item\">\n    <!--- Start template: Component Icon --><a href=\"http:\/\/www.instagram.com\/c2dh_lu\" target=\"_blank\" class=\"social-media__link\"> <svg aria-hidden=\"true\" focusable=\"false\" class=\"icon icon-solid icon--instagram \"><use xlink:href=\"https:\/\/www.uni.lu\/wp-content\/themes\/unilux-theme\/assets\/images\/icons\/icons-solid.svg#icon--instagram\"><\/use><\/svg><\/a><\/li>\n<li class=\"wp-block-unilux-blocks-social-media-list-item social-media__item\">\n    <!--- Start template: Component Icon --><a href=\"http:\/\/www.linkedin.com\/showcase\/c2dh-university-of-luxembourg\" target=\"_blank\" class=\"social-media__link\"> <svg aria-hidden=\"true\" focusable=\"false\" class=\"icon icon-solid icon--linkedin \"><use xlink:href=\"https:\/\/www.uni.lu\/wp-content\/themes\/unilux-theme\/assets\/images\/icons\/icons-solid.svg#icon--linkedin\"><\/use><\/svg><\/a><\/li>\n<li class=\"wp-block-unilux-blocks-social-media-list-item social-media__item\">\n    <!--- Start template: Component Icon --><a href=\"https:\/\/bsky.app\/profile\/c2dh.uni.lu\" target=\"_blank\" class=\"social-media__link\"> <svg aria-hidden=\"true\" focusable=\"false\" class=\"icon icon-solid icon--bluesky \"><use xlink:href=\"https:\/\/www.uni.lu\/wp-content\/themes\/unilux-theme\/assets\/images\/icons\/icons-solid.svg#icon--bluesky\"><\/use><\/svg><\/a><\/li>\n<\/ul>\n\n\n<div class=\"wp-block-unilux-blocks-spacer is-spacer-size-lg\"><\/div><\/div><\/section>\n<\/div>","protected":false},"excerpt":{"rendered":"","protected":false},"author":39,"featured_media":0,"parent":0,"menu_order":5,"comment_status":"closed","ping_status":"closed","template":"","meta":{"featured_image_focal_point":[],"show_featured_caption":false,"ulux_newsletter_groups":"","uluxPostTitle":"Luxembourg Centre for Contemporary and Digital History (C\u00b2DH)","uluxPrePostTitle":"Interdisziplin\u00e4res Zentrum","_trash_the_other_posts":false,"_price":"","_stock":"","_tribe_ticket_header":"","_tribe_default_ticket_provider":"","_tribe_ticket_capacity":"0","_ticket_start_date":"","_ticket_end_date":"","_tribe_ticket_show_description":"","_tribe_ticket_show_not_going":false,"_tribe_ticket_use_global_stock":"","_tribe_ticket_global_stock_level":"","_global_stock_mode":"","_global_stock_cap":"","_tribe_rsvp_for_event":"","_tribe_ticket_going_count":"","_tribe_ticket_not_going_count":"","_tribe_tickets_list":"[]","_tribe_ticket_has_attendee_info_fields":false,"footnotes":""},"field-of-interest":[],"organisation":[],"authorship":[39],"acf":[],"yoast_head":"<!-- This site is optimized with the Yoast SEO Premium plugin v22.3 (Yoast SEO v22.3) - https:\/\/yoast.com\/wordpress\/plugins\/seo\/ -->\n<title>Outreach - C\u00b2DH - Universit\u00e4t Luxemburg I Uni.lu<\/title>\n<meta name=\"description\" content=\"Navigation Menu Das C\u00b2DH bem\u00fcht sich um die Einbeziehung der \u00d6ffentlichkeit und der F\u00f6rderung eines besseren Verst\u00e4ndnisses der Geschichte im digitalen\" \/>\n<meta name=\"robots\" content=\"index, follow, max-snippet:-1, max-image-preview:large, max-video-preview:-1\" \/>\n<link rel=\"canonical\" href=\"https:\/\/www.uni.lu\/c2dh-de\/outreach\/\" \/>\n<meta property=\"og:locale\" content=\"de_DE\" \/>\n<meta property=\"og:type\" content=\"article\" \/>\n<meta property=\"og:title\" content=\"Outreach\" \/>\n<meta property=\"og:description\" content=\"Navigation Menu Das C\u00b2DH bem\u00fcht sich um die Einbeziehung der \u00d6ffentlichkeit und der F\u00f6rderung eines besseren Verst\u00e4ndnisses der Geschichte im digitalen\" \/>\n<meta property=\"og:url\" content=\"https:\/\/www.uni.lu\/c2dh-de\/outreach\/\" \/>\n<meta property=\"og:site_name\" content=\"C2DH DE\" \/>\n<meta property=\"article:publisher\" content=\"https:\/\/www.facebook.com\/c2dh.lu\" \/>\n<meta property=\"article:modified_time\" content=\"2026-02-25T12:08:03+00:00\" \/>\n<meta property=\"og:image\" content=\"https:\/\/www.uni.lu\/wp-content\/uploads\/sites\/23\/2026\/03\/03113256\/C2DH_SM-Profile_1600x1600px-scaled.jpg\" \/>\n\t<meta property=\"og:image:width\" content=\"2560\" \/>\n\t<meta property=\"og:image:height\" content=\"2560\" \/>\n\t<meta property=\"og:image:type\" content=\"image\/jpeg\" \/>\n<meta name=\"twitter:card\" content=\"summary_large_image\" \/>\n<meta name=\"twitter:label1\" content=\"Gesch\u00e4tzte Lesezeit\" \/>\n\t<meta name=\"twitter:data1\" content=\"6 Minuten\" \/>\n<script type=\"application\/ld+json\" class=\"yoast-schema-graph\">{\"@context\":\"https:\/\/schema.org\",\"@graph\":[{\"@type\":\"WebPage\",\"@id\":\"https:\/\/www.uni.lu\/c2dh-de\/outreach\/\",\"url\":\"https:\/\/www.uni.lu\/c2dh-de\/outreach\/\",\"name\":\"Outreach - C\u00b2DH - Universit\u00e4t Luxemburg I Uni.lu\",\"isPartOf\":{\"@id\":\"https:\/\/www.uni.lu\/c2dh-de\/#website\"},\"datePublished\":\"2023-12-20T09:53:39+00:00\",\"dateModified\":\"2026-02-25T12:08:03+00:00\",\"description\":\"Navigation Menu Das C\u00b2DH bem\u00fcht sich um die Einbeziehung der \u00d6ffentlichkeit und der F\u00f6rderung eines besseren Verst\u00e4ndnisses der Geschichte im digitalen\",\"breadcrumb\":{\"@id\":\"https:\/\/www.uni.lu\/c2dh-de\/outreach\/#breadcrumb\"},\"inLanguage\":\"de-DE\",\"potentialAction\":[{\"@type\":\"ReadAction\",\"target\":[\"https:\/\/www.uni.lu\/c2dh-de\/outreach\/\"]}]},{\"@type\":\"BreadcrumbList\",\"@id\":\"https:\/\/www.uni.lu\/c2dh-de\/outreach\/#breadcrumb\",\"itemListElement\":[{\"@type\":\"ListItem\",\"position\":1,\"name\":\"Home\",\"item\":\"https:\/\/www.uni.lu\/de\"},{\"@type\":\"ListItem\",\"position\":2,\"name\":\"Luxembourg Centre for Contemporary and Digital History (C\u00b2DH)\",\"item\":\"https:\/\/www.uni.lu\/c2dh-de\/\"},{\"@type\":\"ListItem\",\"position\":3,\"name\":\"Outreach\"}]},{\"@type\":\"WebSite\",\"@id\":\"https:\/\/www.uni.lu\/c2dh-de\/#website\",\"url\":\"https:\/\/www.uni.lu\/c2dh-de\/\",\"name\":\"C2DH\",\"description\":\"Luxemburg Centre for Contemporary and Digital History I Uni.lu\",\"publisher\":{\"@id\":\"https:\/\/www.uni.lu\/c2dh-de\/#organization\"},\"alternateName\":\"Luxemburg Centre for Contemporary and Digital History I Universit\u00e4t Luxemburg\",\"potentialAction\":[{\"@type\":\"SearchAction\",\"target\":{\"@type\":\"EntryPoint\",\"urlTemplate\":\"https:\/\/www.uni.lu\/c2dh-de\/?s={search_term_string}\"},\"query-input\":\"required name=search_term_string\"}],\"inLanguage\":\"de-DE\"},{\"@type\":\"Organization\",\"@id\":\"https:\/\/www.uni.lu\/c2dh-de\/#organization\",\"name\":\"C\u00b2DH - Universit\u00e4t Luxemburg I Uni.lu\",\"alternateName\":\"Luxembourg Centre for Contemporary and Digital History\",\"url\":\"https:\/\/www.uni.lu\/c2dh-de\/\",\"logo\":{\"@type\":\"ImageObject\",\"inLanguage\":\"de-DE\",\"@id\":\"https:\/\/www.uni.lu\/c2dh-de\/#\/schema\/logo\/image\/\",\"url\":\"https:\/\/www.uni.lu\/wp-content\/uploads\/sites\/23\/2026\/03\/03113256\/C2DH_SM-Profile_1600x1600px-scaled.jpg\",\"contentUrl\":\"https:\/\/www.uni.lu\/wp-content\/uploads\/sites\/23\/2026\/03\/03113256\/C2DH_SM-Profile_1600x1600px-scaled.jpg\",\"width\":2560,\"height\":2560,\"caption\":\"C\u00b2DH - Universit\u00e4t Luxemburg I Uni.lu\"},\"image\":\"https:\/\/www.uni.lu\/wp-content\/uploads\/sites\/23\/2026\/04\/24144333\/20200609-Belval-Campus_Henri-Goergen-23.jpg\",\"sameAs\":[\"https:\/\/www.facebook.com\/c2dh.lu\",\"http:\/\/www.instagram.com\/c2dh_lu\",\"http:\/\/www.linkedin.com\/showcase\/c2dh-university-of-luxembourg\"],\"email\":\"communication@uni.lu\",\"telephone\":\"+3524666441\",\"address\":{\"@type\":\"PostalAddress\",\"streetAddress\":\"11, Porte des Sciences\",\"addressLocality\":\"Esch-sur-Alzette\",\"postalCode\":\"4365\",\"addressCountry\":\"LU\"},\"description\":\"Luxemburg Centre for Contemporary and Digital History I Uni.lu\"}]}<\/script>\n<!-- \/ Yoast SEO Premium plugin. -->","yoast_head_json":{"title":"Outreach - C\u00b2DH - Universit\u00e4t Luxemburg I Uni.lu","description":"Navigation Menu Das C\u00b2DH bem\u00fcht sich um die Einbeziehung der \u00d6ffentlichkeit und der F\u00f6rderung eines besseren Verst\u00e4ndnisses der Geschichte im digitalen","robots":{"index":"index","follow":"follow","max-snippet":"max-snippet:-1","max-image-preview":"max-image-preview:large","max-video-preview":"max-video-preview:-1"},"canonical":"https:\/\/www.uni.lu\/c2dh-de\/outreach\/","og_locale":"de_DE","og_type":"article","og_title":"Outreach","og_description":"Navigation Menu Das C\u00b2DH bem\u00fcht sich um die Einbeziehung der \u00d6ffentlichkeit und der F\u00f6rderung eines besseren Verst\u00e4ndnisses der Geschichte im digitalen","og_url":"https:\/\/www.uni.lu\/c2dh-de\/outreach\/","og_site_name":"C2DH DE","article_publisher":"https:\/\/www.facebook.com\/c2dh.lu","article_modified_time":"2026-02-25T12:08:03+00:00","og_image":[{"width":2560,"height":2560,"url":"https:\/\/www.uni.lu\/wp-content\/uploads\/sites\/23\/2026\/03\/03113256\/C2DH_SM-Profile_1600x1600px-scaled.jpg","type":"image\/jpeg"}],"twitter_card":"summary_large_image","twitter_misc":{"Gesch\u00e4tzte Lesezeit":"6 Minuten"},"schema":{"@context":"https:\/\/schema.org","@graph":[{"@type":"WebPage","@id":"https:\/\/www.uni.lu\/c2dh-de\/outreach\/","url":"https:\/\/www.uni.lu\/c2dh-de\/outreach\/","name":"Outreach - C\u00b2DH - Universit\u00e4t Luxemburg I Uni.lu","isPartOf":{"@id":"https:\/\/www.uni.lu\/c2dh-de\/#website"},"datePublished":"2023-12-20T09:53:39+00:00","dateModified":"2026-02-25T12:08:03+00:00","description":"Navigation Menu Das C\u00b2DH bem\u00fcht sich um die Einbeziehung der \u00d6ffentlichkeit und der F\u00f6rderung eines besseren Verst\u00e4ndnisses der Geschichte im digitalen","breadcrumb":{"@id":"https:\/\/www.uni.lu\/c2dh-de\/outreach\/#breadcrumb"},"inLanguage":"de-DE","potentialAction":[{"@type":"ReadAction","target":["https:\/\/www.uni.lu\/c2dh-de\/outreach\/"]}]},{"@type":"BreadcrumbList","@id":"https:\/\/www.uni.lu\/c2dh-de\/outreach\/#breadcrumb","itemListElement":[{"@type":"ListItem","position":1,"name":"Home","item":"https:\/\/www.uni.lu\/de"},{"@type":"ListItem","position":2,"name":"Luxembourg Centre for Contemporary and Digital History (C\u00b2DH)","item":"https:\/\/www.uni.lu\/c2dh-de\/"},{"@type":"ListItem","position":3,"name":"Outreach"}]},{"@type":"WebSite","@id":"https:\/\/www.uni.lu\/c2dh-de\/#website","url":"https:\/\/www.uni.lu\/c2dh-de\/","name":"C2DH","description":"Luxemburg Centre for Contemporary and Digital History I Uni.lu","publisher":{"@id":"https:\/\/www.uni.lu\/c2dh-de\/#organization"},"alternateName":"Luxemburg Centre for Contemporary and Digital History I Universit\u00e4t Luxemburg","potentialAction":[{"@type":"SearchAction","target":{"@type":"EntryPoint","urlTemplate":"https:\/\/www.uni.lu\/c2dh-de\/?s={search_term_string}"},"query-input":"required name=search_term_string"}],"inLanguage":"de-DE"},{"@type":"Organization","@id":"https:\/\/www.uni.lu\/c2dh-de\/#organization","name":"C\u00b2DH - Universit\u00e4t Luxemburg I Uni.lu","alternateName":"Luxembourg Centre for Contemporary and Digital History","url":"https:\/\/www.uni.lu\/c2dh-de\/","logo":{"@type":"ImageObject","inLanguage":"de-DE","@id":"https:\/\/www.uni.lu\/c2dh-de\/#\/schema\/logo\/image\/","url":"https:\/\/www.uni.lu\/wp-content\/uploads\/sites\/23\/2026\/03\/03113256\/C2DH_SM-Profile_1600x1600px-scaled.jpg","contentUrl":"https:\/\/www.uni.lu\/wp-content\/uploads\/sites\/23\/2026\/03\/03113256\/C2DH_SM-Profile_1600x1600px-scaled.jpg","width":2560,"height":2560,"caption":"C\u00b2DH - Universit\u00e4t Luxemburg I Uni.lu"},"image":"https:\/\/www.uni.lu\/wp-content\/uploads\/sites\/23\/2026\/04\/24144333\/20200609-Belval-Campus_Henri-Goergen-23.jpg","sameAs":["https:\/\/www.facebook.com\/c2dh.lu","http:\/\/www.instagram.com\/c2dh_lu","http:\/\/www.linkedin.com\/showcase\/c2dh-university-of-luxembourg"],"email":"communication@uni.lu","telephone":"+3524666441","address":{"@type":"PostalAddress","streetAddress":"11, Porte des Sciences","addressLocality":"Esch-sur-Alzette","postalCode":"4365","addressCountry":"LU"},"description":"Luxemburg Centre for Contemporary and Digital History I Uni.lu"}]}},"ticketed":false,"_links":{"self":[{"href":"https:\/\/www.uni.lu\/c2dh-de\/wp-json\/wp\/v2\/pages\/139"}],"collection":[{"href":"https:\/\/www.uni.lu\/c2dh-de\/wp-json\/wp\/v2\/pages"}],"about":[{"href":"https:\/\/www.uni.lu\/c2dh-de\/wp-json\/wp\/v2\/types\/page"}],"author":[{"embeddable":true,"href":"https:\/\/www.uni.lu\/c2dh-de\/wp-json\/wp\/v2\/users\/39"}],"replies":[{"embeddable":true,"href":"https:\/\/www.uni.lu\/c2dh-de\/wp-json\/wp\/v2\/comments?post=139"}],"version-history":[{"count":5,"href":"https:\/\/www.uni.lu\/c2dh-de\/wp-json\/wp\/v2\/pages\/139\/revisions"}],"predecessor-version":[{"id":1455,"href":"https:\/\/www.uni.lu\/c2dh-de\/wp-json\/wp\/v2\/pages\/139\/revisions\/1455"}],"wp:authorship":[{"embeddable":true,"href":"https:\/\/www.uni.lu\/c2dh-de\/wp-json\/wp\/v2\/users\/39"}],"wp:attachment":[{"href":"https:\/\/www.uni.lu\/c2dh-de\/wp-json\/wp\/v2\/media?parent=139"}],"wp:term":[{"taxonomy":"field-of-interest","embeddable":true,"href":"https:\/\/www.uni.lu\/c2dh-de\/wp-json\/wp\/v2\/field-of-interest?post=139"},{"taxonomy":"organisation","embeddable":true,"href":"https:\/\/www.uni.lu\/c2dh-de\/wp-json\/wp\/v2\/organisation?post=139"}],"curies":[{"name":"wp","href":"https:\/\/api.w.org\/{rel}","templated":true}]}}