{"id":133,"date":"2023-12-20T09:19:50","date_gmt":"2023-12-20T08:19:50","guid":{"rendered":"https:\/\/www.uni.lu\/c2dh-de\/?page_id=133"},"modified":"2026-02-20T12:40:44","modified_gmt":"2026-02-20T11:40:44","slug":"forschung","status":"publish","type":"page","link":"https:\/\/www.uni.lu\/c2dh-de\/forschung\/","title":{"rendered":"Forschung"},"content":{"rendered":"<div class=\"section py-0 static\">\n<section class=\"py-0 wp-block-unilux-blocks-free-section section\"><div class=\"container xl:max-w-screen-xl\"><div class=\"js-secondary-nav--sticky wp-block-unilux-blocks-secondary-navigation\" id=\"4135f3f3-9350-4431-8796-5358abe6ee90\">\n    <nav\n        id=\"secondary-navigation\"\n        role=\"navigation\"\n        aria-label=\"Secondary menu\"\n        class=\"secondary-nav\"\n    >\n        <button\n            class=\"secondary-nav__button btn btn-solid--primary w-full\"\n            aria-expanded=\"false\"\n            aria-controls=\"secondary-navigation__list\"\n            title=\"The selected page is Forschung\"\n            type=\"button\"\n        >\n            <span class=\"btn__name mr-auto\">Forschung<\/span>\n            <svg aria-hidden=\"true\" focusable=\"false\" class=\"icon icon-outline icon--xs\">\n                <use xlink:href=\"https:\/\/www.uni.lu\/wp-content\/themes\/unilux-theme\/assets\/images\/icons\/icons-outline.svg#icon--arrow-down\" \/>\n            <\/svg>\n        <\/button>\n\n        <ul id=\"secondary-navigation__list\" class=\"secondary-nav__list\">\n            <li class=\"secondary-nav__item\">\n    <a\n        href=\"https:\/\/www.uni.lu\/c2dh-de\/%20\"\n        target=\"\"\n        rel=\"noreferrer noopener\"\n        class=\"secondary-nav__link \"\n            >\n        <svg aria-hidden=\"true\" focusable=\"false\" class=\"icon icon-outline icon--xs\">\n            <use xlink:href=\"https:\/\/www.uni.lu\/wp-content\/themes\/unilux-theme\/assets\/images\/icons\/icons-outline.svg#icon--arrow-right\" \/>\n        <\/svg>\n        <span class=\"secondary-nav__name\">\u00dcberblick<\/span>\n    <\/a>\n<\/li>\n<li class=\"secondary-nav__item\">\n    <a\n        href=\"https:\/\/www.uni.lu\/c2dh-de\/uber-uns\/%20\"\n        target=\"\"\n        rel=\"noreferrer noopener\"\n        class=\"secondary-nav__link \"\n            >\n        <svg aria-hidden=\"true\" focusable=\"false\" class=\"icon icon-outline icon--xs\">\n            <use xlink:href=\"https:\/\/www.uni.lu\/wp-content\/themes\/unilux-theme\/assets\/images\/icons\/icons-outline.svg#icon--arrow-right\" \/>\n        <\/svg>\n        <span class=\"secondary-nav__name\">\u00dcber uns<\/span>\n    <\/a>\n<\/li>\n<li class=\"secondary-nav__item\">\n    <a\n        href=\"https:\/\/www.uni.lu\/c2dh-de\/forschung\/\"\n        target=\"\"\n        rel=\"noreferrer noopener\"\n        class=\"secondary-nav__link isactived\"\n        aria-current=\"page\"    >\n        <svg aria-hidden=\"true\" focusable=\"false\" class=\"icon icon-outline icon--xs\">\n            <use xlink:href=\"https:\/\/www.uni.lu\/wp-content\/themes\/unilux-theme\/assets\/images\/icons\/icons-outline.svg#icon--arrow-right\" \/>\n        <\/svg>\n        <span class=\"secondary-nav__name\">Forschung<\/span>\n    <\/a>\n<\/li>\n<li class=\"secondary-nav__item\">\n    <a\n        href=\"https:\/\/www.uni.lu\/c2dh-de\/lehre\/\"\n        target=\"\"\n        rel=\"noreferrer noopener\"\n        class=\"secondary-nav__link \"\n            >\n        <svg aria-hidden=\"true\" focusable=\"false\" class=\"icon icon-outline icon--xs\">\n            <use xlink:href=\"https:\/\/www.uni.lu\/wp-content\/themes\/unilux-theme\/assets\/images\/icons\/icons-outline.svg#icon--arrow-right\" \/>\n        <\/svg>\n        <span class=\"secondary-nav__name\">Lehre<\/span>\n    <\/a>\n<\/li>\n<li class=\"secondary-nav__item\">\n    <a\n        href=\"https:\/\/www.uni.lu\/c2dh-de\/thinkering\"\n        target=\"\"\n        rel=\"noreferrer noopener\"\n        class=\"secondary-nav__link \"\n            >\n        <svg aria-hidden=\"true\" focusable=\"false\" class=\"icon icon-outline icon--xs\">\n            <use xlink:href=\"https:\/\/www.uni.lu\/wp-content\/themes\/unilux-theme\/assets\/images\/icons\/icons-outline.svg#icon--arrow-right\" \/>\n        <\/svg>\n        <span class=\"secondary-nav__name\">Thinkering<\/span>\n    <\/a>\n<\/li>\n<li class=\"secondary-nav__item\">\n    <a\n        href=\"https:\/\/www.uni.lu\/c2dh-de\/outreach\/\"\n        target=\"\"\n        rel=\"noreferrer noopener\"\n        class=\"secondary-nav__link \"\n            >\n        <svg aria-hidden=\"true\" focusable=\"false\" class=\"icon icon-outline icon--xs\">\n            <use xlink:href=\"https:\/\/www.uni.lu\/wp-content\/themes\/unilux-theme\/assets\/images\/icons\/icons-outline.svg#icon--arrow-right\" \/>\n        <\/svg>\n        <span class=\"secondary-nav__name\">Outreach<\/span>\n    <\/a>\n<\/li>\n<li class=\"secondary-nav__item\">\n    <a\n        href=\"https:\/\/www.uni.lu\/c2dh-de\/forum-z\"\n        target=\"\"\n        rel=\"noreferrer noopener\"\n        class=\"secondary-nav__link \"\n            >\n        <svg aria-hidden=\"true\" focusable=\"false\" class=\"icon icon-outline icon--xs\">\n            <use xlink:href=\"https:\/\/www.uni.lu\/wp-content\/themes\/unilux-theme\/assets\/images\/icons\/icons-outline.svg#icon--arrow-right\" \/>\n        <\/svg>\n        <span class=\"secondary-nav__name\">Forum Z<\/span>\n    <\/a>\n<\/li>\n<li class=\"secondary-nav__item\">\n    <a\n        href=\"https:\/\/www.uni.lu\/c2dh-de\/team\/\"\n        target=\"\"\n        rel=\"noreferrer noopener\"\n        class=\"secondary-nav__link \"\n            >\n        <svg aria-hidden=\"true\" focusable=\"false\" class=\"icon icon-outline icon--xs\">\n            <use xlink:href=\"https:\/\/www.uni.lu\/wp-content\/themes\/unilux-theme\/assets\/images\/icons\/icons-outline.svg#icon--arrow-right\" \/>\n        <\/svg>\n        <span class=\"secondary-nav__name\">Team<\/span>\n    <\/a>\n<\/li>\n<li class=\"secondary-nav__item\">\n    <a\n        href=\"https:\/\/www.uni.lu\/c2dh-de\/komm-zu-uns\/\"\n        target=\"\"\n        rel=\"noreferrer noopener\"\n        class=\"secondary-nav__link \"\n            >\n        <svg aria-hidden=\"true\" focusable=\"false\" class=\"icon icon-outline icon--xs\">\n            <use xlink:href=\"https:\/\/www.uni.lu\/wp-content\/themes\/unilux-theme\/assets\/images\/icons\/icons-outline.svg#icon--arrow-right\" \/>\n        <\/svg>\n        <span class=\"secondary-nav__name\">Komm zu uns<\/span>\n    <\/a>\n<\/li>\n<li class=\"secondary-nav__item\">\n    <a\n        href=\"https:\/\/www.uni.lu\/c2dh-de\/kontakt\/\"\n        target=\"\"\n        rel=\"noreferrer noopener\"\n        class=\"secondary-nav__link \"\n            >\n        <svg aria-hidden=\"true\" focusable=\"false\" class=\"icon icon-outline icon--xs\">\n            <use xlink:href=\"https:\/\/www.uni.lu\/wp-content\/themes\/unilux-theme\/assets\/images\/icons\/icons-outline.svg#icon--arrow-right\" \/>\n        <\/svg>\n        <span class=\"secondary-nav__name\">Kontakt<\/span>\n    <\/a>\n<\/li>\n        <\/ul>\n    <\/nav>\n<\/div>\n\n\n<section class=\"section section pb-0 wp-block-unilux-blocks-page-intro \">\n    \n<div class=\"wp-block-unilux-blocks-wrapper container xl:max-w-screen-xl\">\n<div class=\"wp-block-unilux-blocks-wrapper flex flex-wrap -mx-16\">\n<div class=\"wp-block-unilux-blocks-wrapper flex-1 mb-48 px-16\">\n<h1 class=\"has-text-align-left wp-block-unilux-blocks-heading\"        id=\"hands-on-interdisziplinaere-forschung\"\n    >\nHands on!  Interdisziplin\u00e4re Forschung<\/h1>\n\n\n\n<p>Wir konzentrieren uns auf Forschungsthemen, die eng mit politischen, wirtschaftlichen und gesellschaftlichen Fragen der zeitgen\u00f6ssischen Geschichte Luxemburgs verbunden sind und aus einer transnationalen und europ\u00e4ischen Perspektive analysiert werden. Unsere Methodik beinhaltet einen experimentellen und praxisorientierten Umgang mit digitalen Werkzeugen mit einer kritischen Reflexion der zugrunde liegenden Annahmen.<\/p>\n\n\n\n<ul class=\"wp-block-unilux-blocks-custom-buttons btn-list\"><li class=\"wp-block-unilux-blocks-custom-button\"    aria-disabled=\"false\"\n    >\n    <a\n        role=\"link\"\n        aria-disabled=\"false\"\n                    href=\"https:\/\/www.uni.lu\/c2dh-de\/forschung\/#unsere-forschungsgruppen\"\n                target=\"_self\"\n        class=\"btn btn--primary\"\n            >Forschungsgruppen<\/a>\n<\/li>\n\n\n<li class=\"wp-block-unilux-blocks-custom-button\"    aria-disabled=\"false\"\n    >\n    <a\n        role=\"link\"\n        aria-disabled=\"false\"\n                    href=\"https:\/\/www.uni.lu\/c2dh-de\/thinkering\/\"\n                target=\"_self\"\n        class=\"btn btn--primary\"\n            >Thinkering<\/a>\n<\/li>\n<\/ul>\n<\/div>\n\n\n\n<div class=\"wp-block-unilux-blocks-wrapper w-full md:w-auto px-16\">\n<div class=\"wp-block-unilux-blocks-wrapper flex flex-col items-center\">\n<h2 class=\"text-h4 has-text-align-left wp-block-unilux-blocks-heading\"        id=\"im-fokus\"\n    >\nIM FOKUS<\/h2>\n\n\n<a class=\"wp-block-unilux-blocks-button-highlight-square\"\n    href=\"https:\/\/www.uni.lu\/c2dh-en\/ai-at-c2dh\/\"\n    target=\"_self\"\n>\n    <span class=\"btn-highlight-square__container\">\n        <div class=\"btn-highlight-square__body\">\n    <svg aria-hidden=\"true\" focusable=\"false\" class=\"icon icon-outline icon--arrow-long-right icon--xl\"><use xlink:href=\"https:\/\/www.uni.lu\/wp-content\/themes\/unilux-theme\/assets\/images\/icons\/icons-outline.svg#icon--arrow-long-right\"><\/use><\/svg>    <span class=\"btn btn--dark\">\n        \n<span class=\"btn__name wp-block-unilux-blocks-plain-text\">AI @ C\u00b2DH<\/span>    <\/span>\n<\/div><figure class=\"wp-block-dev4-reusable-blocks-image image-bg object-fit--cover\">\n    \n<img decoding=\"async\" class=\"wp-block-image unilux-custom-image-block\"\n                alt=\"KI und Geschichte\"\n            src=\"https:\/\/www.uni.lu\/wp-content\/uploads\/sites\/23\/2026\/01\/27141642\/AI-prompt-History-4_3.jpg\"\n                srcset=\"https:\/\/www.uni.lu\/wp-content\/uploads\/sites\/23\/2026\/01\/27141642\/AI-prompt-History-4_3-300x225.jpg 300w, https:\/\/www.uni.lu\/wp-content\/uploads\/sites\/23\/2026\/01\/27141642\/AI-prompt-History-4_3-1024x768.jpg 1024w, https:\/\/www.uni.lu\/wp-content\/uploads\/sites\/23\/2026\/01\/27141642\/AI-prompt-History-4_3-768x576.jpg 768w, https:\/\/www.uni.lu\/wp-content\/uploads\/sites\/23\/2026\/01\/27141642\/AI-prompt-History-4_3.jpg 1217w\"\n                style=\"object-position: 50.00% 50.00%; font-family: &quot;object-fit: cover; object-position: 50.00% 50.00%;&quot;; aspect-ratio: 3\/4; object-fit: cover; width: 100%;\"\n        loading=\"lazy\"\n\/>    <\/figure>    <\/span>\n<\/a><\/div>\n<\/div>\n<\/div>\n<\/div>\n<\/section>\n\n<section class=\"section  wp-block-unilux-blocks-content-card-full-width \">\n    <div class=\"container 2xl:max-w-screen-2xl\">\n        <div class=\"max-w-11\/12\">\n            <div class=\"content-card content-card--right content-card__overlay--hidden wp-block-unilux-blocks-content-card\">\n    \n<h2 class=\"content-card__heading has-text-align-left wp-block-unilux-blocks-heading\"        id=\"innovative-forschung-und-thinkering\"\n    >\nInnovative Forschung und \u201eThinkering\u201c<\/h2>\n<div class=\"content-card__visual wp-block-unilux-blocks-content-card-visual-area\">\n    \n<section class=\"wp-block-unilux-blocks-image-video-wrapper\">\n    <figure class=\"wp-block-dev4-reusable-blocks-image  object-fit--cover\">\n    \n<img decoding=\"async\" class=\"wp-block-image unilux-custom-image-block\"\n                alt=\"Forschung am C\u00b2DH\"\n            src=\"https:\/\/www.uni.lu\/wp-content\/uploads\/sites\/23\/2023\/12\/RS7023_IMG_9978-scr.jpg\"\n                srcset=\"https:\/\/www.uni.lu\/wp-content\/uploads\/sites\/23\/2023\/12\/RS7023_IMG_9978-scr-300x200.jpg 300w, https:\/\/www.uni.lu\/wp-content\/uploads\/sites\/23\/2023\/12\/RS7023_IMG_9978-scr-1024x683.jpg 1024w, https:\/\/www.uni.lu\/wp-content\/uploads\/sites\/23\/2023\/12\/RS7023_IMG_9978-scr-768x512.jpg 768w, https:\/\/www.uni.lu\/wp-content\/uploads\/sites\/23\/2023\/12\/RS7023_IMG_9978-scr.jpg 1200w\"\n                style=\"object-position: 59.00% 41.00%; font-family: &quot;object-fit: cover; object-position: 59.00% 41.00%;&quot;; aspect-ratio: 3\/2; object-fit: cover; width: 100%;\"\n        loading=\"lazy\"\n\/>    <\/figure><\/section>\n<div class=\"wp-block-unilux-blocks-wrapper content-card__overlay\">\n<a class=\"wp-block-unilux-blocks-button-highlight-rounded bottom-left\" \n    href=\"#\"\n    target=\"_self\"\n>\n    \n<span class=\"btn-highlight-rounded__name wp-block-unilux-blocks-plain-text\"><\/span>    <span class=\"icon-rounded\">\n        <svg aria-hidden=\"true\" focusable=\"false\" class=\"icon icon-outline icon--arrow-right icon--lg\"><use xlink:href=\"https:\/\/www.uni.lu\/wp-content\/themes\/unilux-theme\/assets\/images\/icons\/icons-outline.svg#icon--arrow-right\"><\/use><\/svg>    <\/span>\n<\/a><\/div>\n<\/div><div class=\"content-card__body  wp-block-unilux-blocks-content-card-free-area\">\n    \n<div class=\"wp-block-columns is-layout-flex wp-block-columns-is-layout-flex\">\n<div class=\"wp-block-column is-layout-flow wp-block-column-is-layout-flow\">\n<p>\u201eThinkering\u201c ist das Leitmotiv der Forschung am C\u00b2DH. Der aus den Verben \u201etinkering\u201c (basteln) und \u201ethinking\u201c (denken) zusammengesetzte Neologismus beschreibt die Handlung des spielerischen Experimentierens mit technologischen und digitalen Werkzeugen zur Erforschung, Interpretation und Visualisierung von Geschichte. Dieser praxisorientierte Ansatz treibt digitale Innovationen voran, offenbart unerwartete historische Erkenntnisse und erschlie\u00dft neue und fesselnde transmediale Erz\u00e4hlungen.<\/p>\n\n\n\n<ul class=\"wp-block-unilux-blocks-custom-buttons btn-list\"><li class=\"wp-block-unilux-blocks-custom-button\"    aria-disabled=\"false\"\n    >\n    <a\n        role=\"link\"\n        aria-disabled=\"false\"\n                    href=\"https:\/\/www.uni.lu\/research-en\/research-projects-overview\/?fq_research-projects-taxonomies-organisation%5B%5D=luxembourg-centre-for-contemporary-and-digital-history-c2dh%7CLuxembourg+Centre+for+Contemporary+and+Digital+History+%28C2DH%29%7COrganisation\"\n                target=\"_self\"\n        class=\"btn btn--primary\"\n            >Forschungsprojekte<\/a>\n<\/li>\n\n\n<li class=\"wp-block-unilux-blocks-custom-button\"    aria-disabled=\"false\"\n    >\n    <a\n        role=\"link\"\n        aria-disabled=\"false\"\n                    href=\"https:\/\/www.uni.lu\/c2dh-de\/forum-z%20\"\n                target=\"_self\"\n        class=\"btn btn--secondary\"\n            >Forum Z<\/a>\n<\/li>\n<\/ul>\n<\/div>\n\n\n\n<div class=\"wp-block-column is-layout-flow wp-block-column-is-layout-flow\">\n<p>Durch seine Public-History-Aktivit\u00e4ten zielt das Zentrum auch darauf ab, mit einer breiteren Gemeinschaft \u00fcber die akademische Welt hinaus in Kontakt zu treten. Das C\u00b2DH greift auf ein umfangreiches Netzwerk lokaler, historischer, kultureller und gesellschaftlicher Partner zur\u00fcck, um eine dynamische Zusammenarbeit und partizipative Forschung zu betreiben, mit dem Ziel, Wissen so weit wie m\u00f6glich zu verbreiten und den Impakt seiner Forschung zu erh\u00f6hen.<\/p>\n<\/div>\n<\/div>\n<\/div><\/div>        <\/div>\n    <\/div>\n<\/section><\/div><\/section>\n\n\n\n<section class=\"py-0 wp-block-unilux-blocks-free-section section\"><div class=\"container xl:max-w-screen-xl\">\n<section class=\"wp-block-unilux-blocks-quote-people\">\n    <div class=\"quote-people\" role=\"group\">\n        <figure class=\"quote-people__body\">\n            <blockquote class=\"quote-people__blockquote\">\n    <span class=\"quote-people__quote\">\u201f<\/span>\n    Promoting an experimental mindset and creativity is for me at the very heart of academic teaching and research\u201d\n<\/blockquote>\n<div class=\"wp-block-unilux-blocks-wrapper quote-people__visual\"><figure class=\"wp-block-dev4-reusable-blocks-image  object-fit--cover\">\n    \n<img decoding=\"async\" class=\"wp-block-image unilux-custom-image-block\"\n                alt=\"Andreas Fickers\"\n            src=\"https:\/\/www.uni.lu\/wp-content\/uploads\/sites\/7\/2023\/06\/Andreas-Fickers-Carre-Gris-2.jpg\"\n                    style=\"object-position: 49.00% 39.00%; font-family: &quot;object-fit: cover; object-position: 49.00% 39.00%;&quot;; aspect-ratio: 1\/1; object-fit: cover; width: 100%;\"\n        loading=\"lazy\"\n\/>    <\/figure><\/div>\n\n<div class=\"wp-block-unilux-blocks-wrapper quote-people__figcaption\">\n<p class=\"quote-people__author wp-block-unilux-blocks-plain-text\">Andreas Fickers<\/p>\n\n\n<p class=\"quote-people__position wp-block-unilux-blocks-plain-text\">Director of the C\u00b2DH<\/p>\n\n<div class=\"wp-block-unilux-blocks-simple-cta\">\n    <a\n        href=\"https:\/\/www.uni.lu\/en\/person\/NTAwMDE3ODZfX0FuZHJlYXMgRklDS0VSUw==\/\"\n        title=\"View Profile\"\n        class=\"link-text link-text--icon quote-people__link\"\n        target=\"\"\n    >\n        <span class=\"link-text__body\">\n            <span class=\"link-text__name\">View profile<\/span>\n        <\/span>\n        <svg aria-hidden=\"true\" focusable=\"false\" class=\"icon icon-outline icon--arrow-right \"><use xlink:href=\"https:\/\/www.uni.lu\/wp-content\/themes\/unilux-theme\/assets\/images\/icons\/icons-outline.svg#icon--arrow-right\"><\/use><\/svg>    <\/a>\n<\/div>\n<\/div>\n        <\/figure>\n    <\/div>\n<\/section>\n\n<div class=\"wp-block-unilux-blocks-spacer is-spacer-size-md\"><\/div>\n\n\n<section class=\"section wp-block-unilux-blocks-covered-info\">\n    \n<div class=\"wp-block-unilux-blocks-wrapper max-w-screen-3xl mx-auto relative bg-dark\">\n<div class=\"wp-block-unilux-blocks-wrapper container container-py 2xl:max-w-screen-2xl relative z-30 covered-info__container\">\n<h2 class=\"covered-info__title has-text-align-left wp-block-unilux-blocks-heading\"        id=\"kuenstliche-intelligenz-am-c%c2%b2dh\"\n    >\nK\u00fcnstliche Intelligenz am C\u00b2DH<\/h2>\n\n\n\n<ul class=\"wp-block-unilux-blocks-custom-buttons btn-list\"><li class=\"wp-block-unilux-blocks-custom-button\"    aria-disabled=\"false\"\n    >\n    <a\n        role=\"link\"\n        aria-disabled=\"false\"\n                    href=\"https:\/\/www.uni.lu\/c2dh-en\/ai-at-c2dh\/\"\n                target=\"_self\"\n        class=\"btn btn--primary\"\n            >Die KI im Dienste der Geschichte<\/a>\n<\/li>\n<\/ul>\n<\/div>\n\n\n\n<div class=\"wp-block-unilux-blocks-wrapper image-bg\">\n<div class=\"wp-block-unilux-blocks-wrapper img-bg-overlay\"><\/div>\n\n\n<figure class=\"wp-block-dev4-reusable-blocks-image object-cover w-full h-full object-fit--cover\">\n    \n<img decoding=\"async\" class=\"wp-block-image unilux-custom-image-block\"\n                alt=\"Digitales Buch\"\n            src=\"https:\/\/www.uni.lu\/wp-content\/uploads\/sites\/23\/2026\/01\/27142014\/Digital-book.jpg\"\n                srcset=\"https:\/\/www.uni.lu\/wp-content\/uploads\/sites\/23\/2026\/01\/27142014\/Digital-book-300x225.jpg 300w, https:\/\/www.uni.lu\/wp-content\/uploads\/sites\/23\/2026\/01\/27142014\/Digital-book-1024x768.jpg 1024w, https:\/\/www.uni.lu\/wp-content\/uploads\/sites\/23\/2026\/01\/27142014\/Digital-book-768x576.jpg 768w, https:\/\/www.uni.lu\/wp-content\/uploads\/sites\/23\/2026\/01\/27142014\/Digital-book.jpg 1500w\"\n                style=\"object-position: 50.00% 50.00%; font-family: &quot;object-fit: cover; object-position: 50.00% 50.00%;&quot;; aspect-ratio: 16\/9; object-fit: cover; width: 100%;\"\n        loading=\"lazy\"\n\/>    <\/figure><\/div>\n<\/div>\n<\/section>\n\n<section class=\"section section !max-w-screen-2xl wp-block-unilux-blocks-content-card-and-quick-links-section \">\n    \n<div class=\"wp-block-unilux-blocks-wrapper container 2xl:max-w-screen-2xl\">\n<h2 class=\"has-text-align-left wp-block-unilux-blocks-heading\"        id=\"unsere-forschungsgruppen\"\n    >\nUnsere Forschungsgruppen<\/h2>\n\n\n\n<div class=\"wp-block-unilux-blocks-wrapper flex flex-wrap -mx-16\">\n<div class=\"wp-block-unilux-blocks-wrapper w-full lg:w-7\/12 px-16\"><div class=\"content-card content-card--right content-card__overlay--hidden wp-block-unilux-blocks-content-card\">\n    <div class=\"content-card__visual wp-block-unilux-blocks-content-card-visual-area\">\n    \n<section class=\"wp-block-unilux-blocks-image-video-wrapper\">\n    <figure class=\"wp-block-dev4-reusable-blocks-image  object-fit--cover\">\n    \n<img decoding=\"async\" class=\"wp-block-image unilux-custom-image-block\"\n                alt=\"Digital history\"\n            src=\"https:\/\/www.uni.lu\/wp-content\/uploads\/sites\/7\/2023\/06\/digital-history-chart.jpg\"\n                    style=\"object-position: 68.00% 28.00%; font-family: &quot;object-fit: cover; object-position: 68.00% 28.00%;&quot;; aspect-ratio: 3\/2; object-fit: cover; width: 100%;\"\n        loading=\"lazy\"\n\/>    <\/figure><\/section>\n<div class=\"wp-block-unilux-blocks-wrapper content-card__overlay\">\n<a class=\"wp-block-unilux-blocks-button-highlight-rounded bottom-left\" \n    href=\"#\"\n    target=\"_self\"\n>\n    \n<span class=\"btn-highlight-rounded__name wp-block-unilux-blocks-plain-text\"><\/span>    <span class=\"icon-rounded\">\n        <svg aria-hidden=\"true\" focusable=\"false\" class=\"icon icon-outline icon--arrow-right icon--lg\"><use xlink:href=\"https:\/\/www.uni.lu\/wp-content\/themes\/unilux-theme\/assets\/images\/icons\/icons-outline.svg#icon--arrow-right\"><\/use><\/svg>    <\/span>\n<\/a><\/div>\n<\/div><div class=\"content-card__body  wp-block-unilux-blocks-content-card-free-area\">\n    \n<p>Die Forschung ist in vier Forschungsgruppen gegliedert, die das Ziel des C\u00b2DH widerspiegeln, als Schl\u00fcsselakteur in drei miteinander verbundenen Interessenbereichen aufzutreten: 1) Forschung zur zeitgen\u00f6ssischen Geschichte Luxemburgs aus einer transnationalen Perspektive; 2) Reflexion \u00fcber die methodischen und erkenntnistheoretischen Herausforderungen der Geschichte im digitalen Zeitalter; 3) F\u00f6rderung multimodaler und digitaler Kompetenz in der akademischen Forschung und Lehre.<\/p>\n<\/div><\/div><\/div>\n\n\n\n<div class=\"wp-block-unilux-blocks-wrapper w-full lg:w-5\/12 px-16 mt-48 lg:mt-96\">\n<h3 class=\"has-text-align-left wp-block-unilux-blocks-heading\"        id=\"research-groups\"\n    >\nResearch groups<\/h3>\n\n\n\n<ul class=\"wp-block-unilux-blocks-quick-link-highlight quick-link-list\">\n<li class=\"wp-block-unilux-blocks-quick-link-highlight-item\">\n    <a\n                    href=\"https:\/\/www.uni.lu\/c2dh-en\/research-groups\/contemporary-history-of-luxembourg\/\"\n                    class=\"quick-link\"\n            target=\"\"\n    >\n            <span class=\"quick-link__container\">\n                <span class=\"quick-link__body\">\n                    <span class=\"quick-link__number\">\n                                            <\/span>\n                    <span class=\"quick-link__title\">\n                        Zeitgeschichte Luxemburgs                    <\/span>\n                    <span class=\"quick-link__action\">\n                                            <\/span>\n                <\/span>\n                <svg aria-hidden=\"true\" focusable=\"false\" class=\"icon icon-outline icon--arrow-right \"><use xlink:href=\"https:\/\/www.uni.lu\/wp-content\/themes\/unilux-theme\/assets\/images\/icons\/icons-outline.svg#icon--arrow-right\"><\/use><\/svg>            <\/span>\n    <\/a>\n<\/li>\n\n\n\n<li class=\"wp-block-unilux-blocks-quick-link-highlight-item\">\n    <a\n                    href=\"https:\/\/www.uni.lu\/c2dh-en\/research-groups\/contemporary-european-history\/\"\n                    class=\"quick-link\"\n            target=\"\"\n    >\n            <span class=\"quick-link__container\">\n                <span class=\"quick-link__body\">\n                    <span class=\"quick-link__number\">\n                                            <\/span>\n                    <span class=\"quick-link__title\">\n                        Europ\u00e4ischen Zeitgeschichte                    <\/span>\n                    <span class=\"quick-link__action\">\n                                            <\/span>\n                <\/span>\n                <svg aria-hidden=\"true\" focusable=\"false\" class=\"icon icon-outline icon--arrow-right \"><use xlink:href=\"https:\/\/www.uni.lu\/wp-content\/themes\/unilux-theme\/assets\/images\/icons\/icons-outline.svg#icon--arrow-right\"><\/use><\/svg>            <\/span>\n    <\/a>\n<\/li>\n\n\n\n<li class=\"wp-block-unilux-blocks-quick-link-highlight-item\">\n    <a\n                    href=\"https:\/\/www.uni.lu\/c2dh-de\/research-groups\/public-history-outreach\/\"\n                    class=\"quick-link\"\n            target=\"\"\n    >\n            <span class=\"quick-link__container\">\n                <span class=\"quick-link__body\">\n                    <span class=\"quick-link__number\">\n                                            <\/span>\n                    <span class=\"quick-link__title\">\n                        Public History und Outreach                    <\/span>\n                    <span class=\"quick-link__action\">\n                                            <\/span>\n                <\/span>\n                <svg aria-hidden=\"true\" focusable=\"false\" class=\"icon icon-outline icon--arrow-right \"><use xlink:href=\"https:\/\/www.uni.lu\/wp-content\/themes\/unilux-theme\/assets\/images\/icons\/icons-outline.svg#icon--arrow-right\"><\/use><\/svg>            <\/span>\n    <\/a>\n<\/li>\n\n\n\n<li class=\"wp-block-unilux-blocks-quick-link-highlight-item\">\n    <a\n                    href=\"https:\/\/www.uni.lu\/c2dh-en\/research-groups\/digital-history-historiography\/\"\n                    class=\"quick-link\"\n            target=\"\"\n    >\n            <span class=\"quick-link__container\">\n                <span class=\"quick-link__body\">\n                    <span class=\"quick-link__number\">\n                                            <\/span>\n                    <span class=\"quick-link__title\">\n                        Digital History &amp; Historiography                    <\/span>\n                    <span class=\"quick-link__action\">\n                                            <\/span>\n                <\/span>\n                <svg aria-hidden=\"true\" focusable=\"false\" class=\"icon icon-outline icon--arrow-right \"><use xlink:href=\"https:\/\/www.uni.lu\/wp-content\/themes\/unilux-theme\/assets\/images\/icons\/icons-outline.svg#icon--arrow-right\"><\/use><\/svg>            <\/span>\n    <\/a>\n<\/li>\n\n\n\n<li class=\"wp-block-unilux-blocks-quick-link-highlight-item\">\n    <a\n                    href=\"https:\/\/www.uni.lu\/c2dh-en\/research-groups\/digital-research-infrastructure\/\"\n                    class=\"quick-link\"\n            target=\"\"\n    >\n            <span class=\"quick-link__container\">\n                <span class=\"quick-link__body\">\n                    <span class=\"quick-link__number\">\n                                            <\/span>\n                    <span class=\"quick-link__title\">\n                        Digital Research Infrastructure                    <\/span>\n                    <span class=\"quick-link__action\">\n                                            <\/span>\n                <\/span>\n                <svg aria-hidden=\"true\" focusable=\"false\" class=\"icon icon-outline icon--arrow-right \"><use xlink:href=\"https:\/\/www.uni.lu\/wp-content\/themes\/unilux-theme\/assets\/images\/icons\/icons-outline.svg#icon--arrow-right\"><\/use><\/svg>            <\/span>\n    <\/a>\n<\/li>\n<\/ul>\n<\/div>\n<\/div>\n<\/div>\n<\/section><\/div><\/section>\n\n\n\n<section class=\"py-0 wp-block-unilux-blocks-free-section section\"><div class=\"container xl:max-w-screen-xl\"><div class=\"content-card content-card--right content-card__overlay--hidden wp-block-unilux-blocks-content-card\">\n    \n<h2 class=\"content-card__heading has-text-align-left wp-block-unilux-blocks-heading\"        id=\"forschungsschwerpunkt-in-vier-hauptbereichen\"\n    >\nForschungsschwerpunkt in vier Hauptbereichen<\/h2>\n<div class=\"content-card__visual wp-block-unilux-blocks-content-card-visual-area\">\n    \n<section class=\"wp-block-unilux-blocks-image-video-wrapper\">\n    <figure class=\"wp-block-dev4-reusable-blocks-image  object-fit--cover\">\n    \n<img decoding=\"async\" class=\"wp-block-image unilux-custom-image-block\"\n                alt=\"Digitisation of archives\"\n            src=\"https:\/\/www.uni.lu\/wp-content\/uploads\/sites\/7\/2023\/07\/Facilities-book-digitising.jpg\"\n                    style=\"object-position: 50.00% 50.00%; font-family: &quot;object-fit: cover; object-position: 50.00% 50.00%;&quot;; aspect-ratio: 3\/2; object-fit: cover; width: 100%;\"\n        loading=\"lazy\"\n\/>    <\/figure><\/section>\n<div class=\"wp-block-unilux-blocks-wrapper content-card__overlay\">\n<a class=\"wp-block-unilux-blocks-button-highlight-rounded bottom-left\" \n    href=\"#\"\n    target=\"_self\"\n>\n    \n<span class=\"btn-highlight-rounded__name wp-block-unilux-blocks-plain-text\"><\/span>    <span class=\"icon-rounded\">\n        <svg aria-hidden=\"true\" focusable=\"false\" class=\"icon icon-outline icon--arrow-right icon--lg\"><use xlink:href=\"https:\/\/www.uni.lu\/wp-content\/themes\/unilux-theme\/assets\/images\/icons\/icons-outline.svg#icon--arrow-right\"><\/use><\/svg>    <\/span>\n<\/a><\/div>\n<\/div><div class=\"content-card__body  wp-block-unilux-blocks-content-card-free-area\">\n    \n<div class=\"wp-block-columns is-layout-flex wp-block-columns-is-layout-flex\">\n<div class=\"wp-block-column is-layout-flow wp-block-column-is-layout-flow\">\n<p><strong>Zeitgeschichte Luxemburgs<\/strong><br>Die Forschung zur Zeitgeschichte Luxemburgs untersucht die politische, wirtschaftliche, kulturelle und soziale Geschichte Luxemburgs im 20. und 21. Jahrhundert.<\/p>\n\n\n\n<p><strong>Europ\u00e4ischen Zeitgeschichte<\/strong><br>Die Forschung zur europ\u00e4ischen Zeitgeschichte untersucht die historischen Dynamiken von Beschleunigung und Wandel im 20. und 21. Jahrhundert. Unter Ber\u00fccksichtigung des breiteren internationalen und historischen Kontexts, insbesondere des Kalten Krieges und der Prozesse der Globalisierung und Regionalisierung, werden viele m\u00f6gliche europ\u00e4ische Geschichten untersucht, einschlie\u00dflich des komplexen Projekts der europ\u00e4ischen (Des-)Integration.<\/p>\n<\/div>\n\n\n\n<div class=\"wp-block-column is-layout-flow wp-block-column-is-layout-flow\">\n<p><strong>Public history und Outreach<\/strong><br>Die Public-History-Initiativen im Zentrum spiegeln einen demokratisierungsbasierten Ansatz der Geschichtswissenschaft wider, der Autorit\u00e4t in Frage stellt und M\u00f6glichkeiten f\u00fcr eine kritische Auseinandersetzung mit Mitgliedern der \u00d6ffentlichkeit erkundet.<\/p>\n\n\n\n<p><strong>Digitale Geschichte und Geschichtsschreibung<\/strong><br>Die Geschichte als Forschungsgebiet steht am Rande eines konzeptionellen Abgrunds. Die radikalen Auswirkungen des digitalen Wandels auf die Praxis der historischen Forschung in all ihren Phasen (Archivierung, Forschung, Analyse, Interpretation und Erz\u00e4hlung) erfordern eine kritische Reflexion der methodischen und erkenntnistheoretischen Konsequenzen digitaler Technologien f\u00fcr die Geschichtswissenschaft. Dieser Bereich m\u00f6chte Spitzenforschung zu neuen Werkzeugen und Praktiken der digitalen Geschichtsschreibung mit neuen Formen des \u00f6ffentlichen Engagements und der Online-Verbreitung von Forschungsergebnissen sowohl f\u00fcr ein akademisches Publikum als auch f\u00fcr die breite \u00d6ffentlichkeit verbinden.<\/p>\n<\/div>\n<\/div>\n<\/div><\/div>\n\n<!-- Template: Resources Section -->\n<section class=\"section section wp-block-unilux-blocks-resources-section py-0\">\n    \n<div class=\"wp-block-unilux-blocks-wrapper max-w-screen-3xl mx-auto bg-gray-100\">\n<div class=\"wp-block-unilux-blocks-wrapper container container-py-xl xl:max-w-screen-xl\">\n<h2 class=\"text-center has-text-align-left wp-block-unilux-blocks-heading\"        id=\"unsere-forschungsbereiche\"\n    >\nUnsere Forschungsbereiche<\/h2>\n\n\n<!-- Template: Resources Section \/ Group -->\n<ul class=\"quick-link-list grid md:grid-cols-2 md:gap-x-32\">\n    <!-- Template: Resources Section \/ Item -->\n<li class=\"quick-link-list__item bg-theme\">\n    <a\n                    href=\"https:\/\/www.uni.lu\/research-en\/research-areas\/archives-museums\/\"\n                class=\"quick-link quick-link--theme\"\n                    title=\"Archives, Museums\"\n    >\n        <span class=\"quick-link__container\">\n                        <span class=\"quick-link__name\">Archives, Museums<\/span>\n            <svg aria-hidden=\"true\" focusable=\"false\" class=\"icon icon-outline icon--arrow-right \"><use xlink:href=\"https:\/\/www.uni.lu\/wp-content\/themes\/unilux-theme\/assets\/images\/icons\/icons-outline.svg#icon--arrow-right\"><\/use><\/svg>        <\/span>\n    <\/a>\n<\/li>\n<!-- Template: Resources Section \/ Item -->\n<li class=\"quick-link-list__item bg-theme\">\n    <a\n                    href=\"https:\/\/www.uni.lu\/research-en\/research-areas\/contemporary-european-history\/%20\"\n                class=\"quick-link quick-link--theme\"\n                    title=\"Contemporary European History\"\n    >\n        <span class=\"quick-link__container\">\n                        <span class=\"quick-link__name\">Contemporary European History<\/span>\n            <svg aria-hidden=\"true\" focusable=\"false\" class=\"icon icon-outline icon--arrow-right \"><use xlink:href=\"https:\/\/www.uni.lu\/wp-content\/themes\/unilux-theme\/assets\/images\/icons\/icons-outline.svg#icon--arrow-right\"><\/use><\/svg>        <\/span>\n    <\/a>\n<\/li>\n<!-- Template: Resources Section \/ Item -->\n<li class=\"quick-link-list__item bg-theme\">\n    <a\n                    href=\"https:\/\/www.uni.lu\/research-en\/research-areas\/contemporary-history-of-luxembourg\/\"\n                class=\"quick-link quick-link--theme\"\n                    title=\"Contemporary History of Luxembourg\"\n    >\n        <span class=\"quick-link__container\">\n                        <span class=\"quick-link__name\">Contemporary History of Luxembourg<\/span>\n            <svg aria-hidden=\"true\" focusable=\"false\" class=\"icon icon-outline icon--arrow-right \"><use xlink:href=\"https:\/\/www.uni.lu\/wp-content\/themes\/unilux-theme\/assets\/images\/icons\/icons-outline.svg#icon--arrow-right\"><\/use><\/svg>        <\/span>\n    <\/a>\n<\/li>\n<!-- Template: Resources Section \/ Item -->\n<li class=\"quick-link-list__item bg-theme\">\n    <a\n                    href=\"https:\/\/www.uni.lu\/research-en\/research-areas\/digital-hermeneutics\/\"\n                class=\"quick-link quick-link--theme\"\n                    title=\"Digital Hermeneutics\"\n    >\n        <span class=\"quick-link__container\">\n                        <span class=\"quick-link__name\">Digital Hermeneutics<\/span>\n            <svg aria-hidden=\"true\" focusable=\"false\" class=\"icon icon-outline icon--arrow-right \"><use xlink:href=\"https:\/\/www.uni.lu\/wp-content\/themes\/unilux-theme\/assets\/images\/icons\/icons-outline.svg#icon--arrow-right\"><\/use><\/svg>        <\/span>\n    <\/a>\n<\/li>\n<!-- Template: Resources Section \/ Item -->\n<li class=\"quick-link-list__item bg-theme\">\n    <a\n                    href=\"https:\/\/www.uni.lu\/research-en\/research-areas\/digital-history-and-historiography\/\"\n                class=\"quick-link quick-link--theme\"\n                    title=\"Digital History &amp; Historiography\"\n    >\n        <span class=\"quick-link__container\">\n                        <span class=\"quick-link__name\">Digital History &amp; Historiography<\/span>\n            <svg aria-hidden=\"true\" focusable=\"false\" class=\"icon icon-outline icon--arrow-right \"><use xlink:href=\"https:\/\/www.uni.lu\/wp-content\/themes\/unilux-theme\/assets\/images\/icons\/icons-outline.svg#icon--arrow-right\"><\/use><\/svg>        <\/span>\n    <\/a>\n<\/li>\n<!-- Template: Resources Section \/ Item -->\n<li class=\"quick-link-list__item bg-theme\">\n    <a\n                    href=\"https:\/\/www.uni.lu\/research-en\/research-areas\/economic-financial-history\/\"\n                class=\"quick-link quick-link--theme\"\n                    title=\"Economic &amp; Financial History\"\n    >\n        <span class=\"quick-link__container\">\n                        <span class=\"quick-link__name\">Economic &amp; Financial History<\/span>\n            <svg aria-hidden=\"true\" focusable=\"false\" class=\"icon icon-outline icon--arrow-right \"><use xlink:href=\"https:\/\/www.uni.lu\/wp-content\/themes\/unilux-theme\/assets\/images\/icons\/icons-outline.svg#icon--arrow-right\"><\/use><\/svg>        <\/span>\n    <\/a>\n<\/li>\n<!-- Template: Resources Section \/ Item -->\n<li class=\"quick-link-list__item bg-theme\">\n    <a\n                    href=\"https:\/\/www.uni.lu\/research-en\/research-areas\/history-of-science-technology-and-medicine\/\"\n                class=\"quick-link quick-link--theme\"\n                    title=\"History of Science, Technology &amp; Medicine\"\n    >\n        <span class=\"quick-link__container\">\n                        <span class=\"quick-link__name\">History of Science, Technology &amp; Medicine<\/span>\n            <svg aria-hidden=\"true\" focusable=\"false\" class=\"icon icon-outline icon--arrow-right \"><use xlink:href=\"https:\/\/www.uni.lu\/wp-content\/themes\/unilux-theme\/assets\/images\/icons\/icons-outline.svg#icon--arrow-right\"><\/use><\/svg>        <\/span>\n    <\/a>\n<\/li>\n<!-- Template: Resources Section \/ Item -->\n<li class=\"quick-link-list__item bg-theme\">\n    <a\n                    href=\"https:\/\/www.uni.lu\/research-en\/research-areas\/media-history\/\"\n                class=\"quick-link quick-link--theme\"\n                    title=\"Media History\"\n    >\n        <span class=\"quick-link__container\">\n                        <span class=\"quick-link__name\">Media History<\/span>\n            <svg aria-hidden=\"true\" focusable=\"false\" class=\"icon icon-outline icon--arrow-right \"><use xlink:href=\"https:\/\/www.uni.lu\/wp-content\/themes\/unilux-theme\/assets\/images\/icons\/icons-outline.svg#icon--arrow-right\"><\/use><\/svg>        <\/span>\n    <\/a>\n<\/li>\n<!-- Template: Resources Section \/ Item -->\n<li class=\"quick-link-list__item bg-theme\">\n    <a\n                    href=\"https:\/\/www.uni.lu\/research-en\/research-areas\/migration-history\/\"\n                class=\"quick-link quick-link--theme\"\n                    title=\"Migration History\"\n    >\n        <span class=\"quick-link__container\">\n                        <span class=\"quick-link__name\">Migration History<\/span>\n            <svg aria-hidden=\"true\" focusable=\"false\" class=\"icon icon-outline icon--arrow-right \"><use xlink:href=\"https:\/\/www.uni.lu\/wp-content\/themes\/unilux-theme\/assets\/images\/icons\/icons-outline.svg#icon--arrow-right\"><\/use><\/svg>        <\/span>\n    <\/a>\n<\/li>\n<!-- Template: Resources Section \/ Item -->\n<li class=\"quick-link-list__item bg-theme\">\n    <a\n                    href=\"https:\/\/www.uni.lu\/research-en\/research-areas\/oral-history\/\"\n                class=\"quick-link quick-link--theme\"\n                    title=\"Oral History\"\n    >\n        <span class=\"quick-link__container\">\n                        <span class=\"quick-link__name\">Oral History<\/span>\n            <svg aria-hidden=\"true\" focusable=\"false\" class=\"icon icon-outline icon--arrow-right \"><use xlink:href=\"https:\/\/www.uni.lu\/wp-content\/themes\/unilux-theme\/assets\/images\/icons\/icons-outline.svg#icon--arrow-right\"><\/use><\/svg>        <\/span>\n    <\/a>\n<\/li>\n<!-- Template: Resources Section \/ Item -->\n<li class=\"quick-link-list__item bg-theme\">\n    <a\n                    href=\"https:\/\/www.uni.lu\/research-en\/research-areas\/public-history-and-outreach\/\"\n                class=\"quick-link quick-link--theme\"\n                    title=\"Public History &amp; Outreach\"\n    >\n        <span class=\"quick-link__container\">\n                        <span class=\"quick-link__name\">Public History &amp; Outreach<\/span>\n            <svg aria-hidden=\"true\" focusable=\"false\" class=\"icon icon-outline icon--arrow-right \"><use xlink:href=\"https:\/\/www.uni.lu\/wp-content\/themes\/unilux-theme\/assets\/images\/icons\/icons-outline.svg#icon--arrow-right\"><\/use><\/svg>        <\/span>\n    <\/a>\n<\/li>\n<!-- Template: Resources Section \/ Item -->\n<li class=\"quick-link-list__item bg-theme\">\n    <a\n                    href=\"https:\/\/www.uni.lu\/research-en\/research-areas\/transnational-history\/\"\n                class=\"quick-link quick-link--theme\"\n                    title=\"Transnational History\"\n    >\n        <span class=\"quick-link__container\">\n                        <span class=\"quick-link__name\">Transnational History<\/span>\n            <svg aria-hidden=\"true\" focusable=\"false\" class=\"icon icon-outline icon--arrow-right \"><use xlink:href=\"https:\/\/www.uni.lu\/wp-content\/themes\/unilux-theme\/assets\/images\/icons\/icons-outline.svg#icon--arrow-right\"><\/use><\/svg>        <\/span>\n    <\/a>\n<\/li>\n<\/ul>\n\n\n\n<ul class=\"wp-block-unilux-blocks-custom-buttons btn-list justify-center\"><li class=\"wp-block-unilux-blocks-custom-button\"    aria-disabled=\"false\"\n    >\n    <a\n        role=\"link\"\n        aria-disabled=\"false\"\n                    href=\"https:\/\/www.uni.lu\/research-en\/research-projects-overview\/?fq_research-projects-taxonomies-organisation%5B%5D=luxembourg-centre-for-contemporary-and-digital-history-c2dh%7CLuxembourg+Centre+for+Contemporary+and+Digital+History+%28C2DH%29%7COrganisation\"\n                target=\"_self\"\n        class=\"btn btn--secondary\"\n            >Forschungsprojekte<\/a>\n<\/li>\n\n\n<li class=\"wp-block-unilux-blocks-custom-button\"    aria-disabled=\"false\"\n    >\n    <a\n        role=\"link\"\n        aria-disabled=\"false\"\n                    href=\"https:\/\/www.uni.lu\/c2dh-de\/outreach\/\"\n                target=\"_self\"\n        class=\"btn btn--primary\"\n            >Outreach<\/a>\n<\/li>\n<\/ul>\n<\/div>\n<\/div>\n<\/section>\n\n\n<section class=\"section section wp-block-unilux-blocks-quick-link-discover-section\">\n    <div class=\"container xl:max-w-screen-xl\">\n        \n<h2 class=\"has-text-align-left wp-block-unilux-blocks-heading\"        id=\"entdecken-sie-mehr\"\n    >\nEntdecken Sie mehr<\/h2>\n\n<ul class=\"wp-block-unilux-blocks-quick-link-discover quick-link-list\">\n<li class=\"wp-block-unilux-blocks-quick-link-discover-item\">\n    <a\n                    href=\"https:\/\/www.uni.lu\/c2dh-de\/outreach\/\"\n                    class=\"quick-link\"\n            target=\"\"\n    >\n            <span class=\"quick-link__container\">\n                <span class=\"quick-link__text\">\n                    Outreach                <\/span>\n                <svg aria-hidden=\"true\" focusable=\"false\" class=\"icon icon-outline icon--arrow-right \"><use xlink:href=\"https:\/\/www.uni.lu\/wp-content\/themes\/unilux-theme\/assets\/images\/icons\/icons-outline.svg#icon--arrow-right\"><\/use><\/svg>            <\/span>\n    <\/a>\n<\/li>\n\n\n\n<li class=\"wp-block-unilux-blocks-quick-link-discover-item\">\n    <a\n                    href=\"https:\/\/www.uni.lu\/c2dh-de\/thinkering\/\"\n                    class=\"quick-link\"\n            target=\"\"\n    >\n            <span class=\"quick-link__container\">\n                <span class=\"quick-link__text\">\n                    Thinkering                <\/span>\n                <svg aria-hidden=\"true\" focusable=\"false\" class=\"icon icon-outline icon--arrow-right \"><use xlink:href=\"https:\/\/www.uni.lu\/wp-content\/themes\/unilux-theme\/assets\/images\/icons\/icons-outline.svg#icon--arrow-right\"><\/use><\/svg>            <\/span>\n    <\/a>\n<\/li>\n\n\n\n<li class=\"wp-block-unilux-blocks-quick-link-discover-item\">\n    <a\n                    href=\"https:\/\/www.c2dh.uni.lu\/report\/2024\"\n                    class=\"quick-link\"\n            target=\"_blank\"\n    >\n            <span class=\"quick-link__container\">\n                <span class=\"quick-link__text\">\n                    Jahresbericht 2024                <\/span>\n                <svg aria-hidden=\"true\" focusable=\"false\" class=\"icon icon-outline icon--external-link \"><use xlink:href=\"https:\/\/www.uni.lu\/wp-content\/themes\/unilux-theme\/assets\/images\/icons\/icons-outline.svg#icon--external-link\"><\/use><\/svg>            <\/span>\n    <\/a>\n<\/li>\n<\/ul>\n    <\/div>\n<\/section><\/div><\/section>\n\n\n\n<section class=\"py-0 wp-block-unilux-blocks-free-section section\"><div class=\"container xl:max-w-screen-xl\">\n<h2 class=\"has-text-align-left wp-block-unilux-blocks-heading\"        id=\"folgen-sie-uns-auf-social-media\"\n    >\nFolgen Sie uns auf Social Media<\/h2>\n\n\n<ul class=\"wp-block-unilux-blocks-social-media-list social-media social-media--theme\">\n    <li class=\"wp-block-unilux-blocks-social-media-list-item social-media__item\">\n    <!--- Start template: Component Icon --><a href=\"https:\/\/www.facebook.com\/c2dh.lu\" target=\"_blank\" class=\"social-media__link\"> <svg aria-hidden=\"true\" focusable=\"false\" class=\"icon icon-solid icon--facebook \"><use xlink:href=\"https:\/\/www.uni.lu\/wp-content\/themes\/unilux-theme\/assets\/images\/icons\/icons-solid.svg#icon--facebook\"><\/use><\/svg><\/a><\/li>\n<li class=\"wp-block-unilux-blocks-social-media-list-item social-media__item\">\n    <!--- Start template: Component Icon --><a href=\"http:\/\/www.instagram.com\/c2dh_lu\" target=\"_blank\" class=\"social-media__link\"> <svg aria-hidden=\"true\" focusable=\"false\" class=\"icon icon-solid icon--instagram \"><use xlink:href=\"https:\/\/www.uni.lu\/wp-content\/themes\/unilux-theme\/assets\/images\/icons\/icons-solid.svg#icon--instagram\"><\/use><\/svg><\/a><\/li>\n<li class=\"wp-block-unilux-blocks-social-media-list-item social-media__item\">\n    <!--- Start template: Component Icon --><a href=\"http:\/\/www.linkedin.com\/showcase\/c2dh-university-of-luxembourg\" target=\"_blank\" class=\"social-media__link\"> <svg aria-hidden=\"true\" focusable=\"false\" class=\"icon icon-solid icon--linkedin \"><use xlink:href=\"https:\/\/www.uni.lu\/wp-content\/themes\/unilux-theme\/assets\/images\/icons\/icons-solid.svg#icon--linkedin\"><\/use><\/svg><\/a><\/li>\n<li class=\"wp-block-unilux-blocks-social-media-list-item social-media__item\">\n    <!--- Start template: Component Icon --><a href=\"https:\/\/bsky.app\/profile\/c2dh.uni.lu\" target=\"_blank\" class=\"social-media__link\"> <svg aria-hidden=\"true\" focusable=\"false\" class=\"icon icon-solid icon--bluesky \"><use xlink:href=\"https:\/\/www.uni.lu\/wp-content\/themes\/unilux-theme\/assets\/images\/icons\/icons-solid.svg#icon--bluesky\"><\/use><\/svg><\/a><\/li>\n<\/ul>\n\n\n<div class=\"wp-block-unilux-blocks-spacer is-spacer-size-lg\"><\/div><\/div><\/section>\n<\/div>","protected":false},"excerpt":{"rendered":"","protected":false},"author":39,"featured_media":0,"parent":0,"menu_order":3,"comment_status":"closed","ping_status":"closed","template":"","meta":{"featured_image_focal_point":[],"show_featured_caption":false,"ulux_newsletter_groups":"","uluxPostTitle":"Luxembourg Centre for Contemporary and Digital History (C\u00b2DH)","uluxPrePostTitle":"Interdisziplin\u00e4res Zentrum","_trash_the_other_posts":false,"_price":"","_stock":"","_tribe_ticket_header":"","_tribe_default_ticket_provider":"","_tribe_ticket_capacity":"0","_ticket_start_date":"","_ticket_end_date":"","_tribe_ticket_show_description":"","_tribe_ticket_show_not_going":false,"_tribe_ticket_use_global_stock":"","_tribe_ticket_global_stock_level":"","_global_stock_mode":"","_global_stock_cap":"","_tribe_rsvp_for_event":"","_tribe_ticket_going_count":"","_tribe_ticket_not_going_count":"","_tribe_tickets_list":"[]","_tribe_ticket_has_attendee_info_fields":false,"footnotes":""},"field-of-interest":[],"organisation":[],"authorship":[39],"acf":[],"yoast_head":"<!-- This site is optimized with the Yoast SEO Premium plugin v22.3 (Yoast SEO v22.3) - https:\/\/yoast.com\/wordpress\/plugins\/seo\/ -->\n<title>Forschung - C\u00b2DH - Universit\u00e4t Luxemburg I Uni.lu<\/title>\n<meta name=\"description\" content=\"Navigation Menu Wir konzentrieren uns auf Forschungsthemen, die eng mit politischen, wirtschaftlichen und gesellschaftlichen Fragen der zeitgen\u00f6ssischen\" \/>\n<meta name=\"robots\" content=\"index, follow, max-snippet:-1, max-image-preview:large, max-video-preview:-1\" \/>\n<link rel=\"canonical\" href=\"https:\/\/www.uni.lu\/c2dh-de\/forschung\/\" \/>\n<meta property=\"og:locale\" content=\"de_DE\" \/>\n<meta property=\"og:type\" content=\"article\" \/>\n<meta property=\"og:title\" content=\"Forschung\" \/>\n<meta property=\"og:description\" content=\"Navigation Menu Wir konzentrieren uns auf Forschungsthemen, die eng mit politischen, wirtschaftlichen und gesellschaftlichen Fragen der zeitgen\u00f6ssischen\" \/>\n<meta property=\"og:url\" content=\"https:\/\/www.uni.lu\/c2dh-de\/forschung\/\" \/>\n<meta property=\"og:site_name\" content=\"C2DH DE\" \/>\n<meta property=\"article:publisher\" content=\"https:\/\/www.facebook.com\/c2dh.lu\" \/>\n<meta property=\"article:modified_time\" content=\"2026-02-20T11:40:44+00:00\" \/>\n<meta property=\"og:image\" content=\"https:\/\/www.uni.lu\/wp-content\/uploads\/sites\/23\/2026\/03\/03113256\/C2DH_SM-Profile_1600x1600px-scaled.jpg\" \/>\n\t<meta property=\"og:image:width\" content=\"2560\" \/>\n\t<meta property=\"og:image:height\" content=\"2560\" \/>\n\t<meta property=\"og:image:type\" content=\"image\/jpeg\" \/>\n<meta name=\"twitter:card\" content=\"summary_large_image\" \/>\n<meta name=\"twitter:label1\" content=\"Gesch\u00e4tzte Lesezeit\" \/>\n\t<meta name=\"twitter:data1\" content=\"3 Minuten\" \/>\n<script type=\"application\/ld+json\" class=\"yoast-schema-graph\">{\"@context\":\"https:\/\/schema.org\",\"@graph\":[{\"@type\":\"WebPage\",\"@id\":\"https:\/\/www.uni.lu\/c2dh-de\/forschung\/\",\"url\":\"https:\/\/www.uni.lu\/c2dh-de\/forschung\/\",\"name\":\"Forschung - C\u00b2DH - Universit\u00e4t Luxemburg I Uni.lu\",\"isPartOf\":{\"@id\":\"https:\/\/www.uni.lu\/c2dh-de\/#website\"},\"datePublished\":\"2023-12-20T08:19:50+00:00\",\"dateModified\":\"2026-02-20T11:40:44+00:00\",\"description\":\"Navigation Menu Wir konzentrieren uns auf Forschungsthemen, die eng mit politischen, wirtschaftlichen und gesellschaftlichen Fragen der zeitgen\u00f6ssischen\",\"breadcrumb\":{\"@id\":\"https:\/\/www.uni.lu\/c2dh-de\/forschung\/#breadcrumb\"},\"inLanguage\":\"de-DE\",\"potentialAction\":[{\"@type\":\"ReadAction\",\"target\":[\"https:\/\/www.uni.lu\/c2dh-de\/forschung\/\"]}]},{\"@type\":\"BreadcrumbList\",\"@id\":\"https:\/\/www.uni.lu\/c2dh-de\/forschung\/#breadcrumb\",\"itemListElement\":[{\"@type\":\"ListItem\",\"position\":1,\"name\":\"Home\",\"item\":\"https:\/\/www.uni.lu\/de\"},{\"@type\":\"ListItem\",\"position\":2,\"name\":\"Luxembourg Centre for Contemporary and Digital History (C\u00b2DH)\",\"item\":\"https:\/\/www.uni.lu\/c2dh-de\/\"},{\"@type\":\"ListItem\",\"position\":3,\"name\":\"Forschung\"}]},{\"@type\":\"WebSite\",\"@id\":\"https:\/\/www.uni.lu\/c2dh-de\/#website\",\"url\":\"https:\/\/www.uni.lu\/c2dh-de\/\",\"name\":\"C2DH\",\"description\":\"Luxemburg Centre for Contemporary and Digital History I Uni.lu\",\"publisher\":{\"@id\":\"https:\/\/www.uni.lu\/c2dh-de\/#organization\"},\"alternateName\":\"Luxemburg Centre for Contemporary and Digital History I Universit\u00e4t Luxemburg\",\"potentialAction\":[{\"@type\":\"SearchAction\",\"target\":{\"@type\":\"EntryPoint\",\"urlTemplate\":\"https:\/\/www.uni.lu\/c2dh-de\/?s={search_term_string}\"},\"query-input\":\"required name=search_term_string\"}],\"inLanguage\":\"de-DE\"},{\"@type\":\"Organization\",\"@id\":\"https:\/\/www.uni.lu\/c2dh-de\/#organization\",\"name\":\"C\u00b2DH - Universit\u00e4t Luxemburg I Uni.lu\",\"alternateName\":\"Luxembourg Centre for Contemporary and Digital History\",\"url\":\"https:\/\/www.uni.lu\/c2dh-de\/\",\"logo\":{\"@type\":\"ImageObject\",\"inLanguage\":\"de-DE\",\"@id\":\"https:\/\/www.uni.lu\/c2dh-de\/#\/schema\/logo\/image\/\",\"url\":\"https:\/\/www.uni.lu\/wp-content\/uploads\/sites\/23\/2026\/03\/03113256\/C2DH_SM-Profile_1600x1600px-scaled.jpg\",\"contentUrl\":\"https:\/\/www.uni.lu\/wp-content\/uploads\/sites\/23\/2026\/03\/03113256\/C2DH_SM-Profile_1600x1600px-scaled.jpg\",\"width\":2560,\"height\":2560,\"caption\":\"C\u00b2DH - Universit\u00e4t Luxemburg I Uni.lu\"},\"image\":\"https:\/\/www.uni.lu\/wp-content\/uploads\/sites\/23\/2026\/04\/24144333\/20200609-Belval-Campus_Henri-Goergen-23.jpg\",\"sameAs\":[\"https:\/\/www.facebook.com\/c2dh.lu\",\"http:\/\/www.instagram.com\/c2dh_lu\",\"http:\/\/www.linkedin.com\/showcase\/c2dh-university-of-luxembourg\"],\"email\":\"communication@uni.lu\",\"telephone\":\"+3524666441\",\"address\":{\"@type\":\"PostalAddress\",\"streetAddress\":\"11, Porte des Sciences\",\"addressLocality\":\"Esch-sur-Alzette\",\"postalCode\":\"4365\",\"addressCountry\":\"LU\"},\"description\":\"Luxemburg Centre for Contemporary and Digital History I Uni.lu\"}]}<\/script>\n<!-- \/ Yoast SEO Premium plugin. -->","yoast_head_json":{"title":"Forschung - C\u00b2DH - Universit\u00e4t Luxemburg I Uni.lu","description":"Navigation Menu Wir konzentrieren uns auf Forschungsthemen, die eng mit politischen, wirtschaftlichen und gesellschaftlichen Fragen der zeitgen\u00f6ssischen","robots":{"index":"index","follow":"follow","max-snippet":"max-snippet:-1","max-image-preview":"max-image-preview:large","max-video-preview":"max-video-preview:-1"},"canonical":"https:\/\/www.uni.lu\/c2dh-de\/forschung\/","og_locale":"de_DE","og_type":"article","og_title":"Forschung","og_description":"Navigation Menu Wir konzentrieren uns auf Forschungsthemen, die eng mit politischen, wirtschaftlichen und gesellschaftlichen Fragen der zeitgen\u00f6ssischen","og_url":"https:\/\/www.uni.lu\/c2dh-de\/forschung\/","og_site_name":"C2DH DE","article_publisher":"https:\/\/www.facebook.com\/c2dh.lu","article_modified_time":"2026-02-20T11:40:44+00:00","og_image":[{"width":2560,"height":2560,"url":"https:\/\/www.uni.lu\/wp-content\/uploads\/sites\/23\/2026\/03\/03113256\/C2DH_SM-Profile_1600x1600px-scaled.jpg","type":"image\/jpeg"}],"twitter_card":"summary_large_image","twitter_misc":{"Gesch\u00e4tzte Lesezeit":"3 Minuten"},"schema":{"@context":"https:\/\/schema.org","@graph":[{"@type":"WebPage","@id":"https:\/\/www.uni.lu\/c2dh-de\/forschung\/","url":"https:\/\/www.uni.lu\/c2dh-de\/forschung\/","name":"Forschung - C\u00b2DH - Universit\u00e4t Luxemburg I Uni.lu","isPartOf":{"@id":"https:\/\/www.uni.lu\/c2dh-de\/#website"},"datePublished":"2023-12-20T08:19:50+00:00","dateModified":"2026-02-20T11:40:44+00:00","description":"Navigation Menu Wir konzentrieren uns auf Forschungsthemen, die eng mit politischen, wirtschaftlichen und gesellschaftlichen Fragen der zeitgen\u00f6ssischen","breadcrumb":{"@id":"https:\/\/www.uni.lu\/c2dh-de\/forschung\/#breadcrumb"},"inLanguage":"de-DE","potentialAction":[{"@type":"ReadAction","target":["https:\/\/www.uni.lu\/c2dh-de\/forschung\/"]}]},{"@type":"BreadcrumbList","@id":"https:\/\/www.uni.lu\/c2dh-de\/forschung\/#breadcrumb","itemListElement":[{"@type":"ListItem","position":1,"name":"Home","item":"https:\/\/www.uni.lu\/de"},{"@type":"ListItem","position":2,"name":"Luxembourg Centre for Contemporary and Digital History (C\u00b2DH)","item":"https:\/\/www.uni.lu\/c2dh-de\/"},{"@type":"ListItem","position":3,"name":"Forschung"}]},{"@type":"WebSite","@id":"https:\/\/www.uni.lu\/c2dh-de\/#website","url":"https:\/\/www.uni.lu\/c2dh-de\/","name":"C2DH","description":"Luxemburg Centre for Contemporary and Digital History I Uni.lu","publisher":{"@id":"https:\/\/www.uni.lu\/c2dh-de\/#organization"},"alternateName":"Luxemburg Centre for Contemporary and Digital History I Universit\u00e4t Luxemburg","potentialAction":[{"@type":"SearchAction","target":{"@type":"EntryPoint","urlTemplate":"https:\/\/www.uni.lu\/c2dh-de\/?s={search_term_string}"},"query-input":"required name=search_term_string"}],"inLanguage":"de-DE"},{"@type":"Organization","@id":"https:\/\/www.uni.lu\/c2dh-de\/#organization","name":"C\u00b2DH - Universit\u00e4t Luxemburg I Uni.lu","alternateName":"Luxembourg Centre for Contemporary and Digital History","url":"https:\/\/www.uni.lu\/c2dh-de\/","logo":{"@type":"ImageObject","inLanguage":"de-DE","@id":"https:\/\/www.uni.lu\/c2dh-de\/#\/schema\/logo\/image\/","url":"https:\/\/www.uni.lu\/wp-content\/uploads\/sites\/23\/2026\/03\/03113256\/C2DH_SM-Profile_1600x1600px-scaled.jpg","contentUrl":"https:\/\/www.uni.lu\/wp-content\/uploads\/sites\/23\/2026\/03\/03113256\/C2DH_SM-Profile_1600x1600px-scaled.jpg","width":2560,"height":2560,"caption":"C\u00b2DH - Universit\u00e4t Luxemburg I Uni.lu"},"image":"https:\/\/www.uni.lu\/wp-content\/uploads\/sites\/23\/2026\/04\/24144333\/20200609-Belval-Campus_Henri-Goergen-23.jpg","sameAs":["https:\/\/www.facebook.com\/c2dh.lu","http:\/\/www.instagram.com\/c2dh_lu","http:\/\/www.linkedin.com\/showcase\/c2dh-university-of-luxembourg"],"email":"communication@uni.lu","telephone":"+3524666441","address":{"@type":"PostalAddress","streetAddress":"11, Porte des Sciences","addressLocality":"Esch-sur-Alzette","postalCode":"4365","addressCountry":"LU"},"description":"Luxemburg Centre for Contemporary and Digital History I Uni.lu"}]}},"ticketed":false,"_links":{"self":[{"href":"https:\/\/www.uni.lu\/c2dh-de\/wp-json\/wp\/v2\/pages\/133"}],"collection":[{"href":"https:\/\/www.uni.lu\/c2dh-de\/wp-json\/wp\/v2\/pages"}],"about":[{"href":"https:\/\/www.uni.lu\/c2dh-de\/wp-json\/wp\/v2\/types\/page"}],"author":[{"embeddable":true,"href":"https:\/\/www.uni.lu\/c2dh-de\/wp-json\/wp\/v2\/users\/39"}],"replies":[{"embeddable":true,"href":"https:\/\/www.uni.lu\/c2dh-de\/wp-json\/wp\/v2\/comments?post=133"}],"version-history":[{"count":5,"href":"https:\/\/www.uni.lu\/c2dh-de\/wp-json\/wp\/v2\/pages\/133\/revisions"}],"predecessor-version":[{"id":1447,"href":"https:\/\/www.uni.lu\/c2dh-de\/wp-json\/wp\/v2\/pages\/133\/revisions\/1447"}],"wp:authorship":[{"embeddable":true,"href":"https:\/\/www.uni.lu\/c2dh-de\/wp-json\/wp\/v2\/users\/39"}],"wp:attachment":[{"href":"https:\/\/www.uni.lu\/c2dh-de\/wp-json\/wp\/v2\/media?parent=133"}],"wp:term":[{"taxonomy":"field-of-interest","embeddable":true,"href":"https:\/\/www.uni.lu\/c2dh-de\/wp-json\/wp\/v2\/field-of-interest?post=133"},{"taxonomy":"organisation","embeddable":true,"href":"https:\/\/www.uni.lu\/c2dh-de\/wp-json\/wp\/v2\/organisation?post=133"}],"curies":[{"name":"wp","href":"https:\/\/api.w.org\/{rel}","templated":true}]}}